{"id":108733,"date":"2022-10-07T09:34:57","date_gmt":"2022-10-07T07:34:57","guid":{"rendered":"https:\/\/newsroom.ferrovial.com\/?post_type=local_new&#038;p=108733"},"modified":"2022-12-20T18:01:10","modified_gmt":"2022-12-20T17:01:10","slug":"construction-phase-begins-on-once-territorial-headquarters-in-valladolid","status":"publish","type":"local_new","link":"https:\/\/newsroom.ferrovial.com\/en\/local-news\/construction-phase-begins-on-once-territorial-headquarters-in-valladolid\/","title":{"rendered":"Construction phase begins on ONCE territorial headquarters in Valladolid"},"content":{"rendered":"    <section class=\"wysiwyg text-editor \" id=\"\">\n        <div class=\"container container--narrow container--p-10\">\n            <p>The General Director of ONCE,\u00a0<strong>\u00c1ngel S\u00e1nche<\/strong><strong>z<\/strong>, has presided \u00a0the act that has been carried out on the plot where the new complex will be located, between Paseo del Arco de Ladrillo and Calle de la India in Valladolid.<\/p>\n<div>In the ceremony, various objects have been placed in a methacrylate urn such as coupons for the day, a white cane (symbol of blind people) or a story that explains the history of ONCE to the little ones.<\/div>\n<p>The event was attended by:<\/p>\n<ul class=\"\">\n<li><strong>Ismael P\u00e9rez Blanco<\/strong>, territorial delegate of the ONCE in Castilla y Le\u00f3n.<\/li>\n<li><strong>Oscar Puente Santiago<\/strong>, Mayor of Valladolid.<\/li>\n<li><strong>M\u00aa Isabel Blanco Llamas<\/strong>, Minister of Family and Equal Opportunities.<\/li>\n<li><strong>Joaqu\u00edn Torres Feced<\/strong>, Director of the Atlantic Region and Portugal at Ferrovial.<\/li>\n<li><strong>Jose Ignacio Gonz\u00e1lez Sanmill\u00e1n<\/strong>, Works Manager at Ferrovial.<\/li>\n<li><strong>C\u00e9sar Fern\u00e1ndez Moro<\/strong>, Project Manager at Ferrovial.<\/li>\n<\/ul>\n<p>The new headquarters of the Territorial Delegation of the ONCE\u00a0in Castilla y Le\u00f3n will be a\u00a0<strong class=\"ms-rteThemeForeColor-5-0\">high energy efficiency<\/strong>\u00a0building with a\u00a0<strong>type A\u00a0<\/strong>energy rating,\u00a0which will be developed under the Breeam sustainability standards<\/p>\n        <\/div>\n    <\/section>\n","protected":false},"excerpt":{"rendered":"","protected":false},"featured_media":108731,"menu_order":0,"comment_status":"closed","ping_status":"closed","template":"","nivel-2":[1933,1110,1149],"nivel-5":[2148],"nivel-1":[896],"nivel-3":[],"nivel-4":[1790],"class_list":["post-108733","local_new","type-local_new","status-publish","has-post-thumbnail","hentry","nivel-2-design-and-construction","nivel-2-discapacity","nivel-2-infrastructures","nivel-5-ferrovial-construction","nivel-1-construction","nivel-4-castilla-y-leon-en"],"acf":[],"yoast_head":"<title>Construction phase begins on ONCE territorial headquarters in Valladolid - Ferrovial<\/title>\n<meta name=\"description\" content=\"Sala de prensa Ferrovial | \u00daltimas noticias\" \/>\n<meta name=\"robots\" content=\"index, follow, max-snippet:-1, max-image-preview:large, max-video-preview:-1\" \/>\n<link rel=\"canonical\" href=\"https:\/\/newsroom.ferrovial.com\/en\/local-news\/construction-phase-begins-on-once-territorial-headquarters-in-valladolid\/\" \/>\n<meta property=\"og:locale\" content=\"en_US\" \/>\n<meta property=\"og:type\" content=\"article\" \/>\n<meta property=\"og:title\" content=\"Construction phase begins on ONCE territorial headquarters in Valladolid - Ferrovial\" \/>\n<meta property=\"og:description\" content=\"Sala de prensa Ferrovial | \u00daltimas noticias\" \/>\n<meta property=\"og:url\" content=\"https:\/\/newsroom.ferrovial.com\/en\/local-news\/construction-phase-begins-on-once-territorial-headquarters-in-valladolid\/\" \/>\n<meta property=\"og:site_name\" content=\"Ferrovial\" \/>\n<meta property=\"article:publisher\" content=\"https:\/\/www.facebook.com\/ferrovial\" \/>\n<meta property=\"article:modified_time\" content=\"2022-12-20T17:01:10+00:00\" \/>\n<meta property=\"og:image\" content=\"https:\/\/newsroom.ferrovial.com\/wp-content\/uploads\/sites\/4\/2022\/10\/primera-piedra-once-1-1-scaled.jpg\" \/>\n\t<meta property=\"og:image:width\" content=\"2560\" \/>\n\t<meta property=\"og:image:height\" content=\"1707\" \/>\n\t<meta property=\"og:image:type\" content=\"image\/jpeg\" \/>\n<meta name=\"twitter:card\" content=\"summary_large_image\" \/>\n<meta name=\"twitter:site\" content=\"@ferrovial\" \/>\n<script type=\"application\/ld+json\" class=\"yoast-schema-graph\">{\"@context\":\"https:\/\/schema.org\",\"@graph\":[{\"@type\":\"WebPage\",\"@id\":\"https:\/\/newsroom.ferrovial.com\/en\/local-news\/construction-phase-begins-on-once-territorial-headquarters-in-valladolid\/\",\"url\":\"https:\/\/newsroom.ferrovial.com\/en\/local-news\/construction-phase-begins-on-once-territorial-headquarters-in-valladolid\/\",\"name\":\"Construction phase begins on ONCE territorial headquarters in Valladolid - Ferrovial\",\"isPartOf\":{\"@id\":\"https:\/\/newsroom.ferrovial.com\/en\/#website\"},\"primaryImageOfPage\":{\"@id\":\"https:\/\/newsroom.ferrovial.com\/en\/local-news\/construction-phase-begins-on-once-territorial-headquarters-in-valladolid\/#primaryimage\"},\"image\":{\"@id\":\"https:\/\/newsroom.ferrovial.com\/en\/local-news\/construction-phase-begins-on-once-territorial-headquarters-in-valladolid\/#primaryimage\"},\"thumbnailUrl\":\"https:\/\/static.newsroom.ferrovial.com\/wp-content\/uploads\/2022\/10\/15141433\/primera-piedra-once-1-1-scaled.jpg\",\"datePublished\":\"2022-10-07T07:34:57+00:00\",\"dateModified\":\"2022-12-20T17:01:10+00:00\",\"description\":\"Sala de prensa Ferrovial | \u00daltimas noticias\",\"breadcrumb\":{\"@id\":\"https:\/\/newsroom.ferrovial.com\/en\/local-news\/construction-phase-begins-on-once-territorial-headquarters-in-valladolid\/#breadcrumb\"},\"inLanguage\":\"en\",\"potentialAction\":[{\"@type\":\"ReadAction\",\"target\":[\"https:\/\/newsroom.ferrovial.com\/en\/local-news\/construction-phase-begins-on-once-territorial-headquarters-in-valladolid\/\"]}]},{\"@type\":\"ImageObject\",\"inLanguage\":\"en\",\"@id\":\"https:\/\/newsroom.ferrovial.com\/en\/local-news\/construction-phase-begins-on-once-territorial-headquarters-in-valladolid\/#primaryimage\",\"url\":\"https:\/\/static.newsroom.ferrovial.com\/wp-content\/uploads\/2022\/10\/15141433\/primera-piedra-once-1-1-scaled.jpg\",\"contentUrl\":\"https:\/\/static.newsroom.ferrovial.com\/wp-content\/uploads\/2022\/10\/15141433\/primera-piedra-once-1-1-scaled.jpg\",\"width\":2560,\"height\":1707,\"caption\":\"03\/10\/2022. VALLADOLID. El Grupo Social ONCE coloca la primera piedra del mayor centro de atenci\u00f3n a la discapacidad en Castilla y Le\u00f3n. IV\u00c1N TOM\u00c9\"},{\"@type\":\"BreadcrumbList\",\"@id\":\"https:\/\/newsroom.ferrovial.com\/en\/local-news\/construction-phase-begins-on-once-territorial-headquarters-in-valladolid\/#breadcrumb\",\"itemListElement\":[{\"@type\":\"ListItem\",\"position\":1,\"name\":\"Portada\",\"item\":\"https:\/\/newsroom.ferrovial.com\/en\/\"},{\"@type\":\"ListItem\",\"position\":2,\"name\":\"Construction phase begins on ONCE territorial headquarters in Valladolid\"}]},{\"@type\":\"WebSite\",\"@id\":\"https:\/\/newsroom.ferrovial.com\/en\/#website\",\"url\":\"https:\/\/newsroom.ferrovial.com\/en\/\",\"name\":\"Ferrovial\",\"description\":\"Sala de prensa Ferrovial | \u00daltimas noticias\",\"publisher\":{\"@id\":\"https:\/\/newsroom.ferrovial.com\/en\/#organization\"},\"potentialAction\":[{\"@type\":\"SearchAction\",\"target\":{\"@type\":\"EntryPoint\",\"urlTemplate\":\"https:\/\/newsroom.ferrovial.com\/en\/?s={search_term_string}\"},\"query-input\":{\"@type\":\"PropertyValueSpecification\",\"valueRequired\":true,\"valueName\":\"search_term_string\"}}],\"inLanguage\":\"en\"},{\"@type\":\"Organization\",\"@id\":\"https:\/\/newsroom.ferrovial.com\/en\/#organization\",\"name\":\"Ferrovial S.A.\",\"url\":\"https:\/\/newsroom.ferrovial.com\/en\/\",\"logo\":{\"@type\":\"ImageObject\",\"inLanguage\":\"en\",\"@id\":\"https:\/\/newsroom.ferrovial.com\/en\/#\/schema\/logo\/image\/\",\"url\":\"https:\/\/static.newsroom.ferrovial.com\/wp-content\/uploads\/2018\/07\/15145720\/Ferrovial_Logotipo1.jpg\",\"contentUrl\":\"https:\/\/static.newsroom.ferrovial.com\/wp-content\/uploads\/2018\/07\/15145720\/Ferrovial_Logotipo1.jpg\",\"width\":600,\"height\":300,\"caption\":\"Ferrovial S.A.\"},\"image\":{\"@id\":\"https:\/\/newsroom.ferrovial.com\/en\/#\/schema\/logo\/image\/\"},\"sameAs\":[\"https:\/\/www.facebook.com\/ferrovial\",\"https:\/\/x.com\/ferrovial\",\"https:\/\/www.instagram.com\/ferrovial\/\",\"https:\/\/www.linkedin.com\/company\/ferrovial\",\"https:\/\/www.pinterest.es\/ferrovial\/\",\"https:\/\/www.youtube.com\/ferrovial\",\"https:\/\/en.wikipedia.org\/wiki\/Ferrovial\"]}]}<\/script>","yoast_head_json":{"title":"Construction phase begins on ONCE territorial headquarters in Valladolid - Ferrovial","description":"Sala de prensa Ferrovial | \u00daltimas noticias","robots":{"index":"index","follow":"follow","max-snippet":"max-snippet:-1","max-image-preview":"max-image-preview:large","max-video-preview":"max-video-preview:-1"},"canonical":"https:\/\/newsroom.ferrovial.com\/en\/local-news\/construction-phase-begins-on-once-territorial-headquarters-in-valladolid\/","og_locale":"en_US","og_type":"article","og_title":"Construction phase begins on ONCE territorial headquarters in Valladolid - Ferrovial","og_description":"Sala de prensa Ferrovial | \u00daltimas noticias","og_url":"https:\/\/newsroom.ferrovial.com\/en\/local-news\/construction-phase-begins-on-once-territorial-headquarters-in-valladolid\/","og_site_name":"Ferrovial","article_publisher":"https:\/\/www.facebook.com\/ferrovial","article_modified_time":"2022-12-20T17:01:10+00:00","og_image":[{"width":2560,"height":1707,"url":"https:\/\/newsroom.ferrovial.com\/wp-content\/uploads\/sites\/4\/2022\/10\/primera-piedra-once-1-1-scaled.jpg","type":"image\/jpeg"}],"twitter_card":"summary_large_image","twitter_site":"@ferrovial","schema":{"@context":"https:\/\/schema.org","@graph":[{"@type":"WebPage","@id":"https:\/\/newsroom.ferrovial.com\/en\/local-news\/construction-phase-begins-on-once-territorial-headquarters-in-valladolid\/","url":"https:\/\/newsroom.ferrovial.com\/en\/local-news\/construction-phase-begins-on-once-territorial-headquarters-in-valladolid\/","name":"Construction phase begins on ONCE territorial headquarters in Valladolid - Ferrovial","isPartOf":{"@id":"https:\/\/newsroom.ferrovial.com\/en\/#website"},"primaryImageOfPage":{"@id":"https:\/\/newsroom.ferrovial.com\/en\/local-news\/construction-phase-begins-on-once-territorial-headquarters-in-valladolid\/#primaryimage"},"image":{"@id":"https:\/\/newsroom.ferrovial.com\/en\/local-news\/construction-phase-begins-on-once-territorial-headquarters-in-valladolid\/#primaryimage"},"thumbnailUrl":"https:\/\/static.newsroom.ferrovial.com\/wp-content\/uploads\/2022\/10\/15141433\/primera-piedra-once-1-1-scaled.jpg","datePublished":"2022-10-07T07:34:57+00:00","dateModified":"2022-12-20T17:01:10+00:00","description":"Sala de prensa Ferrovial | \u00daltimas noticias","breadcrumb":{"@id":"https:\/\/newsroom.ferrovial.com\/en\/local-news\/construction-phase-begins-on-once-territorial-headquarters-in-valladolid\/#breadcrumb"},"inLanguage":"en","potentialAction":[{"@type":"ReadAction","target":["https:\/\/newsroom.ferrovial.com\/en\/local-news\/construction-phase-begins-on-once-territorial-headquarters-in-valladolid\/"]}]},{"@type":"ImageObject","inLanguage":"en","@id":"https:\/\/newsroom.ferrovial.com\/en\/local-news\/construction-phase-begins-on-once-territorial-headquarters-in-valladolid\/#primaryimage","url":"https:\/\/static.newsroom.ferrovial.com\/wp-content\/uploads\/2022\/10\/15141433\/primera-piedra-once-1-1-scaled.jpg","contentUrl":"https:\/\/static.newsroom.ferrovial.com\/wp-content\/uploads\/2022\/10\/15141433\/primera-piedra-once-1-1-scaled.jpg","width":2560,"height":1707,"caption":"03\/10\/2022. VALLADOLID. El Grupo Social ONCE coloca la primera piedra del mayor centro de atenci\u00f3n a la discapacidad en Castilla y Le\u00f3n. IV\u00c1N TOM\u00c9"},{"@type":"BreadcrumbList","@id":"https:\/\/newsroom.ferrovial.com\/en\/local-news\/construction-phase-begins-on-once-territorial-headquarters-in-valladolid\/#breadcrumb","itemListElement":[{"@type":"ListItem","position":1,"name":"Portada","item":"https:\/\/newsroom.ferrovial.com\/en\/"},{"@type":"ListItem","position":2,"name":"Construction phase begins on ONCE territorial headquarters in Valladolid"}]},{"@type":"WebSite","@id":"https:\/\/newsroom.ferrovial.com\/en\/#website","url":"https:\/\/newsroom.ferrovial.com\/en\/","name":"Ferrovial","description":"Sala de prensa Ferrovial | \u00daltimas noticias","publisher":{"@id":"https:\/\/newsroom.ferrovial.com\/en\/#organization"},"potentialAction":[{"@type":"SearchAction","target":{"@type":"EntryPoint","urlTemplate":"https:\/\/newsroom.ferrovial.com\/en\/?s={search_term_string}"},"query-input":{"@type":"PropertyValueSpecification","valueRequired":true,"valueName":"search_term_string"}}],"inLanguage":"en"},{"@type":"Organization","@id":"https:\/\/newsroom.ferrovial.com\/en\/#organization","name":"Ferrovial S.A.","url":"https:\/\/newsroom.ferrovial.com\/en\/","logo":{"@type":"ImageObject","inLanguage":"en","@id":"https:\/\/newsroom.ferrovial.com\/en\/#\/schema\/logo\/image\/","url":"https:\/\/static.newsroom.ferrovial.com\/wp-content\/uploads\/2018\/07\/15145720\/Ferrovial_Logotipo1.jpg","contentUrl":"https:\/\/static.newsroom.ferrovial.com\/wp-content\/uploads\/2018\/07\/15145720\/Ferrovial_Logotipo1.jpg","width":600,"height":300,"caption":"Ferrovial S.A."},"image":{"@id":"https:\/\/newsroom.ferrovial.com\/en\/#\/schema\/logo\/image\/"},"sameAs":["https:\/\/www.facebook.com\/ferrovial","https:\/\/x.com\/ferrovial","https:\/\/www.instagram.com\/ferrovial\/","https:\/\/www.linkedin.com\/company\/ferrovial","https:\/\/www.pinterest.es\/ferrovial\/","https:\/\/www.youtube.com\/ferrovial","https:\/\/en.wikipedia.org\/wiki\/Ferrovial"]}]}},"_links":{"self":[{"href":"https:\/\/newsroom.ferrovial.com\/en\/wp-json\/wp\/v2\/local_new\/108733","targetHints":{"allow":["GET"]}}],"collection":[{"href":"https:\/\/newsroom.ferrovial.com\/en\/wp-json\/wp\/v2\/local_new"}],"about":[{"href":"https:\/\/newsroom.ferrovial.com\/en\/wp-json\/wp\/v2\/types\/local_new"}],"replies":[{"embeddable":true,"href":"https:\/\/newsroom.ferrovial.com\/en\/wp-json\/wp\/v2\/comments?post=108733"}],"version-history":[{"count":1,"href":"https:\/\/newsroom.ferrovial.com\/en\/wp-json\/wp\/v2\/local_new\/108733\/revisions"}],"predecessor-version":[{"id":108734,"href":"https:\/\/newsroom.ferrovial.com\/en\/wp-json\/wp\/v2\/local_new\/108733\/revisions\/108734"}],"wp:featuredmedia":[{"embeddable":true,"href":"https:\/\/newsroom.ferrovial.com\/en\/wp-json\/wp\/v2\/media\/108731"}],"wp:attachment":[{"href":"https:\/\/newsroom.ferrovial.com\/en\/wp-json\/wp\/v2\/media?parent=108733"}],"wp:term":[{"taxonomy":"nivel-2","embeddable":true,"href":"https:\/\/newsroom.ferrovial.com\/en\/wp-json\/wp\/v2\/nivel-2?post=108733"},{"taxonomy":"nivel-5","embeddable":true,"href":"https:\/\/newsroom.ferrovial.com\/en\/wp-json\/wp\/v2\/nivel-5?post=108733"},{"taxonomy":"nivel-1","embeddable":true,"href":"https:\/\/newsroom.ferrovial.com\/en\/wp-json\/wp\/v2\/nivel-1?post=108733"},{"taxonomy":"nivel-3","embeddable":true,"href":"https:\/\/newsroom.ferrovial.com\/en\/wp-json\/wp\/v2\/nivel-3?post=108733"},{"taxonomy":"nivel-4","embeddable":true,"href":"https:\/\/newsroom.ferrovial.com\/en\/wp-json\/wp\/v2\/nivel-4?post=108733"}],"curies":[{"name":"wp","href":"https:\/\/api.w.org\/{rel}","templated":true}]}}