{"id":107452,"date":"2022-07-20T13:47:00","date_gmt":"2022-07-20T11:47:00","guid":{"rendered":"https:\/\/newsroom.ferrovial.com\/?post_type=new&#038;p=107452"},"modified":"2024-11-04T18:31:10","modified_gmt":"2024-11-04T17:31:10","slug":"first-phase-of-the-madrid-extremadura-high-speed-railway-line","status":"publish","type":"new","link":"https:\/\/newsroom.ferrovial.com\/en\/news\/first-phase-of-the-madrid-extremadura-high-speed-railway-line\/","title":{"rendered":"HM Felipe VI and Pedro S\u00e1nchez inaugurate the first phase of the Madrid-Extremadura high-speed railway line"},"content":{"rendered":"    <section class=\"wysiwyg text-editor \" id=\"\">\n        <div class=\"container container--narrow container--p-10\">\n            <p>Ferrovial Construction has executed 124.26 km of the total length of 265.80 km of track on the Plasencia-Badajoz line, which represents 46.75% of the total assembly of this high-speed railway section. In this high-speed corridor, Ferrovial Construction has completed four projects:<\/p>\n<p><b>1. Track assembly of the C\u00e1ceres-M\u00e9rida section.<\/b><\/p>\n<p>With a total of 42 kilometers of the Madrid-Extremadura high-speed line, this project, awarded in February 2015, included the installation of high-speed Iberian gauge track on a platform built for double track between the Extremadura towns of C\u00e1ceres and M\u00e9rida.<\/p>\n<p><b>2. Track assembly of the M\u00e9rida-Badajoz section<\/b>.<\/p>\n<p>The execution of this track assembly construction project, awarded in April 2015, includes more than 35 kilometers of high-speed track assembly in Iberian gauge on platform executed for double track, between the Extremadura towns of M\u00e9rida and Badajoz. In total, 34.11 km of AV general track and 1.21 km of track were installed between the connections of La Isla divergence (on the M\u00e9rida side) and San Nicol\u00e1s divergence (from the Badajoz side).<\/p>\n<p><b>3. Construction project for the duplication of the C\u00e1ceres-M\u00e9rida section.<\/b><\/p>\n<p>This 43.83-kilometer section of the Madrid-Extremadura-Portuguese Border high-speed line was awarded in September 2019 and included the doubling of the high-speed Iberian gauge track on a platform built for double track between the Extremadura towns of M\u00e9rida and Badajoz. This action doubled the track executed in the V\u00eda C\u00e1ceres assembly contract.<\/p>\n<p><b>4. The connections between the high-speed line and the conventional track in the Isla fork-San Nicol\u00e1s divergence section<\/b>.<\/p>\n<p>This project, awarded in December 2020, makes it possible for the definitive configuration of the high-speed line between M\u00e9rida and Badajoz to be a single new Iberian gauge track on a double-track platform (the second track is the existing conventional track).<\/p>\n<p><img loading=\"lazy\" decoding=\"async\" class=\"alignnone wp-image-107450 size-M\" src=\"https:\/\/newsroom.ferrovial.com\/wp-content\/uploads\/sites\/4\/2022\/07\/microsoftteams-image-87-800x565.png\" alt=\"primera fase l\u00ednea de alta velocidad Madrid-Extremadura\" width=\"800\" height=\"565\" srcset=\"https:\/\/static.newsroom.ferrovial.com\/wp-content\/uploads\/2022\/07\/15141727\/microsoftteams-image-87-800x565.png 800w, https:\/\/static.newsroom.ferrovial.com\/wp-content\/uploads\/2022\/07\/15141727\/microsoftteams-image-87-300x212.png 300w, https:\/\/static.newsroom.ferrovial.com\/wp-content\/uploads\/2022\/07\/15141727\/microsoftteams-image-87-1024x724.png 1024w, https:\/\/static.newsroom.ferrovial.com\/wp-content\/uploads\/2022\/07\/15141727\/microsoftteams-image-87-768x543.png 768w, https:\/\/static.newsroom.ferrovial.com\/wp-content\/uploads\/2022\/07\/15141727\/microsoftteams-image-87-1536x1086.png 1536w, https:\/\/static.newsroom.ferrovial.com\/wp-content\/uploads\/2022\/07\/15141727\/microsoftteams-image-87-2048x1447.png 2048w, https:\/\/static.newsroom.ferrovial.com\/wp-content\/uploads\/2022\/07\/15141727\/microsoftteams-image-87-1920x1357.png 1920w\" sizes=\"auto, (max-width: 800px) 100vw, 800px\" \/><\/p>\n<p>&nbsp;<\/p>\n        <\/div>\n    <\/section>\n","protected":false},"excerpt":{"rendered":"","protected":false},"featured_media":107448,"menu_order":0,"comment_status":"closed","ping_status":"closed","template":"","nivel-2":[1150,2529,1111,1149,2092,1169],"nivel-5":[2148],"nivel-1":[896],"nivel-3":[1321],"nivel-4":[1800],"class_list":["post-107452","new","type-new","status-publish","has-post-thumbnail","hentry","nivel-2-civil-engineering","nivel-2-civil-works-en","nivel-2-design-and-engineering","nivel-2-infrastructures","nivel-2-projects","nivel-2-works","nivel-5-ferrovial-construction","nivel-1-construction","nivel-3-spain","nivel-4-extremadura-en"],"acf":[],"yoast_head":"<title>HM Felipe VI and Pedro S\u00e1nchez inaugurate the first phase of the Madrid-Extremadura high-speed railway line Ferrovial<\/title>\n<meta name=\"description\" content=\"Sala de prensa Ferrovial | \u00daltimas noticias\" \/>\n<meta name=\"robots\" content=\"index, follow, max-snippet:-1, max-image-preview:large, max-video-preview:-1\" \/>\n<link rel=\"canonical\" href=\"https:\/\/newsroom.ferrovial.com\/en\/news\/first-phase-of-the-madrid-extremadura-high-speed-railway-line\/\" \/>\n<meta property=\"og:locale\" content=\"en_US\" \/>\n<meta property=\"og:type\" content=\"article\" \/>\n<meta property=\"og:title\" content=\"HM Felipe VI and Pedro S\u00e1nchez inaugurate the first phase of the Madrid-Extremadura high-speed railway line Ferrovial\" \/>\n<meta property=\"og:description\" content=\"Sala de prensa Ferrovial | \u00daltimas noticias\" \/>\n<meta property=\"og:url\" content=\"https:\/\/newsroom.ferrovial.com\/en\/news\/first-phase-of-the-madrid-extremadura-high-speed-railway-line\/\" \/>\n<meta property=\"og:site_name\" content=\"Ferrovial\" \/>\n<meta property=\"article:publisher\" content=\"https:\/\/www.facebook.com\/ferrovial\" \/>\n<meta property=\"article:modified_time\" content=\"2024-11-04T17:31:10+00:00\" \/>\n<meta property=\"og:image\" content=\"https:\/\/newsroom.ferrovial.com\/wp-content\/uploads\/sites\/4\/2022\/07\/microsoftteams-image-86.png\" \/>\n\t<meta property=\"og:image:width\" content=\"1468\" \/>\n\t<meta property=\"og:image:height\" content=\"764\" \/>\n\t<meta property=\"og:image:type\" content=\"image\/png\" \/>\n<meta name=\"twitter:card\" content=\"summary_large_image\" \/>\n<meta name=\"twitter:site\" content=\"@ferrovial\" \/>\n<meta name=\"twitter:label1\" content=\"Est. reading time\" \/>\n\t<meta name=\"twitter:data1\" content=\"2 minutes\" \/>\n<script type=\"application\/ld+json\" class=\"yoast-schema-graph\">{\"@context\":\"https:\/\/schema.org\",\"@graph\":[{\"@type\":\"WebPage\",\"@id\":\"https:\/\/newsroom.ferrovial.com\/en\/news\/first-phase-of-the-madrid-extremadura-high-speed-railway-line\/\",\"url\":\"https:\/\/newsroom.ferrovial.com\/en\/news\/first-phase-of-the-madrid-extremadura-high-speed-railway-line\/\",\"name\":\"HM Felipe VI and Pedro S\u00e1nchez inaugurate the first phase of the Madrid-Extremadura high-speed railway line Ferrovial\",\"isPartOf\":{\"@id\":\"https:\/\/newsroom.ferrovial.com\/en\/#website\"},\"primaryImageOfPage\":{\"@id\":\"https:\/\/newsroom.ferrovial.com\/en\/news\/first-phase-of-the-madrid-extremadura-high-speed-railway-line\/#primaryimage\"},\"image\":{\"@id\":\"https:\/\/newsroom.ferrovial.com\/en\/news\/first-phase-of-the-madrid-extremadura-high-speed-railway-line\/#primaryimage\"},\"thumbnailUrl\":\"https:\/\/static.newsroom.ferrovial.com\/wp-content\/uploads\/2022\/07\/15141728\/microsoftteams-image-86.png\",\"datePublished\":\"2022-07-20T11:47:00+00:00\",\"dateModified\":\"2024-11-04T17:31:10+00:00\",\"description\":\"Sala de prensa Ferrovial | \u00daltimas noticias\",\"breadcrumb\":{\"@id\":\"https:\/\/newsroom.ferrovial.com\/en\/news\/first-phase-of-the-madrid-extremadura-high-speed-railway-line\/#breadcrumb\"},\"inLanguage\":\"en\",\"potentialAction\":[{\"@type\":\"ReadAction\",\"target\":[\"https:\/\/newsroom.ferrovial.com\/en\/news\/first-phase-of-the-madrid-extremadura-high-speed-railway-line\/\"]}]},{\"@type\":\"ImageObject\",\"inLanguage\":\"en\",\"@id\":\"https:\/\/newsroom.ferrovial.com\/en\/news\/first-phase-of-the-madrid-extremadura-high-speed-railway-line\/#primaryimage\",\"url\":\"https:\/\/static.newsroom.ferrovial.com\/wp-content\/uploads\/2022\/07\/15141728\/microsoftteams-image-86.png\",\"contentUrl\":\"https:\/\/static.newsroom.ferrovial.com\/wp-content\/uploads\/2022\/07\/15141728\/microsoftteams-image-86.png\",\"width\":1468,\"height\":764,\"caption\":\"primera fase l\u00ednea de alta velocidad Madrid-Extremadura\"},{\"@type\":\"BreadcrumbList\",\"@id\":\"https:\/\/newsroom.ferrovial.com\/en\/news\/first-phase-of-the-madrid-extremadura-high-speed-railway-line\/#breadcrumb\",\"itemListElement\":[{\"@type\":\"ListItem\",\"position\":1,\"name\":\"Portada\",\"item\":\"https:\/\/newsroom.ferrovial.com\/en\/\"},{\"@type\":\"ListItem\",\"position\":2,\"name\":\"HM Felipe VI and Pedro S\u00e1nchez inaugurate the first phase of the Madrid-Extremadura high-speed railway line\"}]},{\"@type\":\"WebSite\",\"@id\":\"https:\/\/newsroom.ferrovial.com\/en\/#website\",\"url\":\"https:\/\/newsroom.ferrovial.com\/en\/\",\"name\":\"Ferrovial\",\"description\":\"Sala de prensa Ferrovial | \u00daltimas noticias\",\"publisher\":{\"@id\":\"https:\/\/newsroom.ferrovial.com\/en\/#organization\"},\"potentialAction\":[{\"@type\":\"SearchAction\",\"target\":{\"@type\":\"EntryPoint\",\"urlTemplate\":\"https:\/\/newsroom.ferrovial.com\/en\/?s={search_term_string}\"},\"query-input\":{\"@type\":\"PropertyValueSpecification\",\"valueRequired\":true,\"valueName\":\"search_term_string\"}}],\"inLanguage\":\"en\"},{\"@type\":\"Organization\",\"@id\":\"https:\/\/newsroom.ferrovial.com\/en\/#organization\",\"name\":\"Ferrovial S.A.\",\"url\":\"https:\/\/newsroom.ferrovial.com\/en\/\",\"logo\":{\"@type\":\"ImageObject\",\"inLanguage\":\"en\",\"@id\":\"https:\/\/newsroom.ferrovial.com\/en\/#\/schema\/logo\/image\/\",\"url\":\"https:\/\/static.newsroom.ferrovial.com\/wp-content\/uploads\/2018\/07\/15145720\/Ferrovial_Logotipo1.jpg\",\"contentUrl\":\"https:\/\/static.newsroom.ferrovial.com\/wp-content\/uploads\/2018\/07\/15145720\/Ferrovial_Logotipo1.jpg\",\"width\":600,\"height\":300,\"caption\":\"Ferrovial S.A.\"},\"image\":{\"@id\":\"https:\/\/newsroom.ferrovial.com\/en\/#\/schema\/logo\/image\/\"},\"sameAs\":[\"https:\/\/www.facebook.com\/ferrovial\",\"https:\/\/x.com\/ferrovial\",\"https:\/\/www.instagram.com\/ferrovial\/\",\"https:\/\/www.linkedin.com\/company\/ferrovial\",\"https:\/\/www.pinterest.es\/ferrovial\/\",\"https:\/\/www.youtube.com\/ferrovial\",\"https:\/\/en.wikipedia.org\/wiki\/Ferrovial\"]}]}<\/script>","yoast_head_json":{"title":"HM Felipe VI and Pedro S\u00e1nchez inaugurate the first phase of the Madrid-Extremadura high-speed railway line Ferrovial","description":"Sala de prensa Ferrovial | \u00daltimas noticias","robots":{"index":"index","follow":"follow","max-snippet":"max-snippet:-1","max-image-preview":"max-image-preview:large","max-video-preview":"max-video-preview:-1"},"canonical":"https:\/\/newsroom.ferrovial.com\/en\/news\/first-phase-of-the-madrid-extremadura-high-speed-railway-line\/","og_locale":"en_US","og_type":"article","og_title":"HM Felipe VI and Pedro S\u00e1nchez inaugurate the first phase of the Madrid-Extremadura high-speed railway line Ferrovial","og_description":"Sala de prensa Ferrovial | \u00daltimas noticias","og_url":"https:\/\/newsroom.ferrovial.com\/en\/news\/first-phase-of-the-madrid-extremadura-high-speed-railway-line\/","og_site_name":"Ferrovial","article_publisher":"https:\/\/www.facebook.com\/ferrovial","article_modified_time":"2024-11-04T17:31:10+00:00","og_image":[{"width":1468,"height":764,"url":"https:\/\/newsroom.ferrovial.com\/wp-content\/uploads\/sites\/4\/2022\/07\/microsoftteams-image-86.png","type":"image\/png"}],"twitter_card":"summary_large_image","twitter_site":"@ferrovial","twitter_misc":{"Est. reading time":"2 minutes"},"schema":{"@context":"https:\/\/schema.org","@graph":[{"@type":"WebPage","@id":"https:\/\/newsroom.ferrovial.com\/en\/news\/first-phase-of-the-madrid-extremadura-high-speed-railway-line\/","url":"https:\/\/newsroom.ferrovial.com\/en\/news\/first-phase-of-the-madrid-extremadura-high-speed-railway-line\/","name":"HM Felipe VI and Pedro S\u00e1nchez inaugurate the first phase of the Madrid-Extremadura high-speed railway line Ferrovial","isPartOf":{"@id":"https:\/\/newsroom.ferrovial.com\/en\/#website"},"primaryImageOfPage":{"@id":"https:\/\/newsroom.ferrovial.com\/en\/news\/first-phase-of-the-madrid-extremadura-high-speed-railway-line\/#primaryimage"},"image":{"@id":"https:\/\/newsroom.ferrovial.com\/en\/news\/first-phase-of-the-madrid-extremadura-high-speed-railway-line\/#primaryimage"},"thumbnailUrl":"https:\/\/static.newsroom.ferrovial.com\/wp-content\/uploads\/2022\/07\/15141728\/microsoftteams-image-86.png","datePublished":"2022-07-20T11:47:00+00:00","dateModified":"2024-11-04T17:31:10+00:00","description":"Sala de prensa Ferrovial | \u00daltimas noticias","breadcrumb":{"@id":"https:\/\/newsroom.ferrovial.com\/en\/news\/first-phase-of-the-madrid-extremadura-high-speed-railway-line\/#breadcrumb"},"inLanguage":"en","potentialAction":[{"@type":"ReadAction","target":["https:\/\/newsroom.ferrovial.com\/en\/news\/first-phase-of-the-madrid-extremadura-high-speed-railway-line\/"]}]},{"@type":"ImageObject","inLanguage":"en","@id":"https:\/\/newsroom.ferrovial.com\/en\/news\/first-phase-of-the-madrid-extremadura-high-speed-railway-line\/#primaryimage","url":"https:\/\/static.newsroom.ferrovial.com\/wp-content\/uploads\/2022\/07\/15141728\/microsoftteams-image-86.png","contentUrl":"https:\/\/static.newsroom.ferrovial.com\/wp-content\/uploads\/2022\/07\/15141728\/microsoftteams-image-86.png","width":1468,"height":764,"caption":"primera fase l\u00ednea de alta velocidad Madrid-Extremadura"},{"@type":"BreadcrumbList","@id":"https:\/\/newsroom.ferrovial.com\/en\/news\/first-phase-of-the-madrid-extremadura-high-speed-railway-line\/#breadcrumb","itemListElement":[{"@type":"ListItem","position":1,"name":"Portada","item":"https:\/\/newsroom.ferrovial.com\/en\/"},{"@type":"ListItem","position":2,"name":"HM Felipe VI and Pedro S\u00e1nchez inaugurate the first phase of the Madrid-Extremadura high-speed railway line"}]},{"@type":"WebSite","@id":"https:\/\/newsroom.ferrovial.com\/en\/#website","url":"https:\/\/newsroom.ferrovial.com\/en\/","name":"Ferrovial","description":"Sala de prensa Ferrovial | \u00daltimas noticias","publisher":{"@id":"https:\/\/newsroom.ferrovial.com\/en\/#organization"},"potentialAction":[{"@type":"SearchAction","target":{"@type":"EntryPoint","urlTemplate":"https:\/\/newsroom.ferrovial.com\/en\/?s={search_term_string}"},"query-input":{"@type":"PropertyValueSpecification","valueRequired":true,"valueName":"search_term_string"}}],"inLanguage":"en"},{"@type":"Organization","@id":"https:\/\/newsroom.ferrovial.com\/en\/#organization","name":"Ferrovial S.A.","url":"https:\/\/newsroom.ferrovial.com\/en\/","logo":{"@type":"ImageObject","inLanguage":"en","@id":"https:\/\/newsroom.ferrovial.com\/en\/#\/schema\/logo\/image\/","url":"https:\/\/static.newsroom.ferrovial.com\/wp-content\/uploads\/2018\/07\/15145720\/Ferrovial_Logotipo1.jpg","contentUrl":"https:\/\/static.newsroom.ferrovial.com\/wp-content\/uploads\/2018\/07\/15145720\/Ferrovial_Logotipo1.jpg","width":600,"height":300,"caption":"Ferrovial S.A."},"image":{"@id":"https:\/\/newsroom.ferrovial.com\/en\/#\/schema\/logo\/image\/"},"sameAs":["https:\/\/www.facebook.com\/ferrovial","https:\/\/x.com\/ferrovial","https:\/\/www.instagram.com\/ferrovial\/","https:\/\/www.linkedin.com\/company\/ferrovial","https:\/\/www.pinterest.es\/ferrovial\/","https:\/\/www.youtube.com\/ferrovial","https:\/\/en.wikipedia.org\/wiki\/Ferrovial"]}]}},"_links":{"self":[{"href":"https:\/\/newsroom.ferrovial.com\/en\/wp-json\/wp\/v2\/new\/107452","targetHints":{"allow":["GET"]}}],"collection":[{"href":"https:\/\/newsroom.ferrovial.com\/en\/wp-json\/wp\/v2\/new"}],"about":[{"href":"https:\/\/newsroom.ferrovial.com\/en\/wp-json\/wp\/v2\/types\/new"}],"replies":[{"embeddable":true,"href":"https:\/\/newsroom.ferrovial.com\/en\/wp-json\/wp\/v2\/comments?post=107452"}],"version-history":[{"count":3,"href":"https:\/\/newsroom.ferrovial.com\/en\/wp-json\/wp\/v2\/new\/107452\/revisions"}],"predecessor-version":[{"id":126500,"href":"https:\/\/newsroom.ferrovial.com\/en\/wp-json\/wp\/v2\/new\/107452\/revisions\/126500"}],"wp:featuredmedia":[{"embeddable":true,"href":"https:\/\/newsroom.ferrovial.com\/en\/wp-json\/wp\/v2\/media\/107448"}],"wp:attachment":[{"href":"https:\/\/newsroom.ferrovial.com\/en\/wp-json\/wp\/v2\/media?parent=107452"}],"wp:term":[{"taxonomy":"nivel-2","embeddable":true,"href":"https:\/\/newsroom.ferrovial.com\/en\/wp-json\/wp\/v2\/nivel-2?post=107452"},{"taxonomy":"nivel-5","embeddable":true,"href":"https:\/\/newsroom.ferrovial.com\/en\/wp-json\/wp\/v2\/nivel-5?post=107452"},{"taxonomy":"nivel-1","embeddable":true,"href":"https:\/\/newsroom.ferrovial.com\/en\/wp-json\/wp\/v2\/nivel-1?post=107452"},{"taxonomy":"nivel-3","embeddable":true,"href":"https:\/\/newsroom.ferrovial.com\/en\/wp-json\/wp\/v2\/nivel-3?post=107452"},{"taxonomy":"nivel-4","embeddable":true,"href":"https:\/\/newsroom.ferrovial.com\/en\/wp-json\/wp\/v2\/nivel-4?post=107452"}],"curies":[{"name":"wp","href":"https:\/\/api.w.org\/{rel}","templated":true}]}}