{"id":42098,"date":"2018-11-15T08:52:15","date_gmt":"2018-11-15T07:52:15","guid":{"rendered":"https:\/\/newsroom.ferrovial.com\/?post_type=new&#038;p=42098"},"modified":"2022-12-21T09:10:22","modified_gmt":"2022-12-21T08:10:22","slug":"ferrovial-services-will-be-present-at-the-2018-smart-city-expo-world-congress","status":"publish","type":"new","link":"https:\/\/newsroom.ferrovial.com\/en\/news\/ferrovial-services-will-be-present-at-the-2018-smart-city-expo-world-congress\/","title":{"rendered":"Ferrovial Services will be present at the 2018 Smart City Expo World Congress"},"content":{"rendered":"    <section class=\"wysiwyg text-editor \" id=\"\">\n        <div class=\"container container--narrow container--p-10\">\n            <p>This year&#8217;s theme, &#8220;Cities to live in,&#8221; strives to bring the <strong>role of cities as hubs of innovation, knowledge, conduits of economic growth, prosperity, and well-being of citizens <\/strong>to the forefront. A chapter that aspires to become a round success with more participation and top-ranking presentations at the international level.<\/p>\n<p>Ferrovial Services with IN Cities (Stand D449) will share their latest tangible solutions for local communities, like\u00a0<a href=\"https:\/\/www.ferrovial.com\/en\/projects\/hefesto-energy-efficiency-system\/\"><strong>Hefesto,<\/strong><\/a><strong> a software developed in order to optimize energy efficiency;\u00a0<\/strong><a href=\"http:\/\/zitycar.es\/\"><strong>Zity,<\/strong><\/a><strong> one of the main car-sharing solutions in Madrid; <\/strong><a href=\"https:\/\/www.ferrovial.com\/en\/projects\/digital-solution-for-reusing-second-hand-objects-revive\/\"><strong>Revive,<\/strong><\/a><strong> the digital platform created in collaboration with various local governments so that citizens reuse second-hand objects; or <\/strong><a href=\"http:\/\/www.hasavi.es\/\"><strong>Hasavi<\/strong><\/a><strong>,<\/strong> <strong>Ferrovial&#8217;s own health and wellness program,<\/strong> all this through a completely experiential hub where attendees will be able to immerse themselves as project leaders.<\/p>\n<h2><strong>Schedule of FIRA presentations<\/strong><\/h2>\n<h3><strong>13th November<\/strong><\/h3>\n<p><strong>11:30h-12.30h <\/strong>Plenary Session: Innovative Governance Models. Commitment to the common good.\u00a0<em>Alfonso D\u00edaz del R\u00edo &#8211; Gerente Senior de Proyectos Estrat\u00e9gicos de Ferrovial Servicios<\/em><\/p>\n<p><strong>12:45h-14.45h <\/strong>Topic Presentation: Mobility of the future: Urban mobility\u00a0 from now to five years from now.\u00a0<em>Mark Saunders &#8211; Project Director UK Centre of Excellence for Cities.<\/em><\/p>\n<h3><strong><em>Mobility Block<\/em><\/strong><\/h3>\n<p><strong>13th Tuesday\u00a0<\/strong><\/p>\n<p><strong>16:45-16:55h<\/strong> Bicing 2.0: bike sharing in Barcelona. <em>Roger Junqueras, Ferrovial Services Manager.\u00a0<\/em><\/p>\n<p><strong>17:00-17:10h<\/strong> Car-sharing Zity. Javier Mateos, CEO.<\/p>\n<h3><em>Environment Block<\/em><\/h3>\n<p><strong>14th Wednesday\u00a0<\/strong><\/p>\n<p><strong>10:15-10:25h<\/strong> Zen Robotics (English version). <em>Elisabeth Gonz\u00e1lez, Centre of Excellence for Environment Innovation Manager.<\/em><\/p>\n<p><strong>10:45-10:55h<\/strong> Zen Robotics (Spanish version). <em>Elisabeth Gonz\u00e1lez, Centre of Excellence for Environment Innovation Manager.<\/em><\/p>\n<h3><strong><em>Cities Block<\/em><\/strong><\/h3>\n<p><strong>14th Wednesday\u00a0<\/strong><\/p>\n<p><strong>12:00 \u2013 12:10h<\/strong> <em>One Vision <\/em>project.\u00a0<em>Jorge Tintor\u00e9,\u00a0Centre of Excellence for Cities Project Director.\u00a0<\/em><\/p>\n<h3><strong><em>Energy Efficiency Block<\/em><\/strong><\/h3>\n<p><strong>14th Wednesday\u00a0<\/strong><\/p>\n<p><strong>16:45 \u2013 16:55h<\/strong>\u00a0HEFESTO.\u00a0<em>Paco P\u00e9rez Zarco, SSEE Contract tracking coordinator<\/em><em>.<\/em><\/p>\n<h3><strong><em>Health Block<\/em><\/strong><\/h3>\n<p><strong>15th Thursday\u00a0<\/strong><\/p>\n<p><strong>10:45 &#8211; 10:55h<\/strong>\u00a0Wellness Programme HASAVI.\u00a0<em>Bel\u00e9n Viscasillas,\u00a0<\/em><em>HASAVI Coordinator.<\/em><\/p>\n<h2><strong>Global, innovative, sustainable services for more than 1,000 local governments<\/strong><\/h2>\n<p>Ferrovial Services is one of the four commercial divisions of Ferrovial, one of the leading services and infrastructure operators in the world. With more than 50 years of experience and almost 80,000 employees, Ferrovial Services operates in 10 countries designing and providing innovative solutions that improve the efficiency, usability, and sustainability of infrastructure and cities. We have a presence in mobility markets; environmental services; infrastructure and transportation management; resource, industrial, and facilities management; and public, social, and health services.<\/p>\n<p>In order to face society&#8217;s challenges, we have developed our own model of innovation, which is based on a system of collaboration which includes clients, tech partners, universities, research centers, start-up businesses, institutions, and agencies. Our goal is to develop service models that improve efficiency and quality of life for citizens, and to collaborate with the local communities where we work.<\/p>\n<h2><strong>About Smart City Expo World Congress (SCEWC) <\/strong><\/h2>\n<p><a href=\"http:\/\/www.smartcityexpo.com\/en\/home\">Smart City Expo World Congress<\/a> is a touchstone event for the smart urban solutions industry. It serves as a key point of contact for experts, research centers, international organizations, and leaders from cities and companies that are most committed to innovation. More than 20,000 professionals and more than 840 presenters are expected to attend, along with high-ranking guests from more than 700 cities and more than 400 international speakers.<\/p>\n<p><strong>See the conference schedule at <\/strong><a href=\"http:\/\/www.smartcityexpo.com\/en\/agenda-2018?p_p_id=AAFullView_WAR_gaagendaactivitatsportlet&amp;p_p_lifecycle=0&amp;p_p_state=normal&amp;p_p_mode=view&amp;p_p_col_id=column-1&amp;p_p_col_count=1&amp;date=&amp;trackId=%27533%27,%27534%27,%27535%27,%27597%27,%27536%27,%27537%27,%27539%25\"><strong>Smart City Expo World Congress<\/strong><\/a><\/p>\n<p>&nbsp;<\/p>\n        <\/div>\n    <\/section>\n","protected":false},"excerpt":{"rendered":"","protected":false},"featured_media":42014,"menu_order":0,"comment_status":"closed","ping_status":"closed","template":"","nivel-2":[1202,1166,2153],"nivel-5":[],"nivel-1":[],"nivel-3":[1321],"nivel-4":[1824,1794],"class_list":["post-42098","new","type-new","status-publish","has-post-thumbnail","hentry","nivel-2-health-and-safety","nivel-2-mobility","nivel-2-smart-city-en","nivel-3-spain","nivel-4-barcelona-en","nivel-4-catalonia"],"acf":[],"yoast_head":"<title>Ferrovial Services will be present at the 2018 Smart City Expo World Congress Ferrovial<\/title>\n<meta name=\"description\" content=\"Sala de prensa Ferrovial | \u00daltimas noticias\" \/>\n<meta name=\"robots\" content=\"index, follow, max-snippet:-1, max-image-preview:large, max-video-preview:-1\" \/>\n<link rel=\"canonical\" href=\"https:\/\/newsroom.ferrovial.com\/en\/news\/ferrovial-services-will-be-present-at-the-2018-smart-city-expo-world-congress\/\" \/>\n<meta property=\"og:locale\" content=\"en_US\" \/>\n<meta property=\"og:type\" content=\"article\" \/>\n<meta property=\"og:title\" content=\"Ferrovial Services will be present at the 2018 Smart City Expo World Congress Ferrovial\" \/>\n<meta property=\"og:description\" content=\"Sala de prensa Ferrovial | \u00daltimas noticias\" \/>\n<meta property=\"og:url\" content=\"https:\/\/newsroom.ferrovial.com\/en\/news\/ferrovial-services-will-be-present-at-the-2018-smart-city-expo-world-congress\/\" \/>\n<meta property=\"og:site_name\" content=\"Ferrovial\" \/>\n<meta property=\"article:publisher\" content=\"https:\/\/www.facebook.com\/ferrovial\" \/>\n<meta property=\"article:modified_time\" content=\"2022-12-21T08:10:22+00:00\" \/>\n<meta property=\"og:image\" content=\"https:\/\/newsroom.ferrovial.com\/wp-content\/uploads\/sites\/4\/2018\/11\/smart-city-expo-barcelona-2018.png\" \/>\n\t<meta property=\"og:image:width\" content=\"1024\" \/>\n\t<meta property=\"og:image:height\" content=\"512\" \/>\n\t<meta property=\"og:image:type\" content=\"image\/png\" \/>\n<meta name=\"twitter:card\" content=\"summary_large_image\" \/>\n<meta name=\"twitter:site\" content=\"@ferrovial\" \/>\n<script type=\"application\/ld+json\" class=\"yoast-schema-graph\">{\"@context\":\"https:\/\/schema.org\",\"@graph\":[{\"@type\":\"WebPage\",\"@id\":\"https:\/\/newsroom.ferrovial.com\/en\/news\/ferrovial-services-will-be-present-at-the-2018-smart-city-expo-world-congress\/\",\"url\":\"https:\/\/newsroom.ferrovial.com\/en\/news\/ferrovial-services-will-be-present-at-the-2018-smart-city-expo-world-congress\/\",\"name\":\"Ferrovial Services will be present at the 2018 Smart City Expo World Congress Ferrovial\",\"isPartOf\":{\"@id\":\"https:\/\/newsroom.ferrovial.com\/en\/#website\"},\"primaryImageOfPage\":{\"@id\":\"https:\/\/newsroom.ferrovial.com\/en\/news\/ferrovial-services-will-be-present-at-the-2018-smart-city-expo-world-congress\/#primaryimage\"},\"image\":{\"@id\":\"https:\/\/newsroom.ferrovial.com\/en\/news\/ferrovial-services-will-be-present-at-the-2018-smart-city-expo-world-congress\/#primaryimage\"},\"thumbnailUrl\":\"https:\/\/static.newsroom.ferrovial.com\/wp-content\/uploads\/2018\/11\/15152632\/smart-city-expo-barcelona-2018.png\",\"datePublished\":\"2018-11-15T07:52:15+00:00\",\"dateModified\":\"2022-12-21T08:10:22+00:00\",\"description\":\"Sala de prensa Ferrovial | \u00daltimas noticias\",\"breadcrumb\":{\"@id\":\"https:\/\/newsroom.ferrovial.com\/en\/news\/ferrovial-services-will-be-present-at-the-2018-smart-city-expo-world-congress\/#breadcrumb\"},\"inLanguage\":\"en\",\"potentialAction\":[{\"@type\":\"ReadAction\",\"target\":[\"https:\/\/newsroom.ferrovial.com\/en\/news\/ferrovial-services-will-be-present-at-the-2018-smart-city-expo-world-congress\/\"]}]},{\"@type\":\"ImageObject\",\"inLanguage\":\"en\",\"@id\":\"https:\/\/newsroom.ferrovial.com\/en\/news\/ferrovial-services-will-be-present-at-the-2018-smart-city-expo-world-congress\/#primaryimage\",\"url\":\"https:\/\/static.newsroom.ferrovial.com\/wp-content\/uploads\/2018\/11\/15152632\/smart-city-expo-barcelona-2018.png\",\"contentUrl\":\"https:\/\/static.newsroom.ferrovial.com\/wp-content\/uploads\/2018\/11\/15152632\/smart-city-expo-barcelona-2018.png\",\"width\":1024,\"height\":512,\"caption\":\"fira de barcelona smart city expo 2018\"},{\"@type\":\"BreadcrumbList\",\"@id\":\"https:\/\/newsroom.ferrovial.com\/en\/news\/ferrovial-services-will-be-present-at-the-2018-smart-city-expo-world-congress\/#breadcrumb\",\"itemListElement\":[{\"@type\":\"ListItem\",\"position\":1,\"name\":\"Portada\",\"item\":\"https:\/\/newsroom.ferrovial.com\/en\/\"},{\"@type\":\"ListItem\",\"position\":2,\"name\":\"Ferrovial Services will be present at the 2018 Smart City Expo World Congress\"}]},{\"@type\":\"WebSite\",\"@id\":\"https:\/\/newsroom.ferrovial.com\/en\/#website\",\"url\":\"https:\/\/newsroom.ferrovial.com\/en\/\",\"name\":\"Ferrovial\",\"description\":\"Sala de prensa Ferrovial | \u00daltimas noticias\",\"publisher\":{\"@id\":\"https:\/\/newsroom.ferrovial.com\/en\/#organization\"},\"potentialAction\":[{\"@type\":\"SearchAction\",\"target\":{\"@type\":\"EntryPoint\",\"urlTemplate\":\"https:\/\/newsroom.ferrovial.com\/en\/?s={search_term_string}\"},\"query-input\":{\"@type\":\"PropertyValueSpecification\",\"valueRequired\":true,\"valueName\":\"search_term_string\"}}],\"inLanguage\":\"en\"},{\"@type\":\"Organization\",\"@id\":\"https:\/\/newsroom.ferrovial.com\/en\/#organization\",\"name\":\"Ferrovial S.A.\",\"url\":\"https:\/\/newsroom.ferrovial.com\/en\/\",\"logo\":{\"@type\":\"ImageObject\",\"inLanguage\":\"en\",\"@id\":\"https:\/\/newsroom.ferrovial.com\/en\/#\/schema\/logo\/image\/\",\"url\":\"https:\/\/static.newsroom.ferrovial.com\/wp-content\/uploads\/2018\/07\/15145720\/Ferrovial_Logotipo1.jpg\",\"contentUrl\":\"https:\/\/static.newsroom.ferrovial.com\/wp-content\/uploads\/2018\/07\/15145720\/Ferrovial_Logotipo1.jpg\",\"width\":600,\"height\":300,\"caption\":\"Ferrovial S.A.\"},\"image\":{\"@id\":\"https:\/\/newsroom.ferrovial.com\/en\/#\/schema\/logo\/image\/\"},\"sameAs\":[\"https:\/\/www.facebook.com\/ferrovial\",\"https:\/\/x.com\/ferrovial\",\"https:\/\/www.instagram.com\/ferrovial\/\",\"https:\/\/www.linkedin.com\/company\/ferrovial\",\"https:\/\/www.pinterest.es\/ferrovial\/\",\"https:\/\/www.youtube.com\/ferrovial\",\"https:\/\/en.wikipedia.org\/wiki\/Ferrovial\"]}]}<\/script>","yoast_head_json":{"title":"Ferrovial Services will be present at the 2018 Smart City Expo World Congress Ferrovial","description":"Sala de prensa Ferrovial | \u00daltimas noticias","robots":{"index":"index","follow":"follow","max-snippet":"max-snippet:-1","max-image-preview":"max-image-preview:large","max-video-preview":"max-video-preview:-1"},"canonical":"https:\/\/newsroom.ferrovial.com\/en\/news\/ferrovial-services-will-be-present-at-the-2018-smart-city-expo-world-congress\/","og_locale":"en_US","og_type":"article","og_title":"Ferrovial Services will be present at the 2018 Smart City Expo World Congress Ferrovial","og_description":"Sala de prensa Ferrovial | \u00daltimas noticias","og_url":"https:\/\/newsroom.ferrovial.com\/en\/news\/ferrovial-services-will-be-present-at-the-2018-smart-city-expo-world-congress\/","og_site_name":"Ferrovial","article_publisher":"https:\/\/www.facebook.com\/ferrovial","article_modified_time":"2022-12-21T08:10:22+00:00","og_image":[{"width":1024,"height":512,"url":"https:\/\/newsroom.ferrovial.com\/wp-content\/uploads\/sites\/4\/2018\/11\/smart-city-expo-barcelona-2018.png","type":"image\/png"}],"twitter_card":"summary_large_image","twitter_site":"@ferrovial","schema":{"@context":"https:\/\/schema.org","@graph":[{"@type":"WebPage","@id":"https:\/\/newsroom.ferrovial.com\/en\/news\/ferrovial-services-will-be-present-at-the-2018-smart-city-expo-world-congress\/","url":"https:\/\/newsroom.ferrovial.com\/en\/news\/ferrovial-services-will-be-present-at-the-2018-smart-city-expo-world-congress\/","name":"Ferrovial Services will be present at the 2018 Smart City Expo World Congress Ferrovial","isPartOf":{"@id":"https:\/\/newsroom.ferrovial.com\/en\/#website"},"primaryImageOfPage":{"@id":"https:\/\/newsroom.ferrovial.com\/en\/news\/ferrovial-services-will-be-present-at-the-2018-smart-city-expo-world-congress\/#primaryimage"},"image":{"@id":"https:\/\/newsroom.ferrovial.com\/en\/news\/ferrovial-services-will-be-present-at-the-2018-smart-city-expo-world-congress\/#primaryimage"},"thumbnailUrl":"https:\/\/static.newsroom.ferrovial.com\/wp-content\/uploads\/2018\/11\/15152632\/smart-city-expo-barcelona-2018.png","datePublished":"2018-11-15T07:52:15+00:00","dateModified":"2022-12-21T08:10:22+00:00","description":"Sala de prensa Ferrovial | \u00daltimas noticias","breadcrumb":{"@id":"https:\/\/newsroom.ferrovial.com\/en\/news\/ferrovial-services-will-be-present-at-the-2018-smart-city-expo-world-congress\/#breadcrumb"},"inLanguage":"en","potentialAction":[{"@type":"ReadAction","target":["https:\/\/newsroom.ferrovial.com\/en\/news\/ferrovial-services-will-be-present-at-the-2018-smart-city-expo-world-congress\/"]}]},{"@type":"ImageObject","inLanguage":"en","@id":"https:\/\/newsroom.ferrovial.com\/en\/news\/ferrovial-services-will-be-present-at-the-2018-smart-city-expo-world-congress\/#primaryimage","url":"https:\/\/static.newsroom.ferrovial.com\/wp-content\/uploads\/2018\/11\/15152632\/smart-city-expo-barcelona-2018.png","contentUrl":"https:\/\/static.newsroom.ferrovial.com\/wp-content\/uploads\/2018\/11\/15152632\/smart-city-expo-barcelona-2018.png","width":1024,"height":512,"caption":"fira de barcelona smart city expo 2018"},{"@type":"BreadcrumbList","@id":"https:\/\/newsroom.ferrovial.com\/en\/news\/ferrovial-services-will-be-present-at-the-2018-smart-city-expo-world-congress\/#breadcrumb","itemListElement":[{"@type":"ListItem","position":1,"name":"Portada","item":"https:\/\/newsroom.ferrovial.com\/en\/"},{"@type":"ListItem","position":2,"name":"Ferrovial Services will be present at the 2018 Smart City Expo World Congress"}]},{"@type":"WebSite","@id":"https:\/\/newsroom.ferrovial.com\/en\/#website","url":"https:\/\/newsroom.ferrovial.com\/en\/","name":"Ferrovial","description":"Sala de prensa Ferrovial | \u00daltimas noticias","publisher":{"@id":"https:\/\/newsroom.ferrovial.com\/en\/#organization"},"potentialAction":[{"@type":"SearchAction","target":{"@type":"EntryPoint","urlTemplate":"https:\/\/newsroom.ferrovial.com\/en\/?s={search_term_string}"},"query-input":{"@type":"PropertyValueSpecification","valueRequired":true,"valueName":"search_term_string"}}],"inLanguage":"en"},{"@type":"Organization","@id":"https:\/\/newsroom.ferrovial.com\/en\/#organization","name":"Ferrovial S.A.","url":"https:\/\/newsroom.ferrovial.com\/en\/","logo":{"@type":"ImageObject","inLanguage":"en","@id":"https:\/\/newsroom.ferrovial.com\/en\/#\/schema\/logo\/image\/","url":"https:\/\/static.newsroom.ferrovial.com\/wp-content\/uploads\/2018\/07\/15145720\/Ferrovial_Logotipo1.jpg","contentUrl":"https:\/\/static.newsroom.ferrovial.com\/wp-content\/uploads\/2018\/07\/15145720\/Ferrovial_Logotipo1.jpg","width":600,"height":300,"caption":"Ferrovial S.A."},"image":{"@id":"https:\/\/newsroom.ferrovial.com\/en\/#\/schema\/logo\/image\/"},"sameAs":["https:\/\/www.facebook.com\/ferrovial","https:\/\/x.com\/ferrovial","https:\/\/www.instagram.com\/ferrovial\/","https:\/\/www.linkedin.com\/company\/ferrovial","https:\/\/www.pinterest.es\/ferrovial\/","https:\/\/www.youtube.com\/ferrovial","https:\/\/en.wikipedia.org\/wiki\/Ferrovial"]}]}},"_links":{"self":[{"href":"https:\/\/newsroom.ferrovial.com\/en\/wp-json\/wp\/v2\/new\/42098","targetHints":{"allow":["GET"]}}],"collection":[{"href":"https:\/\/newsroom.ferrovial.com\/en\/wp-json\/wp\/v2\/new"}],"about":[{"href":"https:\/\/newsroom.ferrovial.com\/en\/wp-json\/wp\/v2\/types\/new"}],"replies":[{"embeddable":true,"href":"https:\/\/newsroom.ferrovial.com\/en\/wp-json\/wp\/v2\/comments?post=42098"}],"version-history":[{"count":1,"href":"https:\/\/newsroom.ferrovial.com\/en\/wp-json\/wp\/v2\/new\/42098\/revisions"}],"predecessor-version":[{"id":110577,"href":"https:\/\/newsroom.ferrovial.com\/en\/wp-json\/wp\/v2\/new\/42098\/revisions\/110577"}],"wp:featuredmedia":[{"embeddable":true,"href":"https:\/\/newsroom.ferrovial.com\/en\/wp-json\/wp\/v2\/media\/42014"}],"wp:attachment":[{"href":"https:\/\/newsroom.ferrovial.com\/en\/wp-json\/wp\/v2\/media?parent=42098"}],"wp:term":[{"taxonomy":"nivel-2","embeddable":true,"href":"https:\/\/newsroom.ferrovial.com\/en\/wp-json\/wp\/v2\/nivel-2?post=42098"},{"taxonomy":"nivel-5","embeddable":true,"href":"https:\/\/newsroom.ferrovial.com\/en\/wp-json\/wp\/v2\/nivel-5?post=42098"},{"taxonomy":"nivel-1","embeddable":true,"href":"https:\/\/newsroom.ferrovial.com\/en\/wp-json\/wp\/v2\/nivel-1?post=42098"},{"taxonomy":"nivel-3","embeddable":true,"href":"https:\/\/newsroom.ferrovial.com\/en\/wp-json\/wp\/v2\/nivel-3?post=42098"},{"taxonomy":"nivel-4","embeddable":true,"href":"https:\/\/newsroom.ferrovial.com\/en\/wp-json\/wp\/v2\/nivel-4?post=42098"}],"curies":[{"name":"wp","href":"https:\/\/api.w.org\/{rel}","templated":true}]}}