{"id":5433,"date":"2006-07-27T00:00:00","date_gmt":"2006-07-27T00:00:00","guid":{"rendered":"https:\/\/newsroom.ferrovial.com\/news\/juan-bejar-appointed-executive-vice-chairman-of-cintra-and-enrique-diaz-rato-as-ceo\/"},"modified":"2022-12-21T11:54:44","modified_gmt":"2022-12-21T10:54:44","slug":"juan-bejar-appointed-executive-vice-chairman-of-cintra-and-enrique-diaz-rato-as-ceo","status":"publish","type":"new","link":"https:\/\/newsroom.ferrovial.com\/en\/news\/juan-bejar-appointed-executive-vice-chairman-of-cintra-and-enrique-diaz-rato-as-ceo\/","title":{"rendered":"Juan B\u00e9jar appointed Executive Vice-Chairman of Cintra, and Enrique D\u00edaz-Rato as CEO"},"content":{"rendered":"    <section class=\"wysiwyg text-editor \" id=\"\">\n        <div class=\"container container--narrow container--p-10\">\n            <p><strong>The changes are to strengthen Ferrovial&#8217;s Infrastructure division, headed by Juan B\u00e9jar<\/strong><\/p>\n<p>Cintra, the toll road and car park management company, has appointed Juan B\u00e9jar as Executive Second Vice-Chairman and Enrique D\u00edaz-Rato Revuelta as CEO.<\/p>\n<p>The changes at the top in Cintra are part of the reorganisation of Ferrovial&#8217;s Infrastructure division after the takeover of BAA, the world&#8217;s largest airport operator, in order to strengthen the infrastructure concession business, headed by Juan B\u00e9jar, which encompasses toll roads and car parks (Cintra) and airports (BAA).<\/p>\n<p>Enrique D\u00edaz-Rato is a Civil Engineer and holds a degree in Business Studies and an MBA from EOI.<\/p>\n<p>D\u00edaz-Rato joined Ferrovial in 2001 as General Manager of Cintra Chile. In 2003, he was appointed General Manager of 407 Express Toll Route (ETR) in Toronto (Canada) and since 2006 has been Head of Toll Roads for the US, Canada, Chile and Ireland.<\/p>\n<p>The Board of Directors of Cintra will now be as follows:<\/p>\n<ul>\n<li>Chairman, Rafael del Pino<\/li>\n<li>First Vice-Chairman, Joaqu\u00edn Ayuso Executive<\/li>\n<li>Executive Second Vice-Chairman, Juan B\u00e9jar<\/li>\n<li>CEO, Enrique D\u00edaz-Rato<\/li>\n<li>Directors- Jos\u00e9 M\u00aa P\u00e9rez Tremps<br \/>\n&#8211; Nicol\u00e1s Vill\u00e9n<br \/>\n&#8211; Fernando Abril-Martorell<br \/>\n&#8211; Jos\u00e9 Fernando S\u00e1nchez-Junco<br \/>\n&#8211; Jaime Bergel<\/li>\n<li>Secretary, Lucas Osorio<\/li>\n<\/ul>\n<p>&nbsp;<\/p>\n        <\/div>\n    <\/section>\n","protected":false},"excerpt":{"rendered":"","protected":false},"featured_media":0,"menu_order":0,"comment_status":"closed","ping_status":"closed","template":"","nivel-2":[1178,2251,1139,1905,1177,1181],"nivel-5":[1903],"nivel-1":[],"nivel-3":[],"nivel-4":[],"class_list":["post-5433","new","type-new","status-publish","hentry","nivel-2-company-structure","nivel-2-corporate","nivel-2-corporate-government","nivel-2-human-resources","nivel-2-organigramme","nivel-2-people-and-team","nivel-5-ferrovial-en"],"acf":[],"yoast_head":"<title>Juan B\u00e9jar appointed Executive Vice-Chairman of Cintra, and Enrique D\u00edaz-Rato as CEO Ferrovial<\/title>\n<meta name=\"description\" content=\"Sala de prensa Ferrovial | \u00daltimas noticias\" \/>\n<meta name=\"robots\" content=\"index, follow, max-snippet:-1, max-image-preview:large, max-video-preview:-1\" \/>\n<link rel=\"canonical\" href=\"https:\/\/newsroom.ferrovial.com\/en\/news\/juan-bejar-appointed-executive-vice-chairman-of-cintra-and-enrique-diaz-rato-as-ceo\/\" \/>\n<meta property=\"og:locale\" content=\"en_US\" \/>\n<meta property=\"og:type\" content=\"article\" \/>\n<meta property=\"og:title\" content=\"Juan B\u00e9jar appointed Executive Vice-Chairman of Cintra, and Enrique D\u00edaz-Rato as CEO Ferrovial\" \/>\n<meta property=\"og:description\" content=\"Sala de prensa Ferrovial | \u00daltimas noticias\" \/>\n<meta property=\"og:url\" content=\"https:\/\/newsroom.ferrovial.com\/en\/news\/juan-bejar-appointed-executive-vice-chairman-of-cintra-and-enrique-diaz-rato-as-ceo\/\" \/>\n<meta property=\"og:site_name\" content=\"Ferrovial\" \/>\n<meta property=\"article:publisher\" content=\"https:\/\/www.facebook.com\/ferrovial\" \/>\n<meta property=\"article:modified_time\" content=\"2022-12-21T10:54:44+00:00\" \/>\n<meta name=\"twitter:card\" content=\"summary_large_image\" \/>\n<meta name=\"twitter:site\" content=\"@ferrovial\" \/>\n<script type=\"application\/ld+json\" class=\"yoast-schema-graph\">{\"@context\":\"https:\/\/schema.org\",\"@graph\":[{\"@type\":\"WebPage\",\"@id\":\"https:\/\/newsroom.ferrovial.com\/en\/news\/juan-bejar-appointed-executive-vice-chairman-of-cintra-and-enrique-diaz-rato-as-ceo\/\",\"url\":\"https:\/\/newsroom.ferrovial.com\/en\/news\/juan-bejar-appointed-executive-vice-chairman-of-cintra-and-enrique-diaz-rato-as-ceo\/\",\"name\":\"Juan B\u00e9jar appointed Executive Vice-Chairman of Cintra, and Enrique D\u00edaz-Rato as CEO Ferrovial\",\"isPartOf\":{\"@id\":\"https:\/\/newsroom.ferrovial.com\/en\/#website\"},\"datePublished\":\"2006-07-27T00:00:00+00:00\",\"dateModified\":\"2022-12-21T10:54:44+00:00\",\"description\":\"Sala de prensa Ferrovial | \u00daltimas noticias\",\"breadcrumb\":{\"@id\":\"https:\/\/newsroom.ferrovial.com\/en\/news\/juan-bejar-appointed-executive-vice-chairman-of-cintra-and-enrique-diaz-rato-as-ceo\/#breadcrumb\"},\"inLanguage\":\"en\",\"potentialAction\":[{\"@type\":\"ReadAction\",\"target\":[\"https:\/\/newsroom.ferrovial.com\/en\/news\/juan-bejar-appointed-executive-vice-chairman-of-cintra-and-enrique-diaz-rato-as-ceo\/\"]}]},{\"@type\":\"BreadcrumbList\",\"@id\":\"https:\/\/newsroom.ferrovial.com\/en\/news\/juan-bejar-appointed-executive-vice-chairman-of-cintra-and-enrique-diaz-rato-as-ceo\/#breadcrumb\",\"itemListElement\":[{\"@type\":\"ListItem\",\"position\":1,\"name\":\"Portada\",\"item\":\"https:\/\/newsroom.ferrovial.com\/en\/\"},{\"@type\":\"ListItem\",\"position\":2,\"name\":\"Juan B\u00e9jar appointed Executive Vice-Chairman of Cintra, and Enrique D\u00edaz-Rato as CEO\"}]},{\"@type\":\"WebSite\",\"@id\":\"https:\/\/newsroom.ferrovial.com\/en\/#website\",\"url\":\"https:\/\/newsroom.ferrovial.com\/en\/\",\"name\":\"Ferrovial\",\"description\":\"Sala de prensa Ferrovial | \u00daltimas noticias\",\"publisher\":{\"@id\":\"https:\/\/newsroom.ferrovial.com\/en\/#organization\"},\"potentialAction\":[{\"@type\":\"SearchAction\",\"target\":{\"@type\":\"EntryPoint\",\"urlTemplate\":\"https:\/\/newsroom.ferrovial.com\/en\/?s={search_term_string}\"},\"query-input\":{\"@type\":\"PropertyValueSpecification\",\"valueRequired\":true,\"valueName\":\"search_term_string\"}}],\"inLanguage\":\"en\"},{\"@type\":\"Organization\",\"@id\":\"https:\/\/newsroom.ferrovial.com\/en\/#organization\",\"name\":\"Ferrovial S.A.\",\"url\":\"https:\/\/newsroom.ferrovial.com\/en\/\",\"logo\":{\"@type\":\"ImageObject\",\"inLanguage\":\"en\",\"@id\":\"https:\/\/newsroom.ferrovial.com\/en\/#\/schema\/logo\/image\/\",\"url\":\"https:\/\/static.newsroom.ferrovial.com\/wp-content\/uploads\/2018\/07\/15145720\/Ferrovial_Logotipo1.jpg\",\"contentUrl\":\"https:\/\/static.newsroom.ferrovial.com\/wp-content\/uploads\/2018\/07\/15145720\/Ferrovial_Logotipo1.jpg\",\"width\":600,\"height\":300,\"caption\":\"Ferrovial S.A.\"},\"image\":{\"@id\":\"https:\/\/newsroom.ferrovial.com\/en\/#\/schema\/logo\/image\/\"},\"sameAs\":[\"https:\/\/www.facebook.com\/ferrovial\",\"https:\/\/x.com\/ferrovial\",\"https:\/\/www.instagram.com\/ferrovial\/\",\"https:\/\/www.linkedin.com\/company\/ferrovial\",\"https:\/\/www.pinterest.es\/ferrovial\/\",\"https:\/\/www.youtube.com\/ferrovial\",\"https:\/\/en.wikipedia.org\/wiki\/Ferrovial\"]}]}<\/script>","yoast_head_json":{"title":"Juan B\u00e9jar appointed Executive Vice-Chairman of Cintra, and Enrique D\u00edaz-Rato as CEO Ferrovial","description":"Sala de prensa Ferrovial | \u00daltimas noticias","robots":{"index":"index","follow":"follow","max-snippet":"max-snippet:-1","max-image-preview":"max-image-preview:large","max-video-preview":"max-video-preview:-1"},"canonical":"https:\/\/newsroom.ferrovial.com\/en\/news\/juan-bejar-appointed-executive-vice-chairman-of-cintra-and-enrique-diaz-rato-as-ceo\/","og_locale":"en_US","og_type":"article","og_title":"Juan B\u00e9jar appointed Executive Vice-Chairman of Cintra, and Enrique D\u00edaz-Rato as CEO Ferrovial","og_description":"Sala de prensa Ferrovial | \u00daltimas noticias","og_url":"https:\/\/newsroom.ferrovial.com\/en\/news\/juan-bejar-appointed-executive-vice-chairman-of-cintra-and-enrique-diaz-rato-as-ceo\/","og_site_name":"Ferrovial","article_publisher":"https:\/\/www.facebook.com\/ferrovial","article_modified_time":"2022-12-21T10:54:44+00:00","twitter_card":"summary_large_image","twitter_site":"@ferrovial","schema":{"@context":"https:\/\/schema.org","@graph":[{"@type":"WebPage","@id":"https:\/\/newsroom.ferrovial.com\/en\/news\/juan-bejar-appointed-executive-vice-chairman-of-cintra-and-enrique-diaz-rato-as-ceo\/","url":"https:\/\/newsroom.ferrovial.com\/en\/news\/juan-bejar-appointed-executive-vice-chairman-of-cintra-and-enrique-diaz-rato-as-ceo\/","name":"Juan B\u00e9jar appointed Executive Vice-Chairman of Cintra, and Enrique D\u00edaz-Rato as CEO Ferrovial","isPartOf":{"@id":"https:\/\/newsroom.ferrovial.com\/en\/#website"},"datePublished":"2006-07-27T00:00:00+00:00","dateModified":"2022-12-21T10:54:44+00:00","description":"Sala de prensa Ferrovial | \u00daltimas noticias","breadcrumb":{"@id":"https:\/\/newsroom.ferrovial.com\/en\/news\/juan-bejar-appointed-executive-vice-chairman-of-cintra-and-enrique-diaz-rato-as-ceo\/#breadcrumb"},"inLanguage":"en","potentialAction":[{"@type":"ReadAction","target":["https:\/\/newsroom.ferrovial.com\/en\/news\/juan-bejar-appointed-executive-vice-chairman-of-cintra-and-enrique-diaz-rato-as-ceo\/"]}]},{"@type":"BreadcrumbList","@id":"https:\/\/newsroom.ferrovial.com\/en\/news\/juan-bejar-appointed-executive-vice-chairman-of-cintra-and-enrique-diaz-rato-as-ceo\/#breadcrumb","itemListElement":[{"@type":"ListItem","position":1,"name":"Portada","item":"https:\/\/newsroom.ferrovial.com\/en\/"},{"@type":"ListItem","position":2,"name":"Juan B\u00e9jar appointed Executive Vice-Chairman of Cintra, and Enrique D\u00edaz-Rato as CEO"}]},{"@type":"WebSite","@id":"https:\/\/newsroom.ferrovial.com\/en\/#website","url":"https:\/\/newsroom.ferrovial.com\/en\/","name":"Ferrovial","description":"Sala de prensa Ferrovial | \u00daltimas noticias","publisher":{"@id":"https:\/\/newsroom.ferrovial.com\/en\/#organization"},"potentialAction":[{"@type":"SearchAction","target":{"@type":"EntryPoint","urlTemplate":"https:\/\/newsroom.ferrovial.com\/en\/?s={search_term_string}"},"query-input":{"@type":"PropertyValueSpecification","valueRequired":true,"valueName":"search_term_string"}}],"inLanguage":"en"},{"@type":"Organization","@id":"https:\/\/newsroom.ferrovial.com\/en\/#organization","name":"Ferrovial S.A.","url":"https:\/\/newsroom.ferrovial.com\/en\/","logo":{"@type":"ImageObject","inLanguage":"en","@id":"https:\/\/newsroom.ferrovial.com\/en\/#\/schema\/logo\/image\/","url":"https:\/\/static.newsroom.ferrovial.com\/wp-content\/uploads\/2018\/07\/15145720\/Ferrovial_Logotipo1.jpg","contentUrl":"https:\/\/static.newsroom.ferrovial.com\/wp-content\/uploads\/2018\/07\/15145720\/Ferrovial_Logotipo1.jpg","width":600,"height":300,"caption":"Ferrovial S.A."},"image":{"@id":"https:\/\/newsroom.ferrovial.com\/en\/#\/schema\/logo\/image\/"},"sameAs":["https:\/\/www.facebook.com\/ferrovial","https:\/\/x.com\/ferrovial","https:\/\/www.instagram.com\/ferrovial\/","https:\/\/www.linkedin.com\/company\/ferrovial","https:\/\/www.pinterest.es\/ferrovial\/","https:\/\/www.youtube.com\/ferrovial","https:\/\/en.wikipedia.org\/wiki\/Ferrovial"]}]}},"_links":{"self":[{"href":"https:\/\/newsroom.ferrovial.com\/en\/wp-json\/wp\/v2\/new\/5433","targetHints":{"allow":["GET"]}}],"collection":[{"href":"https:\/\/newsroom.ferrovial.com\/en\/wp-json\/wp\/v2\/new"}],"about":[{"href":"https:\/\/newsroom.ferrovial.com\/en\/wp-json\/wp\/v2\/types\/new"}],"replies":[{"embeddable":true,"href":"https:\/\/newsroom.ferrovial.com\/en\/wp-json\/wp\/v2\/comments?post=5433"}],"version-history":[{"count":1,"href":"https:\/\/newsroom.ferrovial.com\/en\/wp-json\/wp\/v2\/new\/5433\/revisions"}],"predecessor-version":[{"id":98966,"href":"https:\/\/newsroom.ferrovial.com\/en\/wp-json\/wp\/v2\/new\/5433\/revisions\/98966"}],"wp:attachment":[{"href":"https:\/\/newsroom.ferrovial.com\/en\/wp-json\/wp\/v2\/media?parent=5433"}],"wp:term":[{"taxonomy":"nivel-2","embeddable":true,"href":"https:\/\/newsroom.ferrovial.com\/en\/wp-json\/wp\/v2\/nivel-2?post=5433"},{"taxonomy":"nivel-5","embeddable":true,"href":"https:\/\/newsroom.ferrovial.com\/en\/wp-json\/wp\/v2\/nivel-5?post=5433"},{"taxonomy":"nivel-1","embeddable":true,"href":"https:\/\/newsroom.ferrovial.com\/en\/wp-json\/wp\/v2\/nivel-1?post=5433"},{"taxonomy":"nivel-3","embeddable":true,"href":"https:\/\/newsroom.ferrovial.com\/en\/wp-json\/wp\/v2\/nivel-3?post=5433"},{"taxonomy":"nivel-4","embeddable":true,"href":"https:\/\/newsroom.ferrovial.com\/en\/wp-json\/wp\/v2\/nivel-4?post=5433"}],"curies":[{"name":"wp","href":"https:\/\/api.w.org\/{rel}","templated":true}]}}