{"id":6019,"date":"2016-06-07T00:00:00","date_gmt":"2016-06-07T00:00:00","guid":{"rendered":"https:\/\/newsroom.ferrovial.com\/news\/second-forum-of-the-spanish-green-growth-group-at-caixaforum-madrid\/"},"modified":"2022-12-21T10:00:18","modified_gmt":"2022-12-21T09:00:18","slug":"second-forum-of-the-spanish-green-growth-group-at-caixaforum-madrid","status":"publish","type":"new","link":"https:\/\/newsroom.ferrovial.com\/en\/news\/second-forum-of-the-spanish-green-growth-group-at-caixaforum-madrid\/","title":{"rendered":"Second Forum of the Spanish Green Growth Group at CaixaForum Madrid"},"content":{"rendered":"    <section class=\"wysiwyg text-editor \" id=\"\">\n        <div class=\"container container--narrow container--p-10\">\n            <p>15 experts from the fields of business, science, communications and environmental policies analysed key opportunities and the policies required in Spain if we are to achieve <strong>sustainable development<\/strong> and meet the milestones set by the <a title=\"Ferrovial Blog - Defining the sustainable development goals\" href=\"https:\/\/blog.ferrovial.com\/en\/2015\/10\/the-un-and-companies-together-in-defining-the-sustainable-development-goals\/\" target=\"_blank\" rel=\"dofollow noopener\">Sustainable Development Objectives<\/a> and <a title=\"Ferrovial News - Paris Agreement signing ceremony attended by Spanish Green Growth group\" href=\"https:\/\/newsroom.ferrovial.com\/en\/news\/spanish-green-growth-group-present-at-the-paris-agreement-signing-ceremony\/\" target=\"_blank\" rel=\"dofollow noopener\">the historical Paris Agreement<\/a>.<\/p>\n<p>This 2nd <a title=\"Spanish Green Growth Forum programme PDF\" href=\"http:\/\/www.efeverde.com\/wp-content\/uploads\/2014\/11\/programa_foro_gecv_25_11_2014_definitivo2.pdf\" target=\"_blank\" rel=\"dofollow noopener\">Forum of the Spanish Green Growth Group<\/a>, opened by Pablo Saavedra Inaraja, Secretary of State for the Environment, looked at several pressing issues around the economic \u201cgreen\u201d growth model, such as risks and opportunities, significant changes in energy, tax and financial regulations, \u201cdecarbonisation\u201d, green jobs or the circular economy, amongst others.<\/p>\n<p>Maria Luz Castilla, partner at PwC and member of the GECV Board, presented the report <em>Green Growth: Spain today and in the future <\/em>prepared in recent months by the GECV (freely available on its official website at <a title=\"Spanish Green Growth website\" href=\"http:\/\/www.grupocrecimientoverde.org\" target=\"_blank\" rel=\"dofollow noopener\">www.grupocrecimientoverde.org<\/a>). This was followed by two round table discussions with the well-known TV presenter M\u00f3nica L\u00f3pez Moyana as moderator.<\/p>\n<p>In the first of these debates, Pedro Linares (UPC), \u00d3scar Mart\u00edn (Ecoembes), Gonzalo S\u00e1enz de Miera (Iberdrola) and \u00c1ngel Pes (CaixaBank) talked about green policies and European legislation, as well as about current trends in the energy and financial sectors. Isaac Navarro (Contazara) expressed the views of SMEs on these issues.<\/p>\n<p>The second debate saw an exchange of views on current <strong>environmental policies<\/strong>, <strong>decarbonisation<\/strong> and <strong>green jobs<\/strong> between Eduardo Gonzalez (OECC), Joaqu\u00edn Nieto (ILO Spain) and Enrique Segovia (WWF). Geert Peamen (Telef\u00f3nica) and Carmen Becerril (Acciona) stressed the importance of <strong>technological advances<\/strong> and the <strong>energy mix<\/strong>.<\/p>\n        <\/div>\n    <\/section>\n","protected":false},"excerpt":{"rendered":"","protected":false},"featured_media":6020,"menu_order":0,"comment_status":"closed","ping_status":"closed","template":"","nivel-2":[1090,1106,1098,1439,1486,1901],"nivel-5":[],"nivel-1":[],"nivel-3":[1321],"nivel-4":[1810],"class_list":["post-6019","new","type-new","status-publish","has-post-thumbnail","hentry","nivel-2-climate-change","nivel-2-company-culture","nivel-2-environmental-conservation","nivel-2-operational-efficiency","nivel-2-sustainability","nivel-2-sustainable-development-goals","nivel-3-spain","nivel-4-madrid-en"],"acf":[],"yoast_head":"<title>Second Forum of the Spanish Green Growth Group at CaixaForum Madrid Ferrovial<\/title>\n<meta name=\"description\" content=\"Sala de prensa Ferrovial | \u00daltimas noticias\" \/>\n<meta name=\"robots\" content=\"index, follow, max-snippet:-1, max-image-preview:large, max-video-preview:-1\" \/>\n<link rel=\"canonical\" href=\"https:\/\/newsroom.ferrovial.com\/en\/news\/second-forum-of-the-spanish-green-growth-group-at-caixaforum-madrid\/\" \/>\n<meta property=\"og:locale\" content=\"en_US\" \/>\n<meta property=\"og:type\" content=\"article\" \/>\n<meta property=\"og:title\" content=\"Second Forum of the Spanish Green Growth Group at CaixaForum Madrid Ferrovial\" \/>\n<meta property=\"og:description\" content=\"Sala de prensa Ferrovial | \u00daltimas noticias\" \/>\n<meta property=\"og:url\" content=\"https:\/\/newsroom.ferrovial.com\/en\/news\/second-forum-of-the-spanish-green-growth-group-at-caixaforum-madrid\/\" \/>\n<meta property=\"og:site_name\" content=\"Ferrovial\" \/>\n<meta property=\"article:publisher\" content=\"https:\/\/www.facebook.com\/ferrovial\" \/>\n<meta property=\"article:modified_time\" content=\"2022-12-21T09:00:18+00:00\" \/>\n<meta property=\"og:image\" content=\"https:\/\/newsroom.ferrovial.com\/wp-content\/uploads\/sites\/4\/2018\/07\/spanish-green-growth-group-sustainable-growth-forum-valentin-alfaya.jpg\" \/>\n\t<meta property=\"og:image:width\" content=\"695\" \/>\n\t<meta property=\"og:image:height\" content=\"390\" \/>\n\t<meta property=\"og:image:type\" content=\"image\/jpeg\" \/>\n<meta name=\"twitter:card\" content=\"summary_large_image\" \/>\n<meta name=\"twitter:site\" content=\"@ferrovial\" \/>\n<script type=\"application\/ld+json\" class=\"yoast-schema-graph\">{\"@context\":\"https:\/\/schema.org\",\"@graph\":[{\"@type\":\"WebPage\",\"@id\":\"https:\/\/newsroom.ferrovial.com\/en\/news\/second-forum-of-the-spanish-green-growth-group-at-caixaforum-madrid\/\",\"url\":\"https:\/\/newsroom.ferrovial.com\/en\/news\/second-forum-of-the-spanish-green-growth-group-at-caixaforum-madrid\/\",\"name\":\"Second Forum of the Spanish Green Growth Group at CaixaForum Madrid Ferrovial\",\"isPartOf\":{\"@id\":\"https:\/\/newsroom.ferrovial.com\/en\/#website\"},\"primaryImageOfPage\":{\"@id\":\"https:\/\/newsroom.ferrovial.com\/en\/news\/second-forum-of-the-spanish-green-growth-group-at-caixaforum-madrid\/#primaryimage\"},\"image\":{\"@id\":\"https:\/\/newsroom.ferrovial.com\/en\/news\/second-forum-of-the-spanish-green-growth-group-at-caixaforum-madrid\/#primaryimage\"},\"thumbnailUrl\":\"https:\/\/static.newsroom.ferrovial.com\/wp-content\/uploads\/2018\/07\/15152025\/spanish-green-growth-group-sustainable-growth-forum-valentin-alfaya.jpg\",\"datePublished\":\"2016-06-07T00:00:00+00:00\",\"dateModified\":\"2022-12-21T09:00:18+00:00\",\"description\":\"Sala de prensa Ferrovial | \u00daltimas noticias\",\"breadcrumb\":{\"@id\":\"https:\/\/newsroom.ferrovial.com\/en\/news\/second-forum-of-the-spanish-green-growth-group-at-caixaforum-madrid\/#breadcrumb\"},\"inLanguage\":\"en\",\"potentialAction\":[{\"@type\":\"ReadAction\",\"target\":[\"https:\/\/newsroom.ferrovial.com\/en\/news\/second-forum-of-the-spanish-green-growth-group-at-caixaforum-madrid\/\"]}]},{\"@type\":\"ImageObject\",\"inLanguage\":\"en\",\"@id\":\"https:\/\/newsroom.ferrovial.com\/en\/news\/second-forum-of-the-spanish-green-growth-group-at-caixaforum-madrid\/#primaryimage\",\"url\":\"https:\/\/static.newsroom.ferrovial.com\/wp-content\/uploads\/2018\/07\/15152025\/spanish-green-growth-group-sustainable-growth-forum-valentin-alfaya.jpg\",\"contentUrl\":\"https:\/\/static.newsroom.ferrovial.com\/wp-content\/uploads\/2018\/07\/15152025\/spanish-green-growth-group-sustainable-growth-forum-valentin-alfaya.jpg\",\"width\":695,\"height\":390,\"caption\":\"Valentin Alfaya at the Spanish Green Growth Group's Sustainable Growth forum\"},{\"@type\":\"BreadcrumbList\",\"@id\":\"https:\/\/newsroom.ferrovial.com\/en\/news\/second-forum-of-the-spanish-green-growth-group-at-caixaforum-madrid\/#breadcrumb\",\"itemListElement\":[{\"@type\":\"ListItem\",\"position\":1,\"name\":\"Portada\",\"item\":\"https:\/\/newsroom.ferrovial.com\/en\/\"},{\"@type\":\"ListItem\",\"position\":2,\"name\":\"Second Forum of the Spanish Green Growth Group at CaixaForum Madrid\"}]},{\"@type\":\"WebSite\",\"@id\":\"https:\/\/newsroom.ferrovial.com\/en\/#website\",\"url\":\"https:\/\/newsroom.ferrovial.com\/en\/\",\"name\":\"Ferrovial\",\"description\":\"Sala de prensa Ferrovial | \u00daltimas noticias\",\"publisher\":{\"@id\":\"https:\/\/newsroom.ferrovial.com\/en\/#organization\"},\"potentialAction\":[{\"@type\":\"SearchAction\",\"target\":{\"@type\":\"EntryPoint\",\"urlTemplate\":\"https:\/\/newsroom.ferrovial.com\/en\/?s={search_term_string}\"},\"query-input\":{\"@type\":\"PropertyValueSpecification\",\"valueRequired\":true,\"valueName\":\"search_term_string\"}}],\"inLanguage\":\"en\"},{\"@type\":\"Organization\",\"@id\":\"https:\/\/newsroom.ferrovial.com\/en\/#organization\",\"name\":\"Ferrovial S.A.\",\"url\":\"https:\/\/newsroom.ferrovial.com\/en\/\",\"logo\":{\"@type\":\"ImageObject\",\"inLanguage\":\"en\",\"@id\":\"https:\/\/newsroom.ferrovial.com\/en\/#\/schema\/logo\/image\/\",\"url\":\"https:\/\/static.newsroom.ferrovial.com\/wp-content\/uploads\/2018\/07\/15145720\/Ferrovial_Logotipo1.jpg\",\"contentUrl\":\"https:\/\/static.newsroom.ferrovial.com\/wp-content\/uploads\/2018\/07\/15145720\/Ferrovial_Logotipo1.jpg\",\"width\":600,\"height\":300,\"caption\":\"Ferrovial S.A.\"},\"image\":{\"@id\":\"https:\/\/newsroom.ferrovial.com\/en\/#\/schema\/logo\/image\/\"},\"sameAs\":[\"https:\/\/www.facebook.com\/ferrovial\",\"https:\/\/x.com\/ferrovial\",\"https:\/\/www.instagram.com\/ferrovial\/\",\"https:\/\/www.linkedin.com\/company\/ferrovial\",\"https:\/\/www.pinterest.es\/ferrovial\/\",\"https:\/\/www.youtube.com\/ferrovial\",\"https:\/\/en.wikipedia.org\/wiki\/Ferrovial\"]}]}<\/script>","yoast_head_json":{"title":"Second Forum of the Spanish Green Growth Group at CaixaForum Madrid Ferrovial","description":"Sala de prensa Ferrovial | \u00daltimas noticias","robots":{"index":"index","follow":"follow","max-snippet":"max-snippet:-1","max-image-preview":"max-image-preview:large","max-video-preview":"max-video-preview:-1"},"canonical":"https:\/\/newsroom.ferrovial.com\/en\/news\/second-forum-of-the-spanish-green-growth-group-at-caixaforum-madrid\/","og_locale":"en_US","og_type":"article","og_title":"Second Forum of the Spanish Green Growth Group at CaixaForum Madrid Ferrovial","og_description":"Sala de prensa Ferrovial | \u00daltimas noticias","og_url":"https:\/\/newsroom.ferrovial.com\/en\/news\/second-forum-of-the-spanish-green-growth-group-at-caixaforum-madrid\/","og_site_name":"Ferrovial","article_publisher":"https:\/\/www.facebook.com\/ferrovial","article_modified_time":"2022-12-21T09:00:18+00:00","og_image":[{"width":695,"height":390,"url":"https:\/\/newsroom.ferrovial.com\/wp-content\/uploads\/sites\/4\/2018\/07\/spanish-green-growth-group-sustainable-growth-forum-valentin-alfaya.jpg","type":"image\/jpeg"}],"twitter_card":"summary_large_image","twitter_site":"@ferrovial","schema":{"@context":"https:\/\/schema.org","@graph":[{"@type":"WebPage","@id":"https:\/\/newsroom.ferrovial.com\/en\/news\/second-forum-of-the-spanish-green-growth-group-at-caixaforum-madrid\/","url":"https:\/\/newsroom.ferrovial.com\/en\/news\/second-forum-of-the-spanish-green-growth-group-at-caixaforum-madrid\/","name":"Second Forum of the Spanish Green Growth Group at CaixaForum Madrid Ferrovial","isPartOf":{"@id":"https:\/\/newsroom.ferrovial.com\/en\/#website"},"primaryImageOfPage":{"@id":"https:\/\/newsroom.ferrovial.com\/en\/news\/second-forum-of-the-spanish-green-growth-group-at-caixaforum-madrid\/#primaryimage"},"image":{"@id":"https:\/\/newsroom.ferrovial.com\/en\/news\/second-forum-of-the-spanish-green-growth-group-at-caixaforum-madrid\/#primaryimage"},"thumbnailUrl":"https:\/\/static.newsroom.ferrovial.com\/wp-content\/uploads\/2018\/07\/15152025\/spanish-green-growth-group-sustainable-growth-forum-valentin-alfaya.jpg","datePublished":"2016-06-07T00:00:00+00:00","dateModified":"2022-12-21T09:00:18+00:00","description":"Sala de prensa Ferrovial | \u00daltimas noticias","breadcrumb":{"@id":"https:\/\/newsroom.ferrovial.com\/en\/news\/second-forum-of-the-spanish-green-growth-group-at-caixaforum-madrid\/#breadcrumb"},"inLanguage":"en","potentialAction":[{"@type":"ReadAction","target":["https:\/\/newsroom.ferrovial.com\/en\/news\/second-forum-of-the-spanish-green-growth-group-at-caixaforum-madrid\/"]}]},{"@type":"ImageObject","inLanguage":"en","@id":"https:\/\/newsroom.ferrovial.com\/en\/news\/second-forum-of-the-spanish-green-growth-group-at-caixaforum-madrid\/#primaryimage","url":"https:\/\/static.newsroom.ferrovial.com\/wp-content\/uploads\/2018\/07\/15152025\/spanish-green-growth-group-sustainable-growth-forum-valentin-alfaya.jpg","contentUrl":"https:\/\/static.newsroom.ferrovial.com\/wp-content\/uploads\/2018\/07\/15152025\/spanish-green-growth-group-sustainable-growth-forum-valentin-alfaya.jpg","width":695,"height":390,"caption":"Valentin Alfaya at the Spanish Green Growth Group's Sustainable Growth forum"},{"@type":"BreadcrumbList","@id":"https:\/\/newsroom.ferrovial.com\/en\/news\/second-forum-of-the-spanish-green-growth-group-at-caixaforum-madrid\/#breadcrumb","itemListElement":[{"@type":"ListItem","position":1,"name":"Portada","item":"https:\/\/newsroom.ferrovial.com\/en\/"},{"@type":"ListItem","position":2,"name":"Second Forum of the Spanish Green Growth Group at CaixaForum Madrid"}]},{"@type":"WebSite","@id":"https:\/\/newsroom.ferrovial.com\/en\/#website","url":"https:\/\/newsroom.ferrovial.com\/en\/","name":"Ferrovial","description":"Sala de prensa Ferrovial | \u00daltimas noticias","publisher":{"@id":"https:\/\/newsroom.ferrovial.com\/en\/#organization"},"potentialAction":[{"@type":"SearchAction","target":{"@type":"EntryPoint","urlTemplate":"https:\/\/newsroom.ferrovial.com\/en\/?s={search_term_string}"},"query-input":{"@type":"PropertyValueSpecification","valueRequired":true,"valueName":"search_term_string"}}],"inLanguage":"en"},{"@type":"Organization","@id":"https:\/\/newsroom.ferrovial.com\/en\/#organization","name":"Ferrovial S.A.","url":"https:\/\/newsroom.ferrovial.com\/en\/","logo":{"@type":"ImageObject","inLanguage":"en","@id":"https:\/\/newsroom.ferrovial.com\/en\/#\/schema\/logo\/image\/","url":"https:\/\/static.newsroom.ferrovial.com\/wp-content\/uploads\/2018\/07\/15145720\/Ferrovial_Logotipo1.jpg","contentUrl":"https:\/\/static.newsroom.ferrovial.com\/wp-content\/uploads\/2018\/07\/15145720\/Ferrovial_Logotipo1.jpg","width":600,"height":300,"caption":"Ferrovial S.A."},"image":{"@id":"https:\/\/newsroom.ferrovial.com\/en\/#\/schema\/logo\/image\/"},"sameAs":["https:\/\/www.facebook.com\/ferrovial","https:\/\/x.com\/ferrovial","https:\/\/www.instagram.com\/ferrovial\/","https:\/\/www.linkedin.com\/company\/ferrovial","https:\/\/www.pinterest.es\/ferrovial\/","https:\/\/www.youtube.com\/ferrovial","https:\/\/en.wikipedia.org\/wiki\/Ferrovial"]}]}},"_links":{"self":[{"href":"https:\/\/newsroom.ferrovial.com\/en\/wp-json\/wp\/v2\/new\/6019","targetHints":{"allow":["GET"]}}],"collection":[{"href":"https:\/\/newsroom.ferrovial.com\/en\/wp-json\/wp\/v2\/new"}],"about":[{"href":"https:\/\/newsroom.ferrovial.com\/en\/wp-json\/wp\/v2\/types\/new"}],"replies":[{"embeddable":true,"href":"https:\/\/newsroom.ferrovial.com\/en\/wp-json\/wp\/v2\/comments?post=6019"}],"version-history":[{"count":1,"href":"https:\/\/newsroom.ferrovial.com\/en\/wp-json\/wp\/v2\/new\/6019\/revisions"}],"predecessor-version":[{"id":98988,"href":"https:\/\/newsroom.ferrovial.com\/en\/wp-json\/wp\/v2\/new\/6019\/revisions\/98988"}],"wp:featuredmedia":[{"embeddable":true,"href":"https:\/\/newsroom.ferrovial.com\/en\/wp-json\/wp\/v2\/media\/6020"}],"wp:attachment":[{"href":"https:\/\/newsroom.ferrovial.com\/en\/wp-json\/wp\/v2\/media?parent=6019"}],"wp:term":[{"taxonomy":"nivel-2","embeddable":true,"href":"https:\/\/newsroom.ferrovial.com\/en\/wp-json\/wp\/v2\/nivel-2?post=6019"},{"taxonomy":"nivel-5","embeddable":true,"href":"https:\/\/newsroom.ferrovial.com\/en\/wp-json\/wp\/v2\/nivel-5?post=6019"},{"taxonomy":"nivel-1","embeddable":true,"href":"https:\/\/newsroom.ferrovial.com\/en\/wp-json\/wp\/v2\/nivel-1?post=6019"},{"taxonomy":"nivel-3","embeddable":true,"href":"https:\/\/newsroom.ferrovial.com\/en\/wp-json\/wp\/v2\/nivel-3?post=6019"},{"taxonomy":"nivel-4","embeddable":true,"href":"https:\/\/newsroom.ferrovial.com\/en\/wp-json\/wp\/v2\/nivel-4?post=6019"}],"curies":[{"name":"wp","href":"https:\/\/api.w.org\/{rel}","templated":true}]}}