{"id":6151,"date":"2016-10-25T00:00:00","date_gmt":"2016-10-25T00:00:00","guid":{"rendered":"https:\/\/newsroom.ferrovial.com\/news\/ferrovial-at-the-5th-latin-american-congress-on-desalination-and-water-reuse\/"},"modified":"2024-12-12T22:39:36","modified_gmt":"2024-12-12T21:39:36","slug":"ferrovial-at-the-5th-latin-american-congress-on-desalination-and-water-reuse","status":"publish","type":"new","link":"https:\/\/newsroom.ferrovial.com\/en\/news\/ferrovial-at-the-5th-latin-american-congress-on-desalination-and-water-reuse\/","title":{"rendered":"Ferrovial at the 5th Latin American Congress on Desalination and Water Reuse"},"content":{"rendered":"    <section class=\"wysiwyg text-editor \" id=\"\">\n        <div class=\"container container--narrow container--p-10\">\n            <p><a title=\"Desal2016\" href=\"https:\/\/gecamin.com\/desal\/english\/program\/desal-2016\" target=\"_blank\" rel=\"dofollow noopener\">Desal 2016 Congress<\/a> was held in<strong> Santiago de Chile<\/strong> from the 5<sup>th<\/sup> \u00a0to 7<sup>th<\/sup> October, and its purpose was the seawater desalination and water reuse as alternatives for new water supply; Ferrovial was present through <a title=\"Ferrovial Agroman\" href=\"https:\/\/www.ferrovial.com\/en\/business-lines\/construction\/\" target=\"_blank\" rel=\"dofollow noopener\">Ferrovial Agroman<\/a> and <a title=\"Cadagua Spain\" href=\"http:\/\/www.cadagua.es\/en\/home\" target=\"_blank\" rel=\"dofollow noopener\">Cadagua<\/a> companies.<\/p>\n<p>This international forum has received more than <strong>270 attendees<\/strong>,<strong> 55 technical presentations by authors from 16 countries<\/strong> and <strong>5 plenary sessions<\/strong> and has been a great networking opportunity between public and private sectors.<br \/>\nThe Congress arose as a result of the water shortage due to climate change, that has made mining companies to explore new alternatives for the supply of this valuable and scarced resource; one of them is seawater desalination. In Desal2016 Congress issues such as the design and construction of desalination plants, wastewater reuse, environmental aspects of desalination, new desalination technologies and systems of water transport over long distances and height, are among others dealt with.<\/p>\n<h2><strong>Participation of Ferrovial in Desal Congress 2016 Edition<\/strong><\/h2>\n<p>Ferrovial, through Ferrovial Agroman and Cadagua, exhibited at their booth their <strong>most important projects<\/strong> executed in this field of specialization. It also offered presentations:<\/p>\n<ul>\n<li><em>Improvement of the energy efficiency after the replacement of Pelton turbines by isobaric chambers<\/em> by Cadagua experts Manuel Polo, Eva Mu\u00f1oz, Marian Ruiz e Ignacio Z\u00fa\u00f1iga.<\/li>\n<li><em>Design, operation and maintenance of pipelines of open intakes in desalination plants<\/em> by Carlos Cord\u00f3n<\/li>\n<\/ul>\n<p>In representation of Ferrovial Agroman Chile has assisted <a title=\"Bruno Frazzoni - LinkedIn \" href=\"https:\/\/cl.linkedin.com\/in\/bruno-fernando-frazzoni-garc%C3%ADa-87934251\" target=\"_blank\" rel=\"dofollow noopener\">Bruno Frazzoni,<\/a> Development Manager in this country.<br \/>\nFerrovial has been present in Chile since 1990 and has developed important projects in the infrastructure area and the management of water.<br \/>\n<strong>About DESAL <\/strong>Desal is organized by<a title=\"ALADYR- The Latin American Association of Desalination and Reuse of water\" href=\"http:\/\/aladyr.net\/\" target=\"_blank\" rel=\"dofollow noopener\"> ALADYR &#8211; Latin American Association of Desalination and Reuse of water<\/a>&#8211; and <a title=\"Gemacin\" href=\"https:\/\/gecamin.com\/english\/\" target=\"_blank\" rel=\"dofollow noopener\">Gecamin<\/a>, held every two years and seeks to generate a global network of contacts and exchange of technological information<\/p>\n        <\/div>\n    <\/section>\n","protected":false},"excerpt":{"rendered":"","protected":false},"featured_media":6152,"menu_order":0,"comment_status":"closed","ping_status":"closed","template":"","nivel-2":[1090,1111,1134,1152,1072,1185],"nivel-5":[2157],"nivel-1":[896],"nivel-3":[1319],"nivel-4":[],"class_list":["post-6151","new","type-new","status-publish","has-post-thumbnail","hentry","nivel-2-climate-change","nivel-2-design-and-engineering","nivel-2-events","nivel-2-innovation","nivel-2-water","nivel-2-water-treatment-plant","nivel-5-cadagua-en","nivel-1-construction","nivel-3-chile-en"],"acf":[],"yoast_head":"<title>Ferrovial at the 5th Latin American Congress on Desalination and Water Reuse Ferrovial<\/title>\n<meta name=\"description\" content=\"Sala de prensa Ferrovial | \u00daltimas noticias\" \/>\n<meta name=\"robots\" content=\"index, follow, max-snippet:-1, max-image-preview:large, max-video-preview:-1\" \/>\n<link rel=\"canonical\" href=\"https:\/\/newsroom.ferrovial.com\/en\/news\/ferrovial-at-the-5th-latin-american-congress-on-desalination-and-water-reuse\/\" \/>\n<meta property=\"og:locale\" content=\"en_US\" \/>\n<meta property=\"og:type\" content=\"article\" \/>\n<meta property=\"og:title\" content=\"Ferrovial at the 5th Latin American Congress on Desalination and Water Reuse Ferrovial\" \/>\n<meta property=\"og:description\" content=\"Sala de prensa Ferrovial | \u00daltimas noticias\" \/>\n<meta property=\"og:url\" content=\"https:\/\/newsroom.ferrovial.com\/en\/news\/ferrovial-at-the-5th-latin-american-congress-on-desalination-and-water-reuse\/\" \/>\n<meta property=\"og:site_name\" content=\"Ferrovial\" \/>\n<meta property=\"article:publisher\" content=\"https:\/\/www.facebook.com\/ferrovial\" \/>\n<meta property=\"article:modified_time\" content=\"2024-12-12T21:39:36+00:00\" \/>\n<meta property=\"og:image\" content=\"https:\/\/newsroom.ferrovial.com\/wp-content\/uploads\/sites\/4\/2018\/07\/desal-2016-conference-e1477323740244.jpg\" \/>\n\t<meta property=\"og:image:width\" content=\"600\" \/>\n\t<meta property=\"og:image:height\" content=\"442\" \/>\n\t<meta property=\"og:image:type\" content=\"image\/jpeg\" \/>\n<meta name=\"twitter:card\" content=\"summary_large_image\" \/>\n<meta name=\"twitter:site\" content=\"@ferrovial\" \/>\n<meta name=\"twitter:label1\" content=\"Est. reading time\" \/>\n\t<meta name=\"twitter:data1\" content=\"2 minutes\" \/>\n<script type=\"application\/ld+json\" class=\"yoast-schema-graph\">{\"@context\":\"https:\/\/schema.org\",\"@graph\":[{\"@type\":\"WebPage\",\"@id\":\"https:\/\/newsroom.ferrovial.com\/en\/news\/ferrovial-at-the-5th-latin-american-congress-on-desalination-and-water-reuse\/\",\"url\":\"https:\/\/newsroom.ferrovial.com\/en\/news\/ferrovial-at-the-5th-latin-american-congress-on-desalination-and-water-reuse\/\",\"name\":\"Ferrovial at the 5th Latin American Congress on Desalination and Water Reuse Ferrovial\",\"isPartOf\":{\"@id\":\"https:\/\/newsroom.ferrovial.com\/en\/#website\"},\"primaryImageOfPage\":{\"@id\":\"https:\/\/newsroom.ferrovial.com\/en\/news\/ferrovial-at-the-5th-latin-american-congress-on-desalination-and-water-reuse\/#primaryimage\"},\"image\":{\"@id\":\"https:\/\/newsroom.ferrovial.com\/en\/news\/ferrovial-at-the-5th-latin-american-congress-on-desalination-and-water-reuse\/#primaryimage\"},\"thumbnailUrl\":\"https:\/\/static.newsroom.ferrovial.com\/wp-content\/uploads\/2018\/07\/15151955\/desal-2016-conference-e1477323740244.jpg\",\"datePublished\":\"2016-10-25T00:00:00+00:00\",\"dateModified\":\"2024-12-12T21:39:36+00:00\",\"description\":\"Sala de prensa Ferrovial | \u00daltimas noticias\",\"breadcrumb\":{\"@id\":\"https:\/\/newsroom.ferrovial.com\/en\/news\/ferrovial-at-the-5th-latin-american-congress-on-desalination-and-water-reuse\/#breadcrumb\"},\"inLanguage\":\"en\",\"potentialAction\":[{\"@type\":\"ReadAction\",\"target\":[\"https:\/\/newsroom.ferrovial.com\/en\/news\/ferrovial-at-the-5th-latin-american-congress-on-desalination-and-water-reuse\/\"]}]},{\"@type\":\"ImageObject\",\"inLanguage\":\"en\",\"@id\":\"https:\/\/newsroom.ferrovial.com\/en\/news\/ferrovial-at-the-5th-latin-american-congress-on-desalination-and-water-reuse\/#primaryimage\",\"url\":\"https:\/\/static.newsroom.ferrovial.com\/wp-content\/uploads\/2018\/07\/15151955\/desal-2016-conference-e1477323740244.jpg\",\"contentUrl\":\"https:\/\/static.newsroom.ferrovial.com\/wp-content\/uploads\/2018\/07\/15151955\/desal-2016-conference-e1477323740244.jpg\",\"width\":600,\"height\":442,\"caption\":\"Desal 2016 Conference\"},{\"@type\":\"BreadcrumbList\",\"@id\":\"https:\/\/newsroom.ferrovial.com\/en\/news\/ferrovial-at-the-5th-latin-american-congress-on-desalination-and-water-reuse\/#breadcrumb\",\"itemListElement\":[{\"@type\":\"ListItem\",\"position\":1,\"name\":\"Portada\",\"item\":\"https:\/\/newsroom.ferrovial.com\/en\/\"},{\"@type\":\"ListItem\",\"position\":2,\"name\":\"Ferrovial at the 5th Latin American Congress on Desalination and Water Reuse\"}]},{\"@type\":\"WebSite\",\"@id\":\"https:\/\/newsroom.ferrovial.com\/en\/#website\",\"url\":\"https:\/\/newsroom.ferrovial.com\/en\/\",\"name\":\"Ferrovial\",\"description\":\"Sala de prensa Ferrovial | \u00daltimas noticias\",\"publisher\":{\"@id\":\"https:\/\/newsroom.ferrovial.com\/en\/#organization\"},\"potentialAction\":[{\"@type\":\"SearchAction\",\"target\":{\"@type\":\"EntryPoint\",\"urlTemplate\":\"https:\/\/newsroom.ferrovial.com\/en\/?s={search_term_string}\"},\"query-input\":{\"@type\":\"PropertyValueSpecification\",\"valueRequired\":true,\"valueName\":\"search_term_string\"}}],\"inLanguage\":\"en\"},{\"@type\":\"Organization\",\"@id\":\"https:\/\/newsroom.ferrovial.com\/en\/#organization\",\"name\":\"Ferrovial S.A.\",\"url\":\"https:\/\/newsroom.ferrovial.com\/en\/\",\"logo\":{\"@type\":\"ImageObject\",\"inLanguage\":\"en\",\"@id\":\"https:\/\/newsroom.ferrovial.com\/en\/#\/schema\/logo\/image\/\",\"url\":\"https:\/\/static.newsroom.ferrovial.com\/wp-content\/uploads\/2018\/07\/15145720\/Ferrovial_Logotipo1.jpg\",\"contentUrl\":\"https:\/\/static.newsroom.ferrovial.com\/wp-content\/uploads\/2018\/07\/15145720\/Ferrovial_Logotipo1.jpg\",\"width\":600,\"height\":300,\"caption\":\"Ferrovial S.A.\"},\"image\":{\"@id\":\"https:\/\/newsroom.ferrovial.com\/en\/#\/schema\/logo\/image\/\"},\"sameAs\":[\"https:\/\/www.facebook.com\/ferrovial\",\"https:\/\/x.com\/ferrovial\",\"https:\/\/www.instagram.com\/ferrovial\/\",\"https:\/\/www.linkedin.com\/company\/ferrovial\",\"https:\/\/www.pinterest.es\/ferrovial\/\",\"https:\/\/www.youtube.com\/ferrovial\",\"https:\/\/en.wikipedia.org\/wiki\/Ferrovial\"]}]}<\/script>","yoast_head_json":{"title":"Ferrovial at the 5th Latin American Congress on Desalination and Water Reuse Ferrovial","description":"Sala de prensa Ferrovial | \u00daltimas noticias","robots":{"index":"index","follow":"follow","max-snippet":"max-snippet:-1","max-image-preview":"max-image-preview:large","max-video-preview":"max-video-preview:-1"},"canonical":"https:\/\/newsroom.ferrovial.com\/en\/news\/ferrovial-at-the-5th-latin-american-congress-on-desalination-and-water-reuse\/","og_locale":"en_US","og_type":"article","og_title":"Ferrovial at the 5th Latin American Congress on Desalination and Water Reuse Ferrovial","og_description":"Sala de prensa Ferrovial | \u00daltimas noticias","og_url":"https:\/\/newsroom.ferrovial.com\/en\/news\/ferrovial-at-the-5th-latin-american-congress-on-desalination-and-water-reuse\/","og_site_name":"Ferrovial","article_publisher":"https:\/\/www.facebook.com\/ferrovial","article_modified_time":"2024-12-12T21:39:36+00:00","og_image":[{"width":600,"height":442,"url":"https:\/\/newsroom.ferrovial.com\/wp-content\/uploads\/sites\/4\/2018\/07\/desal-2016-conference-e1477323740244.jpg","type":"image\/jpeg"}],"twitter_card":"summary_large_image","twitter_site":"@ferrovial","twitter_misc":{"Est. reading time":"2 minutes"},"schema":{"@context":"https:\/\/schema.org","@graph":[{"@type":"WebPage","@id":"https:\/\/newsroom.ferrovial.com\/en\/news\/ferrovial-at-the-5th-latin-american-congress-on-desalination-and-water-reuse\/","url":"https:\/\/newsroom.ferrovial.com\/en\/news\/ferrovial-at-the-5th-latin-american-congress-on-desalination-and-water-reuse\/","name":"Ferrovial at the 5th Latin American Congress on Desalination and Water Reuse Ferrovial","isPartOf":{"@id":"https:\/\/newsroom.ferrovial.com\/en\/#website"},"primaryImageOfPage":{"@id":"https:\/\/newsroom.ferrovial.com\/en\/news\/ferrovial-at-the-5th-latin-american-congress-on-desalination-and-water-reuse\/#primaryimage"},"image":{"@id":"https:\/\/newsroom.ferrovial.com\/en\/news\/ferrovial-at-the-5th-latin-american-congress-on-desalination-and-water-reuse\/#primaryimage"},"thumbnailUrl":"https:\/\/static.newsroom.ferrovial.com\/wp-content\/uploads\/2018\/07\/15151955\/desal-2016-conference-e1477323740244.jpg","datePublished":"2016-10-25T00:00:00+00:00","dateModified":"2024-12-12T21:39:36+00:00","description":"Sala de prensa Ferrovial | \u00daltimas noticias","breadcrumb":{"@id":"https:\/\/newsroom.ferrovial.com\/en\/news\/ferrovial-at-the-5th-latin-american-congress-on-desalination-and-water-reuse\/#breadcrumb"},"inLanguage":"en","potentialAction":[{"@type":"ReadAction","target":["https:\/\/newsroom.ferrovial.com\/en\/news\/ferrovial-at-the-5th-latin-american-congress-on-desalination-and-water-reuse\/"]}]},{"@type":"ImageObject","inLanguage":"en","@id":"https:\/\/newsroom.ferrovial.com\/en\/news\/ferrovial-at-the-5th-latin-american-congress-on-desalination-and-water-reuse\/#primaryimage","url":"https:\/\/static.newsroom.ferrovial.com\/wp-content\/uploads\/2018\/07\/15151955\/desal-2016-conference-e1477323740244.jpg","contentUrl":"https:\/\/static.newsroom.ferrovial.com\/wp-content\/uploads\/2018\/07\/15151955\/desal-2016-conference-e1477323740244.jpg","width":600,"height":442,"caption":"Desal 2016 Conference"},{"@type":"BreadcrumbList","@id":"https:\/\/newsroom.ferrovial.com\/en\/news\/ferrovial-at-the-5th-latin-american-congress-on-desalination-and-water-reuse\/#breadcrumb","itemListElement":[{"@type":"ListItem","position":1,"name":"Portada","item":"https:\/\/newsroom.ferrovial.com\/en\/"},{"@type":"ListItem","position":2,"name":"Ferrovial at the 5th Latin American Congress on Desalination and Water Reuse"}]},{"@type":"WebSite","@id":"https:\/\/newsroom.ferrovial.com\/en\/#website","url":"https:\/\/newsroom.ferrovial.com\/en\/","name":"Ferrovial","description":"Sala de prensa Ferrovial | \u00daltimas noticias","publisher":{"@id":"https:\/\/newsroom.ferrovial.com\/en\/#organization"},"potentialAction":[{"@type":"SearchAction","target":{"@type":"EntryPoint","urlTemplate":"https:\/\/newsroom.ferrovial.com\/en\/?s={search_term_string}"},"query-input":{"@type":"PropertyValueSpecification","valueRequired":true,"valueName":"search_term_string"}}],"inLanguage":"en"},{"@type":"Organization","@id":"https:\/\/newsroom.ferrovial.com\/en\/#organization","name":"Ferrovial S.A.","url":"https:\/\/newsroom.ferrovial.com\/en\/","logo":{"@type":"ImageObject","inLanguage":"en","@id":"https:\/\/newsroom.ferrovial.com\/en\/#\/schema\/logo\/image\/","url":"https:\/\/static.newsroom.ferrovial.com\/wp-content\/uploads\/2018\/07\/15145720\/Ferrovial_Logotipo1.jpg","contentUrl":"https:\/\/static.newsroom.ferrovial.com\/wp-content\/uploads\/2018\/07\/15145720\/Ferrovial_Logotipo1.jpg","width":600,"height":300,"caption":"Ferrovial S.A."},"image":{"@id":"https:\/\/newsroom.ferrovial.com\/en\/#\/schema\/logo\/image\/"},"sameAs":["https:\/\/www.facebook.com\/ferrovial","https:\/\/x.com\/ferrovial","https:\/\/www.instagram.com\/ferrovial\/","https:\/\/www.linkedin.com\/company\/ferrovial","https:\/\/www.pinterest.es\/ferrovial\/","https:\/\/www.youtube.com\/ferrovial","https:\/\/en.wikipedia.org\/wiki\/Ferrovial"]}]}},"_links":{"self":[{"href":"https:\/\/newsroom.ferrovial.com\/en\/wp-json\/wp\/v2\/new\/6151","targetHints":{"allow":["GET"]}}],"collection":[{"href":"https:\/\/newsroom.ferrovial.com\/en\/wp-json\/wp\/v2\/new"}],"about":[{"href":"https:\/\/newsroom.ferrovial.com\/en\/wp-json\/wp\/v2\/types\/new"}],"replies":[{"embeddable":true,"href":"https:\/\/newsroom.ferrovial.com\/en\/wp-json\/wp\/v2\/comments?post=6151"}],"version-history":[{"count":3,"href":"https:\/\/newsroom.ferrovial.com\/en\/wp-json\/wp\/v2\/new\/6151\/revisions"}],"predecessor-version":[{"id":127108,"href":"https:\/\/newsroom.ferrovial.com\/en\/wp-json\/wp\/v2\/new\/6151\/revisions\/127108"}],"wp:featuredmedia":[{"embeddable":true,"href":"https:\/\/newsroom.ferrovial.com\/en\/wp-json\/wp\/v2\/media\/6152"}],"wp:attachment":[{"href":"https:\/\/newsroom.ferrovial.com\/en\/wp-json\/wp\/v2\/media?parent=6151"}],"wp:term":[{"taxonomy":"nivel-2","embeddable":true,"href":"https:\/\/newsroom.ferrovial.com\/en\/wp-json\/wp\/v2\/nivel-2?post=6151"},{"taxonomy":"nivel-5","embeddable":true,"href":"https:\/\/newsroom.ferrovial.com\/en\/wp-json\/wp\/v2\/nivel-5?post=6151"},{"taxonomy":"nivel-1","embeddable":true,"href":"https:\/\/newsroom.ferrovial.com\/en\/wp-json\/wp\/v2\/nivel-1?post=6151"},{"taxonomy":"nivel-3","embeddable":true,"href":"https:\/\/newsroom.ferrovial.com\/en\/wp-json\/wp\/v2\/nivel-3?post=6151"},{"taxonomy":"nivel-4","embeddable":true,"href":"https:\/\/newsroom.ferrovial.com\/en\/wp-json\/wp\/v2\/nivel-4?post=6151"}],"curies":[{"name":"wp","href":"https:\/\/api.w.org\/{rel}","templated":true}]}}