{"id":7024,"date":"2017-12-06T00:00:00","date_gmt":"2017-12-06T00:00:00","guid":{"rendered":"https:\/\/newsroom.ferrovial.com\/news\/les-corts-vidre-library-construction-and-rehabilitation-of-barcelonas-historic-building\/"},"modified":"2022-12-21T09:24:26","modified_gmt":"2022-12-21T08:24:26","slug":"les-corts-vidre-library-construction-and-rehabilitation-of-barcelonas-historic-building","status":"publish","type":"new","link":"https:\/\/newsroom.ferrovial.com\/en\/news\/les-corts-vidre-library-construction-and-rehabilitation-of-barcelonas-historic-building\/","title":{"rendered":"Les Corts Vidre Library: Construction and rehabilitation of Barcelona&#8217;s historic building"},"content":{"rendered":"    <section class=\"wysiwyg text-editor \" id=\"\">\n        <div class=\"container container--narrow container--p-10\">\n            <p>On 5 February 2015, <a title=\"About Ferrovial Agroman\" href=\"https:\/\/www.ferrovial.com\/en\/business-lines\/construction\/\" target=\"_blank\" rel=\"dofollow noopener\">Ferrovial Agroman<\/a> commenced renovation works at the <strong>Les Corts Vidre Library<\/strong>, a building dating from 1924 and spanning an area of over <strong>4,200 m<sup>2<\/sup><\/strong> in Barcelona. It is listed as part of the city\u2019s artistic heritage and will serve some <strong>88,000<\/strong> city residents. The works, which were commissioned by the Barcelona Town Council, with a budget of <strong>5,867,626 euros<\/strong>.<\/p>\n<p>The project stems from the <a title=\"Barcelona Council\" href=\"http:\/\/ajuntament.barcelona.cat\/en\/\" target=\"_blank\" rel=\"dofollow noopener\">Town Council<\/a>\u2019s commitment to applying sustainability criteria to its buildings. As such, the joint venture by Ferrovial Agroman and <a title=\"Decosa Website\" href=\"http:\/\/www.decosa.net\/\" target=\"_blank\" rel=\"nofollow noopener\">Construcciones Deco<\/a> has centred on adapting the former factory complex, comprising three buildings, to its new use. This includes the large industrial warehouse to the north of the plot, as well as two annex buildings.<\/p>\n<p>The rehabilitation and improvement works thus centred on the premises which previously comprised a factory and were <strong>built in 1924<\/strong>. Architect Antoni Pons Dom\u00ednguez at the time designed a building which followed the modern rationalist lines of the period, using innovative materials such as concrete and glass and a sober, unadorned exterior.<\/p>\n<p>The current transformation works also cover the main fa\u00e7ade, which has been changed to create a large entrance providing access and opening the building to the city, in keeping with its new public service purpose.<\/p>\n<p>A striking feature is the roof of the buildings, with a saw-tooth profile which, combined with the steel and glass, allows natural <strong>light<\/strong> to flow through, the <strong>brightness<\/strong> of the interior being further enhanced by the predominant white colour used in the interior spaces.<\/p>\n<p>Access to the old warehouse is the main feature of this new complex, both for its size and its <strong>heritage<\/strong> value. This is the cornerstone of the project, with the provision of a large, bright full-height atrium with open stairs for accessing the upper floors.<\/p>\n<p>The building comprises a ground floor, mezzanine, first floor, second floor and attic. Access to the main vestibule is through an outside porch on the ground floor. Most of the library\u2019s <strong>public areas<\/strong> are located here, with halls housing the general library collection and reading rooms. Next to this, the atrium which comprises the upper floors, and beyond the main reading area next to the communications centre and the <strong>Digital Manufacturing Lab<\/strong> (Fab-Lab). The mezzanine houses the main collections; the rest of the <strong>reading space<\/strong> on the first floor is accessed via a wide, open staircase. This first floor has a glass dome which houses the <strong>training space<\/strong>. The second floor has two distinct uses: a restricted area housing staff offices, resting rooms and store rooms; and a public area with several multi-purpose halls, a warehouse and a control room.<\/p>\n<p>The top floor maintains the original separation into two buildings, where <em>building A<\/em> has an inverted flat roof, covered with gravel, to accommodate the exterior cooling elements, which are in turn covered with a <strong>noise-absorbing cladding<\/strong> for soundproofing. <em>Building B<\/em> conserves the original sloping roof common to industrial buildings of the period. Both buildings have been <strong>structurally strengthened<\/strong> to support the loads required in their new function and to fully comply with <strong>earthquake<\/strong> and <strong>fire-prevention<\/strong> standards.<\/p>\n<p>The<strong> Fab-Lab<\/strong> is located on the ground floor of building &#8220;B&#8221;. Its corner location allows for a double access: one main access from the building vestibule, and a secondary access from <strong>Evarist Arn\u00fas<\/strong> street. This second access serves as an emergency exit and tradesman\u2019s entrance, and also allows access to the Fab-Lab outside opening hours of the rest of the facilities. Acoustic insulation of this area of the library is provided by double glazing of the Fab-Lab with special <strong>soundproofing glass<\/strong>.<\/p>\n<p>Les Corts Vidre Library, once opened, will be <strong>one of the largest libraries in Barcelona<\/strong> and is the first public building in the city to have applied for certification under the international sustainability index,\u00a0 <a title=\"BREEAM Website\" href=\"https:\/\/www.breeam.com\/\" target=\"_blank\" rel=\"dofollow noopener\">BREEAM<\/a> (Building Research Establishment Environmental Assessment Methodology), a certification which has already been obtained by certain private buildings such as the <a title=\"Agbar Tower Barcelona\" href=\"http:\/\/www.barcelonaturisme.com\/wv3\/en\/page\/517\/torre-agbar.html\" target=\"_blank\" rel=\"dofollow noopener\">Agbar Tower<\/a>, the <a title=\"MRW Website\" href=\"https:\/\/www.mrw.es\/?id=01\" target=\"_blank\" rel=\"nofollow noopener\">MRW corporate headquarters<\/a>, the <a title=\"Le Meridien Hotel\" href=\"http:\/\/www.lemeridienbarcelona.com\/\" target=\"_blank\" rel=\"dofollow noopener\">Le Meridien Hotel<\/a>, or the <a title=\"La Maquinista Shopping Centre Barcelona\" href=\"http:\/\/lamaquinista.com\/\" target=\"_blank\" rel=\"dofollow noopener\">La Maquinista<\/a> shopping centre, amongst others. BREEAM<em>,<\/em> first published in England in 1990, is a method of assessing, rating and certifying the <strong>sustainability of buildings<\/strong>. It is a world leader with more than 270,000 buildings having been certified in 63 countries.<\/p>\n<p>The works team, reporting to Joaqu\u00edn Garc\u00eda, Director for Catalu\u00f1a and France, was integrated by Santiago L\u00f3pez, joint venture manager, Jordi Moreno, Site Manager; and Alfonso Perera, Admin.<\/p>\n        <\/div>\n    <\/section>\n","protected":false},"excerpt":{"rendered":"","protected":false},"featured_media":7025,"menu_order":0,"comment_status":"closed","ping_status":"closed","template":"","nivel-2":[1117,1149,1152,2092,1196,1486],"nivel-5":[2148],"nivel-1":[896],"nivel-3":[1321],"nivel-4":[1824,1794],"class_list":["post-7024","new","type-new","status-publish","has-post-thumbnail","hentry","nivel-2-building","nivel-2-infrastructures","nivel-2-innovation","nivel-2-projects","nivel-2-rehabilitation-and-conservation","nivel-2-sustainability","nivel-5-ferrovial-construction","nivel-1-construction","nivel-3-spain","nivel-4-barcelona-en","nivel-4-catalonia"],"acf":[],"yoast_head":"<title>Les Corts Vidre Library: Construction and rehabilitation of Barcelona&#039;s historic building Ferrovial<\/title>\n<meta name=\"description\" content=\"Sala de prensa Ferrovial | \u00daltimas noticias\" \/>\n<meta name=\"robots\" content=\"index, follow, max-snippet:-1, max-image-preview:large, max-video-preview:-1\" \/>\n<link rel=\"canonical\" href=\"https:\/\/newsroom.ferrovial.com\/en\/news\/les-corts-vidre-library-construction-and-rehabilitation-of-barcelonas-historic-building\/\" \/>\n<meta property=\"og:locale\" content=\"en_US\" \/>\n<meta property=\"og:type\" content=\"article\" \/>\n<meta property=\"og:title\" content=\"Les Corts Vidre Library: Construction and rehabilitation of Barcelona&#039;s historic building Ferrovial\" \/>\n<meta property=\"og:description\" content=\"Sala de prensa Ferrovial | \u00daltimas noticias\" \/>\n<meta property=\"og:url\" content=\"https:\/\/newsroom.ferrovial.com\/en\/news\/les-corts-vidre-library-construction-and-rehabilitation-of-barcelonas-historic-building\/\" \/>\n<meta property=\"og:site_name\" content=\"Ferrovial\" \/>\n<meta property=\"article:publisher\" content=\"https:\/\/www.facebook.com\/ferrovial\" \/>\n<meta property=\"article:modified_time\" content=\"2022-12-21T08:24:26+00:00\" \/>\n<meta property=\"og:image\" content=\"https:\/\/newsroom.ferrovial.com\/wp-content\/uploads\/sites\/4\/2018\/07\/corts-vidre-library-barcelona-copia-1024x869.jpg\" \/>\n\t<meta property=\"og:image:width\" content=\"1024\" \/>\n\t<meta property=\"og:image:height\" content=\"869\" \/>\n\t<meta property=\"og:image:type\" content=\"image\/jpeg\" \/>\n<meta name=\"twitter:card\" content=\"summary_large_image\" \/>\n<meta name=\"twitter:site\" content=\"@ferrovial\" \/>\n<script type=\"application\/ld+json\" class=\"yoast-schema-graph\">{\"@context\":\"https:\/\/schema.org\",\"@graph\":[{\"@type\":\"WebPage\",\"@id\":\"https:\/\/newsroom.ferrovial.com\/en\/news\/les-corts-vidre-library-construction-and-rehabilitation-of-barcelonas-historic-building\/\",\"url\":\"https:\/\/newsroom.ferrovial.com\/en\/news\/les-corts-vidre-library-construction-and-rehabilitation-of-barcelonas-historic-building\/\",\"name\":\"Les Corts Vidre Library: Construction and rehabilitation of Barcelona's historic building Ferrovial\",\"isPartOf\":{\"@id\":\"https:\/\/newsroom.ferrovial.com\/en\/#website\"},\"primaryImageOfPage\":{\"@id\":\"https:\/\/newsroom.ferrovial.com\/en\/news\/les-corts-vidre-library-construction-and-rehabilitation-of-barcelonas-historic-building\/#primaryimage\"},\"image\":{\"@id\":\"https:\/\/newsroom.ferrovial.com\/en\/news\/les-corts-vidre-library-construction-and-rehabilitation-of-barcelonas-historic-building\/#primaryimage\"},\"thumbnailUrl\":\"https:\/\/static.newsroom.ferrovial.com\/wp-content\/uploads\/2018\/07\/15151447\/corts-vidre-library-barcelona-copia.jpg\",\"datePublished\":\"2017-12-06T00:00:00+00:00\",\"dateModified\":\"2022-12-21T08:24:26+00:00\",\"description\":\"Sala de prensa Ferrovial | \u00daltimas noticias\",\"breadcrumb\":{\"@id\":\"https:\/\/newsroom.ferrovial.com\/en\/news\/les-corts-vidre-library-construction-and-rehabilitation-of-barcelonas-historic-building\/#breadcrumb\"},\"inLanguage\":\"en\",\"potentialAction\":[{\"@type\":\"ReadAction\",\"target\":[\"https:\/\/newsroom.ferrovial.com\/en\/news\/les-corts-vidre-library-construction-and-rehabilitation-of-barcelonas-historic-building\/\"]}]},{\"@type\":\"ImageObject\",\"inLanguage\":\"en\",\"@id\":\"https:\/\/newsroom.ferrovial.com\/en\/news\/les-corts-vidre-library-construction-and-rehabilitation-of-barcelonas-historic-building\/#primaryimage\",\"url\":\"https:\/\/static.newsroom.ferrovial.com\/wp-content\/uploads\/2018\/07\/15151447\/corts-vidre-library-barcelona-copia.jpg\",\"contentUrl\":\"https:\/\/static.newsroom.ferrovial.com\/wp-content\/uploads\/2018\/07\/15151447\/corts-vidre-library-barcelona-copia.jpg\",\"width\":5468,\"height\":4641,\"caption\":\"Les Corts Vidre Library Barcelona Construction and renovation\"},{\"@type\":\"BreadcrumbList\",\"@id\":\"https:\/\/newsroom.ferrovial.com\/en\/news\/les-corts-vidre-library-construction-and-rehabilitation-of-barcelonas-historic-building\/#breadcrumb\",\"itemListElement\":[{\"@type\":\"ListItem\",\"position\":1,\"name\":\"Portada\",\"item\":\"https:\/\/newsroom.ferrovial.com\/en\/\"},{\"@type\":\"ListItem\",\"position\":2,\"name\":\"Les Corts Vidre Library: Construction and rehabilitation of Barcelona&#8217;s historic building\"}]},{\"@type\":\"WebSite\",\"@id\":\"https:\/\/newsroom.ferrovial.com\/en\/#website\",\"url\":\"https:\/\/newsroom.ferrovial.com\/en\/\",\"name\":\"Ferrovial\",\"description\":\"Sala de prensa Ferrovial | \u00daltimas noticias\",\"publisher\":{\"@id\":\"https:\/\/newsroom.ferrovial.com\/en\/#organization\"},\"potentialAction\":[{\"@type\":\"SearchAction\",\"target\":{\"@type\":\"EntryPoint\",\"urlTemplate\":\"https:\/\/newsroom.ferrovial.com\/en\/?s={search_term_string}\"},\"query-input\":{\"@type\":\"PropertyValueSpecification\",\"valueRequired\":true,\"valueName\":\"search_term_string\"}}],\"inLanguage\":\"en\"},{\"@type\":\"Organization\",\"@id\":\"https:\/\/newsroom.ferrovial.com\/en\/#organization\",\"name\":\"Ferrovial S.A.\",\"url\":\"https:\/\/newsroom.ferrovial.com\/en\/\",\"logo\":{\"@type\":\"ImageObject\",\"inLanguage\":\"en\",\"@id\":\"https:\/\/newsroom.ferrovial.com\/en\/#\/schema\/logo\/image\/\",\"url\":\"https:\/\/static.newsroom.ferrovial.com\/wp-content\/uploads\/2018\/07\/15145720\/Ferrovial_Logotipo1.jpg\",\"contentUrl\":\"https:\/\/static.newsroom.ferrovial.com\/wp-content\/uploads\/2018\/07\/15145720\/Ferrovial_Logotipo1.jpg\",\"width\":600,\"height\":300,\"caption\":\"Ferrovial S.A.\"},\"image\":{\"@id\":\"https:\/\/newsroom.ferrovial.com\/en\/#\/schema\/logo\/image\/\"},\"sameAs\":[\"https:\/\/www.facebook.com\/ferrovial\",\"https:\/\/x.com\/ferrovial\",\"https:\/\/www.instagram.com\/ferrovial\/\",\"https:\/\/www.linkedin.com\/company\/ferrovial\",\"https:\/\/www.pinterest.es\/ferrovial\/\",\"https:\/\/www.youtube.com\/ferrovial\",\"https:\/\/en.wikipedia.org\/wiki\/Ferrovial\"]}]}<\/script>","yoast_head_json":{"title":"Les Corts Vidre Library: Construction and rehabilitation of Barcelona's historic building Ferrovial","description":"Sala de prensa Ferrovial | \u00daltimas noticias","robots":{"index":"index","follow":"follow","max-snippet":"max-snippet:-1","max-image-preview":"max-image-preview:large","max-video-preview":"max-video-preview:-1"},"canonical":"https:\/\/newsroom.ferrovial.com\/en\/news\/les-corts-vidre-library-construction-and-rehabilitation-of-barcelonas-historic-building\/","og_locale":"en_US","og_type":"article","og_title":"Les Corts Vidre Library: Construction and rehabilitation of Barcelona's historic building Ferrovial","og_description":"Sala de prensa Ferrovial | \u00daltimas noticias","og_url":"https:\/\/newsroom.ferrovial.com\/en\/news\/les-corts-vidre-library-construction-and-rehabilitation-of-barcelonas-historic-building\/","og_site_name":"Ferrovial","article_publisher":"https:\/\/www.facebook.com\/ferrovial","article_modified_time":"2022-12-21T08:24:26+00:00","og_image":[{"width":1024,"height":869,"url":"https:\/\/newsroom.ferrovial.com\/wp-content\/uploads\/sites\/4\/2018\/07\/corts-vidre-library-barcelona-copia-1024x869.jpg","type":"image\/jpeg"}],"twitter_card":"summary_large_image","twitter_site":"@ferrovial","schema":{"@context":"https:\/\/schema.org","@graph":[{"@type":"WebPage","@id":"https:\/\/newsroom.ferrovial.com\/en\/news\/les-corts-vidre-library-construction-and-rehabilitation-of-barcelonas-historic-building\/","url":"https:\/\/newsroom.ferrovial.com\/en\/news\/les-corts-vidre-library-construction-and-rehabilitation-of-barcelonas-historic-building\/","name":"Les Corts Vidre Library: Construction and rehabilitation of Barcelona's historic building Ferrovial","isPartOf":{"@id":"https:\/\/newsroom.ferrovial.com\/en\/#website"},"primaryImageOfPage":{"@id":"https:\/\/newsroom.ferrovial.com\/en\/news\/les-corts-vidre-library-construction-and-rehabilitation-of-barcelonas-historic-building\/#primaryimage"},"image":{"@id":"https:\/\/newsroom.ferrovial.com\/en\/news\/les-corts-vidre-library-construction-and-rehabilitation-of-barcelonas-historic-building\/#primaryimage"},"thumbnailUrl":"https:\/\/static.newsroom.ferrovial.com\/wp-content\/uploads\/2018\/07\/15151447\/corts-vidre-library-barcelona-copia.jpg","datePublished":"2017-12-06T00:00:00+00:00","dateModified":"2022-12-21T08:24:26+00:00","description":"Sala de prensa Ferrovial | \u00daltimas noticias","breadcrumb":{"@id":"https:\/\/newsroom.ferrovial.com\/en\/news\/les-corts-vidre-library-construction-and-rehabilitation-of-barcelonas-historic-building\/#breadcrumb"},"inLanguage":"en","potentialAction":[{"@type":"ReadAction","target":["https:\/\/newsroom.ferrovial.com\/en\/news\/les-corts-vidre-library-construction-and-rehabilitation-of-barcelonas-historic-building\/"]}]},{"@type":"ImageObject","inLanguage":"en","@id":"https:\/\/newsroom.ferrovial.com\/en\/news\/les-corts-vidre-library-construction-and-rehabilitation-of-barcelonas-historic-building\/#primaryimage","url":"https:\/\/static.newsroom.ferrovial.com\/wp-content\/uploads\/2018\/07\/15151447\/corts-vidre-library-barcelona-copia.jpg","contentUrl":"https:\/\/static.newsroom.ferrovial.com\/wp-content\/uploads\/2018\/07\/15151447\/corts-vidre-library-barcelona-copia.jpg","width":5468,"height":4641,"caption":"Les Corts Vidre Library Barcelona Construction and renovation"},{"@type":"BreadcrumbList","@id":"https:\/\/newsroom.ferrovial.com\/en\/news\/les-corts-vidre-library-construction-and-rehabilitation-of-barcelonas-historic-building\/#breadcrumb","itemListElement":[{"@type":"ListItem","position":1,"name":"Portada","item":"https:\/\/newsroom.ferrovial.com\/en\/"},{"@type":"ListItem","position":2,"name":"Les Corts Vidre Library: Construction and rehabilitation of Barcelona&#8217;s historic building"}]},{"@type":"WebSite","@id":"https:\/\/newsroom.ferrovial.com\/en\/#website","url":"https:\/\/newsroom.ferrovial.com\/en\/","name":"Ferrovial","description":"Sala de prensa Ferrovial | \u00daltimas noticias","publisher":{"@id":"https:\/\/newsroom.ferrovial.com\/en\/#organization"},"potentialAction":[{"@type":"SearchAction","target":{"@type":"EntryPoint","urlTemplate":"https:\/\/newsroom.ferrovial.com\/en\/?s={search_term_string}"},"query-input":{"@type":"PropertyValueSpecification","valueRequired":true,"valueName":"search_term_string"}}],"inLanguage":"en"},{"@type":"Organization","@id":"https:\/\/newsroom.ferrovial.com\/en\/#organization","name":"Ferrovial S.A.","url":"https:\/\/newsroom.ferrovial.com\/en\/","logo":{"@type":"ImageObject","inLanguage":"en","@id":"https:\/\/newsroom.ferrovial.com\/en\/#\/schema\/logo\/image\/","url":"https:\/\/static.newsroom.ferrovial.com\/wp-content\/uploads\/2018\/07\/15145720\/Ferrovial_Logotipo1.jpg","contentUrl":"https:\/\/static.newsroom.ferrovial.com\/wp-content\/uploads\/2018\/07\/15145720\/Ferrovial_Logotipo1.jpg","width":600,"height":300,"caption":"Ferrovial S.A."},"image":{"@id":"https:\/\/newsroom.ferrovial.com\/en\/#\/schema\/logo\/image\/"},"sameAs":["https:\/\/www.facebook.com\/ferrovial","https:\/\/x.com\/ferrovial","https:\/\/www.instagram.com\/ferrovial\/","https:\/\/www.linkedin.com\/company\/ferrovial","https:\/\/www.pinterest.es\/ferrovial\/","https:\/\/www.youtube.com\/ferrovial","https:\/\/en.wikipedia.org\/wiki\/Ferrovial"]}]}},"_links":{"self":[{"href":"https:\/\/newsroom.ferrovial.com\/en\/wp-json\/wp\/v2\/new\/7024","targetHints":{"allow":["GET"]}}],"collection":[{"href":"https:\/\/newsroom.ferrovial.com\/en\/wp-json\/wp\/v2\/new"}],"about":[{"href":"https:\/\/newsroom.ferrovial.com\/en\/wp-json\/wp\/v2\/types\/new"}],"replies":[{"embeddable":true,"href":"https:\/\/newsroom.ferrovial.com\/en\/wp-json\/wp\/v2\/comments?post=7024"}],"version-history":[{"count":1,"href":"https:\/\/newsroom.ferrovial.com\/en\/wp-json\/wp\/v2\/new\/7024\/revisions"}],"predecessor-version":[{"id":100973,"href":"https:\/\/newsroom.ferrovial.com\/en\/wp-json\/wp\/v2\/new\/7024\/revisions\/100973"}],"wp:featuredmedia":[{"embeddable":true,"href":"https:\/\/newsroom.ferrovial.com\/en\/wp-json\/wp\/v2\/media\/7025"}],"wp:attachment":[{"href":"https:\/\/newsroom.ferrovial.com\/en\/wp-json\/wp\/v2\/media?parent=7024"}],"wp:term":[{"taxonomy":"nivel-2","embeddable":true,"href":"https:\/\/newsroom.ferrovial.com\/en\/wp-json\/wp\/v2\/nivel-2?post=7024"},{"taxonomy":"nivel-5","embeddable":true,"href":"https:\/\/newsroom.ferrovial.com\/en\/wp-json\/wp\/v2\/nivel-5?post=7024"},{"taxonomy":"nivel-1","embeddable":true,"href":"https:\/\/newsroom.ferrovial.com\/en\/wp-json\/wp\/v2\/nivel-1?post=7024"},{"taxonomy":"nivel-3","embeddable":true,"href":"https:\/\/newsroom.ferrovial.com\/en\/wp-json\/wp\/v2\/nivel-3?post=7024"},{"taxonomy":"nivel-4","embeddable":true,"href":"https:\/\/newsroom.ferrovial.com\/en\/wp-json\/wp\/v2\/nivel-4?post=7024"}],"curies":[{"name":"wp","href":"https:\/\/api.w.org\/{rel}","templated":true}]}}