{"id":7345,"date":"2018-04-27T00:00:00","date_gmt":"2018-04-27T00:00:00","guid":{"rendered":"https:\/\/newsroom.ferrovial.com\/news\/ferrovial-joins-world-day-for-safety-and-health-at-work\/"},"modified":"2024-12-13T21:42:44","modified_gmt":"2024-12-13T20:42:44","slug":"ferrovial-joins-world-day-for-safety-and-health-at-work","status":"publish","type":"new","link":"https:\/\/newsroom.ferrovial.com\/en\/news\/ferrovial-joins-world-day-for-safety-and-health-at-work\/","title":{"rendered":"Ferrovial joins World Day for Safety and Health at Work"},"content":{"rendered":"    <section class=\"wysiwyg text-editor \" id=\"\">\n        <div class=\"container container--narrow container--p-10\">\n            <p>The ILO celebrates <a title=\"World Day for Safety and Health at Work\" href=\"http:\/\/www.ilo.org\/safework\/events\/safeday\/lang--en\/index.htm\" target=\"_blank\" rel=\"dofollow noopener\">World Day for Safety and Health at Work<\/a> on April 28 to promote <strong>the prevention of occupational related\u00a0accidents and\u00a0illnesses\u00a0worldwide<\/strong>. This is an awareness campaign\u00a0with the\u00a0objective\u00a0of focusing\u00a0the world\u2019s\u00a0attention on new trends in the field of <a title=\"Ferrovial commitment to health and safety at work\" href=\"https:\/\/www.ferrovial.com\/en\/our-commitment\/health-and-safety-at-work\/\" target=\"_blank\" rel=\"dofollow noopener\">safety and health<\/a> at work,\u00a0and on the\u00a0serious problem\u00a0of occupational injuries and illnesses.<\/p>\n<p>Ferrovial works to create\u00a0a risk-free environment\u00a0for\u00a0all\u00a0of\u00a0its employees, including users of infrastructures and services. There are two principles\u00a0that\u00a0govern\u00a0the company\u2019s actions: &#8220;<a title=\"About Target Zero - Ferrovial\" href=\"https:\/\/www.ferrovial.com\/en\/our-commitment\/health-and-safety-at-work\/target-zero-health-and-safety\/\" target=\"_blank\" rel=\"dofollow noopener\">Target Zero<\/a>&#8220;,\u00a0and\u00a0the belief that\u00a0any accident can be avoided.<\/p>\n<p>Providing safe and healthy\u00a0work environments assist\u00a0workers\u00a0in feeling at ease when\u00a0doing\u00a0their jobs, and it is no secret that if people\u00a0are content while working\u00a0they\u00a0perform\u00a0their jobs\u00a0with a <strong>more\u00a0positive\u00a0attitude and more productively<\/strong>. In addition,\u00a0this type of work environment\u00a0reduces the likelihood of accidents and illnesses\u00a0and\u00a0the resulting\u00a0absenteeism.<\/p>\n<p>According to the <a title=\"World Health Organisation\" href=\"http:\/\/www.who.int\/home\" target=\"_blank\" rel=\"dofollow noopener\">WHO<\/a>, a healthy work environment is a place where everyone works together to achieve\u00a0a state of\u00a0health and well-being. From the HSQE Management\u00a0Team\u00a0of Ferrovial,\u00a0we want to take advantage of the\u00a0significance\u00a0of this day to<strong> raise awareness\u00a0among\u00a0all\u00a0of\u00a0our workers\u00a0regarding\u00a0the importance of\u00a0maintaining\u00a0healthy\u00a0practices<\/strong>\u00a0in order to\u00a0create\u00a0a safe and\u00a0sound\u00a0working environment\u00a0in\u00a0all work\u00a0locations.<\/p>\n<p>Health problems, and especially mental health\u00a0issues, affect a significant\u00a0percentage\u00a0of the population. According to\u00a0an\u00a0ESE-MED-Spain survey, <strong>19.5%<\/strong> of people\u00a0experience\u00a0a mental disorder\u00a0at some point in their\u00a0lives. In\u00a0a study\u00a0carried out\u00a0within the 2014-2016 Strategic Plan of the\u00a0Centre\u00a0for Biomedical Research in the Mental Health Network (<i>CIBERSAM<\/i>), it\u00a0was concluded that mental health\u00a0problems are\u00a0the second\u00a0most common\u00a0cause of\u00a0sick leave (Moreno, JO, L\u00f3pez Bastida, J., Montejo-Gonz\u00e1lez, AL, Osuna-Guerrero, R., and Duque-Gonz\u00e1lez, B. (2009);\u00a0The socioeconomic costs of mental illness in Spain, European Journal of Health Economics, 10 (4), 361-369).<\/p>\n<p>According to the European Union,\u00a0mental health issues are the\u00a0second\u00a0most common work-related\u00a0health problems\u00a0on\u00a0the continent.\u00a0Their data show the following: <strong>between 50%\u00a0and 60% of all lost work days can be attributed to stress and psycho-social\u00a0problems<\/strong>.<\/p>\n<p>The workplace\u00a0offers\u00a0an excellent opportunity to promote the practice of healthy habits since\u00a0the majority of\u00a0adults are at work most of the day. In addition, at work we tend to be sedentary,\u00a0and\u00a0this makes us more\u00a0prone to\u00a0developing\u00a0certain diseases. In a recent poll conducted\u00a0in\u00a0the European Union, half of\u00a0the\u00a0respondents said they did little or no exercise at work. At least two thirds of adults in Western Europe\u00a0do not engage in enough physical activity,\u00a0and the\u00a0amount of\u00a0such exercise\u00a0continues to decrease.\u00a0<strong>This\u00a0lack of physical activity\u00a0is capable of causing\u00a0as much as\u00a010% of\u00a0all\u00a0deaths in Europe<\/strong>,\u00a0according to the World Health Organization (WHO).<\/p>\n<p><strong>Physical activity<\/strong> is an important factor\u00a0in enhancing\u00a0physical and mental health.\u00a0Regular exercise, even performed with\u00a0a\u00a0moderate intensity\u00a0level, can reduce\u00a0the\u00a0mortality\u00a0rate, improve\u00a0life\u00a0quality,\u00a0and prevent certain diseases. It reduces the risk of chronic\u00a0infirmities such\u00a0as cardiovascular disease, diabetes, osteoporosis and some types of cancer.\u00a0Moreover, physical\u00a0exercise lowers blood pressure\u00a0and regulates cholesterol\u00a0levels. It also helps\u00a0to\u00a0improve mental health by reducing stress, anxiety,\u00a0and\u00a0depressive disorders,\u00a0in addition to promoting\u00a0well-being and self-esteem<\/p>\n<h2><b>Health and wellness programs<\/b><\/h2>\n<p>The aim of health and wellness programs\u00a0is\u00a0to\u00a0emphasize\u00a0the\u00a0importance that leading a healthy life implies for workers,\u00a0not only in terms of good eating habits\u00a0but also\u00a0with regard to\u00a0the need for physical exercise.<\/p>\n<p>There are many studies\u00a0and\u00a0a large\u00a0body\u00a0of\u00a0research that\u00a0link\u00a0physical activity\u00a0in general, or in\u00a0the workplace, to an improvement in health and productivity,\u00a0to\u00a0economic benefits\u00a0that result from\u00a0the\u00a0effort,\u00a0to increased\u00a0life expectancy,\u00a0or\u00a0to\u00a0an <strong>improvement in\u00a0the quality of\u00a0life<\/strong> of people.<\/p>\n<p>Physical\u00a0activity programs in the workplace can reduce\u00a0sick leaves by\u00a0up to <strong>32%<\/strong> and increase productivity by\u00a0as much as\u00a052%.<\/p>\n<p>For\u00a0all\u00a0of\u00a0these reasons,\u00a0numerous initiatives have been launched at Ferrovial\u00a0in recent years\u00a0based on three fundamental pillars:<\/p>\n<ul>\n<li>Nutrition<\/li>\n<li>Physical activity<\/li>\n<li>Health and\u00a0personal\u00a0well-being<\/li>\n<\/ul>\n<p>Since implementation of these programs\u00a0began,\u00a0the work environment has improved\u00a0dramatically and has promoted\u00a0<strong>creativity, commitment, motivation and\u00a0productivity<\/strong>,\u00a0and has also\u00a0reduced\u00a0costs due to\u00a0less\u00a0illness and\u00a0a lower rate of\u00a0absenteeism.<\/p>\n<p>Among the\u00a0various initiatives for\u00a0promoting\u00a0healthy habits\u00a0that have been\u00a0implemented in\u00a0the\u00a0different business areas and subsidiaries, the following stand out:<\/p>\n<ul>\n<li>The\u00a0<strong><i>HASAVI<\/i>\u00a0<\/strong>program is\u00a0an innovative health and well-being project implemented at <a title=\"About Ferrovial Services\" href=\"https:\/\/www.ferrovial.com\/en\/business-lines\/ferrovial-services\/\" target=\"_blank\" rel=\"dofollow noopener\">Ferrovial Services<\/a> Spain. Its\u00a0objective is to promote healthy habits and lifestyles among employees based on the three\u00a0aforementioned pillars, using\u00a0the work environment\u00a0as a motivation tool.<\/li>\n<li>The program at <a title=\"About Cintra - Ferrovial\" href=\"https:\/\/www.ferrovial.com\/en\/business-lines\/toll-roads\/\" target=\"_blank\" rel=\"dofollow noopener\">Cintra<\/a> entitled\u00a0Choose the\u00a0Healthiest\u00a0Path\u00a0(<i>Elige el camino m\u00e1s saludable<\/i>), aimed at\u00a0producing among\u00a0all of\u00a0its workers a willingness to adopt healthy lifestyles and to share these experiences\u00a0by\u00a0building\u00a0support networks that motivate others to achieve their goals.<\/li>\n<li>At <a title=\"About Ferrovial Services UK - Ferrovial\" href=\"https:\/\/www.ferrovial.com\/en\/business-lines\/ferrovial-services\/about-ferrovial-services\/ferrovial-services-united-kingdom\/\" target=\"_blank\" rel=\"dofollow noopener\">Amey<\/a>, the program\u00a0Mental Health Ambassadors\u00a0has a network of\u00a0emissaries,\u00a0whose purpose is to increase awareness and understanding of mental health\u00a0issues\u00a0and\u00a0promote and incorporate change within the workplace,\u00a0thereby\u00a0challenging\u00a0the stigma related to mental health\u00a0issues.<\/li>\n<li>The\u00a0Health &amp; Wellbeing Program at <a title=\"About Broadspectrum - Ferrovial\" href=\"https:\/\/www.ferrovial.com\/en\/business-lines\/ferrovial-services\/about-ferrovial-services\/australia-and-new-zealand\/\" target=\"_blank\" rel=\"dofollow noopener\">Broadspectrum<\/a> offers\u00a0various\u00a0initiatives and\u00a0ventures\u00a0classified according to\u00a0&#8220;Mind Health&#8221;, &#8220;Nutritional\u00a0Health\u201d\u00a0&amp;\u00a0\u201cPhysical Health\u201d.<\/li>\n<li>Ferrovital,\u00a0a program aimed at all\u00a0employees of\u00a0Ferrovial Corporation,\u00a0includes workshops, health talks\u00a0and\u00a0physiotherapy services, among others.<\/li>\n<li>Wellness Week,\u00a0which takes place\u00a0at the Construction\u00a0Headquarters as well as at <a title=\"About Ferrovial Agroman - Ferrovial\" href=\"https:\/\/www.ferrovial.com\/en\/business-lines\/construction\/\" target=\"_blank\" rel=\"dofollow noopener\">Ferrovial Agroman<\/a> UK,\u00a0is\u00a0aimed at helping\u00a0all employees\u00a0take\u00a0the\u00a0initiative to manage and maintain their\u00a0own\u00a0health and well-being.<\/li>\n<li>The <strong>Ferrovial Olympics<\/strong>\u00a0has\u00a0an average of <strong>1,200 participants<\/strong>\u00a0each\u00a0year.<\/li>\n<li>Mindfulness workshops,\u00a0which are\u00a0taught at the Corporate University.<\/li>\n<\/ul>\n<p>The goal of all\u00a0these measures\u00a0is to\u00a0help employees\u00a0achieve a\u00a0higher\u00a0quality of life, which\u00a0not only\u00a0will help\u00a0them\u00a0to feel\u00a0better,\u00a0but\u00a0will also\u00a0assist\u00a0them\u00a0in\u00a0developing\u00a0personal and social skills.<\/p>\n<p>From the Directorate of Quality, Safety,\u00a0Health and Environment\u00a0at\u00a0Ferrovial,\u00a0we encourage\u00a0you to join\u00a0us on April 28th\u00a0in celebrating\u00a0in a healthy way the\u00a0annual\u00a0World Day\u00a0for\u00a0Safety and Health\u00a0at Work.<\/p>\n        <\/div>\n    <\/section>\n","protected":false},"excerpt":{"rendered":"","protected":false},"featured_media":7346,"menu_order":0,"comment_status":"closed","ping_status":"closed","template":"","nivel-2":[2620,2251,1202,1905,1149,1181,2553],"nivel-5":[1730,2148],"nivel-1":[],"nivel-3":[],"nivel-4":[],"class_list":["post-7345","new","type-new","status-publish","has-post-thumbnail","hentry","nivel-2-communication","nivel-2-corporate","nivel-2-health-and-safety","nivel-2-human-resources","nivel-2-infrastructures","nivel-2-people-and-team","nivel-2-services","nivel-5-cintra-en","nivel-5-ferrovial-construction"],"acf":[],"yoast_head":"<title>Ferrovial joins World Day for Safety and Health at Work Ferrovial<\/title>\n<meta name=\"description\" content=\"Sala de prensa Ferrovial | \u00daltimas noticias\" \/>\n<meta name=\"robots\" content=\"index, follow, max-snippet:-1, max-image-preview:large, max-video-preview:-1\" \/>\n<link rel=\"canonical\" href=\"https:\/\/newsroom.ferrovial.com\/en\/news\/ferrovial-joins-world-day-for-safety-and-health-at-work\/\" \/>\n<meta property=\"og:locale\" content=\"en_US\" \/>\n<meta property=\"og:type\" content=\"article\" \/>\n<meta property=\"og:title\" content=\"Ferrovial joins World Day for Safety and Health at Work Ferrovial\" \/>\n<meta property=\"og:description\" content=\"Sala de prensa Ferrovial | \u00daltimas noticias\" \/>\n<meta property=\"og:url\" content=\"https:\/\/newsroom.ferrovial.com\/en\/news\/ferrovial-joins-world-day-for-safety-and-health-at-work\/\" \/>\n<meta property=\"og:site_name\" content=\"Ferrovial\" \/>\n<meta property=\"article:publisher\" content=\"https:\/\/www.facebook.com\/ferrovial\" \/>\n<meta property=\"article:modified_time\" content=\"2024-12-13T20:42:44+00:00\" \/>\n<meta property=\"og:image\" content=\"https:\/\/newsroom.ferrovial.com\/wp-content\/uploads\/sites\/4\/2018\/07\/world-day-safety-health-at-work-2018-plaza-mayor-madrid-e1524828814185.jpg\" \/>\n\t<meta property=\"og:image:width\" content=\"1840\" \/>\n\t<meta property=\"og:image:height\" content=\"777\" \/>\n\t<meta property=\"og:image:type\" content=\"image\/jpeg\" \/>\n<meta name=\"twitter:card\" content=\"summary_large_image\" \/>\n<meta name=\"twitter:site\" content=\"@ferrovial\" \/>\n<meta name=\"twitter:label1\" content=\"Est. reading time\" \/>\n\t<meta name=\"twitter:data1\" content=\"5 minutes\" \/>\n<script type=\"application\/ld+json\" class=\"yoast-schema-graph\">{\"@context\":\"https:\/\/schema.org\",\"@graph\":[{\"@type\":\"WebPage\",\"@id\":\"https:\/\/newsroom.ferrovial.com\/en\/news\/ferrovial-joins-world-day-for-safety-and-health-at-work\/\",\"url\":\"https:\/\/newsroom.ferrovial.com\/en\/news\/ferrovial-joins-world-day-for-safety-and-health-at-work\/\",\"name\":\"Ferrovial joins World Day for Safety and Health at Work Ferrovial\",\"isPartOf\":{\"@id\":\"https:\/\/newsroom.ferrovial.com\/en\/#website\"},\"primaryImageOfPage\":{\"@id\":\"https:\/\/newsroom.ferrovial.com\/en\/news\/ferrovial-joins-world-day-for-safety-and-health-at-work\/#primaryimage\"},\"image\":{\"@id\":\"https:\/\/newsroom.ferrovial.com\/en\/news\/ferrovial-joins-world-day-for-safety-and-health-at-work\/#primaryimage\"},\"thumbnailUrl\":\"https:\/\/static.newsroom.ferrovial.com\/wp-content\/uploads\/2018\/07\/15151303\/world-day-safety-health-at-work-2018-plaza-mayor-madrid-e1524828814185.jpg\",\"datePublished\":\"2018-04-27T00:00:00+00:00\",\"dateModified\":\"2024-12-13T20:42:44+00:00\",\"description\":\"Sala de prensa Ferrovial | \u00daltimas noticias\",\"breadcrumb\":{\"@id\":\"https:\/\/newsroom.ferrovial.com\/en\/news\/ferrovial-joins-world-day-for-safety-and-health-at-work\/#breadcrumb\"},\"inLanguage\":\"en\",\"potentialAction\":[{\"@type\":\"ReadAction\",\"target\":[\"https:\/\/newsroom.ferrovial.com\/en\/news\/ferrovial-joins-world-day-for-safety-and-health-at-work\/\"]}]},{\"@type\":\"ImageObject\",\"inLanguage\":\"en\",\"@id\":\"https:\/\/newsroom.ferrovial.com\/en\/news\/ferrovial-joins-world-day-for-safety-and-health-at-work\/#primaryimage\",\"url\":\"https:\/\/static.newsroom.ferrovial.com\/wp-content\/uploads\/2018\/07\/15151303\/world-day-safety-health-at-work-2018-plaza-mayor-madrid-e1524828814185.jpg\",\"contentUrl\":\"https:\/\/static.newsroom.ferrovial.com\/wp-content\/uploads\/2018\/07\/15151303\/world-day-safety-health-at-work-2018-plaza-mayor-madrid-e1524828814185.jpg\",\"width\":1840,\"height\":777,\"caption\":\"Ferrovial worker at Plaza Mayor Madrid\"},{\"@type\":\"BreadcrumbList\",\"@id\":\"https:\/\/newsroom.ferrovial.com\/en\/news\/ferrovial-joins-world-day-for-safety-and-health-at-work\/#breadcrumb\",\"itemListElement\":[{\"@type\":\"ListItem\",\"position\":1,\"name\":\"Portada\",\"item\":\"https:\/\/newsroom.ferrovial.com\/en\/\"},{\"@type\":\"ListItem\",\"position\":2,\"name\":\"Ferrovial joins World Day for Safety and Health at Work\"}]},{\"@type\":\"WebSite\",\"@id\":\"https:\/\/newsroom.ferrovial.com\/en\/#website\",\"url\":\"https:\/\/newsroom.ferrovial.com\/en\/\",\"name\":\"Ferrovial\",\"description\":\"Sala de prensa Ferrovial | \u00daltimas noticias\",\"publisher\":{\"@id\":\"https:\/\/newsroom.ferrovial.com\/en\/#organization\"},\"potentialAction\":[{\"@type\":\"SearchAction\",\"target\":{\"@type\":\"EntryPoint\",\"urlTemplate\":\"https:\/\/newsroom.ferrovial.com\/en\/?s={search_term_string}\"},\"query-input\":{\"@type\":\"PropertyValueSpecification\",\"valueRequired\":true,\"valueName\":\"search_term_string\"}}],\"inLanguage\":\"en\"},{\"@type\":\"Organization\",\"@id\":\"https:\/\/newsroom.ferrovial.com\/en\/#organization\",\"name\":\"Ferrovial S.A.\",\"url\":\"https:\/\/newsroom.ferrovial.com\/en\/\",\"logo\":{\"@type\":\"ImageObject\",\"inLanguage\":\"en\",\"@id\":\"https:\/\/newsroom.ferrovial.com\/en\/#\/schema\/logo\/image\/\",\"url\":\"https:\/\/static.newsroom.ferrovial.com\/wp-content\/uploads\/2018\/07\/15145720\/Ferrovial_Logotipo1.jpg\",\"contentUrl\":\"https:\/\/static.newsroom.ferrovial.com\/wp-content\/uploads\/2018\/07\/15145720\/Ferrovial_Logotipo1.jpg\",\"width\":600,\"height\":300,\"caption\":\"Ferrovial S.A.\"},\"image\":{\"@id\":\"https:\/\/newsroom.ferrovial.com\/en\/#\/schema\/logo\/image\/\"},\"sameAs\":[\"https:\/\/www.facebook.com\/ferrovial\",\"https:\/\/x.com\/ferrovial\",\"https:\/\/www.instagram.com\/ferrovial\/\",\"https:\/\/www.linkedin.com\/company\/ferrovial\",\"https:\/\/www.pinterest.es\/ferrovial\/\",\"https:\/\/www.youtube.com\/ferrovial\",\"https:\/\/en.wikipedia.org\/wiki\/Ferrovial\"]}]}<\/script>","yoast_head_json":{"title":"Ferrovial joins World Day for Safety and Health at Work Ferrovial","description":"Sala de prensa Ferrovial | \u00daltimas noticias","robots":{"index":"index","follow":"follow","max-snippet":"max-snippet:-1","max-image-preview":"max-image-preview:large","max-video-preview":"max-video-preview:-1"},"canonical":"https:\/\/newsroom.ferrovial.com\/en\/news\/ferrovial-joins-world-day-for-safety-and-health-at-work\/","og_locale":"en_US","og_type":"article","og_title":"Ferrovial joins World Day for Safety and Health at Work Ferrovial","og_description":"Sala de prensa Ferrovial | \u00daltimas noticias","og_url":"https:\/\/newsroom.ferrovial.com\/en\/news\/ferrovial-joins-world-day-for-safety-and-health-at-work\/","og_site_name":"Ferrovial","article_publisher":"https:\/\/www.facebook.com\/ferrovial","article_modified_time":"2024-12-13T20:42:44+00:00","og_image":[{"width":1840,"height":777,"url":"https:\/\/newsroom.ferrovial.com\/wp-content\/uploads\/sites\/4\/2018\/07\/world-day-safety-health-at-work-2018-plaza-mayor-madrid-e1524828814185.jpg","type":"image\/jpeg"}],"twitter_card":"summary_large_image","twitter_site":"@ferrovial","twitter_misc":{"Est. reading time":"5 minutes"},"schema":{"@context":"https:\/\/schema.org","@graph":[{"@type":"WebPage","@id":"https:\/\/newsroom.ferrovial.com\/en\/news\/ferrovial-joins-world-day-for-safety-and-health-at-work\/","url":"https:\/\/newsroom.ferrovial.com\/en\/news\/ferrovial-joins-world-day-for-safety-and-health-at-work\/","name":"Ferrovial joins World Day for Safety and Health at Work Ferrovial","isPartOf":{"@id":"https:\/\/newsroom.ferrovial.com\/en\/#website"},"primaryImageOfPage":{"@id":"https:\/\/newsroom.ferrovial.com\/en\/news\/ferrovial-joins-world-day-for-safety-and-health-at-work\/#primaryimage"},"image":{"@id":"https:\/\/newsroom.ferrovial.com\/en\/news\/ferrovial-joins-world-day-for-safety-and-health-at-work\/#primaryimage"},"thumbnailUrl":"https:\/\/static.newsroom.ferrovial.com\/wp-content\/uploads\/2018\/07\/15151303\/world-day-safety-health-at-work-2018-plaza-mayor-madrid-e1524828814185.jpg","datePublished":"2018-04-27T00:00:00+00:00","dateModified":"2024-12-13T20:42:44+00:00","description":"Sala de prensa Ferrovial | \u00daltimas noticias","breadcrumb":{"@id":"https:\/\/newsroom.ferrovial.com\/en\/news\/ferrovial-joins-world-day-for-safety-and-health-at-work\/#breadcrumb"},"inLanguage":"en","potentialAction":[{"@type":"ReadAction","target":["https:\/\/newsroom.ferrovial.com\/en\/news\/ferrovial-joins-world-day-for-safety-and-health-at-work\/"]}]},{"@type":"ImageObject","inLanguage":"en","@id":"https:\/\/newsroom.ferrovial.com\/en\/news\/ferrovial-joins-world-day-for-safety-and-health-at-work\/#primaryimage","url":"https:\/\/static.newsroom.ferrovial.com\/wp-content\/uploads\/2018\/07\/15151303\/world-day-safety-health-at-work-2018-plaza-mayor-madrid-e1524828814185.jpg","contentUrl":"https:\/\/static.newsroom.ferrovial.com\/wp-content\/uploads\/2018\/07\/15151303\/world-day-safety-health-at-work-2018-plaza-mayor-madrid-e1524828814185.jpg","width":1840,"height":777,"caption":"Ferrovial worker at Plaza Mayor Madrid"},{"@type":"BreadcrumbList","@id":"https:\/\/newsroom.ferrovial.com\/en\/news\/ferrovial-joins-world-day-for-safety-and-health-at-work\/#breadcrumb","itemListElement":[{"@type":"ListItem","position":1,"name":"Portada","item":"https:\/\/newsroom.ferrovial.com\/en\/"},{"@type":"ListItem","position":2,"name":"Ferrovial joins World Day for Safety and Health at Work"}]},{"@type":"WebSite","@id":"https:\/\/newsroom.ferrovial.com\/en\/#website","url":"https:\/\/newsroom.ferrovial.com\/en\/","name":"Ferrovial","description":"Sala de prensa Ferrovial | \u00daltimas noticias","publisher":{"@id":"https:\/\/newsroom.ferrovial.com\/en\/#organization"},"potentialAction":[{"@type":"SearchAction","target":{"@type":"EntryPoint","urlTemplate":"https:\/\/newsroom.ferrovial.com\/en\/?s={search_term_string}"},"query-input":{"@type":"PropertyValueSpecification","valueRequired":true,"valueName":"search_term_string"}}],"inLanguage":"en"},{"@type":"Organization","@id":"https:\/\/newsroom.ferrovial.com\/en\/#organization","name":"Ferrovial S.A.","url":"https:\/\/newsroom.ferrovial.com\/en\/","logo":{"@type":"ImageObject","inLanguage":"en","@id":"https:\/\/newsroom.ferrovial.com\/en\/#\/schema\/logo\/image\/","url":"https:\/\/static.newsroom.ferrovial.com\/wp-content\/uploads\/2018\/07\/15145720\/Ferrovial_Logotipo1.jpg","contentUrl":"https:\/\/static.newsroom.ferrovial.com\/wp-content\/uploads\/2018\/07\/15145720\/Ferrovial_Logotipo1.jpg","width":600,"height":300,"caption":"Ferrovial S.A."},"image":{"@id":"https:\/\/newsroom.ferrovial.com\/en\/#\/schema\/logo\/image\/"},"sameAs":["https:\/\/www.facebook.com\/ferrovial","https:\/\/x.com\/ferrovial","https:\/\/www.instagram.com\/ferrovial\/","https:\/\/www.linkedin.com\/company\/ferrovial","https:\/\/www.pinterest.es\/ferrovial\/","https:\/\/www.youtube.com\/ferrovial","https:\/\/en.wikipedia.org\/wiki\/Ferrovial"]}]}},"_links":{"self":[{"href":"https:\/\/newsroom.ferrovial.com\/en\/wp-json\/wp\/v2\/new\/7345","targetHints":{"allow":["GET"]}}],"collection":[{"href":"https:\/\/newsroom.ferrovial.com\/en\/wp-json\/wp\/v2\/new"}],"about":[{"href":"https:\/\/newsroom.ferrovial.com\/en\/wp-json\/wp\/v2\/types\/new"}],"replies":[{"embeddable":true,"href":"https:\/\/newsroom.ferrovial.com\/en\/wp-json\/wp\/v2\/comments?post=7345"}],"version-history":[{"count":3,"href":"https:\/\/newsroom.ferrovial.com\/en\/wp-json\/wp\/v2\/new\/7345\/revisions"}],"predecessor-version":[{"id":126678,"href":"https:\/\/newsroom.ferrovial.com\/en\/wp-json\/wp\/v2\/new\/7345\/revisions\/126678"}],"wp:featuredmedia":[{"embeddable":true,"href":"https:\/\/newsroom.ferrovial.com\/en\/wp-json\/wp\/v2\/media\/7346"}],"wp:attachment":[{"href":"https:\/\/newsroom.ferrovial.com\/en\/wp-json\/wp\/v2\/media?parent=7345"}],"wp:term":[{"taxonomy":"nivel-2","embeddable":true,"href":"https:\/\/newsroom.ferrovial.com\/en\/wp-json\/wp\/v2\/nivel-2?post=7345"},{"taxonomy":"nivel-5","embeddable":true,"href":"https:\/\/newsroom.ferrovial.com\/en\/wp-json\/wp\/v2\/nivel-5?post=7345"},{"taxonomy":"nivel-1","embeddable":true,"href":"https:\/\/newsroom.ferrovial.com\/en\/wp-json\/wp\/v2\/nivel-1?post=7345"},{"taxonomy":"nivel-3","embeddable":true,"href":"https:\/\/newsroom.ferrovial.com\/en\/wp-json\/wp\/v2\/nivel-3?post=7345"},{"taxonomy":"nivel-4","embeddable":true,"href":"https:\/\/newsroom.ferrovial.com\/en\/wp-json\/wp\/v2\/nivel-4?post=7345"}],"curies":[{"name":"wp","href":"https:\/\/api.w.org\/{rel}","templated":true}]}}