{"id":103548,"date":"2021-09-16T17:44:14","date_gmt":"2021-09-16T15:44:14","guid":{"rendered":"https:\/\/newsroom.ferrovial.com\/?post_type=local_new&#038;p=103548"},"modified":"2024-12-13T20:33:56","modified_gmt":"2024-12-13T19:33:56","slug":"comienza-la-construccion-de-la-planta-de-pepsico-en-polonia","status":"publish","type":"local_new","link":"https:\/\/newsroom.ferrovial.com\/es\/noticias-locales\/comienza-la-construccion-de-la-planta-de-pepsico-en-polonia\/","title":{"rendered":"Comienza la construcci\u00f3n de la planta de PepsiCo en Polonia"},"content":{"rendered":"    <section class=\"wysiwyg text-editor \" id=\"\">\n        <div class=\"container container--narrow container--p-10\">\n            <p><span class=\"ms-rteFontSize-3\">El jueves 26 de agosto de 2021 en \u015aroda \u015al\u0105ska, tuvo lugar\u00a0<strong>el acto de colocaci\u00f3n de la primera piedra de la construcci\u00f3n de la planta de PepsiCo<\/strong>. El proyecto, adjudicado a\u00a0<span class=\"ms-rteThemeForeColor-5-0\"><strong>Budimex<\/strong><\/span>, es la mayor inversi\u00f3n de PepsiCo en Polonia y muy relevante para el desarrollo de la econom\u00eda polaca.<\/span><\/p>\n<p><span class=\"ms-rteFontSize-3\">En el evento estuvieron presentes, entre otros, el\u00a0<strong>primer ministro,\u00a0<\/strong>Mateusz Morawiecki, el\u00a0<strong>presidente de PepsiCo Europa,\u00a0<\/strong>Silviu Popovici,\u00a0<strong>el alcalde de \u015aroda \u015al\u0105ska<\/strong>,\u00a0 Adam Ruci\u0144ski, el\u00a0<strong>presidente de Legnicka Specjalna Strefa Ekonomiczna S.A.,<\/strong>\u00a0Przemys\u0142aw Bo\u017cek, el\u00a0<strong>presidente del Consejo de Administraci\u00f3n de Budimex S.A.,<\/strong>\u00a0Artur Popko, y la\u00a0<strong>directora general de ARUP,<\/strong>\u00a0El\u017cbieta Cicho\u0144ska.<\/span><\/p>\n<p><span class=\"ms-rteFontSize-3\"><span class=\"ms-rteThemeForeColor-5-0\">Budimex<\/span>\u00a0llevar\u00e1 a cabo la\u00a0<strong>construcci\u00f3n de la planta junto con las instalaciones internas<\/strong>, incluyendo las\u00a0<strong>obras electromec\u00e1nicas<\/strong>\u00a0y\u00a0<strong>el desarrollo del terreno, as\u00ed como la infraestructura t\u00e9cnica.\u00a0<\/strong>El valor del proyecto supera los 350 millones de zlotys (77 millones de euros). El contrato se ejecutar\u00e1 por etapas entre los a\u00f1os 2021 y 2025.<\/span><\/p>\n<p><span class=\"ms-rteFontSize-3\">La superficie de la parcela es de 30 ha y la superficie de construcci\u00f3n de 54.700 m2. El edificio tendr\u00e1 los\u00a0<strong>m\u00e1s altos par\u00e1metros ecol\u00f3gicos.<\/strong>\u00a0Ser\u00e1 la primera planta de PepsiCo del mundo cuyas soluciones de dise\u00f1o tendr\u00e1n como objetivo la<strong class=\"ms-rteThemeForeColor-5-0\">\u00a0reducci\u00f3n de su huella de carbono en la fase de construcci\u00f3n<\/strong>. La planta estar\u00e1 equipada con las l\u00edneas de producci\u00f3n m\u00e1s avanzadas y eficientes, con el menor consumo de energ\u00eda, agua y gas por kilogramo de producci\u00f3n. El edificio tambi\u00e9n estar\u00e1 dotado de un sistema de recuperaci\u00f3n de agua y calor de proceso con conversi\u00f3n de calor para refrigeraci\u00f3n y calefacci\u00f3n.<\/span><\/p>\n<p><span class=\"ms-rteFontSize-3\">Pensando en la protecci\u00f3n del medio ambiente, se instalar\u00e1, adem\u00e1s, un sistema fotovoltaico en el edificio de oficinas, as\u00ed como una planta de tratamiento de aguas residuales de alto rendimiento y puntos de carga para coches el\u00e9ctricos.\u00a0<span class=\"ms-rteThemeForeColor-5-0\">La planta ser\u00e1 clim\u00e1ticamente neutra.\u00a0<\/span><\/span><\/p>\n        <\/div>\n    <\/section>\n","protected":false},"excerpt":{"rendered":"","protected":false},"featured_media":103546,"menu_order":0,"comment_status":"closed","ping_status":"closed","template":"","nivel-2":[2621,1932,2235],"nivel-5":[1741],"nivel-1":[2168],"nivel-3":[1262],"nivel-4":[],"class_list":["post-103548","local_new","type-local_new","status-publish","has-post-thumbnail","hentry","nivel-2-comunicacion","nivel-2-diseno-y-construccion","nivel-2-inauguraciones","nivel-5-budimex","nivel-1-construccion","nivel-3-polonia"],"acf":[],"yoast_head":"<title>Comienza la construcci\u00f3n de la planta de PepsiCo en Polonia - Sala de prensa Ferrovial | \u00daltimas noticias<\/title>\n<meta name=\"description\" content=\"Sala de prensa Ferrovial | \u00daltimas noticias\" \/>\n<meta name=\"robots\" content=\"index, follow, max-snippet:-1, max-image-preview:large, max-video-preview:-1\" \/>\n<link rel=\"canonical\" href=\"https:\/\/newsroom.ferrovial.com\/es\/noticias-locales\/comienza-la-construccion-de-la-planta-de-pepsico-en-polonia\/\" \/>\n<meta property=\"og:locale\" content=\"es_ES\" \/>\n<meta property=\"og:type\" content=\"article\" \/>\n<meta property=\"og:title\" content=\"Comienza la construcci\u00f3n de la planta de PepsiCo en Polonia - Sala de prensa Ferrovial | \u00daltimas noticias\" \/>\n<meta property=\"og:description\" content=\"Sala de prensa Ferrovial | \u00daltimas noticias\" \/>\n<meta property=\"og:url\" content=\"https:\/\/newsroom.ferrovial.com\/es\/noticias-locales\/comienza-la-construccion-de-la-planta-de-pepsico-en-polonia\/\" \/>\n<meta property=\"og:site_name\" content=\"Sala de prensa Ferrovial | \u00daltimas noticias\" \/>\n<meta property=\"article:publisher\" content=\"https:\/\/www.facebook.com\/ferrovial\" \/>\n<meta property=\"article:modified_time\" content=\"2024-12-13T19:33:56+00:00\" \/>\n<meta property=\"og:image\" content=\"https:\/\/newsroom.ferrovial.com\/wp-content\/uploads\/sites\/4\/2021\/09\/pepsico.png\" \/>\n\t<meta property=\"og:image:width\" content=\"850\" \/>\n\t<meta property=\"og:image:height\" content=\"415\" \/>\n\t<meta property=\"og:image:type\" content=\"image\/png\" \/>\n<meta name=\"twitter:card\" content=\"summary_large_image\" \/>\n<meta name=\"twitter:site\" content=\"@ferrovial\" \/>\n<meta name=\"twitter:label1\" content=\"Tiempo de lectura\" \/>\n\t<meta name=\"twitter:data1\" content=\"2 minutos\" \/>\n<script type=\"application\/ld+json\" class=\"yoast-schema-graph\">{\"@context\":\"https:\/\/schema.org\",\"@graph\":[{\"@type\":\"WebPage\",\"@id\":\"https:\/\/newsroom.ferrovial.com\/es\/noticias-locales\/comienza-la-construccion-de-la-planta-de-pepsico-en-polonia\/\",\"url\":\"https:\/\/newsroom.ferrovial.com\/es\/noticias-locales\/comienza-la-construccion-de-la-planta-de-pepsico-en-polonia\/\",\"name\":\"Comienza la construcci\u00f3n de la planta de PepsiCo en Polonia - Sala de prensa Ferrovial | \u00daltimas noticias\",\"isPartOf\":{\"@id\":\"https:\/\/newsroom.ferrovial.com\/es\/#website\"},\"primaryImageOfPage\":{\"@id\":\"https:\/\/newsroom.ferrovial.com\/es\/noticias-locales\/comienza-la-construccion-de-la-planta-de-pepsico-en-polonia\/#primaryimage\"},\"image\":{\"@id\":\"https:\/\/newsroom.ferrovial.com\/es\/noticias-locales\/comienza-la-construccion-de-la-planta-de-pepsico-en-polonia\/#primaryimage\"},\"thumbnailUrl\":\"https:\/\/static.newsroom.ferrovial.com\/wp-content\/uploads\/2021\/09\/15142618\/pepsico.png\",\"datePublished\":\"2021-09-16T15:44:14+00:00\",\"dateModified\":\"2024-12-13T19:33:56+00:00\",\"description\":\"Sala de prensa Ferrovial | \u00daltimas noticias\",\"breadcrumb\":{\"@id\":\"https:\/\/newsroom.ferrovial.com\/es\/noticias-locales\/comienza-la-construccion-de-la-planta-de-pepsico-en-polonia\/#breadcrumb\"},\"inLanguage\":\"es\",\"potentialAction\":[{\"@type\":\"ReadAction\",\"target\":[\"https:\/\/newsroom.ferrovial.com\/es\/noticias-locales\/comienza-la-construccion-de-la-planta-de-pepsico-en-polonia\/\"]}]},{\"@type\":\"ImageObject\",\"inLanguage\":\"es\",\"@id\":\"https:\/\/newsroom.ferrovial.com\/es\/noticias-locales\/comienza-la-construccion-de-la-planta-de-pepsico-en-polonia\/#primaryimage\",\"url\":\"https:\/\/static.newsroom.ferrovial.com\/wp-content\/uploads\/2021\/09\/15142618\/pepsico.png\",\"contentUrl\":\"https:\/\/static.newsroom.ferrovial.com\/wp-content\/uploads\/2021\/09\/15142618\/pepsico.png\",\"width\":850,\"height\":415,\"caption\":\"Pepsico\"},{\"@type\":\"BreadcrumbList\",\"@id\":\"https:\/\/newsroom.ferrovial.com\/es\/noticias-locales\/comienza-la-construccion-de-la-planta-de-pepsico-en-polonia\/#breadcrumb\",\"itemListElement\":[{\"@type\":\"ListItem\",\"position\":1,\"name\":\"Portada\",\"item\":\"https:\/\/newsroom.ferrovial.com\/es\/\"},{\"@type\":\"ListItem\",\"position\":2,\"name\":\"Comienza la construcci\u00f3n de la planta de PepsiCo en Polonia\"}]},{\"@type\":\"WebSite\",\"@id\":\"https:\/\/newsroom.ferrovial.com\/es\/#website\",\"url\":\"https:\/\/newsroom.ferrovial.com\/es\/\",\"name\":\"Sala de prensa Ferrovial | \u00daltimas noticias\",\"description\":\"Sala de prensa Ferrovial | \u00daltimas noticias\",\"publisher\":{\"@id\":\"https:\/\/newsroom.ferrovial.com\/es\/#organization\"},\"potentialAction\":[{\"@type\":\"SearchAction\",\"target\":{\"@type\":\"EntryPoint\",\"urlTemplate\":\"https:\/\/newsroom.ferrovial.com\/es\/?s={search_term_string}\"},\"query-input\":{\"@type\":\"PropertyValueSpecification\",\"valueRequired\":true,\"valueName\":\"search_term_string\"}}],\"inLanguage\":\"es\"},{\"@type\":\"Organization\",\"@id\":\"https:\/\/newsroom.ferrovial.com\/es\/#organization\",\"name\":\"Ferrovial S.A.\",\"url\":\"https:\/\/newsroom.ferrovial.com\/es\/\",\"logo\":{\"@type\":\"ImageObject\",\"inLanguage\":\"es\",\"@id\":\"https:\/\/newsroom.ferrovial.com\/es\/#\/schema\/logo\/image\/\",\"url\":\"https:\/\/static.newsroom.ferrovial.com\/wp-content\/uploads\/2018\/07\/15145720\/Ferrovial_Logotipo1.jpg\",\"contentUrl\":\"https:\/\/static.newsroom.ferrovial.com\/wp-content\/uploads\/2018\/07\/15145720\/Ferrovial_Logotipo1.jpg\",\"width\":600,\"height\":300,\"caption\":\"Ferrovial S.A.\"},\"image\":{\"@id\":\"https:\/\/newsroom.ferrovial.com\/es\/#\/schema\/logo\/image\/\"},\"sameAs\":[\"https:\/\/www.facebook.com\/ferrovial\",\"https:\/\/x.com\/ferrovial\",\"https:\/\/www.instagram.com\/ferrovial\/\",\"https:\/\/www.linkedin.com\/company\/ferrovial\",\"https:\/\/www.pinterest.es\/ferrovial\/\",\"https:\/\/www.youtube.com\/ferrovial\",\"https:\/\/en.wikipedia.org\/wiki\/Ferrovial\"]}]}<\/script>","yoast_head_json":{"title":"Comienza la construcci\u00f3n de la planta de PepsiCo en Polonia - Sala de prensa Ferrovial | \u00daltimas noticias","description":"Sala de prensa Ferrovial | \u00daltimas noticias","robots":{"index":"index","follow":"follow","max-snippet":"max-snippet:-1","max-image-preview":"max-image-preview:large","max-video-preview":"max-video-preview:-1"},"canonical":"https:\/\/newsroom.ferrovial.com\/es\/noticias-locales\/comienza-la-construccion-de-la-planta-de-pepsico-en-polonia\/","og_locale":"es_ES","og_type":"article","og_title":"Comienza la construcci\u00f3n de la planta de PepsiCo en Polonia - Sala de prensa Ferrovial | \u00daltimas noticias","og_description":"Sala de prensa Ferrovial | \u00daltimas noticias","og_url":"https:\/\/newsroom.ferrovial.com\/es\/noticias-locales\/comienza-la-construccion-de-la-planta-de-pepsico-en-polonia\/","og_site_name":"Sala de prensa Ferrovial | \u00daltimas noticias","article_publisher":"https:\/\/www.facebook.com\/ferrovial","article_modified_time":"2024-12-13T19:33:56+00:00","og_image":[{"width":850,"height":415,"url":"https:\/\/newsroom.ferrovial.com\/wp-content\/uploads\/sites\/4\/2021\/09\/pepsico.png","type":"image\/png"}],"twitter_card":"summary_large_image","twitter_site":"@ferrovial","twitter_misc":{"Tiempo de lectura":"2 minutos"},"schema":{"@context":"https:\/\/schema.org","@graph":[{"@type":"WebPage","@id":"https:\/\/newsroom.ferrovial.com\/es\/noticias-locales\/comienza-la-construccion-de-la-planta-de-pepsico-en-polonia\/","url":"https:\/\/newsroom.ferrovial.com\/es\/noticias-locales\/comienza-la-construccion-de-la-planta-de-pepsico-en-polonia\/","name":"Comienza la construcci\u00f3n de la planta de PepsiCo en Polonia - Sala de prensa Ferrovial | \u00daltimas noticias","isPartOf":{"@id":"https:\/\/newsroom.ferrovial.com\/es\/#website"},"primaryImageOfPage":{"@id":"https:\/\/newsroom.ferrovial.com\/es\/noticias-locales\/comienza-la-construccion-de-la-planta-de-pepsico-en-polonia\/#primaryimage"},"image":{"@id":"https:\/\/newsroom.ferrovial.com\/es\/noticias-locales\/comienza-la-construccion-de-la-planta-de-pepsico-en-polonia\/#primaryimage"},"thumbnailUrl":"https:\/\/static.newsroom.ferrovial.com\/wp-content\/uploads\/2021\/09\/15142618\/pepsico.png","datePublished":"2021-09-16T15:44:14+00:00","dateModified":"2024-12-13T19:33:56+00:00","description":"Sala de prensa Ferrovial | \u00daltimas noticias","breadcrumb":{"@id":"https:\/\/newsroom.ferrovial.com\/es\/noticias-locales\/comienza-la-construccion-de-la-planta-de-pepsico-en-polonia\/#breadcrumb"},"inLanguage":"es","potentialAction":[{"@type":"ReadAction","target":["https:\/\/newsroom.ferrovial.com\/es\/noticias-locales\/comienza-la-construccion-de-la-planta-de-pepsico-en-polonia\/"]}]},{"@type":"ImageObject","inLanguage":"es","@id":"https:\/\/newsroom.ferrovial.com\/es\/noticias-locales\/comienza-la-construccion-de-la-planta-de-pepsico-en-polonia\/#primaryimage","url":"https:\/\/static.newsroom.ferrovial.com\/wp-content\/uploads\/2021\/09\/15142618\/pepsico.png","contentUrl":"https:\/\/static.newsroom.ferrovial.com\/wp-content\/uploads\/2021\/09\/15142618\/pepsico.png","width":850,"height":415,"caption":"Pepsico"},{"@type":"BreadcrumbList","@id":"https:\/\/newsroom.ferrovial.com\/es\/noticias-locales\/comienza-la-construccion-de-la-planta-de-pepsico-en-polonia\/#breadcrumb","itemListElement":[{"@type":"ListItem","position":1,"name":"Portada","item":"https:\/\/newsroom.ferrovial.com\/es\/"},{"@type":"ListItem","position":2,"name":"Comienza la construcci\u00f3n de la planta de PepsiCo en Polonia"}]},{"@type":"WebSite","@id":"https:\/\/newsroom.ferrovial.com\/es\/#website","url":"https:\/\/newsroom.ferrovial.com\/es\/","name":"Sala de prensa Ferrovial | \u00daltimas noticias","description":"Sala de prensa Ferrovial | \u00daltimas noticias","publisher":{"@id":"https:\/\/newsroom.ferrovial.com\/es\/#organization"},"potentialAction":[{"@type":"SearchAction","target":{"@type":"EntryPoint","urlTemplate":"https:\/\/newsroom.ferrovial.com\/es\/?s={search_term_string}"},"query-input":{"@type":"PropertyValueSpecification","valueRequired":true,"valueName":"search_term_string"}}],"inLanguage":"es"},{"@type":"Organization","@id":"https:\/\/newsroom.ferrovial.com\/es\/#organization","name":"Ferrovial S.A.","url":"https:\/\/newsroom.ferrovial.com\/es\/","logo":{"@type":"ImageObject","inLanguage":"es","@id":"https:\/\/newsroom.ferrovial.com\/es\/#\/schema\/logo\/image\/","url":"https:\/\/static.newsroom.ferrovial.com\/wp-content\/uploads\/2018\/07\/15145720\/Ferrovial_Logotipo1.jpg","contentUrl":"https:\/\/static.newsroom.ferrovial.com\/wp-content\/uploads\/2018\/07\/15145720\/Ferrovial_Logotipo1.jpg","width":600,"height":300,"caption":"Ferrovial S.A."},"image":{"@id":"https:\/\/newsroom.ferrovial.com\/es\/#\/schema\/logo\/image\/"},"sameAs":["https:\/\/www.facebook.com\/ferrovial","https:\/\/x.com\/ferrovial","https:\/\/www.instagram.com\/ferrovial\/","https:\/\/www.linkedin.com\/company\/ferrovial","https:\/\/www.pinterest.es\/ferrovial\/","https:\/\/www.youtube.com\/ferrovial","https:\/\/en.wikipedia.org\/wiki\/Ferrovial"]}]}},"_links":{"self":[{"href":"https:\/\/newsroom.ferrovial.com\/es\/wp-json\/wp\/v2\/local_new\/103548","targetHints":{"allow":["GET"]}}],"collection":[{"href":"https:\/\/newsroom.ferrovial.com\/es\/wp-json\/wp\/v2\/local_new"}],"about":[{"href":"https:\/\/newsroom.ferrovial.com\/es\/wp-json\/wp\/v2\/types\/local_new"}],"replies":[{"embeddable":true,"href":"https:\/\/newsroom.ferrovial.com\/es\/wp-json\/wp\/v2\/comments?post=103548"}],"version-history":[{"count":2,"href":"https:\/\/newsroom.ferrovial.com\/es\/wp-json\/wp\/v2\/local_new\/103548\/revisions"}],"predecessor-version":[{"id":127373,"href":"https:\/\/newsroom.ferrovial.com\/es\/wp-json\/wp\/v2\/local_new\/103548\/revisions\/127373"}],"wp:featuredmedia":[{"embeddable":true,"href":"https:\/\/newsroom.ferrovial.com\/es\/wp-json\/wp\/v2\/media\/103546"}],"wp:attachment":[{"href":"https:\/\/newsroom.ferrovial.com\/es\/wp-json\/wp\/v2\/media?parent=103548"}],"wp:term":[{"taxonomy":"nivel-2","embeddable":true,"href":"https:\/\/newsroom.ferrovial.com\/es\/wp-json\/wp\/v2\/nivel-2?post=103548"},{"taxonomy":"nivel-5","embeddable":true,"href":"https:\/\/newsroom.ferrovial.com\/es\/wp-json\/wp\/v2\/nivel-5?post=103548"},{"taxonomy":"nivel-1","embeddable":true,"href":"https:\/\/newsroom.ferrovial.com\/es\/wp-json\/wp\/v2\/nivel-1?post=103548"},{"taxonomy":"nivel-3","embeddable":true,"href":"https:\/\/newsroom.ferrovial.com\/es\/wp-json\/wp\/v2\/nivel-3?post=103548"},{"taxonomy":"nivel-4","embeddable":true,"href":"https:\/\/newsroom.ferrovial.com\/es\/wp-json\/wp\/v2\/nivel-4?post=103548"}],"curies":[{"name":"wp","href":"https:\/\/api.w.org\/{rel}","templated":true}]}}