{"id":103573,"date":"2021-09-22T12:37:21","date_gmt":"2021-09-22T10:37:21","guid":{"rendered":"https:\/\/newsroom.ferrovial.com\/?post_type=local_new&#038;p=103573"},"modified":"2024-12-13T20:33:49","modified_gmt":"2024-12-13T19:33:49","slug":"cintra-comprometida-con-la-comunidad-local-de-la-i-66","status":"publish","type":"local_new","link":"https:\/\/newsroom.ferrovial.com\/es\/noticias-locales\/cintra-comprometida-con-la-comunidad-local-de-la-i-66\/","title":{"rendered":"Cintra comprometida con la comunidad local de la I-66"},"content":{"rendered":"    <section class=\"wysiwyg text-editor \" id=\"\">\n        <div class=\"container container--narrow container--p-10\">\n            <p><strong>Cintra<\/strong>\u00a0ha llevado\u00a0a cabo, en el marco del plan de RSC del proyecto de la autopista I-66 que revisa anualmente, dos iniciativas que tienen como finalidad\u00a0<strong>contribuir al bienestar de los residentes de la zona<\/strong>.<\/p>\n<p>Por un lado, ha patrocinado el evento\u00a0<strong>\u00abStarlight Cinema\u00bb<\/strong>\u00a0de la Fundaci\u00f3n de Parques del Condado de Fairfax y, por otro, apoya el programa<strong>\u00a0\u00abCollect for Kids\u00bb\u00a0<\/strong>de la Fundaci\u00f3n para las Escuelas P\u00fablicas del Condado de Fairfax.<\/p>\n<p>Por tercer a\u00f1o consecutivo, Cintra patrocin\u00f3\u00a0el evento \u00ab<strong>Starlight Cinema\u00bb<\/strong>\u00a0de la Fundaci\u00f3n de Parques del Condado de Fairfax. Este festival de cine sobre ruedas ofrece a los residentes de la zona en el entorno del enlace de la Ruta 28, una serie de pel\u00edculas que combinan el proyecto de mejora de la infraestructura con la experiencia del cine en coche.<\/p>\n<p>La segunda iniciativa que Cintra ha\u00a0apoyado\u00a0es el programa\u00a0<strong>\u00abCollect for Kids\u00bb<\/strong>\u00a0de la Fundaci\u00f3n para las Escuelas P\u00fablicas del Condado de Fairfax, que permiti\u00f3 suministrar material escolar a 100 ni\u00f1os en su vuelta al cole del pasado 23 de agosto. Los kits se distribuyeron en las tres escuelas primarias del \u00e1rea de influencia de\u00a0la autopista I-66.<\/p>\n<p>Estas dos iniciativas refuerzan el compromiso del proyecto de la I-66\u00a0con la comunidad en la que desarrolla su actividad. Otras acciones\u00a0llevadas a cabo por el proyecto y\u00a0que se encuentran dentro de su plan de RSC son el patrocinio de la Feria Regional de Ciencia e Ingenier\u00eda de Prince William, la donaci\u00f3n de alimentos por parte de los empleados &#8211; Food for Others and Haymarket Regional Food Pantry o la donaci\u00f3n a la Fundaci\u00f3n de Escuelas P\u00fablicas del Condado de Fairfax para el fondo de las becas de educaci\u00f3n STEM.<\/p>\n        <\/div>\n    <\/section>\n","protected":false},"excerpt":{"rendered":"","protected":false},"featured_media":103574,"menu_order":0,"comment_status":"closed","ping_status":"closed","template":"","nivel-2":[906,1924,919,960],"nivel-5":[1757],"nivel-1":[894,2168],"nivel-3":[1259],"nivel-4":[],"class_list":["post-103573","local_new","type-local_new","status-publish","has-post-thumbnail","hentry","nivel-2-accion-social","nivel-2-autopistas","nivel-2-autovias","nivel-2-emprendedores","nivel-5-i-66","nivel-1-autopistas","nivel-1-construccion","nivel-3-estados-unidos"],"acf":[],"yoast_head":"<title>Cintra comprometida con la comunidad local de la I-66 - Sala de prensa Ferrovial | \u00daltimas noticias<\/title>\n<meta name=\"description\" content=\"Cintra ha llevado a cabo dos iniciativas que tienen como finalidad contribuir al bienestar de los residentes de la zona.\" \/>\n<meta name=\"robots\" content=\"index, follow, max-snippet:-1, max-image-preview:large, max-video-preview:-1\" \/>\n<link rel=\"canonical\" href=\"https:\/\/newsroom.ferrovial.com\/es\/noticias-locales\/cintra-comprometida-con-la-comunidad-local-de-la-i-66\/\" \/>\n<meta property=\"og:locale\" content=\"es_ES\" \/>\n<meta property=\"og:type\" content=\"article\" \/>\n<meta property=\"og:title\" content=\"Cintra comprometida con la comunidad local de la I-66 - Sala de prensa Ferrovial | \u00daltimas noticias\" \/>\n<meta property=\"og:description\" content=\"Cintra ha llevado a cabo dos iniciativas que tienen como finalidad contribuir al bienestar de los residentes de la zona.\" \/>\n<meta property=\"og:url\" content=\"https:\/\/newsroom.ferrovial.com\/es\/noticias-locales\/cintra-comprometida-con-la-comunidad-local-de-la-i-66\/\" \/>\n<meta property=\"og:site_name\" content=\"Sala de prensa Ferrovial | \u00daltimas noticias\" \/>\n<meta property=\"article:publisher\" content=\"https:\/\/www.facebook.com\/ferrovial\" \/>\n<meta property=\"article:modified_time\" content=\"2024-12-13T19:33:49+00:00\" \/>\n<meta property=\"og:image\" content=\"https:\/\/newsroom.ferrovial.com\/wp-content\/uploads\/sites\/4\/2021\/09\/20210605-66-495-interchange-2-scaled.jpg\" \/>\n\t<meta property=\"og:image:width\" content=\"2560\" \/>\n\t<meta property=\"og:image:height\" content=\"1709\" \/>\n\t<meta property=\"og:image:type\" content=\"image\/jpeg\" \/>\n<meta name=\"twitter:card\" content=\"summary_large_image\" \/>\n<meta name=\"twitter:site\" content=\"@ferrovial\" \/>\n<meta name=\"twitter:label1\" content=\"Tiempo de lectura\" \/>\n\t<meta name=\"twitter:data1\" content=\"2 minutos\" \/>\n<script type=\"application\/ld+json\" class=\"yoast-schema-graph\">{\"@context\":\"https:\/\/schema.org\",\"@graph\":[{\"@type\":\"WebPage\",\"@id\":\"https:\/\/newsroom.ferrovial.com\/es\/noticias-locales\/cintra-comprometida-con-la-comunidad-local-de-la-i-66\/\",\"url\":\"https:\/\/newsroom.ferrovial.com\/es\/noticias-locales\/cintra-comprometida-con-la-comunidad-local-de-la-i-66\/\",\"name\":\"Cintra comprometida con la comunidad local de la I-66 - Sala de prensa Ferrovial | \u00daltimas noticias\",\"isPartOf\":{\"@id\":\"https:\/\/newsroom.ferrovial.com\/es\/#website\"},\"primaryImageOfPage\":{\"@id\":\"https:\/\/newsroom.ferrovial.com\/es\/noticias-locales\/cintra-comprometida-con-la-comunidad-local-de-la-i-66\/#primaryimage\"},\"image\":{\"@id\":\"https:\/\/newsroom.ferrovial.com\/es\/noticias-locales\/cintra-comprometida-con-la-comunidad-local-de-la-i-66\/#primaryimage\"},\"thumbnailUrl\":\"https:\/\/static.newsroom.ferrovial.com\/wp-content\/uploads\/2021\/09\/15133928\/20210605-66-495-interchange-2-scaled.jpg\",\"datePublished\":\"2021-09-22T10:37:21+00:00\",\"dateModified\":\"2024-12-13T19:33:49+00:00\",\"description\":\"Cintra ha llevado a cabo dos iniciativas que tienen como finalidad contribuir al bienestar de los residentes de la zona.\",\"breadcrumb\":{\"@id\":\"https:\/\/newsroom.ferrovial.com\/es\/noticias-locales\/cintra-comprometida-con-la-comunidad-local-de-la-i-66\/#breadcrumb\"},\"inLanguage\":\"es\",\"potentialAction\":[{\"@type\":\"ReadAction\",\"target\":[\"https:\/\/newsroom.ferrovial.com\/es\/noticias-locales\/cintra-comprometida-con-la-comunidad-local-de-la-i-66\/\"]}]},{\"@type\":\"ImageObject\",\"inLanguage\":\"es\",\"@id\":\"https:\/\/newsroom.ferrovial.com\/es\/noticias-locales\/cintra-comprometida-con-la-comunidad-local-de-la-i-66\/#primaryimage\",\"url\":\"https:\/\/static.newsroom.ferrovial.com\/wp-content\/uploads\/2021\/09\/15133928\/20210605-66-495-interchange-2-scaled.jpg\",\"contentUrl\":\"https:\/\/static.newsroom.ferrovial.com\/wp-content\/uploads\/2021\/09\/15133928\/20210605-66-495-interchange-2-scaled.jpg\",\"width\":2560,\"height\":1709,\"caption\":\"local I-66\"},{\"@type\":\"BreadcrumbList\",\"@id\":\"https:\/\/newsroom.ferrovial.com\/es\/noticias-locales\/cintra-comprometida-con-la-comunidad-local-de-la-i-66\/#breadcrumb\",\"itemListElement\":[{\"@type\":\"ListItem\",\"position\":1,\"name\":\"Portada\",\"item\":\"https:\/\/newsroom.ferrovial.com\/es\/\"},{\"@type\":\"ListItem\",\"position\":2,\"name\":\"Cintra comprometida con la comunidad local de la I-66\"}]},{\"@type\":\"WebSite\",\"@id\":\"https:\/\/newsroom.ferrovial.com\/es\/#website\",\"url\":\"https:\/\/newsroom.ferrovial.com\/es\/\",\"name\":\"Sala de prensa Ferrovial | \u00daltimas noticias\",\"description\":\"Sala de prensa Ferrovial | \u00daltimas noticias\",\"publisher\":{\"@id\":\"https:\/\/newsroom.ferrovial.com\/es\/#organization\"},\"potentialAction\":[{\"@type\":\"SearchAction\",\"target\":{\"@type\":\"EntryPoint\",\"urlTemplate\":\"https:\/\/newsroom.ferrovial.com\/es\/?s={search_term_string}\"},\"query-input\":{\"@type\":\"PropertyValueSpecification\",\"valueRequired\":true,\"valueName\":\"search_term_string\"}}],\"inLanguage\":\"es\"},{\"@type\":\"Organization\",\"@id\":\"https:\/\/newsroom.ferrovial.com\/es\/#organization\",\"name\":\"Ferrovial S.A.\",\"url\":\"https:\/\/newsroom.ferrovial.com\/es\/\",\"logo\":{\"@type\":\"ImageObject\",\"inLanguage\":\"es\",\"@id\":\"https:\/\/newsroom.ferrovial.com\/es\/#\/schema\/logo\/image\/\",\"url\":\"https:\/\/static.newsroom.ferrovial.com\/wp-content\/uploads\/2018\/07\/15145720\/Ferrovial_Logotipo1.jpg\",\"contentUrl\":\"https:\/\/static.newsroom.ferrovial.com\/wp-content\/uploads\/2018\/07\/15145720\/Ferrovial_Logotipo1.jpg\",\"width\":600,\"height\":300,\"caption\":\"Ferrovial S.A.\"},\"image\":{\"@id\":\"https:\/\/newsroom.ferrovial.com\/es\/#\/schema\/logo\/image\/\"},\"sameAs\":[\"https:\/\/www.facebook.com\/ferrovial\",\"https:\/\/x.com\/ferrovial\",\"https:\/\/www.instagram.com\/ferrovial\/\",\"https:\/\/www.linkedin.com\/company\/ferrovial\",\"https:\/\/www.pinterest.es\/ferrovial\/\",\"https:\/\/www.youtube.com\/ferrovial\",\"https:\/\/en.wikipedia.org\/wiki\/Ferrovial\"]}]}<\/script>","yoast_head_json":{"title":"Cintra comprometida con la comunidad local de la I-66 - Sala de prensa Ferrovial | \u00daltimas noticias","description":"Cintra ha llevado a cabo dos iniciativas que tienen como finalidad contribuir al bienestar de los residentes de la zona.","robots":{"index":"index","follow":"follow","max-snippet":"max-snippet:-1","max-image-preview":"max-image-preview:large","max-video-preview":"max-video-preview:-1"},"canonical":"https:\/\/newsroom.ferrovial.com\/es\/noticias-locales\/cintra-comprometida-con-la-comunidad-local-de-la-i-66\/","og_locale":"es_ES","og_type":"article","og_title":"Cintra comprometida con la comunidad local de la I-66 - Sala de prensa Ferrovial | \u00daltimas noticias","og_description":"Cintra ha llevado a cabo dos iniciativas que tienen como finalidad contribuir al bienestar de los residentes de la zona.","og_url":"https:\/\/newsroom.ferrovial.com\/es\/noticias-locales\/cintra-comprometida-con-la-comunidad-local-de-la-i-66\/","og_site_name":"Sala de prensa Ferrovial | \u00daltimas noticias","article_publisher":"https:\/\/www.facebook.com\/ferrovial","article_modified_time":"2024-12-13T19:33:49+00:00","og_image":[{"width":2560,"height":1709,"url":"https:\/\/newsroom.ferrovial.com\/wp-content\/uploads\/sites\/4\/2021\/09\/20210605-66-495-interchange-2-scaled.jpg","type":"image\/jpeg"}],"twitter_card":"summary_large_image","twitter_site":"@ferrovial","twitter_misc":{"Tiempo de lectura":"2 minutos"},"schema":{"@context":"https:\/\/schema.org","@graph":[{"@type":"WebPage","@id":"https:\/\/newsroom.ferrovial.com\/es\/noticias-locales\/cintra-comprometida-con-la-comunidad-local-de-la-i-66\/","url":"https:\/\/newsroom.ferrovial.com\/es\/noticias-locales\/cintra-comprometida-con-la-comunidad-local-de-la-i-66\/","name":"Cintra comprometida con la comunidad local de la I-66 - Sala de prensa Ferrovial | \u00daltimas noticias","isPartOf":{"@id":"https:\/\/newsroom.ferrovial.com\/es\/#website"},"primaryImageOfPage":{"@id":"https:\/\/newsroom.ferrovial.com\/es\/noticias-locales\/cintra-comprometida-con-la-comunidad-local-de-la-i-66\/#primaryimage"},"image":{"@id":"https:\/\/newsroom.ferrovial.com\/es\/noticias-locales\/cintra-comprometida-con-la-comunidad-local-de-la-i-66\/#primaryimage"},"thumbnailUrl":"https:\/\/static.newsroom.ferrovial.com\/wp-content\/uploads\/2021\/09\/15133928\/20210605-66-495-interchange-2-scaled.jpg","datePublished":"2021-09-22T10:37:21+00:00","dateModified":"2024-12-13T19:33:49+00:00","description":"Cintra ha llevado a cabo dos iniciativas que tienen como finalidad contribuir al bienestar de los residentes de la zona.","breadcrumb":{"@id":"https:\/\/newsroom.ferrovial.com\/es\/noticias-locales\/cintra-comprometida-con-la-comunidad-local-de-la-i-66\/#breadcrumb"},"inLanguage":"es","potentialAction":[{"@type":"ReadAction","target":["https:\/\/newsroom.ferrovial.com\/es\/noticias-locales\/cintra-comprometida-con-la-comunidad-local-de-la-i-66\/"]}]},{"@type":"ImageObject","inLanguage":"es","@id":"https:\/\/newsroom.ferrovial.com\/es\/noticias-locales\/cintra-comprometida-con-la-comunidad-local-de-la-i-66\/#primaryimage","url":"https:\/\/static.newsroom.ferrovial.com\/wp-content\/uploads\/2021\/09\/15133928\/20210605-66-495-interchange-2-scaled.jpg","contentUrl":"https:\/\/static.newsroom.ferrovial.com\/wp-content\/uploads\/2021\/09\/15133928\/20210605-66-495-interchange-2-scaled.jpg","width":2560,"height":1709,"caption":"local I-66"},{"@type":"BreadcrumbList","@id":"https:\/\/newsroom.ferrovial.com\/es\/noticias-locales\/cintra-comprometida-con-la-comunidad-local-de-la-i-66\/#breadcrumb","itemListElement":[{"@type":"ListItem","position":1,"name":"Portada","item":"https:\/\/newsroom.ferrovial.com\/es\/"},{"@type":"ListItem","position":2,"name":"Cintra comprometida con la comunidad local de la I-66"}]},{"@type":"WebSite","@id":"https:\/\/newsroom.ferrovial.com\/es\/#website","url":"https:\/\/newsroom.ferrovial.com\/es\/","name":"Sala de prensa Ferrovial | \u00daltimas noticias","description":"Sala de prensa Ferrovial | \u00daltimas noticias","publisher":{"@id":"https:\/\/newsroom.ferrovial.com\/es\/#organization"},"potentialAction":[{"@type":"SearchAction","target":{"@type":"EntryPoint","urlTemplate":"https:\/\/newsroom.ferrovial.com\/es\/?s={search_term_string}"},"query-input":{"@type":"PropertyValueSpecification","valueRequired":true,"valueName":"search_term_string"}}],"inLanguage":"es"},{"@type":"Organization","@id":"https:\/\/newsroom.ferrovial.com\/es\/#organization","name":"Ferrovial S.A.","url":"https:\/\/newsroom.ferrovial.com\/es\/","logo":{"@type":"ImageObject","inLanguage":"es","@id":"https:\/\/newsroom.ferrovial.com\/es\/#\/schema\/logo\/image\/","url":"https:\/\/static.newsroom.ferrovial.com\/wp-content\/uploads\/2018\/07\/15145720\/Ferrovial_Logotipo1.jpg","contentUrl":"https:\/\/static.newsroom.ferrovial.com\/wp-content\/uploads\/2018\/07\/15145720\/Ferrovial_Logotipo1.jpg","width":600,"height":300,"caption":"Ferrovial S.A."},"image":{"@id":"https:\/\/newsroom.ferrovial.com\/es\/#\/schema\/logo\/image\/"},"sameAs":["https:\/\/www.facebook.com\/ferrovial","https:\/\/x.com\/ferrovial","https:\/\/www.instagram.com\/ferrovial\/","https:\/\/www.linkedin.com\/company\/ferrovial","https:\/\/www.pinterest.es\/ferrovial\/","https:\/\/www.youtube.com\/ferrovial","https:\/\/en.wikipedia.org\/wiki\/Ferrovial"]}]}},"_links":{"self":[{"href":"https:\/\/newsroom.ferrovial.com\/es\/wp-json\/wp\/v2\/local_new\/103573","targetHints":{"allow":["GET"]}}],"collection":[{"href":"https:\/\/newsroom.ferrovial.com\/es\/wp-json\/wp\/v2\/local_new"}],"about":[{"href":"https:\/\/newsroom.ferrovial.com\/es\/wp-json\/wp\/v2\/types\/local_new"}],"replies":[{"embeddable":true,"href":"https:\/\/newsroom.ferrovial.com\/es\/wp-json\/wp\/v2\/comments?post=103573"}],"version-history":[{"count":2,"href":"https:\/\/newsroom.ferrovial.com\/es\/wp-json\/wp\/v2\/local_new\/103573\/revisions"}],"predecessor-version":[{"id":125505,"href":"https:\/\/newsroom.ferrovial.com\/es\/wp-json\/wp\/v2\/local_new\/103573\/revisions\/125505"}],"wp:featuredmedia":[{"embeddable":true,"href":"https:\/\/newsroom.ferrovial.com\/es\/wp-json\/wp\/v2\/media\/103574"}],"wp:attachment":[{"href":"https:\/\/newsroom.ferrovial.com\/es\/wp-json\/wp\/v2\/media?parent=103573"}],"wp:term":[{"taxonomy":"nivel-2","embeddable":true,"href":"https:\/\/newsroom.ferrovial.com\/es\/wp-json\/wp\/v2\/nivel-2?post=103573"},{"taxonomy":"nivel-5","embeddable":true,"href":"https:\/\/newsroom.ferrovial.com\/es\/wp-json\/wp\/v2\/nivel-5?post=103573"},{"taxonomy":"nivel-1","embeddable":true,"href":"https:\/\/newsroom.ferrovial.com\/es\/wp-json\/wp\/v2\/nivel-1?post=103573"},{"taxonomy":"nivel-3","embeddable":true,"href":"https:\/\/newsroom.ferrovial.com\/es\/wp-json\/wp\/v2\/nivel-3?post=103573"},{"taxonomy":"nivel-4","embeddable":true,"href":"https:\/\/newsroom.ferrovial.com\/es\/wp-json\/wp\/v2\/nivel-4?post=103573"}],"curies":[{"name":"wp","href":"https:\/\/api.w.org\/{rel}","templated":true}]}}