{"id":103999,"date":"2021-11-10T11:51:02","date_gmt":"2021-11-10T10:51:02","guid":{"rendered":"https:\/\/newsroom.ferrovial.com\/?post_type=local_new&#038;p=103999"},"modified":"2022-12-20T18:10:22","modified_gmt":"2022-12-20T17:10:22","slug":"fidel-saenz-de-ormijana-nuevo-miembro-de-la-academia-de-alumnos-distinguidos-de-la-escuela-de-ingenieria-de-la-universidad-de-texas","status":"publish","type":"local_new","link":"https:\/\/newsroom.ferrovial.com\/es\/noticias-locales\/fidel-saenz-de-ormijana-nuevo-miembro-de-la-academia-de-alumnos-distinguidos-de-la-escuela-de-ingenieria-de-la-universidad-de-texas\/","title":{"rendered":"Fidel Saenz de Ormijana nuevo miembro de la Academia de Alumnos Distinguidos de la Escuela de Ingenier\u00eda  de la Universidad de Texas."},"content":{"rendered":"    <section class=\"wysiwyg text-editor \" id=\"\">\n        <div class=\"container container--narrow container--p-10\">\n            <p><span class=\"normaltextrun\">Fidel\u00a0<\/span><span class=\"normaltextrun\">Saenz\u00a0<\/span><span class=\"normaltextrun\">de\u00a0<\/span><span class=\"normaltextrun\">Ormijana, director t\u00e9cnico de Ferrovial Construcci\u00f3n, ha sido nombrado <\/span><span class=\"normaltextrun\">Alumno\u00a0<\/span><span class=\"normaltextrun\">Distinguido\u00a0<\/span><span class=\"normaltextrun\">de la Academia de Ingenier\u00eda Civil, Arquitect\u00f3nica y Medioambiental de la Escuela de Ingenier\u00eda de\u00a0<\/span><span class=\"normaltextrun\">Cockrell\u00a0<\/span><span class=\"normaltextrun\">perteneciente a la Universidad de Texas.\u00a0<\/span><span class=\"eop\">\u00a0<\/span><\/p>\n<p>Esta\u00a0Academia de Alumnos\u00a0Distinguidos fue creada para\u00a0que sus miembros sirvan\u00a0de inspiraci\u00f3n\u00a0y\u00a0\u00a0modelo de conducta\u00a0tanto\u00a0para los antiguos alumnos de la universidad\u00a0como para\u00a0los que est\u00e1n cursando estudios. Asimismo, representa el reconocimiento de \u00a0sus\u00a0logros profesionales\u00a0y su contribuci\u00f3n al mundo de la Ingenier\u00eda.<\/p>\n<p>Fidel\u00a0Saenz\u00a0es\u00a0Ingeniero de\u00a0Caminos, Canales y Puertos por la Universidad Polit\u00e9cnica de Madrid y posee un m\u00e1ster y un doctorado en Ingenier\u00eda Civil por la Universidad de Texas en Austin. Cuenta con m\u00e1s de 40 a\u00f1os de experiencia en el sector centrado en el dise\u00f1o, tanto de infraestructuras hidr\u00e1ulicas como de transporte, abarcando varios\u00a0continentes,\u00a0e incluyendo\u00a016 a\u00f1os de\u00a0experiencia\u00a0en Am\u00e9rica del Norte.<\/p>\n<p>En la actualidad es director t\u00e9cnico de Ferrovial Construcci\u00f3n liderando un equipo de m\u00e1s de 200 ingenieros. Ha\u00a0participado en el mundo acad\u00e9mico, en concreto como profesor de la Universidad Polit\u00e9cnica de Madrid.<\/p>\n<p>La Escuela de Ingenier\u00eda de\u00a0Cockrell, perteneciente a la Universidad de Texas en Austin, cuenta\u00a0con m\u00e1s de un siglo\u00a0de historia\u00a0y\u00a0es una de las instituciones\u00a0l\u00edder mundial en la ense\u00f1anza de la ingenier\u00eda y el avance tecnol\u00f3gico.<\/p>\n        <\/div>\n    <\/section>\n","protected":false},"excerpt":{"rendered":"","protected":false},"featured_media":104003,"menu_order":0,"comment_status":"closed","ping_status":"closed","template":"","nivel-2":[947,2219,1019],"nivel-5":[2149],"nivel-1":[2168],"nivel-3":[1259],"nivel-4":[2250],"class_list":["post-103999","local_new","type-local_new","status-publish","has-post-thumbnail","hentry","nivel-2-direccion-de-la-empresa","nivel-2-ingenieria-civil","nivel-2-personas-y-equipo","nivel-5-ferrovial-construccion","nivel-1-construccion","nivel-3-estados-unidos","nivel-4-texas"],"acf":[],"yoast_head":"<title>Fidel Saenz de Ormijana nuevo miembro de la Academia de Alumnos Distinguidos de la Escuela de Ingenier\u00eda de la Universidad de Texas. - Sala de prensa Ferrovial | \u00daltimas noticias<\/title>\n<meta name=\"description\" content=\"Sala de prensa Ferrovial | \u00daltimas noticias\" \/>\n<meta name=\"robots\" content=\"index, follow, max-snippet:-1, max-image-preview:large, max-video-preview:-1\" \/>\n<link rel=\"canonical\" href=\"https:\/\/newsroom.ferrovial.com\/es\/noticias-locales\/fidel-saenz-de-ormijana-nuevo-miembro-de-la-academia-de-alumnos-distinguidos-de-la-escuela-de-ingenieria-de-la-universidad-de-texas\/\" \/>\n<meta property=\"og:locale\" content=\"es_ES\" \/>\n<meta property=\"og:type\" content=\"article\" \/>\n<meta property=\"og:title\" content=\"Fidel Saenz de Ormijana nuevo miembro de la Academia de Alumnos Distinguidos de la Escuela de Ingenier\u00eda de la Universidad de Texas. - Sala de prensa Ferrovial | \u00daltimas noticias\" \/>\n<meta property=\"og:description\" content=\"Sala de prensa Ferrovial | \u00daltimas noticias\" \/>\n<meta property=\"og:url\" content=\"https:\/\/newsroom.ferrovial.com\/es\/noticias-locales\/fidel-saenz-de-ormijana-nuevo-miembro-de-la-academia-de-alumnos-distinguidos-de-la-escuela-de-ingenieria-de-la-universidad-de-texas\/\" \/>\n<meta property=\"og:site_name\" content=\"Sala de prensa Ferrovial | \u00daltimas noticias\" \/>\n<meta property=\"article:publisher\" content=\"https:\/\/www.facebook.com\/ferrovial\" \/>\n<meta property=\"article:modified_time\" content=\"2022-12-20T17:10:22+00:00\" \/>\n<meta property=\"og:image\" content=\"https:\/\/newsroom.ferrovial.com\/wp-content\/uploads\/sites\/4\/2021\/11\/foto-de-fidel-sainz-de-ormijana-nombrado-miembro-academia-alumnos-distinguidos-escuela-ingenieria-universidad-texas-1.jpg\" \/>\n\t<meta property=\"og:image:width\" content=\"1285\" \/>\n\t<meta property=\"og:image:height\" content=\"1121\" \/>\n\t<meta property=\"og:image:type\" content=\"image\/jpeg\" \/>\n<meta name=\"twitter:card\" content=\"summary_large_image\" \/>\n<meta name=\"twitter:site\" content=\"@ferrovial\" \/>\n<script type=\"application\/ld+json\" class=\"yoast-schema-graph\">{\"@context\":\"https:\/\/schema.org\",\"@graph\":[{\"@type\":\"WebPage\",\"@id\":\"https:\/\/newsroom.ferrovial.com\/es\/noticias-locales\/fidel-saenz-de-ormijana-nuevo-miembro-de-la-academia-de-alumnos-distinguidos-de-la-escuela-de-ingenieria-de-la-universidad-de-texas\/\",\"url\":\"https:\/\/newsroom.ferrovial.com\/es\/noticias-locales\/fidel-saenz-de-ormijana-nuevo-miembro-de-la-academia-de-alumnos-distinguidos-de-la-escuela-de-ingenieria-de-la-universidad-de-texas\/\",\"name\":\"Fidel Saenz de Ormijana nuevo miembro de la Academia de Alumnos Distinguidos de la Escuela de Ingenier\u00eda de la Universidad de Texas. - Sala de prensa Ferrovial | \u00daltimas noticias\",\"isPartOf\":{\"@id\":\"https:\/\/newsroom.ferrovial.com\/es\/#website\"},\"primaryImageOfPage\":{\"@id\":\"https:\/\/newsroom.ferrovial.com\/es\/noticias-locales\/fidel-saenz-de-ormijana-nuevo-miembro-de-la-academia-de-alumnos-distinguidos-de-la-escuela-de-ingenieria-de-la-universidad-de-texas\/#primaryimage\"},\"image\":{\"@id\":\"https:\/\/newsroom.ferrovial.com\/es\/noticias-locales\/fidel-saenz-de-ormijana-nuevo-miembro-de-la-academia-de-alumnos-distinguidos-de-la-escuela-de-ingenieria-de-la-universidad-de-texas\/#primaryimage\"},\"thumbnailUrl\":\"https:\/\/static.newsroom.ferrovial.com\/wp-content\/uploads\/2021\/11\/15133932\/foto-de-fidel-sainz-de-ormijana-nombrado-miembro-academia-alumnos-distinguidos-escuela-ingenieria-universidad-texas-1.jpg\",\"datePublished\":\"2021-11-10T10:51:02+00:00\",\"dateModified\":\"2022-12-20T17:10:22+00:00\",\"description\":\"Sala de prensa Ferrovial | \u00daltimas noticias\",\"breadcrumb\":{\"@id\":\"https:\/\/newsroom.ferrovial.com\/es\/noticias-locales\/fidel-saenz-de-ormijana-nuevo-miembro-de-la-academia-de-alumnos-distinguidos-de-la-escuela-de-ingenieria-de-la-universidad-de-texas\/#breadcrumb\"},\"inLanguage\":\"es\",\"potentialAction\":[{\"@type\":\"ReadAction\",\"target\":[\"https:\/\/newsroom.ferrovial.com\/es\/noticias-locales\/fidel-saenz-de-ormijana-nuevo-miembro-de-la-academia-de-alumnos-distinguidos-de-la-escuela-de-ingenieria-de-la-universidad-de-texas\/\"]}]},{\"@type\":\"ImageObject\",\"inLanguage\":\"es\",\"@id\":\"https:\/\/newsroom.ferrovial.com\/es\/noticias-locales\/fidel-saenz-de-ormijana-nuevo-miembro-de-la-academia-de-alumnos-distinguidos-de-la-escuela-de-ingenieria-de-la-universidad-de-texas\/#primaryimage\",\"url\":\"https:\/\/static.newsroom.ferrovial.com\/wp-content\/uploads\/2021\/11\/15133932\/foto-de-fidel-sainz-de-ormijana-nombrado-miembro-academia-alumnos-distinguidos-escuela-ingenieria-universidad-texas-1.jpg\",\"contentUrl\":\"https:\/\/static.newsroom.ferrovial.com\/wp-content\/uploads\/2021\/11\/15133932\/foto-de-fidel-sainz-de-ormijana-nombrado-miembro-academia-alumnos-distinguidos-escuela-ingenieria-universidad-texas-1.jpg\",\"width\":1285,\"height\":1121,\"caption\":\"Foto de Fidel Sainz de Ormijana nombrado miembro Academia Alumnos Distinguidos Escuela ingenier\u00eda Universidad Texas\"},{\"@type\":\"BreadcrumbList\",\"@id\":\"https:\/\/newsroom.ferrovial.com\/es\/noticias-locales\/fidel-saenz-de-ormijana-nuevo-miembro-de-la-academia-de-alumnos-distinguidos-de-la-escuela-de-ingenieria-de-la-universidad-de-texas\/#breadcrumb\",\"itemListElement\":[{\"@type\":\"ListItem\",\"position\":1,\"name\":\"Portada\",\"item\":\"https:\/\/newsroom.ferrovial.com\/es\/\"},{\"@type\":\"ListItem\",\"position\":2,\"name\":\"Fidel Saenz de Ormijana nuevo miembro de la Academia de Alumnos Distinguidos de la Escuela de Ingenier\u00eda de la Universidad de Texas.\"}]},{\"@type\":\"WebSite\",\"@id\":\"https:\/\/newsroom.ferrovial.com\/es\/#website\",\"url\":\"https:\/\/newsroom.ferrovial.com\/es\/\",\"name\":\"Sala de prensa Ferrovial | \u00daltimas noticias\",\"description\":\"Sala de prensa Ferrovial | \u00daltimas noticias\",\"publisher\":{\"@id\":\"https:\/\/newsroom.ferrovial.com\/es\/#organization\"},\"potentialAction\":[{\"@type\":\"SearchAction\",\"target\":{\"@type\":\"EntryPoint\",\"urlTemplate\":\"https:\/\/newsroom.ferrovial.com\/es\/?s={search_term_string}\"},\"query-input\":{\"@type\":\"PropertyValueSpecification\",\"valueRequired\":true,\"valueName\":\"search_term_string\"}}],\"inLanguage\":\"es\"},{\"@type\":\"Organization\",\"@id\":\"https:\/\/newsroom.ferrovial.com\/es\/#organization\",\"name\":\"Ferrovial S.A.\",\"url\":\"https:\/\/newsroom.ferrovial.com\/es\/\",\"logo\":{\"@type\":\"ImageObject\",\"inLanguage\":\"es\",\"@id\":\"https:\/\/newsroom.ferrovial.com\/es\/#\/schema\/logo\/image\/\",\"url\":\"https:\/\/static.newsroom.ferrovial.com\/wp-content\/uploads\/2018\/07\/15145720\/Ferrovial_Logotipo1.jpg\",\"contentUrl\":\"https:\/\/static.newsroom.ferrovial.com\/wp-content\/uploads\/2018\/07\/15145720\/Ferrovial_Logotipo1.jpg\",\"width\":600,\"height\":300,\"caption\":\"Ferrovial S.A.\"},\"image\":{\"@id\":\"https:\/\/newsroom.ferrovial.com\/es\/#\/schema\/logo\/image\/\"},\"sameAs\":[\"https:\/\/www.facebook.com\/ferrovial\",\"https:\/\/x.com\/ferrovial\",\"https:\/\/www.instagram.com\/ferrovial\/\",\"https:\/\/www.linkedin.com\/company\/ferrovial\",\"https:\/\/www.pinterest.es\/ferrovial\/\",\"https:\/\/www.youtube.com\/ferrovial\",\"https:\/\/en.wikipedia.org\/wiki\/Ferrovial\"]}]}<\/script>","yoast_head_json":{"title":"Fidel Saenz de Ormijana nuevo miembro de la Academia de Alumnos Distinguidos de la Escuela de Ingenier\u00eda de la Universidad de Texas. - Sala de prensa Ferrovial | \u00daltimas noticias","description":"Sala de prensa Ferrovial | \u00daltimas noticias","robots":{"index":"index","follow":"follow","max-snippet":"max-snippet:-1","max-image-preview":"max-image-preview:large","max-video-preview":"max-video-preview:-1"},"canonical":"https:\/\/newsroom.ferrovial.com\/es\/noticias-locales\/fidel-saenz-de-ormijana-nuevo-miembro-de-la-academia-de-alumnos-distinguidos-de-la-escuela-de-ingenieria-de-la-universidad-de-texas\/","og_locale":"es_ES","og_type":"article","og_title":"Fidel Saenz de Ormijana nuevo miembro de la Academia de Alumnos Distinguidos de la Escuela de Ingenier\u00eda de la Universidad de Texas. - Sala de prensa Ferrovial | \u00daltimas noticias","og_description":"Sala de prensa Ferrovial | \u00daltimas noticias","og_url":"https:\/\/newsroom.ferrovial.com\/es\/noticias-locales\/fidel-saenz-de-ormijana-nuevo-miembro-de-la-academia-de-alumnos-distinguidos-de-la-escuela-de-ingenieria-de-la-universidad-de-texas\/","og_site_name":"Sala de prensa Ferrovial | \u00daltimas noticias","article_publisher":"https:\/\/www.facebook.com\/ferrovial","article_modified_time":"2022-12-20T17:10:22+00:00","og_image":[{"width":1285,"height":1121,"url":"https:\/\/newsroom.ferrovial.com\/wp-content\/uploads\/sites\/4\/2021\/11\/foto-de-fidel-sainz-de-ormijana-nombrado-miembro-academia-alumnos-distinguidos-escuela-ingenieria-universidad-texas-1.jpg","type":"image\/jpeg"}],"twitter_card":"summary_large_image","twitter_site":"@ferrovial","schema":{"@context":"https:\/\/schema.org","@graph":[{"@type":"WebPage","@id":"https:\/\/newsroom.ferrovial.com\/es\/noticias-locales\/fidel-saenz-de-ormijana-nuevo-miembro-de-la-academia-de-alumnos-distinguidos-de-la-escuela-de-ingenieria-de-la-universidad-de-texas\/","url":"https:\/\/newsroom.ferrovial.com\/es\/noticias-locales\/fidel-saenz-de-ormijana-nuevo-miembro-de-la-academia-de-alumnos-distinguidos-de-la-escuela-de-ingenieria-de-la-universidad-de-texas\/","name":"Fidel Saenz de Ormijana nuevo miembro de la Academia de Alumnos Distinguidos de la Escuela de Ingenier\u00eda de la Universidad de Texas. - Sala de prensa Ferrovial | \u00daltimas noticias","isPartOf":{"@id":"https:\/\/newsroom.ferrovial.com\/es\/#website"},"primaryImageOfPage":{"@id":"https:\/\/newsroom.ferrovial.com\/es\/noticias-locales\/fidel-saenz-de-ormijana-nuevo-miembro-de-la-academia-de-alumnos-distinguidos-de-la-escuela-de-ingenieria-de-la-universidad-de-texas\/#primaryimage"},"image":{"@id":"https:\/\/newsroom.ferrovial.com\/es\/noticias-locales\/fidel-saenz-de-ormijana-nuevo-miembro-de-la-academia-de-alumnos-distinguidos-de-la-escuela-de-ingenieria-de-la-universidad-de-texas\/#primaryimage"},"thumbnailUrl":"https:\/\/static.newsroom.ferrovial.com\/wp-content\/uploads\/2021\/11\/15133932\/foto-de-fidel-sainz-de-ormijana-nombrado-miembro-academia-alumnos-distinguidos-escuela-ingenieria-universidad-texas-1.jpg","datePublished":"2021-11-10T10:51:02+00:00","dateModified":"2022-12-20T17:10:22+00:00","description":"Sala de prensa Ferrovial | \u00daltimas noticias","breadcrumb":{"@id":"https:\/\/newsroom.ferrovial.com\/es\/noticias-locales\/fidel-saenz-de-ormijana-nuevo-miembro-de-la-academia-de-alumnos-distinguidos-de-la-escuela-de-ingenieria-de-la-universidad-de-texas\/#breadcrumb"},"inLanguage":"es","potentialAction":[{"@type":"ReadAction","target":["https:\/\/newsroom.ferrovial.com\/es\/noticias-locales\/fidel-saenz-de-ormijana-nuevo-miembro-de-la-academia-de-alumnos-distinguidos-de-la-escuela-de-ingenieria-de-la-universidad-de-texas\/"]}]},{"@type":"ImageObject","inLanguage":"es","@id":"https:\/\/newsroom.ferrovial.com\/es\/noticias-locales\/fidel-saenz-de-ormijana-nuevo-miembro-de-la-academia-de-alumnos-distinguidos-de-la-escuela-de-ingenieria-de-la-universidad-de-texas\/#primaryimage","url":"https:\/\/static.newsroom.ferrovial.com\/wp-content\/uploads\/2021\/11\/15133932\/foto-de-fidel-sainz-de-ormijana-nombrado-miembro-academia-alumnos-distinguidos-escuela-ingenieria-universidad-texas-1.jpg","contentUrl":"https:\/\/static.newsroom.ferrovial.com\/wp-content\/uploads\/2021\/11\/15133932\/foto-de-fidel-sainz-de-ormijana-nombrado-miembro-academia-alumnos-distinguidos-escuela-ingenieria-universidad-texas-1.jpg","width":1285,"height":1121,"caption":"Foto de Fidel Sainz de Ormijana nombrado miembro Academia Alumnos Distinguidos Escuela ingenier\u00eda Universidad Texas"},{"@type":"BreadcrumbList","@id":"https:\/\/newsroom.ferrovial.com\/es\/noticias-locales\/fidel-saenz-de-ormijana-nuevo-miembro-de-la-academia-de-alumnos-distinguidos-de-la-escuela-de-ingenieria-de-la-universidad-de-texas\/#breadcrumb","itemListElement":[{"@type":"ListItem","position":1,"name":"Portada","item":"https:\/\/newsroom.ferrovial.com\/es\/"},{"@type":"ListItem","position":2,"name":"Fidel Saenz de Ormijana nuevo miembro de la Academia de Alumnos Distinguidos de la Escuela de Ingenier\u00eda de la Universidad de Texas."}]},{"@type":"WebSite","@id":"https:\/\/newsroom.ferrovial.com\/es\/#website","url":"https:\/\/newsroom.ferrovial.com\/es\/","name":"Sala de prensa Ferrovial | \u00daltimas noticias","description":"Sala de prensa Ferrovial | \u00daltimas noticias","publisher":{"@id":"https:\/\/newsroom.ferrovial.com\/es\/#organization"},"potentialAction":[{"@type":"SearchAction","target":{"@type":"EntryPoint","urlTemplate":"https:\/\/newsroom.ferrovial.com\/es\/?s={search_term_string}"},"query-input":{"@type":"PropertyValueSpecification","valueRequired":true,"valueName":"search_term_string"}}],"inLanguage":"es"},{"@type":"Organization","@id":"https:\/\/newsroom.ferrovial.com\/es\/#organization","name":"Ferrovial S.A.","url":"https:\/\/newsroom.ferrovial.com\/es\/","logo":{"@type":"ImageObject","inLanguage":"es","@id":"https:\/\/newsroom.ferrovial.com\/es\/#\/schema\/logo\/image\/","url":"https:\/\/static.newsroom.ferrovial.com\/wp-content\/uploads\/2018\/07\/15145720\/Ferrovial_Logotipo1.jpg","contentUrl":"https:\/\/static.newsroom.ferrovial.com\/wp-content\/uploads\/2018\/07\/15145720\/Ferrovial_Logotipo1.jpg","width":600,"height":300,"caption":"Ferrovial S.A."},"image":{"@id":"https:\/\/newsroom.ferrovial.com\/es\/#\/schema\/logo\/image\/"},"sameAs":["https:\/\/www.facebook.com\/ferrovial","https:\/\/x.com\/ferrovial","https:\/\/www.instagram.com\/ferrovial\/","https:\/\/www.linkedin.com\/company\/ferrovial","https:\/\/www.pinterest.es\/ferrovial\/","https:\/\/www.youtube.com\/ferrovial","https:\/\/en.wikipedia.org\/wiki\/Ferrovial"]}]}},"_links":{"self":[{"href":"https:\/\/newsroom.ferrovial.com\/es\/wp-json\/wp\/v2\/local_new\/103999","targetHints":{"allow":["GET"]}}],"collection":[{"href":"https:\/\/newsroom.ferrovial.com\/es\/wp-json\/wp\/v2\/local_new"}],"about":[{"href":"https:\/\/newsroom.ferrovial.com\/es\/wp-json\/wp\/v2\/types\/local_new"}],"replies":[{"embeddable":true,"href":"https:\/\/newsroom.ferrovial.com\/es\/wp-json\/wp\/v2\/comments?post=103999"}],"version-history":[{"count":4,"href":"https:\/\/newsroom.ferrovial.com\/es\/wp-json\/wp\/v2\/local_new\/103999\/revisions"}],"predecessor-version":[{"id":104198,"href":"https:\/\/newsroom.ferrovial.com\/es\/wp-json\/wp\/v2\/local_new\/103999\/revisions\/104198"}],"wp:featuredmedia":[{"embeddable":true,"href":"https:\/\/newsroom.ferrovial.com\/es\/wp-json\/wp\/v2\/media\/104003"}],"wp:attachment":[{"href":"https:\/\/newsroom.ferrovial.com\/es\/wp-json\/wp\/v2\/media?parent=103999"}],"wp:term":[{"taxonomy":"nivel-2","embeddable":true,"href":"https:\/\/newsroom.ferrovial.com\/es\/wp-json\/wp\/v2\/nivel-2?post=103999"},{"taxonomy":"nivel-5","embeddable":true,"href":"https:\/\/newsroom.ferrovial.com\/es\/wp-json\/wp\/v2\/nivel-5?post=103999"},{"taxonomy":"nivel-1","embeddable":true,"href":"https:\/\/newsroom.ferrovial.com\/es\/wp-json\/wp\/v2\/nivel-1?post=103999"},{"taxonomy":"nivel-3","embeddable":true,"href":"https:\/\/newsroom.ferrovial.com\/es\/wp-json\/wp\/v2\/nivel-3?post=103999"},{"taxonomy":"nivel-4","embeddable":true,"href":"https:\/\/newsroom.ferrovial.com\/es\/wp-json\/wp\/v2\/nivel-4?post=103999"}],"curies":[{"name":"wp","href":"https:\/\/api.w.org\/{rel}","templated":true}]}}