{"id":104770,"date":"2022-01-24T15:26:05","date_gmt":"2022-01-24T14:26:05","guid":{"rendered":"https:\/\/newsroom.ferrovial.com\/?post_type=local_new&#038;p=104770"},"modified":"2022-12-20T18:09:55","modified_gmt":"2022-12-20T17:09:55","slug":"nueva-pasarela-peatonal-sobre-el-rio-tormes-en-salamanca","status":"publish","type":"local_new","link":"https:\/\/newsroom.ferrovial.com\/es\/noticias-locales\/nueva-pasarela-peatonal-sobre-el-rio-tormes-en-salamanca\/","title":{"rendered":"Nueva pasarela peatonal sobre el r\u00edo Tormes en Salamanca"},"content":{"rendered":"    <section class=\"wysiwyg text-editor \" id=\"\">\n        <div class=\"container container--narrow container--p-10\">\n            <p>La longitud es de\u00a0<strong>167 m<\/strong>, distribuidos en 5 vanos de 25+39+39+39+25 m, con un ancho \u00fatil de 5 m que se ampl\u00edan a 7 metros en los tramos adyacentes a los estribos. Tiene pendiente longitudinal variable, situ\u00e1ndose el punto alto en el centro. La secci\u00f3n transversal est\u00e1 formada por dos vigas caj\u00f3n laterales de 66 cm de ancho y 79 cm de canto, de acero y forma trapezoidal. Entre dichas vigas o nervios de borde, se disponen diafragmas transversales separados 2,60 m, de secci\u00f3n doble T y canto variable, siendo el m\u00e1ximo 36 cm, salvo en el caso del diagrama de estribos, en el que dichos diafragmas se han dise\u00f1ado como cajones cerrados.<\/p>\n<p><iframe loading=\"lazy\" title=\"YouTube video player\" src=\"https:\/\/www.youtube.com\/embed\/VPByvaixNyE\" width=\"560\" height=\"315\" frameborder=\"0\" allowfullscreen=\"allowfullscreen\"><\/iframe><\/p>\n<p>El anclaje de los tirantes al tablero se realiza al alma exterior de los nervios laterales. Sobre los diafragmas, la losa de hormig\u00f3n tiene un espesor variable entre 11 y 13,5 cm. La superficie tiene pendiente transversal del 1% hacia los laterales de forma que las aguas de escorrent\u00eda se recogen en los sumideros laterales dispuestos a lo largo del tablero.<\/p>\n<p>La pasarela dispone de\u00a0<strong>4 pilas en el cauce del r\u00edo<\/strong>, en forma de V, con un travesa\u00f1o superior situado a media altura que permite dar apoyo al tablero a trav\u00e9s de aparatos de apoyo de neopreno zunchado. Dichas pilas, que se elevan sobre la rasante 5,25 m, sirven adem\u00e1s como punto de anclaje de los tirantes. Los m\u00e1stiles se han dise\u00f1ado como una secci\u00f3n cerrada de acero, con forma trapecial de canto variable, que se empotran en un fuste de hormig\u00f3n de secci\u00f3n octogonal de canto variable de hormig\u00f3n armado. La cimentaci\u00f3n es de tipo profundo, realizada mediante pilotes de hormig\u00f3n armado de 80 cm de di\u00e1metro que apoyan en roca y encepados de 1 m de altura, para cuya ejecuci\u00f3n fue necesario realizar dos pen\u00ednsulas provisionales, as\u00ed como recintos tablestacados.<\/p>\n<p>El\u00a0<strong>equipo<\/strong>\u00a0responsable del proyecto dependiente de la<strong>\u00a0Regi\u00f3n Atl\u00e1ntica de la Direcci\u00f3n de Iberia, Latam y Otros Mercados\u00a0<\/strong>ha estado formado por:<\/p>\n<ul>\n<li>Gerente:\u00a0<strong>Guillermo Fern\u00e1ndez Pell\u00edn.<\/strong><\/li>\n<li>Jefe de Obra:\u00a0<strong>Jos\u00e9 Carlos Guti\u00e9rrez Ruiz.<\/strong><\/li>\n<li>Encargado:<strong>\u00a0Carmelo Andr\u00e9s \u00c1vila.<\/strong><\/li>\n<li>Encargado fase de cimentaciones:\u00a0<strong>Ildefonso de la Torre S\u00e1nchez.<\/strong><\/li>\n<li>Jefe Administrativo:\u00a0<strong>Jos\u00e9 Luis Morena Gij\u00f3n-Bonales<\/strong>.<\/li>\n<li>Auxiliar Administrativo:\u00a0<strong>Alfonso G\u00f3mez Viso.<\/strong><\/li>\n<li>T\u00e9cnico P.R.L.:\u00a0<strong>David Gonz\u00e1lez Puras.<\/strong><\/li>\n<li>Asesor de Calidad y Medio Ambiente:\u00a0<b>V\u00edctor Manuel Benito Hurtado.<\/b><\/li>\n<li>Becario:<strong>\u00a0Enrique Pellico Mart\u00edn.<\/strong><\/li>\n<\/ul>\n<p>Por otro lado, el proyecto ha contado con la colaboraci\u00f3n de las\u00a0<strong>\u00e1reas de Estructuras, Geotecnia\u00a0e Hidr\u00e1ulica de la Direcci\u00f3n T\u00e9cnica<\/strong>, la<strong>\u00a0Direcci\u00f3n de Compras<\/strong>\u00a0y\u00a0<strong>Tecpresa\u00a0<\/strong>(Direcci\u00f3n de Recursos Operativos).<\/p>\n        <\/div>\n    <\/section>\n","protected":false},"excerpt":{"rendered":"","protected":false},"featured_media":104771,"menu_order":0,"comment_status":"closed","ping_status":"closed","template":"","nivel-2":[987,2219,2206,1027],"nivel-5":[],"nivel-1":[2168],"nivel-3":[1258],"nivel-4":[1789],"class_list":["post-104770","local_new","type-local_new","status-publish","has-post-thumbnail","hentry","nivel-2-infraestructuras","nivel-2-ingenieria-civil","nivel-2-obras","nivel-2-puentes","nivel-1-construccion","nivel-3-espana","nivel-4-castilla-y-leon"],"acf":[],"yoast_head":"<title>Nueva pasarela peatonal sobre el r\u00edo Tormes en Salamanca - Sala de prensa Ferrovial | \u00daltimas noticias<\/title>\n<meta name=\"description\" content=\"Sala de prensa Ferrovial | \u00daltimas noticias\" \/>\n<meta name=\"robots\" content=\"index, follow, max-snippet:-1, max-image-preview:large, max-video-preview:-1\" \/>\n<link rel=\"canonical\" href=\"https:\/\/newsroom.ferrovial.com\/es\/noticias-locales\/nueva-pasarela-peatonal-sobre-el-rio-tormes-en-salamanca\/\" \/>\n<meta property=\"og:locale\" content=\"es_ES\" \/>\n<meta property=\"og:type\" content=\"article\" \/>\n<meta property=\"og:title\" content=\"Nueva pasarela peatonal sobre el r\u00edo Tormes en Salamanca - Sala de prensa Ferrovial | \u00daltimas noticias\" \/>\n<meta property=\"og:description\" content=\"Sala de prensa Ferrovial | \u00daltimas noticias\" \/>\n<meta property=\"og:url\" content=\"https:\/\/newsroom.ferrovial.com\/es\/noticias-locales\/nueva-pasarela-peatonal-sobre-el-rio-tormes-en-salamanca\/\" \/>\n<meta property=\"og:site_name\" content=\"Sala de prensa Ferrovial | \u00daltimas noticias\" \/>\n<meta property=\"article:publisher\" content=\"https:\/\/www.facebook.com\/ferrovial\" \/>\n<meta property=\"article:modified_time\" content=\"2022-12-20T17:09:55+00:00\" \/>\n<meta property=\"og:image\" content=\"https:\/\/newsroom.ferrovial.com\/wp-content\/uploads\/sites\/4\/2022\/01\/pasarela-peatonal-rio-tormes-salamanca-2022.png\" \/>\n\t<meta property=\"og:image:width\" content=\"911\" \/>\n\t<meta property=\"og:image:height\" content=\"455\" \/>\n\t<meta property=\"og:image:type\" content=\"image\/png\" \/>\n<meta name=\"twitter:card\" content=\"summary_large_image\" \/>\n<meta name=\"twitter:site\" content=\"@ferrovial\" \/>\n<script type=\"application\/ld+json\" class=\"yoast-schema-graph\">{\"@context\":\"https:\/\/schema.org\",\"@graph\":[{\"@type\":\"WebPage\",\"@id\":\"https:\/\/newsroom.ferrovial.com\/es\/noticias-locales\/nueva-pasarela-peatonal-sobre-el-rio-tormes-en-salamanca\/\",\"url\":\"https:\/\/newsroom.ferrovial.com\/es\/noticias-locales\/nueva-pasarela-peatonal-sobre-el-rio-tormes-en-salamanca\/\",\"name\":\"Nueva pasarela peatonal sobre el r\u00edo Tormes en Salamanca - Sala de prensa Ferrovial | \u00daltimas noticias\",\"isPartOf\":{\"@id\":\"https:\/\/newsroom.ferrovial.com\/es\/#website\"},\"primaryImageOfPage\":{\"@id\":\"https:\/\/newsroom.ferrovial.com\/es\/noticias-locales\/nueva-pasarela-peatonal-sobre-el-rio-tormes-en-salamanca\/#primaryimage\"},\"image\":{\"@id\":\"https:\/\/newsroom.ferrovial.com\/es\/noticias-locales\/nueva-pasarela-peatonal-sobre-el-rio-tormes-en-salamanca\/#primaryimage\"},\"thumbnailUrl\":\"https:\/\/static.newsroom.ferrovial.com\/wp-content\/uploads\/2022\/01\/15142412\/pasarela-peatonal-rio-tormes-salamanca-2022.png\",\"datePublished\":\"2022-01-24T14:26:05+00:00\",\"dateModified\":\"2022-12-20T17:09:55+00:00\",\"description\":\"Sala de prensa Ferrovial | \u00daltimas noticias\",\"breadcrumb\":{\"@id\":\"https:\/\/newsroom.ferrovial.com\/es\/noticias-locales\/nueva-pasarela-peatonal-sobre-el-rio-tormes-en-salamanca\/#breadcrumb\"},\"inLanguage\":\"es\",\"potentialAction\":[{\"@type\":\"ReadAction\",\"target\":[\"https:\/\/newsroom.ferrovial.com\/es\/noticias-locales\/nueva-pasarela-peatonal-sobre-el-rio-tormes-en-salamanca\/\"]}]},{\"@type\":\"ImageObject\",\"inLanguage\":\"es\",\"@id\":\"https:\/\/newsroom.ferrovial.com\/es\/noticias-locales\/nueva-pasarela-peatonal-sobre-el-rio-tormes-en-salamanca\/#primaryimage\",\"url\":\"https:\/\/static.newsroom.ferrovial.com\/wp-content\/uploads\/2022\/01\/15142412\/pasarela-peatonal-rio-tormes-salamanca-2022.png\",\"contentUrl\":\"https:\/\/static.newsroom.ferrovial.com\/wp-content\/uploads\/2022\/01\/15142412\/pasarela-peatonal-rio-tormes-salamanca-2022.png\",\"width\":911,\"height\":455,\"caption\":\"Pasarela peatonal r\u00edo Tormes - Salamanca - 2022\"},{\"@type\":\"BreadcrumbList\",\"@id\":\"https:\/\/newsroom.ferrovial.com\/es\/noticias-locales\/nueva-pasarela-peatonal-sobre-el-rio-tormes-en-salamanca\/#breadcrumb\",\"itemListElement\":[{\"@type\":\"ListItem\",\"position\":1,\"name\":\"Portada\",\"item\":\"https:\/\/newsroom.ferrovial.com\/es\/\"},{\"@type\":\"ListItem\",\"position\":2,\"name\":\"Nueva pasarela peatonal sobre el r\u00edo Tormes en Salamanca\"}]},{\"@type\":\"WebSite\",\"@id\":\"https:\/\/newsroom.ferrovial.com\/es\/#website\",\"url\":\"https:\/\/newsroom.ferrovial.com\/es\/\",\"name\":\"Sala de prensa Ferrovial | \u00daltimas noticias\",\"description\":\"Sala de prensa Ferrovial | \u00daltimas noticias\",\"publisher\":{\"@id\":\"https:\/\/newsroom.ferrovial.com\/es\/#organization\"},\"potentialAction\":[{\"@type\":\"SearchAction\",\"target\":{\"@type\":\"EntryPoint\",\"urlTemplate\":\"https:\/\/newsroom.ferrovial.com\/es\/?s={search_term_string}\"},\"query-input\":{\"@type\":\"PropertyValueSpecification\",\"valueRequired\":true,\"valueName\":\"search_term_string\"}}],\"inLanguage\":\"es\"},{\"@type\":\"Organization\",\"@id\":\"https:\/\/newsroom.ferrovial.com\/es\/#organization\",\"name\":\"Ferrovial S.A.\",\"url\":\"https:\/\/newsroom.ferrovial.com\/es\/\",\"logo\":{\"@type\":\"ImageObject\",\"inLanguage\":\"es\",\"@id\":\"https:\/\/newsroom.ferrovial.com\/es\/#\/schema\/logo\/image\/\",\"url\":\"https:\/\/static.newsroom.ferrovial.com\/wp-content\/uploads\/2018\/07\/15145720\/Ferrovial_Logotipo1.jpg\",\"contentUrl\":\"https:\/\/static.newsroom.ferrovial.com\/wp-content\/uploads\/2018\/07\/15145720\/Ferrovial_Logotipo1.jpg\",\"width\":600,\"height\":300,\"caption\":\"Ferrovial S.A.\"},\"image\":{\"@id\":\"https:\/\/newsroom.ferrovial.com\/es\/#\/schema\/logo\/image\/\"},\"sameAs\":[\"https:\/\/www.facebook.com\/ferrovial\",\"https:\/\/x.com\/ferrovial\",\"https:\/\/www.instagram.com\/ferrovial\/\",\"https:\/\/www.linkedin.com\/company\/ferrovial\",\"https:\/\/www.pinterest.es\/ferrovial\/\",\"https:\/\/www.youtube.com\/ferrovial\",\"https:\/\/en.wikipedia.org\/wiki\/Ferrovial\"]}]}<\/script>","yoast_head_json":{"title":"Nueva pasarela peatonal sobre el r\u00edo Tormes en Salamanca - Sala de prensa Ferrovial | \u00daltimas noticias","description":"Sala de prensa Ferrovial | \u00daltimas noticias","robots":{"index":"index","follow":"follow","max-snippet":"max-snippet:-1","max-image-preview":"max-image-preview:large","max-video-preview":"max-video-preview:-1"},"canonical":"https:\/\/newsroom.ferrovial.com\/es\/noticias-locales\/nueva-pasarela-peatonal-sobre-el-rio-tormes-en-salamanca\/","og_locale":"es_ES","og_type":"article","og_title":"Nueva pasarela peatonal sobre el r\u00edo Tormes en Salamanca - Sala de prensa Ferrovial | \u00daltimas noticias","og_description":"Sala de prensa Ferrovial | \u00daltimas noticias","og_url":"https:\/\/newsroom.ferrovial.com\/es\/noticias-locales\/nueva-pasarela-peatonal-sobre-el-rio-tormes-en-salamanca\/","og_site_name":"Sala de prensa Ferrovial | \u00daltimas noticias","article_publisher":"https:\/\/www.facebook.com\/ferrovial","article_modified_time":"2022-12-20T17:09:55+00:00","og_image":[{"width":911,"height":455,"url":"https:\/\/newsroom.ferrovial.com\/wp-content\/uploads\/sites\/4\/2022\/01\/pasarela-peatonal-rio-tormes-salamanca-2022.png","type":"image\/png"}],"twitter_card":"summary_large_image","twitter_site":"@ferrovial","schema":{"@context":"https:\/\/schema.org","@graph":[{"@type":"WebPage","@id":"https:\/\/newsroom.ferrovial.com\/es\/noticias-locales\/nueva-pasarela-peatonal-sobre-el-rio-tormes-en-salamanca\/","url":"https:\/\/newsroom.ferrovial.com\/es\/noticias-locales\/nueva-pasarela-peatonal-sobre-el-rio-tormes-en-salamanca\/","name":"Nueva pasarela peatonal sobre el r\u00edo Tormes en Salamanca - Sala de prensa Ferrovial | \u00daltimas noticias","isPartOf":{"@id":"https:\/\/newsroom.ferrovial.com\/es\/#website"},"primaryImageOfPage":{"@id":"https:\/\/newsroom.ferrovial.com\/es\/noticias-locales\/nueva-pasarela-peatonal-sobre-el-rio-tormes-en-salamanca\/#primaryimage"},"image":{"@id":"https:\/\/newsroom.ferrovial.com\/es\/noticias-locales\/nueva-pasarela-peatonal-sobre-el-rio-tormes-en-salamanca\/#primaryimage"},"thumbnailUrl":"https:\/\/static.newsroom.ferrovial.com\/wp-content\/uploads\/2022\/01\/15142412\/pasarela-peatonal-rio-tormes-salamanca-2022.png","datePublished":"2022-01-24T14:26:05+00:00","dateModified":"2022-12-20T17:09:55+00:00","description":"Sala de prensa Ferrovial | \u00daltimas noticias","breadcrumb":{"@id":"https:\/\/newsroom.ferrovial.com\/es\/noticias-locales\/nueva-pasarela-peatonal-sobre-el-rio-tormes-en-salamanca\/#breadcrumb"},"inLanguage":"es","potentialAction":[{"@type":"ReadAction","target":["https:\/\/newsroom.ferrovial.com\/es\/noticias-locales\/nueva-pasarela-peatonal-sobre-el-rio-tormes-en-salamanca\/"]}]},{"@type":"ImageObject","inLanguage":"es","@id":"https:\/\/newsroom.ferrovial.com\/es\/noticias-locales\/nueva-pasarela-peatonal-sobre-el-rio-tormes-en-salamanca\/#primaryimage","url":"https:\/\/static.newsroom.ferrovial.com\/wp-content\/uploads\/2022\/01\/15142412\/pasarela-peatonal-rio-tormes-salamanca-2022.png","contentUrl":"https:\/\/static.newsroom.ferrovial.com\/wp-content\/uploads\/2022\/01\/15142412\/pasarela-peatonal-rio-tormes-salamanca-2022.png","width":911,"height":455,"caption":"Pasarela peatonal r\u00edo Tormes - Salamanca - 2022"},{"@type":"BreadcrumbList","@id":"https:\/\/newsroom.ferrovial.com\/es\/noticias-locales\/nueva-pasarela-peatonal-sobre-el-rio-tormes-en-salamanca\/#breadcrumb","itemListElement":[{"@type":"ListItem","position":1,"name":"Portada","item":"https:\/\/newsroom.ferrovial.com\/es\/"},{"@type":"ListItem","position":2,"name":"Nueva pasarela peatonal sobre el r\u00edo Tormes en Salamanca"}]},{"@type":"WebSite","@id":"https:\/\/newsroom.ferrovial.com\/es\/#website","url":"https:\/\/newsroom.ferrovial.com\/es\/","name":"Sala de prensa Ferrovial | \u00daltimas noticias","description":"Sala de prensa Ferrovial | \u00daltimas noticias","publisher":{"@id":"https:\/\/newsroom.ferrovial.com\/es\/#organization"},"potentialAction":[{"@type":"SearchAction","target":{"@type":"EntryPoint","urlTemplate":"https:\/\/newsroom.ferrovial.com\/es\/?s={search_term_string}"},"query-input":{"@type":"PropertyValueSpecification","valueRequired":true,"valueName":"search_term_string"}}],"inLanguage":"es"},{"@type":"Organization","@id":"https:\/\/newsroom.ferrovial.com\/es\/#organization","name":"Ferrovial S.A.","url":"https:\/\/newsroom.ferrovial.com\/es\/","logo":{"@type":"ImageObject","inLanguage":"es","@id":"https:\/\/newsroom.ferrovial.com\/es\/#\/schema\/logo\/image\/","url":"https:\/\/static.newsroom.ferrovial.com\/wp-content\/uploads\/2018\/07\/15145720\/Ferrovial_Logotipo1.jpg","contentUrl":"https:\/\/static.newsroom.ferrovial.com\/wp-content\/uploads\/2018\/07\/15145720\/Ferrovial_Logotipo1.jpg","width":600,"height":300,"caption":"Ferrovial S.A."},"image":{"@id":"https:\/\/newsroom.ferrovial.com\/es\/#\/schema\/logo\/image\/"},"sameAs":["https:\/\/www.facebook.com\/ferrovial","https:\/\/x.com\/ferrovial","https:\/\/www.instagram.com\/ferrovial\/","https:\/\/www.linkedin.com\/company\/ferrovial","https:\/\/www.pinterest.es\/ferrovial\/","https:\/\/www.youtube.com\/ferrovial","https:\/\/en.wikipedia.org\/wiki\/Ferrovial"]}]}},"_links":{"self":[{"href":"https:\/\/newsroom.ferrovial.com\/es\/wp-json\/wp\/v2\/local_new\/104770","targetHints":{"allow":["GET"]}}],"collection":[{"href":"https:\/\/newsroom.ferrovial.com\/es\/wp-json\/wp\/v2\/local_new"}],"about":[{"href":"https:\/\/newsroom.ferrovial.com\/es\/wp-json\/wp\/v2\/types\/local_new"}],"replies":[{"embeddable":true,"href":"https:\/\/newsroom.ferrovial.com\/es\/wp-json\/wp\/v2\/comments?post=104770"}],"version-history":[{"count":3,"href":"https:\/\/newsroom.ferrovial.com\/es\/wp-json\/wp\/v2\/local_new\/104770\/revisions"}],"predecessor-version":[{"id":104781,"href":"https:\/\/newsroom.ferrovial.com\/es\/wp-json\/wp\/v2\/local_new\/104770\/revisions\/104781"}],"wp:featuredmedia":[{"embeddable":true,"href":"https:\/\/newsroom.ferrovial.com\/es\/wp-json\/wp\/v2\/media\/104771"}],"wp:attachment":[{"href":"https:\/\/newsroom.ferrovial.com\/es\/wp-json\/wp\/v2\/media?parent=104770"}],"wp:term":[{"taxonomy":"nivel-2","embeddable":true,"href":"https:\/\/newsroom.ferrovial.com\/es\/wp-json\/wp\/v2\/nivel-2?post=104770"},{"taxonomy":"nivel-5","embeddable":true,"href":"https:\/\/newsroom.ferrovial.com\/es\/wp-json\/wp\/v2\/nivel-5?post=104770"},{"taxonomy":"nivel-1","embeddable":true,"href":"https:\/\/newsroom.ferrovial.com\/es\/wp-json\/wp\/v2\/nivel-1?post=104770"},{"taxonomy":"nivel-3","embeddable":true,"href":"https:\/\/newsroom.ferrovial.com\/es\/wp-json\/wp\/v2\/nivel-3?post=104770"},{"taxonomy":"nivel-4","embeddable":true,"href":"https:\/\/newsroom.ferrovial.com\/es\/wp-json\/wp\/v2\/nivel-4?post=104770"}],"curies":[{"name":"wp","href":"https:\/\/api.w.org\/{rel}","templated":true}]}}