{"id":106913,"date":"2022-06-06T16:09:46","date_gmt":"2022-06-06T14:09:46","guid":{"rendered":"https:\/\/newsroom.ferrovial.com\/?post_type=local_new&#038;p=106913"},"modified":"2022-12-20T18:09:16","modified_gmt":"2022-12-20T17:09:16","slug":"la-ruta-del-cacao-inaugura-tres-nuevos-tramos-y-alcanza-mas-del-90-de-avance-del-proyecto","status":"publish","type":"local_new","link":"https:\/\/newsroom.ferrovial.com\/es\/noticias-locales\/la-ruta-del-cacao-inaugura-tres-nuevos-tramos-y-alcanza-mas-del-90-de-avance-del-proyecto\/","title":{"rendered":"La Ruta del Cacao inaugura tres nuevos tramos y alcanza m\u00e1s del 90% de avance del proyecto"},"content":{"rendered":"    <section class=\"wysiwyg text-editor \" id=\"\">\n        <div class=\"container container--narrow container--p-10\">\n            <p>El acto de inauguraci\u00f3n de estos tramos se celebr\u00f3 el mi\u00e9rcoles 1 de junio a las 3 p.m. (hora local), con la presencia del presidente de la Rep\u00fablica de Colombia, Iv\u00e1n Duque M\u00e1rquez, la Ministra de Transporte, Angela Mar\u00eda Orozco, y el presidente de la Agencia Nacional de Infraestructura, Manuel Felipe Guti\u00e9rrez, as\u00ed como diferentes puestos de responsabilidad de la concesionaria del proyecto BBY y representantes del Gobierno de Santander, departamento en el que se desarrolla la obra.<\/p>\n<p>La infraestructura incluye dos t\u00faneles: el T\u00fanel La Paz que posee <strong>3.2 kil\u00f3metros<\/strong> y el T\u00fanel La Sorda de <strong>2.2 kil\u00f3metros<\/strong> unidos por el Viaducto R\u00edo Sucio de 660 metros. Este viaducto ha sido construido mediante un sistema de voladizos sucesivos que conectan ambos t\u00faneles. Los 5 viaductos de este tramo suman un total de 1,2 kil\u00f3metros.<\/p>\n<p>La <a href=\"https:\/\/www.ferrovial.com\/es\/negocio\/proyectos\/diseno-y-construccion-de-la-autopista-de-peaje-bucaramanga-barrancabermeja-yondo-bby-colombia\/\">Ruta del Cacao<\/a> une las localidades de Bucaramanga y Barrancabermeja del departamento de Santander y Yond\u00f3, ubicado en Antioquia a trav\u00e9s de sus 152 kil\u00f3metros. Esta infraestructura mejora la movilidad y la seguridad de los conductores, el proyecto genera y potencia la creaci\u00f3n de nuevos negocios e impulsa la econom\u00eda local contribuyendo a la mejora de las conexiones por carreta.<\/p>\n<p>Gracias a este proyecto se produce una reactivaci\u00f3n econ\u00f3mica de las empresas y supone un progreso para los habitantes de la zona debido al impacto directo en su calidad de vida.<\/p>\n        <\/div>\n    <\/section>\n    <section class=\"block-quote \" id=\"\">\n        <div class=\"container container--narrow container--p-10 block-quote__body\">\n            <blockquote class=\"block-quote__text\" aria-label=\"\">\n                Esta nueva infraestructura significa un gran alivio y alternativa a la congesti\u00f3n de la zona. La mejora de las conexiones con los centros de producci\u00f3n petrolera m\u00e1s importantes de Colombia fomentar\u00e1 un crecimiento econ\u00f3mico y laboral beneficiando a todos sus usuarios            <\/blockquote>\n\n            <footer class=\"block-quote__footer\">\n                                    <p class=\"block-quote__author\" aria-label=\"\">\n                        <span class=\"block-quote__author-name\">Ant\u00f3n Maese<\/span>\n                    <\/p>\n                                    <p class=\"block-quote__author-role\" aria-label=\"\">\n                        CEO Ruta del Cacao                    <\/p>\n                            <\/footer>\n        <\/div>\n    <\/section>\n    <section class=\"photo-gallery \" id=\"\" name = \"\">\n        <div class=\"container container--narrow container--p-10\">\n            <div class=\"photo-gallery__carousel\">\n                                    <img decoding=\"async\"\n                        src=\"https:\/\/static.newsroom.ferrovial.com\/wp-content\/uploads\/2022\/06\/15141855\/ruta-del-cacao-apertura-junio-2022-4.jpg\"\n                        alt=\"ruta-del-cacao\"\n                        class=\"photo-gallery__image\"\n                        data-title=\"Ruta del Cacao Apertura Junio 2022 4\" \/>\n                                    <img decoding=\"async\"\n                        src=\"https:\/\/static.newsroom.ferrovial.com\/wp-content\/uploads\/2022\/06\/15141852\/ruta-del-cacao-apertura-junio-2022-3.jpg\"\n                        alt=\"ruta-del-cacao-5\"\n                        class=\"photo-gallery__image\"\n                        data-title=\"Ruta del Cacao Apertura Junio 2022 3\" \/>\n                                    <img decoding=\"async\"\n                        src=\"https:\/\/static.newsroom.ferrovial.com\/wp-content\/uploads\/2022\/06\/15141852\/ruta-del-cacao-apertura-junio-2022-2.jpg\"\n                        alt=\"ruta-del-cacao-4\"\n                        class=\"photo-gallery__image\"\n                        data-title=\"Ruta del Cacao Apertura Junio 2022 2\" \/>\n                                    <img decoding=\"async\"\n                        src=\"https:\/\/static.newsroom.ferrovial.com\/wp-content\/uploads\/2022\/06\/15141853\/ruta-del-cacao-apertura-junio-2022.jpg\"\n                        alt=\"ruta-del-cacao-3\"\n                        class=\"photo-gallery__image\"\n                        data-title=\"Ruta del Cacao Apertura Junio 2022\" \/>\n                                    <img decoding=\"async\"\n                        src=\"https:\/\/static.newsroom.ferrovial.com\/wp-content\/uploads\/2022\/06\/15141854\/ruta-del-cacao-apertura-junio-2022-5.jpg\"\n                        alt=\"ruta-del-cacao-2\"\n                        class=\"photo-gallery__image\"\n                        data-title=\"Ruta del Cacao Apertura Junio 2022 5\" \/>\n                            <\/div>\n            <div class=\"photo-gallery__description-container\">\n                <div class=\"photo-gallery__info\">\n                    <span class=\"photo-gallery__caption\">GALER\u00edA DE FOTOS<\/span>\n                    <p class=\"photo-gallery__title\">Ruta del Cacao, apertura junio 2022<\/p>\n                <\/div>\n                <span class=\"icon-gallery-white photo-gallery__icon\"><\/span>\n            <\/div>\n        <\/div>\n    <\/section>\n    <section class=\"wysiwyg text-editor \" id=\"\">\n        <div class=\"container container--narrow container--p-10\">\n            <p>La construcci\u00f3n de estos tres tramos gener\u00f3 <strong>3.700 puestos de trabajo<\/strong> tanto directo como indirectos, el 70% de los cuales se desarrollaron en las comunidades vecinas del corredor.<\/p>\n<p>Con la finalizaci\u00f3n de estas obras se benefician m\u00e1s de <strong>500.000 personas<\/strong> en los municipios del municipio de Santander, Gir\u00f3n, Betulia, San Vicente de Chucur\u00ed, Lebrija y Barrancabermeja.<\/p>\n<p>Los 25 kil\u00f3metros de calzada que se inauguran son: el tramo 5, que conecta el puente de La Paz con el sector de Santa Rosa; el tramo 6 que corresponde al T\u00fanel de La Paz y el tramo 7 que se encuentra entre los sectores de R\u00edo Sucio y Lisboa.<\/p>\n<p>Desde aqu\u00ed queremos felicitar a todo el equipo ha hecho posible este gran hito.<\/p>\n        <\/div>\n    <\/section>\n","protected":false},"excerpt":{"rendered":"","protected":false},"featured_media":106916,"menu_order":0,"comment_status":"closed","ping_status":"closed","template":"","nivel-2":[1924,2212,972,2219,2222,1008],"nivel-5":[1747],"nivel-1":[2168],"nivel-3":[1257],"nivel-4":[2005],"class_list":["post-106913","local_new","type-local_new","status-publish","has-post-thumbnail","hentry","nivel-2-autopistas","nivel-2-concesiones","nivel-2-eventos","nivel-2-ingenieria-civil","nivel-2-movilidad","nivel-2-obra-civil","nivel-5-ruta-del-cacao","nivel-1-construccion","nivel-3-colombia","nivel-4-bucaramanga"],"acf":[],"yoast_head":"<title>La Ruta del Cacao inaugura tres nuevos tramos y alcanza m\u00e1s del 90% de avance del proyecto - Sala de prensa Ferrovial | \u00daltimas noticias<\/title>\n<meta name=\"description\" content=\"Sala de prensa Ferrovial | \u00daltimas noticias\" \/>\n<meta name=\"robots\" content=\"index, follow, max-snippet:-1, max-image-preview:large, max-video-preview:-1\" \/>\n<link rel=\"canonical\" href=\"https:\/\/newsroom.ferrovial.com\/es\/noticias-locales\/la-ruta-del-cacao-inaugura-tres-nuevos-tramos-y-alcanza-mas-del-90-de-avance-del-proyecto\/\" \/>\n<meta property=\"og:locale\" content=\"es_ES\" \/>\n<meta property=\"og:type\" content=\"article\" \/>\n<meta property=\"og:title\" content=\"La Ruta del Cacao inaugura tres nuevos tramos y alcanza m\u00e1s del 90% de avance del proyecto - Sala de prensa Ferrovial | \u00daltimas noticias\" \/>\n<meta property=\"og:description\" content=\"Sala de prensa Ferrovial | \u00daltimas noticias\" \/>\n<meta property=\"og:url\" content=\"https:\/\/newsroom.ferrovial.com\/es\/noticias-locales\/la-ruta-del-cacao-inaugura-tres-nuevos-tramos-y-alcanza-mas-del-90-de-avance-del-proyecto\/\" \/>\n<meta property=\"og:site_name\" content=\"Sala de prensa Ferrovial | \u00daltimas noticias\" \/>\n<meta property=\"article:publisher\" content=\"https:\/\/www.facebook.com\/ferrovial\" \/>\n<meta property=\"article:modified_time\" content=\"2022-12-20T17:09:16+00:00\" \/>\n<meta property=\"og:image\" content=\"https:\/\/newsroom.ferrovial.com\/wp-content\/uploads\/sites\/4\/2022\/06\/ruta-del-cacao-apertura-junio-2022-5.jpg\" \/>\n\t<meta property=\"og:image:width\" content=\"1299\" \/>\n\t<meta property=\"og:image:height\" content=\"866\" \/>\n\t<meta property=\"og:image:type\" content=\"image\/jpeg\" \/>\n<meta name=\"twitter:card\" content=\"summary_large_image\" \/>\n<meta name=\"twitter:site\" content=\"@ferrovial\" \/>\n<script type=\"application\/ld+json\" class=\"yoast-schema-graph\">{\"@context\":\"https:\/\/schema.org\",\"@graph\":[{\"@type\":\"WebPage\",\"@id\":\"https:\/\/newsroom.ferrovial.com\/es\/noticias-locales\/la-ruta-del-cacao-inaugura-tres-nuevos-tramos-y-alcanza-mas-del-90-de-avance-del-proyecto\/\",\"url\":\"https:\/\/newsroom.ferrovial.com\/es\/noticias-locales\/la-ruta-del-cacao-inaugura-tres-nuevos-tramos-y-alcanza-mas-del-90-de-avance-del-proyecto\/\",\"name\":\"La Ruta del Cacao inaugura tres nuevos tramos y alcanza m\u00e1s del 90% de avance del proyecto - Sala de prensa Ferrovial | \u00daltimas noticias\",\"isPartOf\":{\"@id\":\"https:\/\/newsroom.ferrovial.com\/es\/#website\"},\"primaryImageOfPage\":{\"@id\":\"https:\/\/newsroom.ferrovial.com\/es\/noticias-locales\/la-ruta-del-cacao-inaugura-tres-nuevos-tramos-y-alcanza-mas-del-90-de-avance-del-proyecto\/#primaryimage\"},\"image\":{\"@id\":\"https:\/\/newsroom.ferrovial.com\/es\/noticias-locales\/la-ruta-del-cacao-inaugura-tres-nuevos-tramos-y-alcanza-mas-del-90-de-avance-del-proyecto\/#primaryimage\"},\"thumbnailUrl\":\"https:\/\/static.newsroom.ferrovial.com\/wp-content\/uploads\/2022\/06\/15141854\/ruta-del-cacao-apertura-junio-2022-5.jpg\",\"datePublished\":\"2022-06-06T14:09:46+00:00\",\"dateModified\":\"2022-12-20T17:09:16+00:00\",\"description\":\"Sala de prensa Ferrovial | \u00daltimas noticias\",\"breadcrumb\":{\"@id\":\"https:\/\/newsroom.ferrovial.com\/es\/noticias-locales\/la-ruta-del-cacao-inaugura-tres-nuevos-tramos-y-alcanza-mas-del-90-de-avance-del-proyecto\/#breadcrumb\"},\"inLanguage\":\"es\",\"potentialAction\":[{\"@type\":\"ReadAction\",\"target\":[\"https:\/\/newsroom.ferrovial.com\/es\/noticias-locales\/la-ruta-del-cacao-inaugura-tres-nuevos-tramos-y-alcanza-mas-del-90-de-avance-del-proyecto\/\"]}]},{\"@type\":\"ImageObject\",\"inLanguage\":\"es\",\"@id\":\"https:\/\/newsroom.ferrovial.com\/es\/noticias-locales\/la-ruta-del-cacao-inaugura-tres-nuevos-tramos-y-alcanza-mas-del-90-de-avance-del-proyecto\/#primaryimage\",\"url\":\"https:\/\/static.newsroom.ferrovial.com\/wp-content\/uploads\/2022\/06\/15141854\/ruta-del-cacao-apertura-junio-2022-5.jpg\",\"contentUrl\":\"https:\/\/static.newsroom.ferrovial.com\/wp-content\/uploads\/2022\/06\/15141854\/ruta-del-cacao-apertura-junio-2022-5.jpg\",\"width\":1299,\"height\":866,\"caption\":\"ruta-del-cacao-2\"},{\"@type\":\"BreadcrumbList\",\"@id\":\"https:\/\/newsroom.ferrovial.com\/es\/noticias-locales\/la-ruta-del-cacao-inaugura-tres-nuevos-tramos-y-alcanza-mas-del-90-de-avance-del-proyecto\/#breadcrumb\",\"itemListElement\":[{\"@type\":\"ListItem\",\"position\":1,\"name\":\"Portada\",\"item\":\"https:\/\/newsroom.ferrovial.com\/es\/\"},{\"@type\":\"ListItem\",\"position\":2,\"name\":\"La Ruta del Cacao inaugura tres nuevos tramos y alcanza m\u00e1s del 90% de avance del proyecto\"}]},{\"@type\":\"WebSite\",\"@id\":\"https:\/\/newsroom.ferrovial.com\/es\/#website\",\"url\":\"https:\/\/newsroom.ferrovial.com\/es\/\",\"name\":\"Sala de prensa Ferrovial | \u00daltimas noticias\",\"description\":\"Sala de prensa Ferrovial | \u00daltimas noticias\",\"publisher\":{\"@id\":\"https:\/\/newsroom.ferrovial.com\/es\/#organization\"},\"potentialAction\":[{\"@type\":\"SearchAction\",\"target\":{\"@type\":\"EntryPoint\",\"urlTemplate\":\"https:\/\/newsroom.ferrovial.com\/es\/?s={search_term_string}\"},\"query-input\":{\"@type\":\"PropertyValueSpecification\",\"valueRequired\":true,\"valueName\":\"search_term_string\"}}],\"inLanguage\":\"es\"},{\"@type\":\"Organization\",\"@id\":\"https:\/\/newsroom.ferrovial.com\/es\/#organization\",\"name\":\"Ferrovial S.A.\",\"url\":\"https:\/\/newsroom.ferrovial.com\/es\/\",\"logo\":{\"@type\":\"ImageObject\",\"inLanguage\":\"es\",\"@id\":\"https:\/\/newsroom.ferrovial.com\/es\/#\/schema\/logo\/image\/\",\"url\":\"https:\/\/static.newsroom.ferrovial.com\/wp-content\/uploads\/2018\/07\/15145720\/Ferrovial_Logotipo1.jpg\",\"contentUrl\":\"https:\/\/static.newsroom.ferrovial.com\/wp-content\/uploads\/2018\/07\/15145720\/Ferrovial_Logotipo1.jpg\",\"width\":600,\"height\":300,\"caption\":\"Ferrovial S.A.\"},\"image\":{\"@id\":\"https:\/\/newsroom.ferrovial.com\/es\/#\/schema\/logo\/image\/\"},\"sameAs\":[\"https:\/\/www.facebook.com\/ferrovial\",\"https:\/\/x.com\/ferrovial\",\"https:\/\/www.instagram.com\/ferrovial\/\",\"https:\/\/www.linkedin.com\/company\/ferrovial\",\"https:\/\/www.pinterest.es\/ferrovial\/\",\"https:\/\/www.youtube.com\/ferrovial\",\"https:\/\/en.wikipedia.org\/wiki\/Ferrovial\"]}]}<\/script>","yoast_head_json":{"title":"La Ruta del Cacao inaugura tres nuevos tramos y alcanza m\u00e1s del 90% de avance del proyecto - Sala de prensa Ferrovial | \u00daltimas noticias","description":"Sala de prensa Ferrovial | \u00daltimas noticias","robots":{"index":"index","follow":"follow","max-snippet":"max-snippet:-1","max-image-preview":"max-image-preview:large","max-video-preview":"max-video-preview:-1"},"canonical":"https:\/\/newsroom.ferrovial.com\/es\/noticias-locales\/la-ruta-del-cacao-inaugura-tres-nuevos-tramos-y-alcanza-mas-del-90-de-avance-del-proyecto\/","og_locale":"es_ES","og_type":"article","og_title":"La Ruta del Cacao inaugura tres nuevos tramos y alcanza m\u00e1s del 90% de avance del proyecto - Sala de prensa Ferrovial | \u00daltimas noticias","og_description":"Sala de prensa Ferrovial | \u00daltimas noticias","og_url":"https:\/\/newsroom.ferrovial.com\/es\/noticias-locales\/la-ruta-del-cacao-inaugura-tres-nuevos-tramos-y-alcanza-mas-del-90-de-avance-del-proyecto\/","og_site_name":"Sala de prensa Ferrovial | \u00daltimas noticias","article_publisher":"https:\/\/www.facebook.com\/ferrovial","article_modified_time":"2022-12-20T17:09:16+00:00","og_image":[{"width":1299,"height":866,"url":"https:\/\/newsroom.ferrovial.com\/wp-content\/uploads\/sites\/4\/2022\/06\/ruta-del-cacao-apertura-junio-2022-5.jpg","type":"image\/jpeg"}],"twitter_card":"summary_large_image","twitter_site":"@ferrovial","schema":{"@context":"https:\/\/schema.org","@graph":[{"@type":"WebPage","@id":"https:\/\/newsroom.ferrovial.com\/es\/noticias-locales\/la-ruta-del-cacao-inaugura-tres-nuevos-tramos-y-alcanza-mas-del-90-de-avance-del-proyecto\/","url":"https:\/\/newsroom.ferrovial.com\/es\/noticias-locales\/la-ruta-del-cacao-inaugura-tres-nuevos-tramos-y-alcanza-mas-del-90-de-avance-del-proyecto\/","name":"La Ruta del Cacao inaugura tres nuevos tramos y alcanza m\u00e1s del 90% de avance del proyecto - Sala de prensa Ferrovial | \u00daltimas noticias","isPartOf":{"@id":"https:\/\/newsroom.ferrovial.com\/es\/#website"},"primaryImageOfPage":{"@id":"https:\/\/newsroom.ferrovial.com\/es\/noticias-locales\/la-ruta-del-cacao-inaugura-tres-nuevos-tramos-y-alcanza-mas-del-90-de-avance-del-proyecto\/#primaryimage"},"image":{"@id":"https:\/\/newsroom.ferrovial.com\/es\/noticias-locales\/la-ruta-del-cacao-inaugura-tres-nuevos-tramos-y-alcanza-mas-del-90-de-avance-del-proyecto\/#primaryimage"},"thumbnailUrl":"https:\/\/static.newsroom.ferrovial.com\/wp-content\/uploads\/2022\/06\/15141854\/ruta-del-cacao-apertura-junio-2022-5.jpg","datePublished":"2022-06-06T14:09:46+00:00","dateModified":"2022-12-20T17:09:16+00:00","description":"Sala de prensa Ferrovial | \u00daltimas noticias","breadcrumb":{"@id":"https:\/\/newsroom.ferrovial.com\/es\/noticias-locales\/la-ruta-del-cacao-inaugura-tres-nuevos-tramos-y-alcanza-mas-del-90-de-avance-del-proyecto\/#breadcrumb"},"inLanguage":"es","potentialAction":[{"@type":"ReadAction","target":["https:\/\/newsroom.ferrovial.com\/es\/noticias-locales\/la-ruta-del-cacao-inaugura-tres-nuevos-tramos-y-alcanza-mas-del-90-de-avance-del-proyecto\/"]}]},{"@type":"ImageObject","inLanguage":"es","@id":"https:\/\/newsroom.ferrovial.com\/es\/noticias-locales\/la-ruta-del-cacao-inaugura-tres-nuevos-tramos-y-alcanza-mas-del-90-de-avance-del-proyecto\/#primaryimage","url":"https:\/\/static.newsroom.ferrovial.com\/wp-content\/uploads\/2022\/06\/15141854\/ruta-del-cacao-apertura-junio-2022-5.jpg","contentUrl":"https:\/\/static.newsroom.ferrovial.com\/wp-content\/uploads\/2022\/06\/15141854\/ruta-del-cacao-apertura-junio-2022-5.jpg","width":1299,"height":866,"caption":"ruta-del-cacao-2"},{"@type":"BreadcrumbList","@id":"https:\/\/newsroom.ferrovial.com\/es\/noticias-locales\/la-ruta-del-cacao-inaugura-tres-nuevos-tramos-y-alcanza-mas-del-90-de-avance-del-proyecto\/#breadcrumb","itemListElement":[{"@type":"ListItem","position":1,"name":"Portada","item":"https:\/\/newsroom.ferrovial.com\/es\/"},{"@type":"ListItem","position":2,"name":"La Ruta del Cacao inaugura tres nuevos tramos y alcanza m\u00e1s del 90% de avance del proyecto"}]},{"@type":"WebSite","@id":"https:\/\/newsroom.ferrovial.com\/es\/#website","url":"https:\/\/newsroom.ferrovial.com\/es\/","name":"Sala de prensa Ferrovial | \u00daltimas noticias","description":"Sala de prensa Ferrovial | \u00daltimas noticias","publisher":{"@id":"https:\/\/newsroom.ferrovial.com\/es\/#organization"},"potentialAction":[{"@type":"SearchAction","target":{"@type":"EntryPoint","urlTemplate":"https:\/\/newsroom.ferrovial.com\/es\/?s={search_term_string}"},"query-input":{"@type":"PropertyValueSpecification","valueRequired":true,"valueName":"search_term_string"}}],"inLanguage":"es"},{"@type":"Organization","@id":"https:\/\/newsroom.ferrovial.com\/es\/#organization","name":"Ferrovial S.A.","url":"https:\/\/newsroom.ferrovial.com\/es\/","logo":{"@type":"ImageObject","inLanguage":"es","@id":"https:\/\/newsroom.ferrovial.com\/es\/#\/schema\/logo\/image\/","url":"https:\/\/static.newsroom.ferrovial.com\/wp-content\/uploads\/2018\/07\/15145720\/Ferrovial_Logotipo1.jpg","contentUrl":"https:\/\/static.newsroom.ferrovial.com\/wp-content\/uploads\/2018\/07\/15145720\/Ferrovial_Logotipo1.jpg","width":600,"height":300,"caption":"Ferrovial S.A."},"image":{"@id":"https:\/\/newsroom.ferrovial.com\/es\/#\/schema\/logo\/image\/"},"sameAs":["https:\/\/www.facebook.com\/ferrovial","https:\/\/x.com\/ferrovial","https:\/\/www.instagram.com\/ferrovial\/","https:\/\/www.linkedin.com\/company\/ferrovial","https:\/\/www.pinterest.es\/ferrovial\/","https:\/\/www.youtube.com\/ferrovial","https:\/\/en.wikipedia.org\/wiki\/Ferrovial"]}]}},"_links":{"self":[{"href":"https:\/\/newsroom.ferrovial.com\/es\/wp-json\/wp\/v2\/local_new\/106913","targetHints":{"allow":["GET"]}}],"collection":[{"href":"https:\/\/newsroom.ferrovial.com\/es\/wp-json\/wp\/v2\/local_new"}],"about":[{"href":"https:\/\/newsroom.ferrovial.com\/es\/wp-json\/wp\/v2\/types\/local_new"}],"replies":[{"embeddable":true,"href":"https:\/\/newsroom.ferrovial.com\/es\/wp-json\/wp\/v2\/comments?post=106913"}],"version-history":[{"count":3,"href":"https:\/\/newsroom.ferrovial.com\/es\/wp-json\/wp\/v2\/local_new\/106913\/revisions"}],"predecessor-version":[{"id":111020,"href":"https:\/\/newsroom.ferrovial.com\/es\/wp-json\/wp\/v2\/local_new\/106913\/revisions\/111020"}],"wp:featuredmedia":[{"embeddable":true,"href":"https:\/\/newsroom.ferrovial.com\/es\/wp-json\/wp\/v2\/media\/106916"}],"wp:attachment":[{"href":"https:\/\/newsroom.ferrovial.com\/es\/wp-json\/wp\/v2\/media?parent=106913"}],"wp:term":[{"taxonomy":"nivel-2","embeddable":true,"href":"https:\/\/newsroom.ferrovial.com\/es\/wp-json\/wp\/v2\/nivel-2?post=106913"},{"taxonomy":"nivel-5","embeddable":true,"href":"https:\/\/newsroom.ferrovial.com\/es\/wp-json\/wp\/v2\/nivel-5?post=106913"},{"taxonomy":"nivel-1","embeddable":true,"href":"https:\/\/newsroom.ferrovial.com\/es\/wp-json\/wp\/v2\/nivel-1?post=106913"},{"taxonomy":"nivel-3","embeddable":true,"href":"https:\/\/newsroom.ferrovial.com\/es\/wp-json\/wp\/v2\/nivel-3?post=106913"},{"taxonomy":"nivel-4","embeddable":true,"href":"https:\/\/newsroom.ferrovial.com\/es\/wp-json\/wp\/v2\/nivel-4?post=106913"}],"curies":[{"name":"wp","href":"https:\/\/api.w.org\/{rel}","templated":true}]}}