{"id":120019,"date":"2023-02-24T12:07:19","date_gmt":"2023-02-24T11:07:19","guid":{"rendered":"https:\/\/newsroom.ferrovial.com\/?post_type=local_new&#038;p=120019"},"modified":"2023-02-24T12:07:19","modified_gmt":"2023-02-24T11:07:19","slug":"inaugurada-la-edari-de-papresa-construida-por-cadagua","status":"publish","type":"local_new","link":"https:\/\/newsroom.ferrovial.com\/es\/noticias-locales\/inaugurada-la-edari-de-papresa-construida-por-cadagua\/","title":{"rendered":"Inaugurada la EDARI de Papresa construida por Cadagua"},"content":{"rendered":"    <section class=\"wysiwyg text-editor \" id=\"\">\n        <div class=\"container container--narrow container--p-10\">\n            <p>Este mi\u00e9rcoles 22 de febrero se ha inaugurado la <strong>planta de tratamiento de aguas de proceso de la f\u00e1brica de Papresa en Errenter\u00eda, Gipuzko<\/strong>a. El acto inaugural de la nueva planta, que supone un importe hito para <strong><a href=\"https:\/\/www.ferrovial.com\/es-es\/cadagua\/\" target=\"_blank\" rel=\"dofollow noopener\">Cadagua <\/a><\/strong>y <a href=\"https:\/\/papresa.com\/\" target=\"_blank\" rel=\"noopener\"><strong>Papresa<\/strong><\/a>, <strong>fue presidido por el <em>lehendakari <\/em>del Gobierno vasco, I\u00f1igo Urkullu<\/strong>.<\/p>\n<p>Papresa reafirma as\u00ed su apuesta por soluciones m\u00e1s sostenibles, como las que aporta la<strong> tecnolog\u00eda anaerobia BIOPAQ\u00aeIC suministrada por Cadagua<\/strong>. Esta tecnolog\u00eda <strong>elimina m\u00e1s del 80% de la contaminaci\u00f3n org\u00e1nica, sin apenas consumo de energ\u00eda y produciendo un valioso biog\u00e1s verde utilizado en la propia instalaci\u00f3n.<\/strong> Todo esto <strong>ayuda a reducir en m\u00e1s de un 25% la huella de carbono de la planta<\/strong>. Papresa, que lleva tiempo apostando por una profunda transformaci\u00f3n industrial y modernizaci\u00f3n despu\u00e9s de que fuese adquirida por parte de Quantum Capital Partners, se asegura de esta forma que el agua empleada durante el proceso de fabricaci\u00f3n de papel regrese a la naturaleza lo m\u00e1s limpia posible con la tecnolog\u00eda m\u00e1s sostenible del mercado. Este proyecto, <strong>con un emplazamiento complejo y confinado, ha supuesto todo un reto para Cadagua, que se ha conseguido ejecutar adem\u00e1s en un corto plazo de tiempo.<\/strong><\/p>\n<p>Entre las autoridades asistentes tambi\u00e9n se encontraban Markel Olano, el diputado general de Gipuzkoa; Denis Itxaso, el delegado del Gobierno en el Pa\u00eds Vasco; Aizpea Otaegi, la alcaldesa de Errenteria; Arantxa Tapi, la consejera de Desarrollo Econ\u00f3mico, Sostenibilidad y Medioambiente; Steffen Gorrig, el CEO y director ejecutivo de Quantum Capital Partners; Miguel S\u00e1nchez, director general de Tilman Richter, presidente y CEO de Papresa, y el CEO de Cadagua Pablo Riesco, entre otras personalidades.<\/p>\n<p>Con este hito, Cadagua suma 35 a\u00f1os de colaboraci\u00f3n con la empresa biotecnol\u00f3gica holandesa Paques implementando su tecnolog\u00eda en distintos proyectos. Cadagua instal\u00f3 su primera depuradora en la factor\u00eda de Mahou en Madrid en 1990. Desde entonces, Cadagua ha dise\u00f1ado e instalado decenas de depuradoras en diversos sectores.<\/p>\n        <\/div>\n    <\/section>\n","protected":false},"excerpt":{"rendered":"","protected":false},"featured_media":120021,"menu_order":0,"comment_status":"closed","ping_status":"closed","template":"","nivel-2":[909,1962,2223],"nivel-5":[2158],"nivel-1":[],"nivel-3":[],"nivel-4":[],"class_list":["post-120019","local_new","type-local_new","status-publish","has-post-thumbnail","hentry","nivel-2-agua","nivel-2-edari","nivel-2-planta-de-tratamiento-de-agua","nivel-5-cadagua"],"acf":[],"yoast_head":"<title>Inaugurada la EDARI de Papresa construida por Cadagua - Sala de prensa Ferrovial | \u00daltimas noticias<\/title>\n<meta name=\"description\" content=\"Sala de prensa Ferrovial | \u00daltimas noticias\" \/>\n<meta name=\"robots\" content=\"index, follow, max-snippet:-1, max-image-preview:large, max-video-preview:-1\" \/>\n<link rel=\"canonical\" href=\"https:\/\/newsroom.ferrovial.com\/es\/noticias-locales\/inaugurada-la-edari-de-papresa-construida-por-cadagua\/\" \/>\n<meta property=\"og:locale\" content=\"es_ES\" \/>\n<meta property=\"og:type\" content=\"article\" \/>\n<meta property=\"og:title\" content=\"Inaugurada la EDARI de Papresa construida por Cadagua - Sala de prensa Ferrovial | \u00daltimas noticias\" \/>\n<meta property=\"og:description\" content=\"Sala de prensa Ferrovial | \u00daltimas noticias\" \/>\n<meta property=\"og:url\" content=\"https:\/\/newsroom.ferrovial.com\/es\/noticias-locales\/inaugurada-la-edari-de-papresa-construida-por-cadagua\/\" \/>\n<meta property=\"og:site_name\" content=\"Sala de prensa Ferrovial | \u00daltimas noticias\" \/>\n<meta property=\"article:publisher\" content=\"https:\/\/www.facebook.com\/ferrovial\" \/>\n<meta property=\"og:image\" content=\"https:\/\/newsroom.ferrovial.com\/wp-content\/uploads\/sites\/4\/2023\/02\/2302-papresa-erredehierro-12-scaled.jpg\" \/>\n\t<meta property=\"og:image:width\" content=\"2560\" \/>\n\t<meta property=\"og:image:height\" content=\"1707\" \/>\n\t<meta property=\"og:image:type\" content=\"image\/jpeg\" \/>\n<meta name=\"twitter:card\" content=\"summary_large_image\" \/>\n<meta name=\"twitter:site\" content=\"@ferrovial\" \/>\n<script type=\"application\/ld+json\" class=\"yoast-schema-graph\">{\"@context\":\"https:\/\/schema.org\",\"@graph\":[{\"@type\":\"WebPage\",\"@id\":\"https:\/\/newsroom.ferrovial.com\/es\/noticias-locales\/inaugurada-la-edari-de-papresa-construida-por-cadagua\/\",\"url\":\"https:\/\/newsroom.ferrovial.com\/es\/noticias-locales\/inaugurada-la-edari-de-papresa-construida-por-cadagua\/\",\"name\":\"Inaugurada la EDARI de Papresa construida por Cadagua - Sala de prensa Ferrovial | \u00daltimas noticias\",\"isPartOf\":{\"@id\":\"https:\/\/newsroom.ferrovial.com\/es\/#website\"},\"primaryImageOfPage\":{\"@id\":\"https:\/\/newsroom.ferrovial.com\/es\/noticias-locales\/inaugurada-la-edari-de-papresa-construida-por-cadagua\/#primaryimage\"},\"image\":{\"@id\":\"https:\/\/newsroom.ferrovial.com\/es\/noticias-locales\/inaugurada-la-edari-de-papresa-construida-por-cadagua\/#primaryimage\"},\"thumbnailUrl\":\"https:\/\/static.newsroom.ferrovial.com\/wp-content\/uploads\/2023\/02\/15141053\/2302-papresa-erredehierro-12-scaled.jpg\",\"datePublished\":\"2023-02-24T11:07:19+00:00\",\"description\":\"Sala de prensa Ferrovial | \u00daltimas noticias\",\"breadcrumb\":{\"@id\":\"https:\/\/newsroom.ferrovial.com\/es\/noticias-locales\/inaugurada-la-edari-de-papresa-construida-por-cadagua\/#breadcrumb\"},\"inLanguage\":\"es\",\"potentialAction\":[{\"@type\":\"ReadAction\",\"target\":[\"https:\/\/newsroom.ferrovial.com\/es\/noticias-locales\/inaugurada-la-edari-de-papresa-construida-por-cadagua\/\"]}]},{\"@type\":\"ImageObject\",\"inLanguage\":\"es\",\"@id\":\"https:\/\/newsroom.ferrovial.com\/es\/noticias-locales\/inaugurada-la-edari-de-papresa-construida-por-cadagua\/#primaryimage\",\"url\":\"https:\/\/static.newsroom.ferrovial.com\/wp-content\/uploads\/2023\/02\/15141053\/2302-papresa-erredehierro-12-scaled.jpg\",\"contentUrl\":\"https:\/\/static.newsroom.ferrovial.com\/wp-content\/uploads\/2023\/02\/15141053\/2302-papresa-erredehierro-12-scaled.jpg\",\"width\":2560,\"height\":1707},{\"@type\":\"BreadcrumbList\",\"@id\":\"https:\/\/newsroom.ferrovial.com\/es\/noticias-locales\/inaugurada-la-edari-de-papresa-construida-por-cadagua\/#breadcrumb\",\"itemListElement\":[{\"@type\":\"ListItem\",\"position\":1,\"name\":\"Portada\",\"item\":\"https:\/\/newsroom.ferrovial.com\/es\/\"},{\"@type\":\"ListItem\",\"position\":2,\"name\":\"Inaugurada la EDARI de Papresa construida por Cadagua\"}]},{\"@type\":\"WebSite\",\"@id\":\"https:\/\/newsroom.ferrovial.com\/es\/#website\",\"url\":\"https:\/\/newsroom.ferrovial.com\/es\/\",\"name\":\"Sala de prensa Ferrovial | \u00daltimas noticias\",\"description\":\"Sala de prensa Ferrovial | \u00daltimas noticias\",\"publisher\":{\"@id\":\"https:\/\/newsroom.ferrovial.com\/es\/#organization\"},\"potentialAction\":[{\"@type\":\"SearchAction\",\"target\":{\"@type\":\"EntryPoint\",\"urlTemplate\":\"https:\/\/newsroom.ferrovial.com\/es\/?s={search_term_string}\"},\"query-input\":{\"@type\":\"PropertyValueSpecification\",\"valueRequired\":true,\"valueName\":\"search_term_string\"}}],\"inLanguage\":\"es\"},{\"@type\":\"Organization\",\"@id\":\"https:\/\/newsroom.ferrovial.com\/es\/#organization\",\"name\":\"Ferrovial S.A.\",\"url\":\"https:\/\/newsroom.ferrovial.com\/es\/\",\"logo\":{\"@type\":\"ImageObject\",\"inLanguage\":\"es\",\"@id\":\"https:\/\/newsroom.ferrovial.com\/es\/#\/schema\/logo\/image\/\",\"url\":\"https:\/\/static.newsroom.ferrovial.com\/wp-content\/uploads\/2018\/07\/15145720\/Ferrovial_Logotipo1.jpg\",\"contentUrl\":\"https:\/\/static.newsroom.ferrovial.com\/wp-content\/uploads\/2018\/07\/15145720\/Ferrovial_Logotipo1.jpg\",\"width\":600,\"height\":300,\"caption\":\"Ferrovial S.A.\"},\"image\":{\"@id\":\"https:\/\/newsroom.ferrovial.com\/es\/#\/schema\/logo\/image\/\"},\"sameAs\":[\"https:\/\/www.facebook.com\/ferrovial\",\"https:\/\/x.com\/ferrovial\",\"https:\/\/www.instagram.com\/ferrovial\/\",\"https:\/\/www.linkedin.com\/company\/ferrovial\",\"https:\/\/www.pinterest.es\/ferrovial\/\",\"https:\/\/www.youtube.com\/ferrovial\",\"https:\/\/en.wikipedia.org\/wiki\/Ferrovial\"]}]}<\/script>","yoast_head_json":{"title":"Inaugurada la EDARI de Papresa construida por Cadagua - Sala de prensa Ferrovial | \u00daltimas noticias","description":"Sala de prensa Ferrovial | \u00daltimas noticias","robots":{"index":"index","follow":"follow","max-snippet":"max-snippet:-1","max-image-preview":"max-image-preview:large","max-video-preview":"max-video-preview:-1"},"canonical":"https:\/\/newsroom.ferrovial.com\/es\/noticias-locales\/inaugurada-la-edari-de-papresa-construida-por-cadagua\/","og_locale":"es_ES","og_type":"article","og_title":"Inaugurada la EDARI de Papresa construida por Cadagua - Sala de prensa Ferrovial | \u00daltimas noticias","og_description":"Sala de prensa Ferrovial | \u00daltimas noticias","og_url":"https:\/\/newsroom.ferrovial.com\/es\/noticias-locales\/inaugurada-la-edari-de-papresa-construida-por-cadagua\/","og_site_name":"Sala de prensa Ferrovial | \u00daltimas noticias","article_publisher":"https:\/\/www.facebook.com\/ferrovial","og_image":[{"width":2560,"height":1707,"url":"https:\/\/newsroom.ferrovial.com\/wp-content\/uploads\/sites\/4\/2023\/02\/2302-papresa-erredehierro-12-scaled.jpg","type":"image\/jpeg"}],"twitter_card":"summary_large_image","twitter_site":"@ferrovial","schema":{"@context":"https:\/\/schema.org","@graph":[{"@type":"WebPage","@id":"https:\/\/newsroom.ferrovial.com\/es\/noticias-locales\/inaugurada-la-edari-de-papresa-construida-por-cadagua\/","url":"https:\/\/newsroom.ferrovial.com\/es\/noticias-locales\/inaugurada-la-edari-de-papresa-construida-por-cadagua\/","name":"Inaugurada la EDARI de Papresa construida por Cadagua - Sala de prensa Ferrovial | \u00daltimas noticias","isPartOf":{"@id":"https:\/\/newsroom.ferrovial.com\/es\/#website"},"primaryImageOfPage":{"@id":"https:\/\/newsroom.ferrovial.com\/es\/noticias-locales\/inaugurada-la-edari-de-papresa-construida-por-cadagua\/#primaryimage"},"image":{"@id":"https:\/\/newsroom.ferrovial.com\/es\/noticias-locales\/inaugurada-la-edari-de-papresa-construida-por-cadagua\/#primaryimage"},"thumbnailUrl":"https:\/\/static.newsroom.ferrovial.com\/wp-content\/uploads\/2023\/02\/15141053\/2302-papresa-erredehierro-12-scaled.jpg","datePublished":"2023-02-24T11:07:19+00:00","description":"Sala de prensa Ferrovial | \u00daltimas noticias","breadcrumb":{"@id":"https:\/\/newsroom.ferrovial.com\/es\/noticias-locales\/inaugurada-la-edari-de-papresa-construida-por-cadagua\/#breadcrumb"},"inLanguage":"es","potentialAction":[{"@type":"ReadAction","target":["https:\/\/newsroom.ferrovial.com\/es\/noticias-locales\/inaugurada-la-edari-de-papresa-construida-por-cadagua\/"]}]},{"@type":"ImageObject","inLanguage":"es","@id":"https:\/\/newsroom.ferrovial.com\/es\/noticias-locales\/inaugurada-la-edari-de-papresa-construida-por-cadagua\/#primaryimage","url":"https:\/\/static.newsroom.ferrovial.com\/wp-content\/uploads\/2023\/02\/15141053\/2302-papresa-erredehierro-12-scaled.jpg","contentUrl":"https:\/\/static.newsroom.ferrovial.com\/wp-content\/uploads\/2023\/02\/15141053\/2302-papresa-erredehierro-12-scaled.jpg","width":2560,"height":1707},{"@type":"BreadcrumbList","@id":"https:\/\/newsroom.ferrovial.com\/es\/noticias-locales\/inaugurada-la-edari-de-papresa-construida-por-cadagua\/#breadcrumb","itemListElement":[{"@type":"ListItem","position":1,"name":"Portada","item":"https:\/\/newsroom.ferrovial.com\/es\/"},{"@type":"ListItem","position":2,"name":"Inaugurada la EDARI de Papresa construida por Cadagua"}]},{"@type":"WebSite","@id":"https:\/\/newsroom.ferrovial.com\/es\/#website","url":"https:\/\/newsroom.ferrovial.com\/es\/","name":"Sala de prensa Ferrovial | \u00daltimas noticias","description":"Sala de prensa Ferrovial | \u00daltimas noticias","publisher":{"@id":"https:\/\/newsroom.ferrovial.com\/es\/#organization"},"potentialAction":[{"@type":"SearchAction","target":{"@type":"EntryPoint","urlTemplate":"https:\/\/newsroom.ferrovial.com\/es\/?s={search_term_string}"},"query-input":{"@type":"PropertyValueSpecification","valueRequired":true,"valueName":"search_term_string"}}],"inLanguage":"es"},{"@type":"Organization","@id":"https:\/\/newsroom.ferrovial.com\/es\/#organization","name":"Ferrovial S.A.","url":"https:\/\/newsroom.ferrovial.com\/es\/","logo":{"@type":"ImageObject","inLanguage":"es","@id":"https:\/\/newsroom.ferrovial.com\/es\/#\/schema\/logo\/image\/","url":"https:\/\/static.newsroom.ferrovial.com\/wp-content\/uploads\/2018\/07\/15145720\/Ferrovial_Logotipo1.jpg","contentUrl":"https:\/\/static.newsroom.ferrovial.com\/wp-content\/uploads\/2018\/07\/15145720\/Ferrovial_Logotipo1.jpg","width":600,"height":300,"caption":"Ferrovial S.A."},"image":{"@id":"https:\/\/newsroom.ferrovial.com\/es\/#\/schema\/logo\/image\/"},"sameAs":["https:\/\/www.facebook.com\/ferrovial","https:\/\/x.com\/ferrovial","https:\/\/www.instagram.com\/ferrovial\/","https:\/\/www.linkedin.com\/company\/ferrovial","https:\/\/www.pinterest.es\/ferrovial\/","https:\/\/www.youtube.com\/ferrovial","https:\/\/en.wikipedia.org\/wiki\/Ferrovial"]}]}},"_links":{"self":[{"href":"https:\/\/newsroom.ferrovial.com\/es\/wp-json\/wp\/v2\/local_new\/120019","targetHints":{"allow":["GET"]}}],"collection":[{"href":"https:\/\/newsroom.ferrovial.com\/es\/wp-json\/wp\/v2\/local_new"}],"about":[{"href":"https:\/\/newsroom.ferrovial.com\/es\/wp-json\/wp\/v2\/types\/local_new"}],"replies":[{"embeddable":true,"href":"https:\/\/newsroom.ferrovial.com\/es\/wp-json\/wp\/v2\/comments?post=120019"}],"version-history":[{"count":1,"href":"https:\/\/newsroom.ferrovial.com\/es\/wp-json\/wp\/v2\/local_new\/120019\/revisions"}],"predecessor-version":[{"id":120023,"href":"https:\/\/newsroom.ferrovial.com\/es\/wp-json\/wp\/v2\/local_new\/120019\/revisions\/120023"}],"wp:featuredmedia":[{"embeddable":true,"href":"https:\/\/newsroom.ferrovial.com\/es\/wp-json\/wp\/v2\/media\/120021"}],"wp:attachment":[{"href":"https:\/\/newsroom.ferrovial.com\/es\/wp-json\/wp\/v2\/media?parent=120019"}],"wp:term":[{"taxonomy":"nivel-2","embeddable":true,"href":"https:\/\/newsroom.ferrovial.com\/es\/wp-json\/wp\/v2\/nivel-2?post=120019"},{"taxonomy":"nivel-5","embeddable":true,"href":"https:\/\/newsroom.ferrovial.com\/es\/wp-json\/wp\/v2\/nivel-5?post=120019"},{"taxonomy":"nivel-1","embeddable":true,"href":"https:\/\/newsroom.ferrovial.com\/es\/wp-json\/wp\/v2\/nivel-1?post=120019"},{"taxonomy":"nivel-3","embeddable":true,"href":"https:\/\/newsroom.ferrovial.com\/es\/wp-json\/wp\/v2\/nivel-3?post=120019"},{"taxonomy":"nivel-4","embeddable":true,"href":"https:\/\/newsroom.ferrovial.com\/es\/wp-json\/wp\/v2\/nivel-4?post=120019"}],"curies":[{"name":"wp","href":"https:\/\/api.w.org\/{rel}","templated":true}]}}