{"id":93604,"date":"2019-06-06T15:22:22","date_gmt":"2019-06-06T13:22:22","guid":{"rendered":"https:\/\/newsroom.ferrovial.com\/?post_type=local_new&#038;p=93604"},"modified":"2022-12-20T18:18:52","modified_gmt":"2022-12-20T17:18:52","slug":"javier-gutierrez-participa-en-el-v-foro-anual-sobre-ppps-organizado-por-el-centro-universitario-para-el-transporte-george-mason","status":"publish","type":"local_new","link":"https:\/\/newsroom.ferrovial.com\/es\/noticias-locales\/javier-gutierrez-participa-en-el-v-foro-anual-sobre-ppps-organizado-por-el-centro-universitario-para-el-transporte-george-mason\/","title":{"rendered":"Javier Guti\u00e9rrez participa en el V Foro Anual sobre PPPs organizado por el Centro Universitario para el Transporte George Mason"},"content":{"rendered":"    <section class=\"wysiwyg text-editor \" id=\"\">\n        <div class=\"container container--narrow container--p-10\">\n            <p class=\"x30 mgbot30 lh50 md_x20 md_lh40 xs_lh30 animated_item animated fadeInUp onScreen\"><a href=\"https:\/\/www.linkedin.com\/in\/javier-guti%C3%A9rrez-villanueva-b4771714\/es\" target=\"_blank\" rel=\"noopener\">Javier Guti\u00e9rrez<\/a>, CEO de la\u00a0<strong>autopista\u00a0<a href=\"https:\/\/www.cintra.es\/es\/eeuu\/autopista-i66\/\" target=\"_blank\" rel=\"noopener\">I-66<\/a><\/strong>, particip\u00f3 recientemente en un panel sobre Programas para Carreteras Regionales incluido en el V Foro Anual sobre PPPs organizado por el Centro Universitario para el Transporte George Mason. En el mismo panel tambi\u00e9n intervinieron otros funcionarios de Maryland interesados en el sistema de colaboraci\u00f3n p\u00fablico-privada para solucionar los problemas de congesti\u00f3n en las carreteras I-495 y I-270.<\/p>\n<p class=\"x30 mgbot30 lh50 md_x20 md_lh40 xs_lh30 animated_item animated fadeInUp onScreen\">El \u00e1rea metropolitana de Washington DC tiene una de las peores congestiones de tr\u00e1fico en todo el territorio de Estados Unidos. Por ello, este panel fue uno de los que m\u00e1s audiencia tuvo entre los asistentes de la jornada.<\/p>\n<div>\n<p class=\"x30 mgbot30 lh50 md_x20 md_lh40 xs_lh30 animated_item animated fadeInUp onScreen\">Adem\u00e1s, la jornada tuvo otros debates sobre diferentes materias como los nuevos modelos para entregar los contratos de colaboraci\u00f3n p\u00fablico-privada, las perspectivas de las pol\u00edticas y el mercado nacional, y sobre c\u00f3mo abordar la movilidad inteligente a trav\u00e9s de programas PPP (Colaboraci\u00f3n P\u00fablico-Privada).<\/p>\n<\/div>\n        <\/div>\n    <\/section>\n    <section class=\"image-section \" id=\"\">\n        <div class=\"container container--narrow container--p-10\">\n        <figure class=\"image-section__figure\">\n            <img decoding=\"async\" src=\"https:\/\/static.newsroom.ferrovial.com\/wp-content\/uploads\/2020\/01\/15144041\/v_foro_anual_02.jpg\" title=\"destac\u00f3 la presencia del Departamento de Transporte de Estados Unidos, del Programa de Desarrollo Ferroviario del Banco Mundial y del Departamento de Transporte de Washington DC.\" alt=\"destac\u00f3 la presencia del Departamento de Transporte de Estados Unidos, del Programa de Desarrollo Ferroviario del Banco Mundial y del Departamento de Transporte de Washington DC.\" class=\"image-section__image\">\n                    <\/figure>\n        <\/div>\n    <\/section>\n    <section class=\"wysiwyg text-editor \" id=\"\">\n        <div class=\"container container--narrow container--p-10\">\n            <p class=\"x30 mgbot30 lh50 md_x20 md_lh40 xs_lh30 animated_item animated fadeInUp onScreen\">Entre los participantes en este foro, destac\u00f3 la presencia del Departamento de Transporte de Estados Unidos, del Programa de Desarrollo Ferroviario del Banco Mundial y del Departamento de Transporte de Washington DC.<\/p>\n<p class=\"x30 mgbot30 lh50 md_x20 md_lh40 xs_lh30 animated_item animated fadeInUp onScreen\">El proyecto\u00a0<em>I-66 Outside the Beltway<\/em>\u00a0es una de las de infraestructuras con m\u00e1s tr\u00e1fico en la regi\u00f3n de Washington. Actualmente, alrededor de 200.000 veh\u00edculos recorren esta autopista a diario, con tr\u00e1fico denso durante unas 8 \u00f3 10 horas. Conocida como\u00a0<a href=\"http:\/\/outside.transform66.org\/about_the_project\/default.asp\" target=\"_blank\" rel=\"noopener\"><strong><em>Transform66 Outside the Beltway<\/em><\/strong><\/a>, la construcci\u00f3n comenz\u00f3 en 2018 a lo largo del corredor de 35 kil\u00f3metros y se completar\u00e1 a finales de 2022. El proyecto contar\u00e1 con dos carriles\u00a0<strong><em>Managed Lanes<\/em>\u00a0<\/strong>por cada direcci\u00f3n y tres carriles de uso general, as\u00ed como 4.000 plazas de estacionamiento, de tr\u00e1nsito expandido y de uso compartido de la red ciclista-peatonal.<\/p>\n<p><a href=\"https:\/\/www.youtube.com\/watch?v=iSdGL9-cNX4\">https:\/\/www.youtube.com\/watch?v=iSdGL9-cNX4<\/a><\/p>\n        <\/div>\n    <\/section>\n    <section class=\"image-section \" id=\"\">\n        <div class=\"container container--narrow container--p-10\">\n        <figure class=\"image-section__figure\">\n            <img decoding=\"async\" src=\"https:\/\/static.newsroom.ferrovial.com\/wp-content\/uploads\/2020\/01\/15144040\/v_foro_anual_03.jpg\" title=\"El proyecto I-66 Outside the Beltway es una de las de infraestructuras con m\u00e1s tr\u00e1fico en la regi\u00f3n de Washington\" alt=\"El proyecto I-66 Outside the Beltway es una de las de infraestructuras con m\u00e1s tr\u00e1fico en la regi\u00f3n de Washington\" class=\"image-section__image\">\n                    <\/figure>\n        <\/div>\n    <\/section>\n","protected":false},"excerpt":{"rendered":"","protected":false},"featured_media":93605,"menu_order":0,"comment_status":"closed","ping_status":"closed","template":"","nivel-2":[937,972,1835,1030],"nivel-5":[1729,1757],"nivel-1":[894],"nivel-3":[1259],"nivel-4":[],"class_list":["post-93604","local_new","type-local_new","status-publish","has-post-thumbnail","hentry","nivel-2-carreteras","nivel-2-eventos","nivel-2-managed-lanes","nivel-2-red-de-carreteras","nivel-5-cintra","nivel-5-i-66","nivel-1-autopistas","nivel-3-estados-unidos"],"acf":[],"yoast_head":"<title>Javier Guti\u00e9rrez participa en el V Foro Anual sobre PPPs organizado por el Centro Universitario para el Transporte George Mason - Sala de prensa Ferrovial | \u00daltimas noticias<\/title>\n<meta name=\"description\" content=\"El proyecto\u00a0I-66 Outside the Beltway\u00a0es una de las de infraestructuras con m\u00e1s tr\u00e1fico en la regi\u00f3n de Washington.\" \/>\n<meta name=\"robots\" content=\"index, follow, max-snippet:-1, max-image-preview:large, max-video-preview:-1\" \/>\n<link rel=\"canonical\" href=\"https:\/\/newsroom.ferrovial.com\/es\/noticias-locales\/javier-gutierrez-participa-en-el-v-foro-anual-sobre-ppps-organizado-por-el-centro-universitario-para-el-transporte-george-mason\/\" \/>\n<meta property=\"og:locale\" content=\"es_ES\" \/>\n<meta property=\"og:type\" content=\"article\" \/>\n<meta property=\"og:title\" content=\"Javier Guti\u00e9rrez participa en el V Foro Anual sobre PPPs organizado por el Centro Universitario para el Transporte George Mason - Sala de prensa Ferrovial | \u00daltimas noticias\" \/>\n<meta property=\"og:description\" content=\"El proyecto\u00a0I-66 Outside the Beltway\u00a0es una de las de infraestructuras con m\u00e1s tr\u00e1fico en la regi\u00f3n de Washington.\" \/>\n<meta property=\"og:url\" content=\"https:\/\/newsroom.ferrovial.com\/es\/noticias-locales\/javier-gutierrez-participa-en-el-v-foro-anual-sobre-ppps-organizado-por-el-centro-universitario-para-el-transporte-george-mason\/\" \/>\n<meta property=\"og:site_name\" content=\"Sala de prensa Ferrovial | \u00daltimas noticias\" \/>\n<meta property=\"article:publisher\" content=\"https:\/\/www.facebook.com\/ferrovial\" \/>\n<meta property=\"article:modified_time\" content=\"2022-12-20T17:18:52+00:00\" \/>\n<meta property=\"og:image\" content=\"https:\/\/newsroom.ferrovial.com\/wp-content\/uploads\/sites\/4\/2020\/01\/v_foro_anual_01.jpg\" \/>\n\t<meta property=\"og:image:width\" content=\"2500\" \/>\n\t<meta property=\"og:image:height\" content=\"1067\" \/>\n\t<meta property=\"og:image:type\" content=\"image\/jpeg\" \/>\n<meta name=\"twitter:card\" content=\"summary_large_image\" \/>\n<meta name=\"twitter:site\" content=\"@ferrovial\" \/>\n<script type=\"application\/ld+json\" class=\"yoast-schema-graph\">{\"@context\":\"https:\/\/schema.org\",\"@graph\":[{\"@type\":\"WebPage\",\"@id\":\"https:\/\/newsroom.ferrovial.com\/es\/noticias-locales\/javier-gutierrez-participa-en-el-v-foro-anual-sobre-ppps-organizado-por-el-centro-universitario-para-el-transporte-george-mason\/\",\"url\":\"https:\/\/newsroom.ferrovial.com\/es\/noticias-locales\/javier-gutierrez-participa-en-el-v-foro-anual-sobre-ppps-organizado-por-el-centro-universitario-para-el-transporte-george-mason\/\",\"name\":\"Javier Guti\u00e9rrez participa en el V Foro Anual sobre PPPs organizado por el Centro Universitario para el Transporte George Mason - Sala de prensa Ferrovial | \u00daltimas noticias\",\"isPartOf\":{\"@id\":\"https:\/\/newsroom.ferrovial.com\/es\/#website\"},\"primaryImageOfPage\":{\"@id\":\"https:\/\/newsroom.ferrovial.com\/es\/noticias-locales\/javier-gutierrez-participa-en-el-v-foro-anual-sobre-ppps-organizado-por-el-centro-universitario-para-el-transporte-george-mason\/#primaryimage\"},\"image\":{\"@id\":\"https:\/\/newsroom.ferrovial.com\/es\/noticias-locales\/javier-gutierrez-participa-en-el-v-foro-anual-sobre-ppps-organizado-por-el-centro-universitario-para-el-transporte-george-mason\/#primaryimage\"},\"thumbnailUrl\":\"https:\/\/static.newsroom.ferrovial.com\/wp-content\/uploads\/2020\/01\/15133815\/v_foro_anual_01.jpg\",\"datePublished\":\"2019-06-06T13:22:22+00:00\",\"dateModified\":\"2022-12-20T17:18:52+00:00\",\"description\":\"El proyecto\u00a0I-66 Outside the Beltway\u00a0es una de las de infraestructuras con m\u00e1s tr\u00e1fico en la regi\u00f3n de Washington.\",\"breadcrumb\":{\"@id\":\"https:\/\/newsroom.ferrovial.com\/es\/noticias-locales\/javier-gutierrez-participa-en-el-v-foro-anual-sobre-ppps-organizado-por-el-centro-universitario-para-el-transporte-george-mason\/#breadcrumb\"},\"inLanguage\":\"es\",\"potentialAction\":[{\"@type\":\"ReadAction\",\"target\":[\"https:\/\/newsroom.ferrovial.com\/es\/noticias-locales\/javier-gutierrez-participa-en-el-v-foro-anual-sobre-ppps-organizado-por-el-centro-universitario-para-el-transporte-george-mason\/\"]}]},{\"@type\":\"ImageObject\",\"inLanguage\":\"es\",\"@id\":\"https:\/\/newsroom.ferrovial.com\/es\/noticias-locales\/javier-gutierrez-participa-en-el-v-foro-anual-sobre-ppps-organizado-por-el-centro-universitario-para-el-transporte-george-mason\/#primaryimage\",\"url\":\"https:\/\/static.newsroom.ferrovial.com\/wp-content\/uploads\/2020\/01\/15133815\/v_foro_anual_01.jpg\",\"contentUrl\":\"https:\/\/static.newsroom.ferrovial.com\/wp-content\/uploads\/2020\/01\/15133815\/v_foro_anual_01.jpg\",\"width\":2500,\"height\":1067,\"caption\":\"Javier Guti\u00e9rrez, CEO de la autopista I-66, en un panel sobre Programas para Carreteras Regionales\"},{\"@type\":\"BreadcrumbList\",\"@id\":\"https:\/\/newsroom.ferrovial.com\/es\/noticias-locales\/javier-gutierrez-participa-en-el-v-foro-anual-sobre-ppps-organizado-por-el-centro-universitario-para-el-transporte-george-mason\/#breadcrumb\",\"itemListElement\":[{\"@type\":\"ListItem\",\"position\":1,\"name\":\"Portada\",\"item\":\"https:\/\/newsroom.ferrovial.com\/es\/\"},{\"@type\":\"ListItem\",\"position\":2,\"name\":\"Javier Guti\u00e9rrez participa en el V Foro Anual sobre PPPs organizado por el Centro Universitario para el Transporte George Mason\"}]},{\"@type\":\"WebSite\",\"@id\":\"https:\/\/newsroom.ferrovial.com\/es\/#website\",\"url\":\"https:\/\/newsroom.ferrovial.com\/es\/\",\"name\":\"Sala de prensa Ferrovial | \u00daltimas noticias\",\"description\":\"Sala de prensa Ferrovial | \u00daltimas noticias\",\"publisher\":{\"@id\":\"https:\/\/newsroom.ferrovial.com\/es\/#organization\"},\"potentialAction\":[{\"@type\":\"SearchAction\",\"target\":{\"@type\":\"EntryPoint\",\"urlTemplate\":\"https:\/\/newsroom.ferrovial.com\/es\/?s={search_term_string}\"},\"query-input\":{\"@type\":\"PropertyValueSpecification\",\"valueRequired\":true,\"valueName\":\"search_term_string\"}}],\"inLanguage\":\"es\"},{\"@type\":\"Organization\",\"@id\":\"https:\/\/newsroom.ferrovial.com\/es\/#organization\",\"name\":\"Ferrovial S.A.\",\"url\":\"https:\/\/newsroom.ferrovial.com\/es\/\",\"logo\":{\"@type\":\"ImageObject\",\"inLanguage\":\"es\",\"@id\":\"https:\/\/newsroom.ferrovial.com\/es\/#\/schema\/logo\/image\/\",\"url\":\"https:\/\/static.newsroom.ferrovial.com\/wp-content\/uploads\/2018\/07\/15145720\/Ferrovial_Logotipo1.jpg\",\"contentUrl\":\"https:\/\/static.newsroom.ferrovial.com\/wp-content\/uploads\/2018\/07\/15145720\/Ferrovial_Logotipo1.jpg\",\"width\":600,\"height\":300,\"caption\":\"Ferrovial S.A.\"},\"image\":{\"@id\":\"https:\/\/newsroom.ferrovial.com\/es\/#\/schema\/logo\/image\/\"},\"sameAs\":[\"https:\/\/www.facebook.com\/ferrovial\",\"https:\/\/x.com\/ferrovial\",\"https:\/\/www.instagram.com\/ferrovial\/\",\"https:\/\/www.linkedin.com\/company\/ferrovial\",\"https:\/\/www.pinterest.es\/ferrovial\/\",\"https:\/\/www.youtube.com\/ferrovial\",\"https:\/\/en.wikipedia.org\/wiki\/Ferrovial\"]}]}<\/script>","yoast_head_json":{"title":"Javier Guti\u00e9rrez participa en el V Foro Anual sobre PPPs organizado por el Centro Universitario para el Transporte George Mason - Sala de prensa Ferrovial | \u00daltimas noticias","description":"El proyecto\u00a0I-66 Outside the Beltway\u00a0es una de las de infraestructuras con m\u00e1s tr\u00e1fico en la regi\u00f3n de Washington.","robots":{"index":"index","follow":"follow","max-snippet":"max-snippet:-1","max-image-preview":"max-image-preview:large","max-video-preview":"max-video-preview:-1"},"canonical":"https:\/\/newsroom.ferrovial.com\/es\/noticias-locales\/javier-gutierrez-participa-en-el-v-foro-anual-sobre-ppps-organizado-por-el-centro-universitario-para-el-transporte-george-mason\/","og_locale":"es_ES","og_type":"article","og_title":"Javier Guti\u00e9rrez participa en el V Foro Anual sobre PPPs organizado por el Centro Universitario para el Transporte George Mason - Sala de prensa Ferrovial | \u00daltimas noticias","og_description":"El proyecto\u00a0I-66 Outside the Beltway\u00a0es una de las de infraestructuras con m\u00e1s tr\u00e1fico en la regi\u00f3n de Washington.","og_url":"https:\/\/newsroom.ferrovial.com\/es\/noticias-locales\/javier-gutierrez-participa-en-el-v-foro-anual-sobre-ppps-organizado-por-el-centro-universitario-para-el-transporte-george-mason\/","og_site_name":"Sala de prensa Ferrovial | \u00daltimas noticias","article_publisher":"https:\/\/www.facebook.com\/ferrovial","article_modified_time":"2022-12-20T17:18:52+00:00","og_image":[{"width":2500,"height":1067,"url":"https:\/\/newsroom.ferrovial.com\/wp-content\/uploads\/sites\/4\/2020\/01\/v_foro_anual_01.jpg","type":"image\/jpeg"}],"twitter_card":"summary_large_image","twitter_site":"@ferrovial","schema":{"@context":"https:\/\/schema.org","@graph":[{"@type":"WebPage","@id":"https:\/\/newsroom.ferrovial.com\/es\/noticias-locales\/javier-gutierrez-participa-en-el-v-foro-anual-sobre-ppps-organizado-por-el-centro-universitario-para-el-transporte-george-mason\/","url":"https:\/\/newsroom.ferrovial.com\/es\/noticias-locales\/javier-gutierrez-participa-en-el-v-foro-anual-sobre-ppps-organizado-por-el-centro-universitario-para-el-transporte-george-mason\/","name":"Javier Guti\u00e9rrez participa en el V Foro Anual sobre PPPs organizado por el Centro Universitario para el Transporte George Mason - Sala de prensa Ferrovial | \u00daltimas noticias","isPartOf":{"@id":"https:\/\/newsroom.ferrovial.com\/es\/#website"},"primaryImageOfPage":{"@id":"https:\/\/newsroom.ferrovial.com\/es\/noticias-locales\/javier-gutierrez-participa-en-el-v-foro-anual-sobre-ppps-organizado-por-el-centro-universitario-para-el-transporte-george-mason\/#primaryimage"},"image":{"@id":"https:\/\/newsroom.ferrovial.com\/es\/noticias-locales\/javier-gutierrez-participa-en-el-v-foro-anual-sobre-ppps-organizado-por-el-centro-universitario-para-el-transporte-george-mason\/#primaryimage"},"thumbnailUrl":"https:\/\/static.newsroom.ferrovial.com\/wp-content\/uploads\/2020\/01\/15133815\/v_foro_anual_01.jpg","datePublished":"2019-06-06T13:22:22+00:00","dateModified":"2022-12-20T17:18:52+00:00","description":"El proyecto\u00a0I-66 Outside the Beltway\u00a0es una de las de infraestructuras con m\u00e1s tr\u00e1fico en la regi\u00f3n de Washington.","breadcrumb":{"@id":"https:\/\/newsroom.ferrovial.com\/es\/noticias-locales\/javier-gutierrez-participa-en-el-v-foro-anual-sobre-ppps-organizado-por-el-centro-universitario-para-el-transporte-george-mason\/#breadcrumb"},"inLanguage":"es","potentialAction":[{"@type":"ReadAction","target":["https:\/\/newsroom.ferrovial.com\/es\/noticias-locales\/javier-gutierrez-participa-en-el-v-foro-anual-sobre-ppps-organizado-por-el-centro-universitario-para-el-transporte-george-mason\/"]}]},{"@type":"ImageObject","inLanguage":"es","@id":"https:\/\/newsroom.ferrovial.com\/es\/noticias-locales\/javier-gutierrez-participa-en-el-v-foro-anual-sobre-ppps-organizado-por-el-centro-universitario-para-el-transporte-george-mason\/#primaryimage","url":"https:\/\/static.newsroom.ferrovial.com\/wp-content\/uploads\/2020\/01\/15133815\/v_foro_anual_01.jpg","contentUrl":"https:\/\/static.newsroom.ferrovial.com\/wp-content\/uploads\/2020\/01\/15133815\/v_foro_anual_01.jpg","width":2500,"height":1067,"caption":"Javier Guti\u00e9rrez, CEO de la autopista I-66, en un panel sobre Programas para Carreteras Regionales"},{"@type":"BreadcrumbList","@id":"https:\/\/newsroom.ferrovial.com\/es\/noticias-locales\/javier-gutierrez-participa-en-el-v-foro-anual-sobre-ppps-organizado-por-el-centro-universitario-para-el-transporte-george-mason\/#breadcrumb","itemListElement":[{"@type":"ListItem","position":1,"name":"Portada","item":"https:\/\/newsroom.ferrovial.com\/es\/"},{"@type":"ListItem","position":2,"name":"Javier Guti\u00e9rrez participa en el V Foro Anual sobre PPPs organizado por el Centro Universitario para el Transporte George Mason"}]},{"@type":"WebSite","@id":"https:\/\/newsroom.ferrovial.com\/es\/#website","url":"https:\/\/newsroom.ferrovial.com\/es\/","name":"Sala de prensa Ferrovial | \u00daltimas noticias","description":"Sala de prensa Ferrovial | \u00daltimas noticias","publisher":{"@id":"https:\/\/newsroom.ferrovial.com\/es\/#organization"},"potentialAction":[{"@type":"SearchAction","target":{"@type":"EntryPoint","urlTemplate":"https:\/\/newsroom.ferrovial.com\/es\/?s={search_term_string}"},"query-input":{"@type":"PropertyValueSpecification","valueRequired":true,"valueName":"search_term_string"}}],"inLanguage":"es"},{"@type":"Organization","@id":"https:\/\/newsroom.ferrovial.com\/es\/#organization","name":"Ferrovial S.A.","url":"https:\/\/newsroom.ferrovial.com\/es\/","logo":{"@type":"ImageObject","inLanguage":"es","@id":"https:\/\/newsroom.ferrovial.com\/es\/#\/schema\/logo\/image\/","url":"https:\/\/static.newsroom.ferrovial.com\/wp-content\/uploads\/2018\/07\/15145720\/Ferrovial_Logotipo1.jpg","contentUrl":"https:\/\/static.newsroom.ferrovial.com\/wp-content\/uploads\/2018\/07\/15145720\/Ferrovial_Logotipo1.jpg","width":600,"height":300,"caption":"Ferrovial S.A."},"image":{"@id":"https:\/\/newsroom.ferrovial.com\/es\/#\/schema\/logo\/image\/"},"sameAs":["https:\/\/www.facebook.com\/ferrovial","https:\/\/x.com\/ferrovial","https:\/\/www.instagram.com\/ferrovial\/","https:\/\/www.linkedin.com\/company\/ferrovial","https:\/\/www.pinterest.es\/ferrovial\/","https:\/\/www.youtube.com\/ferrovial","https:\/\/en.wikipedia.org\/wiki\/Ferrovial"]}]}},"_links":{"self":[{"href":"https:\/\/newsroom.ferrovial.com\/es\/wp-json\/wp\/v2\/local_new\/93604","targetHints":{"allow":["GET"]}}],"collection":[{"href":"https:\/\/newsroom.ferrovial.com\/es\/wp-json\/wp\/v2\/local_new"}],"about":[{"href":"https:\/\/newsroom.ferrovial.com\/es\/wp-json\/wp\/v2\/types\/local_new"}],"replies":[{"embeddable":true,"href":"https:\/\/newsroom.ferrovial.com\/es\/wp-json\/wp\/v2\/comments?post=93604"}],"version-history":[{"count":2,"href":"https:\/\/newsroom.ferrovial.com\/es\/wp-json\/wp\/v2\/local_new\/93604\/revisions"}],"predecessor-version":[{"id":111122,"href":"https:\/\/newsroom.ferrovial.com\/es\/wp-json\/wp\/v2\/local_new\/93604\/revisions\/111122"}],"wp:featuredmedia":[{"embeddable":true,"href":"https:\/\/newsroom.ferrovial.com\/es\/wp-json\/wp\/v2\/media\/93605"}],"wp:attachment":[{"href":"https:\/\/newsroom.ferrovial.com\/es\/wp-json\/wp\/v2\/media?parent=93604"}],"wp:term":[{"taxonomy":"nivel-2","embeddable":true,"href":"https:\/\/newsroom.ferrovial.com\/es\/wp-json\/wp\/v2\/nivel-2?post=93604"},{"taxonomy":"nivel-5","embeddable":true,"href":"https:\/\/newsroom.ferrovial.com\/es\/wp-json\/wp\/v2\/nivel-5?post=93604"},{"taxonomy":"nivel-1","embeddable":true,"href":"https:\/\/newsroom.ferrovial.com\/es\/wp-json\/wp\/v2\/nivel-1?post=93604"},{"taxonomy":"nivel-3","embeddable":true,"href":"https:\/\/newsroom.ferrovial.com\/es\/wp-json\/wp\/v2\/nivel-3?post=93604"},{"taxonomy":"nivel-4","embeddable":true,"href":"https:\/\/newsroom.ferrovial.com\/es\/wp-json\/wp\/v2\/nivel-4?post=93604"}],"curies":[{"name":"wp","href":"https:\/\/api.w.org\/{rel}","templated":true}]}}