{"id":98657,"date":"2020-07-31T11:18:30","date_gmt":"2020-07-31T09:18:30","guid":{"rendered":"https:\/\/newsroom.ferrovial.com\/?post_type=local_new&#038;p=98657"},"modified":"2022-12-20T18:15:53","modified_gmt":"2022-12-20T17:15:53","slug":"finalizadas-cuatro-depuradoras-hervas-caceres","status":"publish","type":"local_new","link":"https:\/\/newsroom.ferrovial.com\/es\/noticias-locales\/finalizadas-cuatro-depuradoras-hervas-caceres\/","title":{"rendered":"Finalizadas las cuatro Depuradoras de la Comarca Agraria de Herv\u00e1s, C\u00e1ceres"},"content":{"rendered":"    <section class=\"wysiwyg text-editor \" id=\"\">\n        <div class=\"container container--narrow container--p-10\">\n            <p><span data-contrast=\"auto\">Con motivo de la necesidad de cumplir con la normativa europea de depuraci\u00f3n de aguas, se han ejecutado una serie de Estaciones Depuradoras de Aguas Residuales (EDAR), pertenecientes a la Confederaci\u00f3n Hidrogr\u00e1fica del Tajo, entre las que destacan las de la Comarca Agraria de Herv\u00e1s, en el norte de la provincia de C\u00e1ceres, donde muchos de estos municipios carec\u00edan de las instalaciones necesarias para depurar las aguas con garant\u00edas.<\/span><span data-ccp-props=\"{&quot;201341983&quot;:0,&quot;335559739&quot;:160,&quot;335559740&quot;:259}\">\u00a0<\/span><\/p>\n<p><span data-contrast=\"auto\">Dentro del paquete de\u00a0EDARs\u00a0de reciente construcci\u00f3n en la zona citada, destacan las ejecutadas por la UTE formada por <a title=\"Ferrovial Construcci\u00f3n\" href=\"https:\/\/www.ferrovial.com\/es\/f-construccion\/\" target=\"_blank\" rel=\"dofollow noopener\">Ferrovial Construcci\u00f3n<\/a> y <a title=\"Cadagua\" href=\"https:\/\/www.ferrovial.com\/es-es\/cadagua\/\" target=\"_blank\" rel=\"dofollow noopener\">Cadagua<\/a>, correspondientes a los municipios de\u00a0Ahigal, La Granja, Mohedas de Granadilla y Zarza de Granadilla.<\/span><span data-ccp-props=\"{&quot;201341983&quot;:0,&quot;335551550&quot;:6,&quot;335551620&quot;:6,&quot;335559739&quot;:160,&quot;335559740&quot;:257}\">\u00a0<\/span><\/p>\n<p><span data-contrast=\"auto\">La obra ha consistido en la ejecuci\u00f3n de cuatro depuradoras independientes, mediante la tecnolog\u00eda de aireaci\u00f3n prolongada.<\/span><span data-ccp-props=\"{&quot;201341983&quot;:0,&quot;335551550&quot;:6,&quot;335551620&quot;:6,&quot;335559739&quot;:160,&quot;335559740&quot;:257}\">\u00a0<\/span><\/p>\n<p><span data-contrast=\"auto\">Cada una de las cuatro depuradoras ha interceptado al colector existente de los municipios, donde se ha colocado un aliviadero para asegurar la discriminaci\u00f3n de caudales, permitiendo el tratamiento de diez veces el caudal medio de verano de cada una de ellas, aliviando el resto (tormenta) al cauce.<\/span><span data-ccp-props=\"{&quot;201341983&quot;:0,&quot;335551550&quot;:6,&quot;335551620&quot;:6,&quot;335559739&quot;:160,&quot;335559740&quot;:257}\">\u00a0<\/span><\/p>\n<p><span data-contrast=\"auto\">En total se han construido unos 1.200 m de colector de PVC en di\u00e1metro 400 mm para poder conducir las aguas negras a las correspondientes EDAR, con unas pendientes que oscilan entre el 0,3% y el 3%.\u00a0<\/span><span data-ccp-props=\"{&quot;201341983&quot;:0,&quot;335551550&quot;:6,&quot;335551620&quot;:6,&quot;335559739&quot;:160,&quot;335559740&quot;:257}\">\u00a0<\/span><\/p>\n<p><span data-contrast=\"auto\">El suministro el\u00e9ctrico se ha hecho en media tensi\u00f3n, derivando en total 2.600 m de l\u00ednea y colocando en cada EDAR un transformador en apoyo de 160\u00a0kVA.<\/span><span data-ccp-props=\"{&quot;201341983&quot;:0,&quot;335551550&quot;:6,&quot;335551620&quot;:6,&quot;335559739&quot;:160,&quot;335559740&quot;:257}\">\u00a0<\/span><\/p>\n<p><span data-contrast=\"auto\">Las caracter\u00edsticas m\u00e1s importantes de cada una de ellas son:<\/span><span data-ccp-props=\"{&quot;201341983&quot;:0,&quot;335551550&quot;:6,&quot;335551620&quot;:6,&quot;335559739&quot;:160,&quot;335559740&quot;:257}\">\u00a0<\/span><\/p>\n<p><b><span data-contrast=\"auto\">Ahigal:<\/span><\/b><span data-ccp-props=\"{&quot;201341983&quot;:0,&quot;335551550&quot;:6,&quot;335551620&quot;:6,&quot;335559739&quot;:160,&quot;335559740&quot;:257}\">\u00a0<\/span><\/p>\n<ul>\n<li><span data-contrast=\"auto\">Poblaci\u00f3n equivalente: 3.115 habitantes equivalentes<\/span><\/li>\n<li><span data-contrast=\"auto\">Caudal medio: 29,85 m3\/h<\/span><\/li>\n<li><span data-contrast=\"auto\">Pretratamiento mediante equipo compacto<\/span><\/li>\n<li><span data-contrast=\"auto\">Reactor biol\u00f3gico de tipo carrusel con parrilla de difusores extra\u00edble<\/span><\/li>\n<\/ul>\n<p><b><span data-contrast=\"auto\">La Granja:<\/span><\/b><span data-ccp-props=\"{&quot;201341983&quot;:0,&quot;335551550&quot;:6,&quot;335551620&quot;:6,&quot;335559739&quot;:160,&quot;335559740&quot;:257}\">\u00a0<\/span><\/p>\n<ul>\n<li><span data-contrast=\"auto\">Poblaci\u00f3n equivalente: 672 habitantes equivalentes<\/span><\/li>\n<li><span data-contrast=\"auto\">Caudal medio: 6,44 m3\/h<\/span><\/li>\n<li><span data-contrast=\"auto\">Pretratamiento mediante equipo compacto<\/span><\/li>\n<li><span data-contrast=\"auto\">Reactor biol\u00f3gico de tipo carrusel con aireadores<\/span><\/li>\n<\/ul>\n<p><b><span data-contrast=\"auto\">Mohedas de Granadilla:<\/span><\/b><span data-ccp-props=\"{&quot;201341983&quot;:0,&quot;335551550&quot;:6,&quot;335551620&quot;:6,&quot;335559739&quot;:160,&quot;335559740&quot;:257}\">\u00a0<\/span><\/p>\n<ul>\n<li><span data-contrast=\"auto\">Poblaci\u00f3n equivalente: 2.070 habitantes equivalentes<\/span><\/li>\n<li><span data-contrast=\"auto\">Caudal medio: 19,84 m3\/h<\/span><\/li>\n<li><span data-contrast=\"auto\">Pretratamiento mediante equipo compacto<\/span><\/li>\n<li><span data-contrast=\"auto\">Reactor biol\u00f3gico de tipo carrusel con aireadores<\/span><\/li>\n<\/ul>\n<p><span data-contrast=\"auto\">\u00a0<\/span><span data-ccp-props=\"{&quot;201341983&quot;:0,&quot;335551550&quot;:6,&quot;335551620&quot;:6,&quot;335559739&quot;:160,&quot;335559740&quot;:259}\">\u00a0<\/span><b><span data-contrast=\"auto\">Zarza de Granadilla:<\/span><\/b><span data-ccp-props=\"{&quot;201341983&quot;:0,&quot;335551550&quot;:6,&quot;335551620&quot;:6,&quot;335559739&quot;:160,&quot;335559740&quot;:257}\">\u00a0<\/span><\/p>\n<ul>\n<li><span data-contrast=\"auto\">Poblaci\u00f3n equivalente: 3.344 habitantes equivalentes<\/span><\/li>\n<li><span data-contrast=\"auto\">Caudal medio: 32,04 m3\/h<\/span><\/li>\n<li><span data-contrast=\"auto\">Pretratamiento mediante equipo compacto<\/span><\/li>\n<li><span data-contrast=\"auto\">Reactor biol\u00f3gico de tipo carrusel con parrilla de difusores extra\u00edble<\/span><\/li>\n<\/ul>\n<p><iframe loading=\"lazy\" title=\"Finalizadas las cuatro Depuradoras de la Comarca Agraria de Herv\u00e1s, en C\u00e1ceres\" width=\"500\" height=\"281\" src=\"https:\/\/www.youtube.com\/embed\/II_4gAsGeo8?feature=oembed\" frameborder=\"0\" allow=\"accelerometer; autoplay; clipboard-write; encrypted-media; gyroscope; picture-in-picture; web-share\" referrerpolicy=\"strict-origin-when-cross-origin\" allowfullscreen><\/iframe><\/p>\n<p>&nbsp;<\/p>\n        <\/div>\n    <\/section>\n","protected":false},"excerpt":{"rendered":"","protected":false},"featured_media":98660,"menu_order":0,"comment_status":"closed","ping_status":"closed","template":"","nivel-2":[909,910,1961,1964],"nivel-5":[2158],"nivel-1":[2168],"nivel-3":[1258],"nivel-4":[],"class_list":["post-98657","local_new","type-local_new","status-publish","has-post-thumbnail","hentry","nivel-2-agua","nivel-2-aguas-residuales","nivel-2-edar","nivel-2-infraestructuras-de-agua","nivel-5-cadagua","nivel-1-construccion","nivel-3-espana"],"acf":[],"yoast_head":"<title>Finalizadas las cuatro Depuradoras de la Comarca Agraria de Herv\u00e1s, C\u00e1ceres - Sala de prensa Ferrovial | \u00daltimas noticias<\/title>\n<meta name=\"description\" content=\"La obra ha consistido en la ejecuci\u00f3n de cuatro depuradoras independientes, mediante la tecnolog\u00eda de aireaci\u00f3n prolongada.\" \/>\n<meta name=\"robots\" content=\"index, follow, max-snippet:-1, max-image-preview:large, max-video-preview:-1\" \/>\n<link rel=\"canonical\" href=\"https:\/\/newsroom.ferrovial.com\/es\/noticias-locales\/finalizadas-cuatro-depuradoras-hervas-caceres\/\" \/>\n<meta property=\"og:locale\" content=\"es_ES\" \/>\n<meta property=\"og:type\" content=\"article\" \/>\n<meta property=\"og:title\" content=\"Finalizadas las cuatro Depuradoras de la Comarca Agraria de Herv\u00e1s, C\u00e1ceres - Sala de prensa Ferrovial | \u00daltimas noticias\" \/>\n<meta property=\"og:description\" content=\"La obra ha consistido en la ejecuci\u00f3n de cuatro depuradoras independientes, mediante la tecnolog\u00eda de aireaci\u00f3n prolongada.\" \/>\n<meta property=\"og:url\" content=\"https:\/\/newsroom.ferrovial.com\/es\/noticias-locales\/finalizadas-cuatro-depuradoras-hervas-caceres\/\" \/>\n<meta property=\"og:site_name\" content=\"Sala de prensa Ferrovial | \u00daltimas noticias\" \/>\n<meta property=\"article:publisher\" content=\"https:\/\/www.facebook.com\/ferrovial\" \/>\n<meta property=\"article:modified_time\" content=\"2022-12-20T17:15:53+00:00\" \/>\n<meta property=\"og:image\" content=\"https:\/\/newsroom.ferrovial.com\/wp-content\/uploads\/sites\/4\/2020\/07\/proyecto-edars_ferronet-julio-1.png\" \/>\n\t<meta property=\"og:image:width\" content=\"837\" \/>\n\t<meta property=\"og:image:height\" content=\"505\" \/>\n\t<meta property=\"og:image:type\" content=\"image\/png\" \/>\n<meta name=\"twitter:card\" content=\"summary_large_image\" \/>\n<meta name=\"twitter:site\" content=\"@ferrovial\" \/>\n<script type=\"application\/ld+json\" class=\"yoast-schema-graph\">{\"@context\":\"https:\/\/schema.org\",\"@graph\":[{\"@type\":\"WebPage\",\"@id\":\"https:\/\/newsroom.ferrovial.com\/es\/noticias-locales\/finalizadas-cuatro-depuradoras-hervas-caceres\/\",\"url\":\"https:\/\/newsroom.ferrovial.com\/es\/noticias-locales\/finalizadas-cuatro-depuradoras-hervas-caceres\/\",\"name\":\"Finalizadas las cuatro Depuradoras de la Comarca Agraria de Herv\u00e1s, C\u00e1ceres - Sala de prensa Ferrovial | \u00daltimas noticias\",\"isPartOf\":{\"@id\":\"https:\/\/newsroom.ferrovial.com\/es\/#website\"},\"primaryImageOfPage\":{\"@id\":\"https:\/\/newsroom.ferrovial.com\/es\/noticias-locales\/finalizadas-cuatro-depuradoras-hervas-caceres\/#primaryimage\"},\"image\":{\"@id\":\"https:\/\/newsroom.ferrovial.com\/es\/noticias-locales\/finalizadas-cuatro-depuradoras-hervas-caceres\/#primaryimage\"},\"thumbnailUrl\":\"https:\/\/static.newsroom.ferrovial.com\/wp-content\/uploads\/2020\/07\/15143422\/proyecto-edars_ferronet-julio-1.png\",\"datePublished\":\"2020-07-31T09:18:30+00:00\",\"dateModified\":\"2022-12-20T17:15:53+00:00\",\"description\":\"La obra ha consistido en la ejecuci\u00f3n de cuatro depuradoras independientes, mediante la tecnolog\u00eda de aireaci\u00f3n prolongada.\",\"breadcrumb\":{\"@id\":\"https:\/\/newsroom.ferrovial.com\/es\/noticias-locales\/finalizadas-cuatro-depuradoras-hervas-caceres\/#breadcrumb\"},\"inLanguage\":\"es\",\"potentialAction\":[{\"@type\":\"ReadAction\",\"target\":[\"https:\/\/newsroom.ferrovial.com\/es\/noticias-locales\/finalizadas-cuatro-depuradoras-hervas-caceres\/\"]}]},{\"@type\":\"ImageObject\",\"inLanguage\":\"es\",\"@id\":\"https:\/\/newsroom.ferrovial.com\/es\/noticias-locales\/finalizadas-cuatro-depuradoras-hervas-caceres\/#primaryimage\",\"url\":\"https:\/\/static.newsroom.ferrovial.com\/wp-content\/uploads\/2020\/07\/15143422\/proyecto-edars_ferronet-julio-1.png\",\"contentUrl\":\"https:\/\/static.newsroom.ferrovial.com\/wp-content\/uploads\/2020\/07\/15143422\/proyecto-edars_ferronet-julio-1.png\",\"width\":837,\"height\":505,\"caption\":\"proyecto cadagua depuradoras hervas caceres construccion\"},{\"@type\":\"BreadcrumbList\",\"@id\":\"https:\/\/newsroom.ferrovial.com\/es\/noticias-locales\/finalizadas-cuatro-depuradoras-hervas-caceres\/#breadcrumb\",\"itemListElement\":[{\"@type\":\"ListItem\",\"position\":1,\"name\":\"Portada\",\"item\":\"https:\/\/newsroom.ferrovial.com\/es\/\"},{\"@type\":\"ListItem\",\"position\":2,\"name\":\"Finalizadas las cuatro Depuradoras de la Comarca Agraria de Herv\u00e1s, C\u00e1ceres\"}]},{\"@type\":\"WebSite\",\"@id\":\"https:\/\/newsroom.ferrovial.com\/es\/#website\",\"url\":\"https:\/\/newsroom.ferrovial.com\/es\/\",\"name\":\"Sala de prensa Ferrovial | \u00daltimas noticias\",\"description\":\"Sala de prensa Ferrovial | \u00daltimas noticias\",\"publisher\":{\"@id\":\"https:\/\/newsroom.ferrovial.com\/es\/#organization\"},\"potentialAction\":[{\"@type\":\"SearchAction\",\"target\":{\"@type\":\"EntryPoint\",\"urlTemplate\":\"https:\/\/newsroom.ferrovial.com\/es\/?s={search_term_string}\"},\"query-input\":{\"@type\":\"PropertyValueSpecification\",\"valueRequired\":true,\"valueName\":\"search_term_string\"}}],\"inLanguage\":\"es\"},{\"@type\":\"Organization\",\"@id\":\"https:\/\/newsroom.ferrovial.com\/es\/#organization\",\"name\":\"Ferrovial S.A.\",\"url\":\"https:\/\/newsroom.ferrovial.com\/es\/\",\"logo\":{\"@type\":\"ImageObject\",\"inLanguage\":\"es\",\"@id\":\"https:\/\/newsroom.ferrovial.com\/es\/#\/schema\/logo\/image\/\",\"url\":\"https:\/\/static.newsroom.ferrovial.com\/wp-content\/uploads\/2018\/07\/15145720\/Ferrovial_Logotipo1.jpg\",\"contentUrl\":\"https:\/\/static.newsroom.ferrovial.com\/wp-content\/uploads\/2018\/07\/15145720\/Ferrovial_Logotipo1.jpg\",\"width\":600,\"height\":300,\"caption\":\"Ferrovial S.A.\"},\"image\":{\"@id\":\"https:\/\/newsroom.ferrovial.com\/es\/#\/schema\/logo\/image\/\"},\"sameAs\":[\"https:\/\/www.facebook.com\/ferrovial\",\"https:\/\/x.com\/ferrovial\",\"https:\/\/www.instagram.com\/ferrovial\/\",\"https:\/\/www.linkedin.com\/company\/ferrovial\",\"https:\/\/www.pinterest.es\/ferrovial\/\",\"https:\/\/www.youtube.com\/ferrovial\",\"https:\/\/en.wikipedia.org\/wiki\/Ferrovial\"]}]}<\/script>","yoast_head_json":{"title":"Finalizadas las cuatro Depuradoras de la Comarca Agraria de Herv\u00e1s, C\u00e1ceres - Sala de prensa Ferrovial | \u00daltimas noticias","description":"La obra ha consistido en la ejecuci\u00f3n de cuatro depuradoras independientes, mediante la tecnolog\u00eda de aireaci\u00f3n prolongada.","robots":{"index":"index","follow":"follow","max-snippet":"max-snippet:-1","max-image-preview":"max-image-preview:large","max-video-preview":"max-video-preview:-1"},"canonical":"https:\/\/newsroom.ferrovial.com\/es\/noticias-locales\/finalizadas-cuatro-depuradoras-hervas-caceres\/","og_locale":"es_ES","og_type":"article","og_title":"Finalizadas las cuatro Depuradoras de la Comarca Agraria de Herv\u00e1s, C\u00e1ceres - Sala de prensa Ferrovial | \u00daltimas noticias","og_description":"La obra ha consistido en la ejecuci\u00f3n de cuatro depuradoras independientes, mediante la tecnolog\u00eda de aireaci\u00f3n prolongada.","og_url":"https:\/\/newsroom.ferrovial.com\/es\/noticias-locales\/finalizadas-cuatro-depuradoras-hervas-caceres\/","og_site_name":"Sala de prensa Ferrovial | \u00daltimas noticias","article_publisher":"https:\/\/www.facebook.com\/ferrovial","article_modified_time":"2022-12-20T17:15:53+00:00","og_image":[{"width":837,"height":505,"url":"https:\/\/newsroom.ferrovial.com\/wp-content\/uploads\/sites\/4\/2020\/07\/proyecto-edars_ferronet-julio-1.png","type":"image\/png"}],"twitter_card":"summary_large_image","twitter_site":"@ferrovial","schema":{"@context":"https:\/\/schema.org","@graph":[{"@type":"WebPage","@id":"https:\/\/newsroom.ferrovial.com\/es\/noticias-locales\/finalizadas-cuatro-depuradoras-hervas-caceres\/","url":"https:\/\/newsroom.ferrovial.com\/es\/noticias-locales\/finalizadas-cuatro-depuradoras-hervas-caceres\/","name":"Finalizadas las cuatro Depuradoras de la Comarca Agraria de Herv\u00e1s, C\u00e1ceres - Sala de prensa Ferrovial | \u00daltimas noticias","isPartOf":{"@id":"https:\/\/newsroom.ferrovial.com\/es\/#website"},"primaryImageOfPage":{"@id":"https:\/\/newsroom.ferrovial.com\/es\/noticias-locales\/finalizadas-cuatro-depuradoras-hervas-caceres\/#primaryimage"},"image":{"@id":"https:\/\/newsroom.ferrovial.com\/es\/noticias-locales\/finalizadas-cuatro-depuradoras-hervas-caceres\/#primaryimage"},"thumbnailUrl":"https:\/\/static.newsroom.ferrovial.com\/wp-content\/uploads\/2020\/07\/15143422\/proyecto-edars_ferronet-julio-1.png","datePublished":"2020-07-31T09:18:30+00:00","dateModified":"2022-12-20T17:15:53+00:00","description":"La obra ha consistido en la ejecuci\u00f3n de cuatro depuradoras independientes, mediante la tecnolog\u00eda de aireaci\u00f3n prolongada.","breadcrumb":{"@id":"https:\/\/newsroom.ferrovial.com\/es\/noticias-locales\/finalizadas-cuatro-depuradoras-hervas-caceres\/#breadcrumb"},"inLanguage":"es","potentialAction":[{"@type":"ReadAction","target":["https:\/\/newsroom.ferrovial.com\/es\/noticias-locales\/finalizadas-cuatro-depuradoras-hervas-caceres\/"]}]},{"@type":"ImageObject","inLanguage":"es","@id":"https:\/\/newsroom.ferrovial.com\/es\/noticias-locales\/finalizadas-cuatro-depuradoras-hervas-caceres\/#primaryimage","url":"https:\/\/static.newsroom.ferrovial.com\/wp-content\/uploads\/2020\/07\/15143422\/proyecto-edars_ferronet-julio-1.png","contentUrl":"https:\/\/static.newsroom.ferrovial.com\/wp-content\/uploads\/2020\/07\/15143422\/proyecto-edars_ferronet-julio-1.png","width":837,"height":505,"caption":"proyecto cadagua depuradoras hervas caceres construccion"},{"@type":"BreadcrumbList","@id":"https:\/\/newsroom.ferrovial.com\/es\/noticias-locales\/finalizadas-cuatro-depuradoras-hervas-caceres\/#breadcrumb","itemListElement":[{"@type":"ListItem","position":1,"name":"Portada","item":"https:\/\/newsroom.ferrovial.com\/es\/"},{"@type":"ListItem","position":2,"name":"Finalizadas las cuatro Depuradoras de la Comarca Agraria de Herv\u00e1s, C\u00e1ceres"}]},{"@type":"WebSite","@id":"https:\/\/newsroom.ferrovial.com\/es\/#website","url":"https:\/\/newsroom.ferrovial.com\/es\/","name":"Sala de prensa Ferrovial | \u00daltimas noticias","description":"Sala de prensa Ferrovial | \u00daltimas noticias","publisher":{"@id":"https:\/\/newsroom.ferrovial.com\/es\/#organization"},"potentialAction":[{"@type":"SearchAction","target":{"@type":"EntryPoint","urlTemplate":"https:\/\/newsroom.ferrovial.com\/es\/?s={search_term_string}"},"query-input":{"@type":"PropertyValueSpecification","valueRequired":true,"valueName":"search_term_string"}}],"inLanguage":"es"},{"@type":"Organization","@id":"https:\/\/newsroom.ferrovial.com\/es\/#organization","name":"Ferrovial S.A.","url":"https:\/\/newsroom.ferrovial.com\/es\/","logo":{"@type":"ImageObject","inLanguage":"es","@id":"https:\/\/newsroom.ferrovial.com\/es\/#\/schema\/logo\/image\/","url":"https:\/\/static.newsroom.ferrovial.com\/wp-content\/uploads\/2018\/07\/15145720\/Ferrovial_Logotipo1.jpg","contentUrl":"https:\/\/static.newsroom.ferrovial.com\/wp-content\/uploads\/2018\/07\/15145720\/Ferrovial_Logotipo1.jpg","width":600,"height":300,"caption":"Ferrovial S.A."},"image":{"@id":"https:\/\/newsroom.ferrovial.com\/es\/#\/schema\/logo\/image\/"},"sameAs":["https:\/\/www.facebook.com\/ferrovial","https:\/\/x.com\/ferrovial","https:\/\/www.instagram.com\/ferrovial\/","https:\/\/www.linkedin.com\/company\/ferrovial","https:\/\/www.pinterest.es\/ferrovial\/","https:\/\/www.youtube.com\/ferrovial","https:\/\/en.wikipedia.org\/wiki\/Ferrovial"]}]}},"_links":{"self":[{"href":"https:\/\/newsroom.ferrovial.com\/es\/wp-json\/wp\/v2\/local_new\/98657","targetHints":{"allow":["GET"]}}],"collection":[{"href":"https:\/\/newsroom.ferrovial.com\/es\/wp-json\/wp\/v2\/local_new"}],"about":[{"href":"https:\/\/newsroom.ferrovial.com\/es\/wp-json\/wp\/v2\/types\/local_new"}],"replies":[{"embeddable":true,"href":"https:\/\/newsroom.ferrovial.com\/es\/wp-json\/wp\/v2\/comments?post=98657"}],"version-history":[{"count":3,"href":"https:\/\/newsroom.ferrovial.com\/es\/wp-json\/wp\/v2\/local_new\/98657\/revisions"}],"predecessor-version":[{"id":98663,"href":"https:\/\/newsroom.ferrovial.com\/es\/wp-json\/wp\/v2\/local_new\/98657\/revisions\/98663"}],"wp:featuredmedia":[{"embeddable":true,"href":"https:\/\/newsroom.ferrovial.com\/es\/wp-json\/wp\/v2\/media\/98660"}],"wp:attachment":[{"href":"https:\/\/newsroom.ferrovial.com\/es\/wp-json\/wp\/v2\/media?parent=98657"}],"wp:term":[{"taxonomy":"nivel-2","embeddable":true,"href":"https:\/\/newsroom.ferrovial.com\/es\/wp-json\/wp\/v2\/nivel-2?post=98657"},{"taxonomy":"nivel-5","embeddable":true,"href":"https:\/\/newsroom.ferrovial.com\/es\/wp-json\/wp\/v2\/nivel-5?post=98657"},{"taxonomy":"nivel-1","embeddable":true,"href":"https:\/\/newsroom.ferrovial.com\/es\/wp-json\/wp\/v2\/nivel-1?post=98657"},{"taxonomy":"nivel-3","embeddable":true,"href":"https:\/\/newsroom.ferrovial.com\/es\/wp-json\/wp\/v2\/nivel-3?post=98657"},{"taxonomy":"nivel-4","embeddable":true,"href":"https:\/\/newsroom.ferrovial.com\/es\/wp-json\/wp\/v2\/nivel-4?post=98657"}],"curies":[{"name":"wp","href":"https:\/\/api.w.org\/{rel}","templated":true}]}}