{"id":101969,"date":"2021-04-14T17:02:44","date_gmt":"2021-04-14T15:02:44","guid":{"rendered":"https:\/\/newsroom.ferrovial.com\/?post_type=new&#038;p=101969"},"modified":"2022-12-21T08:43:36","modified_gmt":"2022-12-21T07:43:36","slug":"ferrovial-juntos-sumamos-2021","status":"publish","type":"new","link":"https:\/\/newsroom.ferrovial.com\/es\/noticias\/ferrovial-juntos-sumamos-2021\/","title":{"rendered":"Ferrovial mejora las condiciones de vida de 200.000 personas en Latinoam\u00e9rica, Asia, \u00c1frica y Europa"},"content":{"rendered":"    <section class=\"wysiwyg text-editor \" id=\"\">\n        <div class=\"container container--narrow container--p-10\">\n            <ul>\n<li>Menudos Corazones, Vicente Ferrer y Aceesca han sido las ONGs beneficiarias de esta edici\u00f3n del programa Juntos Sumamos.<\/li>\n<li>El programa ha destinado cerca de dos millones de euros a proyectos que buscan mejorar las condiciones de vida de distintas comunidades.<\/li>\n<li>\u201cJuntos Sumamos\u201d, \u201cInfraestructuras Sociales\u201d y \u201cAcci\u00f3n Social en Espa\u00f1a\u201d son las iniciativas sociales de la compa\u00f1\u00eda, a los que se ha sumado el fondo \u201cFerrovial Juntos COVID-19\u201d.<\/li>\n<\/ul>\n<p>Cerca de 200.000 personas han mejorado significativamente sus condiciones de vida gracias al proyecto de responsabilidad social corporativa de Ferrovial \u201cJuntos Sumamos\u201d que la compa\u00f1\u00eda impulsa en colaboraci\u00f3n con distintas ONGs en Latinoam\u00e9rica, Asia, \u00c1frica y Europa. La iniciativa, a la que se han destinado unos dos millones de euros, pone de relieve la vocaci\u00f3n de la empresa de generar un impacto positivo en las comunidades y el medioambiente, as\u00ed como su contribuci\u00f3n en la consecuci\u00f3n de los Objetivos de Desarrollo Sostenible de la ONU.<\/p>\n<p>La fundaci\u00f3n Menudos Corazones, la fundaci\u00f3n Vicente Ferrer y la asociaci\u00f3n Aceesca han sido las organizaciones sin \u00e1nimo de lucro beneficiarias del programa social \u201cJuntos Sumamos\u201d en esta edici\u00f3n. Nacida en 2005, es una iniciativa que se basa en el compromiso compartido de Ferrovial y sus empleados con la mejora de las condiciones de vida de las personas en riesgo de vulnerabilidad social. Su presupuesto corresponde a la suma de las cantidades donadas por los trabajadores de sus n\u00f3minas m\u00e1s la aportaci\u00f3n de la compa\u00f1\u00eda, que dobla la cifra recaudada. Hasta la fecha, un total de 42 proyectos han sido financiados gracias al programa.<\/p>\n<p>En un a\u00f1o marcado por la pandemia de la COVID-19 y el consiguiente efecto econ\u00f3mico que \u00e9sta ha tenido, especialmente en las familias que ya se encontraban en una situaci\u00f3n de vulnerabilidad, Carlos Cerezo, el director general de Recursos Humanos de Ferrovial, ha puesto de relieve el compromiso de la compa\u00f1\u00eda con la sociedad. \u201cComo en muchas ocasiones, Ferrovial se moviliza a tiempo, con una participaci\u00f3n generosa por parte de los trabajadores y de la empresa para responder ante cualquier obst\u00e1culo en un momento tan grave como el que hemos vivido. En momentos cr\u00edticos, Ferrovial sabe estar a la altura, al igual que sus trabajadores\u201d.<\/p>\n<p><strong>Proyectos seleccionados en la decimoquinta edici\u00f3n de \u201cJuntos Sumamos\u201d<\/strong><\/p>\n<p>Menudos Corazones es una fundaci\u00f3n cuyo prop\u00f3sito es ayudar tanto a los ni\u00f1os con cardiopat\u00edas cong\u00e9nitas como a sus familias. Con su proyecto \u201cIgual que en casa\u201d, proporciona alojamiento gratuito y seguro ante la covid-19 que alivie las dificultades a las que se enfrentan las madres y los padres que se desplazan hasta Madrid por una operaci\u00f3n de un hijo nacido con un problema de coraz\u00f3n. Los fondos de \u201cJuntos Sumamos\u201d permitir\u00e1n a la fundaci\u00f3n culminar el proceso de reformas y mejoras de la Casa Menudos Corazones, beneficiando anualmente a m\u00e1s de 240 personas y garantizando un alojamiento digno, accesible y seguro a quienes necesiten este recurso.<\/p>\n<p>Otra parte de los fondos de esta edici\u00f3n se destinar\u00e1n a la fundaci\u00f3n Vicente Ferrer en India. En concreto, financiar\u00e1n el nuevo centro Anganwadi que est\u00e1 construyendo en India. Estas nuevas instalaciones dar\u00e1n la posibilidad a m\u00e1s de 150 ni\u00f1os, mujeres embarazadas, madres lactantes y adolescentes desfavorecidas de la aldea a recibir atenci\u00f3n espec\u00edfica y adecuada a sus necesidades como son la educaci\u00f3n preescolar, los suplementos nutricionales o la atenci\u00f3n socio-sanitaria a madres lactantes y embarazadas, entre otros.<\/p>\n<p>Finalmente, con el objetivo de proporcionar acceso a la formaci\u00f3n y al mercado laboral a las personas con discapacidad intelectual, Ferrovial impulsar\u00e1 el proyecto de la asociaci\u00f3n Aceesca. La dotaci\u00f3n de \u201cJuntos Sumamos\u201d permitir\u00e1 la construcci\u00f3n de un centro de m\u00e1s de 2.500 m2, que permita acreditar las competencias de m\u00e1s de 200 alumnos con discapacidad intelectual en la escuela profesional de la asociaci\u00f3n, mediante un programa de Formaci\u00f3n Dual, en la que se combina formaci\u00f3n y empleo.<\/p>\n<p><strong>Un compromiso global<\/strong><\/p>\n<p>Ferrovial tiene en marcha otros programas de responsabilidad social corporativa como son \u201cInfraestructuras Sociales\u201d, que ha permitido llevar agua a m\u00e1s de m\u00e1s de 238.000 personas y garantizar el saneamiento b\u00e1sico de distintas comunidades de Latinoam\u00e9rica y \u00c1frica. La participaci\u00f3n en esta iniciativa de Ferrovial, que ha recibido hasta la fecha 6,4 millones de euros, va m\u00e1s all\u00e1 de la dotaci\u00f3n econ\u00f3mica, ya que tambi\u00e9n aporta a estos proyectos su conocimiento y experiencia involucrando a sus propios empleados que se desplazan hasta las comunidades en las que se desarrolla cada proyecto.<\/p>\n<p>Adem\u00e1s, desarrolla Acci\u00f3n Social Espa\u00f1a, que es el primer programa de responsabilidad social corporativa que la compa\u00f1\u00eda puso en marcha a ra\u00edz de la crisis econ\u00f3mica. A trav\u00e9s de \u00e9ste, ha colaborado con ONGs como Cruz Roja, C\u00e1ritas, Banco de Alimentos y Fundaci\u00f3n Altius llegando a m\u00e1s de 77.000 personas gracias a la rehabilitaci\u00f3n y acondicionamiento de comedores sociales y centros para la distribuci\u00f3n de alimentos en ciudades como Madrid, Barcelona, Valencia, La Coru\u00f1a, Murcia, Santander, Sevilla, C\u00f3rdoba o Granada, entre otras.<\/p>\n<p>En su firme compromiso con la sociedad, Ferrovial ha hecho un esfuerzo adicional y ha creado el fondo \u201cFerrovial Juntos COVID-19\u201d. A trav\u00e9s de \u00e9ste, ha donado 8,7 millones de euros a entidades que luchan contra la pandemia desde el \u00e1mbito social, sanitario y de la investigaci\u00f3n en Espa\u00f1a, Reino Unido, Estados Unidos, Chile, Per\u00fa, Colombia, Polonia y Portugal.<\/p>\n        <\/div>\n    <\/section>\n","protected":false},"excerpt":{"rendered":"","protected":false},"featured_media":101975,"menu_order":0,"comment_status":"closed","ping_status":"closed","template":"","nivel-2":[906,909,941,987],"nivel-5":[],"nivel-1":[],"nivel-3":[],"nivel-4":[],"class_list":["post-101969","new","type-new","status-publish","has-post-thumbnail","hentry","nivel-2-accion-social","nivel-2-agua","nivel-2-cooperacion-internacional","nivel-2-infraestructuras"],"acf":[],"yoast_head":"<title>Ferrovial mejora las condiciones de vida de 200.000 personas en Latinoam\u00e9rica, Asia, \u00c1frica y Europa<\/title>\n<meta name=\"description\" content=\"Ferrovial ha lanzado su nueva edici\u00f3n de su programa social Juntos Sumamos, como parte de su compromiso con la sociedad\" \/>\n<meta name=\"robots\" content=\"index, follow, max-snippet:-1, max-image-preview:large, max-video-preview:-1\" \/>\n<link rel=\"canonical\" href=\"https:\/\/newsroom.ferrovial.com\/es\/noticias\/ferrovial-juntos-sumamos-2021\/\" \/>\n<meta property=\"og:locale\" content=\"es_ES\" \/>\n<meta property=\"og:type\" content=\"article\" \/>\n<meta property=\"og:title\" content=\"Ferrovial mejora las condiciones de vida de 200.000 personas en Latinoam\u00e9rica, Asia, \u00c1frica y Europa\" \/>\n<meta property=\"og:description\" content=\"Ferrovial ha lanzado su nueva edici\u00f3n de su programa social Juntos Sumamos, como parte de su compromiso con la sociedad\" \/>\n<meta property=\"og:url\" content=\"https:\/\/newsroom.ferrovial.com\/es\/noticias\/ferrovial-juntos-sumamos-2021\/\" \/>\n<meta property=\"og:site_name\" content=\"Sala de prensa Ferrovial | \u00daltimas noticias\" \/>\n<meta property=\"article:publisher\" content=\"https:\/\/www.facebook.com\/ferrovial\" \/>\n<meta property=\"article:modified_time\" content=\"2022-12-21T07:43:36+00:00\" \/>\n<meta property=\"og:image\" content=\"https:\/\/newsroom.ferrovial.com\/wp-content\/uploads\/sites\/4\/2021\/04\/img-juntos-sumamos-india.jpg\" \/>\n\t<meta property=\"og:image:width\" content=\"1260\" \/>\n\t<meta property=\"og:image:height\" content=\"945\" \/>\n\t<meta property=\"og:image:type\" content=\"image\/jpeg\" \/>\n<meta name=\"twitter:card\" content=\"summary_large_image\" \/>\n<meta name=\"twitter:site\" content=\"@ferrovial\" \/>\n<script type=\"application\/ld+json\" class=\"yoast-schema-graph\">{\"@context\":\"https:\/\/schema.org\",\"@graph\":[{\"@type\":\"WebPage\",\"@id\":\"https:\/\/newsroom.ferrovial.com\/es\/noticias\/ferrovial-juntos-sumamos-2021\/\",\"url\":\"https:\/\/newsroom.ferrovial.com\/es\/noticias\/ferrovial-juntos-sumamos-2021\/\",\"name\":\"Ferrovial mejora las condiciones de vida de 200.000 personas en Latinoam\u00e9rica, Asia, \u00c1frica y Europa\",\"isPartOf\":{\"@id\":\"https:\/\/newsroom.ferrovial.com\/es\/#website\"},\"primaryImageOfPage\":{\"@id\":\"https:\/\/newsroom.ferrovial.com\/es\/noticias\/ferrovial-juntos-sumamos-2021\/#primaryimage\"},\"image\":{\"@id\":\"https:\/\/newsroom.ferrovial.com\/es\/noticias\/ferrovial-juntos-sumamos-2021\/#primaryimage\"},\"thumbnailUrl\":\"https:\/\/static.newsroom.ferrovial.com\/wp-content\/uploads\/2021\/04\/15143017\/img-juntos-sumamos-india.jpg\",\"datePublished\":\"2021-04-14T15:02:44+00:00\",\"dateModified\":\"2022-12-21T07:43:36+00:00\",\"description\":\"Ferrovial ha lanzado su nueva edici\u00f3n de su programa social Juntos Sumamos, como parte de su compromiso con la sociedad\",\"breadcrumb\":{\"@id\":\"https:\/\/newsroom.ferrovial.com\/es\/noticias\/ferrovial-juntos-sumamos-2021\/#breadcrumb\"},\"inLanguage\":\"es\",\"potentialAction\":[{\"@type\":\"ReadAction\",\"target\":[\"https:\/\/newsroom.ferrovial.com\/es\/noticias\/ferrovial-juntos-sumamos-2021\/\"]}]},{\"@type\":\"ImageObject\",\"inLanguage\":\"es\",\"@id\":\"https:\/\/newsroom.ferrovial.com\/es\/noticias\/ferrovial-juntos-sumamos-2021\/#primaryimage\",\"url\":\"https:\/\/static.newsroom.ferrovial.com\/wp-content\/uploads\/2021\/04\/15143017\/img-juntos-sumamos-india.jpg\",\"contentUrl\":\"https:\/\/static.newsroom.ferrovial.com\/wp-content\/uploads\/2021\/04\/15143017\/img-juntos-sumamos-india.jpg\",\"width\":1260,\"height\":945,\"caption\":\"Programa Juntos Sumamos\"},{\"@type\":\"BreadcrumbList\",\"@id\":\"https:\/\/newsroom.ferrovial.com\/es\/noticias\/ferrovial-juntos-sumamos-2021\/#breadcrumb\",\"itemListElement\":[{\"@type\":\"ListItem\",\"position\":1,\"name\":\"Portada\",\"item\":\"https:\/\/newsroom.ferrovial.com\/es\/\"},{\"@type\":\"ListItem\",\"position\":2,\"name\":\"Ferrovial mejora las condiciones de vida de 200.000 personas en Latinoam\u00e9rica, Asia, \u00c1frica y Europa\"}]},{\"@type\":\"WebSite\",\"@id\":\"https:\/\/newsroom.ferrovial.com\/es\/#website\",\"url\":\"https:\/\/newsroom.ferrovial.com\/es\/\",\"name\":\"Sala de prensa Ferrovial | \u00daltimas noticias\",\"description\":\"Sala de prensa Ferrovial | \u00daltimas noticias\",\"publisher\":{\"@id\":\"https:\/\/newsroom.ferrovial.com\/es\/#organization\"},\"potentialAction\":[{\"@type\":\"SearchAction\",\"target\":{\"@type\":\"EntryPoint\",\"urlTemplate\":\"https:\/\/newsroom.ferrovial.com\/es\/?s={search_term_string}\"},\"query-input\":{\"@type\":\"PropertyValueSpecification\",\"valueRequired\":true,\"valueName\":\"search_term_string\"}}],\"inLanguage\":\"es\"},{\"@type\":\"Organization\",\"@id\":\"https:\/\/newsroom.ferrovial.com\/es\/#organization\",\"name\":\"Ferrovial S.A.\",\"url\":\"https:\/\/newsroom.ferrovial.com\/es\/\",\"logo\":{\"@type\":\"ImageObject\",\"inLanguage\":\"es\",\"@id\":\"https:\/\/newsroom.ferrovial.com\/es\/#\/schema\/logo\/image\/\",\"url\":\"https:\/\/static.newsroom.ferrovial.com\/wp-content\/uploads\/2018\/07\/15145720\/Ferrovial_Logotipo1.jpg\",\"contentUrl\":\"https:\/\/static.newsroom.ferrovial.com\/wp-content\/uploads\/2018\/07\/15145720\/Ferrovial_Logotipo1.jpg\",\"width\":600,\"height\":300,\"caption\":\"Ferrovial S.A.\"},\"image\":{\"@id\":\"https:\/\/newsroom.ferrovial.com\/es\/#\/schema\/logo\/image\/\"},\"sameAs\":[\"https:\/\/www.facebook.com\/ferrovial\",\"https:\/\/x.com\/ferrovial\",\"https:\/\/www.instagram.com\/ferrovial\/\",\"https:\/\/www.linkedin.com\/company\/ferrovial\",\"https:\/\/www.pinterest.es\/ferrovial\/\",\"https:\/\/www.youtube.com\/ferrovial\",\"https:\/\/en.wikipedia.org\/wiki\/Ferrovial\"]}]}<\/script>","yoast_head_json":{"title":"Ferrovial mejora las condiciones de vida de 200.000 personas en Latinoam\u00e9rica, Asia, \u00c1frica y Europa","description":"Ferrovial ha lanzado su nueva edici\u00f3n de su programa social Juntos Sumamos, como parte de su compromiso con la sociedad","robots":{"index":"index","follow":"follow","max-snippet":"max-snippet:-1","max-image-preview":"max-image-preview:large","max-video-preview":"max-video-preview:-1"},"canonical":"https:\/\/newsroom.ferrovial.com\/es\/noticias\/ferrovial-juntos-sumamos-2021\/","og_locale":"es_ES","og_type":"article","og_title":"Ferrovial mejora las condiciones de vida de 200.000 personas en Latinoam\u00e9rica, Asia, \u00c1frica y Europa","og_description":"Ferrovial ha lanzado su nueva edici\u00f3n de su programa social Juntos Sumamos, como parte de su compromiso con la sociedad","og_url":"https:\/\/newsroom.ferrovial.com\/es\/noticias\/ferrovial-juntos-sumamos-2021\/","og_site_name":"Sala de prensa Ferrovial | \u00daltimas noticias","article_publisher":"https:\/\/www.facebook.com\/ferrovial","article_modified_time":"2022-12-21T07:43:36+00:00","og_image":[{"width":1260,"height":945,"url":"https:\/\/newsroom.ferrovial.com\/wp-content\/uploads\/sites\/4\/2021\/04\/img-juntos-sumamos-india.jpg","type":"image\/jpeg"}],"twitter_card":"summary_large_image","twitter_site":"@ferrovial","schema":{"@context":"https:\/\/schema.org","@graph":[{"@type":"WebPage","@id":"https:\/\/newsroom.ferrovial.com\/es\/noticias\/ferrovial-juntos-sumamos-2021\/","url":"https:\/\/newsroom.ferrovial.com\/es\/noticias\/ferrovial-juntos-sumamos-2021\/","name":"Ferrovial mejora las condiciones de vida de 200.000 personas en Latinoam\u00e9rica, Asia, \u00c1frica y Europa","isPartOf":{"@id":"https:\/\/newsroom.ferrovial.com\/es\/#website"},"primaryImageOfPage":{"@id":"https:\/\/newsroom.ferrovial.com\/es\/noticias\/ferrovial-juntos-sumamos-2021\/#primaryimage"},"image":{"@id":"https:\/\/newsroom.ferrovial.com\/es\/noticias\/ferrovial-juntos-sumamos-2021\/#primaryimage"},"thumbnailUrl":"https:\/\/static.newsroom.ferrovial.com\/wp-content\/uploads\/2021\/04\/15143017\/img-juntos-sumamos-india.jpg","datePublished":"2021-04-14T15:02:44+00:00","dateModified":"2022-12-21T07:43:36+00:00","description":"Ferrovial ha lanzado su nueva edici\u00f3n de su programa social Juntos Sumamos, como parte de su compromiso con la sociedad","breadcrumb":{"@id":"https:\/\/newsroom.ferrovial.com\/es\/noticias\/ferrovial-juntos-sumamos-2021\/#breadcrumb"},"inLanguage":"es","potentialAction":[{"@type":"ReadAction","target":["https:\/\/newsroom.ferrovial.com\/es\/noticias\/ferrovial-juntos-sumamos-2021\/"]}]},{"@type":"ImageObject","inLanguage":"es","@id":"https:\/\/newsroom.ferrovial.com\/es\/noticias\/ferrovial-juntos-sumamos-2021\/#primaryimage","url":"https:\/\/static.newsroom.ferrovial.com\/wp-content\/uploads\/2021\/04\/15143017\/img-juntos-sumamos-india.jpg","contentUrl":"https:\/\/static.newsroom.ferrovial.com\/wp-content\/uploads\/2021\/04\/15143017\/img-juntos-sumamos-india.jpg","width":1260,"height":945,"caption":"Programa Juntos Sumamos"},{"@type":"BreadcrumbList","@id":"https:\/\/newsroom.ferrovial.com\/es\/noticias\/ferrovial-juntos-sumamos-2021\/#breadcrumb","itemListElement":[{"@type":"ListItem","position":1,"name":"Portada","item":"https:\/\/newsroom.ferrovial.com\/es\/"},{"@type":"ListItem","position":2,"name":"Ferrovial mejora las condiciones de vida de 200.000 personas en Latinoam\u00e9rica, Asia, \u00c1frica y Europa"}]},{"@type":"WebSite","@id":"https:\/\/newsroom.ferrovial.com\/es\/#website","url":"https:\/\/newsroom.ferrovial.com\/es\/","name":"Sala de prensa Ferrovial | \u00daltimas noticias","description":"Sala de prensa Ferrovial | \u00daltimas noticias","publisher":{"@id":"https:\/\/newsroom.ferrovial.com\/es\/#organization"},"potentialAction":[{"@type":"SearchAction","target":{"@type":"EntryPoint","urlTemplate":"https:\/\/newsroom.ferrovial.com\/es\/?s={search_term_string}"},"query-input":{"@type":"PropertyValueSpecification","valueRequired":true,"valueName":"search_term_string"}}],"inLanguage":"es"},{"@type":"Organization","@id":"https:\/\/newsroom.ferrovial.com\/es\/#organization","name":"Ferrovial S.A.","url":"https:\/\/newsroom.ferrovial.com\/es\/","logo":{"@type":"ImageObject","inLanguage":"es","@id":"https:\/\/newsroom.ferrovial.com\/es\/#\/schema\/logo\/image\/","url":"https:\/\/static.newsroom.ferrovial.com\/wp-content\/uploads\/2018\/07\/15145720\/Ferrovial_Logotipo1.jpg","contentUrl":"https:\/\/static.newsroom.ferrovial.com\/wp-content\/uploads\/2018\/07\/15145720\/Ferrovial_Logotipo1.jpg","width":600,"height":300,"caption":"Ferrovial S.A."},"image":{"@id":"https:\/\/newsroom.ferrovial.com\/es\/#\/schema\/logo\/image\/"},"sameAs":["https:\/\/www.facebook.com\/ferrovial","https:\/\/x.com\/ferrovial","https:\/\/www.instagram.com\/ferrovial\/","https:\/\/www.linkedin.com\/company\/ferrovial","https:\/\/www.pinterest.es\/ferrovial\/","https:\/\/www.youtube.com\/ferrovial","https:\/\/en.wikipedia.org\/wiki\/Ferrovial"]}]}},"_links":{"self":[{"href":"https:\/\/newsroom.ferrovial.com\/es\/wp-json\/wp\/v2\/new\/101969","targetHints":{"allow":["GET"]}}],"collection":[{"href":"https:\/\/newsroom.ferrovial.com\/es\/wp-json\/wp\/v2\/new"}],"about":[{"href":"https:\/\/newsroom.ferrovial.com\/es\/wp-json\/wp\/v2\/types\/new"}],"replies":[{"embeddable":true,"href":"https:\/\/newsroom.ferrovial.com\/es\/wp-json\/wp\/v2\/comments?post=101969"}],"version-history":[{"count":3,"href":"https:\/\/newsroom.ferrovial.com\/es\/wp-json\/wp\/v2\/new\/101969\/revisions"}],"predecessor-version":[{"id":116107,"href":"https:\/\/newsroom.ferrovial.com\/es\/wp-json\/wp\/v2\/new\/101969\/revisions\/116107"}],"wp:featuredmedia":[{"embeddable":true,"href":"https:\/\/newsroom.ferrovial.com\/es\/wp-json\/wp\/v2\/media\/101975"}],"wp:attachment":[{"href":"https:\/\/newsroom.ferrovial.com\/es\/wp-json\/wp\/v2\/media?parent=101969"}],"wp:term":[{"taxonomy":"nivel-2","embeddable":true,"href":"https:\/\/newsroom.ferrovial.com\/es\/wp-json\/wp\/v2\/nivel-2?post=101969"},{"taxonomy":"nivel-5","embeddable":true,"href":"https:\/\/newsroom.ferrovial.com\/es\/wp-json\/wp\/v2\/nivel-5?post=101969"},{"taxonomy":"nivel-1","embeddable":true,"href":"https:\/\/newsroom.ferrovial.com\/es\/wp-json\/wp\/v2\/nivel-1?post=101969"},{"taxonomy":"nivel-3","embeddable":true,"href":"https:\/\/newsroom.ferrovial.com\/es\/wp-json\/wp\/v2\/nivel-3?post=101969"},{"taxonomy":"nivel-4","embeddable":true,"href":"https:\/\/newsroom.ferrovial.com\/es\/wp-json\/wp\/v2\/nivel-4?post=101969"}],"curies":[{"name":"wp","href":"https:\/\/api.w.org\/{rel}","templated":true}]}}