{"id":102013,"date":"2021-04-19T18:44:54","date_gmt":"2021-04-19T16:44:54","guid":{"rendered":"https:\/\/newsroom.ferrovial.com\/?post_type=new&#038;p=102013"},"modified":"2022-12-21T08:43:35","modified_gmt":"2022-12-21T07:43:35","slug":"primera-piedra-construccion-hotel-rivas-vaciamadrid","status":"publish","type":"new","link":"https:\/\/newsroom.ferrovial.com\/es\/noticias\/primera-piedra-construccion-hotel-rivas-vaciamadrid\/","title":{"rendered":"Primera Piedra del proyecto de construcci\u00f3n del hotel en Rivas Vaciamadrid, Madrid"},"content":{"rendered":"    <section class=\"wysiwyg text-editor \" id=\"\">\n        <div class=\"container container--narrow container--p-10\">\n            <p>Ha tenido lugar el acto de colocaci\u00f3n de la <strong>Primera Piedra del proyecto de construcci\u00f3n<\/strong> de edificio de uso terciario hotelero compuesto de 847 alojamientos y urbanizaci\u00f3n con sus respectivos jardines y piscina en Rivas Vaciamadrid, Madrid.<\/p>\n<p>Al acto han asistido D. Pedro del Cura S\u00e1nchez, alcalde del municipio, as\u00ed como los portavoces pol\u00edticos de grupos pol\u00edticos, D. \u00aa A\u00edda Castillejo Parrilla, IU &#8211; EQUO &#8211; M\u00c1S MADRID, D. \u00aa M\u00f3nica Carazo G\u00f3mez, Partido Socialista, D. Bernardo Gonz\u00e1lez Ramos, Ciudadanos, D. \u00aa Janette Novo Castillo, grupo Mixto. Por parte de Ferrovial Construcci\u00f3n, han acudido Juan Luis Junguito, director Regi\u00f3n Centro Edificaci\u00f3n, Javier Garc\u00eda Fern\u00e1ndez, subdirector; Carlos S\u00e1nchez Ripio, gerente, y \u00c1lvaro Lanza Garde, jefe de obra.<\/p>\n<p>El proyecto con un presupuesto de m\u00e1s de <strong>43 millones de euros<\/strong> consiste en la construcci\u00f3n de un edificio destinado a edificio terciario hotelero compuesto por 847 unidades habitacionales repartidas entre 521 estudios, 170 junior suites y 156 senior suites, zonas comunes y garaje con 679 plazas de aparcamiento subterr\u00e1neo y 168 plazas en superficie. El proyecto fue adjudicado a Ferrovial Construcci\u00f3n en el mes de noviembre de 2020.<\/p>\n<p>En la actualidad el equipo del proyecto lleva realizado el <strong>100% de los trabajos de movimiento de tierra y excavaci\u00f3n<\/strong>, el <strong>100% de los trabajos de cimentaci\u00f3n<\/strong> y se han iniciado los trabajos de estructura, estando avanzada al 15% aproximadamente. La fecha prevista de finalizaci\u00f3n es agosto de 2022.<\/p>\n        <\/div>\n    <\/section>\n","protected":false},"excerpt":{"rendered":"","protected":false},"featured_media":102014,"menu_order":0,"comment_status":"closed","ping_status":"closed","template":"","nivel-2":[2206,2091],"nivel-5":[2149],"nivel-1":[2168],"nivel-3":[],"nivel-4":[1809],"class_list":["post-102013","new","type-new","status-publish","has-post-thumbnail","hentry","nivel-2-obras","nivel-2-proyectos","nivel-5-ferrovial-construccion","nivel-1-construccion","nivel-4-madrid"],"acf":[],"yoast_head":"<title>Primera Piedra del proyecto de construcci\u00f3n del hotel en Rivas Vaciamadrid, Madrid Sala de prensa Ferrovial | \u00daltimas noticias<\/title>\n<meta name=\"description\" content=\"El edificio de uso terciario hotelero estar\u00e1 compuesto de 847 alojamientos y urbanizaci\u00f3n con sus respectivos jardines y piscina en Rivas Vaciamadrid.\" \/>\n<meta name=\"robots\" content=\"index, follow, max-snippet:-1, max-image-preview:large, max-video-preview:-1\" \/>\n<link rel=\"canonical\" href=\"https:\/\/newsroom.ferrovial.com\/es\/noticias\/primera-piedra-construccion-hotel-rivas-vaciamadrid\/\" \/>\n<meta property=\"og:locale\" content=\"es_ES\" \/>\n<meta property=\"og:type\" content=\"article\" \/>\n<meta property=\"og:title\" content=\"Primera Piedra del proyecto de construcci\u00f3n del hotel en Rivas Vaciamadrid, Madrid Sala de prensa Ferrovial | \u00daltimas noticias\" \/>\n<meta property=\"og:description\" content=\"El edificio de uso terciario hotelero estar\u00e1 compuesto de 847 alojamientos y urbanizaci\u00f3n con sus respectivos jardines y piscina en Rivas Vaciamadrid.\" \/>\n<meta property=\"og:url\" content=\"https:\/\/newsroom.ferrovial.com\/es\/noticias\/primera-piedra-construccion-hotel-rivas-vaciamadrid\/\" \/>\n<meta property=\"og:site_name\" content=\"Sala de prensa Ferrovial | \u00daltimas noticias\" \/>\n<meta property=\"article:publisher\" content=\"https:\/\/www.facebook.com\/ferrovial\" \/>\n<meta property=\"article:modified_time\" content=\"2022-12-21T07:43:35+00:00\" \/>\n<meta property=\"og:image\" content=\"https:\/\/newsroom.ferrovial.com\/wp-content\/uploads\/sites\/4\/2021\/04\/jl-junguitojose-parrapedro-del-curaignacio-pareja-2-scaled.jpg\" \/>\n\t<meta property=\"og:image:width\" content=\"2560\" \/>\n\t<meta property=\"og:image:height\" content=\"1709\" \/>\n\t<meta property=\"og:image:type\" content=\"image\/jpeg\" \/>\n<meta name=\"twitter:card\" content=\"summary_large_image\" \/>\n<meta name=\"twitter:site\" content=\"@ferrovial\" \/>\n<script type=\"application\/ld+json\" class=\"yoast-schema-graph\">{\"@context\":\"https:\/\/schema.org\",\"@graph\":[{\"@type\":\"WebPage\",\"@id\":\"https:\/\/newsroom.ferrovial.com\/es\/noticias\/primera-piedra-construccion-hotel-rivas-vaciamadrid\/\",\"url\":\"https:\/\/newsroom.ferrovial.com\/es\/noticias\/primera-piedra-construccion-hotel-rivas-vaciamadrid\/\",\"name\":\"Primera Piedra del proyecto de construcci\u00f3n del hotel en Rivas Vaciamadrid, Madrid Sala de prensa Ferrovial | \u00daltimas noticias\",\"isPartOf\":{\"@id\":\"https:\/\/newsroom.ferrovial.com\/es\/#website\"},\"primaryImageOfPage\":{\"@id\":\"https:\/\/newsroom.ferrovial.com\/es\/noticias\/primera-piedra-construccion-hotel-rivas-vaciamadrid\/#primaryimage\"},\"image\":{\"@id\":\"https:\/\/newsroom.ferrovial.com\/es\/noticias\/primera-piedra-construccion-hotel-rivas-vaciamadrid\/#primaryimage\"},\"thumbnailUrl\":\"https:\/\/static.newsroom.ferrovial.com\/wp-content\/uploads\/2021\/04\/15143016\/jl-junguitojose-parrapedro-del-curaignacio-pareja-2-scaled.jpg\",\"datePublished\":\"2021-04-19T16:44:54+00:00\",\"dateModified\":\"2022-12-21T07:43:35+00:00\",\"description\":\"El edificio de uso terciario hotelero estar\u00e1 compuesto de 847 alojamientos y urbanizaci\u00f3n con sus respectivos jardines y piscina en Rivas Vaciamadrid.\",\"breadcrumb\":{\"@id\":\"https:\/\/newsroom.ferrovial.com\/es\/noticias\/primera-piedra-construccion-hotel-rivas-vaciamadrid\/#breadcrumb\"},\"inLanguage\":\"es\",\"potentialAction\":[{\"@type\":\"ReadAction\",\"target\":[\"https:\/\/newsroom.ferrovial.com\/es\/noticias\/primera-piedra-construccion-hotel-rivas-vaciamadrid\/\"]}]},{\"@type\":\"ImageObject\",\"inLanguage\":\"es\",\"@id\":\"https:\/\/newsroom.ferrovial.com\/es\/noticias\/primera-piedra-construccion-hotel-rivas-vaciamadrid\/#primaryimage\",\"url\":\"https:\/\/static.newsroom.ferrovial.com\/wp-content\/uploads\/2021\/04\/15143016\/jl-junguitojose-parrapedro-del-curaignacio-pareja-2-scaled.jpg\",\"contentUrl\":\"https:\/\/static.newsroom.ferrovial.com\/wp-content\/uploads\/2021\/04\/15143016\/jl-junguitojose-parrapedro-del-curaignacio-pareja-2-scaled.jpg\",\"width\":2560,\"height\":1709,\"caption\":\"primera piedra rivasvaciamadrid construccion hotel ferrovial\"},{\"@type\":\"BreadcrumbList\",\"@id\":\"https:\/\/newsroom.ferrovial.com\/es\/noticias\/primera-piedra-construccion-hotel-rivas-vaciamadrid\/#breadcrumb\",\"itemListElement\":[{\"@type\":\"ListItem\",\"position\":1,\"name\":\"Portada\",\"item\":\"https:\/\/newsroom.ferrovial.com\/es\/\"},{\"@type\":\"ListItem\",\"position\":2,\"name\":\"Primera Piedra del proyecto de construcci\u00f3n del hotel en Rivas Vaciamadrid, Madrid\"}]},{\"@type\":\"WebSite\",\"@id\":\"https:\/\/newsroom.ferrovial.com\/es\/#website\",\"url\":\"https:\/\/newsroom.ferrovial.com\/es\/\",\"name\":\"Sala de prensa Ferrovial | \u00daltimas noticias\",\"description\":\"Sala de prensa Ferrovial | \u00daltimas noticias\",\"publisher\":{\"@id\":\"https:\/\/newsroom.ferrovial.com\/es\/#organization\"},\"potentialAction\":[{\"@type\":\"SearchAction\",\"target\":{\"@type\":\"EntryPoint\",\"urlTemplate\":\"https:\/\/newsroom.ferrovial.com\/es\/?s={search_term_string}\"},\"query-input\":{\"@type\":\"PropertyValueSpecification\",\"valueRequired\":true,\"valueName\":\"search_term_string\"}}],\"inLanguage\":\"es\"},{\"@type\":\"Organization\",\"@id\":\"https:\/\/newsroom.ferrovial.com\/es\/#organization\",\"name\":\"Ferrovial S.A.\",\"url\":\"https:\/\/newsroom.ferrovial.com\/es\/\",\"logo\":{\"@type\":\"ImageObject\",\"inLanguage\":\"es\",\"@id\":\"https:\/\/newsroom.ferrovial.com\/es\/#\/schema\/logo\/image\/\",\"url\":\"https:\/\/static.newsroom.ferrovial.com\/wp-content\/uploads\/2018\/07\/15145720\/Ferrovial_Logotipo1.jpg\",\"contentUrl\":\"https:\/\/static.newsroom.ferrovial.com\/wp-content\/uploads\/2018\/07\/15145720\/Ferrovial_Logotipo1.jpg\",\"width\":600,\"height\":300,\"caption\":\"Ferrovial S.A.\"},\"image\":{\"@id\":\"https:\/\/newsroom.ferrovial.com\/es\/#\/schema\/logo\/image\/\"},\"sameAs\":[\"https:\/\/www.facebook.com\/ferrovial\",\"https:\/\/x.com\/ferrovial\",\"https:\/\/www.instagram.com\/ferrovial\/\",\"https:\/\/www.linkedin.com\/company\/ferrovial\",\"https:\/\/www.pinterest.es\/ferrovial\/\",\"https:\/\/www.youtube.com\/ferrovial\",\"https:\/\/en.wikipedia.org\/wiki\/Ferrovial\"]}]}<\/script>","yoast_head_json":{"title":"Primera Piedra del proyecto de construcci\u00f3n del hotel en Rivas Vaciamadrid, Madrid Sala de prensa Ferrovial | \u00daltimas noticias","description":"El edificio de uso terciario hotelero estar\u00e1 compuesto de 847 alojamientos y urbanizaci\u00f3n con sus respectivos jardines y piscina en Rivas Vaciamadrid.","robots":{"index":"index","follow":"follow","max-snippet":"max-snippet:-1","max-image-preview":"max-image-preview:large","max-video-preview":"max-video-preview:-1"},"canonical":"https:\/\/newsroom.ferrovial.com\/es\/noticias\/primera-piedra-construccion-hotel-rivas-vaciamadrid\/","og_locale":"es_ES","og_type":"article","og_title":"Primera Piedra del proyecto de construcci\u00f3n del hotel en Rivas Vaciamadrid, Madrid Sala de prensa Ferrovial | \u00daltimas noticias","og_description":"El edificio de uso terciario hotelero estar\u00e1 compuesto de 847 alojamientos y urbanizaci\u00f3n con sus respectivos jardines y piscina en Rivas Vaciamadrid.","og_url":"https:\/\/newsroom.ferrovial.com\/es\/noticias\/primera-piedra-construccion-hotel-rivas-vaciamadrid\/","og_site_name":"Sala de prensa Ferrovial | \u00daltimas noticias","article_publisher":"https:\/\/www.facebook.com\/ferrovial","article_modified_time":"2022-12-21T07:43:35+00:00","og_image":[{"width":2560,"height":1709,"url":"https:\/\/newsroom.ferrovial.com\/wp-content\/uploads\/sites\/4\/2021\/04\/jl-junguitojose-parrapedro-del-curaignacio-pareja-2-scaled.jpg","type":"image\/jpeg"}],"twitter_card":"summary_large_image","twitter_site":"@ferrovial","schema":{"@context":"https:\/\/schema.org","@graph":[{"@type":"WebPage","@id":"https:\/\/newsroom.ferrovial.com\/es\/noticias\/primera-piedra-construccion-hotel-rivas-vaciamadrid\/","url":"https:\/\/newsroom.ferrovial.com\/es\/noticias\/primera-piedra-construccion-hotel-rivas-vaciamadrid\/","name":"Primera Piedra del proyecto de construcci\u00f3n del hotel en Rivas Vaciamadrid, Madrid Sala de prensa Ferrovial | \u00daltimas noticias","isPartOf":{"@id":"https:\/\/newsroom.ferrovial.com\/es\/#website"},"primaryImageOfPage":{"@id":"https:\/\/newsroom.ferrovial.com\/es\/noticias\/primera-piedra-construccion-hotel-rivas-vaciamadrid\/#primaryimage"},"image":{"@id":"https:\/\/newsroom.ferrovial.com\/es\/noticias\/primera-piedra-construccion-hotel-rivas-vaciamadrid\/#primaryimage"},"thumbnailUrl":"https:\/\/static.newsroom.ferrovial.com\/wp-content\/uploads\/2021\/04\/15143016\/jl-junguitojose-parrapedro-del-curaignacio-pareja-2-scaled.jpg","datePublished":"2021-04-19T16:44:54+00:00","dateModified":"2022-12-21T07:43:35+00:00","description":"El edificio de uso terciario hotelero estar\u00e1 compuesto de 847 alojamientos y urbanizaci\u00f3n con sus respectivos jardines y piscina en Rivas Vaciamadrid.","breadcrumb":{"@id":"https:\/\/newsroom.ferrovial.com\/es\/noticias\/primera-piedra-construccion-hotel-rivas-vaciamadrid\/#breadcrumb"},"inLanguage":"es","potentialAction":[{"@type":"ReadAction","target":["https:\/\/newsroom.ferrovial.com\/es\/noticias\/primera-piedra-construccion-hotel-rivas-vaciamadrid\/"]}]},{"@type":"ImageObject","inLanguage":"es","@id":"https:\/\/newsroom.ferrovial.com\/es\/noticias\/primera-piedra-construccion-hotel-rivas-vaciamadrid\/#primaryimage","url":"https:\/\/static.newsroom.ferrovial.com\/wp-content\/uploads\/2021\/04\/15143016\/jl-junguitojose-parrapedro-del-curaignacio-pareja-2-scaled.jpg","contentUrl":"https:\/\/static.newsroom.ferrovial.com\/wp-content\/uploads\/2021\/04\/15143016\/jl-junguitojose-parrapedro-del-curaignacio-pareja-2-scaled.jpg","width":2560,"height":1709,"caption":"primera piedra rivasvaciamadrid construccion hotel ferrovial"},{"@type":"BreadcrumbList","@id":"https:\/\/newsroom.ferrovial.com\/es\/noticias\/primera-piedra-construccion-hotel-rivas-vaciamadrid\/#breadcrumb","itemListElement":[{"@type":"ListItem","position":1,"name":"Portada","item":"https:\/\/newsroom.ferrovial.com\/es\/"},{"@type":"ListItem","position":2,"name":"Primera Piedra del proyecto de construcci\u00f3n del hotel en Rivas Vaciamadrid, Madrid"}]},{"@type":"WebSite","@id":"https:\/\/newsroom.ferrovial.com\/es\/#website","url":"https:\/\/newsroom.ferrovial.com\/es\/","name":"Sala de prensa Ferrovial | \u00daltimas noticias","description":"Sala de prensa Ferrovial | \u00daltimas noticias","publisher":{"@id":"https:\/\/newsroom.ferrovial.com\/es\/#organization"},"potentialAction":[{"@type":"SearchAction","target":{"@type":"EntryPoint","urlTemplate":"https:\/\/newsroom.ferrovial.com\/es\/?s={search_term_string}"},"query-input":{"@type":"PropertyValueSpecification","valueRequired":true,"valueName":"search_term_string"}}],"inLanguage":"es"},{"@type":"Organization","@id":"https:\/\/newsroom.ferrovial.com\/es\/#organization","name":"Ferrovial S.A.","url":"https:\/\/newsroom.ferrovial.com\/es\/","logo":{"@type":"ImageObject","inLanguage":"es","@id":"https:\/\/newsroom.ferrovial.com\/es\/#\/schema\/logo\/image\/","url":"https:\/\/static.newsroom.ferrovial.com\/wp-content\/uploads\/2018\/07\/15145720\/Ferrovial_Logotipo1.jpg","contentUrl":"https:\/\/static.newsroom.ferrovial.com\/wp-content\/uploads\/2018\/07\/15145720\/Ferrovial_Logotipo1.jpg","width":600,"height":300,"caption":"Ferrovial S.A."},"image":{"@id":"https:\/\/newsroom.ferrovial.com\/es\/#\/schema\/logo\/image\/"},"sameAs":["https:\/\/www.facebook.com\/ferrovial","https:\/\/x.com\/ferrovial","https:\/\/www.instagram.com\/ferrovial\/","https:\/\/www.linkedin.com\/company\/ferrovial","https:\/\/www.pinterest.es\/ferrovial\/","https:\/\/www.youtube.com\/ferrovial","https:\/\/en.wikipedia.org\/wiki\/Ferrovial"]}]}},"_links":{"self":[{"href":"https:\/\/newsroom.ferrovial.com\/es\/wp-json\/wp\/v2\/new\/102013","targetHints":{"allow":["GET"]}}],"collection":[{"href":"https:\/\/newsroom.ferrovial.com\/es\/wp-json\/wp\/v2\/new"}],"about":[{"href":"https:\/\/newsroom.ferrovial.com\/es\/wp-json\/wp\/v2\/types\/new"}],"replies":[{"embeddable":true,"href":"https:\/\/newsroom.ferrovial.com\/es\/wp-json\/wp\/v2\/comments?post=102013"}],"version-history":[{"count":3,"href":"https:\/\/newsroom.ferrovial.com\/es\/wp-json\/wp\/v2\/new\/102013\/revisions"}],"predecessor-version":[{"id":116106,"href":"https:\/\/newsroom.ferrovial.com\/es\/wp-json\/wp\/v2\/new\/102013\/revisions\/116106"}],"wp:featuredmedia":[{"embeddable":true,"href":"https:\/\/newsroom.ferrovial.com\/es\/wp-json\/wp\/v2\/media\/102014"}],"wp:attachment":[{"href":"https:\/\/newsroom.ferrovial.com\/es\/wp-json\/wp\/v2\/media?parent=102013"}],"wp:term":[{"taxonomy":"nivel-2","embeddable":true,"href":"https:\/\/newsroom.ferrovial.com\/es\/wp-json\/wp\/v2\/nivel-2?post=102013"},{"taxonomy":"nivel-5","embeddable":true,"href":"https:\/\/newsroom.ferrovial.com\/es\/wp-json\/wp\/v2\/nivel-5?post=102013"},{"taxonomy":"nivel-1","embeddable":true,"href":"https:\/\/newsroom.ferrovial.com\/es\/wp-json\/wp\/v2\/nivel-1?post=102013"},{"taxonomy":"nivel-3","embeddable":true,"href":"https:\/\/newsroom.ferrovial.com\/es\/wp-json\/wp\/v2\/nivel-3?post=102013"},{"taxonomy":"nivel-4","embeddable":true,"href":"https:\/\/newsroom.ferrovial.com\/es\/wp-json\/wp\/v2\/nivel-4?post=102013"}],"curies":[{"name":"wp","href":"https:\/\/api.w.org\/{rel}","templated":true}]}}