{"id":104757,"date":"2022-01-24T10:29:49","date_gmt":"2022-01-24T09:29:49","guid":{"rendered":"https:\/\/newsroom.ferrovial.com\/?post_type=new&#038;p=104757"},"modified":"2022-12-21T08:40:04","modified_gmt":"2022-12-21T07:40:04","slug":"cintra-vision-movilidad-congreso","status":"publish","type":"new","link":"https:\/\/newsroom.ferrovial.com\/es\/noticias\/cintra-vision-movilidad-congreso\/","title":{"rendered":"Cintra presenta su visi\u00f3n de la movilidad en el 2\u00ba Congreso Espa\u00f1ol de Smart Roads"},"content":{"rendered":"    <section class=\"wysiwyg text-editor \" id=\"\">\n        <div class=\"container container--narrow container--p-10\">\n            <p>Cintra present\u00f3 en este foro el proyecto de <a href=\"https:\/\/www.ferrovial.com\/es-es\/innovacion\/aivia-corredores-conectados-orquestados\/\">AIVIA<\/a>, dentro del marco de proyectos estrat\u00e9gicos de transformaci\u00f3n de la movilidad.\u00a0<strong>AIVIA\u00a0<\/strong>es<strong>\u00a0<\/strong>un proyecto conjunto de Cintra y\u00a0<span class=\"ms-rteThemeForeColor-5-0\"><strong>Ferrovial<\/strong><\/span>\u00a0que construye y nos prepara para el futuro de la movilidad creando y reinventado las v\u00edas para que se conviertan en entornos m\u00e1s seguros y eficientes, preparados para recibir la llegada del tr\u00e1fico mixto de veh\u00edculos aut\u00f3nomos con tradicionales, aprovechando la conectividad, la inteligencia artificial (IA) y las comunicaciones de baja latencia.<\/p>\n        <\/div>\n    <\/section>\n    <section class=\"block-quote \" id=\"\">\n        <div class=\"container container--narrow container--p-10 block-quote__body\">\n            <blockquote class=\"block-quote__text\" aria-label=\"\">\n                En los pr\u00f3ximos 30 a\u00f1os nos enfrentaremos con escenarios de tr\u00e1fico mixto en los cuales veh\u00edculos convencionales, conectados y aut\u00f3nomos tendr\u00e1n necesariamente coexistir, lo que supone un reto para los gestores de infraestructuras, debido a las distintas necesidades de cada tipo de veh\u00edculo            <\/blockquote>\n\n            <footer class=\"block-quote__footer\">\n                                    <p class=\"block-quote__author\" aria-label=\"\">\n                        <span class=\"block-quote__author-name\">Andrea Dall\u2019Oglio<\/span>\n                    <\/p>\n                                    <p class=\"block-quote__author-role\" aria-label=\"\">\n                        Coordinador de Proyectos de Innovaci\u00f3n                    <\/p>\n                            <\/footer>\n        <\/div>\n    <\/section>\n    <section class=\"wysiwyg text-editor \" id=\"\">\n        <div class=\"container container--narrow container--p-10\">\n            <p>Andrea Dall\u2019Oglio sigui\u00f3 explicando que el Proyecto AIVIA de Cintra abarca precisamente este reto, ya que se tiene como objetivo <em>\u00ab<\/em><em><strong>permitir una transici\u00f3n segura y eficiente para todo veh\u00edculo hac\u00eda una movilidad cada vez m\u00e1s automatizada, a trav\u00e9s de la digitalizaci\u00f3n de la infraestructura<\/strong><\/em><em>\u00ab.<\/em><\/p>\n<p>M\u00e1s en detalle, AIVIA tiene dos objetivos fundamentales: por un lado, garantizar la\u00a0<strong>seguridad de cualquier tipo de usuario<\/strong>\u00a0<strong>en cualquier circunstancia y\u00a0<\/strong><strong><em>mix<\/em><\/strong><strong>\u00a0de tr\u00e1fico<\/strong>. Por otro lado, actuar como coordinador y orquestador de los flujos de tr\u00e1fico, gracias al intercambio de informaci\u00f3n entre infraestructura y veh\u00edculos, as\u00ed como la inteligencia que se dotar\u00e1 a la plataforma de gesti\u00f3n de tr\u00e1fico de AIVIA. Gracias a esto ser\u00e1 posible maximizar la seguridad vial y la capacidad de la infraestructura existente, logrando un\u00a0<strong>tr\u00e1fico m\u00e1s fluido, eficiente y automatizado.<\/strong><\/p>\n<p>Andrea explic\u00f3 que AIVIA se\u00a0desplegar\u00e1 de forma incremental e ir\u00e1 evolucionando al ritmo del cambio tecnol\u00f3gico y las necesidades de los veh\u00edculos. En su fase inicial, ya en marcha, los casos de uso se enfocar\u00e1n en la\u00a0<strong>detecci\u00f3n y aviso a los usuarios de todas las situaciones de peligro que ocurran en la carretera en tiempo real<\/strong>: presencia de veh\u00edculos en sentido contrario, veh\u00edculos de emergencia o accidentados, objetos en la carretera, tramos de baja adherencia.<\/p>\n<p>A medida que augmente el uso de veh\u00edculos conectados y aut\u00f3nomos, se desplegar\u00e1n los\u00a0<strong>casos de uso asociados a la coordinaci\u00f3n del tr\u00e1fico<\/strong>, gracias a la comunicaci\u00f3n entre infraestructura y veh\u00edculo: indicaciones a los veh\u00edculos sobre el carril m\u00e1s adecuado y la velocidad \u00f3ptima en cada circunstancia, informaci\u00f3n para facilitar las incorporaciones a la carretera, etc.<\/p>\n<p>Durante el foro se puso de manifiesto y debati\u00f3 algunos temas tan interesantes para el futuro de la movilidad como: la importancia de la gesti\u00f3n de los datos en la movilidad, los progresos en la transformaci\u00f3n digital de las carreteras, los productos y servicios para la adaptaci\u00f3n digital de las v\u00edas y la movilidad, adem\u00e1s de la gesti\u00f3n avanzada de infraestructuras y servicios singulares.<\/p>\n        <\/div>\n    <\/section>\n","protected":false},"excerpt":{"rendered":"","protected":false},"featured_media":104758,"menu_order":0,"comment_status":"closed","ping_status":"closed","template":"","nivel-2":[918,2084,2215,2200,1063,991,993],"nivel-5":[1729,1902],"nivel-1":[894],"nivel-3":[1258],"nivel-4":[],"class_list":["post-104757","new","type-new","status-publish","has-post-thumbnail","hentry","nivel-2-automoviles","nivel-2-coche-autonomo","nivel-2-eficiencia-energetica","nivel-2-innovacion","nivel-2-innovacion-urbana","nivel-2-inteligencia-artificial","nivel-2-internet-de-las-cosas","nivel-5-cintra","nivel-5-ferrovial","nivel-1-autopistas","nivel-3-espana"],"acf":[],"yoast_head":"<title>Cintra presenta su visi\u00f3n de la movilidad en el 2\u00ba Congreso Espa\u00f1ol de Smart Roads Sala de prensa Ferrovial | \u00daltimas noticias<\/title>\n<meta name=\"description\" content=\"cintra ha presentado su visi\u00f3n de las infraestructuras del futuro aprovechando la inteligencia artificial y la conectividad\" \/>\n<meta name=\"robots\" content=\"index, follow, max-snippet:-1, max-image-preview:large, max-video-preview:-1\" \/>\n<link rel=\"canonical\" href=\"https:\/\/newsroom.ferrovial.com\/es\/noticias\/cintra-vision-movilidad-congreso\/\" \/>\n<meta property=\"og:locale\" content=\"es_ES\" \/>\n<meta property=\"og:type\" content=\"article\" \/>\n<meta property=\"og:title\" content=\"Cintra presenta su visi\u00f3n de la movilidad en el 2\u00ba Congreso Espa\u00f1ol de Smart Roads Sala de prensa Ferrovial | \u00daltimas noticias\" \/>\n<meta property=\"og:description\" content=\"cintra ha presentado su visi\u00f3n de las infraestructuras del futuro aprovechando la inteligencia artificial y la conectividad\" \/>\n<meta property=\"og:url\" content=\"https:\/\/newsroom.ferrovial.com\/es\/noticias\/cintra-vision-movilidad-congreso\/\" \/>\n<meta property=\"og:site_name\" content=\"Sala de prensa Ferrovial | \u00daltimas noticias\" \/>\n<meta property=\"article:publisher\" content=\"https:\/\/www.facebook.com\/ferrovial\" \/>\n<meta property=\"article:modified_time\" content=\"2022-12-21T07:40:04+00:00\" \/>\n<meta property=\"og:image\" content=\"https:\/\/newsroom.ferrovial.com\/wp-content\/uploads\/sites\/4\/2022\/01\/img-4522.jpg\" \/>\n\t<meta property=\"og:image:width\" content=\"1024\" \/>\n\t<meta property=\"og:image:height\" content=\"683\" \/>\n\t<meta property=\"og:image:type\" content=\"image\/jpeg\" \/>\n<meta name=\"twitter:card\" content=\"summary_large_image\" \/>\n<meta name=\"twitter:site\" content=\"@ferrovial\" \/>\n<script type=\"application\/ld+json\" class=\"yoast-schema-graph\">{\"@context\":\"https:\/\/schema.org\",\"@graph\":[{\"@type\":\"WebPage\",\"@id\":\"https:\/\/newsroom.ferrovial.com\/es\/noticias\/cintra-vision-movilidad-congreso\/\",\"url\":\"https:\/\/newsroom.ferrovial.com\/es\/noticias\/cintra-vision-movilidad-congreso\/\",\"name\":\"Cintra presenta su visi\u00f3n de la movilidad en el 2\u00ba Congreso Espa\u00f1ol de Smart Roads Sala de prensa Ferrovial | \u00daltimas noticias\",\"isPartOf\":{\"@id\":\"https:\/\/newsroom.ferrovial.com\/es\/#website\"},\"primaryImageOfPage\":{\"@id\":\"https:\/\/newsroom.ferrovial.com\/es\/noticias\/cintra-vision-movilidad-congreso\/#primaryimage\"},\"image\":{\"@id\":\"https:\/\/newsroom.ferrovial.com\/es\/noticias\/cintra-vision-movilidad-congreso\/#primaryimage\"},\"thumbnailUrl\":\"https:\/\/static.newsroom.ferrovial.com\/wp-content\/uploads\/2022\/01\/15142413\/img-4522.jpg\",\"datePublished\":\"2022-01-24T09:29:49+00:00\",\"dateModified\":\"2022-12-21T07:40:04+00:00\",\"description\":\"cintra ha presentado su visi\u00f3n de las infraestructuras del futuro aprovechando la inteligencia artificial y la conectividad\",\"breadcrumb\":{\"@id\":\"https:\/\/newsroom.ferrovial.com\/es\/noticias\/cintra-vision-movilidad-congreso\/#breadcrumb\"},\"inLanguage\":\"es\",\"potentialAction\":[{\"@type\":\"ReadAction\",\"target\":[\"https:\/\/newsroom.ferrovial.com\/es\/noticias\/cintra-vision-movilidad-congreso\/\"]}]},{\"@type\":\"ImageObject\",\"inLanguage\":\"es\",\"@id\":\"https:\/\/newsroom.ferrovial.com\/es\/noticias\/cintra-vision-movilidad-congreso\/#primaryimage\",\"url\":\"https:\/\/static.newsroom.ferrovial.com\/wp-content\/uploads\/2022\/01\/15142413\/img-4522.jpg\",\"contentUrl\":\"https:\/\/static.newsroom.ferrovial.com\/wp-content\/uploads\/2022\/01\/15142413\/img-4522.jpg\",\"width\":1024,\"height\":683},{\"@type\":\"BreadcrumbList\",\"@id\":\"https:\/\/newsroom.ferrovial.com\/es\/noticias\/cintra-vision-movilidad-congreso\/#breadcrumb\",\"itemListElement\":[{\"@type\":\"ListItem\",\"position\":1,\"name\":\"Portada\",\"item\":\"https:\/\/newsroom.ferrovial.com\/es\/\"},{\"@type\":\"ListItem\",\"position\":2,\"name\":\"Cintra presenta su visi\u00f3n de la movilidad en el 2\u00ba Congreso Espa\u00f1ol de Smart Roads\"}]},{\"@type\":\"WebSite\",\"@id\":\"https:\/\/newsroom.ferrovial.com\/es\/#website\",\"url\":\"https:\/\/newsroom.ferrovial.com\/es\/\",\"name\":\"Sala de prensa Ferrovial | \u00daltimas noticias\",\"description\":\"Sala de prensa Ferrovial | \u00daltimas noticias\",\"publisher\":{\"@id\":\"https:\/\/newsroom.ferrovial.com\/es\/#organization\"},\"potentialAction\":[{\"@type\":\"SearchAction\",\"target\":{\"@type\":\"EntryPoint\",\"urlTemplate\":\"https:\/\/newsroom.ferrovial.com\/es\/?s={search_term_string}\"},\"query-input\":{\"@type\":\"PropertyValueSpecification\",\"valueRequired\":true,\"valueName\":\"search_term_string\"}}],\"inLanguage\":\"es\"},{\"@type\":\"Organization\",\"@id\":\"https:\/\/newsroom.ferrovial.com\/es\/#organization\",\"name\":\"Ferrovial S.A.\",\"url\":\"https:\/\/newsroom.ferrovial.com\/es\/\",\"logo\":{\"@type\":\"ImageObject\",\"inLanguage\":\"es\",\"@id\":\"https:\/\/newsroom.ferrovial.com\/es\/#\/schema\/logo\/image\/\",\"url\":\"https:\/\/static.newsroom.ferrovial.com\/wp-content\/uploads\/2018\/07\/15145720\/Ferrovial_Logotipo1.jpg\",\"contentUrl\":\"https:\/\/static.newsroom.ferrovial.com\/wp-content\/uploads\/2018\/07\/15145720\/Ferrovial_Logotipo1.jpg\",\"width\":600,\"height\":300,\"caption\":\"Ferrovial S.A.\"},\"image\":{\"@id\":\"https:\/\/newsroom.ferrovial.com\/es\/#\/schema\/logo\/image\/\"},\"sameAs\":[\"https:\/\/www.facebook.com\/ferrovial\",\"https:\/\/x.com\/ferrovial\",\"https:\/\/www.instagram.com\/ferrovial\/\",\"https:\/\/www.linkedin.com\/company\/ferrovial\",\"https:\/\/www.pinterest.es\/ferrovial\/\",\"https:\/\/www.youtube.com\/ferrovial\",\"https:\/\/en.wikipedia.org\/wiki\/Ferrovial\"]}]}<\/script>","yoast_head_json":{"title":"Cintra presenta su visi\u00f3n de la movilidad en el 2\u00ba Congreso Espa\u00f1ol de Smart Roads Sala de prensa Ferrovial | \u00daltimas noticias","description":"cintra ha presentado su visi\u00f3n de las infraestructuras del futuro aprovechando la inteligencia artificial y la conectividad","robots":{"index":"index","follow":"follow","max-snippet":"max-snippet:-1","max-image-preview":"max-image-preview:large","max-video-preview":"max-video-preview:-1"},"canonical":"https:\/\/newsroom.ferrovial.com\/es\/noticias\/cintra-vision-movilidad-congreso\/","og_locale":"es_ES","og_type":"article","og_title":"Cintra presenta su visi\u00f3n de la movilidad en el 2\u00ba Congreso Espa\u00f1ol de Smart Roads Sala de prensa Ferrovial | \u00daltimas noticias","og_description":"cintra ha presentado su visi\u00f3n de las infraestructuras del futuro aprovechando la inteligencia artificial y la conectividad","og_url":"https:\/\/newsroom.ferrovial.com\/es\/noticias\/cintra-vision-movilidad-congreso\/","og_site_name":"Sala de prensa Ferrovial | \u00daltimas noticias","article_publisher":"https:\/\/www.facebook.com\/ferrovial","article_modified_time":"2022-12-21T07:40:04+00:00","og_image":[{"width":1024,"height":683,"url":"https:\/\/newsroom.ferrovial.com\/wp-content\/uploads\/sites\/4\/2022\/01\/img-4522.jpg","type":"image\/jpeg"}],"twitter_card":"summary_large_image","twitter_site":"@ferrovial","schema":{"@context":"https:\/\/schema.org","@graph":[{"@type":"WebPage","@id":"https:\/\/newsroom.ferrovial.com\/es\/noticias\/cintra-vision-movilidad-congreso\/","url":"https:\/\/newsroom.ferrovial.com\/es\/noticias\/cintra-vision-movilidad-congreso\/","name":"Cintra presenta su visi\u00f3n de la movilidad en el 2\u00ba Congreso Espa\u00f1ol de Smart Roads Sala de prensa Ferrovial | \u00daltimas noticias","isPartOf":{"@id":"https:\/\/newsroom.ferrovial.com\/es\/#website"},"primaryImageOfPage":{"@id":"https:\/\/newsroom.ferrovial.com\/es\/noticias\/cintra-vision-movilidad-congreso\/#primaryimage"},"image":{"@id":"https:\/\/newsroom.ferrovial.com\/es\/noticias\/cintra-vision-movilidad-congreso\/#primaryimage"},"thumbnailUrl":"https:\/\/static.newsroom.ferrovial.com\/wp-content\/uploads\/2022\/01\/15142413\/img-4522.jpg","datePublished":"2022-01-24T09:29:49+00:00","dateModified":"2022-12-21T07:40:04+00:00","description":"cintra ha presentado su visi\u00f3n de las infraestructuras del futuro aprovechando la inteligencia artificial y la conectividad","breadcrumb":{"@id":"https:\/\/newsroom.ferrovial.com\/es\/noticias\/cintra-vision-movilidad-congreso\/#breadcrumb"},"inLanguage":"es","potentialAction":[{"@type":"ReadAction","target":["https:\/\/newsroom.ferrovial.com\/es\/noticias\/cintra-vision-movilidad-congreso\/"]}]},{"@type":"ImageObject","inLanguage":"es","@id":"https:\/\/newsroom.ferrovial.com\/es\/noticias\/cintra-vision-movilidad-congreso\/#primaryimage","url":"https:\/\/static.newsroom.ferrovial.com\/wp-content\/uploads\/2022\/01\/15142413\/img-4522.jpg","contentUrl":"https:\/\/static.newsroom.ferrovial.com\/wp-content\/uploads\/2022\/01\/15142413\/img-4522.jpg","width":1024,"height":683},{"@type":"BreadcrumbList","@id":"https:\/\/newsroom.ferrovial.com\/es\/noticias\/cintra-vision-movilidad-congreso\/#breadcrumb","itemListElement":[{"@type":"ListItem","position":1,"name":"Portada","item":"https:\/\/newsroom.ferrovial.com\/es\/"},{"@type":"ListItem","position":2,"name":"Cintra presenta su visi\u00f3n de la movilidad en el 2\u00ba Congreso Espa\u00f1ol de Smart Roads"}]},{"@type":"WebSite","@id":"https:\/\/newsroom.ferrovial.com\/es\/#website","url":"https:\/\/newsroom.ferrovial.com\/es\/","name":"Sala de prensa Ferrovial | \u00daltimas noticias","description":"Sala de prensa Ferrovial | \u00daltimas noticias","publisher":{"@id":"https:\/\/newsroom.ferrovial.com\/es\/#organization"},"potentialAction":[{"@type":"SearchAction","target":{"@type":"EntryPoint","urlTemplate":"https:\/\/newsroom.ferrovial.com\/es\/?s={search_term_string}"},"query-input":{"@type":"PropertyValueSpecification","valueRequired":true,"valueName":"search_term_string"}}],"inLanguage":"es"},{"@type":"Organization","@id":"https:\/\/newsroom.ferrovial.com\/es\/#organization","name":"Ferrovial S.A.","url":"https:\/\/newsroom.ferrovial.com\/es\/","logo":{"@type":"ImageObject","inLanguage":"es","@id":"https:\/\/newsroom.ferrovial.com\/es\/#\/schema\/logo\/image\/","url":"https:\/\/static.newsroom.ferrovial.com\/wp-content\/uploads\/2018\/07\/15145720\/Ferrovial_Logotipo1.jpg","contentUrl":"https:\/\/static.newsroom.ferrovial.com\/wp-content\/uploads\/2018\/07\/15145720\/Ferrovial_Logotipo1.jpg","width":600,"height":300,"caption":"Ferrovial S.A."},"image":{"@id":"https:\/\/newsroom.ferrovial.com\/es\/#\/schema\/logo\/image\/"},"sameAs":["https:\/\/www.facebook.com\/ferrovial","https:\/\/x.com\/ferrovial","https:\/\/www.instagram.com\/ferrovial\/","https:\/\/www.linkedin.com\/company\/ferrovial","https:\/\/www.pinterest.es\/ferrovial\/","https:\/\/www.youtube.com\/ferrovial","https:\/\/en.wikipedia.org\/wiki\/Ferrovial"]}]}},"_links":{"self":[{"href":"https:\/\/newsroom.ferrovial.com\/es\/wp-json\/wp\/v2\/new\/104757","targetHints":{"allow":["GET"]}}],"collection":[{"href":"https:\/\/newsroom.ferrovial.com\/es\/wp-json\/wp\/v2\/new"}],"about":[{"href":"https:\/\/newsroom.ferrovial.com\/es\/wp-json\/wp\/v2\/types\/new"}],"replies":[{"embeddable":true,"href":"https:\/\/newsroom.ferrovial.com\/es\/wp-json\/wp\/v2\/comments?post=104757"}],"version-history":[{"count":3,"href":"https:\/\/newsroom.ferrovial.com\/es\/wp-json\/wp\/v2\/new\/104757\/revisions"}],"predecessor-version":[{"id":104767,"href":"https:\/\/newsroom.ferrovial.com\/es\/wp-json\/wp\/v2\/new\/104757\/revisions\/104767"}],"wp:featuredmedia":[{"embeddable":true,"href":"https:\/\/newsroom.ferrovial.com\/es\/wp-json\/wp\/v2\/media\/104758"}],"wp:attachment":[{"href":"https:\/\/newsroom.ferrovial.com\/es\/wp-json\/wp\/v2\/media?parent=104757"}],"wp:term":[{"taxonomy":"nivel-2","embeddable":true,"href":"https:\/\/newsroom.ferrovial.com\/es\/wp-json\/wp\/v2\/nivel-2?post=104757"},{"taxonomy":"nivel-5","embeddable":true,"href":"https:\/\/newsroom.ferrovial.com\/es\/wp-json\/wp\/v2\/nivel-5?post=104757"},{"taxonomy":"nivel-1","embeddable":true,"href":"https:\/\/newsroom.ferrovial.com\/es\/wp-json\/wp\/v2\/nivel-1?post=104757"},{"taxonomy":"nivel-3","embeddable":true,"href":"https:\/\/newsroom.ferrovial.com\/es\/wp-json\/wp\/v2\/nivel-3?post=104757"},{"taxonomy":"nivel-4","embeddable":true,"href":"https:\/\/newsroom.ferrovial.com\/es\/wp-json\/wp\/v2\/nivel-4?post=104757"}],"curies":[{"name":"wp","href":"https:\/\/api.w.org\/{rel}","templated":true}]}}