{"id":106781,"date":"2022-06-02T15:55:57","date_gmt":"2022-06-02T13:55:57","guid":{"rendered":"https:\/\/newsroom.ferrovial.com\/?post_type=new&#038;p=106781"},"modified":"2024-11-26T19:33:48","modified_gmt":"2024-11-26T18:33:48","slug":"inaugurado-el-palacio-nacional-de-ajuda-en-lisboa","status":"publish","type":"new","link":"https:\/\/newsroom.ferrovial.com\/es\/noticias\/inaugurado-el-palacio-nacional-de-ajuda-en-lisboa\/","title":{"rendered":"Inaugurado el Palacio Nacional de Ajuda en Lisboa"},"content":{"rendered":"    <section class=\"wysiwyg text-editor \" id=\"\">\n        <div class=\"container container--narrow container--p-10\">\n            <p>Las obras ejecutadas por <a href=\"https:\/\/www.ferrovial.com\/es\/negocio\/construccion\/\" target=\"_blank\" rel=\"dofollow noopener\">Ferrovial Construcci\u00f3n<\/a>, al cien por cien, se han llevado a cabo en un plazo de cuarenta meses\u00a0y se han dividido en dos intervenciones: por un lado, la edificaci\u00f3n y cierre de fachada y, por otro, la construcci\u00f3n de una c\u00e1mara de alta seguridad para albergar las joyas de la corona.<\/p>\n<p><span class=\"ms-rteThemeForeColor-5-0\"><strong>La primera fase del proyecto<\/strong><\/span>\u00a0consisti\u00f3 en el cierre de la fachada Oeste del Palacio Nacional de Ajuda, que se encontraba inconclusa desde la construcci\u00f3n del Palacio en 1796, y consisti\u00f3 en la edificaci\u00f3n de\u00a0<strong class=\"ms-rteThemeForeColor-5-0\">una nueva construcci\u00f3n de cuatro plantas<\/strong>\u00a0rematada en los laterales con dos torreones. Esta intervenci\u00f3n incluy\u00f3 estructura, arquitectura e instalaciones. La caracter\u00edstica m\u00e1s destacable de esta parte del proyecto es que la nueva fachada contrasta con la del antiguo palacio ya que est\u00e1 ejecutada con m\u00f3dulos prefabricados de hormig\u00f3n blanco reforzado con fibra de vidrio (GRC) mientras que la anterior es de estilo neocl\u00e1sico.<\/p>\n<p><strong class=\"ms-rteThemeForeColor-5-0\">La segunda fase<\/strong>\u00a0del proyecto consiste en la construcci\u00f3n, dentro del edificio anterior, de una estructura de hormig\u00f3n armado denominada COFRE que, a modo de<strong class=\"ms-rteThemeForeColor-5-0\">\u00a0c\u00e1mara de alta seguridad,<\/strong>\u00a0albergar\u00e1 un total de 1.000 piezas de joyer\u00eda de la corona portuguesa.<\/p>\n<p>Entre otras autoridades, asistieron al acto de inauguraci\u00f3n el presidente de la Rep\u00fablica portuguesa,<strong>\u00a0Marcelo Rebelo de Sousa<\/strong>, el primer ministro de Portugal,\u00a0<strong>Ant\u00f3nio Costa,<\/strong>\u00a0el ministro de Finanzas, el exalcalde de Lisboa,\u00a0<strong>Fernando Medina,<\/strong>\u00a0el ministro de Cultura,\u00a0<strong>Pedro Ad\u00e3o e Silva,<\/strong>\u00a0el presidente dela Asociaci\u00f3n de Turismo de Lisboa y alcalde de Lisboa,\u00a0<strong>Carlos Moedas,<\/strong>\u00a0Presidente de ERT-RL de la Associaci\u00f3n de turismo zona Lisboa, y el presidente de ERT-RL de la Asociaci\u00f3n de Turismo Zona Lisboa,\u00a0<strong>Vitor Costa.<\/strong><\/p>\n<p>Los asistentes de organismos y asociaciones portuguesas estuvieron acompa\u00f1ados por parte de Ferrovial del director de la Regi\u00f3n Atl\u00e1ntica y Portugal,<strong>\u00a0Joaqu\u00edn Torres,<\/strong>\u00a0el director de Portugal,\u00a0<strong>Gregorio Rodr\u00edgue<\/strong><strong>z,<\/strong>\u00a0el gerente,\u00a0<strong>Pedro Alexandre Ventura<\/strong>, y el jefe de obra,\u00a0<strong>David Capela.<\/strong><\/p>\n        <\/div>\n    <\/section>\n    <section class=\"photo-gallery \" id=\"\" name = \"\">\n        <div class=\"container container--narrow container--p-10\">\n            <div class=\"photo-gallery__carousel\">\n                                    <img decoding=\"async\"\n                        src=\"https:\/\/static.newsroom.ferrovial.com\/wp-content\/uploads\/2022\/06\/15141922\/inaugurado-el-palacio-nacional-de-ajuda-en-lisboa-3-scaled.jpg\"\n                        alt=\"Inauguraci\u00f3n del Palacio Nacional de Ajuda en Lisboa\"\n                        class=\"photo-gallery__image\"\n                        data-title=\"Inaugurado el Palacio Nacional de Ajuda en Lisboa 3\" \/>\n                                    <img decoding=\"async\"\n                        src=\"https:\/\/static.newsroom.ferrovial.com\/wp-content\/uploads\/2022\/06\/15141921\/inaugurado-el-palacio-nacional-de-ajuda-en-lisboa-2-scaled.jpg\"\n                        alt=\"Inaugurado el Palacio Nacional de Ajuda en Lisboa 3\"\n                        class=\"photo-gallery__image\"\n                        data-title=\"Inaugurado el Palacio Nacional de Ajuda en Lisboa 2\" \/>\n                                    <img decoding=\"async\"\n                        src=\"https:\/\/static.newsroom.ferrovial.com\/wp-content\/uploads\/2022\/06\/15141920\/inaugurado-el-palacio-nacional-de-ajuda-en-lisboa-1-scaled.jpg\"\n                        alt=\"Inauguraci\u00f3n del Palacio Nacional de Ajuda en Lisboa\"\n                        class=\"photo-gallery__image\"\n                        data-title=\"Inaugurado el Palacio Nacional de Ajuda en Lisboa 1\" \/>\n                                    <img decoding=\"async\"\n                        src=\"https:\/\/static.newsroom.ferrovial.com\/wp-content\/uploads\/2022\/06\/15141919\/inaugurado-el-palacio-nacional-de-ajuda-en-lisboa-4-scaled.jpg\"\n                        alt=\"nauguraci\u00f3n del Palacio Nacional de Ajuda en Lisboa\"\n                        class=\"photo-gallery__image\"\n                        data-title=\"Inaugurado el Palacio Nacional de Ajuda en Lisboa 4\" \/>\n                                    <img decoding=\"async\"\n                        src=\"https:\/\/static.newsroom.ferrovial.com\/wp-content\/uploads\/2022\/06\/15141918\/inaugurado-el-palacio-nacional-de-ajuda-en-lisboa-5-scaled.jpg\"\n                        alt=\"Inauguraci\u00f3n del Palacio Nacional de Ajuda en Lisboa 5\"\n                        class=\"photo-gallery__image\"\n                        data-title=\"Inaugurado el Palacio Nacional de Ajuda en Lisboa 5\" \/>\n                            <\/div>\n            <div class=\"photo-gallery__description-container\">\n                <div class=\"photo-gallery__info\">\n                    <span class=\"photo-gallery__caption\">GALER\u00edA DE FOTOS<\/span>\n                    <p class=\"photo-gallery__title\">Inaugurado el Palacio Nacional de Ajuda en Lisboa<\/p>\n                <\/div>\n                <span class=\"icon-gallery-white photo-gallery__icon\"><\/span>\n            <\/div>\n        <\/div>\n    <\/section>\n","protected":false},"excerpt":{"rendered":"","protected":false},"featured_media":106788,"menu_order":0,"comment_status":"closed","ping_status":"closed","template":"","nivel-2":[1932,2209,987,2206,2091],"nivel-5":[],"nivel-1":[2168],"nivel-3":[1263],"nivel-4":[],"class_list":["post-106781","new","type-new","status-publish","has-post-thumbnail","hentry","nivel-2-diseno-y-construccion","nivel-2-edificacion","nivel-2-infraestructuras","nivel-2-obras","nivel-2-proyectos","nivel-1-construccion","nivel-3-portugal"],"acf":[],"yoast_head":"<title>Inaugurado el Palacio Nacional de Ajuda en Lisboa Sala de prensa Ferrovial | \u00daltimas noticias<\/title>\n<meta name=\"description\" content=\"Sala de prensa Ferrovial | \u00daltimas noticias\" \/>\n<meta name=\"robots\" content=\"index, follow, max-snippet:-1, max-image-preview:large, max-video-preview:-1\" \/>\n<link rel=\"canonical\" href=\"https:\/\/newsroom.ferrovial.com\/es\/noticias\/inaugurado-el-palacio-nacional-de-ajuda-en-lisboa\/\" \/>\n<meta property=\"og:locale\" content=\"es_ES\" \/>\n<meta property=\"og:type\" content=\"article\" \/>\n<meta property=\"og:title\" content=\"Inaugurado el Palacio Nacional de Ajuda en Lisboa Sala de prensa Ferrovial | \u00daltimas noticias\" \/>\n<meta property=\"og:description\" content=\"Sala de prensa Ferrovial | \u00daltimas noticias\" \/>\n<meta property=\"og:url\" content=\"https:\/\/newsroom.ferrovial.com\/es\/noticias\/inaugurado-el-palacio-nacional-de-ajuda-en-lisboa\/\" \/>\n<meta property=\"og:site_name\" content=\"Sala de prensa Ferrovial | \u00daltimas noticias\" \/>\n<meta property=\"article:publisher\" content=\"https:\/\/www.facebook.com\/ferrovial\" \/>\n<meta property=\"article:modified_time\" content=\"2024-11-26T18:33:48+00:00\" \/>\n<meta property=\"og:image\" content=\"https:\/\/newsroom.ferrovial.com\/wp-content\/uploads\/sites\/4\/2022\/06\/inaugurado-el-palacio-nacional-de-ajuda-en-lisboa-2-scaled.jpg\" \/>\n\t<meta property=\"og:image:width\" content=\"2560\" \/>\n\t<meta property=\"og:image:height\" content=\"1707\" \/>\n\t<meta property=\"og:image:type\" content=\"image\/jpeg\" \/>\n<meta name=\"twitter:card\" content=\"summary_large_image\" \/>\n<meta name=\"twitter:site\" content=\"@ferrovial\" \/>\n<meta name=\"twitter:label1\" content=\"Tiempo de lectura\" \/>\n\t<meta name=\"twitter:data1\" content=\"2 minutos\" \/>\n<script type=\"application\/ld+json\" class=\"yoast-schema-graph\">{\"@context\":\"https:\/\/schema.org\",\"@graph\":[{\"@type\":\"WebPage\",\"@id\":\"https:\/\/newsroom.ferrovial.com\/es\/noticias\/inaugurado-el-palacio-nacional-de-ajuda-en-lisboa\/\",\"url\":\"https:\/\/newsroom.ferrovial.com\/es\/noticias\/inaugurado-el-palacio-nacional-de-ajuda-en-lisboa\/\",\"name\":\"Inaugurado el Palacio Nacional de Ajuda en Lisboa Sala de prensa Ferrovial | \u00daltimas noticias\",\"isPartOf\":{\"@id\":\"https:\/\/newsroom.ferrovial.com\/es\/#website\"},\"primaryImageOfPage\":{\"@id\":\"https:\/\/newsroom.ferrovial.com\/es\/noticias\/inaugurado-el-palacio-nacional-de-ajuda-en-lisboa\/#primaryimage\"},\"image\":{\"@id\":\"https:\/\/newsroom.ferrovial.com\/es\/noticias\/inaugurado-el-palacio-nacional-de-ajuda-en-lisboa\/#primaryimage\"},\"thumbnailUrl\":\"https:\/\/static.newsroom.ferrovial.com\/wp-content\/uploads\/2022\/06\/15141921\/inaugurado-el-palacio-nacional-de-ajuda-en-lisboa-2-scaled.jpg\",\"datePublished\":\"2022-06-02T13:55:57+00:00\",\"dateModified\":\"2024-11-26T18:33:48+00:00\",\"description\":\"Sala de prensa Ferrovial | \u00daltimas noticias\",\"breadcrumb\":{\"@id\":\"https:\/\/newsroom.ferrovial.com\/es\/noticias\/inaugurado-el-palacio-nacional-de-ajuda-en-lisboa\/#breadcrumb\"},\"inLanguage\":\"es\",\"potentialAction\":[{\"@type\":\"ReadAction\",\"target\":[\"https:\/\/newsroom.ferrovial.com\/es\/noticias\/inaugurado-el-palacio-nacional-de-ajuda-en-lisboa\/\"]}]},{\"@type\":\"ImageObject\",\"inLanguage\":\"es\",\"@id\":\"https:\/\/newsroom.ferrovial.com\/es\/noticias\/inaugurado-el-palacio-nacional-de-ajuda-en-lisboa\/#primaryimage\",\"url\":\"https:\/\/static.newsroom.ferrovial.com\/wp-content\/uploads\/2022\/06\/15141921\/inaugurado-el-palacio-nacional-de-ajuda-en-lisboa-2-scaled.jpg\",\"contentUrl\":\"https:\/\/static.newsroom.ferrovial.com\/wp-content\/uploads\/2022\/06\/15141921\/inaugurado-el-palacio-nacional-de-ajuda-en-lisboa-2-scaled.jpg\",\"width\":2560,\"height\":1707,\"caption\":\"Inaugurado el Palacio Nacional de Ajuda en Lisboa 3\"},{\"@type\":\"BreadcrumbList\",\"@id\":\"https:\/\/newsroom.ferrovial.com\/es\/noticias\/inaugurado-el-palacio-nacional-de-ajuda-en-lisboa\/#breadcrumb\",\"itemListElement\":[{\"@type\":\"ListItem\",\"position\":1,\"name\":\"Portada\",\"item\":\"https:\/\/newsroom.ferrovial.com\/es\/\"},{\"@type\":\"ListItem\",\"position\":2,\"name\":\"Inaugurado el Palacio Nacional de Ajuda en Lisboa\"}]},{\"@type\":\"WebSite\",\"@id\":\"https:\/\/newsroom.ferrovial.com\/es\/#website\",\"url\":\"https:\/\/newsroom.ferrovial.com\/es\/\",\"name\":\"Sala de prensa Ferrovial | \u00daltimas noticias\",\"description\":\"Sala de prensa Ferrovial | \u00daltimas noticias\",\"publisher\":{\"@id\":\"https:\/\/newsroom.ferrovial.com\/es\/#organization\"},\"potentialAction\":[{\"@type\":\"SearchAction\",\"target\":{\"@type\":\"EntryPoint\",\"urlTemplate\":\"https:\/\/newsroom.ferrovial.com\/es\/?s={search_term_string}\"},\"query-input\":{\"@type\":\"PropertyValueSpecification\",\"valueRequired\":true,\"valueName\":\"search_term_string\"}}],\"inLanguage\":\"es\"},{\"@type\":\"Organization\",\"@id\":\"https:\/\/newsroom.ferrovial.com\/es\/#organization\",\"name\":\"Ferrovial S.A.\",\"url\":\"https:\/\/newsroom.ferrovial.com\/es\/\",\"logo\":{\"@type\":\"ImageObject\",\"inLanguage\":\"es\",\"@id\":\"https:\/\/newsroom.ferrovial.com\/es\/#\/schema\/logo\/image\/\",\"url\":\"https:\/\/static.newsroom.ferrovial.com\/wp-content\/uploads\/2018\/07\/15145720\/Ferrovial_Logotipo1.jpg\",\"contentUrl\":\"https:\/\/static.newsroom.ferrovial.com\/wp-content\/uploads\/2018\/07\/15145720\/Ferrovial_Logotipo1.jpg\",\"width\":600,\"height\":300,\"caption\":\"Ferrovial S.A.\"},\"image\":{\"@id\":\"https:\/\/newsroom.ferrovial.com\/es\/#\/schema\/logo\/image\/\"},\"sameAs\":[\"https:\/\/www.facebook.com\/ferrovial\",\"https:\/\/x.com\/ferrovial\",\"https:\/\/www.instagram.com\/ferrovial\/\",\"https:\/\/www.linkedin.com\/company\/ferrovial\",\"https:\/\/www.pinterest.es\/ferrovial\/\",\"https:\/\/www.youtube.com\/ferrovial\",\"https:\/\/en.wikipedia.org\/wiki\/Ferrovial\"]}]}<\/script>","yoast_head_json":{"title":"Inaugurado el Palacio Nacional de Ajuda en Lisboa Sala de prensa Ferrovial | \u00daltimas noticias","description":"Sala de prensa Ferrovial | \u00daltimas noticias","robots":{"index":"index","follow":"follow","max-snippet":"max-snippet:-1","max-image-preview":"max-image-preview:large","max-video-preview":"max-video-preview:-1"},"canonical":"https:\/\/newsroom.ferrovial.com\/es\/noticias\/inaugurado-el-palacio-nacional-de-ajuda-en-lisboa\/","og_locale":"es_ES","og_type":"article","og_title":"Inaugurado el Palacio Nacional de Ajuda en Lisboa Sala de prensa Ferrovial | \u00daltimas noticias","og_description":"Sala de prensa Ferrovial | \u00daltimas noticias","og_url":"https:\/\/newsroom.ferrovial.com\/es\/noticias\/inaugurado-el-palacio-nacional-de-ajuda-en-lisboa\/","og_site_name":"Sala de prensa Ferrovial | \u00daltimas noticias","article_publisher":"https:\/\/www.facebook.com\/ferrovial","article_modified_time":"2024-11-26T18:33:48+00:00","og_image":[{"width":2560,"height":1707,"url":"https:\/\/newsroom.ferrovial.com\/wp-content\/uploads\/sites\/4\/2022\/06\/inaugurado-el-palacio-nacional-de-ajuda-en-lisboa-2-scaled.jpg","type":"image\/jpeg"}],"twitter_card":"summary_large_image","twitter_site":"@ferrovial","twitter_misc":{"Tiempo de lectura":"2 minutos"},"schema":{"@context":"https:\/\/schema.org","@graph":[{"@type":"WebPage","@id":"https:\/\/newsroom.ferrovial.com\/es\/noticias\/inaugurado-el-palacio-nacional-de-ajuda-en-lisboa\/","url":"https:\/\/newsroom.ferrovial.com\/es\/noticias\/inaugurado-el-palacio-nacional-de-ajuda-en-lisboa\/","name":"Inaugurado el Palacio Nacional de Ajuda en Lisboa Sala de prensa Ferrovial | \u00daltimas noticias","isPartOf":{"@id":"https:\/\/newsroom.ferrovial.com\/es\/#website"},"primaryImageOfPage":{"@id":"https:\/\/newsroom.ferrovial.com\/es\/noticias\/inaugurado-el-palacio-nacional-de-ajuda-en-lisboa\/#primaryimage"},"image":{"@id":"https:\/\/newsroom.ferrovial.com\/es\/noticias\/inaugurado-el-palacio-nacional-de-ajuda-en-lisboa\/#primaryimage"},"thumbnailUrl":"https:\/\/static.newsroom.ferrovial.com\/wp-content\/uploads\/2022\/06\/15141921\/inaugurado-el-palacio-nacional-de-ajuda-en-lisboa-2-scaled.jpg","datePublished":"2022-06-02T13:55:57+00:00","dateModified":"2024-11-26T18:33:48+00:00","description":"Sala de prensa Ferrovial | \u00daltimas noticias","breadcrumb":{"@id":"https:\/\/newsroom.ferrovial.com\/es\/noticias\/inaugurado-el-palacio-nacional-de-ajuda-en-lisboa\/#breadcrumb"},"inLanguage":"es","potentialAction":[{"@type":"ReadAction","target":["https:\/\/newsroom.ferrovial.com\/es\/noticias\/inaugurado-el-palacio-nacional-de-ajuda-en-lisboa\/"]}]},{"@type":"ImageObject","inLanguage":"es","@id":"https:\/\/newsroom.ferrovial.com\/es\/noticias\/inaugurado-el-palacio-nacional-de-ajuda-en-lisboa\/#primaryimage","url":"https:\/\/static.newsroom.ferrovial.com\/wp-content\/uploads\/2022\/06\/15141921\/inaugurado-el-palacio-nacional-de-ajuda-en-lisboa-2-scaled.jpg","contentUrl":"https:\/\/static.newsroom.ferrovial.com\/wp-content\/uploads\/2022\/06\/15141921\/inaugurado-el-palacio-nacional-de-ajuda-en-lisboa-2-scaled.jpg","width":2560,"height":1707,"caption":"Inaugurado el Palacio Nacional de Ajuda en Lisboa 3"},{"@type":"BreadcrumbList","@id":"https:\/\/newsroom.ferrovial.com\/es\/noticias\/inaugurado-el-palacio-nacional-de-ajuda-en-lisboa\/#breadcrumb","itemListElement":[{"@type":"ListItem","position":1,"name":"Portada","item":"https:\/\/newsroom.ferrovial.com\/es\/"},{"@type":"ListItem","position":2,"name":"Inaugurado el Palacio Nacional de Ajuda en Lisboa"}]},{"@type":"WebSite","@id":"https:\/\/newsroom.ferrovial.com\/es\/#website","url":"https:\/\/newsroom.ferrovial.com\/es\/","name":"Sala de prensa Ferrovial | \u00daltimas noticias","description":"Sala de prensa Ferrovial | \u00daltimas noticias","publisher":{"@id":"https:\/\/newsroom.ferrovial.com\/es\/#organization"},"potentialAction":[{"@type":"SearchAction","target":{"@type":"EntryPoint","urlTemplate":"https:\/\/newsroom.ferrovial.com\/es\/?s={search_term_string}"},"query-input":{"@type":"PropertyValueSpecification","valueRequired":true,"valueName":"search_term_string"}}],"inLanguage":"es"},{"@type":"Organization","@id":"https:\/\/newsroom.ferrovial.com\/es\/#organization","name":"Ferrovial S.A.","url":"https:\/\/newsroom.ferrovial.com\/es\/","logo":{"@type":"ImageObject","inLanguage":"es","@id":"https:\/\/newsroom.ferrovial.com\/es\/#\/schema\/logo\/image\/","url":"https:\/\/static.newsroom.ferrovial.com\/wp-content\/uploads\/2018\/07\/15145720\/Ferrovial_Logotipo1.jpg","contentUrl":"https:\/\/static.newsroom.ferrovial.com\/wp-content\/uploads\/2018\/07\/15145720\/Ferrovial_Logotipo1.jpg","width":600,"height":300,"caption":"Ferrovial S.A."},"image":{"@id":"https:\/\/newsroom.ferrovial.com\/es\/#\/schema\/logo\/image\/"},"sameAs":["https:\/\/www.facebook.com\/ferrovial","https:\/\/x.com\/ferrovial","https:\/\/www.instagram.com\/ferrovial\/","https:\/\/www.linkedin.com\/company\/ferrovial","https:\/\/www.pinterest.es\/ferrovial\/","https:\/\/www.youtube.com\/ferrovial","https:\/\/en.wikipedia.org\/wiki\/Ferrovial"]}]}},"_links":{"self":[{"href":"https:\/\/newsroom.ferrovial.com\/es\/wp-json\/wp\/v2\/new\/106781","targetHints":{"allow":["GET"]}}],"collection":[{"href":"https:\/\/newsroom.ferrovial.com\/es\/wp-json\/wp\/v2\/new"}],"about":[{"href":"https:\/\/newsroom.ferrovial.com\/es\/wp-json\/wp\/v2\/types\/new"}],"replies":[{"embeddable":true,"href":"https:\/\/newsroom.ferrovial.com\/es\/wp-json\/wp\/v2\/comments?post=106781"}],"version-history":[{"count":3,"href":"https:\/\/newsroom.ferrovial.com\/es\/wp-json\/wp\/v2\/new\/106781\/revisions"}],"predecessor-version":[{"id":126871,"href":"https:\/\/newsroom.ferrovial.com\/es\/wp-json\/wp\/v2\/new\/106781\/revisions\/126871"}],"wp:featuredmedia":[{"embeddable":true,"href":"https:\/\/newsroom.ferrovial.com\/es\/wp-json\/wp\/v2\/media\/106788"}],"wp:attachment":[{"href":"https:\/\/newsroom.ferrovial.com\/es\/wp-json\/wp\/v2\/media?parent=106781"}],"wp:term":[{"taxonomy":"nivel-2","embeddable":true,"href":"https:\/\/newsroom.ferrovial.com\/es\/wp-json\/wp\/v2\/nivel-2?post=106781"},{"taxonomy":"nivel-5","embeddable":true,"href":"https:\/\/newsroom.ferrovial.com\/es\/wp-json\/wp\/v2\/nivel-5?post=106781"},{"taxonomy":"nivel-1","embeddable":true,"href":"https:\/\/newsroom.ferrovial.com\/es\/wp-json\/wp\/v2\/nivel-1?post=106781"},{"taxonomy":"nivel-3","embeddable":true,"href":"https:\/\/newsroom.ferrovial.com\/es\/wp-json\/wp\/v2\/nivel-3?post=106781"},{"taxonomy":"nivel-4","embeddable":true,"href":"https:\/\/newsroom.ferrovial.com\/es\/wp-json\/wp\/v2\/nivel-4?post=106781"}],"curies":[{"name":"wp","href":"https:\/\/api.w.org\/{rel}","templated":true}]}}