{"id":107446,"date":"2022-07-20T13:44:20","date_gmt":"2022-07-20T11:44:20","guid":{"rendered":"https:\/\/newsroom.ferrovial.com\/?post_type=new&#038;p=107446"},"modified":"2022-12-20T18:06:12","modified_gmt":"2022-12-20T17:06:12","slug":"primera-fase-de-la-linea-de-alta-velocidad-madrid-extremadura","status":"publish","type":"new","link":"https:\/\/newsroom.ferrovial.com\/es\/noticias\/primera-fase-de-la-linea-de-alta-velocidad-madrid-extremadura\/","title":{"rendered":"Felipe VI y Pedro S\u00e1nchez inauguran la primera fase de la l\u00ednea de alta velocidad Madrid-Extremadura"},"content":{"rendered":"    <section class=\"wysiwyg text-editor \" id=\"\">\n        <div class=\"container container--narrow container--p-10\">\n            <p>Ferrovial Construcci\u00f3n ha ejecutado 124,26 Km de la longitud total de 265,80 Km de v\u00eda de la l\u00ednea\u00a0Plasencia-Badajoz, lo que supone\u00a0el 46,75% del montaje\u00a0total de este tramo ferroviario de alta velocidad. En este corredor de alta velocidad, Ferrovial Construcci\u00f3n ha completado cuatro proyectos:<\/p>\n<p><b>1. Montaje de v\u00eda del tramo C\u00e1ceres-M\u00e9rida.<\/b><\/p>\n<p>Con un total de 42 Kil\u00f3metros de la l\u00ednea de Alta Velocidad Madrid-Extremadura esta obra, adjudicada en febrero de 2015, inclu\u00eda el montaje de v\u00eda de alta velocidad en ancho ib\u00e9rico sobre plataforma ejecutada para doble v\u00eda entre las localidades extreme\u00f1as de C\u00e1ceres y M\u00e9rida.<\/p>\n<p><b>2. Montaje de v\u00eda del tramo M\u00e9rida-Badajoz.<\/b><\/p>\n<p>La ejecuci\u00f3n de este proyecto de construcci\u00f3n de montaje de v\u00eda, adjudicado en abril de 2015, incluye m\u00e1s de 35 kil\u00f3metros de montaje de v\u00eda de alta velocidad en ancho ib\u00e9rico sobre plataforma ejecutada para doble v\u00eda, entre las localidades extreme\u00f1as de M\u00e9rida y Badajoz. En total se montaron 34,11 Km de v\u00eda general AV y 1,21 Km de v\u00eda entre las conexiones de bifurcaci\u00f3n la Isla (por el lado de M\u00e9rida) y la bifurcaci\u00f3n San Nicol\u00e1s (desde el lado de Badajoz).<\/p>\n<p><b>3. Proyecto constructivo de duplicaci\u00f3n del tramo C\u00e1ceres-M\u00e9rida.<\/b><\/p>\n<p>Este tramo de 43,83 kil\u00f3metros de la l\u00ednea de alta velocidad<b>\u00a0Madrid-Extremadura-Frontera Portuguesa<\/b>\u00a0fue adjudicado en septiembre de 2019 e inclu\u00eda la duplicaci\u00f3n de v\u00eda de alta velocidad en ancho ib\u00e9rico sobre plataforma ejecutada para doble v\u00eda entre las localidades extreme\u00f1as de M\u00e9rida y Badajoz. Esta actuaci\u00f3n duplic\u00f3 la v\u00eda ejecutada en el Contrato de montaje de V\u00eda C\u00e1ceres.<\/p>\n<p><b>4. Las conexiones entre la l\u00ednea de alta velocidad y la v\u00eda convencional en el tramo bifurcaci\u00f3n Isla-bifurcaci\u00f3n San Nicol\u00e1s.<\/b><\/p>\n<p>Este proyecto, adjudicado en diciembre de 2020, posibilita que la configuraci\u00f3n definitiva de la l\u00ednea de AV entre M\u00e9rida y Badajoz sea de una \u00fanica v\u00eda de ancho ib\u00e9rico de nueva construcci\u00f3n sobre plataforma de doble v\u00eda (la segunda v\u00eda es la v\u00eda convencional existente).<\/p>\n<p><img loading=\"lazy\" decoding=\"async\" class=\"alignnone wp-image-107449 size-M\" src=\"https:\/\/newsroom.ferrovial.com\/wp-content\/uploads\/sites\/4\/2022\/07\/microsoftteams-image-87-800x565.png\" alt=\"primera fase l\u00ednea de alta velocidad Madrid-Extremadura\" width=\"800\" height=\"565\" srcset=\"https:\/\/static.newsroom.ferrovial.com\/wp-content\/uploads\/2022\/07\/15141727\/microsoftteams-image-87-800x565.png 800w, https:\/\/static.newsroom.ferrovial.com\/wp-content\/uploads\/2022\/07\/15141727\/microsoftteams-image-87-300x212.png 300w, https:\/\/static.newsroom.ferrovial.com\/wp-content\/uploads\/2022\/07\/15141727\/microsoftteams-image-87-1024x724.png 1024w, https:\/\/static.newsroom.ferrovial.com\/wp-content\/uploads\/2022\/07\/15141727\/microsoftteams-image-87-768x543.png 768w, https:\/\/static.newsroom.ferrovial.com\/wp-content\/uploads\/2022\/07\/15141727\/microsoftteams-image-87-1536x1086.png 1536w, https:\/\/static.newsroom.ferrovial.com\/wp-content\/uploads\/2022\/07\/15141727\/microsoftteams-image-87-2048x1447.png 2048w, https:\/\/static.newsroom.ferrovial.com\/wp-content\/uploads\/2022\/07\/15141727\/microsoftteams-image-87-1920x1357.png 1920w\" sizes=\"auto, (max-width: 800px) 100vw, 800px\" \/><\/p>\n        <\/div>\n    <\/section>\n","protected":false},"excerpt":{"rendered":"","protected":false},"featured_media":107447,"menu_order":0,"comment_status":"closed","ping_status":"closed","template":"","nivel-2":[1467,2208,1932,2235,987,2219,1008,2206,1011,1014,2091,1031,2284,1056],"nivel-5":[2149],"nivel-1":[2168],"nivel-3":[1258],"nivel-4":[1799],"class_list":["post-107446","new","type-new","status-publish","has-post-thumbnail","hentry","nivel-2-alta-velocidad","nivel-2-diseno-e-ingenieria","nivel-2-diseno-y-construccion","nivel-2-inauguraciones","nivel-2-infraestructuras","nivel-2-ingenieria-civil","nivel-2-obra-civil","nivel-2-obras","nivel-2-obras-publicas","nivel-2-operaciones-ferroviarias","nivel-2-proyectos","nivel-2-red-ferroviaria","nivel-2-transporte-ferroviario","nivel-2-trenes","nivel-5-ferrovial-construccion","nivel-1-construccion","nivel-3-espana","nivel-4-extremadura"],"acf":[],"yoast_head":"<title>Felipe VI y Pedro S\u00e1nchez inauguran la primera fase de la l\u00ednea de alta velocidad Madrid-Extremadura Sala de prensa Ferrovial | \u00daltimas noticias<\/title>\n<meta name=\"description\" content=\"Sala de prensa Ferrovial | \u00daltimas noticias\" \/>\n<meta name=\"robots\" content=\"index, follow, max-snippet:-1, max-image-preview:large, max-video-preview:-1\" \/>\n<link rel=\"canonical\" href=\"https:\/\/newsroom.ferrovial.com\/es\/noticias\/primera-fase-de-la-linea-de-alta-velocidad-madrid-extremadura\/\" \/>\n<meta property=\"og:locale\" content=\"es_ES\" \/>\n<meta property=\"og:type\" content=\"article\" \/>\n<meta property=\"og:title\" content=\"Felipe VI y Pedro S\u00e1nchez inauguran la primera fase de la l\u00ednea de alta velocidad Madrid-Extremadura Sala de prensa Ferrovial | \u00daltimas noticias\" \/>\n<meta property=\"og:description\" content=\"Sala de prensa Ferrovial | \u00daltimas noticias\" \/>\n<meta property=\"og:url\" content=\"https:\/\/newsroom.ferrovial.com\/es\/noticias\/primera-fase-de-la-linea-de-alta-velocidad-madrid-extremadura\/\" \/>\n<meta property=\"og:site_name\" content=\"Sala de prensa Ferrovial | \u00daltimas noticias\" \/>\n<meta property=\"article:publisher\" content=\"https:\/\/www.facebook.com\/ferrovial\" \/>\n<meta property=\"article:modified_time\" content=\"2022-12-20T17:06:12+00:00\" \/>\n<meta property=\"og:image\" content=\"https:\/\/newsroom.ferrovial.com\/wp-content\/uploads\/sites\/4\/2022\/07\/microsoftteams-image-86.png\" \/>\n\t<meta property=\"og:image:width\" content=\"1468\" \/>\n\t<meta property=\"og:image:height\" content=\"764\" \/>\n\t<meta property=\"og:image:type\" content=\"image\/png\" \/>\n<meta name=\"twitter:card\" content=\"summary_large_image\" \/>\n<meta name=\"twitter:site\" content=\"@ferrovial\" \/>\n<script type=\"application\/ld+json\" class=\"yoast-schema-graph\">{\"@context\":\"https:\/\/schema.org\",\"@graph\":[{\"@type\":\"WebPage\",\"@id\":\"https:\/\/newsroom.ferrovial.com\/es\/noticias\/primera-fase-de-la-linea-de-alta-velocidad-madrid-extremadura\/\",\"url\":\"https:\/\/newsroom.ferrovial.com\/es\/noticias\/primera-fase-de-la-linea-de-alta-velocidad-madrid-extremadura\/\",\"name\":\"Felipe VI y Pedro S\u00e1nchez inauguran la primera fase de la l\u00ednea de alta velocidad Madrid-Extremadura Sala de prensa Ferrovial | \u00daltimas noticias\",\"isPartOf\":{\"@id\":\"https:\/\/newsroom.ferrovial.com\/es\/#website\"},\"primaryImageOfPage\":{\"@id\":\"https:\/\/newsroom.ferrovial.com\/es\/noticias\/primera-fase-de-la-linea-de-alta-velocidad-madrid-extremadura\/#primaryimage\"},\"image\":{\"@id\":\"https:\/\/newsroom.ferrovial.com\/es\/noticias\/primera-fase-de-la-linea-de-alta-velocidad-madrid-extremadura\/#primaryimage\"},\"thumbnailUrl\":\"https:\/\/static.newsroom.ferrovial.com\/wp-content\/uploads\/2022\/07\/15141728\/microsoftteams-image-86.png\",\"datePublished\":\"2022-07-20T11:44:20+00:00\",\"dateModified\":\"2022-12-20T17:06:12+00:00\",\"description\":\"Sala de prensa Ferrovial | \u00daltimas noticias\",\"breadcrumb\":{\"@id\":\"https:\/\/newsroom.ferrovial.com\/es\/noticias\/primera-fase-de-la-linea-de-alta-velocidad-madrid-extremadura\/#breadcrumb\"},\"inLanguage\":\"es\",\"potentialAction\":[{\"@type\":\"ReadAction\",\"target\":[\"https:\/\/newsroom.ferrovial.com\/es\/noticias\/primera-fase-de-la-linea-de-alta-velocidad-madrid-extremadura\/\"]}]},{\"@type\":\"ImageObject\",\"inLanguage\":\"es\",\"@id\":\"https:\/\/newsroom.ferrovial.com\/es\/noticias\/primera-fase-de-la-linea-de-alta-velocidad-madrid-extremadura\/#primaryimage\",\"url\":\"https:\/\/static.newsroom.ferrovial.com\/wp-content\/uploads\/2022\/07\/15141728\/microsoftteams-image-86.png\",\"contentUrl\":\"https:\/\/static.newsroom.ferrovial.com\/wp-content\/uploads\/2022\/07\/15141728\/microsoftteams-image-86.png\",\"width\":1468,\"height\":764,\"caption\":\"primera fase l\u00ednea de alta velocidad Madrid-Extremadura\"},{\"@type\":\"BreadcrumbList\",\"@id\":\"https:\/\/newsroom.ferrovial.com\/es\/noticias\/primera-fase-de-la-linea-de-alta-velocidad-madrid-extremadura\/#breadcrumb\",\"itemListElement\":[{\"@type\":\"ListItem\",\"position\":1,\"name\":\"Portada\",\"item\":\"https:\/\/newsroom.ferrovial.com\/es\/\"},{\"@type\":\"ListItem\",\"position\":2,\"name\":\"Felipe VI y Pedro S\u00e1nchez inauguran la primera fase de la l\u00ednea de alta velocidad Madrid-Extremadura\"}]},{\"@type\":\"WebSite\",\"@id\":\"https:\/\/newsroom.ferrovial.com\/es\/#website\",\"url\":\"https:\/\/newsroom.ferrovial.com\/es\/\",\"name\":\"Sala de prensa Ferrovial | \u00daltimas noticias\",\"description\":\"Sala de prensa Ferrovial | \u00daltimas noticias\",\"publisher\":{\"@id\":\"https:\/\/newsroom.ferrovial.com\/es\/#organization\"},\"potentialAction\":[{\"@type\":\"SearchAction\",\"target\":{\"@type\":\"EntryPoint\",\"urlTemplate\":\"https:\/\/newsroom.ferrovial.com\/es\/?s={search_term_string}\"},\"query-input\":{\"@type\":\"PropertyValueSpecification\",\"valueRequired\":true,\"valueName\":\"search_term_string\"}}],\"inLanguage\":\"es\"},{\"@type\":\"Organization\",\"@id\":\"https:\/\/newsroom.ferrovial.com\/es\/#organization\",\"name\":\"Ferrovial S.A.\",\"url\":\"https:\/\/newsroom.ferrovial.com\/es\/\",\"logo\":{\"@type\":\"ImageObject\",\"inLanguage\":\"es\",\"@id\":\"https:\/\/newsroom.ferrovial.com\/es\/#\/schema\/logo\/image\/\",\"url\":\"https:\/\/static.newsroom.ferrovial.com\/wp-content\/uploads\/2018\/07\/15145720\/Ferrovial_Logotipo1.jpg\",\"contentUrl\":\"https:\/\/static.newsroom.ferrovial.com\/wp-content\/uploads\/2018\/07\/15145720\/Ferrovial_Logotipo1.jpg\",\"width\":600,\"height\":300,\"caption\":\"Ferrovial S.A.\"},\"image\":{\"@id\":\"https:\/\/newsroom.ferrovial.com\/es\/#\/schema\/logo\/image\/\"},\"sameAs\":[\"https:\/\/www.facebook.com\/ferrovial\",\"https:\/\/x.com\/ferrovial\",\"https:\/\/www.instagram.com\/ferrovial\/\",\"https:\/\/www.linkedin.com\/company\/ferrovial\",\"https:\/\/www.pinterest.es\/ferrovial\/\",\"https:\/\/www.youtube.com\/ferrovial\",\"https:\/\/en.wikipedia.org\/wiki\/Ferrovial\"]}]}<\/script>","yoast_head_json":{"title":"Felipe VI y Pedro S\u00e1nchez inauguran la primera fase de la l\u00ednea de alta velocidad Madrid-Extremadura Sala de prensa Ferrovial | \u00daltimas noticias","description":"Sala de prensa Ferrovial | \u00daltimas noticias","robots":{"index":"index","follow":"follow","max-snippet":"max-snippet:-1","max-image-preview":"max-image-preview:large","max-video-preview":"max-video-preview:-1"},"canonical":"https:\/\/newsroom.ferrovial.com\/es\/noticias\/primera-fase-de-la-linea-de-alta-velocidad-madrid-extremadura\/","og_locale":"es_ES","og_type":"article","og_title":"Felipe VI y Pedro S\u00e1nchez inauguran la primera fase de la l\u00ednea de alta velocidad Madrid-Extremadura Sala de prensa Ferrovial | \u00daltimas noticias","og_description":"Sala de prensa Ferrovial | \u00daltimas noticias","og_url":"https:\/\/newsroom.ferrovial.com\/es\/noticias\/primera-fase-de-la-linea-de-alta-velocidad-madrid-extremadura\/","og_site_name":"Sala de prensa Ferrovial | \u00daltimas noticias","article_publisher":"https:\/\/www.facebook.com\/ferrovial","article_modified_time":"2022-12-20T17:06:12+00:00","og_image":[{"width":1468,"height":764,"url":"https:\/\/newsroom.ferrovial.com\/wp-content\/uploads\/sites\/4\/2022\/07\/microsoftteams-image-86.png","type":"image\/png"}],"twitter_card":"summary_large_image","twitter_site":"@ferrovial","schema":{"@context":"https:\/\/schema.org","@graph":[{"@type":"WebPage","@id":"https:\/\/newsroom.ferrovial.com\/es\/noticias\/primera-fase-de-la-linea-de-alta-velocidad-madrid-extremadura\/","url":"https:\/\/newsroom.ferrovial.com\/es\/noticias\/primera-fase-de-la-linea-de-alta-velocidad-madrid-extremadura\/","name":"Felipe VI y Pedro S\u00e1nchez inauguran la primera fase de la l\u00ednea de alta velocidad Madrid-Extremadura Sala de prensa Ferrovial | \u00daltimas noticias","isPartOf":{"@id":"https:\/\/newsroom.ferrovial.com\/es\/#website"},"primaryImageOfPage":{"@id":"https:\/\/newsroom.ferrovial.com\/es\/noticias\/primera-fase-de-la-linea-de-alta-velocidad-madrid-extremadura\/#primaryimage"},"image":{"@id":"https:\/\/newsroom.ferrovial.com\/es\/noticias\/primera-fase-de-la-linea-de-alta-velocidad-madrid-extremadura\/#primaryimage"},"thumbnailUrl":"https:\/\/static.newsroom.ferrovial.com\/wp-content\/uploads\/2022\/07\/15141728\/microsoftteams-image-86.png","datePublished":"2022-07-20T11:44:20+00:00","dateModified":"2022-12-20T17:06:12+00:00","description":"Sala de prensa Ferrovial | \u00daltimas noticias","breadcrumb":{"@id":"https:\/\/newsroom.ferrovial.com\/es\/noticias\/primera-fase-de-la-linea-de-alta-velocidad-madrid-extremadura\/#breadcrumb"},"inLanguage":"es","potentialAction":[{"@type":"ReadAction","target":["https:\/\/newsroom.ferrovial.com\/es\/noticias\/primera-fase-de-la-linea-de-alta-velocidad-madrid-extremadura\/"]}]},{"@type":"ImageObject","inLanguage":"es","@id":"https:\/\/newsroom.ferrovial.com\/es\/noticias\/primera-fase-de-la-linea-de-alta-velocidad-madrid-extremadura\/#primaryimage","url":"https:\/\/static.newsroom.ferrovial.com\/wp-content\/uploads\/2022\/07\/15141728\/microsoftteams-image-86.png","contentUrl":"https:\/\/static.newsroom.ferrovial.com\/wp-content\/uploads\/2022\/07\/15141728\/microsoftteams-image-86.png","width":1468,"height":764,"caption":"primera fase l\u00ednea de alta velocidad Madrid-Extremadura"},{"@type":"BreadcrumbList","@id":"https:\/\/newsroom.ferrovial.com\/es\/noticias\/primera-fase-de-la-linea-de-alta-velocidad-madrid-extremadura\/#breadcrumb","itemListElement":[{"@type":"ListItem","position":1,"name":"Portada","item":"https:\/\/newsroom.ferrovial.com\/es\/"},{"@type":"ListItem","position":2,"name":"Felipe VI y Pedro S\u00e1nchez inauguran la primera fase de la l\u00ednea de alta velocidad Madrid-Extremadura"}]},{"@type":"WebSite","@id":"https:\/\/newsroom.ferrovial.com\/es\/#website","url":"https:\/\/newsroom.ferrovial.com\/es\/","name":"Sala de prensa Ferrovial | \u00daltimas noticias","description":"Sala de prensa Ferrovial | \u00daltimas noticias","publisher":{"@id":"https:\/\/newsroom.ferrovial.com\/es\/#organization"},"potentialAction":[{"@type":"SearchAction","target":{"@type":"EntryPoint","urlTemplate":"https:\/\/newsroom.ferrovial.com\/es\/?s={search_term_string}"},"query-input":{"@type":"PropertyValueSpecification","valueRequired":true,"valueName":"search_term_string"}}],"inLanguage":"es"},{"@type":"Organization","@id":"https:\/\/newsroom.ferrovial.com\/es\/#organization","name":"Ferrovial S.A.","url":"https:\/\/newsroom.ferrovial.com\/es\/","logo":{"@type":"ImageObject","inLanguage":"es","@id":"https:\/\/newsroom.ferrovial.com\/es\/#\/schema\/logo\/image\/","url":"https:\/\/static.newsroom.ferrovial.com\/wp-content\/uploads\/2018\/07\/15145720\/Ferrovial_Logotipo1.jpg","contentUrl":"https:\/\/static.newsroom.ferrovial.com\/wp-content\/uploads\/2018\/07\/15145720\/Ferrovial_Logotipo1.jpg","width":600,"height":300,"caption":"Ferrovial S.A."},"image":{"@id":"https:\/\/newsroom.ferrovial.com\/es\/#\/schema\/logo\/image\/"},"sameAs":["https:\/\/www.facebook.com\/ferrovial","https:\/\/x.com\/ferrovial","https:\/\/www.instagram.com\/ferrovial\/","https:\/\/www.linkedin.com\/company\/ferrovial","https:\/\/www.pinterest.es\/ferrovial\/","https:\/\/www.youtube.com\/ferrovial","https:\/\/en.wikipedia.org\/wiki\/Ferrovial"]}]}},"_links":{"self":[{"href":"https:\/\/newsroom.ferrovial.com\/es\/wp-json\/wp\/v2\/new\/107446","targetHints":{"allow":["GET"]}}],"collection":[{"href":"https:\/\/newsroom.ferrovial.com\/es\/wp-json\/wp\/v2\/new"}],"about":[{"href":"https:\/\/newsroom.ferrovial.com\/es\/wp-json\/wp\/v2\/types\/new"}],"replies":[{"embeddable":true,"href":"https:\/\/newsroom.ferrovial.com\/es\/wp-json\/wp\/v2\/comments?post=107446"}],"version-history":[{"count":3,"href":"https:\/\/newsroom.ferrovial.com\/es\/wp-json\/wp\/v2\/new\/107446\/revisions"}],"predecessor-version":[{"id":107458,"href":"https:\/\/newsroom.ferrovial.com\/es\/wp-json\/wp\/v2\/new\/107446\/revisions\/107458"}],"wp:featuredmedia":[{"embeddable":true,"href":"https:\/\/newsroom.ferrovial.com\/es\/wp-json\/wp\/v2\/media\/107447"}],"wp:attachment":[{"href":"https:\/\/newsroom.ferrovial.com\/es\/wp-json\/wp\/v2\/media?parent=107446"}],"wp:term":[{"taxonomy":"nivel-2","embeddable":true,"href":"https:\/\/newsroom.ferrovial.com\/es\/wp-json\/wp\/v2\/nivel-2?post=107446"},{"taxonomy":"nivel-5","embeddable":true,"href":"https:\/\/newsroom.ferrovial.com\/es\/wp-json\/wp\/v2\/nivel-5?post=107446"},{"taxonomy":"nivel-1","embeddable":true,"href":"https:\/\/newsroom.ferrovial.com\/es\/wp-json\/wp\/v2\/nivel-1?post=107446"},{"taxonomy":"nivel-3","embeddable":true,"href":"https:\/\/newsroom.ferrovial.com\/es\/wp-json\/wp\/v2\/nivel-3?post=107446"},{"taxonomy":"nivel-4","embeddable":true,"href":"https:\/\/newsroom.ferrovial.com\/es\/wp-json\/wp\/v2\/nivel-4?post=107446"}],"curies":[{"name":"wp","href":"https:\/\/api.w.org\/{rel}","templated":true}]}}