{"id":107891,"date":"2022-09-05T09:58:23","date_gmt":"2022-09-05T07:58:23","guid":{"rendered":"https:\/\/newsroom.ferrovial.com\/?post_type=new&#038;p=107891"},"modified":"2022-12-20T18:05:33","modified_gmt":"2022-12-20T17:05:33","slug":"chile-inaugura-su-nueva-sede-del-coordinador-electrico-nacional-construida-por-ferrovial-construccion","status":"publish","type":"new","link":"https:\/\/newsroom.ferrovial.com\/es\/noticias\/chile-inaugura-su-nueva-sede-del-coordinador-electrico-nacional-construida-por-ferrovial-construccion\/","title":{"rendered":"Chile inaugura su nueva sede del Coordinador El\u00e9ctrico Nacional construida por Ferrovial Construcci\u00f3n"},"content":{"rendered":"    <section class=\"wysiwyg text-editor \" id=\"\">\n        <div class=\"container container--narrow container--p-10\">\n            <p>El presidente del Coordinador El\u00e9ctrico Nacional de Chile, junto al ministro de Energ\u00eda y al alcalde de la Municipalidad de Pudahuel, han inaugurado el pasado d\u00eda 22 de agosto el nuevo <strong><a href=\"https:\/\/www.coordinador.cl\/\" target=\"_blank\" rel=\"nofollow noopener\">Centro de Despacho Nacional de Energ\u00eda (CDC)<\/a> de Chile construido por Ferrovial Construcci\u00f3n<\/strong>. De esta forma, se daba comienzo a la actividad del Coordinador El\u00e9ctrico Nacional, que se considera ya el m\u00e1s moderno de Latinoam\u00e9rica.<\/p>\n<p>Ferrovial Construcci\u00f3n ha dise\u00f1ado este centro con <strong>m\u00e1s de 20.000 metros cuadrados de superficie construida en un terreno de 9 mil metros cuadrados<\/strong>. De esta forma, se ha dado respuesta a la necesidad del pa\u00eds de contar con unas instalaciones con capacidad suficiente para coordinar la operaci\u00f3n de todo el sistema el\u00e9ctrico nacional.<\/p>\n<p>El nuevo centro cuenta adem\u00e1s con <strong>tecnolog\u00eda antis\u00edsmica, paneles solares y un dise\u00f1o tecno-vanguardista<\/strong> en los dos edificios construidos. Las nuevas instalaciones cumplen tambi\u00e9n con los est\u00e1ndares en materia de sostenibilidad marcados por el plan de transici\u00f3n energ\u00e9tica de Chile y cuentan con Certificaci\u00f3n LEED\u00ae categor\u00eda Silver y Certificaci\u00f3n Uptime Institute TIER III.<\/p>\n<p>El primer edificio ser\u00e1 empleado \u00edntegramente como espacio para oficinas y el segundo, albergar\u00e1 un <strong>Datacenter con aisladores s\u00edsmicos<\/strong> para proteger el contenido en caso de que se produzcan terremotos. El Edificio de Oficinas (EOF) cuenta con cinco plantas dedicadas a las oficinas y suman una superficie de m\u00e1s de 15.000 m2. Adem\u00e1s de esta edificaci\u00f3n, hay dos plantas subterr\u00e1neas que albergar\u00e1n instalaciones de electricidad, climatizaci\u00f3n, seguridad, incendios, control de accesos (controlados por BMS) y 250 estacionamientos.<\/p>\n<p>Adem\u00e1s de contar con todas las certificaciones internacionales necesarias para garantizar un funcionamiento correcto y altos est\u00e1ndares de seguridad, cuenta con unos exteriores con obras de paisajismo y todas las medidas necesarias para mitigaci\u00f3n vial.<\/p>\n        <\/div>\n    <\/section>\n","protected":false},"excerpt":{"rendered":"","protected":false},"featured_media":107892,"menu_order":0,"comment_status":"closed","ping_status":"closed","template":"","nivel-2":[2208,1932,2209,957,987,2234],"nivel-5":[],"nivel-1":[],"nivel-3":[],"nivel-4":[],"class_list":["post-107891","new","type-new","status-publish","has-post-thumbnail","hentry","nivel-2-diseno-e-ingenieria","nivel-2-diseno-y-construccion","nivel-2-edificacion","nivel-2-electricidad","nivel-2-infraestructuras","nivel-2-instalaciones"],"acf":[],"yoast_head":"<title>Chile inaugura su nueva sede del Coordinador El\u00e9ctrico Nacional construida por Ferrovial Construcci\u00f3n Sala de prensa Ferrovial | \u00daltimas noticias<\/title>\n<meta name=\"description\" content=\"Sala de prensa Ferrovial | \u00daltimas noticias\" \/>\n<meta name=\"robots\" content=\"index, follow, max-snippet:-1, max-image-preview:large, max-video-preview:-1\" \/>\n<link rel=\"canonical\" href=\"https:\/\/newsroom.ferrovial.com\/es\/noticias\/chile-inaugura-su-nueva-sede-del-coordinador-electrico-nacional-construida-por-ferrovial-construccion\/\" \/>\n<meta property=\"og:locale\" content=\"es_ES\" \/>\n<meta property=\"og:type\" content=\"article\" \/>\n<meta property=\"og:title\" content=\"Chile inaugura su nueva sede del Coordinador El\u00e9ctrico Nacional construida por Ferrovial Construcci\u00f3n Sala de prensa Ferrovial | \u00daltimas noticias\" \/>\n<meta property=\"og:description\" content=\"Sala de prensa Ferrovial | \u00daltimas noticias\" \/>\n<meta property=\"og:url\" content=\"https:\/\/newsroom.ferrovial.com\/es\/noticias\/chile-inaugura-su-nueva-sede-del-coordinador-electrico-nacional-construida-por-ferrovial-construccion\/\" \/>\n<meta property=\"og:site_name\" content=\"Sala de prensa Ferrovial | \u00daltimas noticias\" \/>\n<meta property=\"article:publisher\" content=\"https:\/\/www.facebook.com\/ferrovial\" \/>\n<meta property=\"article:modified_time\" content=\"2022-12-20T17:05:33+00:00\" \/>\n<meta property=\"og:image\" content=\"https:\/\/newsroom.ferrovial.com\/wp-content\/uploads\/sites\/4\/2022\/09\/exteriorchulo-dsc3198-hdr-edit.jpg\" \/>\n\t<meta property=\"og:image:width\" content=\"850\" \/>\n\t<meta property=\"og:image:height\" content=\"415\" \/>\n\t<meta property=\"og:image:type\" content=\"image\/jpeg\" \/>\n<meta name=\"twitter:card\" content=\"summary_large_image\" \/>\n<meta name=\"twitter:site\" content=\"@ferrovial\" \/>\n<script type=\"application\/ld+json\" class=\"yoast-schema-graph\">{\"@context\":\"https:\/\/schema.org\",\"@graph\":[{\"@type\":\"WebPage\",\"@id\":\"https:\/\/newsroom.ferrovial.com\/es\/noticias\/chile-inaugura-su-nueva-sede-del-coordinador-electrico-nacional-construida-por-ferrovial-construccion\/\",\"url\":\"https:\/\/newsroom.ferrovial.com\/es\/noticias\/chile-inaugura-su-nueva-sede-del-coordinador-electrico-nacional-construida-por-ferrovial-construccion\/\",\"name\":\"Chile inaugura su nueva sede del Coordinador El\u00e9ctrico Nacional construida por Ferrovial Construcci\u00f3n Sala de prensa Ferrovial | \u00daltimas noticias\",\"isPartOf\":{\"@id\":\"https:\/\/newsroom.ferrovial.com\/es\/#website\"},\"primaryImageOfPage\":{\"@id\":\"https:\/\/newsroom.ferrovial.com\/es\/noticias\/chile-inaugura-su-nueva-sede-del-coordinador-electrico-nacional-construida-por-ferrovial-construccion\/#primaryimage\"},\"image\":{\"@id\":\"https:\/\/newsroom.ferrovial.com\/es\/noticias\/chile-inaugura-su-nueva-sede-del-coordinador-electrico-nacional-construida-por-ferrovial-construccion\/#primaryimage\"},\"thumbnailUrl\":\"https:\/\/static.newsroom.ferrovial.com\/wp-content\/uploads\/2022\/09\/15141632\/exteriorchulo-dsc3198-hdr-edit.jpg\",\"datePublished\":\"2022-09-05T07:58:23+00:00\",\"dateModified\":\"2022-12-20T17:05:33+00:00\",\"description\":\"Sala de prensa Ferrovial | \u00daltimas noticias\",\"breadcrumb\":{\"@id\":\"https:\/\/newsroom.ferrovial.com\/es\/noticias\/chile-inaugura-su-nueva-sede-del-coordinador-electrico-nacional-construida-por-ferrovial-construccion\/#breadcrumb\"},\"inLanguage\":\"es\",\"potentialAction\":[{\"@type\":\"ReadAction\",\"target\":[\"https:\/\/newsroom.ferrovial.com\/es\/noticias\/chile-inaugura-su-nueva-sede-del-coordinador-electrico-nacional-construida-por-ferrovial-construccion\/\"]}]},{\"@type\":\"ImageObject\",\"inLanguage\":\"es\",\"@id\":\"https:\/\/newsroom.ferrovial.com\/es\/noticias\/chile-inaugura-su-nueva-sede-del-coordinador-electrico-nacional-construida-por-ferrovial-construccion\/#primaryimage\",\"url\":\"https:\/\/static.newsroom.ferrovial.com\/wp-content\/uploads\/2022\/09\/15141632\/exteriorchulo-dsc3198-hdr-edit.jpg\",\"contentUrl\":\"https:\/\/static.newsroom.ferrovial.com\/wp-content\/uploads\/2022\/09\/15141632\/exteriorchulo-dsc3198-hdr-edit.jpg\",\"width\":850,\"height\":415},{\"@type\":\"BreadcrumbList\",\"@id\":\"https:\/\/newsroom.ferrovial.com\/es\/noticias\/chile-inaugura-su-nueva-sede-del-coordinador-electrico-nacional-construida-por-ferrovial-construccion\/#breadcrumb\",\"itemListElement\":[{\"@type\":\"ListItem\",\"position\":1,\"name\":\"Portada\",\"item\":\"https:\/\/newsroom.ferrovial.com\/es\/\"},{\"@type\":\"ListItem\",\"position\":2,\"name\":\"Chile inaugura su nueva sede del Coordinador El\u00e9ctrico Nacional construida por Ferrovial Construcci\u00f3n\"}]},{\"@type\":\"WebSite\",\"@id\":\"https:\/\/newsroom.ferrovial.com\/es\/#website\",\"url\":\"https:\/\/newsroom.ferrovial.com\/es\/\",\"name\":\"Sala de prensa Ferrovial | \u00daltimas noticias\",\"description\":\"Sala de prensa Ferrovial | \u00daltimas noticias\",\"publisher\":{\"@id\":\"https:\/\/newsroom.ferrovial.com\/es\/#organization\"},\"potentialAction\":[{\"@type\":\"SearchAction\",\"target\":{\"@type\":\"EntryPoint\",\"urlTemplate\":\"https:\/\/newsroom.ferrovial.com\/es\/?s={search_term_string}\"},\"query-input\":{\"@type\":\"PropertyValueSpecification\",\"valueRequired\":true,\"valueName\":\"search_term_string\"}}],\"inLanguage\":\"es\"},{\"@type\":\"Organization\",\"@id\":\"https:\/\/newsroom.ferrovial.com\/es\/#organization\",\"name\":\"Ferrovial S.A.\",\"url\":\"https:\/\/newsroom.ferrovial.com\/es\/\",\"logo\":{\"@type\":\"ImageObject\",\"inLanguage\":\"es\",\"@id\":\"https:\/\/newsroom.ferrovial.com\/es\/#\/schema\/logo\/image\/\",\"url\":\"https:\/\/static.newsroom.ferrovial.com\/wp-content\/uploads\/2018\/07\/15145720\/Ferrovial_Logotipo1.jpg\",\"contentUrl\":\"https:\/\/static.newsroom.ferrovial.com\/wp-content\/uploads\/2018\/07\/15145720\/Ferrovial_Logotipo1.jpg\",\"width\":600,\"height\":300,\"caption\":\"Ferrovial S.A.\"},\"image\":{\"@id\":\"https:\/\/newsroom.ferrovial.com\/es\/#\/schema\/logo\/image\/\"},\"sameAs\":[\"https:\/\/www.facebook.com\/ferrovial\",\"https:\/\/x.com\/ferrovial\",\"https:\/\/www.instagram.com\/ferrovial\/\",\"https:\/\/www.linkedin.com\/company\/ferrovial\",\"https:\/\/www.pinterest.es\/ferrovial\/\",\"https:\/\/www.youtube.com\/ferrovial\",\"https:\/\/en.wikipedia.org\/wiki\/Ferrovial\"]}]}<\/script>","yoast_head_json":{"title":"Chile inaugura su nueva sede del Coordinador El\u00e9ctrico Nacional construida por Ferrovial Construcci\u00f3n Sala de prensa Ferrovial | \u00daltimas noticias","description":"Sala de prensa Ferrovial | \u00daltimas noticias","robots":{"index":"index","follow":"follow","max-snippet":"max-snippet:-1","max-image-preview":"max-image-preview:large","max-video-preview":"max-video-preview:-1"},"canonical":"https:\/\/newsroom.ferrovial.com\/es\/noticias\/chile-inaugura-su-nueva-sede-del-coordinador-electrico-nacional-construida-por-ferrovial-construccion\/","og_locale":"es_ES","og_type":"article","og_title":"Chile inaugura su nueva sede del Coordinador El\u00e9ctrico Nacional construida por Ferrovial Construcci\u00f3n Sala de prensa Ferrovial | \u00daltimas noticias","og_description":"Sala de prensa Ferrovial | \u00daltimas noticias","og_url":"https:\/\/newsroom.ferrovial.com\/es\/noticias\/chile-inaugura-su-nueva-sede-del-coordinador-electrico-nacional-construida-por-ferrovial-construccion\/","og_site_name":"Sala de prensa Ferrovial | \u00daltimas noticias","article_publisher":"https:\/\/www.facebook.com\/ferrovial","article_modified_time":"2022-12-20T17:05:33+00:00","og_image":[{"width":850,"height":415,"url":"https:\/\/newsroom.ferrovial.com\/wp-content\/uploads\/sites\/4\/2022\/09\/exteriorchulo-dsc3198-hdr-edit.jpg","type":"image\/jpeg"}],"twitter_card":"summary_large_image","twitter_site":"@ferrovial","schema":{"@context":"https:\/\/schema.org","@graph":[{"@type":"WebPage","@id":"https:\/\/newsroom.ferrovial.com\/es\/noticias\/chile-inaugura-su-nueva-sede-del-coordinador-electrico-nacional-construida-por-ferrovial-construccion\/","url":"https:\/\/newsroom.ferrovial.com\/es\/noticias\/chile-inaugura-su-nueva-sede-del-coordinador-electrico-nacional-construida-por-ferrovial-construccion\/","name":"Chile inaugura su nueva sede del Coordinador El\u00e9ctrico Nacional construida por Ferrovial Construcci\u00f3n Sala de prensa Ferrovial | \u00daltimas noticias","isPartOf":{"@id":"https:\/\/newsroom.ferrovial.com\/es\/#website"},"primaryImageOfPage":{"@id":"https:\/\/newsroom.ferrovial.com\/es\/noticias\/chile-inaugura-su-nueva-sede-del-coordinador-electrico-nacional-construida-por-ferrovial-construccion\/#primaryimage"},"image":{"@id":"https:\/\/newsroom.ferrovial.com\/es\/noticias\/chile-inaugura-su-nueva-sede-del-coordinador-electrico-nacional-construida-por-ferrovial-construccion\/#primaryimage"},"thumbnailUrl":"https:\/\/static.newsroom.ferrovial.com\/wp-content\/uploads\/2022\/09\/15141632\/exteriorchulo-dsc3198-hdr-edit.jpg","datePublished":"2022-09-05T07:58:23+00:00","dateModified":"2022-12-20T17:05:33+00:00","description":"Sala de prensa Ferrovial | \u00daltimas noticias","breadcrumb":{"@id":"https:\/\/newsroom.ferrovial.com\/es\/noticias\/chile-inaugura-su-nueva-sede-del-coordinador-electrico-nacional-construida-por-ferrovial-construccion\/#breadcrumb"},"inLanguage":"es","potentialAction":[{"@type":"ReadAction","target":["https:\/\/newsroom.ferrovial.com\/es\/noticias\/chile-inaugura-su-nueva-sede-del-coordinador-electrico-nacional-construida-por-ferrovial-construccion\/"]}]},{"@type":"ImageObject","inLanguage":"es","@id":"https:\/\/newsroom.ferrovial.com\/es\/noticias\/chile-inaugura-su-nueva-sede-del-coordinador-electrico-nacional-construida-por-ferrovial-construccion\/#primaryimage","url":"https:\/\/static.newsroom.ferrovial.com\/wp-content\/uploads\/2022\/09\/15141632\/exteriorchulo-dsc3198-hdr-edit.jpg","contentUrl":"https:\/\/static.newsroom.ferrovial.com\/wp-content\/uploads\/2022\/09\/15141632\/exteriorchulo-dsc3198-hdr-edit.jpg","width":850,"height":415},{"@type":"BreadcrumbList","@id":"https:\/\/newsroom.ferrovial.com\/es\/noticias\/chile-inaugura-su-nueva-sede-del-coordinador-electrico-nacional-construida-por-ferrovial-construccion\/#breadcrumb","itemListElement":[{"@type":"ListItem","position":1,"name":"Portada","item":"https:\/\/newsroom.ferrovial.com\/es\/"},{"@type":"ListItem","position":2,"name":"Chile inaugura su nueva sede del Coordinador El\u00e9ctrico Nacional construida por Ferrovial Construcci\u00f3n"}]},{"@type":"WebSite","@id":"https:\/\/newsroom.ferrovial.com\/es\/#website","url":"https:\/\/newsroom.ferrovial.com\/es\/","name":"Sala de prensa Ferrovial | \u00daltimas noticias","description":"Sala de prensa Ferrovial | \u00daltimas noticias","publisher":{"@id":"https:\/\/newsroom.ferrovial.com\/es\/#organization"},"potentialAction":[{"@type":"SearchAction","target":{"@type":"EntryPoint","urlTemplate":"https:\/\/newsroom.ferrovial.com\/es\/?s={search_term_string}"},"query-input":{"@type":"PropertyValueSpecification","valueRequired":true,"valueName":"search_term_string"}}],"inLanguage":"es"},{"@type":"Organization","@id":"https:\/\/newsroom.ferrovial.com\/es\/#organization","name":"Ferrovial S.A.","url":"https:\/\/newsroom.ferrovial.com\/es\/","logo":{"@type":"ImageObject","inLanguage":"es","@id":"https:\/\/newsroom.ferrovial.com\/es\/#\/schema\/logo\/image\/","url":"https:\/\/static.newsroom.ferrovial.com\/wp-content\/uploads\/2018\/07\/15145720\/Ferrovial_Logotipo1.jpg","contentUrl":"https:\/\/static.newsroom.ferrovial.com\/wp-content\/uploads\/2018\/07\/15145720\/Ferrovial_Logotipo1.jpg","width":600,"height":300,"caption":"Ferrovial S.A."},"image":{"@id":"https:\/\/newsroom.ferrovial.com\/es\/#\/schema\/logo\/image\/"},"sameAs":["https:\/\/www.facebook.com\/ferrovial","https:\/\/x.com\/ferrovial","https:\/\/www.instagram.com\/ferrovial\/","https:\/\/www.linkedin.com\/company\/ferrovial","https:\/\/www.pinterest.es\/ferrovial\/","https:\/\/www.youtube.com\/ferrovial","https:\/\/en.wikipedia.org\/wiki\/Ferrovial"]}]}},"_links":{"self":[{"href":"https:\/\/newsroom.ferrovial.com\/es\/wp-json\/wp\/v2\/new\/107891","targetHints":{"allow":["GET"]}}],"collection":[{"href":"https:\/\/newsroom.ferrovial.com\/es\/wp-json\/wp\/v2\/new"}],"about":[{"href":"https:\/\/newsroom.ferrovial.com\/es\/wp-json\/wp\/v2\/types\/new"}],"replies":[{"embeddable":true,"href":"https:\/\/newsroom.ferrovial.com\/es\/wp-json\/wp\/v2\/comments?post=107891"}],"version-history":[{"count":3,"href":"https:\/\/newsroom.ferrovial.com\/es\/wp-json\/wp\/v2\/new\/107891\/revisions"}],"predecessor-version":[{"id":108663,"href":"https:\/\/newsroom.ferrovial.com\/es\/wp-json\/wp\/v2\/new\/107891\/revisions\/108663"}],"wp:featuredmedia":[{"embeddable":true,"href":"https:\/\/newsroom.ferrovial.com\/es\/wp-json\/wp\/v2\/media\/107892"}],"wp:attachment":[{"href":"https:\/\/newsroom.ferrovial.com\/es\/wp-json\/wp\/v2\/media?parent=107891"}],"wp:term":[{"taxonomy":"nivel-2","embeddable":true,"href":"https:\/\/newsroom.ferrovial.com\/es\/wp-json\/wp\/v2\/nivel-2?post=107891"},{"taxonomy":"nivel-5","embeddable":true,"href":"https:\/\/newsroom.ferrovial.com\/es\/wp-json\/wp\/v2\/nivel-5?post=107891"},{"taxonomy":"nivel-1","embeddable":true,"href":"https:\/\/newsroom.ferrovial.com\/es\/wp-json\/wp\/v2\/nivel-1?post=107891"},{"taxonomy":"nivel-3","embeddable":true,"href":"https:\/\/newsroom.ferrovial.com\/es\/wp-json\/wp\/v2\/nivel-3?post=107891"},{"taxonomy":"nivel-4","embeddable":true,"href":"https:\/\/newsroom.ferrovial.com\/es\/wp-json\/wp\/v2\/nivel-4?post=107891"}],"curies":[{"name":"wp","href":"https:\/\/api.w.org\/{rel}","templated":true}]}}