{"id":119464,"date":"2023-01-17T13:06:18","date_gmt":"2023-01-17T12:06:18","guid":{"rendered":"https:\/\/newsroom.ferrovial.com\/?post_type=new&#038;p=119464"},"modified":"2024-11-20T20:17:03","modified_gmt":"2024-11-20T19:17:03","slug":"aeropuerto-yda-dalaman-sube-dos-niveles-programa-acreditacion-emisiones-de-carbono","status":"publish","type":"new","link":"https:\/\/newsroom.ferrovial.com\/es\/noticias\/aeropuerto-yda-dalaman-sube-dos-niveles-programa-acreditacion-emisiones-de-carbono\/","title":{"rendered":"El aeropuerto YDA de Dalaman sube dos niveles seguidos en el programa de acreditaci\u00f3n de emisiones de carbono"},"content":{"rendered":"    <section class=\"wysiwyg text-editor \" id=\"\">\n        <div class=\"container container--narrow container--p-10\">\n            <p>El aeropuerto YDA de Dalaman se salt\u00f3 el Nivel 1 del <strong>programa de Acreditaci\u00f3n del Carbono en Aeropuertos (ACA)<\/strong>, el \u00fanico programa mundial de certificaci\u00f3n de la gesti\u00f3n del carbono para aeropuertos aprobado institucionalmente, y obtuvo directamente el Certificado de Emisiones de Carbono de Nivel 2.<\/p>\n<p>Yi\u011fit La\u00e7in , Consejero Delegado del Aeropuerto YDA Dalaman, declar\u00f3 que, en consonancia con la declaraci\u00f3n de visi\u00f3n y la estrategia de sostenibilidad del Aeropuerto YDA Dalaman, participaron en el programa establecido por la ACI Europa, cuyo objetivo es eliminar las emisiones de carbono y contribuir a la lucha contra el cambio clim\u00e1tico.<\/p>\n<p>La\u00e7in subray\u00f3 que, en el marco de los estudios realizados, obtuvieron el certificado de Nivel 2 (Reducci\u00f3n) en el proceso de certificaci\u00f3n de Emisiones de Carbono de los Aeropuertos proporcionado por ACI Europe gracias a las mejoras e inversiones realizadas como operador de terminales. Haciendo hincapi\u00e9 en que sus esfuerzos para gestionar y reducir las emisiones de CO2 seguir\u00e1n ganando aceleraci\u00f3n con los importantes trabajos que han llevado a cabo en la lucha contra el cambio clim\u00e1tico, La\u00e7in subray\u00f3 que seguir\u00e1n dando nuevos pasos respetuosos con el medio ambiente y reforzando su impacto en los pr\u00f3ximos procesos.<\/p>\n<p>Olivier Jankovec, Director General de ACI Europa, expres\u00f3 su <strong>felicitaci\u00f3n al Aeropuerto YDA Dalaman por unirse directamente a la Acreditaci\u00f3n de Carbono Aeroportuario con el Nivel 2 &#8216;Reducci\u00f3n&#8217;<\/strong>, lo que significa que el aeropuerto no s\u00f3lo ha cartografiado su huella de carbono, sino que est\u00e1 trabajando activamente para reducir sus emisiones de CO2, comprometi\u00e9ndose as\u00ed con una gesti\u00f3n avanzada del carbono.<\/p>\n<p>Jankovec declar\u00f3: \u00abCon el tel\u00f3n de fondo con el que la OACI fij\u00f3 el a\u00f1o pasado el objetivo de emisiones netas cero de CO2 para la aviaci\u00f3n a escala mundial, esto significa tambi\u00e9n que el aeropuerto de Dalaman est\u00e1 contribuyendo de forma tangible a este ambicioso y necesario objetivo. \u00a1Enhorabuena a todos los equipos del aeropuerto de Dalaman!\u00bb.<\/p>\n        <\/div>\n    <\/section>\n","protected":false},"excerpt":{"rendered":"","protected":false},"featured_media":119465,"menu_order":0,"comment_status":"closed","ping_status":"closed","template":"","nivel-2":[2190,917,2205,936,2215,963,1065,971,2218,1951,1045],"nivel-5":[1721],"nivel-1":[893],"nivel-3":[2358],"nivel-4":[2359],"class_list":["post-119464","new","type-new","status-publish","has-post-thumbnail","hentry","nivel-2-aereo","nivel-2-auditoria-medioambiental","nivel-2-aviacion","nivel-2-conservacion-del-medio-ambiente","nivel-2-eficiencia-energetica","nivel-2-energias-alternativas","nivel-2-energias-renovables","nivel-2-estudio-medioambiental","nivel-2-infraestructura-aeroportuaria","nivel-2-medio-ambiente","nivel-2-sostenibilidad","nivel-5-ferrovial-aeropuertos","nivel-1-aeropuertos","nivel-3-turquia","nivel-4-dalaman"],"acf":[],"yoast_head":"<title>El aeropuerto YDA de Dalaman sube dos niveles seguidos en el programa de acreditaci\u00f3n de emisiones de carbono Sala de prensa Ferrovial | \u00daltimas noticias<\/title>\n<meta name=\"description\" content=\"El aeropuerto YDA de Dalaman ha entrado en el programa de Acreditaci\u00f3n del Carbono en Aeropuertos del Consejo Internacional de ACI Europe.\" \/>\n<meta name=\"robots\" content=\"index, follow, max-snippet:-1, max-image-preview:large, max-video-preview:-1\" \/>\n<link rel=\"canonical\" href=\"https:\/\/newsroom.ferrovial.com\/es\/noticias\/aeropuerto-yda-dalaman-sube-dos-niveles-programa-acreditacion-emisiones-de-carbono\/\" \/>\n<meta property=\"og:locale\" content=\"es_ES\" \/>\n<meta property=\"og:type\" content=\"article\" \/>\n<meta property=\"og:title\" content=\"El aeropuerto YDA de Dalaman sube dos niveles seguidos en el programa de acreditaci\u00f3n de emisiones de carbono Sala de prensa Ferrovial | \u00daltimas noticias\" \/>\n<meta property=\"og:description\" content=\"El aeropuerto YDA de Dalaman ha entrado en el programa de Acreditaci\u00f3n del Carbono en Aeropuertos del Consejo Internacional de ACI Europe.\" \/>\n<meta property=\"og:url\" content=\"https:\/\/newsroom.ferrovial.com\/es\/noticias\/aeropuerto-yda-dalaman-sube-dos-niveles-programa-acreditacion-emisiones-de-carbono\/\" \/>\n<meta property=\"og:site_name\" content=\"Sala de prensa Ferrovial | \u00daltimas noticias\" \/>\n<meta property=\"article:publisher\" content=\"https:\/\/www.facebook.com\/ferrovial\" \/>\n<meta property=\"article:modified_time\" content=\"2024-11-20T19:17:03+00:00\" \/>\n<meta property=\"og:image\" content=\"https:\/\/static.newsroom.ferrovial.com\/wp-content\/uploads\/sites\/4\/2023\/01\/17131837\/aeropuerto-yda-de-dalaman-scaled-e1673956550253.jpg\" \/>\n\t<meta property=\"og:image:width\" content=\"2560\" \/>\n\t<meta property=\"og:image:height\" content=\"966\" \/>\n\t<meta property=\"og:image:type\" content=\"image\/jpeg\" \/>\n<meta name=\"twitter:card\" content=\"summary_large_image\" \/>\n<meta name=\"twitter:site\" content=\"@ferrovial\" \/>\n<meta name=\"twitter:label1\" content=\"Tiempo de lectura\" \/>\n\t<meta name=\"twitter:data1\" content=\"2 minutos\" \/>\n<script type=\"application\/ld+json\" class=\"yoast-schema-graph\">{\"@context\":\"https:\/\/schema.org\",\"@graph\":[{\"@type\":\"WebPage\",\"@id\":\"https:\/\/newsroom.ferrovial.com\/es\/noticias\/aeropuerto-yda-dalaman-sube-dos-niveles-programa-acreditacion-emisiones-de-carbono\/\",\"url\":\"https:\/\/newsroom.ferrovial.com\/es\/noticias\/aeropuerto-yda-dalaman-sube-dos-niveles-programa-acreditacion-emisiones-de-carbono\/\",\"name\":\"El aeropuerto YDA de Dalaman sube dos niveles seguidos en el programa de acreditaci\u00f3n de emisiones de carbono Sala de prensa Ferrovial | \u00daltimas noticias\",\"isPartOf\":{\"@id\":\"https:\/\/newsroom.ferrovial.com\/es\/#website\"},\"primaryImageOfPage\":{\"@id\":\"https:\/\/newsroom.ferrovial.com\/es\/noticias\/aeropuerto-yda-dalaman-sube-dos-niveles-programa-acreditacion-emisiones-de-carbono\/#primaryimage\"},\"image\":{\"@id\":\"https:\/\/newsroom.ferrovial.com\/es\/noticias\/aeropuerto-yda-dalaman-sube-dos-niveles-programa-acreditacion-emisiones-de-carbono\/#primaryimage\"},\"thumbnailUrl\":\"https:\/\/newsroom.ferrovial.com\/wp-content\/uploads\/2023\/01\/aeropuerto-yda-de-dalaman-scaled-e1673956550253.jpg\",\"datePublished\":\"2023-01-17T12:06:18+00:00\",\"dateModified\":\"2024-11-20T19:17:03+00:00\",\"description\":\"El aeropuerto YDA de Dalaman ha entrado en el programa de Acreditaci\u00f3n del Carbono en Aeropuertos del Consejo Internacional de ACI Europe.\",\"breadcrumb\":{\"@id\":\"https:\/\/newsroom.ferrovial.com\/es\/noticias\/aeropuerto-yda-dalaman-sube-dos-niveles-programa-acreditacion-emisiones-de-carbono\/#breadcrumb\"},\"inLanguage\":\"es\",\"potentialAction\":[{\"@type\":\"ReadAction\",\"target\":[\"https:\/\/newsroom.ferrovial.com\/es\/noticias\/aeropuerto-yda-dalaman-sube-dos-niveles-programa-acreditacion-emisiones-de-carbono\/\"]}]},{\"@type\":\"ImageObject\",\"inLanguage\":\"es\",\"@id\":\"https:\/\/newsroom.ferrovial.com\/es\/noticias\/aeropuerto-yda-dalaman-sube-dos-niveles-programa-acreditacion-emisiones-de-carbono\/#primaryimage\",\"url\":\"https:\/\/newsroom.ferrovial.com\/wp-content\/uploads\/2023\/01\/aeropuerto-yda-de-dalaman-scaled-e1673956550253.jpg\",\"contentUrl\":\"https:\/\/newsroom.ferrovial.com\/wp-content\/uploads\/2023\/01\/aeropuerto-yda-de-dalaman-scaled-e1673956550253.jpg\",\"width\":2560,\"height\":966,\"caption\":\"Aeropuerto YDA de Dalaman\"},{\"@type\":\"BreadcrumbList\",\"@id\":\"https:\/\/newsroom.ferrovial.com\/es\/noticias\/aeropuerto-yda-dalaman-sube-dos-niveles-programa-acreditacion-emisiones-de-carbono\/#breadcrumb\",\"itemListElement\":[{\"@type\":\"ListItem\",\"position\":1,\"name\":\"Portada\",\"item\":\"https:\/\/newsroom.ferrovial.com\/es\/\"},{\"@type\":\"ListItem\",\"position\":2,\"name\":\"El aeropuerto YDA de Dalaman sube dos niveles seguidos en el programa de acreditaci\u00f3n de emisiones de carbono\"}]},{\"@type\":\"WebSite\",\"@id\":\"https:\/\/newsroom.ferrovial.com\/es\/#website\",\"url\":\"https:\/\/newsroom.ferrovial.com\/es\/\",\"name\":\"Sala de prensa Ferrovial | \u00daltimas noticias\",\"description\":\"Sala de prensa Ferrovial | \u00daltimas noticias\",\"publisher\":{\"@id\":\"https:\/\/newsroom.ferrovial.com\/es\/#organization\"},\"potentialAction\":[{\"@type\":\"SearchAction\",\"target\":{\"@type\":\"EntryPoint\",\"urlTemplate\":\"https:\/\/newsroom.ferrovial.com\/es\/?s={search_term_string}\"},\"query-input\":{\"@type\":\"PropertyValueSpecification\",\"valueRequired\":true,\"valueName\":\"search_term_string\"}}],\"inLanguage\":\"es\"},{\"@type\":\"Organization\",\"@id\":\"https:\/\/newsroom.ferrovial.com\/es\/#organization\",\"name\":\"Ferrovial S.A.\",\"url\":\"https:\/\/newsroom.ferrovial.com\/es\/\",\"logo\":{\"@type\":\"ImageObject\",\"inLanguage\":\"es\",\"@id\":\"https:\/\/newsroom.ferrovial.com\/es\/#\/schema\/logo\/image\/\",\"url\":\"https:\/\/static.newsroom.ferrovial.com\/wp-content\/uploads\/2018\/07\/15145720\/Ferrovial_Logotipo1.jpg\",\"contentUrl\":\"https:\/\/static.newsroom.ferrovial.com\/wp-content\/uploads\/2018\/07\/15145720\/Ferrovial_Logotipo1.jpg\",\"width\":600,\"height\":300,\"caption\":\"Ferrovial S.A.\"},\"image\":{\"@id\":\"https:\/\/newsroom.ferrovial.com\/es\/#\/schema\/logo\/image\/\"},\"sameAs\":[\"https:\/\/www.facebook.com\/ferrovial\",\"https:\/\/x.com\/ferrovial\",\"https:\/\/www.instagram.com\/ferrovial\/\",\"https:\/\/www.linkedin.com\/company\/ferrovial\",\"https:\/\/www.pinterest.es\/ferrovial\/\",\"https:\/\/www.youtube.com\/ferrovial\",\"https:\/\/en.wikipedia.org\/wiki\/Ferrovial\"]}]}<\/script>","yoast_head_json":{"title":"El aeropuerto YDA de Dalaman sube dos niveles seguidos en el programa de acreditaci\u00f3n de emisiones de carbono Sala de prensa Ferrovial | \u00daltimas noticias","description":"El aeropuerto YDA de Dalaman ha entrado en el programa de Acreditaci\u00f3n del Carbono en Aeropuertos del Consejo Internacional de ACI Europe.","robots":{"index":"index","follow":"follow","max-snippet":"max-snippet:-1","max-image-preview":"max-image-preview:large","max-video-preview":"max-video-preview:-1"},"canonical":"https:\/\/newsroom.ferrovial.com\/es\/noticias\/aeropuerto-yda-dalaman-sube-dos-niveles-programa-acreditacion-emisiones-de-carbono\/","og_locale":"es_ES","og_type":"article","og_title":"El aeropuerto YDA de Dalaman sube dos niveles seguidos en el programa de acreditaci\u00f3n de emisiones de carbono Sala de prensa Ferrovial | \u00daltimas noticias","og_description":"El aeropuerto YDA de Dalaman ha entrado en el programa de Acreditaci\u00f3n del Carbono en Aeropuertos del Consejo Internacional de ACI Europe.","og_url":"https:\/\/newsroom.ferrovial.com\/es\/noticias\/aeropuerto-yda-dalaman-sube-dos-niveles-programa-acreditacion-emisiones-de-carbono\/","og_site_name":"Sala de prensa Ferrovial | \u00daltimas noticias","article_publisher":"https:\/\/www.facebook.com\/ferrovial","article_modified_time":"2024-11-20T19:17:03+00:00","og_image":[{"width":2560,"height":966,"url":"https:\/\/static.newsroom.ferrovial.com\/wp-content\/uploads\/sites\/4\/2023\/01\/17131837\/aeropuerto-yda-de-dalaman-scaled-e1673956550253.jpg","type":"image\/jpeg"}],"twitter_card":"summary_large_image","twitter_site":"@ferrovial","twitter_misc":{"Tiempo de lectura":"2 minutos"},"schema":{"@context":"https:\/\/schema.org","@graph":[{"@type":"WebPage","@id":"https:\/\/newsroom.ferrovial.com\/es\/noticias\/aeropuerto-yda-dalaman-sube-dos-niveles-programa-acreditacion-emisiones-de-carbono\/","url":"https:\/\/newsroom.ferrovial.com\/es\/noticias\/aeropuerto-yda-dalaman-sube-dos-niveles-programa-acreditacion-emisiones-de-carbono\/","name":"El aeropuerto YDA de Dalaman sube dos niveles seguidos en el programa de acreditaci\u00f3n de emisiones de carbono Sala de prensa Ferrovial | \u00daltimas noticias","isPartOf":{"@id":"https:\/\/newsroom.ferrovial.com\/es\/#website"},"primaryImageOfPage":{"@id":"https:\/\/newsroom.ferrovial.com\/es\/noticias\/aeropuerto-yda-dalaman-sube-dos-niveles-programa-acreditacion-emisiones-de-carbono\/#primaryimage"},"image":{"@id":"https:\/\/newsroom.ferrovial.com\/es\/noticias\/aeropuerto-yda-dalaman-sube-dos-niveles-programa-acreditacion-emisiones-de-carbono\/#primaryimage"},"thumbnailUrl":"https:\/\/newsroom.ferrovial.com\/wp-content\/uploads\/2023\/01\/aeropuerto-yda-de-dalaman-scaled-e1673956550253.jpg","datePublished":"2023-01-17T12:06:18+00:00","dateModified":"2024-11-20T19:17:03+00:00","description":"El aeropuerto YDA de Dalaman ha entrado en el programa de Acreditaci\u00f3n del Carbono en Aeropuertos del Consejo Internacional de ACI Europe.","breadcrumb":{"@id":"https:\/\/newsroom.ferrovial.com\/es\/noticias\/aeropuerto-yda-dalaman-sube-dos-niveles-programa-acreditacion-emisiones-de-carbono\/#breadcrumb"},"inLanguage":"es","potentialAction":[{"@type":"ReadAction","target":["https:\/\/newsroom.ferrovial.com\/es\/noticias\/aeropuerto-yda-dalaman-sube-dos-niveles-programa-acreditacion-emisiones-de-carbono\/"]}]},{"@type":"ImageObject","inLanguage":"es","@id":"https:\/\/newsroom.ferrovial.com\/es\/noticias\/aeropuerto-yda-dalaman-sube-dos-niveles-programa-acreditacion-emisiones-de-carbono\/#primaryimage","url":"https:\/\/newsroom.ferrovial.com\/wp-content\/uploads\/2023\/01\/aeropuerto-yda-de-dalaman-scaled-e1673956550253.jpg","contentUrl":"https:\/\/newsroom.ferrovial.com\/wp-content\/uploads\/2023\/01\/aeropuerto-yda-de-dalaman-scaled-e1673956550253.jpg","width":2560,"height":966,"caption":"Aeropuerto YDA de Dalaman"},{"@type":"BreadcrumbList","@id":"https:\/\/newsroom.ferrovial.com\/es\/noticias\/aeropuerto-yda-dalaman-sube-dos-niveles-programa-acreditacion-emisiones-de-carbono\/#breadcrumb","itemListElement":[{"@type":"ListItem","position":1,"name":"Portada","item":"https:\/\/newsroom.ferrovial.com\/es\/"},{"@type":"ListItem","position":2,"name":"El aeropuerto YDA de Dalaman sube dos niveles seguidos en el programa de acreditaci\u00f3n de emisiones de carbono"}]},{"@type":"WebSite","@id":"https:\/\/newsroom.ferrovial.com\/es\/#website","url":"https:\/\/newsroom.ferrovial.com\/es\/","name":"Sala de prensa Ferrovial | \u00daltimas noticias","description":"Sala de prensa Ferrovial | \u00daltimas noticias","publisher":{"@id":"https:\/\/newsroom.ferrovial.com\/es\/#organization"},"potentialAction":[{"@type":"SearchAction","target":{"@type":"EntryPoint","urlTemplate":"https:\/\/newsroom.ferrovial.com\/es\/?s={search_term_string}"},"query-input":{"@type":"PropertyValueSpecification","valueRequired":true,"valueName":"search_term_string"}}],"inLanguage":"es"},{"@type":"Organization","@id":"https:\/\/newsroom.ferrovial.com\/es\/#organization","name":"Ferrovial S.A.","url":"https:\/\/newsroom.ferrovial.com\/es\/","logo":{"@type":"ImageObject","inLanguage":"es","@id":"https:\/\/newsroom.ferrovial.com\/es\/#\/schema\/logo\/image\/","url":"https:\/\/static.newsroom.ferrovial.com\/wp-content\/uploads\/2018\/07\/15145720\/Ferrovial_Logotipo1.jpg","contentUrl":"https:\/\/static.newsroom.ferrovial.com\/wp-content\/uploads\/2018\/07\/15145720\/Ferrovial_Logotipo1.jpg","width":600,"height":300,"caption":"Ferrovial S.A."},"image":{"@id":"https:\/\/newsroom.ferrovial.com\/es\/#\/schema\/logo\/image\/"},"sameAs":["https:\/\/www.facebook.com\/ferrovial","https:\/\/x.com\/ferrovial","https:\/\/www.instagram.com\/ferrovial\/","https:\/\/www.linkedin.com\/company\/ferrovial","https:\/\/www.pinterest.es\/ferrovial\/","https:\/\/www.youtube.com\/ferrovial","https:\/\/en.wikipedia.org\/wiki\/Ferrovial"]}]}},"_links":{"self":[{"href":"https:\/\/newsroom.ferrovial.com\/es\/wp-json\/wp\/v2\/new\/119464","targetHints":{"allow":["GET"]}}],"collection":[{"href":"https:\/\/newsroom.ferrovial.com\/es\/wp-json\/wp\/v2\/new"}],"about":[{"href":"https:\/\/newsroom.ferrovial.com\/es\/wp-json\/wp\/v2\/types\/new"}],"replies":[{"embeddable":true,"href":"https:\/\/newsroom.ferrovial.com\/es\/wp-json\/wp\/v2\/comments?post=119464"}],"version-history":[{"count":3,"href":"https:\/\/newsroom.ferrovial.com\/es\/wp-json\/wp\/v2\/new\/119464\/revisions"}],"predecessor-version":[{"id":126688,"href":"https:\/\/newsroom.ferrovial.com\/es\/wp-json\/wp\/v2\/new\/119464\/revisions\/126688"}],"wp:featuredmedia":[{"embeddable":true,"href":"https:\/\/newsroom.ferrovial.com\/es\/wp-json\/wp\/v2\/media\/119465"}],"wp:attachment":[{"href":"https:\/\/newsroom.ferrovial.com\/es\/wp-json\/wp\/v2\/media?parent=119464"}],"wp:term":[{"taxonomy":"nivel-2","embeddable":true,"href":"https:\/\/newsroom.ferrovial.com\/es\/wp-json\/wp\/v2\/nivel-2?post=119464"},{"taxonomy":"nivel-5","embeddable":true,"href":"https:\/\/newsroom.ferrovial.com\/es\/wp-json\/wp\/v2\/nivel-5?post=119464"},{"taxonomy":"nivel-1","embeddable":true,"href":"https:\/\/newsroom.ferrovial.com\/es\/wp-json\/wp\/v2\/nivel-1?post=119464"},{"taxonomy":"nivel-3","embeddable":true,"href":"https:\/\/newsroom.ferrovial.com\/es\/wp-json\/wp\/v2\/nivel-3?post=119464"},{"taxonomy":"nivel-4","embeddable":true,"href":"https:\/\/newsroom.ferrovial.com\/es\/wp-json\/wp\/v2\/nivel-4?post=119464"}],"curies":[{"name":"wp","href":"https:\/\/api.w.org\/{rel}","templated":true}]}}