{"id":119701,"date":"2023-01-30T14:00:44","date_gmt":"2023-01-30T13:00:44","guid":{"rendered":"https:\/\/newsroom.ferrovial.com\/?post_type=new&#038;p=119701"},"modified":"2023-01-31T09:51:53","modified_gmt":"2023-01-31T08:51:53","slug":"nombramiento-jean-pierre-tabet","status":"publish","type":"new","link":"https:\/\/newsroom.ferrovial.com\/es\/noticias\/nombramiento-jean-pierre-tabet\/","title":{"rendered":"Ferrovial Aeropuertos nombra a Jean-Pierre Tabet director de Gesti\u00f3n de Activos para Norteam\u00e9rica"},"content":{"rendered":"    <section class=\"wysiwyg text-editor \" id=\"\">\n        <div class=\"container container--narrow container--p-10\">\n            <p>Ferrovial Aeropuertos ha nombrado a <strong>Jean-Pierre Tabet<\/strong> director de <strong>Gesti\u00f3n de Activos en Norteam\u00e9rica<\/strong>. Tabet, que cuenta con m\u00e1s de <strong>25 a\u00f1os de experiencia<\/strong> en la industria de la aviaci\u00f3n, se encargar\u00e1 de gestionar los activos y de impulsar la creaci\u00f3n de valor en este mercado. Tras su incorporaci\u00f3n, asumir\u00e1 tambi\u00e9n funciones como las operaciones y la planificaci\u00f3n del proyecto de la <strong>Nueva Terminal Uno<\/strong>, NTO por sus siglas en ingl\u00e9s, del Aeropuerto Internacional John F. Kennedy.<\/p>\n<p>Ferrovial se convirti\u00f3 en 2022 en el principal inversor de la NTO, una infraestructura que aspira a convertirse en la mayor terminal internacional del aer\u00f3dromo JFK y una de las principales puertas de entrada y salida de <strong>Nueva York<\/strong>, una vez finalizada su construcci\u00f3n en 2030. Ofrecer\u00e1 una experiencia de usuario de primer nivel, con unas instalaciones de m\u00e1s de 2,5 millones de pies cuadrados.<\/p>\n<blockquote><p>\u00ab<em>Estamos encantados de dar la bienvenida a Jean-Pierre. Su experiencia internacional y su conocimiento de actores clave en la industria ser\u00e1n cruciales en un momento en el que la compa\u00f1\u00eda tiene una<strong> fuerte apuesta<\/strong> por la divisi\u00f3n en el mercado estadounidense. Con esta incorporaci\u00f3n, la empresa refuerza a\u00fan m\u00e1s el equipo local, un equipo experto y diverso en el mayor mercado de la compa\u00f1\u00eda<\/em>\u201d, ha afirmado Luke Bugeja, consejero delegado de Ferrovial Aeropuertos.<\/p><\/blockquote>\n<p>Tabet ha ocupado puestos de alta direcci\u00f3n para algunos de los principales <strong>operadores aeroportuarios<\/strong> del mundo, como Fraport, en lugares como el Aeropuerto Internacional Rey Khaled en Arabia Saud\u00ed, el Aeropuerto de El Cairo en Egipto. Destaca tambi\u00e9n su papel como jefe de Desarrollo de Negocio en Fraport USA. Durante su \u00faltima etapa trabajaba como director general del Aeropuerto de Munich en Estados Unidos, contribuyendo decisivamente al \u00e9xito de la apertura de la nueva terminal A del Aeropuerto de <strong>Newark<\/strong>, en Nueva Jersey.<\/p>\n<blockquote><p>\u00ab<em>Estoy entusiasmado con mi llegada a Ferrovial Aeropuertos y con la oportunidad de liderar la gesti\u00f3n de activos en esta regi\u00f3n. La NTO es un <strong>proyecto emblem\u00e1tico<\/strong> que dejar\u00e1 un legado para las comunidades locales durante d\u00e9cadas. Me siento afortunado de formar parte de este excepcional<\/em> grupo de profesionales y espero impulsar el \u00e9xito para el futuro de la compa\u00f1\u00eda\u00bb, ha declarado Tabet.<\/p><\/blockquote>\n<p><a href=\"https:\/\/www.ferrovial.com\/es\/f-aeropuertos\/\">Ferrovial Aeropuertos<\/a> est\u00e1 presente en el sector de la aviaci\u00f3n desde 1998 y cuenta con 25 a\u00f1os de experiencia en la inversi\u00f3n, desarrollo y operaci\u00f3n de 36 aeropuertos en todo el mundo, incluyendo Estados Unidos, Australia y Chile. Adem\u00e1s de su inversi\u00f3n en la Nueva Terminal Uno del aeropuerto JFK, Ferrovial cuenta con cuatro aeropuertos en el Reino Unido. Con una participaci\u00f3n del 25% en el aeropuerto de Heathrow, es su principal accionista y socio industrial y posee el 50% de los aeropuertos de Glasgow, Aberdeen y Southampton.<\/p>\n<p>El a\u00f1o pasado, adem\u00e1s de la inversi\u00f3n en el JFK, adquiri\u00f3 del grupo YDA el 60% del Aeropuerto Internacional de Dalaman, en Turqu\u00eda, y previamente cre\u00f3 <a href=\"https:\/\/www.ferrovial.com\/es-es\/negocio\/aeropuertos\/vertiports\/\">Ferrovial Vertipuertos<\/a>, l\u00edder en el desarrollo de la infraestructura necesaria para operar veh\u00edculos el\u00e9ctricos de despegue y aterrizaje vertical (eVTOLs por sus siglas en ingl\u00e9s), en Estados Unidos y Europa.<\/p>\n        <\/div>\n    <\/section>\n","protected":false},"excerpt":{"rendered":"","protected":false},"featured_media":119721,"menu_order":0,"comment_status":"closed","ping_status":"closed","template":"","nivel-2":[2205,2218,2224,2225],"nivel-5":[2436,1721],"nivel-1":[893],"nivel-3":[1255,1259],"nivel-4":[2435],"class_list":["post-119701","new","type-new","status-publish","has-post-thumbnail","hentry","nivel-2-aviacion","nivel-2-infraestructura-aeroportuaria","nivel-2-trafico-aereo","nivel-2-transporte-aereo","nivel-5-aeropuerto-internacional-de-jfk","nivel-5-ferrovial-aeropuertos","nivel-1-aeropuertos","nivel-3-canada","nivel-3-estados-unidos","nivel-4-nueva-york"],"acf":[],"yoast_head":"<title>Ferrovial Aeropuertos nombra a Jean-Pierre Tabet director de Gesti\u00f3n de Activos para Norteam\u00e9rica<\/title>\n<meta name=\"description\" content=\"Ferrovial Aeropuertos ha nombrado a Jean-Pierre Tabet director de Gesti\u00f3n de Activos en Norteam\u00e9rica. Liderar\u00e1 el proyecto NTO de JFK.\" \/>\n<meta name=\"robots\" content=\"index, follow, max-snippet:-1, max-image-preview:large, max-video-preview:-1\" \/>\n<link rel=\"canonical\" href=\"https:\/\/newsroom.ferrovial.com\/es\/noticias\/nombramiento-jean-pierre-tabet\/\" \/>\n<meta property=\"og:locale\" content=\"es_ES\" \/>\n<meta property=\"og:type\" content=\"article\" \/>\n<meta property=\"og:title\" content=\"Ferrovial Aeropuertos nombra a Jean-Pierre Tabet director de Gesti\u00f3n de Activos para Norteam\u00e9rica\" \/>\n<meta property=\"og:description\" content=\"Ferrovial Aeropuertos ha nombrado a Jean-Pierre Tabet director de Gesti\u00f3n de Activos en Norteam\u00e9rica. Liderar\u00e1 el proyecto NTO de JFK.\" \/>\n<meta property=\"og:url\" content=\"https:\/\/newsroom.ferrovial.com\/es\/noticias\/nombramiento-jean-pierre-tabet\/\" \/>\n<meta property=\"og:site_name\" content=\"Sala de prensa Ferrovial | \u00daltimas noticias\" \/>\n<meta property=\"article:publisher\" content=\"https:\/\/www.facebook.com\/ferrovial\" \/>\n<meta property=\"article:modified_time\" content=\"2023-01-31T08:51:53+00:00\" \/>\n<meta property=\"og:image\" content=\"https:\/\/newsroom.ferrovial.com\/wp-content\/uploads\/sites\/4\/2023\/01\/microsoftteams-image.jpg\" \/>\n\t<meta property=\"og:image:width\" content=\"550\" \/>\n\t<meta property=\"og:image:height\" content=\"309\" \/>\n\t<meta property=\"og:image:type\" content=\"image\/jpeg\" \/>\n<meta name=\"twitter:card\" content=\"summary_large_image\" \/>\n<meta name=\"twitter:site\" content=\"@ferrovial\" \/>\n<script type=\"application\/ld+json\" class=\"yoast-schema-graph\">{\"@context\":\"https:\/\/schema.org\",\"@graph\":[{\"@type\":\"WebPage\",\"@id\":\"https:\/\/newsroom.ferrovial.com\/es\/noticias\/nombramiento-jean-pierre-tabet\/\",\"url\":\"https:\/\/newsroom.ferrovial.com\/es\/noticias\/nombramiento-jean-pierre-tabet\/\",\"name\":\"Ferrovial Aeropuertos nombra a Jean-Pierre Tabet director de Gesti\u00f3n de Activos para Norteam\u00e9rica\",\"isPartOf\":{\"@id\":\"https:\/\/newsroom.ferrovial.com\/es\/#website\"},\"primaryImageOfPage\":{\"@id\":\"https:\/\/newsroom.ferrovial.com\/es\/noticias\/nombramiento-jean-pierre-tabet\/#primaryimage\"},\"image\":{\"@id\":\"https:\/\/newsroom.ferrovial.com\/es\/noticias\/nombramiento-jean-pierre-tabet\/#primaryimage\"},\"thumbnailUrl\":\"https:\/\/static.newsroom.ferrovial.com\/wp-content\/uploads\/2023\/01\/15141142\/microsoftteams-image.jpg\",\"datePublished\":\"2023-01-30T13:00:44+00:00\",\"dateModified\":\"2023-01-31T08:51:53+00:00\",\"description\":\"Ferrovial Aeropuertos ha nombrado a Jean-Pierre Tabet director de Gesti\u00f3n de Activos en Norteam\u00e9rica. Liderar\u00e1 el proyecto NTO de JFK.\",\"breadcrumb\":{\"@id\":\"https:\/\/newsroom.ferrovial.com\/es\/noticias\/nombramiento-jean-pierre-tabet\/#breadcrumb\"},\"inLanguage\":\"es\",\"potentialAction\":[{\"@type\":\"ReadAction\",\"target\":[\"https:\/\/newsroom.ferrovial.com\/es\/noticias\/nombramiento-jean-pierre-tabet\/\"]}]},{\"@type\":\"ImageObject\",\"inLanguage\":\"es\",\"@id\":\"https:\/\/newsroom.ferrovial.com\/es\/noticias\/nombramiento-jean-pierre-tabet\/#primaryimage\",\"url\":\"https:\/\/static.newsroom.ferrovial.com\/wp-content\/uploads\/2023\/01\/15141142\/microsoftteams-image.jpg\",\"contentUrl\":\"https:\/\/static.newsroom.ferrovial.com\/wp-content\/uploads\/2023\/01\/15141142\/microsoftteams-image.jpg\",\"width\":550,\"height\":309},{\"@type\":\"BreadcrumbList\",\"@id\":\"https:\/\/newsroom.ferrovial.com\/es\/noticias\/nombramiento-jean-pierre-tabet\/#breadcrumb\",\"itemListElement\":[{\"@type\":\"ListItem\",\"position\":1,\"name\":\"Portada\",\"item\":\"https:\/\/newsroom.ferrovial.com\/es\/\"},{\"@type\":\"ListItem\",\"position\":2,\"name\":\"Ferrovial Aeropuertos nombra a Jean-Pierre Tabet director de Gesti\u00f3n de Activos para Norteam\u00e9rica\"}]},{\"@type\":\"WebSite\",\"@id\":\"https:\/\/newsroom.ferrovial.com\/es\/#website\",\"url\":\"https:\/\/newsroom.ferrovial.com\/es\/\",\"name\":\"Sala de prensa Ferrovial | \u00daltimas noticias\",\"description\":\"Sala de prensa Ferrovial | \u00daltimas noticias\",\"publisher\":{\"@id\":\"https:\/\/newsroom.ferrovial.com\/es\/#organization\"},\"potentialAction\":[{\"@type\":\"SearchAction\",\"target\":{\"@type\":\"EntryPoint\",\"urlTemplate\":\"https:\/\/newsroom.ferrovial.com\/es\/?s={search_term_string}\"},\"query-input\":{\"@type\":\"PropertyValueSpecification\",\"valueRequired\":true,\"valueName\":\"search_term_string\"}}],\"inLanguage\":\"es\"},{\"@type\":\"Organization\",\"@id\":\"https:\/\/newsroom.ferrovial.com\/es\/#organization\",\"name\":\"Ferrovial S.A.\",\"url\":\"https:\/\/newsroom.ferrovial.com\/es\/\",\"logo\":{\"@type\":\"ImageObject\",\"inLanguage\":\"es\",\"@id\":\"https:\/\/newsroom.ferrovial.com\/es\/#\/schema\/logo\/image\/\",\"url\":\"https:\/\/static.newsroom.ferrovial.com\/wp-content\/uploads\/2018\/07\/15145720\/Ferrovial_Logotipo1.jpg\",\"contentUrl\":\"https:\/\/static.newsroom.ferrovial.com\/wp-content\/uploads\/2018\/07\/15145720\/Ferrovial_Logotipo1.jpg\",\"width\":600,\"height\":300,\"caption\":\"Ferrovial S.A.\"},\"image\":{\"@id\":\"https:\/\/newsroom.ferrovial.com\/es\/#\/schema\/logo\/image\/\"},\"sameAs\":[\"https:\/\/www.facebook.com\/ferrovial\",\"https:\/\/x.com\/ferrovial\",\"https:\/\/www.instagram.com\/ferrovial\/\",\"https:\/\/www.linkedin.com\/company\/ferrovial\",\"https:\/\/www.pinterest.es\/ferrovial\/\",\"https:\/\/www.youtube.com\/ferrovial\",\"https:\/\/en.wikipedia.org\/wiki\/Ferrovial\"]}]}<\/script>","yoast_head_json":{"title":"Ferrovial Aeropuertos nombra a Jean-Pierre Tabet director de Gesti\u00f3n de Activos para Norteam\u00e9rica","description":"Ferrovial Aeropuertos ha nombrado a Jean-Pierre Tabet director de Gesti\u00f3n de Activos en Norteam\u00e9rica. Liderar\u00e1 el proyecto NTO de JFK.","robots":{"index":"index","follow":"follow","max-snippet":"max-snippet:-1","max-image-preview":"max-image-preview:large","max-video-preview":"max-video-preview:-1"},"canonical":"https:\/\/newsroom.ferrovial.com\/es\/noticias\/nombramiento-jean-pierre-tabet\/","og_locale":"es_ES","og_type":"article","og_title":"Ferrovial Aeropuertos nombra a Jean-Pierre Tabet director de Gesti\u00f3n de Activos para Norteam\u00e9rica","og_description":"Ferrovial Aeropuertos ha nombrado a Jean-Pierre Tabet director de Gesti\u00f3n de Activos en Norteam\u00e9rica. Liderar\u00e1 el proyecto NTO de JFK.","og_url":"https:\/\/newsroom.ferrovial.com\/es\/noticias\/nombramiento-jean-pierre-tabet\/","og_site_name":"Sala de prensa Ferrovial | \u00daltimas noticias","article_publisher":"https:\/\/www.facebook.com\/ferrovial","article_modified_time":"2023-01-31T08:51:53+00:00","og_image":[{"width":550,"height":309,"url":"https:\/\/newsroom.ferrovial.com\/wp-content\/uploads\/sites\/4\/2023\/01\/microsoftteams-image.jpg","type":"image\/jpeg"}],"twitter_card":"summary_large_image","twitter_site":"@ferrovial","schema":{"@context":"https:\/\/schema.org","@graph":[{"@type":"WebPage","@id":"https:\/\/newsroom.ferrovial.com\/es\/noticias\/nombramiento-jean-pierre-tabet\/","url":"https:\/\/newsroom.ferrovial.com\/es\/noticias\/nombramiento-jean-pierre-tabet\/","name":"Ferrovial Aeropuertos nombra a Jean-Pierre Tabet director de Gesti\u00f3n de Activos para Norteam\u00e9rica","isPartOf":{"@id":"https:\/\/newsroom.ferrovial.com\/es\/#website"},"primaryImageOfPage":{"@id":"https:\/\/newsroom.ferrovial.com\/es\/noticias\/nombramiento-jean-pierre-tabet\/#primaryimage"},"image":{"@id":"https:\/\/newsroom.ferrovial.com\/es\/noticias\/nombramiento-jean-pierre-tabet\/#primaryimage"},"thumbnailUrl":"https:\/\/static.newsroom.ferrovial.com\/wp-content\/uploads\/2023\/01\/15141142\/microsoftteams-image.jpg","datePublished":"2023-01-30T13:00:44+00:00","dateModified":"2023-01-31T08:51:53+00:00","description":"Ferrovial Aeropuertos ha nombrado a Jean-Pierre Tabet director de Gesti\u00f3n de Activos en Norteam\u00e9rica. Liderar\u00e1 el proyecto NTO de JFK.","breadcrumb":{"@id":"https:\/\/newsroom.ferrovial.com\/es\/noticias\/nombramiento-jean-pierre-tabet\/#breadcrumb"},"inLanguage":"es","potentialAction":[{"@type":"ReadAction","target":["https:\/\/newsroom.ferrovial.com\/es\/noticias\/nombramiento-jean-pierre-tabet\/"]}]},{"@type":"ImageObject","inLanguage":"es","@id":"https:\/\/newsroom.ferrovial.com\/es\/noticias\/nombramiento-jean-pierre-tabet\/#primaryimage","url":"https:\/\/static.newsroom.ferrovial.com\/wp-content\/uploads\/2023\/01\/15141142\/microsoftteams-image.jpg","contentUrl":"https:\/\/static.newsroom.ferrovial.com\/wp-content\/uploads\/2023\/01\/15141142\/microsoftteams-image.jpg","width":550,"height":309},{"@type":"BreadcrumbList","@id":"https:\/\/newsroom.ferrovial.com\/es\/noticias\/nombramiento-jean-pierre-tabet\/#breadcrumb","itemListElement":[{"@type":"ListItem","position":1,"name":"Portada","item":"https:\/\/newsroom.ferrovial.com\/es\/"},{"@type":"ListItem","position":2,"name":"Ferrovial Aeropuertos nombra a Jean-Pierre Tabet director de Gesti\u00f3n de Activos para Norteam\u00e9rica"}]},{"@type":"WebSite","@id":"https:\/\/newsroom.ferrovial.com\/es\/#website","url":"https:\/\/newsroom.ferrovial.com\/es\/","name":"Sala de prensa Ferrovial | \u00daltimas noticias","description":"Sala de prensa Ferrovial | \u00daltimas noticias","publisher":{"@id":"https:\/\/newsroom.ferrovial.com\/es\/#organization"},"potentialAction":[{"@type":"SearchAction","target":{"@type":"EntryPoint","urlTemplate":"https:\/\/newsroom.ferrovial.com\/es\/?s={search_term_string}"},"query-input":{"@type":"PropertyValueSpecification","valueRequired":true,"valueName":"search_term_string"}}],"inLanguage":"es"},{"@type":"Organization","@id":"https:\/\/newsroom.ferrovial.com\/es\/#organization","name":"Ferrovial S.A.","url":"https:\/\/newsroom.ferrovial.com\/es\/","logo":{"@type":"ImageObject","inLanguage":"es","@id":"https:\/\/newsroom.ferrovial.com\/es\/#\/schema\/logo\/image\/","url":"https:\/\/static.newsroom.ferrovial.com\/wp-content\/uploads\/2018\/07\/15145720\/Ferrovial_Logotipo1.jpg","contentUrl":"https:\/\/static.newsroom.ferrovial.com\/wp-content\/uploads\/2018\/07\/15145720\/Ferrovial_Logotipo1.jpg","width":600,"height":300,"caption":"Ferrovial S.A."},"image":{"@id":"https:\/\/newsroom.ferrovial.com\/es\/#\/schema\/logo\/image\/"},"sameAs":["https:\/\/www.facebook.com\/ferrovial","https:\/\/x.com\/ferrovial","https:\/\/www.instagram.com\/ferrovial\/","https:\/\/www.linkedin.com\/company\/ferrovial","https:\/\/www.pinterest.es\/ferrovial\/","https:\/\/www.youtube.com\/ferrovial","https:\/\/en.wikipedia.org\/wiki\/Ferrovial"]}]}},"_links":{"self":[{"href":"https:\/\/newsroom.ferrovial.com\/es\/wp-json\/wp\/v2\/new\/119701","targetHints":{"allow":["GET"]}}],"collection":[{"href":"https:\/\/newsroom.ferrovial.com\/es\/wp-json\/wp\/v2\/new"}],"about":[{"href":"https:\/\/newsroom.ferrovial.com\/es\/wp-json\/wp\/v2\/types\/new"}],"replies":[{"embeddable":true,"href":"https:\/\/newsroom.ferrovial.com\/es\/wp-json\/wp\/v2\/comments?post=119701"}],"version-history":[{"count":3,"href":"https:\/\/newsroom.ferrovial.com\/es\/wp-json\/wp\/v2\/new\/119701\/revisions"}],"predecessor-version":[{"id":119740,"href":"https:\/\/newsroom.ferrovial.com\/es\/wp-json\/wp\/v2\/new\/119701\/revisions\/119740"}],"wp:featuredmedia":[{"embeddable":true,"href":"https:\/\/newsroom.ferrovial.com\/es\/wp-json\/wp\/v2\/media\/119721"}],"wp:attachment":[{"href":"https:\/\/newsroom.ferrovial.com\/es\/wp-json\/wp\/v2\/media?parent=119701"}],"wp:term":[{"taxonomy":"nivel-2","embeddable":true,"href":"https:\/\/newsroom.ferrovial.com\/es\/wp-json\/wp\/v2\/nivel-2?post=119701"},{"taxonomy":"nivel-5","embeddable":true,"href":"https:\/\/newsroom.ferrovial.com\/es\/wp-json\/wp\/v2\/nivel-5?post=119701"},{"taxonomy":"nivel-1","embeddable":true,"href":"https:\/\/newsroom.ferrovial.com\/es\/wp-json\/wp\/v2\/nivel-1?post=119701"},{"taxonomy":"nivel-3","embeddable":true,"href":"https:\/\/newsroom.ferrovial.com\/es\/wp-json\/wp\/v2\/nivel-3?post=119701"},{"taxonomy":"nivel-4","embeddable":true,"href":"https:\/\/newsroom.ferrovial.com\/es\/wp-json\/wp\/v2\/nivel-4?post=119701"}],"curies":[{"name":"wp","href":"https:\/\/api.w.org\/{rel}","templated":true}]}}