{"id":1794,"date":"2007-12-14T00:00:00","date_gmt":"2007-12-14T00:00:00","guid":{"rendered":"https:\/\/newsroom.ferrovial.com\/news\/el-gobierno-cree-que-las-renovables-podrian-abastecer-el-40-de-la-demanda-electrica-en-2030\/"},"modified":"2022-12-21T11:11:44","modified_gmt":"2022-12-21T10:11:44","slug":"el-gobierno-cree-que-las-renovables-podrian-abastecer-el-40-de-la-demanda-electrica-en-2030","status":"publish","type":"new","link":"https:\/\/newsroom.ferrovial.com\/es\/noticias\/el-gobierno-cree-que-las-renovables-podrian-abastecer-el-40-de-la-demanda-electrica-en-2030\/","title":{"rendered":"El Gobierno cree que las renovables podr\u00edan abastecer el 40% de la demanda el\u00e9ctrica en 2030"},"content":{"rendered":"    <section class=\"wysiwyg text-editor \" id=\"\">\n        <div class=\"container container--narrow container--p-10\">\n            <p>(<a title=\"\" href=\"http:\/\/www.energias-renovables.com\/\">energias-renovables.com<\/a>).- Son s\u00f3lo previsiones pero marcan la tendencia. El Ministerio de Industria prev\u00e9 que las renovables alcancen una potencia de 83.330 MW en 2030, frente a los 32.512 actuales, con lo que podr\u00edan llegar a cubrir el 41% de la demanda el\u00e9ctrica. Son datos de un estudio de prospectiva en el que trabaja el Ministerio, explic\u00f3 ayer el secretario general de Energ\u00eda, Ignasi Nieto, en la inauguraci\u00f3n de unas jornadas sobre energ\u00edas renovables organizadas por la Comisi\u00f3n Nacional de la Energ\u00eda (CNE).<\/p>\n<p>El propio Nieto quiso dejar claro que no se trata de una propuesta ni de una planificaci\u00f3n, pero los datos dibujan la tendencia hacia la que se puede encaminar la pol\u00edtica energ\u00e9tica del Gobierno.<\/p>\n<p>La energ\u00eda e\u00f3lica, como ya public\u00f3 Energ\u00edas Renovables el pasado 14 de noviembre (ver noticia: ) llegar\u00e1 a los 40.000 MW. La solar fotovoltaica, de 400 MW a 6.500 MW; la biomasa, de 372 MW a 3.700 MW, y la energ\u00eda hidr\u00e1ulica pasar\u00eda de 16.600 MW a 19.600 MW. Tambi\u00e9n la cogeneraci\u00f3n aumentar\u00eda su aportaci\u00f3n, de 5.983 MW a 9.500 MW.<\/p>\n<p>Entre las fuentes convencionales, el gas natural multiplicar\u00eda su contribuci\u00f3n al mix energ\u00e9tico pasando de 18.598 MW a 41.650 MW. Mientras que las centrales nucleares mantendr\u00edan la potencia instalada actual (7.716 MW) y el carb\u00f3n disminuir\u00eda su peso de los 11.934 MW actuales a 8.000 MW.<\/p>\n<p>Nieto tambi\u00e9n se refiri\u00f3 a la subida de la tarifa el\u00e9ctrica para el pr\u00f3ximo a\u00f1o, que situ\u00f3 en el 3,3%. Es la \u00faltima subida de tarifas que realiza este Gobierno, dijo. En el caso de que el PSOE vuelva a ganar las elecciones de marzo no parece previsible que se revise al alza en los meses posteriores.<\/p>\n<p>El aumento de la tarifa el\u00e9ctrica que pagan 22 millones de consumidores dom\u00e9sticos, y un n\u00famero indeterminado de empresas que se mantienen en este r\u00e9gimen para las compa\u00f1\u00edas, desaparecer\u00e1 el pr\u00f3ximo 1 de julio- intenta reflejar el crecimiento de las materias primas y compensar el diferencial existente entre los costes reconocidos de las actividades reguladas y los ingresos percibidos por este concepto.<\/p>\n<p>\u00abLos consumidores tienen que pagar una mala regulaci\u00f3n de muchos a\u00f1os\u00bb, y no debe repercutirse todo de una sola vez, asever\u00f3 el secretario general de la Energ\u00eda, frente a las propuestas del sector empresarial, que estim\u00f3 el alza necesaria en un m\u00ednimo del 12%, y hasta de los t\u00e9cnicos de la Comisi\u00f3n Nacional de la Energ\u00eda, que llegaron a cifrar el diferencial en un 30%.<\/p>\n<p>Nieto adelant\u00f3 que el llamado &#8216;d\u00e9ficit tarifario&#8217; se desacelera, informa la agencia Colpisa. En 2007 se limitar\u00e1 a 800 millones de euros, de manera que la factura acumulada que pagan los clientes unos 1.000 millones al a\u00f1o, el 4% del total apenas sufrir\u00e1 un aumento de unos 100 millones de euros.<\/p>\n        <\/div>\n    <\/section>\n","protected":false},"excerpt":{"rendered":"","protected":false},"featured_media":0,"menu_order":0,"comment_status":"closed","ping_status":"closed","template":"","nivel-2":[],"nivel-5":[],"nivel-1":[],"nivel-3":[],"nivel-4":[],"class_list":["post-1794","new","type-new","status-publish","hentry"],"acf":[],"yoast_head":"<title>El Gobierno cree que las renovables podr\u00edan abastecer el 40% de la demanda el\u00e9ctrica en 2030 Sala de prensa Ferrovial | \u00daltimas noticias<\/title>\n<meta name=\"description\" content=\"Sala de prensa Ferrovial | \u00daltimas noticias\" \/>\n<meta name=\"robots\" content=\"index, follow, max-snippet:-1, max-image-preview:large, max-video-preview:-1\" \/>\n<link rel=\"canonical\" href=\"https:\/\/newsroom.ferrovial.com\/es\/noticias\/el-gobierno-cree-que-las-renovables-podrian-abastecer-el-40-de-la-demanda-electrica-en-2030\/\" \/>\n<meta property=\"og:locale\" content=\"es_ES\" \/>\n<meta property=\"og:type\" content=\"article\" \/>\n<meta property=\"og:title\" content=\"El Gobierno cree que las renovables podr\u00edan abastecer el 40% de la demanda el\u00e9ctrica en 2030 Sala de prensa Ferrovial | \u00daltimas noticias\" \/>\n<meta property=\"og:description\" content=\"Sala de prensa Ferrovial | \u00daltimas noticias\" \/>\n<meta property=\"og:url\" content=\"https:\/\/newsroom.ferrovial.com\/es\/noticias\/el-gobierno-cree-que-las-renovables-podrian-abastecer-el-40-de-la-demanda-electrica-en-2030\/\" \/>\n<meta property=\"og:site_name\" content=\"Sala de prensa Ferrovial | \u00daltimas noticias\" \/>\n<meta property=\"article:publisher\" content=\"https:\/\/www.facebook.com\/ferrovial\" \/>\n<meta property=\"article:modified_time\" content=\"2022-12-21T10:11:44+00:00\" \/>\n<meta name=\"twitter:card\" content=\"summary_large_image\" \/>\n<meta name=\"twitter:site\" content=\"@ferrovial\" \/>\n<script type=\"application\/ld+json\" class=\"yoast-schema-graph\">{\"@context\":\"https:\/\/schema.org\",\"@graph\":[{\"@type\":\"WebPage\",\"@id\":\"https:\/\/newsroom.ferrovial.com\/es\/noticias\/el-gobierno-cree-que-las-renovables-podrian-abastecer-el-40-de-la-demanda-electrica-en-2030\/\",\"url\":\"https:\/\/newsroom.ferrovial.com\/es\/noticias\/el-gobierno-cree-que-las-renovables-podrian-abastecer-el-40-de-la-demanda-electrica-en-2030\/\",\"name\":\"El Gobierno cree que las renovables podr\u00edan abastecer el 40% de la demanda el\u00e9ctrica en 2030 Sala de prensa Ferrovial | \u00daltimas noticias\",\"isPartOf\":{\"@id\":\"https:\/\/newsroom.ferrovial.com\/es\/#website\"},\"datePublished\":\"2007-12-14T00:00:00+00:00\",\"dateModified\":\"2022-12-21T10:11:44+00:00\",\"description\":\"Sala de prensa Ferrovial | \u00daltimas noticias\",\"breadcrumb\":{\"@id\":\"https:\/\/newsroom.ferrovial.com\/es\/noticias\/el-gobierno-cree-que-las-renovables-podrian-abastecer-el-40-de-la-demanda-electrica-en-2030\/#breadcrumb\"},\"inLanguage\":\"es\",\"potentialAction\":[{\"@type\":\"ReadAction\",\"target\":[\"https:\/\/newsroom.ferrovial.com\/es\/noticias\/el-gobierno-cree-que-las-renovables-podrian-abastecer-el-40-de-la-demanda-electrica-en-2030\/\"]}]},{\"@type\":\"BreadcrumbList\",\"@id\":\"https:\/\/newsroom.ferrovial.com\/es\/noticias\/el-gobierno-cree-que-las-renovables-podrian-abastecer-el-40-de-la-demanda-electrica-en-2030\/#breadcrumb\",\"itemListElement\":[{\"@type\":\"ListItem\",\"position\":1,\"name\":\"Portada\",\"item\":\"https:\/\/newsroom.ferrovial.com\/es\/\"},{\"@type\":\"ListItem\",\"position\":2,\"name\":\"El Gobierno cree que las renovables podr\u00edan abastecer el 40% de la demanda el\u00e9ctrica en 2030\"}]},{\"@type\":\"WebSite\",\"@id\":\"https:\/\/newsroom.ferrovial.com\/es\/#website\",\"url\":\"https:\/\/newsroom.ferrovial.com\/es\/\",\"name\":\"Sala de prensa Ferrovial | \u00daltimas noticias\",\"description\":\"Sala de prensa Ferrovial | \u00daltimas noticias\",\"publisher\":{\"@id\":\"https:\/\/newsroom.ferrovial.com\/es\/#organization\"},\"potentialAction\":[{\"@type\":\"SearchAction\",\"target\":{\"@type\":\"EntryPoint\",\"urlTemplate\":\"https:\/\/newsroom.ferrovial.com\/es\/?s={search_term_string}\"},\"query-input\":{\"@type\":\"PropertyValueSpecification\",\"valueRequired\":true,\"valueName\":\"search_term_string\"}}],\"inLanguage\":\"es\"},{\"@type\":\"Organization\",\"@id\":\"https:\/\/newsroom.ferrovial.com\/es\/#organization\",\"name\":\"Ferrovial S.A.\",\"url\":\"https:\/\/newsroom.ferrovial.com\/es\/\",\"logo\":{\"@type\":\"ImageObject\",\"inLanguage\":\"es\",\"@id\":\"https:\/\/newsroom.ferrovial.com\/es\/#\/schema\/logo\/image\/\",\"url\":\"https:\/\/static.newsroom.ferrovial.com\/wp-content\/uploads\/2018\/07\/15145720\/Ferrovial_Logotipo1.jpg\",\"contentUrl\":\"https:\/\/static.newsroom.ferrovial.com\/wp-content\/uploads\/2018\/07\/15145720\/Ferrovial_Logotipo1.jpg\",\"width\":600,\"height\":300,\"caption\":\"Ferrovial S.A.\"},\"image\":{\"@id\":\"https:\/\/newsroom.ferrovial.com\/es\/#\/schema\/logo\/image\/\"},\"sameAs\":[\"https:\/\/www.facebook.com\/ferrovial\",\"https:\/\/x.com\/ferrovial\",\"https:\/\/www.instagram.com\/ferrovial\/\",\"https:\/\/www.linkedin.com\/company\/ferrovial\",\"https:\/\/www.pinterest.es\/ferrovial\/\",\"https:\/\/www.youtube.com\/ferrovial\",\"https:\/\/en.wikipedia.org\/wiki\/Ferrovial\"]}]}<\/script>","yoast_head_json":{"title":"El Gobierno cree que las renovables podr\u00edan abastecer el 40% de la demanda el\u00e9ctrica en 2030 Sala de prensa Ferrovial | \u00daltimas noticias","description":"Sala de prensa Ferrovial | \u00daltimas noticias","robots":{"index":"index","follow":"follow","max-snippet":"max-snippet:-1","max-image-preview":"max-image-preview:large","max-video-preview":"max-video-preview:-1"},"canonical":"https:\/\/newsroom.ferrovial.com\/es\/noticias\/el-gobierno-cree-que-las-renovables-podrian-abastecer-el-40-de-la-demanda-electrica-en-2030\/","og_locale":"es_ES","og_type":"article","og_title":"El Gobierno cree que las renovables podr\u00edan abastecer el 40% de la demanda el\u00e9ctrica en 2030 Sala de prensa Ferrovial | \u00daltimas noticias","og_description":"Sala de prensa Ferrovial | \u00daltimas noticias","og_url":"https:\/\/newsroom.ferrovial.com\/es\/noticias\/el-gobierno-cree-que-las-renovables-podrian-abastecer-el-40-de-la-demanda-electrica-en-2030\/","og_site_name":"Sala de prensa Ferrovial | \u00daltimas noticias","article_publisher":"https:\/\/www.facebook.com\/ferrovial","article_modified_time":"2022-12-21T10:11:44+00:00","twitter_card":"summary_large_image","twitter_site":"@ferrovial","schema":{"@context":"https:\/\/schema.org","@graph":[{"@type":"WebPage","@id":"https:\/\/newsroom.ferrovial.com\/es\/noticias\/el-gobierno-cree-que-las-renovables-podrian-abastecer-el-40-de-la-demanda-electrica-en-2030\/","url":"https:\/\/newsroom.ferrovial.com\/es\/noticias\/el-gobierno-cree-que-las-renovables-podrian-abastecer-el-40-de-la-demanda-electrica-en-2030\/","name":"El Gobierno cree que las renovables podr\u00edan abastecer el 40% de la demanda el\u00e9ctrica en 2030 Sala de prensa Ferrovial | \u00daltimas noticias","isPartOf":{"@id":"https:\/\/newsroom.ferrovial.com\/es\/#website"},"datePublished":"2007-12-14T00:00:00+00:00","dateModified":"2022-12-21T10:11:44+00:00","description":"Sala de prensa Ferrovial | \u00daltimas noticias","breadcrumb":{"@id":"https:\/\/newsroom.ferrovial.com\/es\/noticias\/el-gobierno-cree-que-las-renovables-podrian-abastecer-el-40-de-la-demanda-electrica-en-2030\/#breadcrumb"},"inLanguage":"es","potentialAction":[{"@type":"ReadAction","target":["https:\/\/newsroom.ferrovial.com\/es\/noticias\/el-gobierno-cree-que-las-renovables-podrian-abastecer-el-40-de-la-demanda-electrica-en-2030\/"]}]},{"@type":"BreadcrumbList","@id":"https:\/\/newsroom.ferrovial.com\/es\/noticias\/el-gobierno-cree-que-las-renovables-podrian-abastecer-el-40-de-la-demanda-electrica-en-2030\/#breadcrumb","itemListElement":[{"@type":"ListItem","position":1,"name":"Portada","item":"https:\/\/newsroom.ferrovial.com\/es\/"},{"@type":"ListItem","position":2,"name":"El Gobierno cree que las renovables podr\u00edan abastecer el 40% de la demanda el\u00e9ctrica en 2030"}]},{"@type":"WebSite","@id":"https:\/\/newsroom.ferrovial.com\/es\/#website","url":"https:\/\/newsroom.ferrovial.com\/es\/","name":"Sala de prensa Ferrovial | \u00daltimas noticias","description":"Sala de prensa Ferrovial | \u00daltimas noticias","publisher":{"@id":"https:\/\/newsroom.ferrovial.com\/es\/#organization"},"potentialAction":[{"@type":"SearchAction","target":{"@type":"EntryPoint","urlTemplate":"https:\/\/newsroom.ferrovial.com\/es\/?s={search_term_string}"},"query-input":{"@type":"PropertyValueSpecification","valueRequired":true,"valueName":"search_term_string"}}],"inLanguage":"es"},{"@type":"Organization","@id":"https:\/\/newsroom.ferrovial.com\/es\/#organization","name":"Ferrovial S.A.","url":"https:\/\/newsroom.ferrovial.com\/es\/","logo":{"@type":"ImageObject","inLanguage":"es","@id":"https:\/\/newsroom.ferrovial.com\/es\/#\/schema\/logo\/image\/","url":"https:\/\/static.newsroom.ferrovial.com\/wp-content\/uploads\/2018\/07\/15145720\/Ferrovial_Logotipo1.jpg","contentUrl":"https:\/\/static.newsroom.ferrovial.com\/wp-content\/uploads\/2018\/07\/15145720\/Ferrovial_Logotipo1.jpg","width":600,"height":300,"caption":"Ferrovial S.A."},"image":{"@id":"https:\/\/newsroom.ferrovial.com\/es\/#\/schema\/logo\/image\/"},"sameAs":["https:\/\/www.facebook.com\/ferrovial","https:\/\/x.com\/ferrovial","https:\/\/www.instagram.com\/ferrovial\/","https:\/\/www.linkedin.com\/company\/ferrovial","https:\/\/www.pinterest.es\/ferrovial\/","https:\/\/www.youtube.com\/ferrovial","https:\/\/en.wikipedia.org\/wiki\/Ferrovial"]}]}},"_links":{"self":[{"href":"https:\/\/newsroom.ferrovial.com\/es\/wp-json\/wp\/v2\/new\/1794","targetHints":{"allow":["GET"]}}],"collection":[{"href":"https:\/\/newsroom.ferrovial.com\/es\/wp-json\/wp\/v2\/new"}],"about":[{"href":"https:\/\/newsroom.ferrovial.com\/es\/wp-json\/wp\/v2\/types\/new"}],"replies":[{"embeddable":true,"href":"https:\/\/newsroom.ferrovial.com\/es\/wp-json\/wp\/v2\/comments?post=1794"}],"version-history":[{"count":1,"href":"https:\/\/newsroom.ferrovial.com\/es\/wp-json\/wp\/v2\/new\/1794\/revisions"}],"predecessor-version":[{"id":118774,"href":"https:\/\/newsroom.ferrovial.com\/es\/wp-json\/wp\/v2\/new\/1794\/revisions\/118774"}],"wp:attachment":[{"href":"https:\/\/newsroom.ferrovial.com\/es\/wp-json\/wp\/v2\/media?parent=1794"}],"wp:term":[{"taxonomy":"nivel-2","embeddable":true,"href":"https:\/\/newsroom.ferrovial.com\/es\/wp-json\/wp\/v2\/nivel-2?post=1794"},{"taxonomy":"nivel-5","embeddable":true,"href":"https:\/\/newsroom.ferrovial.com\/es\/wp-json\/wp\/v2\/nivel-5?post=1794"},{"taxonomy":"nivel-1","embeddable":true,"href":"https:\/\/newsroom.ferrovial.com\/es\/wp-json\/wp\/v2\/nivel-1?post=1794"},{"taxonomy":"nivel-3","embeddable":true,"href":"https:\/\/newsroom.ferrovial.com\/es\/wp-json\/wp\/v2\/nivel-3?post=1794"},{"taxonomy":"nivel-4","embeddable":true,"href":"https:\/\/newsroom.ferrovial.com\/es\/wp-json\/wp\/v2\/nivel-4?post=1794"}],"curies":[{"name":"wp","href":"https:\/\/api.w.org\/{rel}","templated":true}]}}