{"id":1837,"date":"2009-03-05T00:00:00","date_gmt":"2009-03-05T00:00:00","guid":{"rendered":"https:\/\/newsroom.ferrovial.com\/news\/estocolmo-y-hamburgo-capitales-verdes-europeas\/"},"modified":"2022-12-21T10:51:22","modified_gmt":"2022-12-21T09:51:22","slug":"estocolmo-y-hamburgo-capitales-verdes-europeas","status":"publish","type":"new","link":"https:\/\/newsroom.ferrovial.com\/es\/noticias\/estocolmo-y-hamburgo-capitales-verdes-europeas\/","title":{"rendered":"Estocolmo y Hamburgo, Capitales Verdes Europeas"},"content":{"rendered":"    <section class=\"wysiwyg text-editor \" id=\"\">\n        <div class=\"container container--narrow container--p-10\">\n            <p>El nuevo galard\u00f3n de la Comisi\u00f3n Europea tiene como objetivo animar a las ciudades a mejorar su calidad de vida urbana, teniendo sistem\u00e1ticamente en cuenta el medio ambiente en sus planes de urbanismo. Las primeras ganadoras del premio Capital Verde Europea han sido Estocolmo, que ser\u00e1 Capital Verde Europea en 2010, y Hamburgo, que lo ser\u00e1 en 2011.<\/p>\n<p>35 ciudades en total presentaron su candidatura, entre las que se encontraban varias ciudades espa\u00f1olas como Vitoria, Pamplona y Valencia. Las ocho finalistas fueron Amsterdam, Bristol, Copenhague, Friburgo, Hamburgo, M\u00fcnster, Oslo y Estocolmo, y de entre ellas el jurado eligi\u00f3 a las dos ganadoras.<\/p>\n<p>Estocolmo destaca por su ambicioso objetivo de ser una ciudad sin energ\u00edas f\u00f3siles de aqu\u00ed al a\u00f1o 2050. Adem\u00e1s, se estima que el 95% de la poblaci\u00f3n vive a menos de 300 metros de zonas verdes. Su sistema integrado de residuos supone elevados porcentajes de reciclado, especialmente en los residuos biodegradables. Un vanguardista dise\u00f1o de tasas por congesti\u00f3n ha logrado reducir significativamente el uso del autom\u00f3vil, favoreciendo el uso del transporte p\u00fablico. Desde 1990 se han reducido las emisiones per c\u00e1pita un 25%, con lo que las emisiones de los habitantes de esta ciudad\u00a0 se sit\u00faan en la mitad de la media nacional sueca.<\/p>\n<p>De Hamburgo, el ejecutivo comunitario destaca la adecuada financiaci\u00f3n de sus compromisos ambientales y sus ambiciosos objetivos de protecci\u00f3n del clima, que determinan un porcentaje de reducci\u00f3n de emisiones de CO2 del 40% de aqu\u00ed al a\u00f1o 2020 y del 80% para el a\u00f1o 2050. Se est\u00e1n llevando a cabo diversas medidas de ahorro energ\u00e9tico, como la sustituci\u00f3n de bombillas convencionales y la modernizaci\u00f3n de las calderas. Con respecto a 1990, las emisiones per c\u00e1pita se han reducido un 15%. Se estima que el total de la poblaci\u00f3n de Hamburgo tiene disponible alg\u00fan medio de transporte p\u00fablico a menos de 300 metros.<\/p>\n<p>Fuente: Fundaci\u00f3n Entorno<\/p>\n        <\/div>\n    <\/section>\n","protected":false},"excerpt":{"rendered":"","protected":false},"featured_media":0,"menu_order":0,"comment_status":"closed","ping_status":"closed","template":"","nivel-2":[],"nivel-5":[],"nivel-1":[],"nivel-3":[],"nivel-4":[],"class_list":["post-1837","new","type-new","status-publish","hentry"],"acf":[],"yoast_head":"<title>Estocolmo y Hamburgo, Capitales Verdes Europeas Sala de prensa Ferrovial | \u00daltimas noticias<\/title>\n<meta name=\"description\" content=\"Sala de prensa Ferrovial | \u00daltimas noticias\" \/>\n<meta name=\"robots\" content=\"index, follow, max-snippet:-1, max-image-preview:large, max-video-preview:-1\" \/>\n<link rel=\"canonical\" href=\"https:\/\/newsroom.ferrovial.com\/es\/noticias\/estocolmo-y-hamburgo-capitales-verdes-europeas\/\" \/>\n<meta property=\"og:locale\" content=\"es_ES\" \/>\n<meta property=\"og:type\" content=\"article\" \/>\n<meta property=\"og:title\" content=\"Estocolmo y Hamburgo, Capitales Verdes Europeas Sala de prensa Ferrovial | \u00daltimas noticias\" \/>\n<meta property=\"og:description\" content=\"Sala de prensa Ferrovial | \u00daltimas noticias\" \/>\n<meta property=\"og:url\" content=\"https:\/\/newsroom.ferrovial.com\/es\/noticias\/estocolmo-y-hamburgo-capitales-verdes-europeas\/\" \/>\n<meta property=\"og:site_name\" content=\"Sala de prensa Ferrovial | \u00daltimas noticias\" \/>\n<meta property=\"article:publisher\" content=\"https:\/\/www.facebook.com\/ferrovial\" \/>\n<meta property=\"article:modified_time\" content=\"2022-12-21T09:51:22+00:00\" \/>\n<meta name=\"twitter:card\" content=\"summary_large_image\" \/>\n<meta name=\"twitter:site\" content=\"@ferrovial\" \/>\n<script type=\"application\/ld+json\" class=\"yoast-schema-graph\">{\"@context\":\"https:\/\/schema.org\",\"@graph\":[{\"@type\":\"WebPage\",\"@id\":\"https:\/\/newsroom.ferrovial.com\/es\/noticias\/estocolmo-y-hamburgo-capitales-verdes-europeas\/\",\"url\":\"https:\/\/newsroom.ferrovial.com\/es\/noticias\/estocolmo-y-hamburgo-capitales-verdes-europeas\/\",\"name\":\"Estocolmo y Hamburgo, Capitales Verdes Europeas Sala de prensa Ferrovial | \u00daltimas noticias\",\"isPartOf\":{\"@id\":\"https:\/\/newsroom.ferrovial.com\/es\/#website\"},\"datePublished\":\"2009-03-05T00:00:00+00:00\",\"dateModified\":\"2022-12-21T09:51:22+00:00\",\"description\":\"Sala de prensa Ferrovial | \u00daltimas noticias\",\"breadcrumb\":{\"@id\":\"https:\/\/newsroom.ferrovial.com\/es\/noticias\/estocolmo-y-hamburgo-capitales-verdes-europeas\/#breadcrumb\"},\"inLanguage\":\"es\",\"potentialAction\":[{\"@type\":\"ReadAction\",\"target\":[\"https:\/\/newsroom.ferrovial.com\/es\/noticias\/estocolmo-y-hamburgo-capitales-verdes-europeas\/\"]}]},{\"@type\":\"BreadcrumbList\",\"@id\":\"https:\/\/newsroom.ferrovial.com\/es\/noticias\/estocolmo-y-hamburgo-capitales-verdes-europeas\/#breadcrumb\",\"itemListElement\":[{\"@type\":\"ListItem\",\"position\":1,\"name\":\"Portada\",\"item\":\"https:\/\/newsroom.ferrovial.com\/es\/\"},{\"@type\":\"ListItem\",\"position\":2,\"name\":\"Estocolmo y Hamburgo, Capitales Verdes Europeas\"}]},{\"@type\":\"WebSite\",\"@id\":\"https:\/\/newsroom.ferrovial.com\/es\/#website\",\"url\":\"https:\/\/newsroom.ferrovial.com\/es\/\",\"name\":\"Sala de prensa Ferrovial | \u00daltimas noticias\",\"description\":\"Sala de prensa Ferrovial | \u00daltimas noticias\",\"publisher\":{\"@id\":\"https:\/\/newsroom.ferrovial.com\/es\/#organization\"},\"potentialAction\":[{\"@type\":\"SearchAction\",\"target\":{\"@type\":\"EntryPoint\",\"urlTemplate\":\"https:\/\/newsroom.ferrovial.com\/es\/?s={search_term_string}\"},\"query-input\":{\"@type\":\"PropertyValueSpecification\",\"valueRequired\":true,\"valueName\":\"search_term_string\"}}],\"inLanguage\":\"es\"},{\"@type\":\"Organization\",\"@id\":\"https:\/\/newsroom.ferrovial.com\/es\/#organization\",\"name\":\"Ferrovial S.A.\",\"url\":\"https:\/\/newsroom.ferrovial.com\/es\/\",\"logo\":{\"@type\":\"ImageObject\",\"inLanguage\":\"es\",\"@id\":\"https:\/\/newsroom.ferrovial.com\/es\/#\/schema\/logo\/image\/\",\"url\":\"https:\/\/static.newsroom.ferrovial.com\/wp-content\/uploads\/2018\/07\/15145720\/Ferrovial_Logotipo1.jpg\",\"contentUrl\":\"https:\/\/static.newsroom.ferrovial.com\/wp-content\/uploads\/2018\/07\/15145720\/Ferrovial_Logotipo1.jpg\",\"width\":600,\"height\":300,\"caption\":\"Ferrovial S.A.\"},\"image\":{\"@id\":\"https:\/\/newsroom.ferrovial.com\/es\/#\/schema\/logo\/image\/\"},\"sameAs\":[\"https:\/\/www.facebook.com\/ferrovial\",\"https:\/\/x.com\/ferrovial\",\"https:\/\/www.instagram.com\/ferrovial\/\",\"https:\/\/www.linkedin.com\/company\/ferrovial\",\"https:\/\/www.pinterest.es\/ferrovial\/\",\"https:\/\/www.youtube.com\/ferrovial\",\"https:\/\/en.wikipedia.org\/wiki\/Ferrovial\"]}]}<\/script>","yoast_head_json":{"title":"Estocolmo y Hamburgo, Capitales Verdes Europeas Sala de prensa Ferrovial | \u00daltimas noticias","description":"Sala de prensa Ferrovial | \u00daltimas noticias","robots":{"index":"index","follow":"follow","max-snippet":"max-snippet:-1","max-image-preview":"max-image-preview:large","max-video-preview":"max-video-preview:-1"},"canonical":"https:\/\/newsroom.ferrovial.com\/es\/noticias\/estocolmo-y-hamburgo-capitales-verdes-europeas\/","og_locale":"es_ES","og_type":"article","og_title":"Estocolmo y Hamburgo, Capitales Verdes Europeas Sala de prensa Ferrovial | \u00daltimas noticias","og_description":"Sala de prensa Ferrovial | \u00daltimas noticias","og_url":"https:\/\/newsroom.ferrovial.com\/es\/noticias\/estocolmo-y-hamburgo-capitales-verdes-europeas\/","og_site_name":"Sala de prensa Ferrovial | \u00daltimas noticias","article_publisher":"https:\/\/www.facebook.com\/ferrovial","article_modified_time":"2022-12-21T09:51:22+00:00","twitter_card":"summary_large_image","twitter_site":"@ferrovial","schema":{"@context":"https:\/\/schema.org","@graph":[{"@type":"WebPage","@id":"https:\/\/newsroom.ferrovial.com\/es\/noticias\/estocolmo-y-hamburgo-capitales-verdes-europeas\/","url":"https:\/\/newsroom.ferrovial.com\/es\/noticias\/estocolmo-y-hamburgo-capitales-verdes-europeas\/","name":"Estocolmo y Hamburgo, Capitales Verdes Europeas Sala de prensa Ferrovial | \u00daltimas noticias","isPartOf":{"@id":"https:\/\/newsroom.ferrovial.com\/es\/#website"},"datePublished":"2009-03-05T00:00:00+00:00","dateModified":"2022-12-21T09:51:22+00:00","description":"Sala de prensa Ferrovial | \u00daltimas noticias","breadcrumb":{"@id":"https:\/\/newsroom.ferrovial.com\/es\/noticias\/estocolmo-y-hamburgo-capitales-verdes-europeas\/#breadcrumb"},"inLanguage":"es","potentialAction":[{"@type":"ReadAction","target":["https:\/\/newsroom.ferrovial.com\/es\/noticias\/estocolmo-y-hamburgo-capitales-verdes-europeas\/"]}]},{"@type":"BreadcrumbList","@id":"https:\/\/newsroom.ferrovial.com\/es\/noticias\/estocolmo-y-hamburgo-capitales-verdes-europeas\/#breadcrumb","itemListElement":[{"@type":"ListItem","position":1,"name":"Portada","item":"https:\/\/newsroom.ferrovial.com\/es\/"},{"@type":"ListItem","position":2,"name":"Estocolmo y Hamburgo, Capitales Verdes Europeas"}]},{"@type":"WebSite","@id":"https:\/\/newsroom.ferrovial.com\/es\/#website","url":"https:\/\/newsroom.ferrovial.com\/es\/","name":"Sala de prensa Ferrovial | \u00daltimas noticias","description":"Sala de prensa Ferrovial | \u00daltimas noticias","publisher":{"@id":"https:\/\/newsroom.ferrovial.com\/es\/#organization"},"potentialAction":[{"@type":"SearchAction","target":{"@type":"EntryPoint","urlTemplate":"https:\/\/newsroom.ferrovial.com\/es\/?s={search_term_string}"},"query-input":{"@type":"PropertyValueSpecification","valueRequired":true,"valueName":"search_term_string"}}],"inLanguage":"es"},{"@type":"Organization","@id":"https:\/\/newsroom.ferrovial.com\/es\/#organization","name":"Ferrovial S.A.","url":"https:\/\/newsroom.ferrovial.com\/es\/","logo":{"@type":"ImageObject","inLanguage":"es","@id":"https:\/\/newsroom.ferrovial.com\/es\/#\/schema\/logo\/image\/","url":"https:\/\/static.newsroom.ferrovial.com\/wp-content\/uploads\/2018\/07\/15145720\/Ferrovial_Logotipo1.jpg","contentUrl":"https:\/\/static.newsroom.ferrovial.com\/wp-content\/uploads\/2018\/07\/15145720\/Ferrovial_Logotipo1.jpg","width":600,"height":300,"caption":"Ferrovial S.A."},"image":{"@id":"https:\/\/newsroom.ferrovial.com\/es\/#\/schema\/logo\/image\/"},"sameAs":["https:\/\/www.facebook.com\/ferrovial","https:\/\/x.com\/ferrovial","https:\/\/www.instagram.com\/ferrovial\/","https:\/\/www.linkedin.com\/company\/ferrovial","https:\/\/www.pinterest.es\/ferrovial\/","https:\/\/www.youtube.com\/ferrovial","https:\/\/en.wikipedia.org\/wiki\/Ferrovial"]}]}},"_links":{"self":[{"href":"https:\/\/newsroom.ferrovial.com\/es\/wp-json\/wp\/v2\/new\/1837","targetHints":{"allow":["GET"]}}],"collection":[{"href":"https:\/\/newsroom.ferrovial.com\/es\/wp-json\/wp\/v2\/new"}],"about":[{"href":"https:\/\/newsroom.ferrovial.com\/es\/wp-json\/wp\/v2\/types\/new"}],"replies":[{"embeddable":true,"href":"https:\/\/newsroom.ferrovial.com\/es\/wp-json\/wp\/v2\/comments?post=1837"}],"version-history":[{"count":1,"href":"https:\/\/newsroom.ferrovial.com\/es\/wp-json\/wp\/v2\/new\/1837\/revisions"}],"predecessor-version":[{"id":118286,"href":"https:\/\/newsroom.ferrovial.com\/es\/wp-json\/wp\/v2\/new\/1837\/revisions\/118286"}],"wp:attachment":[{"href":"https:\/\/newsroom.ferrovial.com\/es\/wp-json\/wp\/v2\/media?parent=1837"}],"wp:term":[{"taxonomy":"nivel-2","embeddable":true,"href":"https:\/\/newsroom.ferrovial.com\/es\/wp-json\/wp\/v2\/nivel-2?post=1837"},{"taxonomy":"nivel-5","embeddable":true,"href":"https:\/\/newsroom.ferrovial.com\/es\/wp-json\/wp\/v2\/nivel-5?post=1837"},{"taxonomy":"nivel-1","embeddable":true,"href":"https:\/\/newsroom.ferrovial.com\/es\/wp-json\/wp\/v2\/nivel-1?post=1837"},{"taxonomy":"nivel-3","embeddable":true,"href":"https:\/\/newsroom.ferrovial.com\/es\/wp-json\/wp\/v2\/nivel-3?post=1837"},{"taxonomy":"nivel-4","embeddable":true,"href":"https:\/\/newsroom.ferrovial.com\/es\/wp-json\/wp\/v2\/nivel-4?post=1837"}],"curies":[{"name":"wp","href":"https:\/\/api.w.org\/{rel}","templated":true}]}}