{"id":1891,"date":"2013-11-13T00:00:00","date_gmt":"2013-11-13T00:00:00","guid":{"rendered":"https:\/\/newsroom.ferrovial.com\/news\/apostamos-crecimiento-inversion-region-murcia\/"},"modified":"2022-12-21T10:19:13","modified_gmt":"2022-12-21T09:19:13","slug":"apostamos-crecimiento-inversion-region-murcia","status":"publish","type":"new","link":"https:\/\/newsroom.ferrovial.com\/es\/noticias\/apostamos-crecimiento-inversion-region-murcia\/","title":{"rendered":"Apostamos por el crecimiento y la inversi\u00f3n en la Regi\u00f3n de Murcia"},"content":{"rendered":"    <section class=\"wysiwyg text-editor \" id=\"\">\n        <div class=\"container container--narrow container--p-10\">\n            <p>Durante la segunda semana de noviembre de 2013 se celebr\u00f3 un encuentro en el\u00a0<a title=\"Palacio de San Esteban de la ciudad de Murcia (ventana nueva)\" href=\"http:\/\/es.wikipedia.org\/wiki\/Palacio_de_San_Esteban_(Murcia)\" target=\"_blank\">Palacio de San Esteban de la ciudad de Murcia<\/a>, entre el consejero de la Presidencia de la Regi\u00f3n de Murcia, Manuel Campos, y el Director General de\u00a0<a title=\"Ferrovial Servicios Espa\u00f1a\" href=\"https:\/\/www.ferrovial.com\/es\/lineas-de-negocio\/ferrovial-servicios\/sobre-ferrovial-servicios\/ferrovial-servicios-espana\/\" target=\"_blank\">Ferrovial Servicios Espa\u00f1a<\/a>, Ignacio Gast\u00f3n. En la cita tambi\u00e9n estuvo presente Vicente Galv\u00e1n, Director del Centro de Competencia de Medio Ambiente.<\/p>\n<p>En este encuentro, nuestros directivos explicaron la nueva organizaci\u00f3n empresarial de Ferrovial Servicios, basada en\u00a0<strong>\u00e1reas geogr\u00e1ficas<\/strong> y\u00a0<strong>Centros de Competencia<\/strong>. Estos nuevos Centros se encargar\u00e1n de\u00a0<strong>impulsar la innovaci\u00f3n y la excelencia<\/strong> en todo lo referente a la gesti\u00f3n de infraestructuras medioambientales, de transporte, los servicios urbanos o la\u00a0eficiencia energ\u00e9tica.<\/p>\n<p>Asimismo, en la reuni\u00f3n se explic\u00f3 que el objetivo de este cambio es apostar por una potente oferta integrada que aporte un alto valor a\u00f1adido a la prestaci\u00f3n de servicios. \u0093Queremos ser un referente internacional en el concepto de las\u00a0<a title=\"Ciudades\" href=\"https:\/\/www.ferrovial.com\/es\/lineas-de-negocio\/ferrovial-servicios\/centros-de-competencia\/ciudades\/\" target=\"_blank\">Ciudades Inteligentes<\/a>\u00a0o\u00a0<strong>Smart Cities<\/strong>\u0094, explic\u00f3 Ignacio Gast\u00f3n.<\/p>\n<p>Hoy en d\u00eda, Ferrovial Servicios Espa\u00f1a es la suma de todas las capacidades de Cespa y Ferroser. La nueva compa\u00f1\u00eda cuenta con un modelo diferencial que permite prestar\u00a0<strong>servicios de manera eficiente<\/strong> y responder al mayor reto que enfrentan las administraciones hoy en d\u00eda: c\u00f3mo generar ahorros y, al mismo tiempo, mejorar la calidad de los servicios p\u00fablicos.<\/p>\n<p>Gast\u00f3n se\u00f1al\u00f3 que \u0093el camino para conseguirlo no es otro que la\u00a0<strong>colaboraci\u00f3n publico-privada a largo plazo<\/strong>. Creemos en el compromiso de las dos partes para ser capaces de innovar y generar inversi\u00f3n\u0094.<\/p>\n<p>En este sentido, Ferrovial Servicios ha apostado claramente por la Regi\u00f3n de Murcia. \u0093Hoy en d\u00eda ya somos m\u00e1s de 2.000 empleados en esta Regi\u00f3n, en la que\u00a0<strong>hemos decidido invertir m\u00e1s de 200 millones de euros en los pr\u00f3ximos a\u00f1os<\/strong>. Murcia es para nosotros un territorio estrat\u00e9gico en el que no solamente queremos estar sino tambi\u00e9n crecer de manera decidida a lo largo de los pr\u00f3ximos a\u00f1os\u0094, se\u00f1al\u00f3 el Director General de Ferrovial Servicios Espa\u00f1a.<\/p>\n        <\/div>\n    <\/section>\n","protected":false},"excerpt":{"rendered":"","protected":false},"featured_media":1892,"menu_order":0,"comment_status":"closed","ping_status":"closed","template":"","nivel-2":[945,972,2200,2207,1019,1904],"nivel-5":[],"nivel-1":[],"nivel-3":[1258],"nivel-4":[1813],"class_list":["post-1891","new","type-new","status-publish","has-post-thumbnail","hentry","nivel-2-desarrollo-local-y-rural","nivel-2-eventos","nivel-2-innovacion","nivel-2-organizacion-de-la-empresa","nivel-2-personas-y-equipo","nivel-2-recursos-humanos","nivel-3-espana","nivel-4-murcia"],"acf":[],"yoast_head":"<title>Apostamos por el crecimiento y la inversi\u00f3n en la Regi\u00f3n de Murcia Sala de prensa Ferrovial | \u00daltimas noticias<\/title>\n<meta name=\"description\" content=\"Sala de prensa Ferrovial | \u00daltimas noticias\" \/>\n<meta name=\"robots\" content=\"index, follow, max-snippet:-1, max-image-preview:large, max-video-preview:-1\" \/>\n<link rel=\"canonical\" href=\"https:\/\/newsroom.ferrovial.com\/es\/noticias\/apostamos-crecimiento-inversion-region-murcia\/\" \/>\n<meta property=\"og:locale\" content=\"es_ES\" \/>\n<meta property=\"og:type\" content=\"article\" \/>\n<meta property=\"og:title\" content=\"Apostamos por el crecimiento y la inversi\u00f3n en la Regi\u00f3n de Murcia Sala de prensa Ferrovial | \u00daltimas noticias\" \/>\n<meta property=\"og:description\" content=\"Sala de prensa Ferrovial | \u00daltimas noticias\" \/>\n<meta property=\"og:url\" content=\"https:\/\/newsroom.ferrovial.com\/es\/noticias\/apostamos-crecimiento-inversion-region-murcia\/\" \/>\n<meta property=\"og:site_name\" content=\"Sala de prensa Ferrovial | \u00daltimas noticias\" \/>\n<meta property=\"article:publisher\" content=\"https:\/\/www.facebook.com\/ferrovial\" \/>\n<meta property=\"article:modified_time\" content=\"2022-12-21T09:19:13+00:00\" \/>\n<meta property=\"og:image\" content=\"https:\/\/newsroom.ferrovial.com\/wp-content\/uploads\/sites\/4\/2018\/07\/Rehabilitaci\u00f3n-Casa-Fontes-Murcia.jpg\" \/>\n\t<meta property=\"og:image:width\" content=\"695\" \/>\n\t<meta property=\"og:image:height\" content=\"278\" \/>\n\t<meta property=\"og:image:type\" content=\"image\/jpeg\" \/>\n<meta name=\"twitter:card\" content=\"summary_large_image\" \/>\n<meta name=\"twitter:site\" content=\"@ferrovial\" \/>\n<script type=\"application\/ld+json\" class=\"yoast-schema-graph\">{\"@context\":\"https:\/\/schema.org\",\"@graph\":[{\"@type\":\"WebPage\",\"@id\":\"https:\/\/newsroom.ferrovial.com\/es\/noticias\/apostamos-crecimiento-inversion-region-murcia\/\",\"url\":\"https:\/\/newsroom.ferrovial.com\/es\/noticias\/apostamos-crecimiento-inversion-region-murcia\/\",\"name\":\"Apostamos por el crecimiento y la inversi\u00f3n en la Regi\u00f3n de Murcia Sala de prensa Ferrovial | \u00daltimas noticias\",\"isPartOf\":{\"@id\":\"https:\/\/newsroom.ferrovial.com\/es\/#website\"},\"primaryImageOfPage\":{\"@id\":\"https:\/\/newsroom.ferrovial.com\/es\/noticias\/apostamos-crecimiento-inversion-region-murcia\/#primaryimage\"},\"image\":{\"@id\":\"https:\/\/newsroom.ferrovial.com\/es\/noticias\/apostamos-crecimiento-inversion-region-murcia\/#primaryimage\"},\"thumbnailUrl\":\"https:\/\/static.newsroom.ferrovial.com\/wp-content\/uploads\/2018\/07\/15154123\/Rehabilitaci%C3%B3n-Casa-Fontes-Murcia.jpg\",\"datePublished\":\"2013-11-13T00:00:00+00:00\",\"dateModified\":\"2022-12-21T09:19:13+00:00\",\"description\":\"Sala de prensa Ferrovial | \u00daltimas noticias\",\"breadcrumb\":{\"@id\":\"https:\/\/newsroom.ferrovial.com\/es\/noticias\/apostamos-crecimiento-inversion-region-murcia\/#breadcrumb\"},\"inLanguage\":\"es\",\"potentialAction\":[{\"@type\":\"ReadAction\",\"target\":[\"https:\/\/newsroom.ferrovial.com\/es\/noticias\/apostamos-crecimiento-inversion-region-murcia\/\"]}]},{\"@type\":\"ImageObject\",\"inLanguage\":\"es\",\"@id\":\"https:\/\/newsroom.ferrovial.com\/es\/noticias\/apostamos-crecimiento-inversion-region-murcia\/#primaryimage\",\"url\":\"https:\/\/static.newsroom.ferrovial.com\/wp-content\/uploads\/2018\/07\/15154123\/Rehabilitaci%C3%B3n-Casa-Fontes-Murcia.jpg\",\"contentUrl\":\"https:\/\/static.newsroom.ferrovial.com\/wp-content\/uploads\/2018\/07\/15154123\/Rehabilitaci%C3%B3n-Casa-Fontes-Murcia.jpg\",\"width\":695,\"height\":278,\"caption\":\"Rehabilitacion Casa Fontes Murcia\"},{\"@type\":\"BreadcrumbList\",\"@id\":\"https:\/\/newsroom.ferrovial.com\/es\/noticias\/apostamos-crecimiento-inversion-region-murcia\/#breadcrumb\",\"itemListElement\":[{\"@type\":\"ListItem\",\"position\":1,\"name\":\"Portada\",\"item\":\"https:\/\/newsroom.ferrovial.com\/es\/\"},{\"@type\":\"ListItem\",\"position\":2,\"name\":\"Apostamos por el crecimiento y la inversi\u00f3n en la Regi\u00f3n de Murcia\"}]},{\"@type\":\"WebSite\",\"@id\":\"https:\/\/newsroom.ferrovial.com\/es\/#website\",\"url\":\"https:\/\/newsroom.ferrovial.com\/es\/\",\"name\":\"Sala de prensa Ferrovial | \u00daltimas noticias\",\"description\":\"Sala de prensa Ferrovial | \u00daltimas noticias\",\"publisher\":{\"@id\":\"https:\/\/newsroom.ferrovial.com\/es\/#organization\"},\"potentialAction\":[{\"@type\":\"SearchAction\",\"target\":{\"@type\":\"EntryPoint\",\"urlTemplate\":\"https:\/\/newsroom.ferrovial.com\/es\/?s={search_term_string}\"},\"query-input\":{\"@type\":\"PropertyValueSpecification\",\"valueRequired\":true,\"valueName\":\"search_term_string\"}}],\"inLanguage\":\"es\"},{\"@type\":\"Organization\",\"@id\":\"https:\/\/newsroom.ferrovial.com\/es\/#organization\",\"name\":\"Ferrovial S.A.\",\"url\":\"https:\/\/newsroom.ferrovial.com\/es\/\",\"logo\":{\"@type\":\"ImageObject\",\"inLanguage\":\"es\",\"@id\":\"https:\/\/newsroom.ferrovial.com\/es\/#\/schema\/logo\/image\/\",\"url\":\"https:\/\/static.newsroom.ferrovial.com\/wp-content\/uploads\/2018\/07\/15145720\/Ferrovial_Logotipo1.jpg\",\"contentUrl\":\"https:\/\/static.newsroom.ferrovial.com\/wp-content\/uploads\/2018\/07\/15145720\/Ferrovial_Logotipo1.jpg\",\"width\":600,\"height\":300,\"caption\":\"Ferrovial S.A.\"},\"image\":{\"@id\":\"https:\/\/newsroom.ferrovial.com\/es\/#\/schema\/logo\/image\/\"},\"sameAs\":[\"https:\/\/www.facebook.com\/ferrovial\",\"https:\/\/x.com\/ferrovial\",\"https:\/\/www.instagram.com\/ferrovial\/\",\"https:\/\/www.linkedin.com\/company\/ferrovial\",\"https:\/\/www.pinterest.es\/ferrovial\/\",\"https:\/\/www.youtube.com\/ferrovial\",\"https:\/\/en.wikipedia.org\/wiki\/Ferrovial\"]}]}<\/script>","yoast_head_json":{"title":"Apostamos por el crecimiento y la inversi\u00f3n en la Regi\u00f3n de Murcia Sala de prensa Ferrovial | \u00daltimas noticias","description":"Sala de prensa Ferrovial | \u00daltimas noticias","robots":{"index":"index","follow":"follow","max-snippet":"max-snippet:-1","max-image-preview":"max-image-preview:large","max-video-preview":"max-video-preview:-1"},"canonical":"https:\/\/newsroom.ferrovial.com\/es\/noticias\/apostamos-crecimiento-inversion-region-murcia\/","og_locale":"es_ES","og_type":"article","og_title":"Apostamos por el crecimiento y la inversi\u00f3n en la Regi\u00f3n de Murcia Sala de prensa Ferrovial | \u00daltimas noticias","og_description":"Sala de prensa Ferrovial | \u00daltimas noticias","og_url":"https:\/\/newsroom.ferrovial.com\/es\/noticias\/apostamos-crecimiento-inversion-region-murcia\/","og_site_name":"Sala de prensa Ferrovial | \u00daltimas noticias","article_publisher":"https:\/\/www.facebook.com\/ferrovial","article_modified_time":"2022-12-21T09:19:13+00:00","og_image":[{"width":695,"height":278,"url":"https:\/\/newsroom.ferrovial.com\/wp-content\/uploads\/sites\/4\/2018\/07\/Rehabilitaci\u00f3n-Casa-Fontes-Murcia.jpg","type":"image\/jpeg"}],"twitter_card":"summary_large_image","twitter_site":"@ferrovial","schema":{"@context":"https:\/\/schema.org","@graph":[{"@type":"WebPage","@id":"https:\/\/newsroom.ferrovial.com\/es\/noticias\/apostamos-crecimiento-inversion-region-murcia\/","url":"https:\/\/newsroom.ferrovial.com\/es\/noticias\/apostamos-crecimiento-inversion-region-murcia\/","name":"Apostamos por el crecimiento y la inversi\u00f3n en la Regi\u00f3n de Murcia Sala de prensa Ferrovial | \u00daltimas noticias","isPartOf":{"@id":"https:\/\/newsroom.ferrovial.com\/es\/#website"},"primaryImageOfPage":{"@id":"https:\/\/newsroom.ferrovial.com\/es\/noticias\/apostamos-crecimiento-inversion-region-murcia\/#primaryimage"},"image":{"@id":"https:\/\/newsroom.ferrovial.com\/es\/noticias\/apostamos-crecimiento-inversion-region-murcia\/#primaryimage"},"thumbnailUrl":"https:\/\/static.newsroom.ferrovial.com\/wp-content\/uploads\/2018\/07\/15154123\/Rehabilitaci%C3%B3n-Casa-Fontes-Murcia.jpg","datePublished":"2013-11-13T00:00:00+00:00","dateModified":"2022-12-21T09:19:13+00:00","description":"Sala de prensa Ferrovial | \u00daltimas noticias","breadcrumb":{"@id":"https:\/\/newsroom.ferrovial.com\/es\/noticias\/apostamos-crecimiento-inversion-region-murcia\/#breadcrumb"},"inLanguage":"es","potentialAction":[{"@type":"ReadAction","target":["https:\/\/newsroom.ferrovial.com\/es\/noticias\/apostamos-crecimiento-inversion-region-murcia\/"]}]},{"@type":"ImageObject","inLanguage":"es","@id":"https:\/\/newsroom.ferrovial.com\/es\/noticias\/apostamos-crecimiento-inversion-region-murcia\/#primaryimage","url":"https:\/\/static.newsroom.ferrovial.com\/wp-content\/uploads\/2018\/07\/15154123\/Rehabilitaci%C3%B3n-Casa-Fontes-Murcia.jpg","contentUrl":"https:\/\/static.newsroom.ferrovial.com\/wp-content\/uploads\/2018\/07\/15154123\/Rehabilitaci%C3%B3n-Casa-Fontes-Murcia.jpg","width":695,"height":278,"caption":"Rehabilitacion Casa Fontes Murcia"},{"@type":"BreadcrumbList","@id":"https:\/\/newsroom.ferrovial.com\/es\/noticias\/apostamos-crecimiento-inversion-region-murcia\/#breadcrumb","itemListElement":[{"@type":"ListItem","position":1,"name":"Portada","item":"https:\/\/newsroom.ferrovial.com\/es\/"},{"@type":"ListItem","position":2,"name":"Apostamos por el crecimiento y la inversi\u00f3n en la Regi\u00f3n de Murcia"}]},{"@type":"WebSite","@id":"https:\/\/newsroom.ferrovial.com\/es\/#website","url":"https:\/\/newsroom.ferrovial.com\/es\/","name":"Sala de prensa Ferrovial | \u00daltimas noticias","description":"Sala de prensa Ferrovial | \u00daltimas noticias","publisher":{"@id":"https:\/\/newsroom.ferrovial.com\/es\/#organization"},"potentialAction":[{"@type":"SearchAction","target":{"@type":"EntryPoint","urlTemplate":"https:\/\/newsroom.ferrovial.com\/es\/?s={search_term_string}"},"query-input":{"@type":"PropertyValueSpecification","valueRequired":true,"valueName":"search_term_string"}}],"inLanguage":"es"},{"@type":"Organization","@id":"https:\/\/newsroom.ferrovial.com\/es\/#organization","name":"Ferrovial S.A.","url":"https:\/\/newsroom.ferrovial.com\/es\/","logo":{"@type":"ImageObject","inLanguage":"es","@id":"https:\/\/newsroom.ferrovial.com\/es\/#\/schema\/logo\/image\/","url":"https:\/\/static.newsroom.ferrovial.com\/wp-content\/uploads\/2018\/07\/15145720\/Ferrovial_Logotipo1.jpg","contentUrl":"https:\/\/static.newsroom.ferrovial.com\/wp-content\/uploads\/2018\/07\/15145720\/Ferrovial_Logotipo1.jpg","width":600,"height":300,"caption":"Ferrovial S.A."},"image":{"@id":"https:\/\/newsroom.ferrovial.com\/es\/#\/schema\/logo\/image\/"},"sameAs":["https:\/\/www.facebook.com\/ferrovial","https:\/\/x.com\/ferrovial","https:\/\/www.instagram.com\/ferrovial\/","https:\/\/www.linkedin.com\/company\/ferrovial","https:\/\/www.pinterest.es\/ferrovial\/","https:\/\/www.youtube.com\/ferrovial","https:\/\/en.wikipedia.org\/wiki\/Ferrovial"]}]}},"_links":{"self":[{"href":"https:\/\/newsroom.ferrovial.com\/es\/wp-json\/wp\/v2\/new\/1891","targetHints":{"allow":["GET"]}}],"collection":[{"href":"https:\/\/newsroom.ferrovial.com\/es\/wp-json\/wp\/v2\/new"}],"about":[{"href":"https:\/\/newsroom.ferrovial.com\/es\/wp-json\/wp\/v2\/types\/new"}],"replies":[{"embeddable":true,"href":"https:\/\/newsroom.ferrovial.com\/es\/wp-json\/wp\/v2\/comments?post=1891"}],"version-history":[{"count":1,"href":"https:\/\/newsroom.ferrovial.com\/es\/wp-json\/wp\/v2\/new\/1891\/revisions"}],"predecessor-version":[{"id":117881,"href":"https:\/\/newsroom.ferrovial.com\/es\/wp-json\/wp\/v2\/new\/1891\/revisions\/117881"}],"wp:featuredmedia":[{"embeddable":true,"href":"https:\/\/newsroom.ferrovial.com\/es\/wp-json\/wp\/v2\/media\/1892"}],"wp:attachment":[{"href":"https:\/\/newsroom.ferrovial.com\/es\/wp-json\/wp\/v2\/media?parent=1891"}],"wp:term":[{"taxonomy":"nivel-2","embeddable":true,"href":"https:\/\/newsroom.ferrovial.com\/es\/wp-json\/wp\/v2\/nivel-2?post=1891"},{"taxonomy":"nivel-5","embeddable":true,"href":"https:\/\/newsroom.ferrovial.com\/es\/wp-json\/wp\/v2\/nivel-5?post=1891"},{"taxonomy":"nivel-1","embeddable":true,"href":"https:\/\/newsroom.ferrovial.com\/es\/wp-json\/wp\/v2\/nivel-1?post=1891"},{"taxonomy":"nivel-3","embeddable":true,"href":"https:\/\/newsroom.ferrovial.com\/es\/wp-json\/wp\/v2\/nivel-3?post=1891"},{"taxonomy":"nivel-4","embeddable":true,"href":"https:\/\/newsroom.ferrovial.com\/es\/wp-json\/wp\/v2\/nivel-4?post=1891"}],"curies":[{"name":"wp","href":"https:\/\/api.w.org\/{rel}","templated":true}]}}