{"id":1931,"date":"2006-07-27T00:00:00","date_gmt":"2006-07-27T00:00:00","guid":{"rendered":"https:\/\/newsroom.ferrovial.com\/news\/juan-bejar-nombrado-vicepresidente-ejecutivo-de-cintra-mientras-que-enrique-diaz-rato-se-convierte-en-nuevo-consejero-delegado-de-la-compania\/"},"modified":"2022-12-21T11:54:44","modified_gmt":"2022-12-21T10:54:44","slug":"juan-bejar-nombrado-vicepresidente-ejecutivo-de-cintra-mientras-que-enrique-diaz-rato-se-convierte-en-nuevo-consejero-delegado-de-la-compania","status":"publish","type":"new","link":"https:\/\/newsroom.ferrovial.com\/es\/noticias\/juan-bejar-nombrado-vicepresidente-ejecutivo-de-cintra-mientras-que-enrique-diaz-rato-se-convierte-en-nuevo-consejero-delegado-de-la-compania\/","title":{"rendered":"Juan B\u00e9jar, nombrado Vicepresidente Ejecutivo de Cintra, mientras que Enrique D\u00edaz-Rato se convierte en nuevo Consejero Delegado de la compa\u00f1\u00eda"},"content":{"rendered":"    <section class=\"wysiwyg text-editor \" id=\"\">\n        <div class=\"container container--narrow container--p-10\">\n            <p><img loading=\"lazy\" decoding=\"async\" class=\"alignleft\" alt=\"\" src=\"\/wp-content\/uploads\/noticias\/img_11235042967_2242005135915g.gif\" width=\"130\" height=\"67\" \/><strong>Los cambios responden a la decisi\u00f3n de reforzar el \u00e1rea de infraestructuras de Ferrovial, al frente de la cual se encuentra Juan B\u00e9jar<\/strong><\/p>\n<p>Cintra, compa\u00f1\u00eda dedicada a la gesti\u00f3n de concesiones de autopistas de peaje y aparcamientos, ha nombrado a Juan B\u00e9jar Ochoa Vicepresidente 2\u00ba Ejecutivo y a Enrique D\u00edaz-Rato Revuelta nuevo Consejero Delegado.<\/p>\n<p>Los cambios en la concesionaria se enmarcan en la reestructuraci\u00f3n del \u00e1rea de infraestructuras de Ferrovial, tras la toma de control del primer operador aeroportuario del mundo, BAA, y responden a la decisi\u00f3n de reforzar una divisi\u00f3n de concesiones de infraestructuras, al frente de la cual se encuentra Juan B\u00e9jar, que engloba las actividades de autopistas y aparcamientos (Cintra) y el negocio de aeropuertos (a trav\u00e9s de BAA).<\/p>\n<p>Enrique D\u00edaz-Rato es Ingeniero de Caminos, Canales y Puertos, Licenciado en Ciencias Econ\u00f3micas y Master en Direcci\u00f3n de Empresas de la EOI.<\/p>\n<p>D\u00edaz-Rato se incorpora a Ferrovial en 2001, como Gerente General de Cintra Chile. En 2003 es nombrado Director General de la Autopista 407 ETR en Toronto (Canad\u00e1) y desde abril de 2006 ha desempe\u00f1ado el cargo de Director de Autopistas para Estados Unidos, Canad\u00e1, Chile e Irlanda.<\/p>\n<p>De esta forma, el Consejo de Administraci\u00f3n de Cintra queda integrado por los siguientes miembros:<\/p>\n<ul>\n<li>Presidente, Rafael del Pino<\/li>\n<li>Vicepresidente 1\u00ba, Joaqu\u00edn Ayuso<\/li>\n<li>Vicepresidente 2\u00ba Ejecutivo, Juan B\u00e9jar<\/li>\n<li>Consejero Delegado, Enrique D\u00edaz-Rato<\/li>\n<li>Consejeros:\u00a0\u00a0\u00a0 &#8211; Jos\u00e9 M\u00aa P\u00e9rez Tremps<br \/>\n&#8211; Nicol\u00e1s Vill\u00e9n<br \/>\n&#8211;\u00a0Fernando Abril-Martorell<br \/>\n&#8211; Jos\u00e9 Fernando S\u00e1nchez-Junco<br \/>\n&#8211; Jaime Bergel<\/li>\n<li>Secretario Lucas Osorio<\/li>\n<\/ul>\n        <\/div>\n    <\/section>\n","protected":false},"excerpt":{"rendered":"","protected":false},"featured_media":0,"menu_order":0,"comment_status":"closed","ping_status":"closed","template":"","nivel-2":[1912,977,1015,2207,1019,1904],"nivel-5":[1902],"nivel-1":[],"nivel-3":[],"nivel-4":[],"class_list":["post-1931","new","type-new","status-publish","hentry","nivel-2-corporativo","nivel-2-gobierno-corporativo","nivel-2-organigrama","nivel-2-organizacion-de-la-empresa","nivel-2-personas-y-equipo","nivel-2-recursos-humanos","nivel-5-ferrovial"],"acf":[],"yoast_head":"<title>Juan B\u00e9jar, nombrado Vicepresidente Ejecutivo de Cintra, mientras que Enrique D\u00edaz-Rato se convierte en nuevo Consejero Delegado de la compa\u00f1\u00eda Sala de prensa Ferrovial | \u00daltimas noticias<\/title>\n<meta name=\"description\" content=\"Sala de prensa Ferrovial | \u00daltimas noticias\" \/>\n<meta name=\"robots\" content=\"index, follow, max-snippet:-1, max-image-preview:large, max-video-preview:-1\" \/>\n<link rel=\"canonical\" href=\"https:\/\/newsroom.ferrovial.com\/es\/noticias\/juan-bejar-nombrado-vicepresidente-ejecutivo-de-cintra-mientras-que-enrique-diaz-rato-se-convierte-en-nuevo-consejero-delegado-de-la-compania\/\" \/>\n<meta property=\"og:locale\" content=\"es_ES\" \/>\n<meta property=\"og:type\" content=\"article\" \/>\n<meta property=\"og:title\" content=\"Juan B\u00e9jar, nombrado Vicepresidente Ejecutivo de Cintra, mientras que Enrique D\u00edaz-Rato se convierte en nuevo Consejero Delegado de la compa\u00f1\u00eda Sala de prensa Ferrovial | \u00daltimas noticias\" \/>\n<meta property=\"og:description\" content=\"Sala de prensa Ferrovial | \u00daltimas noticias\" \/>\n<meta property=\"og:url\" content=\"https:\/\/newsroom.ferrovial.com\/es\/noticias\/juan-bejar-nombrado-vicepresidente-ejecutivo-de-cintra-mientras-que-enrique-diaz-rato-se-convierte-en-nuevo-consejero-delegado-de-la-compania\/\" \/>\n<meta property=\"og:site_name\" content=\"Sala de prensa Ferrovial | \u00daltimas noticias\" \/>\n<meta property=\"article:publisher\" content=\"https:\/\/www.facebook.com\/ferrovial\" \/>\n<meta property=\"article:modified_time\" content=\"2022-12-21T10:54:44+00:00\" \/>\n<meta name=\"twitter:card\" content=\"summary_large_image\" \/>\n<meta name=\"twitter:site\" content=\"@ferrovial\" \/>\n<script type=\"application\/ld+json\" class=\"yoast-schema-graph\">{\"@context\":\"https:\/\/schema.org\",\"@graph\":[{\"@type\":\"WebPage\",\"@id\":\"https:\/\/newsroom.ferrovial.com\/es\/noticias\/juan-bejar-nombrado-vicepresidente-ejecutivo-de-cintra-mientras-que-enrique-diaz-rato-se-convierte-en-nuevo-consejero-delegado-de-la-compania\/\",\"url\":\"https:\/\/newsroom.ferrovial.com\/es\/noticias\/juan-bejar-nombrado-vicepresidente-ejecutivo-de-cintra-mientras-que-enrique-diaz-rato-se-convierte-en-nuevo-consejero-delegado-de-la-compania\/\",\"name\":\"Juan B\u00e9jar, nombrado Vicepresidente Ejecutivo de Cintra, mientras que Enrique D\u00edaz-Rato se convierte en nuevo Consejero Delegado de la compa\u00f1\u00eda Sala de prensa Ferrovial | \u00daltimas noticias\",\"isPartOf\":{\"@id\":\"https:\/\/newsroom.ferrovial.com\/es\/#website\"},\"datePublished\":\"2006-07-27T00:00:00+00:00\",\"dateModified\":\"2022-12-21T10:54:44+00:00\",\"description\":\"Sala de prensa Ferrovial | \u00daltimas noticias\",\"breadcrumb\":{\"@id\":\"https:\/\/newsroom.ferrovial.com\/es\/noticias\/juan-bejar-nombrado-vicepresidente-ejecutivo-de-cintra-mientras-que-enrique-diaz-rato-se-convierte-en-nuevo-consejero-delegado-de-la-compania\/#breadcrumb\"},\"inLanguage\":\"es\",\"potentialAction\":[{\"@type\":\"ReadAction\",\"target\":[\"https:\/\/newsroom.ferrovial.com\/es\/noticias\/juan-bejar-nombrado-vicepresidente-ejecutivo-de-cintra-mientras-que-enrique-diaz-rato-se-convierte-en-nuevo-consejero-delegado-de-la-compania\/\"]}]},{\"@type\":\"BreadcrumbList\",\"@id\":\"https:\/\/newsroom.ferrovial.com\/es\/noticias\/juan-bejar-nombrado-vicepresidente-ejecutivo-de-cintra-mientras-que-enrique-diaz-rato-se-convierte-en-nuevo-consejero-delegado-de-la-compania\/#breadcrumb\",\"itemListElement\":[{\"@type\":\"ListItem\",\"position\":1,\"name\":\"Portada\",\"item\":\"https:\/\/newsroom.ferrovial.com\/es\/\"},{\"@type\":\"ListItem\",\"position\":2,\"name\":\"Juan B\u00e9jar, nombrado Vicepresidente Ejecutivo de Cintra, mientras que Enrique D\u00edaz-Rato se convierte en nuevo Consejero Delegado de la compa\u00f1\u00eda\"}]},{\"@type\":\"WebSite\",\"@id\":\"https:\/\/newsroom.ferrovial.com\/es\/#website\",\"url\":\"https:\/\/newsroom.ferrovial.com\/es\/\",\"name\":\"Sala de prensa Ferrovial | \u00daltimas noticias\",\"description\":\"Sala de prensa Ferrovial | \u00daltimas noticias\",\"publisher\":{\"@id\":\"https:\/\/newsroom.ferrovial.com\/es\/#organization\"},\"potentialAction\":[{\"@type\":\"SearchAction\",\"target\":{\"@type\":\"EntryPoint\",\"urlTemplate\":\"https:\/\/newsroom.ferrovial.com\/es\/?s={search_term_string}\"},\"query-input\":{\"@type\":\"PropertyValueSpecification\",\"valueRequired\":true,\"valueName\":\"search_term_string\"}}],\"inLanguage\":\"es\"},{\"@type\":\"Organization\",\"@id\":\"https:\/\/newsroom.ferrovial.com\/es\/#organization\",\"name\":\"Ferrovial S.A.\",\"url\":\"https:\/\/newsroom.ferrovial.com\/es\/\",\"logo\":{\"@type\":\"ImageObject\",\"inLanguage\":\"es\",\"@id\":\"https:\/\/newsroom.ferrovial.com\/es\/#\/schema\/logo\/image\/\",\"url\":\"https:\/\/static.newsroom.ferrovial.com\/wp-content\/uploads\/2018\/07\/15145720\/Ferrovial_Logotipo1.jpg\",\"contentUrl\":\"https:\/\/static.newsroom.ferrovial.com\/wp-content\/uploads\/2018\/07\/15145720\/Ferrovial_Logotipo1.jpg\",\"width\":600,\"height\":300,\"caption\":\"Ferrovial S.A.\"},\"image\":{\"@id\":\"https:\/\/newsroom.ferrovial.com\/es\/#\/schema\/logo\/image\/\"},\"sameAs\":[\"https:\/\/www.facebook.com\/ferrovial\",\"https:\/\/x.com\/ferrovial\",\"https:\/\/www.instagram.com\/ferrovial\/\",\"https:\/\/www.linkedin.com\/company\/ferrovial\",\"https:\/\/www.pinterest.es\/ferrovial\/\",\"https:\/\/www.youtube.com\/ferrovial\",\"https:\/\/en.wikipedia.org\/wiki\/Ferrovial\"]}]}<\/script>","yoast_head_json":{"title":"Juan B\u00e9jar, nombrado Vicepresidente Ejecutivo de Cintra, mientras que Enrique D\u00edaz-Rato se convierte en nuevo Consejero Delegado de la compa\u00f1\u00eda Sala de prensa Ferrovial | \u00daltimas noticias","description":"Sala de prensa Ferrovial | \u00daltimas noticias","robots":{"index":"index","follow":"follow","max-snippet":"max-snippet:-1","max-image-preview":"max-image-preview:large","max-video-preview":"max-video-preview:-1"},"canonical":"https:\/\/newsroom.ferrovial.com\/es\/noticias\/juan-bejar-nombrado-vicepresidente-ejecutivo-de-cintra-mientras-que-enrique-diaz-rato-se-convierte-en-nuevo-consejero-delegado-de-la-compania\/","og_locale":"es_ES","og_type":"article","og_title":"Juan B\u00e9jar, nombrado Vicepresidente Ejecutivo de Cintra, mientras que Enrique D\u00edaz-Rato se convierte en nuevo Consejero Delegado de la compa\u00f1\u00eda Sala de prensa Ferrovial | \u00daltimas noticias","og_description":"Sala de prensa Ferrovial | \u00daltimas noticias","og_url":"https:\/\/newsroom.ferrovial.com\/es\/noticias\/juan-bejar-nombrado-vicepresidente-ejecutivo-de-cintra-mientras-que-enrique-diaz-rato-se-convierte-en-nuevo-consejero-delegado-de-la-compania\/","og_site_name":"Sala de prensa Ferrovial | \u00daltimas noticias","article_publisher":"https:\/\/www.facebook.com\/ferrovial","article_modified_time":"2022-12-21T10:54:44+00:00","twitter_card":"summary_large_image","twitter_site":"@ferrovial","schema":{"@context":"https:\/\/schema.org","@graph":[{"@type":"WebPage","@id":"https:\/\/newsroom.ferrovial.com\/es\/noticias\/juan-bejar-nombrado-vicepresidente-ejecutivo-de-cintra-mientras-que-enrique-diaz-rato-se-convierte-en-nuevo-consejero-delegado-de-la-compania\/","url":"https:\/\/newsroom.ferrovial.com\/es\/noticias\/juan-bejar-nombrado-vicepresidente-ejecutivo-de-cintra-mientras-que-enrique-diaz-rato-se-convierte-en-nuevo-consejero-delegado-de-la-compania\/","name":"Juan B\u00e9jar, nombrado Vicepresidente Ejecutivo de Cintra, mientras que Enrique D\u00edaz-Rato se convierte en nuevo Consejero Delegado de la compa\u00f1\u00eda Sala de prensa Ferrovial | \u00daltimas noticias","isPartOf":{"@id":"https:\/\/newsroom.ferrovial.com\/es\/#website"},"datePublished":"2006-07-27T00:00:00+00:00","dateModified":"2022-12-21T10:54:44+00:00","description":"Sala de prensa Ferrovial | \u00daltimas noticias","breadcrumb":{"@id":"https:\/\/newsroom.ferrovial.com\/es\/noticias\/juan-bejar-nombrado-vicepresidente-ejecutivo-de-cintra-mientras-que-enrique-diaz-rato-se-convierte-en-nuevo-consejero-delegado-de-la-compania\/#breadcrumb"},"inLanguage":"es","potentialAction":[{"@type":"ReadAction","target":["https:\/\/newsroom.ferrovial.com\/es\/noticias\/juan-bejar-nombrado-vicepresidente-ejecutivo-de-cintra-mientras-que-enrique-diaz-rato-se-convierte-en-nuevo-consejero-delegado-de-la-compania\/"]}]},{"@type":"BreadcrumbList","@id":"https:\/\/newsroom.ferrovial.com\/es\/noticias\/juan-bejar-nombrado-vicepresidente-ejecutivo-de-cintra-mientras-que-enrique-diaz-rato-se-convierte-en-nuevo-consejero-delegado-de-la-compania\/#breadcrumb","itemListElement":[{"@type":"ListItem","position":1,"name":"Portada","item":"https:\/\/newsroom.ferrovial.com\/es\/"},{"@type":"ListItem","position":2,"name":"Juan B\u00e9jar, nombrado Vicepresidente Ejecutivo de Cintra, mientras que Enrique D\u00edaz-Rato se convierte en nuevo Consejero Delegado de la compa\u00f1\u00eda"}]},{"@type":"WebSite","@id":"https:\/\/newsroom.ferrovial.com\/es\/#website","url":"https:\/\/newsroom.ferrovial.com\/es\/","name":"Sala de prensa Ferrovial | \u00daltimas noticias","description":"Sala de prensa Ferrovial | \u00daltimas noticias","publisher":{"@id":"https:\/\/newsroom.ferrovial.com\/es\/#organization"},"potentialAction":[{"@type":"SearchAction","target":{"@type":"EntryPoint","urlTemplate":"https:\/\/newsroom.ferrovial.com\/es\/?s={search_term_string}"},"query-input":{"@type":"PropertyValueSpecification","valueRequired":true,"valueName":"search_term_string"}}],"inLanguage":"es"},{"@type":"Organization","@id":"https:\/\/newsroom.ferrovial.com\/es\/#organization","name":"Ferrovial S.A.","url":"https:\/\/newsroom.ferrovial.com\/es\/","logo":{"@type":"ImageObject","inLanguage":"es","@id":"https:\/\/newsroom.ferrovial.com\/es\/#\/schema\/logo\/image\/","url":"https:\/\/static.newsroom.ferrovial.com\/wp-content\/uploads\/2018\/07\/15145720\/Ferrovial_Logotipo1.jpg","contentUrl":"https:\/\/static.newsroom.ferrovial.com\/wp-content\/uploads\/2018\/07\/15145720\/Ferrovial_Logotipo1.jpg","width":600,"height":300,"caption":"Ferrovial S.A."},"image":{"@id":"https:\/\/newsroom.ferrovial.com\/es\/#\/schema\/logo\/image\/"},"sameAs":["https:\/\/www.facebook.com\/ferrovial","https:\/\/x.com\/ferrovial","https:\/\/www.instagram.com\/ferrovial\/","https:\/\/www.linkedin.com\/company\/ferrovial","https:\/\/www.pinterest.es\/ferrovial\/","https:\/\/www.youtube.com\/ferrovial","https:\/\/en.wikipedia.org\/wiki\/Ferrovial"]}]}},"_links":{"self":[{"href":"https:\/\/newsroom.ferrovial.com\/es\/wp-json\/wp\/v2\/new\/1931","targetHints":{"allow":["GET"]}}],"collection":[{"href":"https:\/\/newsroom.ferrovial.com\/es\/wp-json\/wp\/v2\/new"}],"about":[{"href":"https:\/\/newsroom.ferrovial.com\/es\/wp-json\/wp\/v2\/types\/new"}],"replies":[{"embeddable":true,"href":"https:\/\/newsroom.ferrovial.com\/es\/wp-json\/wp\/v2\/comments?post=1931"}],"version-history":[{"count":1,"href":"https:\/\/newsroom.ferrovial.com\/es\/wp-json\/wp\/v2\/new\/1931\/revisions"}],"predecessor-version":[{"id":119168,"href":"https:\/\/newsroom.ferrovial.com\/es\/wp-json\/wp\/v2\/new\/1931\/revisions\/119168"}],"wp:attachment":[{"href":"https:\/\/newsroom.ferrovial.com\/es\/wp-json\/wp\/v2\/media?parent=1931"}],"wp:term":[{"taxonomy":"nivel-2","embeddable":true,"href":"https:\/\/newsroom.ferrovial.com\/es\/wp-json\/wp\/v2\/nivel-2?post=1931"},{"taxonomy":"nivel-5","embeddable":true,"href":"https:\/\/newsroom.ferrovial.com\/es\/wp-json\/wp\/v2\/nivel-5?post=1931"},{"taxonomy":"nivel-1","embeddable":true,"href":"https:\/\/newsroom.ferrovial.com\/es\/wp-json\/wp\/v2\/nivel-1?post=1931"},{"taxonomy":"nivel-3","embeddable":true,"href":"https:\/\/newsroom.ferrovial.com\/es\/wp-json\/wp\/v2\/nivel-3?post=1931"},{"taxonomy":"nivel-4","embeddable":true,"href":"https:\/\/newsroom.ferrovial.com\/es\/wp-json\/wp\/v2\/nivel-4?post=1931"}],"curies":[{"name":"wp","href":"https:\/\/api.w.org\/{rel}","templated":true}]}}