{"id":1964,"date":"2008-03-05T00:00:00","date_gmt":"2008-03-05T00:00:00","guid":{"rendered":"https:\/\/newsroom.ferrovial.com\/news\/la-cebit-presenta-portatiles-fabricados-con-bambu\/"},"modified":"2022-12-21T11:04:44","modified_gmt":"2022-12-21T10:04:44","slug":"la-cebit-presenta-portatiles-fabricados-con-bambu","status":"publish","type":"new","link":"https:\/\/newsroom.ferrovial.com\/es\/noticias\/la-cebit-presenta-portatiles-fabricados-con-bambu\/","title":{"rendered":"La CeBIT presenta port\u00e1tiles fabricados con bamb\u00fa"},"content":{"rendered":"    <section class=\"wysiwyg text-editor \" id=\"\">\n        <div class=\"container container--narrow container--p-10\">\n            <p>La protecci\u00f3n del medio ambiente llega a la <strong>CeBIT<\/strong>, la mayor feria tecnol\u00f3gica del mundo, que presenta en esta edici\u00f3n, por ejemplo, un port\u00e1til fabricado con madera de bamb\u00fa y que ahorra en el consumo de energ\u00eda. La <strong>CeBIT<\/strong>, que se celebra en la ciudad alemana de Hannover (norte de Alemania) hasta el 9 de marzo, abri\u00f3 hoy sus puertas al p\u00fablico con un n\u00famero menor de expositores por el proceso de concentraci\u00f3n del sector y la fortaleza del euro.<\/p>\n<p>La canciller alemana, <strong>Angela Merkel<\/strong>, dio una vuelta por el recinto ferial para ver las principales novedades en el mundo de la tecnolog\u00eda tras haber inaugurado ayer esta feria junto con el presidente franc\u00e9s, <strong>Nicolas Sarkozy<\/strong>, y el presidente de la Comisi\u00f3n Europea (CE), <strong>Jos\u00e9 Manuel Barroso<\/strong>. El sector tecnol\u00f3gico es responsable de un 2 por ciento de las emisiones de di\u00f3xido de carbono (CO2) a la atm\u00f3sfera, como la industria de transporte a\u00e9reo, por ello la <strong>CeBIT<\/strong> muestra esta edici\u00f3n productos con tecnolog\u00eda que ahorran en el consumo de energ\u00eda como los port\u00e1tiles de madera de bamb\u00fa de la compa\u00f1\u00eda <strong><strong>Asus<\/strong><\/strong>.<\/p>\n<p>La empresa <strong>Cyber Power Systems<\/strong> ha tra\u00eddo a la <strong>CeBIT<\/strong> una tecnolog\u00eda de suministro ininterrumpido <strong><strong>UPS<\/strong><\/strong> (seg\u00fan sus siglas en ingl\u00e9s Uninterruptible Power Supply) que reduce el consumo de electricidad hasta en un 75 por ciento en comparaci\u00f3n con los aparatos usados hasta ahora. La seguridad en la red y en la telefon\u00eda m\u00f3vil es tambi\u00e9n uno de los asuntos que debaten los expertos reunidos en la <strong>CeBIT<\/strong>. Seg\u00fan una encuesta del productor de <strong>software F-Secure<\/strong>, divulgada en esta feria, el 86 por ciento de los usuarios de internet mediante el tel\u00e9fono m\u00f3vil no ha instalado programas de seguridad en el celular. \u00ab<strong>Hasta ahora se han descubierto 400 virus dirigidos especialmente a los celulares y otros terminales m\u00f3viles<\/strong>\u00ab, dijo el director del departamento de investigaci\u00f3n de <strong>F-Secure<\/strong>, Mikko Hypp\u00f6nen. El peligro en comparaci\u00f3n con el ordenador personal es peque\u00f1o pero los da\u00f1os aumentar\u00e1n con rapidez en la medida que se usen m\u00e1s los m\u00f3viles para navegar por la red. S\u00f3lo uno de cada cinco usuarios de un ordenador conoce que el software anti-virus debe ser actualizado varias veces al d\u00eda.<\/p>\n<p>La <strong>CeBIT<\/strong> durar\u00e1 este a\u00f1o un d\u00eda menos que en otras ediciones para reducir los costes de las empresas expositoras.La fortaleza del euro frente al d\u00f3lar, que esta semana ha rozado los 1,53 d\u00f3lares, ha hecho que muchas compa\u00f1\u00edas extranjeras del sector tecnol\u00f3gico hayan tenido que reducir su presupuesto, seg\u00fan la feria. Por la apreciaci\u00f3n de la divisa europea y la concentraci\u00f3n en el sector, el n\u00famero de expositores ha bajado un 5 por ciento, hasta 5.800 empresas, respecto a las cifras del pasado a\u00f1o, y la superficie de exposici\u00f3n ha ca\u00eddo m\u00e1s de un 10 por ciento, hasta unos 240.000 metros cuadrados.<\/p>\n<p>Los fabricantes de m\u00f3viles <strong>Nokia, E-Plus<\/strong> y <strong>Motorola<\/strong> y los de ordenadores <strong>LG<\/strong> y la china <strong>Lenovo<\/strong> no est\u00e1n presentes en la feria <strong>Cebit<\/strong>, que tiene mucha competencia de otros cert\u00e1menes como la Feria berlinesa de telecomunicaciones <strong>IFA<\/strong>, el Congreso de telefon\u00eda m\u00f3vil de Barcelona y la Muestra de electr\u00f3nica de consumo de las Vegas. En la inauguraci\u00f3n, el presidente del productor de software estadounidense Microsoft, Steve Ballmer, augur\u00f3 la \u00ab<strong>quinta revoluci\u00f3n en los ordenadores<\/strong>\u00ab, que van a tener en un futuro pr\u00f3ximo una capacidad de memoria casi interminable y sistemas que ser\u00e1n proporcionados con voz y gestos.<\/p>\n<p>El sector alem\u00e1n de tecnolog\u00eda de la informaci\u00f3n prev\u00e9 este a\u00f1o una facturaci\u00f3n de 145.000 millones de euros (220.400 millones de d\u00f3lares), un 1,4 por ciento m\u00e1s que el a\u00f1o pasado.<\/p>\n<p>EFECOM<\/p>\n        <\/div>\n    <\/section>\n","protected":false},"excerpt":{"rendered":"","protected":false},"featured_media":0,"menu_order":0,"comment_status":"closed","ping_status":"closed","template":"","nivel-2":[936],"nivel-5":[],"nivel-1":[],"nivel-3":[],"nivel-4":[],"class_list":["post-1964","new","type-new","status-publish","hentry","nivel-2-conservacion-del-medio-ambiente"],"acf":[],"yoast_head":"<title>La CeBIT presenta port\u00e1tiles fabricados con bamb\u00fa Sala de prensa Ferrovial | \u00daltimas noticias<\/title>\n<meta name=\"description\" content=\"Sala de prensa Ferrovial | \u00daltimas noticias\" \/>\n<meta name=\"robots\" content=\"index, follow, max-snippet:-1, max-image-preview:large, max-video-preview:-1\" \/>\n<link rel=\"canonical\" href=\"https:\/\/newsroom.ferrovial.com\/es\/noticias\/la-cebit-presenta-portatiles-fabricados-con-bambu\/\" \/>\n<meta property=\"og:locale\" content=\"es_ES\" \/>\n<meta property=\"og:type\" content=\"article\" \/>\n<meta property=\"og:title\" content=\"La CeBIT presenta port\u00e1tiles fabricados con bamb\u00fa Sala de prensa Ferrovial | \u00daltimas noticias\" \/>\n<meta property=\"og:description\" content=\"Sala de prensa Ferrovial | \u00daltimas noticias\" \/>\n<meta property=\"og:url\" content=\"https:\/\/newsroom.ferrovial.com\/es\/noticias\/la-cebit-presenta-portatiles-fabricados-con-bambu\/\" \/>\n<meta property=\"og:site_name\" content=\"Sala de prensa Ferrovial | \u00daltimas noticias\" \/>\n<meta property=\"article:publisher\" content=\"https:\/\/www.facebook.com\/ferrovial\" \/>\n<meta property=\"article:modified_time\" content=\"2022-12-21T10:04:44+00:00\" \/>\n<meta name=\"twitter:card\" content=\"summary_large_image\" \/>\n<meta name=\"twitter:site\" content=\"@ferrovial\" \/>\n<script type=\"application\/ld+json\" class=\"yoast-schema-graph\">{\"@context\":\"https:\/\/schema.org\",\"@graph\":[{\"@type\":\"WebPage\",\"@id\":\"https:\/\/newsroom.ferrovial.com\/es\/noticias\/la-cebit-presenta-portatiles-fabricados-con-bambu\/\",\"url\":\"https:\/\/newsroom.ferrovial.com\/es\/noticias\/la-cebit-presenta-portatiles-fabricados-con-bambu\/\",\"name\":\"La CeBIT presenta port\u00e1tiles fabricados con bamb\u00fa Sala de prensa Ferrovial | \u00daltimas noticias\",\"isPartOf\":{\"@id\":\"https:\/\/newsroom.ferrovial.com\/es\/#website\"},\"datePublished\":\"2008-03-05T00:00:00+00:00\",\"dateModified\":\"2022-12-21T10:04:44+00:00\",\"description\":\"Sala de prensa Ferrovial | \u00daltimas noticias\",\"breadcrumb\":{\"@id\":\"https:\/\/newsroom.ferrovial.com\/es\/noticias\/la-cebit-presenta-portatiles-fabricados-con-bambu\/#breadcrumb\"},\"inLanguage\":\"es\",\"potentialAction\":[{\"@type\":\"ReadAction\",\"target\":[\"https:\/\/newsroom.ferrovial.com\/es\/noticias\/la-cebit-presenta-portatiles-fabricados-con-bambu\/\"]}]},{\"@type\":\"BreadcrumbList\",\"@id\":\"https:\/\/newsroom.ferrovial.com\/es\/noticias\/la-cebit-presenta-portatiles-fabricados-con-bambu\/#breadcrumb\",\"itemListElement\":[{\"@type\":\"ListItem\",\"position\":1,\"name\":\"Portada\",\"item\":\"https:\/\/newsroom.ferrovial.com\/es\/\"},{\"@type\":\"ListItem\",\"position\":2,\"name\":\"La CeBIT presenta port\u00e1tiles fabricados con bamb\u00fa\"}]},{\"@type\":\"WebSite\",\"@id\":\"https:\/\/newsroom.ferrovial.com\/es\/#website\",\"url\":\"https:\/\/newsroom.ferrovial.com\/es\/\",\"name\":\"Sala de prensa Ferrovial | \u00daltimas noticias\",\"description\":\"Sala de prensa Ferrovial | \u00daltimas noticias\",\"publisher\":{\"@id\":\"https:\/\/newsroom.ferrovial.com\/es\/#organization\"},\"potentialAction\":[{\"@type\":\"SearchAction\",\"target\":{\"@type\":\"EntryPoint\",\"urlTemplate\":\"https:\/\/newsroom.ferrovial.com\/es\/?s={search_term_string}\"},\"query-input\":{\"@type\":\"PropertyValueSpecification\",\"valueRequired\":true,\"valueName\":\"search_term_string\"}}],\"inLanguage\":\"es\"},{\"@type\":\"Organization\",\"@id\":\"https:\/\/newsroom.ferrovial.com\/es\/#organization\",\"name\":\"Ferrovial S.A.\",\"url\":\"https:\/\/newsroom.ferrovial.com\/es\/\",\"logo\":{\"@type\":\"ImageObject\",\"inLanguage\":\"es\",\"@id\":\"https:\/\/newsroom.ferrovial.com\/es\/#\/schema\/logo\/image\/\",\"url\":\"https:\/\/static.newsroom.ferrovial.com\/wp-content\/uploads\/2018\/07\/15145720\/Ferrovial_Logotipo1.jpg\",\"contentUrl\":\"https:\/\/static.newsroom.ferrovial.com\/wp-content\/uploads\/2018\/07\/15145720\/Ferrovial_Logotipo1.jpg\",\"width\":600,\"height\":300,\"caption\":\"Ferrovial S.A.\"},\"image\":{\"@id\":\"https:\/\/newsroom.ferrovial.com\/es\/#\/schema\/logo\/image\/\"},\"sameAs\":[\"https:\/\/www.facebook.com\/ferrovial\",\"https:\/\/x.com\/ferrovial\",\"https:\/\/www.instagram.com\/ferrovial\/\",\"https:\/\/www.linkedin.com\/company\/ferrovial\",\"https:\/\/www.pinterest.es\/ferrovial\/\",\"https:\/\/www.youtube.com\/ferrovial\",\"https:\/\/en.wikipedia.org\/wiki\/Ferrovial\"]}]}<\/script>","yoast_head_json":{"title":"La CeBIT presenta port\u00e1tiles fabricados con bamb\u00fa Sala de prensa Ferrovial | \u00daltimas noticias","description":"Sala de prensa Ferrovial | \u00daltimas noticias","robots":{"index":"index","follow":"follow","max-snippet":"max-snippet:-1","max-image-preview":"max-image-preview:large","max-video-preview":"max-video-preview:-1"},"canonical":"https:\/\/newsroom.ferrovial.com\/es\/noticias\/la-cebit-presenta-portatiles-fabricados-con-bambu\/","og_locale":"es_ES","og_type":"article","og_title":"La CeBIT presenta port\u00e1tiles fabricados con bamb\u00fa Sala de prensa Ferrovial | \u00daltimas noticias","og_description":"Sala de prensa Ferrovial | \u00daltimas noticias","og_url":"https:\/\/newsroom.ferrovial.com\/es\/noticias\/la-cebit-presenta-portatiles-fabricados-con-bambu\/","og_site_name":"Sala de prensa Ferrovial | \u00daltimas noticias","article_publisher":"https:\/\/www.facebook.com\/ferrovial","article_modified_time":"2022-12-21T10:04:44+00:00","twitter_card":"summary_large_image","twitter_site":"@ferrovial","schema":{"@context":"https:\/\/schema.org","@graph":[{"@type":"WebPage","@id":"https:\/\/newsroom.ferrovial.com\/es\/noticias\/la-cebit-presenta-portatiles-fabricados-con-bambu\/","url":"https:\/\/newsroom.ferrovial.com\/es\/noticias\/la-cebit-presenta-portatiles-fabricados-con-bambu\/","name":"La CeBIT presenta port\u00e1tiles fabricados con bamb\u00fa Sala de prensa Ferrovial | \u00daltimas noticias","isPartOf":{"@id":"https:\/\/newsroom.ferrovial.com\/es\/#website"},"datePublished":"2008-03-05T00:00:00+00:00","dateModified":"2022-12-21T10:04:44+00:00","description":"Sala de prensa Ferrovial | \u00daltimas noticias","breadcrumb":{"@id":"https:\/\/newsroom.ferrovial.com\/es\/noticias\/la-cebit-presenta-portatiles-fabricados-con-bambu\/#breadcrumb"},"inLanguage":"es","potentialAction":[{"@type":"ReadAction","target":["https:\/\/newsroom.ferrovial.com\/es\/noticias\/la-cebit-presenta-portatiles-fabricados-con-bambu\/"]}]},{"@type":"BreadcrumbList","@id":"https:\/\/newsroom.ferrovial.com\/es\/noticias\/la-cebit-presenta-portatiles-fabricados-con-bambu\/#breadcrumb","itemListElement":[{"@type":"ListItem","position":1,"name":"Portada","item":"https:\/\/newsroom.ferrovial.com\/es\/"},{"@type":"ListItem","position":2,"name":"La CeBIT presenta port\u00e1tiles fabricados con bamb\u00fa"}]},{"@type":"WebSite","@id":"https:\/\/newsroom.ferrovial.com\/es\/#website","url":"https:\/\/newsroom.ferrovial.com\/es\/","name":"Sala de prensa Ferrovial | \u00daltimas noticias","description":"Sala de prensa Ferrovial | \u00daltimas noticias","publisher":{"@id":"https:\/\/newsroom.ferrovial.com\/es\/#organization"},"potentialAction":[{"@type":"SearchAction","target":{"@type":"EntryPoint","urlTemplate":"https:\/\/newsroom.ferrovial.com\/es\/?s={search_term_string}"},"query-input":{"@type":"PropertyValueSpecification","valueRequired":true,"valueName":"search_term_string"}}],"inLanguage":"es"},{"@type":"Organization","@id":"https:\/\/newsroom.ferrovial.com\/es\/#organization","name":"Ferrovial S.A.","url":"https:\/\/newsroom.ferrovial.com\/es\/","logo":{"@type":"ImageObject","inLanguage":"es","@id":"https:\/\/newsroom.ferrovial.com\/es\/#\/schema\/logo\/image\/","url":"https:\/\/static.newsroom.ferrovial.com\/wp-content\/uploads\/2018\/07\/15145720\/Ferrovial_Logotipo1.jpg","contentUrl":"https:\/\/static.newsroom.ferrovial.com\/wp-content\/uploads\/2018\/07\/15145720\/Ferrovial_Logotipo1.jpg","width":600,"height":300,"caption":"Ferrovial S.A."},"image":{"@id":"https:\/\/newsroom.ferrovial.com\/es\/#\/schema\/logo\/image\/"},"sameAs":["https:\/\/www.facebook.com\/ferrovial","https:\/\/x.com\/ferrovial","https:\/\/www.instagram.com\/ferrovial\/","https:\/\/www.linkedin.com\/company\/ferrovial","https:\/\/www.pinterest.es\/ferrovial\/","https:\/\/www.youtube.com\/ferrovial","https:\/\/en.wikipedia.org\/wiki\/Ferrovial"]}]}},"_links":{"self":[{"href":"https:\/\/newsroom.ferrovial.com\/es\/wp-json\/wp\/v2\/new\/1964","targetHints":{"allow":["GET"]}}],"collection":[{"href":"https:\/\/newsroom.ferrovial.com\/es\/wp-json\/wp\/v2\/new"}],"about":[{"href":"https:\/\/newsroom.ferrovial.com\/es\/wp-json\/wp\/v2\/types\/new"}],"replies":[{"embeddable":true,"href":"https:\/\/newsroom.ferrovial.com\/es\/wp-json\/wp\/v2\/comments?post=1964"}],"version-history":[{"count":1,"href":"https:\/\/newsroom.ferrovial.com\/es\/wp-json\/wp\/v2\/new\/1964\/revisions"}],"predecessor-version":[{"id":118645,"href":"https:\/\/newsroom.ferrovial.com\/es\/wp-json\/wp\/v2\/new\/1964\/revisions\/118645"}],"wp:attachment":[{"href":"https:\/\/newsroom.ferrovial.com\/es\/wp-json\/wp\/v2\/media?parent=1964"}],"wp:term":[{"taxonomy":"nivel-2","embeddable":true,"href":"https:\/\/newsroom.ferrovial.com\/es\/wp-json\/wp\/v2\/nivel-2?post=1964"},{"taxonomy":"nivel-5","embeddable":true,"href":"https:\/\/newsroom.ferrovial.com\/es\/wp-json\/wp\/v2\/nivel-5?post=1964"},{"taxonomy":"nivel-1","embeddable":true,"href":"https:\/\/newsroom.ferrovial.com\/es\/wp-json\/wp\/v2\/nivel-1?post=1964"},{"taxonomy":"nivel-3","embeddable":true,"href":"https:\/\/newsroom.ferrovial.com\/es\/wp-json\/wp\/v2\/nivel-3?post=1964"},{"taxonomy":"nivel-4","embeddable":true,"href":"https:\/\/newsroom.ferrovial.com\/es\/wp-json\/wp\/v2\/nivel-4?post=1964"}],"curies":[{"name":"wp","href":"https:\/\/api.w.org\/{rel}","templated":true}]}}