{"id":1981,"date":"2007-11-22T00:00:00","date_gmt":"2007-11-22T00:00:00","guid":{"rendered":"https:\/\/newsroom.ferrovial.com\/news\/la-feria-biocultura-abre-sus-puertas-para-mostrar-la-expansion-del-sector-ecologico-en-madrid\/"},"modified":"2022-12-21T11:13:18","modified_gmt":"2022-12-21T10:13:18","slug":"la-feria-biocultura-abre-sus-puertas-para-mostrar-la-expansion-del-sector-ecologico-en-madrid","status":"publish","type":"new","link":"https:\/\/newsroom.ferrovial.com\/es\/noticias\/la-feria-biocultura-abre-sus-puertas-para-mostrar-la-expansion-del-sector-ecologico-en-madrid\/","title":{"rendered":"La Feria Biocultura abre sus puertas para mostrar la expansi\u00f3n del sector ecol\u00f3gico en Madrid"},"content":{"rendered":"    <section class=\"wysiwyg text-editor \" id=\"\">\n        <div class=\"container container--narrow container--p-10\">\n            <p>(Europa Press).- La Feria Biocultura, organizada por la Asociaci\u00f3n Vida Sana, abrir\u00e1 sus puertas al p\u00fablico a partir de ma\u00f1ana y hasta el domingo 25 de noviembre en el Pabell\u00f3n de Cristal de la Casa de Campo para demostrar la expansi\u00f3n del sector ecol\u00f3gico en Madrid.<\/p>\n<p>En la presentaci\u00f3n del evento, el director general de Agricultura y Desarrollo Rural, Luis S\u00e1nchez, junto con otros representantes y autoridades del sector agrario y ecol\u00f3gico, destac\u00f3 la importante expansi\u00f3n del sector ecol\u00f3gico en la Regi\u00f3n debido a una demanda cada vez mayor de estos productos.<\/p>\n<p>En este acto se dio a conocer la creaci\u00f3n de la Agrupaci\u00f3n para la Defensa de la Agricultura Ecol\u00f3gica, que nace con el objetivo principal de defender la producci\u00f3n ecol\u00f3gica como herramienta fundamental para el desarrollo sostenible del medio rural.<\/p>\n<p>Los asistentes a la 23 edici\u00f3n de Biocultura podr\u00e1n disfrutar de hasta 200 actividades paralelas como conferencias, conciertos, talleres, mesas redondas o degustaciones. Adem\u00e1s, en la Feria se reunir\u00e1n cerca de 700 expositores pertenecientes a sectores de la alimentaci\u00f3n, cosm\u00e9tica, salud, muebles y decoraci\u00f3n o energ\u00edas alternativas, entre otros.<\/p>\n        <\/div>\n    <\/section>\n","protected":false},"excerpt":{"rendered":"","protected":false},"featured_media":0,"menu_order":0,"comment_status":"closed","ping_status":"closed","template":"","nivel-2":[936],"nivel-5":[],"nivel-1":[],"nivel-3":[],"nivel-4":[],"class_list":["post-1981","new","type-new","status-publish","hentry","nivel-2-conservacion-del-medio-ambiente"],"acf":[],"yoast_head":"<title>La Feria Biocultura abre sus puertas para mostrar la expansi\u00f3n del sector ecol\u00f3gico en Madrid Sala de prensa Ferrovial | \u00daltimas noticias<\/title>\n<meta name=\"description\" content=\"Sala de prensa Ferrovial | \u00daltimas noticias\" \/>\n<meta name=\"robots\" content=\"index, follow, max-snippet:-1, max-image-preview:large, max-video-preview:-1\" \/>\n<link rel=\"canonical\" href=\"https:\/\/newsroom.ferrovial.com\/es\/noticias\/la-feria-biocultura-abre-sus-puertas-para-mostrar-la-expansion-del-sector-ecologico-en-madrid\/\" \/>\n<meta property=\"og:locale\" content=\"es_ES\" \/>\n<meta property=\"og:type\" content=\"article\" \/>\n<meta property=\"og:title\" content=\"La Feria Biocultura abre sus puertas para mostrar la expansi\u00f3n del sector ecol\u00f3gico en Madrid Sala de prensa Ferrovial | \u00daltimas noticias\" \/>\n<meta property=\"og:description\" content=\"Sala de prensa Ferrovial | \u00daltimas noticias\" \/>\n<meta property=\"og:url\" content=\"https:\/\/newsroom.ferrovial.com\/es\/noticias\/la-feria-biocultura-abre-sus-puertas-para-mostrar-la-expansion-del-sector-ecologico-en-madrid\/\" \/>\n<meta property=\"og:site_name\" content=\"Sala de prensa Ferrovial | \u00daltimas noticias\" \/>\n<meta property=\"article:publisher\" content=\"https:\/\/www.facebook.com\/ferrovial\" \/>\n<meta property=\"article:modified_time\" content=\"2022-12-21T10:13:18+00:00\" \/>\n<meta name=\"twitter:card\" content=\"summary_large_image\" \/>\n<meta name=\"twitter:site\" content=\"@ferrovial\" \/>\n<script type=\"application\/ld+json\" class=\"yoast-schema-graph\">{\"@context\":\"https:\/\/schema.org\",\"@graph\":[{\"@type\":\"WebPage\",\"@id\":\"https:\/\/newsroom.ferrovial.com\/es\/noticias\/la-feria-biocultura-abre-sus-puertas-para-mostrar-la-expansion-del-sector-ecologico-en-madrid\/\",\"url\":\"https:\/\/newsroom.ferrovial.com\/es\/noticias\/la-feria-biocultura-abre-sus-puertas-para-mostrar-la-expansion-del-sector-ecologico-en-madrid\/\",\"name\":\"La Feria Biocultura abre sus puertas para mostrar la expansi\u00f3n del sector ecol\u00f3gico en Madrid Sala de prensa Ferrovial | \u00daltimas noticias\",\"isPartOf\":{\"@id\":\"https:\/\/newsroom.ferrovial.com\/es\/#website\"},\"datePublished\":\"2007-11-22T00:00:00+00:00\",\"dateModified\":\"2022-12-21T10:13:18+00:00\",\"description\":\"Sala de prensa Ferrovial | \u00daltimas noticias\",\"breadcrumb\":{\"@id\":\"https:\/\/newsroom.ferrovial.com\/es\/noticias\/la-feria-biocultura-abre-sus-puertas-para-mostrar-la-expansion-del-sector-ecologico-en-madrid\/#breadcrumb\"},\"inLanguage\":\"es\",\"potentialAction\":[{\"@type\":\"ReadAction\",\"target\":[\"https:\/\/newsroom.ferrovial.com\/es\/noticias\/la-feria-biocultura-abre-sus-puertas-para-mostrar-la-expansion-del-sector-ecologico-en-madrid\/\"]}]},{\"@type\":\"BreadcrumbList\",\"@id\":\"https:\/\/newsroom.ferrovial.com\/es\/noticias\/la-feria-biocultura-abre-sus-puertas-para-mostrar-la-expansion-del-sector-ecologico-en-madrid\/#breadcrumb\",\"itemListElement\":[{\"@type\":\"ListItem\",\"position\":1,\"name\":\"Portada\",\"item\":\"https:\/\/newsroom.ferrovial.com\/es\/\"},{\"@type\":\"ListItem\",\"position\":2,\"name\":\"La Feria Biocultura abre sus puertas para mostrar la expansi\u00f3n del sector ecol\u00f3gico en Madrid\"}]},{\"@type\":\"WebSite\",\"@id\":\"https:\/\/newsroom.ferrovial.com\/es\/#website\",\"url\":\"https:\/\/newsroom.ferrovial.com\/es\/\",\"name\":\"Sala de prensa Ferrovial | \u00daltimas noticias\",\"description\":\"Sala de prensa Ferrovial | \u00daltimas noticias\",\"publisher\":{\"@id\":\"https:\/\/newsroom.ferrovial.com\/es\/#organization\"},\"potentialAction\":[{\"@type\":\"SearchAction\",\"target\":{\"@type\":\"EntryPoint\",\"urlTemplate\":\"https:\/\/newsroom.ferrovial.com\/es\/?s={search_term_string}\"},\"query-input\":{\"@type\":\"PropertyValueSpecification\",\"valueRequired\":true,\"valueName\":\"search_term_string\"}}],\"inLanguage\":\"es\"},{\"@type\":\"Organization\",\"@id\":\"https:\/\/newsroom.ferrovial.com\/es\/#organization\",\"name\":\"Ferrovial S.A.\",\"url\":\"https:\/\/newsroom.ferrovial.com\/es\/\",\"logo\":{\"@type\":\"ImageObject\",\"inLanguage\":\"es\",\"@id\":\"https:\/\/newsroom.ferrovial.com\/es\/#\/schema\/logo\/image\/\",\"url\":\"https:\/\/static.newsroom.ferrovial.com\/wp-content\/uploads\/2018\/07\/15145720\/Ferrovial_Logotipo1.jpg\",\"contentUrl\":\"https:\/\/static.newsroom.ferrovial.com\/wp-content\/uploads\/2018\/07\/15145720\/Ferrovial_Logotipo1.jpg\",\"width\":600,\"height\":300,\"caption\":\"Ferrovial S.A.\"},\"image\":{\"@id\":\"https:\/\/newsroom.ferrovial.com\/es\/#\/schema\/logo\/image\/\"},\"sameAs\":[\"https:\/\/www.facebook.com\/ferrovial\",\"https:\/\/x.com\/ferrovial\",\"https:\/\/www.instagram.com\/ferrovial\/\",\"https:\/\/www.linkedin.com\/company\/ferrovial\",\"https:\/\/www.pinterest.es\/ferrovial\/\",\"https:\/\/www.youtube.com\/ferrovial\",\"https:\/\/en.wikipedia.org\/wiki\/Ferrovial\"]}]}<\/script>","yoast_head_json":{"title":"La Feria Biocultura abre sus puertas para mostrar la expansi\u00f3n del sector ecol\u00f3gico en Madrid Sala de prensa Ferrovial | \u00daltimas noticias","description":"Sala de prensa Ferrovial | \u00daltimas noticias","robots":{"index":"index","follow":"follow","max-snippet":"max-snippet:-1","max-image-preview":"max-image-preview:large","max-video-preview":"max-video-preview:-1"},"canonical":"https:\/\/newsroom.ferrovial.com\/es\/noticias\/la-feria-biocultura-abre-sus-puertas-para-mostrar-la-expansion-del-sector-ecologico-en-madrid\/","og_locale":"es_ES","og_type":"article","og_title":"La Feria Biocultura abre sus puertas para mostrar la expansi\u00f3n del sector ecol\u00f3gico en Madrid Sala de prensa Ferrovial | \u00daltimas noticias","og_description":"Sala de prensa Ferrovial | \u00daltimas noticias","og_url":"https:\/\/newsroom.ferrovial.com\/es\/noticias\/la-feria-biocultura-abre-sus-puertas-para-mostrar-la-expansion-del-sector-ecologico-en-madrid\/","og_site_name":"Sala de prensa Ferrovial | \u00daltimas noticias","article_publisher":"https:\/\/www.facebook.com\/ferrovial","article_modified_time":"2022-12-21T10:13:18+00:00","twitter_card":"summary_large_image","twitter_site":"@ferrovial","schema":{"@context":"https:\/\/schema.org","@graph":[{"@type":"WebPage","@id":"https:\/\/newsroom.ferrovial.com\/es\/noticias\/la-feria-biocultura-abre-sus-puertas-para-mostrar-la-expansion-del-sector-ecologico-en-madrid\/","url":"https:\/\/newsroom.ferrovial.com\/es\/noticias\/la-feria-biocultura-abre-sus-puertas-para-mostrar-la-expansion-del-sector-ecologico-en-madrid\/","name":"La Feria Biocultura abre sus puertas para mostrar la expansi\u00f3n del sector ecol\u00f3gico en Madrid Sala de prensa Ferrovial | \u00daltimas noticias","isPartOf":{"@id":"https:\/\/newsroom.ferrovial.com\/es\/#website"},"datePublished":"2007-11-22T00:00:00+00:00","dateModified":"2022-12-21T10:13:18+00:00","description":"Sala de prensa Ferrovial | \u00daltimas noticias","breadcrumb":{"@id":"https:\/\/newsroom.ferrovial.com\/es\/noticias\/la-feria-biocultura-abre-sus-puertas-para-mostrar-la-expansion-del-sector-ecologico-en-madrid\/#breadcrumb"},"inLanguage":"es","potentialAction":[{"@type":"ReadAction","target":["https:\/\/newsroom.ferrovial.com\/es\/noticias\/la-feria-biocultura-abre-sus-puertas-para-mostrar-la-expansion-del-sector-ecologico-en-madrid\/"]}]},{"@type":"BreadcrumbList","@id":"https:\/\/newsroom.ferrovial.com\/es\/noticias\/la-feria-biocultura-abre-sus-puertas-para-mostrar-la-expansion-del-sector-ecologico-en-madrid\/#breadcrumb","itemListElement":[{"@type":"ListItem","position":1,"name":"Portada","item":"https:\/\/newsroom.ferrovial.com\/es\/"},{"@type":"ListItem","position":2,"name":"La Feria Biocultura abre sus puertas para mostrar la expansi\u00f3n del sector ecol\u00f3gico en Madrid"}]},{"@type":"WebSite","@id":"https:\/\/newsroom.ferrovial.com\/es\/#website","url":"https:\/\/newsroom.ferrovial.com\/es\/","name":"Sala de prensa Ferrovial | \u00daltimas noticias","description":"Sala de prensa Ferrovial | \u00daltimas noticias","publisher":{"@id":"https:\/\/newsroom.ferrovial.com\/es\/#organization"},"potentialAction":[{"@type":"SearchAction","target":{"@type":"EntryPoint","urlTemplate":"https:\/\/newsroom.ferrovial.com\/es\/?s={search_term_string}"},"query-input":{"@type":"PropertyValueSpecification","valueRequired":true,"valueName":"search_term_string"}}],"inLanguage":"es"},{"@type":"Organization","@id":"https:\/\/newsroom.ferrovial.com\/es\/#organization","name":"Ferrovial S.A.","url":"https:\/\/newsroom.ferrovial.com\/es\/","logo":{"@type":"ImageObject","inLanguage":"es","@id":"https:\/\/newsroom.ferrovial.com\/es\/#\/schema\/logo\/image\/","url":"https:\/\/static.newsroom.ferrovial.com\/wp-content\/uploads\/2018\/07\/15145720\/Ferrovial_Logotipo1.jpg","contentUrl":"https:\/\/static.newsroom.ferrovial.com\/wp-content\/uploads\/2018\/07\/15145720\/Ferrovial_Logotipo1.jpg","width":600,"height":300,"caption":"Ferrovial S.A."},"image":{"@id":"https:\/\/newsroom.ferrovial.com\/es\/#\/schema\/logo\/image\/"},"sameAs":["https:\/\/www.facebook.com\/ferrovial","https:\/\/x.com\/ferrovial","https:\/\/www.instagram.com\/ferrovial\/","https:\/\/www.linkedin.com\/company\/ferrovial","https:\/\/www.pinterest.es\/ferrovial\/","https:\/\/www.youtube.com\/ferrovial","https:\/\/en.wikipedia.org\/wiki\/Ferrovial"]}]}},"_links":{"self":[{"href":"https:\/\/newsroom.ferrovial.com\/es\/wp-json\/wp\/v2\/new\/1981","targetHints":{"allow":["GET"]}}],"collection":[{"href":"https:\/\/newsroom.ferrovial.com\/es\/wp-json\/wp\/v2\/new"}],"about":[{"href":"https:\/\/newsroom.ferrovial.com\/es\/wp-json\/wp\/v2\/types\/new"}],"replies":[{"embeddable":true,"href":"https:\/\/newsroom.ferrovial.com\/es\/wp-json\/wp\/v2\/comments?post=1981"}],"version-history":[{"count":1,"href":"https:\/\/newsroom.ferrovial.com\/es\/wp-json\/wp\/v2\/new\/1981\/revisions"}],"predecessor-version":[{"id":118836,"href":"https:\/\/newsroom.ferrovial.com\/es\/wp-json\/wp\/v2\/new\/1981\/revisions\/118836"}],"wp:attachment":[{"href":"https:\/\/newsroom.ferrovial.com\/es\/wp-json\/wp\/v2\/media?parent=1981"}],"wp:term":[{"taxonomy":"nivel-2","embeddable":true,"href":"https:\/\/newsroom.ferrovial.com\/es\/wp-json\/wp\/v2\/nivel-2?post=1981"},{"taxonomy":"nivel-5","embeddable":true,"href":"https:\/\/newsroom.ferrovial.com\/es\/wp-json\/wp\/v2\/nivel-5?post=1981"},{"taxonomy":"nivel-1","embeddable":true,"href":"https:\/\/newsroom.ferrovial.com\/es\/wp-json\/wp\/v2\/nivel-1?post=1981"},{"taxonomy":"nivel-3","embeddable":true,"href":"https:\/\/newsroom.ferrovial.com\/es\/wp-json\/wp\/v2\/nivel-3?post=1981"},{"taxonomy":"nivel-4","embeddable":true,"href":"https:\/\/newsroom.ferrovial.com\/es\/wp-json\/wp\/v2\/nivel-4?post=1981"}],"curies":[{"name":"wp","href":"https:\/\/api.w.org\/{rel}","templated":true}]}}