{"id":2038,"date":"2008-03-07T00:00:00","date_gmt":"2008-03-07T00:00:00","guid":{"rendered":"https:\/\/newsroom.ferrovial.com\/news\/lucha-contra-el-cambio-climatico-marca-las-propuestas-energeticas-de-partidos\/"},"modified":"2022-12-21T11:04:42","modified_gmt":"2022-12-21T10:04:42","slug":"lucha-contra-el-cambio-climatico-marca-las-propuestas-energeticas-de-partidos","status":"publish","type":"new","link":"https:\/\/newsroom.ferrovial.com\/es\/noticias\/lucha-contra-el-cambio-climatico-marca-las-propuestas-energeticas-de-partidos\/","title":{"rendered":"Lucha contra el cambio clim\u00e1tico marca las propuestas energ\u00e9ticas de partidos"},"content":{"rendered":"    <section class=\"wysiwyg text-editor \" id=\"\">\n        <div class=\"container container--narrow container--p-10\">\n            <p>Los programas de <strong><strong>PSOE<\/strong><\/strong>, <strong><strong>PP<\/strong><\/strong> e <strong><strong>IU<\/strong><\/strong> reflejan la evidencia del cambio clim\u00e1tico y la importancia del desarrollo sostenible y el respeto al medioambiente al abordar el problema de la energ\u00eda, que en esta cita electoral trasciende el \u00e1mbito econ\u00f3mico para convertirse en una pol\u00edtica transversal.<\/p>\n<p><strong>El fomento de las energ\u00edas renovables y las medidas de eficiencia y ahorro<\/strong>, sobre todo estas \u00faltimas, son los asuntos con m\u00e1s protagonismo y espacio dentro de los programas, los que presentan un mayor grado de consenso entre las tres formaciones y donde se concentran m\u00e1s propuestas concretas.<\/p>\n<p>En el polo opuesto se encuentra la energ\u00eda nuclear, donde la oferta pol\u00edtica se mueve entre la calculada ambig\u00fcedad de <strong><strong>PSOE<\/strong><\/strong> y <strong><strong>PP<\/strong><\/strong> y la oposici\u00f3n abierta y expl\u00edcita de <strong><strong>IU<\/strong><\/strong>.<\/p>\n<p>Los populares aseguran que las renovables tendr\u00e1n &#8216;un papel central&#8217; en su pol\u00edtica, para lo que apuestan por la creaci\u00f3n de una<br \/>\n<strong>Ley de Energ\u00edas Renovables<\/strong>, cuyo contenido no se especifica, una &#8216;gu\u00eda pr\u00e1ctica&#8217; sobre estas fuentes energ\u00e9ticas destinada a los consumidores y programas espec\u00edficos de <strong><strong>I+D+i<\/strong><\/strong> para su desarrollo tecnol\u00f3gico.<\/p>\n<p>En cuanto al ahorro y la eficiencia, el <strong><strong>PP<\/strong><\/strong> promete un <strong>plan para lograr un uso generalizado del gas natural y el hidr\u00f3geno en el transporte p\u00fablico urbano e incentivos fiscales a las compa\u00f1\u00edas que cumplan determinados requisitos de ahorro energ\u00e9tico<\/strong>.<\/p>\n<p>Para reducir el consumo de energ\u00eda y las emisiones de <strong><strong>CO2<\/strong><\/strong>, el <strong><strong>PSOE<\/strong><\/strong> propone un <strong>Plan Nacional de Rehabilitaci\u00f3n de la Edificaci\u00f3n<\/strong>, que incluye la rehabilitaci\u00f3n de 500.000 viviendas y edificios en la legislatura y que contar\u00e1 con una subvenci\u00f3n directa de 1.000 millones y una nueva l\u00ednea de cr\u00e9dito del <strong><strong>ICO<\/strong><\/strong> de 2.000 millones anuales.<\/p>\n<p>Adem\u00e1s, plantea un <strong>Plan de Renovaci\u00f3n Urbana<\/strong> dirigido a la mejora energ\u00e9tica de edificios p\u00fablicos y m\u00e1s medidas dirigidas al fomento del transporte p\u00fablico y la movilidad urbana.<\/p>\n<p>En estos dos cap\u00edtulos el <strong><strong>PSOE<\/strong><\/strong> aprovecha para hacer balance de su gesti\u00f3n y recordar los avances registrados en ambos campos gracias a medidas como el <strong>Plan de Energ\u00edas Renovables<\/strong> (<strong><strong>PER<\/strong><\/strong>) 2005-2010 o los dos planes de acci\u00f3n para el ahorro energ\u00e9tico puestos en marcha en los \u00faltimos cuatro a\u00f1os.<\/p>\n<p>La asignatura <strong>Educaci\u00f3n para la Ciudadan\u00eda<\/strong> incluir\u00e1 contenidos para contribuir a crear h\u00e1bitos de consumo energ\u00e9tico responsable.<\/p>\n<p><strong><strong>IU<\/strong><\/strong> se remite a la puesta en marcha de su proyecto de <strong>Ley de Ahorro y Uso Eficiente de la Energ\u00eda<\/strong>, presentado en el Congreso en enero pasado, con la que quiere alcanzar el 30 por ciento de energ\u00edas renovables en 2020, un 10 por ciento m\u00e1s que el objetivo europeo (cifra que siempre toman como referencia <strong><strong>PP<\/strong><\/strong> y <strong><strong>PSOE<\/strong><\/strong>).<\/p>\n<p>La coalici\u00f3n apuesta por un <strong>Plan de Rehabilitaci\u00f3n de viviendas<\/strong> que incorpore las renovables a los inmuebles con una inversi\u00f3n p\u00fablica de 2.000 millones al a\u00f1o.<\/p>\n<p>En materia nuclear, la formaci\u00f3n que lidera Gaspar Llamazares es la m\u00e1s clara: aprobar en el primer a\u00f1o de legislatura un plan de cierre escalonado de las centrales al final de su vida prevista.\u00a0La de Garo\u00f1a (Burgos) se clausurar\u00e1 en 2009.<\/p>\n<p>El <strong><strong>PP<\/strong><\/strong> quiere impulsar <strong>&#8216;un consenso con las principales fuerzas sociales y pol\u00edticas&#8217;<\/strong> para mantener los actuales emplazamientos, <strong>&#8216;gestionar la vida \u00fatil de las centrales existentes en l\u00ednea con las tendencias internacionales&#8217;<\/strong> e<br \/>\n<strong>&#8216;intensificar los recursos y el esfuerzo investigador para la completa reutilizaci\u00f3n de los residuos&#8217;.<\/strong><\/p>\n<p>El <strong><strong>PSOE<\/strong><\/strong> mantiene su &#8216;compromiso de sustituci\u00f3n gradual&#8217; de la nuclear por &#8216;energ\u00edas seguras, limpias y menos costosas, cerrando las centrales de forma ordenada en el tiempo al final de su vida \u00fatil&#8217; y con la prioridad de la seguridad del suministro y &#8216;el m\u00e1ximo consenso social&#8217;.<\/p>\n<p>En el resto de asuntos, muchas coincidencias (mejorar la gesti\u00f3n de la demanda, reducci\u00f3n de la dependencia exterior, impulso a las interconexiones y a los almacenamientos de gas) y algunos asuntos ya puestos en marcha.<\/p>\n<p>Dos ejemplos: el <strong><strong>PP<\/strong><\/strong> propone dise\u00f1ar un <strong>sistema de retribuci\u00f3n de la distribuci\u00f3n de gas y electricidad<\/strong>, cuando desde el sector gasista no se ha reclamado y el Gobierno aprob\u00f3 el nuevo Real Decreto de distribuci\u00f3n el\u00e9ctrica este mes de febrero.<\/p>\n<p>El <strong><strong>PSOE<\/strong><\/strong> apuesta por una nueva regulaci\u00f3n de los niveles m\u00ednimos de calidad del servicio el\u00e9ctrico, cuando el mencionado decreto incluye penalizaciones e incentivos en funci\u00f3n de la calidad del suministro.<\/p>\n<p>EFE<\/p>\n        <\/div>\n    <\/section>\n","protected":false},"excerpt":{"rendered":"","protected":false},"featured_media":0,"menu_order":0,"comment_status":"closed","ping_status":"closed","template":"","nivel-2":[936],"nivel-5":[],"nivel-1":[],"nivel-3":[],"nivel-4":[],"class_list":["post-2038","new","type-new","status-publish","hentry","nivel-2-conservacion-del-medio-ambiente"],"acf":[],"yoast_head":"<title>Lucha contra el cambio clim\u00e1tico marca las propuestas energ\u00e9ticas de partidos Sala de prensa Ferrovial | \u00daltimas noticias<\/title>\n<meta name=\"description\" content=\"Sala de prensa Ferrovial | \u00daltimas noticias\" \/>\n<meta name=\"robots\" content=\"index, follow, max-snippet:-1, max-image-preview:large, max-video-preview:-1\" \/>\n<link rel=\"canonical\" href=\"https:\/\/newsroom.ferrovial.com\/es\/noticias\/lucha-contra-el-cambio-climatico-marca-las-propuestas-energeticas-de-partidos\/\" \/>\n<meta property=\"og:locale\" content=\"es_ES\" \/>\n<meta property=\"og:type\" content=\"article\" \/>\n<meta property=\"og:title\" content=\"Lucha contra el cambio clim\u00e1tico marca las propuestas energ\u00e9ticas de partidos Sala de prensa Ferrovial | \u00daltimas noticias\" \/>\n<meta property=\"og:description\" content=\"Sala de prensa Ferrovial | \u00daltimas noticias\" \/>\n<meta property=\"og:url\" content=\"https:\/\/newsroom.ferrovial.com\/es\/noticias\/lucha-contra-el-cambio-climatico-marca-las-propuestas-energeticas-de-partidos\/\" \/>\n<meta property=\"og:site_name\" content=\"Sala de prensa Ferrovial | \u00daltimas noticias\" \/>\n<meta property=\"article:publisher\" content=\"https:\/\/www.facebook.com\/ferrovial\" \/>\n<meta property=\"article:modified_time\" content=\"2022-12-21T10:04:42+00:00\" \/>\n<meta name=\"twitter:card\" content=\"summary_large_image\" \/>\n<meta name=\"twitter:site\" content=\"@ferrovial\" \/>\n<script type=\"application\/ld+json\" class=\"yoast-schema-graph\">{\"@context\":\"https:\/\/schema.org\",\"@graph\":[{\"@type\":\"WebPage\",\"@id\":\"https:\/\/newsroom.ferrovial.com\/es\/noticias\/lucha-contra-el-cambio-climatico-marca-las-propuestas-energeticas-de-partidos\/\",\"url\":\"https:\/\/newsroom.ferrovial.com\/es\/noticias\/lucha-contra-el-cambio-climatico-marca-las-propuestas-energeticas-de-partidos\/\",\"name\":\"Lucha contra el cambio clim\u00e1tico marca las propuestas energ\u00e9ticas de partidos Sala de prensa Ferrovial | \u00daltimas noticias\",\"isPartOf\":{\"@id\":\"https:\/\/newsroom.ferrovial.com\/es\/#website\"},\"datePublished\":\"2008-03-07T00:00:00+00:00\",\"dateModified\":\"2022-12-21T10:04:42+00:00\",\"description\":\"Sala de prensa Ferrovial | \u00daltimas noticias\",\"breadcrumb\":{\"@id\":\"https:\/\/newsroom.ferrovial.com\/es\/noticias\/lucha-contra-el-cambio-climatico-marca-las-propuestas-energeticas-de-partidos\/#breadcrumb\"},\"inLanguage\":\"es\",\"potentialAction\":[{\"@type\":\"ReadAction\",\"target\":[\"https:\/\/newsroom.ferrovial.com\/es\/noticias\/lucha-contra-el-cambio-climatico-marca-las-propuestas-energeticas-de-partidos\/\"]}]},{\"@type\":\"BreadcrumbList\",\"@id\":\"https:\/\/newsroom.ferrovial.com\/es\/noticias\/lucha-contra-el-cambio-climatico-marca-las-propuestas-energeticas-de-partidos\/#breadcrumb\",\"itemListElement\":[{\"@type\":\"ListItem\",\"position\":1,\"name\":\"Portada\",\"item\":\"https:\/\/newsroom.ferrovial.com\/es\/\"},{\"@type\":\"ListItem\",\"position\":2,\"name\":\"Lucha contra el cambio clim\u00e1tico marca las propuestas energ\u00e9ticas de partidos\"}]},{\"@type\":\"WebSite\",\"@id\":\"https:\/\/newsroom.ferrovial.com\/es\/#website\",\"url\":\"https:\/\/newsroom.ferrovial.com\/es\/\",\"name\":\"Sala de prensa Ferrovial | \u00daltimas noticias\",\"description\":\"Sala de prensa Ferrovial | \u00daltimas noticias\",\"publisher\":{\"@id\":\"https:\/\/newsroom.ferrovial.com\/es\/#organization\"},\"potentialAction\":[{\"@type\":\"SearchAction\",\"target\":{\"@type\":\"EntryPoint\",\"urlTemplate\":\"https:\/\/newsroom.ferrovial.com\/es\/?s={search_term_string}\"},\"query-input\":{\"@type\":\"PropertyValueSpecification\",\"valueRequired\":true,\"valueName\":\"search_term_string\"}}],\"inLanguage\":\"es\"},{\"@type\":\"Organization\",\"@id\":\"https:\/\/newsroom.ferrovial.com\/es\/#organization\",\"name\":\"Ferrovial S.A.\",\"url\":\"https:\/\/newsroom.ferrovial.com\/es\/\",\"logo\":{\"@type\":\"ImageObject\",\"inLanguage\":\"es\",\"@id\":\"https:\/\/newsroom.ferrovial.com\/es\/#\/schema\/logo\/image\/\",\"url\":\"https:\/\/static.newsroom.ferrovial.com\/wp-content\/uploads\/2018\/07\/15145720\/Ferrovial_Logotipo1.jpg\",\"contentUrl\":\"https:\/\/static.newsroom.ferrovial.com\/wp-content\/uploads\/2018\/07\/15145720\/Ferrovial_Logotipo1.jpg\",\"width\":600,\"height\":300,\"caption\":\"Ferrovial S.A.\"},\"image\":{\"@id\":\"https:\/\/newsroom.ferrovial.com\/es\/#\/schema\/logo\/image\/\"},\"sameAs\":[\"https:\/\/www.facebook.com\/ferrovial\",\"https:\/\/x.com\/ferrovial\",\"https:\/\/www.instagram.com\/ferrovial\/\",\"https:\/\/www.linkedin.com\/company\/ferrovial\",\"https:\/\/www.pinterest.es\/ferrovial\/\",\"https:\/\/www.youtube.com\/ferrovial\",\"https:\/\/en.wikipedia.org\/wiki\/Ferrovial\"]}]}<\/script>","yoast_head_json":{"title":"Lucha contra el cambio clim\u00e1tico marca las propuestas energ\u00e9ticas de partidos Sala de prensa Ferrovial | \u00daltimas noticias","description":"Sala de prensa Ferrovial | \u00daltimas noticias","robots":{"index":"index","follow":"follow","max-snippet":"max-snippet:-1","max-image-preview":"max-image-preview:large","max-video-preview":"max-video-preview:-1"},"canonical":"https:\/\/newsroom.ferrovial.com\/es\/noticias\/lucha-contra-el-cambio-climatico-marca-las-propuestas-energeticas-de-partidos\/","og_locale":"es_ES","og_type":"article","og_title":"Lucha contra el cambio clim\u00e1tico marca las propuestas energ\u00e9ticas de partidos Sala de prensa Ferrovial | \u00daltimas noticias","og_description":"Sala de prensa Ferrovial | \u00daltimas noticias","og_url":"https:\/\/newsroom.ferrovial.com\/es\/noticias\/lucha-contra-el-cambio-climatico-marca-las-propuestas-energeticas-de-partidos\/","og_site_name":"Sala de prensa Ferrovial | \u00daltimas noticias","article_publisher":"https:\/\/www.facebook.com\/ferrovial","article_modified_time":"2022-12-21T10:04:42+00:00","twitter_card":"summary_large_image","twitter_site":"@ferrovial","schema":{"@context":"https:\/\/schema.org","@graph":[{"@type":"WebPage","@id":"https:\/\/newsroom.ferrovial.com\/es\/noticias\/lucha-contra-el-cambio-climatico-marca-las-propuestas-energeticas-de-partidos\/","url":"https:\/\/newsroom.ferrovial.com\/es\/noticias\/lucha-contra-el-cambio-climatico-marca-las-propuestas-energeticas-de-partidos\/","name":"Lucha contra el cambio clim\u00e1tico marca las propuestas energ\u00e9ticas de partidos Sala de prensa Ferrovial | \u00daltimas noticias","isPartOf":{"@id":"https:\/\/newsroom.ferrovial.com\/es\/#website"},"datePublished":"2008-03-07T00:00:00+00:00","dateModified":"2022-12-21T10:04:42+00:00","description":"Sala de prensa Ferrovial | \u00daltimas noticias","breadcrumb":{"@id":"https:\/\/newsroom.ferrovial.com\/es\/noticias\/lucha-contra-el-cambio-climatico-marca-las-propuestas-energeticas-de-partidos\/#breadcrumb"},"inLanguage":"es","potentialAction":[{"@type":"ReadAction","target":["https:\/\/newsroom.ferrovial.com\/es\/noticias\/lucha-contra-el-cambio-climatico-marca-las-propuestas-energeticas-de-partidos\/"]}]},{"@type":"BreadcrumbList","@id":"https:\/\/newsroom.ferrovial.com\/es\/noticias\/lucha-contra-el-cambio-climatico-marca-las-propuestas-energeticas-de-partidos\/#breadcrumb","itemListElement":[{"@type":"ListItem","position":1,"name":"Portada","item":"https:\/\/newsroom.ferrovial.com\/es\/"},{"@type":"ListItem","position":2,"name":"Lucha contra el cambio clim\u00e1tico marca las propuestas energ\u00e9ticas de partidos"}]},{"@type":"WebSite","@id":"https:\/\/newsroom.ferrovial.com\/es\/#website","url":"https:\/\/newsroom.ferrovial.com\/es\/","name":"Sala de prensa Ferrovial | \u00daltimas noticias","description":"Sala de prensa Ferrovial | \u00daltimas noticias","publisher":{"@id":"https:\/\/newsroom.ferrovial.com\/es\/#organization"},"potentialAction":[{"@type":"SearchAction","target":{"@type":"EntryPoint","urlTemplate":"https:\/\/newsroom.ferrovial.com\/es\/?s={search_term_string}"},"query-input":{"@type":"PropertyValueSpecification","valueRequired":true,"valueName":"search_term_string"}}],"inLanguage":"es"},{"@type":"Organization","@id":"https:\/\/newsroom.ferrovial.com\/es\/#organization","name":"Ferrovial S.A.","url":"https:\/\/newsroom.ferrovial.com\/es\/","logo":{"@type":"ImageObject","inLanguage":"es","@id":"https:\/\/newsroom.ferrovial.com\/es\/#\/schema\/logo\/image\/","url":"https:\/\/static.newsroom.ferrovial.com\/wp-content\/uploads\/2018\/07\/15145720\/Ferrovial_Logotipo1.jpg","contentUrl":"https:\/\/static.newsroom.ferrovial.com\/wp-content\/uploads\/2018\/07\/15145720\/Ferrovial_Logotipo1.jpg","width":600,"height":300,"caption":"Ferrovial S.A."},"image":{"@id":"https:\/\/newsroom.ferrovial.com\/es\/#\/schema\/logo\/image\/"},"sameAs":["https:\/\/www.facebook.com\/ferrovial","https:\/\/x.com\/ferrovial","https:\/\/www.instagram.com\/ferrovial\/","https:\/\/www.linkedin.com\/company\/ferrovial","https:\/\/www.pinterest.es\/ferrovial\/","https:\/\/www.youtube.com\/ferrovial","https:\/\/en.wikipedia.org\/wiki\/Ferrovial"]}]}},"_links":{"self":[{"href":"https:\/\/newsroom.ferrovial.com\/es\/wp-json\/wp\/v2\/new\/2038","targetHints":{"allow":["GET"]}}],"collection":[{"href":"https:\/\/newsroom.ferrovial.com\/es\/wp-json\/wp\/v2\/new"}],"about":[{"href":"https:\/\/newsroom.ferrovial.com\/es\/wp-json\/wp\/v2\/types\/new"}],"replies":[{"embeddable":true,"href":"https:\/\/newsroom.ferrovial.com\/es\/wp-json\/wp\/v2\/comments?post=2038"}],"version-history":[{"count":1,"href":"https:\/\/newsroom.ferrovial.com\/es\/wp-json\/wp\/v2\/new\/2038\/revisions"}],"predecessor-version":[{"id":118640,"href":"https:\/\/newsroom.ferrovial.com\/es\/wp-json\/wp\/v2\/new\/2038\/revisions\/118640"}],"wp:attachment":[{"href":"https:\/\/newsroom.ferrovial.com\/es\/wp-json\/wp\/v2\/media?parent=2038"}],"wp:term":[{"taxonomy":"nivel-2","embeddable":true,"href":"https:\/\/newsroom.ferrovial.com\/es\/wp-json\/wp\/v2\/nivel-2?post=2038"},{"taxonomy":"nivel-5","embeddable":true,"href":"https:\/\/newsroom.ferrovial.com\/es\/wp-json\/wp\/v2\/nivel-5?post=2038"},{"taxonomy":"nivel-1","embeddable":true,"href":"https:\/\/newsroom.ferrovial.com\/es\/wp-json\/wp\/v2\/nivel-1?post=2038"},{"taxonomy":"nivel-3","embeddable":true,"href":"https:\/\/newsroom.ferrovial.com\/es\/wp-json\/wp\/v2\/nivel-3?post=2038"},{"taxonomy":"nivel-4","embeddable":true,"href":"https:\/\/newsroom.ferrovial.com\/es\/wp-json\/wp\/v2\/nivel-4?post=2038"}],"curies":[{"name":"wp","href":"https:\/\/api.w.org\/{rel}","templated":true}]}}