{"id":2042,"date":"2010-03-02T00:00:00","date_gmt":"2010-03-02T00:00:00","guid":{"rendered":"https:\/\/newsroom.ferrovial.com\/news\/madrid-acogera-una-nueva-iniciativa-de-movilidad-sostenible-que-fomenta-el-uso-de-coches-compartidos\/"},"modified":"2022-12-21T10:40:51","modified_gmt":"2022-12-21T09:40:51","slug":"madrid-acogera-una-nueva-iniciativa-de-movilidad-sostenible-que-fomenta-el-uso-de-coches-compartidos","status":"publish","type":"new","link":"https:\/\/newsroom.ferrovial.com\/es\/noticias\/madrid-acogera-una-nueva-iniciativa-de-movilidad-sostenible-que-fomenta-el-uso-de-coches-compartidos\/","title":{"rendered":"Madrid acoger\u00e1 una nueva iniciativa de movilidad sostenible que fomenta el uso de \u00abcoches compartidos\u00bb."},"content":{"rendered":"    <section class=\"wysiwyg text-editor \" id=\"\">\n        <div class=\"container container--narrow container--p-10\">\n            <p>\u00a0<\/p>\n<p>   \u00a0<\/p>\n<p><\/p>\n<p>  Respiro Carsharing es una nueva e alternativa de transporte sostenible, que aunque novedosa en Espa\u00f1a, ya cuenta con m\u00e1s de 500.000 usuarios en 1000 ciudades de todo el mundo.<\/p>\n<p>El concepto de transporte es muy sencillo, consiste en poner al servicio del consumidor una flota de coches de bajas emisiones que van a ser utilizados por varios consumidores, lo que evita el coste de tener un coche propio, su mantenimiento y aparcamiento.<\/p>\n<p>Los usuarios de \u00e9ste servicio, podr\u00e1n tener acceso a su coche situado en aparcamientos abiertos 24h\/d\u00eda los 365 d\u00edas del a\u00f1o, previa reserva on-line o telef\u00f3nica, en la que indicar\u00e1 la franja horaria de uso, y el veh\u00edculo que quiere utilizar (a elegir entre un Mini-Cooper o Clio Gran Tour).<\/p>\n<p>Cada abonado recibe una tarjeta personal con la que accede a los coches, que est\u00e1n equipados con un ordenador de abordo que gestiona de forma autom\u00e1tica las reservas, y registra la informaci\u00f3n del tiempo de uso del coche para mandar la correspondiente factura al usuario.<\/p>\n<p>El conductor abonar\u00e1 una cuota anual (50\u0080) de alta en el servicio, y la tarifa de uso de los veh\u00edculos es de 0.15 \u0080\/minuto o 9\u0080 hora, y en el coste se incluyen todos los gastos de mantenimiento, carburante (200Km), seguro, asistencia y limpieza de la flota, que actualmente se distribuye en 7 aparcamientos de los distritos de Chamber\u00ed, Centro y Salamanca.<\/p>\n<p>La empresa a su vez, ha implantado una estrategia para compensar las emisiones generadas con financiaci\u00f3n de proyectos de ahorro de CO2 y, a medio plazo, pretende incorporar veh\u00edculos el\u00e9ctricos a la flota.<\/p>\n<p>  \u00a0<\/p>\n<p>\u00a0<\/p>\n<p>  \u00a0<br \/>\n  <img decoding=\"async\" src=\"\/wp-content\/uploads\/noticias\/Madrid-acogera-una-nueva-iniciativa-de-movilidad-sostenible-que-fomenta-el-uso-de-coches-compartidos.jpg\" alt=\"\" \/><\/p>\n<p>\u00a0<\/p>\n<p> \u00a0Fuente:<br \/>\n <a href=\"http:\/\/www.respiromadrid.es\/\"><u>www.respiromadrid.es<\/u><\/a><\/p>\n        <\/div>\n    <\/section>\n","protected":false},"excerpt":{"rendered":"","protected":false},"featured_media":0,"menu_order":0,"comment_status":"closed","ping_status":"closed","template":"","nivel-2":[936],"nivel-5":[],"nivel-1":[],"nivel-3":[],"nivel-4":[],"class_list":["post-2042","new","type-new","status-publish","hentry","nivel-2-conservacion-del-medio-ambiente"],"acf":[],"yoast_head":"<title>Madrid acoger\u00e1 una nueva iniciativa de movilidad sostenible que fomenta el uso de &quot;coches compartidos&quot;. Sala de prensa Ferrovial | \u00daltimas noticias<\/title>\n<meta name=\"description\" content=\"Sala de prensa Ferrovial | \u00daltimas noticias\" \/>\n<meta name=\"robots\" content=\"index, follow, max-snippet:-1, max-image-preview:large, max-video-preview:-1\" \/>\n<link rel=\"canonical\" href=\"https:\/\/newsroom.ferrovial.com\/es\/noticias\/madrid-acogera-una-nueva-iniciativa-de-movilidad-sostenible-que-fomenta-el-uso-de-coches-compartidos\/\" \/>\n<meta property=\"og:locale\" content=\"es_ES\" \/>\n<meta property=\"og:type\" content=\"article\" \/>\n<meta property=\"og:title\" content=\"Madrid acoger\u00e1 una nueva iniciativa de movilidad sostenible que fomenta el uso de &quot;coches compartidos&quot;. Sala de prensa Ferrovial | \u00daltimas noticias\" \/>\n<meta property=\"og:description\" content=\"Sala de prensa Ferrovial | \u00daltimas noticias\" \/>\n<meta property=\"og:url\" content=\"https:\/\/newsroom.ferrovial.com\/es\/noticias\/madrid-acogera-una-nueva-iniciativa-de-movilidad-sostenible-que-fomenta-el-uso-de-coches-compartidos\/\" \/>\n<meta property=\"og:site_name\" content=\"Sala de prensa Ferrovial | \u00daltimas noticias\" \/>\n<meta property=\"article:publisher\" content=\"https:\/\/www.facebook.com\/ferrovial\" \/>\n<meta property=\"article:modified_time\" content=\"2022-12-21T09:40:51+00:00\" \/>\n<meta name=\"twitter:card\" content=\"summary_large_image\" \/>\n<meta name=\"twitter:site\" content=\"@ferrovial\" \/>\n<script type=\"application\/ld+json\" class=\"yoast-schema-graph\">{\"@context\":\"https:\/\/schema.org\",\"@graph\":[{\"@type\":\"WebPage\",\"@id\":\"https:\/\/newsroom.ferrovial.com\/es\/noticias\/madrid-acogera-una-nueva-iniciativa-de-movilidad-sostenible-que-fomenta-el-uso-de-coches-compartidos\/\",\"url\":\"https:\/\/newsroom.ferrovial.com\/es\/noticias\/madrid-acogera-una-nueva-iniciativa-de-movilidad-sostenible-que-fomenta-el-uso-de-coches-compartidos\/\",\"name\":\"Madrid acoger\u00e1 una nueva iniciativa de movilidad sostenible que fomenta el uso de \\\"coches compartidos\\\". Sala de prensa Ferrovial | \u00daltimas noticias\",\"isPartOf\":{\"@id\":\"https:\/\/newsroom.ferrovial.com\/es\/#website\"},\"datePublished\":\"2010-03-02T00:00:00+00:00\",\"dateModified\":\"2022-12-21T09:40:51+00:00\",\"description\":\"Sala de prensa Ferrovial | \u00daltimas noticias\",\"breadcrumb\":{\"@id\":\"https:\/\/newsroom.ferrovial.com\/es\/noticias\/madrid-acogera-una-nueva-iniciativa-de-movilidad-sostenible-que-fomenta-el-uso-de-coches-compartidos\/#breadcrumb\"},\"inLanguage\":\"es\",\"potentialAction\":[{\"@type\":\"ReadAction\",\"target\":[\"https:\/\/newsroom.ferrovial.com\/es\/noticias\/madrid-acogera-una-nueva-iniciativa-de-movilidad-sostenible-que-fomenta-el-uso-de-coches-compartidos\/\"]}]},{\"@type\":\"BreadcrumbList\",\"@id\":\"https:\/\/newsroom.ferrovial.com\/es\/noticias\/madrid-acogera-una-nueva-iniciativa-de-movilidad-sostenible-que-fomenta-el-uso-de-coches-compartidos\/#breadcrumb\",\"itemListElement\":[{\"@type\":\"ListItem\",\"position\":1,\"name\":\"Portada\",\"item\":\"https:\/\/newsroom.ferrovial.com\/es\/\"},{\"@type\":\"ListItem\",\"position\":2,\"name\":\"Madrid acoger\u00e1 una nueva iniciativa de movilidad sostenible que fomenta el uso de \u00abcoches compartidos\u00bb.\"}]},{\"@type\":\"WebSite\",\"@id\":\"https:\/\/newsroom.ferrovial.com\/es\/#website\",\"url\":\"https:\/\/newsroom.ferrovial.com\/es\/\",\"name\":\"Sala de prensa Ferrovial | \u00daltimas noticias\",\"description\":\"Sala de prensa Ferrovial | \u00daltimas noticias\",\"publisher\":{\"@id\":\"https:\/\/newsroom.ferrovial.com\/es\/#organization\"},\"potentialAction\":[{\"@type\":\"SearchAction\",\"target\":{\"@type\":\"EntryPoint\",\"urlTemplate\":\"https:\/\/newsroom.ferrovial.com\/es\/?s={search_term_string}\"},\"query-input\":{\"@type\":\"PropertyValueSpecification\",\"valueRequired\":true,\"valueName\":\"search_term_string\"}}],\"inLanguage\":\"es\"},{\"@type\":\"Organization\",\"@id\":\"https:\/\/newsroom.ferrovial.com\/es\/#organization\",\"name\":\"Ferrovial S.A.\",\"url\":\"https:\/\/newsroom.ferrovial.com\/es\/\",\"logo\":{\"@type\":\"ImageObject\",\"inLanguage\":\"es\",\"@id\":\"https:\/\/newsroom.ferrovial.com\/es\/#\/schema\/logo\/image\/\",\"url\":\"https:\/\/static.newsroom.ferrovial.com\/wp-content\/uploads\/2018\/07\/15145720\/Ferrovial_Logotipo1.jpg\",\"contentUrl\":\"https:\/\/static.newsroom.ferrovial.com\/wp-content\/uploads\/2018\/07\/15145720\/Ferrovial_Logotipo1.jpg\",\"width\":600,\"height\":300,\"caption\":\"Ferrovial S.A.\"},\"image\":{\"@id\":\"https:\/\/newsroom.ferrovial.com\/es\/#\/schema\/logo\/image\/\"},\"sameAs\":[\"https:\/\/www.facebook.com\/ferrovial\",\"https:\/\/x.com\/ferrovial\",\"https:\/\/www.instagram.com\/ferrovial\/\",\"https:\/\/www.linkedin.com\/company\/ferrovial\",\"https:\/\/www.pinterest.es\/ferrovial\/\",\"https:\/\/www.youtube.com\/ferrovial\",\"https:\/\/en.wikipedia.org\/wiki\/Ferrovial\"]}]}<\/script>","yoast_head_json":{"title":"Madrid acoger\u00e1 una nueva iniciativa de movilidad sostenible que fomenta el uso de \"coches compartidos\". Sala de prensa Ferrovial | \u00daltimas noticias","description":"Sala de prensa Ferrovial | \u00daltimas noticias","robots":{"index":"index","follow":"follow","max-snippet":"max-snippet:-1","max-image-preview":"max-image-preview:large","max-video-preview":"max-video-preview:-1"},"canonical":"https:\/\/newsroom.ferrovial.com\/es\/noticias\/madrid-acogera-una-nueva-iniciativa-de-movilidad-sostenible-que-fomenta-el-uso-de-coches-compartidos\/","og_locale":"es_ES","og_type":"article","og_title":"Madrid acoger\u00e1 una nueva iniciativa de movilidad sostenible que fomenta el uso de \"coches compartidos\". Sala de prensa Ferrovial | \u00daltimas noticias","og_description":"Sala de prensa Ferrovial | \u00daltimas noticias","og_url":"https:\/\/newsroom.ferrovial.com\/es\/noticias\/madrid-acogera-una-nueva-iniciativa-de-movilidad-sostenible-que-fomenta-el-uso-de-coches-compartidos\/","og_site_name":"Sala de prensa Ferrovial | \u00daltimas noticias","article_publisher":"https:\/\/www.facebook.com\/ferrovial","article_modified_time":"2022-12-21T09:40:51+00:00","twitter_card":"summary_large_image","twitter_site":"@ferrovial","schema":{"@context":"https:\/\/schema.org","@graph":[{"@type":"WebPage","@id":"https:\/\/newsroom.ferrovial.com\/es\/noticias\/madrid-acogera-una-nueva-iniciativa-de-movilidad-sostenible-que-fomenta-el-uso-de-coches-compartidos\/","url":"https:\/\/newsroom.ferrovial.com\/es\/noticias\/madrid-acogera-una-nueva-iniciativa-de-movilidad-sostenible-que-fomenta-el-uso-de-coches-compartidos\/","name":"Madrid acoger\u00e1 una nueva iniciativa de movilidad sostenible que fomenta el uso de \"coches compartidos\". Sala de prensa Ferrovial | \u00daltimas noticias","isPartOf":{"@id":"https:\/\/newsroom.ferrovial.com\/es\/#website"},"datePublished":"2010-03-02T00:00:00+00:00","dateModified":"2022-12-21T09:40:51+00:00","description":"Sala de prensa Ferrovial | \u00daltimas noticias","breadcrumb":{"@id":"https:\/\/newsroom.ferrovial.com\/es\/noticias\/madrid-acogera-una-nueva-iniciativa-de-movilidad-sostenible-que-fomenta-el-uso-de-coches-compartidos\/#breadcrumb"},"inLanguage":"es","potentialAction":[{"@type":"ReadAction","target":["https:\/\/newsroom.ferrovial.com\/es\/noticias\/madrid-acogera-una-nueva-iniciativa-de-movilidad-sostenible-que-fomenta-el-uso-de-coches-compartidos\/"]}]},{"@type":"BreadcrumbList","@id":"https:\/\/newsroom.ferrovial.com\/es\/noticias\/madrid-acogera-una-nueva-iniciativa-de-movilidad-sostenible-que-fomenta-el-uso-de-coches-compartidos\/#breadcrumb","itemListElement":[{"@type":"ListItem","position":1,"name":"Portada","item":"https:\/\/newsroom.ferrovial.com\/es\/"},{"@type":"ListItem","position":2,"name":"Madrid acoger\u00e1 una nueva iniciativa de movilidad sostenible que fomenta el uso de \u00abcoches compartidos\u00bb."}]},{"@type":"WebSite","@id":"https:\/\/newsroom.ferrovial.com\/es\/#website","url":"https:\/\/newsroom.ferrovial.com\/es\/","name":"Sala de prensa Ferrovial | \u00daltimas noticias","description":"Sala de prensa Ferrovial | \u00daltimas noticias","publisher":{"@id":"https:\/\/newsroom.ferrovial.com\/es\/#organization"},"potentialAction":[{"@type":"SearchAction","target":{"@type":"EntryPoint","urlTemplate":"https:\/\/newsroom.ferrovial.com\/es\/?s={search_term_string}"},"query-input":{"@type":"PropertyValueSpecification","valueRequired":true,"valueName":"search_term_string"}}],"inLanguage":"es"},{"@type":"Organization","@id":"https:\/\/newsroom.ferrovial.com\/es\/#organization","name":"Ferrovial S.A.","url":"https:\/\/newsroom.ferrovial.com\/es\/","logo":{"@type":"ImageObject","inLanguage":"es","@id":"https:\/\/newsroom.ferrovial.com\/es\/#\/schema\/logo\/image\/","url":"https:\/\/static.newsroom.ferrovial.com\/wp-content\/uploads\/2018\/07\/15145720\/Ferrovial_Logotipo1.jpg","contentUrl":"https:\/\/static.newsroom.ferrovial.com\/wp-content\/uploads\/2018\/07\/15145720\/Ferrovial_Logotipo1.jpg","width":600,"height":300,"caption":"Ferrovial S.A."},"image":{"@id":"https:\/\/newsroom.ferrovial.com\/es\/#\/schema\/logo\/image\/"},"sameAs":["https:\/\/www.facebook.com\/ferrovial","https:\/\/x.com\/ferrovial","https:\/\/www.instagram.com\/ferrovial\/","https:\/\/www.linkedin.com\/company\/ferrovial","https:\/\/www.pinterest.es\/ferrovial\/","https:\/\/www.youtube.com\/ferrovial","https:\/\/en.wikipedia.org\/wiki\/Ferrovial"]}]}},"_links":{"self":[{"href":"https:\/\/newsroom.ferrovial.com\/es\/wp-json\/wp\/v2\/new\/2042","targetHints":{"allow":["GET"]}}],"collection":[{"href":"https:\/\/newsroom.ferrovial.com\/es\/wp-json\/wp\/v2\/new"}],"about":[{"href":"https:\/\/newsroom.ferrovial.com\/es\/wp-json\/wp\/v2\/types\/new"}],"replies":[{"embeddable":true,"href":"https:\/\/newsroom.ferrovial.com\/es\/wp-json\/wp\/v2\/comments?post=2042"}],"version-history":[{"count":1,"href":"https:\/\/newsroom.ferrovial.com\/es\/wp-json\/wp\/v2\/new\/2042\/revisions"}],"predecessor-version":[{"id":118108,"href":"https:\/\/newsroom.ferrovial.com\/es\/wp-json\/wp\/v2\/new\/2042\/revisions\/118108"}],"wp:attachment":[{"href":"https:\/\/newsroom.ferrovial.com\/es\/wp-json\/wp\/v2\/media?parent=2042"}],"wp:term":[{"taxonomy":"nivel-2","embeddable":true,"href":"https:\/\/newsroom.ferrovial.com\/es\/wp-json\/wp\/v2\/nivel-2?post=2042"},{"taxonomy":"nivel-5","embeddable":true,"href":"https:\/\/newsroom.ferrovial.com\/es\/wp-json\/wp\/v2\/nivel-5?post=2042"},{"taxonomy":"nivel-1","embeddable":true,"href":"https:\/\/newsroom.ferrovial.com\/es\/wp-json\/wp\/v2\/nivel-1?post=2042"},{"taxonomy":"nivel-3","embeddable":true,"href":"https:\/\/newsroom.ferrovial.com\/es\/wp-json\/wp\/v2\/nivel-3?post=2042"},{"taxonomy":"nivel-4","embeddable":true,"href":"https:\/\/newsroom.ferrovial.com\/es\/wp-json\/wp\/v2\/nivel-4?post=2042"}],"curies":[{"name":"wp","href":"https:\/\/api.w.org\/{rel}","templated":true}]}}