{"id":2060,"date":"2007-12-12T00:00:00","date_gmt":"2007-12-12T00:00:00","guid":{"rendered":"https:\/\/newsroom.ferrovial.com\/news\/narbona-espera-que-el-mandato-de-bali-sea-el-mas-exigente-y-duda-de-que-eeuu-acepte-cifras-de-reduccion-de-co2\/"},"modified":"2022-12-21T11:11:47","modified_gmt":"2022-12-21T10:11:47","slug":"narbona-espera-que-el-mandato-de-bali-sea-el-mas-exigente-y-duda-de-que-eeuu-acepte-cifras-de-reduccion-de-co2","status":"publish","type":"new","link":"https:\/\/newsroom.ferrovial.com\/es\/noticias\/narbona-espera-que-el-mandato-de-bali-sea-el-mas-exigente-y-duda-de-que-eeuu-acepte-cifras-de-reduccion-de-co2\/","title":{"rendered":"Narbona espera que el mandato de Bali sea \u00abel m\u00e1s exigente\u00bb y duda de que EEUU acepte cifras de reducci\u00f3n de CO2"},"content":{"rendered":"    <section class=\"wysiwyg text-editor \" id=\"\">\n        <div class=\"container container--narrow container--p-10\">\n            <p>(<a title=\"\" href=\"http:\/\/www.europapress.es\/\">Europa Press<\/a>).- La ministra de Medio Ambiente, Cristina Narbona, advirti\u00f3 hoy de que \u00abla obligaci\u00f3n\u00bb de la Uni\u00f3n Europea es procurar que en la Conferencia de Naciones Unidas sobre el Cambio Clim\u00e1tico de Bali se logre un mandato \u00ablo m\u00e1s exigente posible\u00bb, aunque tambi\u00e9n manifest\u00f3 sus \u00abdudas\u00bb al respecto de que Estados Unidos \u00abest\u00e9 dispuesta a que aparezca una cifra de rango de reducci\u00f3n de emisiones\u00bb.<\/p>\n<p>En un encuentro con medios de comunicaci\u00f3n en la isla indonesia de Bali, donde se celebra la cumbre, Narbona avanz\u00f3 que \u00abhasta el \u00faltimo momento\u00bb se mantendr\u00e1n las dos posturas sobre compromisos de reducci\u00f3n y dijo creer \u00abcon toda seguridad\u00bb que finalmente se producir\u00e1 un mandato, aunque reconoci\u00f3 que \u00abotra cosa distinta es que se haga una referencia\u00bb en \u00e9l a las cifras de reducci\u00f3n de CO2.<\/p>\n<p>\u00abCreemos que Estados Unidos no dar\u00e1 el paso m\u00e1s amplio\u00bb, admiti\u00f3, adem\u00e1s de apuntar que actualmente Canad\u00e1 \u00abtambi\u00e9n est\u00e1 en esa l\u00f3gica\u00bb, aunque insisti\u00f3 en que \u00abno se puede hablar de bloqueo\u00bb en las negociaciones por el momento. As\u00ed, record\u00f3 que en anteriores cumbres los acuerdos se alcanzaron a \u00faltima hora, incluso \u00abde madrugada\u00bb.<\/p>\n<p>En esa l\u00ednea, la ministra se mostr\u00f3 convencida de que \u00abva a haber un enorme esfuerzo de todas las partes\u00bb y record\u00f3 que hasta ahora se ha producido una \u00abpreparaci\u00f3n para la decisi\u00f3n pol\u00edtica\u00bb, ya que a partir de hoy se incorporan a la reuni\u00f3n de Bali los ministros de Medio Ambiente de los pa\u00edses participantes, que ser\u00e1n los encargados de cerrar los acuerdos.<\/p>\n<p>La titular de Medio Ambiente, que encabeza una delegaci\u00f3n espa\u00f1ola de 40 personas, reiter\u00f3 que el actual es \u00abel mejor contexto\u00bb que ha tenido nunca una cumbre del clima y consider\u00f3 que es \u00abpronto para hablar de l\u00edneas rojas\u00bb que debe establecer la Uni\u00f3n Europea como m\u00ednimos en la negociaci\u00f3n. En ese sentido, avanz\u00f3 que ser\u00e1 ma\u00f1ana cuando se re\u00fana con los ministros del ramo del resto de pa\u00edses de la UE.<\/p>\n<h4>Situaci\u00f3n de las negociaciones<\/h4>\n<p>Tras lo apuntado por la ministra, la directora de la Oficina Espa\u00f1ola de Cambio Clim\u00e1tico, Teresa Ribera, dio cuenta de en qu\u00e9 punto se encuentran las negociaciones de los pa\u00edses para lograr un mandato que d\u00e9 pie a desarrollar la segunda fase del Protocolo de Kioto. As\u00ed, explic\u00f3 que de los tres procesos de negociaci\u00f3n \u00abel que ha ido m\u00e1s lento\u00bb es el relativo al art\u00edculo 9 del protocolo, referido a la eficacia de su cumplimiento.<\/p>\n<p>De todas formas, explic\u00f3 que existe la posibilidad de que en ese contexto se encauce una propuesta rusa sobre la aportaci\u00f3n de compromisos de reducci\u00f3n de car\u00e1cter voluntario por parte de los pa\u00edses en desarrollo, que hasta ahora no ha sido bien recibida por algunos Estados. \u00abSiempre es complicado administrar un escenario en que Rusia se pueda sentir despreciada\u00bb, advirti\u00f3.<\/p>\n<p>En todo caso, destac\u00f3 que los rusos no han planteado \u00abninguna actitud compleja\u00bb en relaci\u00f3n a los rangos de reducci\u00f3n de emisiones, como s\u00ed lo han hecho Canad\u00e1 y Jap\u00f3n, ya que concretamente este \u00faltimo \u00abes enormemente cauto a la hora de asumir cifras concretas\u00bb, aunque ha mostrado \u00abuna actitud constructiva\u00bb, seg\u00fan Ribera. \u00abCanad\u00e1 es la que quiz\u00e1 est\u00e1 expresando m\u00e1s cautelas respecto a la idea de fijar compromisos multilaterales\u00bb, concluy\u00f3.<\/p>\n<h4>Jornada en Bali<\/h4>\n<p>En el d\u00eda de hoy, Narbona tuvo oportunidad de asistir a un evento organizado por Espa\u00f1a en el marco de la cumbre, relacionado con la incidencia del cambio clim\u00e1tico en las zonas costeras, un asunto en el que Espa\u00f1a es \u00abuna referencia para otros pa\u00edses\u00bb, especialmente en lo relativo a la legislaci\u00f3n sobre costas, de la que no disponen todos los Estados.<\/p>\n<p>La ministra explic\u00f3 que tambi\u00e9n mantuvo una reuni\u00f3n bilateral con el ministro de Medio Ambiente de Ucrania, pa\u00eds con el que Espa\u00f1a establecer\u00e1 un memor\u00e1ndum de entendimiento que permitir\u00e1 \u00abaprovechar el protocolo de Kioto de forma distinta\u00bb, ya que Espa\u00f1a adquirir\u00e1 reducciones de emisiones a Ucrania y el gobierno de este pa\u00eds destinar\u00e1 los fondos resultantes a mejoras de eficiencia energ\u00e9tica.<\/p>\n<p>Finalmente, tambi\u00e9n en la jornada de hoy, la primera que pasa en Bali, se reuni\u00f3 con los responsables de la Unesco en Indonesia, concretamente con los encargados de los sistemas de alerta oceanogr\u00e1fica, a los que traslad\u00f3 su \u00absatisfacci\u00f3n\u00bb por la \u00abeficacia demostrada\u00bb ante un se\u00edsmo que se produjo el pasado mes de septiembre en la zona y que pod\u00eda haber producido consecuencias similares a las del tsunami que azot\u00f3 la Indonesia en 2004.<\/p>\n        <\/div>\n    <\/section>\n","protected":false},"excerpt":{"rendered":"","protected":false},"featured_media":0,"menu_order":0,"comment_status":"closed","ping_status":"closed","template":"","nivel-2":[],"nivel-5":[],"nivel-1":[],"nivel-3":[],"nivel-4":[],"class_list":["post-2060","new","type-new","status-publish","hentry"],"acf":[],"yoast_head":"<title>Narbona espera que el mandato de Bali sea &quot;el m\u00e1s exigente&quot; y duda de que EEUU acepte cifras de reducci\u00f3n de CO2 Sala de prensa Ferrovial | \u00daltimas noticias<\/title>\n<meta name=\"description\" content=\"Sala de prensa Ferrovial | \u00daltimas noticias\" \/>\n<meta name=\"robots\" content=\"index, follow, max-snippet:-1, max-image-preview:large, max-video-preview:-1\" \/>\n<link rel=\"canonical\" href=\"https:\/\/newsroom.ferrovial.com\/es\/noticias\/narbona-espera-que-el-mandato-de-bali-sea-el-mas-exigente-y-duda-de-que-eeuu-acepte-cifras-de-reduccion-de-co2\/\" \/>\n<meta property=\"og:locale\" content=\"es_ES\" \/>\n<meta property=\"og:type\" content=\"article\" \/>\n<meta property=\"og:title\" content=\"Narbona espera que el mandato de Bali sea &quot;el m\u00e1s exigente&quot; y duda de que EEUU acepte cifras de reducci\u00f3n de CO2 Sala de prensa Ferrovial | \u00daltimas noticias\" \/>\n<meta property=\"og:description\" content=\"Sala de prensa Ferrovial | \u00daltimas noticias\" \/>\n<meta property=\"og:url\" content=\"https:\/\/newsroom.ferrovial.com\/es\/noticias\/narbona-espera-que-el-mandato-de-bali-sea-el-mas-exigente-y-duda-de-que-eeuu-acepte-cifras-de-reduccion-de-co2\/\" \/>\n<meta property=\"og:site_name\" content=\"Sala de prensa Ferrovial | \u00daltimas noticias\" \/>\n<meta property=\"article:publisher\" content=\"https:\/\/www.facebook.com\/ferrovial\" \/>\n<meta property=\"article:modified_time\" content=\"2022-12-21T10:11:47+00:00\" \/>\n<meta name=\"twitter:card\" content=\"summary_large_image\" \/>\n<meta name=\"twitter:site\" content=\"@ferrovial\" \/>\n<script type=\"application\/ld+json\" class=\"yoast-schema-graph\">{\"@context\":\"https:\/\/schema.org\",\"@graph\":[{\"@type\":\"WebPage\",\"@id\":\"https:\/\/newsroom.ferrovial.com\/es\/noticias\/narbona-espera-que-el-mandato-de-bali-sea-el-mas-exigente-y-duda-de-que-eeuu-acepte-cifras-de-reduccion-de-co2\/\",\"url\":\"https:\/\/newsroom.ferrovial.com\/es\/noticias\/narbona-espera-que-el-mandato-de-bali-sea-el-mas-exigente-y-duda-de-que-eeuu-acepte-cifras-de-reduccion-de-co2\/\",\"name\":\"Narbona espera que el mandato de Bali sea \\\"el m\u00e1s exigente\\\" y duda de que EEUU acepte cifras de reducci\u00f3n de CO2 Sala de prensa Ferrovial | \u00daltimas noticias\",\"isPartOf\":{\"@id\":\"https:\/\/newsroom.ferrovial.com\/es\/#website\"},\"datePublished\":\"2007-12-12T00:00:00+00:00\",\"dateModified\":\"2022-12-21T10:11:47+00:00\",\"description\":\"Sala de prensa Ferrovial | \u00daltimas noticias\",\"breadcrumb\":{\"@id\":\"https:\/\/newsroom.ferrovial.com\/es\/noticias\/narbona-espera-que-el-mandato-de-bali-sea-el-mas-exigente-y-duda-de-que-eeuu-acepte-cifras-de-reduccion-de-co2\/#breadcrumb\"},\"inLanguage\":\"es\",\"potentialAction\":[{\"@type\":\"ReadAction\",\"target\":[\"https:\/\/newsroom.ferrovial.com\/es\/noticias\/narbona-espera-que-el-mandato-de-bali-sea-el-mas-exigente-y-duda-de-que-eeuu-acepte-cifras-de-reduccion-de-co2\/\"]}]},{\"@type\":\"BreadcrumbList\",\"@id\":\"https:\/\/newsroom.ferrovial.com\/es\/noticias\/narbona-espera-que-el-mandato-de-bali-sea-el-mas-exigente-y-duda-de-que-eeuu-acepte-cifras-de-reduccion-de-co2\/#breadcrumb\",\"itemListElement\":[{\"@type\":\"ListItem\",\"position\":1,\"name\":\"Portada\",\"item\":\"https:\/\/newsroom.ferrovial.com\/es\/\"},{\"@type\":\"ListItem\",\"position\":2,\"name\":\"Narbona espera que el mandato de Bali sea \u00abel m\u00e1s exigente\u00bb y duda de que EEUU acepte cifras de reducci\u00f3n de CO2\"}]},{\"@type\":\"WebSite\",\"@id\":\"https:\/\/newsroom.ferrovial.com\/es\/#website\",\"url\":\"https:\/\/newsroom.ferrovial.com\/es\/\",\"name\":\"Sala de prensa Ferrovial | \u00daltimas noticias\",\"description\":\"Sala de prensa Ferrovial | \u00daltimas noticias\",\"publisher\":{\"@id\":\"https:\/\/newsroom.ferrovial.com\/es\/#organization\"},\"potentialAction\":[{\"@type\":\"SearchAction\",\"target\":{\"@type\":\"EntryPoint\",\"urlTemplate\":\"https:\/\/newsroom.ferrovial.com\/es\/?s={search_term_string}\"},\"query-input\":{\"@type\":\"PropertyValueSpecification\",\"valueRequired\":true,\"valueName\":\"search_term_string\"}}],\"inLanguage\":\"es\"},{\"@type\":\"Organization\",\"@id\":\"https:\/\/newsroom.ferrovial.com\/es\/#organization\",\"name\":\"Ferrovial S.A.\",\"url\":\"https:\/\/newsroom.ferrovial.com\/es\/\",\"logo\":{\"@type\":\"ImageObject\",\"inLanguage\":\"es\",\"@id\":\"https:\/\/newsroom.ferrovial.com\/es\/#\/schema\/logo\/image\/\",\"url\":\"https:\/\/static.newsroom.ferrovial.com\/wp-content\/uploads\/2018\/07\/15145720\/Ferrovial_Logotipo1.jpg\",\"contentUrl\":\"https:\/\/static.newsroom.ferrovial.com\/wp-content\/uploads\/2018\/07\/15145720\/Ferrovial_Logotipo1.jpg\",\"width\":600,\"height\":300,\"caption\":\"Ferrovial S.A.\"},\"image\":{\"@id\":\"https:\/\/newsroom.ferrovial.com\/es\/#\/schema\/logo\/image\/\"},\"sameAs\":[\"https:\/\/www.facebook.com\/ferrovial\",\"https:\/\/x.com\/ferrovial\",\"https:\/\/www.instagram.com\/ferrovial\/\",\"https:\/\/www.linkedin.com\/company\/ferrovial\",\"https:\/\/www.pinterest.es\/ferrovial\/\",\"https:\/\/www.youtube.com\/ferrovial\",\"https:\/\/en.wikipedia.org\/wiki\/Ferrovial\"]}]}<\/script>","yoast_head_json":{"title":"Narbona espera que el mandato de Bali sea \"el m\u00e1s exigente\" y duda de que EEUU acepte cifras de reducci\u00f3n de CO2 Sala de prensa Ferrovial | \u00daltimas noticias","description":"Sala de prensa Ferrovial | \u00daltimas noticias","robots":{"index":"index","follow":"follow","max-snippet":"max-snippet:-1","max-image-preview":"max-image-preview:large","max-video-preview":"max-video-preview:-1"},"canonical":"https:\/\/newsroom.ferrovial.com\/es\/noticias\/narbona-espera-que-el-mandato-de-bali-sea-el-mas-exigente-y-duda-de-que-eeuu-acepte-cifras-de-reduccion-de-co2\/","og_locale":"es_ES","og_type":"article","og_title":"Narbona espera que el mandato de Bali sea \"el m\u00e1s exigente\" y duda de que EEUU acepte cifras de reducci\u00f3n de CO2 Sala de prensa Ferrovial | \u00daltimas noticias","og_description":"Sala de prensa Ferrovial | \u00daltimas noticias","og_url":"https:\/\/newsroom.ferrovial.com\/es\/noticias\/narbona-espera-que-el-mandato-de-bali-sea-el-mas-exigente-y-duda-de-que-eeuu-acepte-cifras-de-reduccion-de-co2\/","og_site_name":"Sala de prensa Ferrovial | \u00daltimas noticias","article_publisher":"https:\/\/www.facebook.com\/ferrovial","article_modified_time":"2022-12-21T10:11:47+00:00","twitter_card":"summary_large_image","twitter_site":"@ferrovial","schema":{"@context":"https:\/\/schema.org","@graph":[{"@type":"WebPage","@id":"https:\/\/newsroom.ferrovial.com\/es\/noticias\/narbona-espera-que-el-mandato-de-bali-sea-el-mas-exigente-y-duda-de-que-eeuu-acepte-cifras-de-reduccion-de-co2\/","url":"https:\/\/newsroom.ferrovial.com\/es\/noticias\/narbona-espera-que-el-mandato-de-bali-sea-el-mas-exigente-y-duda-de-que-eeuu-acepte-cifras-de-reduccion-de-co2\/","name":"Narbona espera que el mandato de Bali sea \"el m\u00e1s exigente\" y duda de que EEUU acepte cifras de reducci\u00f3n de CO2 Sala de prensa Ferrovial | \u00daltimas noticias","isPartOf":{"@id":"https:\/\/newsroom.ferrovial.com\/es\/#website"},"datePublished":"2007-12-12T00:00:00+00:00","dateModified":"2022-12-21T10:11:47+00:00","description":"Sala de prensa Ferrovial | \u00daltimas noticias","breadcrumb":{"@id":"https:\/\/newsroom.ferrovial.com\/es\/noticias\/narbona-espera-que-el-mandato-de-bali-sea-el-mas-exigente-y-duda-de-que-eeuu-acepte-cifras-de-reduccion-de-co2\/#breadcrumb"},"inLanguage":"es","potentialAction":[{"@type":"ReadAction","target":["https:\/\/newsroom.ferrovial.com\/es\/noticias\/narbona-espera-que-el-mandato-de-bali-sea-el-mas-exigente-y-duda-de-que-eeuu-acepte-cifras-de-reduccion-de-co2\/"]}]},{"@type":"BreadcrumbList","@id":"https:\/\/newsroom.ferrovial.com\/es\/noticias\/narbona-espera-que-el-mandato-de-bali-sea-el-mas-exigente-y-duda-de-que-eeuu-acepte-cifras-de-reduccion-de-co2\/#breadcrumb","itemListElement":[{"@type":"ListItem","position":1,"name":"Portada","item":"https:\/\/newsroom.ferrovial.com\/es\/"},{"@type":"ListItem","position":2,"name":"Narbona espera que el mandato de Bali sea \u00abel m\u00e1s exigente\u00bb y duda de que EEUU acepte cifras de reducci\u00f3n de CO2"}]},{"@type":"WebSite","@id":"https:\/\/newsroom.ferrovial.com\/es\/#website","url":"https:\/\/newsroom.ferrovial.com\/es\/","name":"Sala de prensa Ferrovial | \u00daltimas noticias","description":"Sala de prensa Ferrovial | \u00daltimas noticias","publisher":{"@id":"https:\/\/newsroom.ferrovial.com\/es\/#organization"},"potentialAction":[{"@type":"SearchAction","target":{"@type":"EntryPoint","urlTemplate":"https:\/\/newsroom.ferrovial.com\/es\/?s={search_term_string}"},"query-input":{"@type":"PropertyValueSpecification","valueRequired":true,"valueName":"search_term_string"}}],"inLanguage":"es"},{"@type":"Organization","@id":"https:\/\/newsroom.ferrovial.com\/es\/#organization","name":"Ferrovial S.A.","url":"https:\/\/newsroom.ferrovial.com\/es\/","logo":{"@type":"ImageObject","inLanguage":"es","@id":"https:\/\/newsroom.ferrovial.com\/es\/#\/schema\/logo\/image\/","url":"https:\/\/static.newsroom.ferrovial.com\/wp-content\/uploads\/2018\/07\/15145720\/Ferrovial_Logotipo1.jpg","contentUrl":"https:\/\/static.newsroom.ferrovial.com\/wp-content\/uploads\/2018\/07\/15145720\/Ferrovial_Logotipo1.jpg","width":600,"height":300,"caption":"Ferrovial S.A."},"image":{"@id":"https:\/\/newsroom.ferrovial.com\/es\/#\/schema\/logo\/image\/"},"sameAs":["https:\/\/www.facebook.com\/ferrovial","https:\/\/x.com\/ferrovial","https:\/\/www.instagram.com\/ferrovial\/","https:\/\/www.linkedin.com\/company\/ferrovial","https:\/\/www.pinterest.es\/ferrovial\/","https:\/\/www.youtube.com\/ferrovial","https:\/\/en.wikipedia.org\/wiki\/Ferrovial"]}]}},"_links":{"self":[{"href":"https:\/\/newsroom.ferrovial.com\/es\/wp-json\/wp\/v2\/new\/2060","targetHints":{"allow":["GET"]}}],"collection":[{"href":"https:\/\/newsroom.ferrovial.com\/es\/wp-json\/wp\/v2\/new"}],"about":[{"href":"https:\/\/newsroom.ferrovial.com\/es\/wp-json\/wp\/v2\/types\/new"}],"replies":[{"embeddable":true,"href":"https:\/\/newsroom.ferrovial.com\/es\/wp-json\/wp\/v2\/comments?post=2060"}],"version-history":[{"count":1,"href":"https:\/\/newsroom.ferrovial.com\/es\/wp-json\/wp\/v2\/new\/2060\/revisions"}],"predecessor-version":[{"id":118783,"href":"https:\/\/newsroom.ferrovial.com\/es\/wp-json\/wp\/v2\/new\/2060\/revisions\/118783"}],"wp:attachment":[{"href":"https:\/\/newsroom.ferrovial.com\/es\/wp-json\/wp\/v2\/media?parent=2060"}],"wp:term":[{"taxonomy":"nivel-2","embeddable":true,"href":"https:\/\/newsroom.ferrovial.com\/es\/wp-json\/wp\/v2\/nivel-2?post=2060"},{"taxonomy":"nivel-5","embeddable":true,"href":"https:\/\/newsroom.ferrovial.com\/es\/wp-json\/wp\/v2\/nivel-5?post=2060"},{"taxonomy":"nivel-1","embeddable":true,"href":"https:\/\/newsroom.ferrovial.com\/es\/wp-json\/wp\/v2\/nivel-1?post=2060"},{"taxonomy":"nivel-3","embeddable":true,"href":"https:\/\/newsroom.ferrovial.com\/es\/wp-json\/wp\/v2\/nivel-3?post=2060"},{"taxonomy":"nivel-4","embeddable":true,"href":"https:\/\/newsroom.ferrovial.com\/es\/wp-json\/wp\/v2\/nivel-4?post=2060"}],"curies":[{"name":"wp","href":"https:\/\/api.w.org\/{rel}","templated":true}]}}