{"id":20920,"date":"2018-09-20T13:10:13","date_gmt":"2018-09-20T11:10:13","guid":{"rendered":"https:\/\/newsroom.ferrovial.com\/?post_type=new&#038;p=20920"},"modified":"2022-12-21T09:12:30","modified_gmt":"2022-12-21T08:12:30","slug":"la-feria-de-tecnologia-madrid","status":"publish","type":"new","link":"https:\/\/newsroom.ferrovial.com\/es\/noticias\/la-feria-de-tecnologia-madrid\/","title":{"rendered":"Ferrovial Servicios participa en la Feria de Tecnolog\u00eda del Ayuntamiento de Madrid"},"content":{"rendered":"    <section class=\"wysiwyg text-editor \" id=\"\">\n        <div class=\"container container--narrow container--p-10\">\n            <p>La participaci\u00f3n de <a href=\"https:\/\/www.ferrovial.com\/es\/lineas-de-negocio\/ferrovial-servicios\/\">Ferrovial Servicios<\/a> se materializar\u00e1 mediante un stand dotado de informaci\u00f3n audiovisual y conexiones a internet, siendo parte de las actividades organizadas para proporcionar la <strong>explicaci\u00f3n de proyectos, iniciativas y actividades tecnol\u00f3gicas que se desarrollan en el municipio<\/strong>, se intercambiar\u00e1n experiencias y necesidades entre los asistentes, personal municipal y los gestores de servicios tecnol\u00f3gicos, se ofrecer\u00e1n soluciones \u00e1giles para problemas ocurridos, para evitar su repetici\u00f3n y se fomentar\u00e1n las<strong> relaciones p\u00fablico-privadas<\/strong>.<\/p>\n<h2>Presente y futuro de la tecnolog\u00eda que mueve una ciudad<\/h2>\n<p>Durante dos d\u00edas, las \u00c1reas del <a href=\"https:\/\/www.madrid.es\/portal\/site\/munimadrid\">Ayuntamiento de Madrid<\/a>, empresas municipales y organismos aut\u00f3nomos, mostrar\u00e1n a trav\u00e9s de charlas, talleres y demostraciones, <strong>c\u00f3mo son los recursos tecnol\u00f3gicos y sistemas de informaci\u00f3n que utilizan actualmente<\/strong>. Desde la nueva APP de la <a href=\"http:\/\/www.emtmadrid.es\/Home\">EMT<\/a>, a los tr\u00e1mites electr\u00f3nicos en la gesti\u00f3n de recursos humanos, sistema de gesti\u00f3n de los cuidados de la ciudad, dar a conocer los servicios de <a href=\"https:\/\/www.madrid.es\/portales\/munimadrid\/es\/Inicio\/El-Ayuntamiento\/Emergencias-y-seguridad\/Samur-Proteccion-Civil?vgnextfmt=default&amp;vgnextoid=c88fcdb1bfffa010VgnVCM100000d90ca8c0RCRD&amp;vgnextchannel=d11c9ad016e07010VgnVCM100000dc0ca8c0RCRD\">SAMUR-PC<\/a> y los servicios de control de plagas, la APP del taxi, as\u00ed como los desarrollos urban\u00edsticos previstos para el futuro en la ciudad de Madrid y la candidatura de Madrid al Patrimonio Municipal de la UNESCO entre otras iniciativas en marcha.<\/p>\n<p>Se podr\u00e1n conocer las infraestructuras con las que cuenta el Ayuntamiento de Madrid para gestionar una red de comunicaci\u00f3n de 1000 sedes con m\u00e1s de 25.000 puestos de trabajo que dan servicio a una ciudad de 3,5 millones de habitantes y muchos m\u00e1s visitantes.<\/p>\n<p>&nbsp;<\/p>\n        <\/div>\n    <\/section>\n    <section class=\"image-section \" id=\"\">\n        <div class=\"container container--narrow container--p-10\">\n        <figure class=\"image-section__figure\">\n            <img decoding=\"async\" src=\"https:\/\/static.newsroom.ferrovial.com\/wp-content\/uploads\/2018\/09\/15152808\/feria-tecnologia-madrid.jpg\" title=\"feria-tecnologia-madrid\" alt=\"Logos Feria Tecnolog\u00eda Madird\" class=\"image-section__image\">\n                    <\/figure>\n        <\/div>\n    <\/section>\n    <section class=\"wysiwyg text-editor \" id=\"\">\n        <div class=\"container container--narrow container--p-10\">\n            <p>Adem\u00e1s, y gracias a la colaboraci\u00f3n de las principales empresas del sector tecnol\u00f3gico, se presentar\u00e1n de primera mano algunas de las innovaciones tecnol\u00f3gicas que en un futuro cercano se pondr\u00e1n a disposici\u00f3n de las corporaciones municipales con el objeto de mejorar sus servicios: <a href=\"https:\/\/blog.ferrovial.com\/es\/tag\/internet-of-things\/\">Internet de la cosas<\/a> para conectar personas, servicios e infraestructuras, inteligencia artificial y asistentes para tr\u00e1mites administrativos, drones anti-incendios, ciber-seguridad, sistemas de control de tr\u00e1fico de personas, canales de atenci\u00f3n a la ciudadan\u00eda a trav\u00e9s de ChatBots, realidad aumentada, asistentes digitales para eventos culturales, y un largu\u00edsimo etc\u00e9tera.<\/p>\n<h3><strong>Viernes 21 de septiembre<\/strong><\/h3>\n<p>El primer d\u00eda de la muestra reservar\u00e1 la ma\u00f1ana para profesionales y empleados municipales, con un panel de intervenciones entre las que destaca la del analista y experto en tecnolog\u00eda en la administraci\u00f3n p\u00fablica, Arthur Mickoleit , as\u00ed como la del Coordinador General de Alcald\u00eda, Luis Cueto o el Gerente de la Ciudad, Eloy Cuellar. En el acto de apertura estar\u00e1 presente la alcaldesa de Madrid, Manuela Carmena, que visitar\u00e1 los diferentes stands de la muestra.<\/p>\n<p>A partir de las 13.30 horas la muestra abrir\u00e1 sus puertas a quienes quieran visitar la exposici\u00f3n,\u00a0<a href=\"https:\/\/madred.es\/#registro\">previa inscripci\u00f3n<\/a>, ofreciendo un amplio programa de charlas y ponencias a cargo de cada una de las empresas colaboradoras.<\/p>\n<p><strong>Ferrovial Servicios har\u00e1 una demostraci\u00f3n sobre la atenci\u00f3n personaliza que presta en L\u00ednea Madrid a las 15.50h.<\/strong><\/p>\n<h3><strong>S\u00e1bado 22 de septiembre<\/strong><\/h3>\n<p>La ma\u00f1ana del 22 el acceso tambi\u00e9n ser\u00e1 abierto al p\u00fablico,\u00a0<a href=\"https:\/\/madred.es\/#registro\">previa inscripci\u00f3n<\/a>. El programa de actividades se ampl\u00eda a ni\u00f1os con talleres de creatividad, nuevas tecnolog\u00edas y drones.<\/p>\n<p>Ferrovial Servicios presenta su teatro interactivo: \u201cMadrid 2050\u201d, una representaci\u00f3n sobre la tecnolog\u00eda aplicada en la ciudad. Los horarios de los pases son los siguientes: 11.00h y 12.00h (Duraci\u00f3n 20 minutos).<\/p>\n<p>La 1\u00aa Muestra Tecnol\u00f3gica del Ayuntamiento de Madrid cuenta con la colaboraci\u00f3n de Ferrovial Servicios adem\u00e1s de empresas como: Altran, Cisco, Inform\u00e1tica El Corte Ingl\u00e9s, Esri, Endalia, Everis, Getronics, Hewlett Packard Enterprise, IBM, Indra, Microstrategy, Microsoft, Nexus IT, Opentext, Oracle, SAP, Sice, Telef\u00f3nica, Vodafone.<\/p>\n        <\/div>\n    <\/section>\n","protected":false},"excerpt":{"rendered":"","protected":false},"featured_media":20940,"menu_order":0,"comment_status":"closed","ping_status":"closed","template":"","nivel-2":[972,2200,1063,991,993,2154],"nivel-5":[],"nivel-1":[],"nivel-3":[1258],"nivel-4":[1809],"class_list":["post-20920","new","type-new","status-publish","has-post-thumbnail","hentry","nivel-2-eventos","nivel-2-innovacion","nivel-2-innovacion-urbana","nivel-2-inteligencia-artificial","nivel-2-internet-de-las-cosas","nivel-2-smart-city","nivel-3-espana","nivel-4-madrid"],"acf":[],"yoast_head":"<title>Ferrovial Servicios participa en la Feria de Tecnolog\u00eda del Ayuntamiento de Madrid Sala de prensa Ferrovial | \u00daltimas noticias<\/title>\n<meta name=\"description\" content=\"Sala de prensa Ferrovial | \u00daltimas noticias\" \/>\n<meta name=\"robots\" content=\"index, follow, max-snippet:-1, max-image-preview:large, max-video-preview:-1\" \/>\n<link rel=\"canonical\" href=\"https:\/\/newsroom.ferrovial.com\/es\/noticias\/la-feria-de-tecnologia-madrid\/\" \/>\n<meta property=\"og:locale\" content=\"es_ES\" \/>\n<meta property=\"og:type\" content=\"article\" \/>\n<meta property=\"og:title\" content=\"Ferrovial Servicios participa en la Feria de Tecnolog\u00eda del Ayuntamiento de Madrid Sala de prensa Ferrovial | \u00daltimas noticias\" \/>\n<meta property=\"og:description\" content=\"Sala de prensa Ferrovial | \u00daltimas noticias\" \/>\n<meta property=\"og:url\" content=\"https:\/\/newsroom.ferrovial.com\/es\/noticias\/la-feria-de-tecnologia-madrid\/\" \/>\n<meta property=\"og:site_name\" content=\"Sala de prensa Ferrovial | \u00daltimas noticias\" \/>\n<meta property=\"article:publisher\" content=\"https:\/\/www.facebook.com\/ferrovial\" \/>\n<meta property=\"article:modified_time\" content=\"2022-12-21T08:12:30+00:00\" \/>\n<meta property=\"og:image\" content=\"https:\/\/newsroom.ferrovial.com\/wp-content\/uploads\/sites\/4\/2018\/09\/madrid-1.jpg\" \/>\n\t<meta property=\"og:image:width\" content=\"1500\" \/>\n\t<meta property=\"og:image:height\" content=\"999\" \/>\n\t<meta property=\"og:image:type\" content=\"image\/jpeg\" \/>\n<meta name=\"twitter:card\" content=\"summary_large_image\" \/>\n<meta name=\"twitter:site\" content=\"@ferrovial\" \/>\n<script type=\"application\/ld+json\" class=\"yoast-schema-graph\">{\"@context\":\"https:\/\/schema.org\",\"@graph\":[{\"@type\":\"WebPage\",\"@id\":\"https:\/\/newsroom.ferrovial.com\/es\/noticias\/la-feria-de-tecnologia-madrid\/\",\"url\":\"https:\/\/newsroom.ferrovial.com\/es\/noticias\/la-feria-de-tecnologia-madrid\/\",\"name\":\"Ferrovial Servicios participa en la Feria de Tecnolog\u00eda del Ayuntamiento de Madrid Sala de prensa Ferrovial | \u00daltimas noticias\",\"isPartOf\":{\"@id\":\"https:\/\/newsroom.ferrovial.com\/es\/#website\"},\"primaryImageOfPage\":{\"@id\":\"https:\/\/newsroom.ferrovial.com\/es\/noticias\/la-feria-de-tecnologia-madrid\/#primaryimage\"},\"image\":{\"@id\":\"https:\/\/newsroom.ferrovial.com\/es\/noticias\/la-feria-de-tecnologia-madrid\/#primaryimage\"},\"thumbnailUrl\":\"https:\/\/static.newsroom.ferrovial.com\/wp-content\/uploads\/2018\/09\/15152807\/madrid-1.jpg\",\"datePublished\":\"2018-09-20T11:10:13+00:00\",\"dateModified\":\"2022-12-21T08:12:30+00:00\",\"description\":\"Sala de prensa Ferrovial | \u00daltimas noticias\",\"breadcrumb\":{\"@id\":\"https:\/\/newsroom.ferrovial.com\/es\/noticias\/la-feria-de-tecnologia-madrid\/#breadcrumb\"},\"inLanguage\":\"es\",\"potentialAction\":[{\"@type\":\"ReadAction\",\"target\":[\"https:\/\/newsroom.ferrovial.com\/es\/noticias\/la-feria-de-tecnologia-madrid\/\"]}]},{\"@type\":\"ImageObject\",\"inLanguage\":\"es\",\"@id\":\"https:\/\/newsroom.ferrovial.com\/es\/noticias\/la-feria-de-tecnologia-madrid\/#primaryimage\",\"url\":\"https:\/\/static.newsroom.ferrovial.com\/wp-content\/uploads\/2018\/09\/15152807\/madrid-1.jpg\",\"contentUrl\":\"https:\/\/static.newsroom.ferrovial.com\/wp-content\/uploads\/2018\/09\/15152807\/madrid-1.jpg\",\"width\":1500,\"height\":999,\"caption\":\"Aerial view of Gran V\u00eda and Madrid's skyline on a Summer early morning, with the Metropolis building to be recognized in the foreground. Some other landmarks like the Telefonica Building to Faro de Moncloa are also to be recognised.\"},{\"@type\":\"BreadcrumbList\",\"@id\":\"https:\/\/newsroom.ferrovial.com\/es\/noticias\/la-feria-de-tecnologia-madrid\/#breadcrumb\",\"itemListElement\":[{\"@type\":\"ListItem\",\"position\":1,\"name\":\"Portada\",\"item\":\"https:\/\/newsroom.ferrovial.com\/es\/\"},{\"@type\":\"ListItem\",\"position\":2,\"name\":\"Ferrovial Servicios participa en la Feria de Tecnolog\u00eda del Ayuntamiento de Madrid\"}]},{\"@type\":\"WebSite\",\"@id\":\"https:\/\/newsroom.ferrovial.com\/es\/#website\",\"url\":\"https:\/\/newsroom.ferrovial.com\/es\/\",\"name\":\"Sala de prensa Ferrovial | \u00daltimas noticias\",\"description\":\"Sala de prensa Ferrovial | \u00daltimas noticias\",\"publisher\":{\"@id\":\"https:\/\/newsroom.ferrovial.com\/es\/#organization\"},\"potentialAction\":[{\"@type\":\"SearchAction\",\"target\":{\"@type\":\"EntryPoint\",\"urlTemplate\":\"https:\/\/newsroom.ferrovial.com\/es\/?s={search_term_string}\"},\"query-input\":{\"@type\":\"PropertyValueSpecification\",\"valueRequired\":true,\"valueName\":\"search_term_string\"}}],\"inLanguage\":\"es\"},{\"@type\":\"Organization\",\"@id\":\"https:\/\/newsroom.ferrovial.com\/es\/#organization\",\"name\":\"Ferrovial S.A.\",\"url\":\"https:\/\/newsroom.ferrovial.com\/es\/\",\"logo\":{\"@type\":\"ImageObject\",\"inLanguage\":\"es\",\"@id\":\"https:\/\/newsroom.ferrovial.com\/es\/#\/schema\/logo\/image\/\",\"url\":\"https:\/\/static.newsroom.ferrovial.com\/wp-content\/uploads\/2018\/07\/15145720\/Ferrovial_Logotipo1.jpg\",\"contentUrl\":\"https:\/\/static.newsroom.ferrovial.com\/wp-content\/uploads\/2018\/07\/15145720\/Ferrovial_Logotipo1.jpg\",\"width\":600,\"height\":300,\"caption\":\"Ferrovial S.A.\"},\"image\":{\"@id\":\"https:\/\/newsroom.ferrovial.com\/es\/#\/schema\/logo\/image\/\"},\"sameAs\":[\"https:\/\/www.facebook.com\/ferrovial\",\"https:\/\/x.com\/ferrovial\",\"https:\/\/www.instagram.com\/ferrovial\/\",\"https:\/\/www.linkedin.com\/company\/ferrovial\",\"https:\/\/www.pinterest.es\/ferrovial\/\",\"https:\/\/www.youtube.com\/ferrovial\",\"https:\/\/en.wikipedia.org\/wiki\/Ferrovial\"]}]}<\/script>","yoast_head_json":{"title":"Ferrovial Servicios participa en la Feria de Tecnolog\u00eda del Ayuntamiento de Madrid Sala de prensa Ferrovial | \u00daltimas noticias","description":"Sala de prensa Ferrovial | \u00daltimas noticias","robots":{"index":"index","follow":"follow","max-snippet":"max-snippet:-1","max-image-preview":"max-image-preview:large","max-video-preview":"max-video-preview:-1"},"canonical":"https:\/\/newsroom.ferrovial.com\/es\/noticias\/la-feria-de-tecnologia-madrid\/","og_locale":"es_ES","og_type":"article","og_title":"Ferrovial Servicios participa en la Feria de Tecnolog\u00eda del Ayuntamiento de Madrid Sala de prensa Ferrovial | \u00daltimas noticias","og_description":"Sala de prensa Ferrovial | \u00daltimas noticias","og_url":"https:\/\/newsroom.ferrovial.com\/es\/noticias\/la-feria-de-tecnologia-madrid\/","og_site_name":"Sala de prensa Ferrovial | \u00daltimas noticias","article_publisher":"https:\/\/www.facebook.com\/ferrovial","article_modified_time":"2022-12-21T08:12:30+00:00","og_image":[{"width":1500,"height":999,"url":"https:\/\/newsroom.ferrovial.com\/wp-content\/uploads\/sites\/4\/2018\/09\/madrid-1.jpg","type":"image\/jpeg"}],"twitter_card":"summary_large_image","twitter_site":"@ferrovial","schema":{"@context":"https:\/\/schema.org","@graph":[{"@type":"WebPage","@id":"https:\/\/newsroom.ferrovial.com\/es\/noticias\/la-feria-de-tecnologia-madrid\/","url":"https:\/\/newsroom.ferrovial.com\/es\/noticias\/la-feria-de-tecnologia-madrid\/","name":"Ferrovial Servicios participa en la Feria de Tecnolog\u00eda del Ayuntamiento de Madrid Sala de prensa Ferrovial | \u00daltimas noticias","isPartOf":{"@id":"https:\/\/newsroom.ferrovial.com\/es\/#website"},"primaryImageOfPage":{"@id":"https:\/\/newsroom.ferrovial.com\/es\/noticias\/la-feria-de-tecnologia-madrid\/#primaryimage"},"image":{"@id":"https:\/\/newsroom.ferrovial.com\/es\/noticias\/la-feria-de-tecnologia-madrid\/#primaryimage"},"thumbnailUrl":"https:\/\/static.newsroom.ferrovial.com\/wp-content\/uploads\/2018\/09\/15152807\/madrid-1.jpg","datePublished":"2018-09-20T11:10:13+00:00","dateModified":"2022-12-21T08:12:30+00:00","description":"Sala de prensa Ferrovial | \u00daltimas noticias","breadcrumb":{"@id":"https:\/\/newsroom.ferrovial.com\/es\/noticias\/la-feria-de-tecnologia-madrid\/#breadcrumb"},"inLanguage":"es","potentialAction":[{"@type":"ReadAction","target":["https:\/\/newsroom.ferrovial.com\/es\/noticias\/la-feria-de-tecnologia-madrid\/"]}]},{"@type":"ImageObject","inLanguage":"es","@id":"https:\/\/newsroom.ferrovial.com\/es\/noticias\/la-feria-de-tecnologia-madrid\/#primaryimage","url":"https:\/\/static.newsroom.ferrovial.com\/wp-content\/uploads\/2018\/09\/15152807\/madrid-1.jpg","contentUrl":"https:\/\/static.newsroom.ferrovial.com\/wp-content\/uploads\/2018\/09\/15152807\/madrid-1.jpg","width":1500,"height":999,"caption":"Aerial view of Gran V\u00eda and Madrid's skyline on a Summer early morning, with the Metropolis building to be recognized in the foreground. Some other landmarks like the Telefonica Building to Faro de Moncloa are also to be recognised."},{"@type":"BreadcrumbList","@id":"https:\/\/newsroom.ferrovial.com\/es\/noticias\/la-feria-de-tecnologia-madrid\/#breadcrumb","itemListElement":[{"@type":"ListItem","position":1,"name":"Portada","item":"https:\/\/newsroom.ferrovial.com\/es\/"},{"@type":"ListItem","position":2,"name":"Ferrovial Servicios participa en la Feria de Tecnolog\u00eda del Ayuntamiento de Madrid"}]},{"@type":"WebSite","@id":"https:\/\/newsroom.ferrovial.com\/es\/#website","url":"https:\/\/newsroom.ferrovial.com\/es\/","name":"Sala de prensa Ferrovial | \u00daltimas noticias","description":"Sala de prensa Ferrovial | \u00daltimas noticias","publisher":{"@id":"https:\/\/newsroom.ferrovial.com\/es\/#organization"},"potentialAction":[{"@type":"SearchAction","target":{"@type":"EntryPoint","urlTemplate":"https:\/\/newsroom.ferrovial.com\/es\/?s={search_term_string}"},"query-input":{"@type":"PropertyValueSpecification","valueRequired":true,"valueName":"search_term_string"}}],"inLanguage":"es"},{"@type":"Organization","@id":"https:\/\/newsroom.ferrovial.com\/es\/#organization","name":"Ferrovial S.A.","url":"https:\/\/newsroom.ferrovial.com\/es\/","logo":{"@type":"ImageObject","inLanguage":"es","@id":"https:\/\/newsroom.ferrovial.com\/es\/#\/schema\/logo\/image\/","url":"https:\/\/static.newsroom.ferrovial.com\/wp-content\/uploads\/2018\/07\/15145720\/Ferrovial_Logotipo1.jpg","contentUrl":"https:\/\/static.newsroom.ferrovial.com\/wp-content\/uploads\/2018\/07\/15145720\/Ferrovial_Logotipo1.jpg","width":600,"height":300,"caption":"Ferrovial S.A."},"image":{"@id":"https:\/\/newsroom.ferrovial.com\/es\/#\/schema\/logo\/image\/"},"sameAs":["https:\/\/www.facebook.com\/ferrovial","https:\/\/x.com\/ferrovial","https:\/\/www.instagram.com\/ferrovial\/","https:\/\/www.linkedin.com\/company\/ferrovial","https:\/\/www.pinterest.es\/ferrovial\/","https:\/\/www.youtube.com\/ferrovial","https:\/\/en.wikipedia.org\/wiki\/Ferrovial"]}]}},"_links":{"self":[{"href":"https:\/\/newsroom.ferrovial.com\/es\/wp-json\/wp\/v2\/new\/20920","targetHints":{"allow":["GET"]}}],"collection":[{"href":"https:\/\/newsroom.ferrovial.com\/es\/wp-json\/wp\/v2\/new"}],"about":[{"href":"https:\/\/newsroom.ferrovial.com\/es\/wp-json\/wp\/v2\/types\/new"}],"replies":[{"embeddable":true,"href":"https:\/\/newsroom.ferrovial.com\/es\/wp-json\/wp\/v2\/comments?post=20920"}],"version-history":[{"count":1,"href":"https:\/\/newsroom.ferrovial.com\/es\/wp-json\/wp\/v2\/new\/20920\/revisions"}],"predecessor-version":[{"id":110617,"href":"https:\/\/newsroom.ferrovial.com\/es\/wp-json\/wp\/v2\/new\/20920\/revisions\/110617"}],"wp:featuredmedia":[{"embeddable":true,"href":"https:\/\/newsroom.ferrovial.com\/es\/wp-json\/wp\/v2\/media\/20940"}],"wp:attachment":[{"href":"https:\/\/newsroom.ferrovial.com\/es\/wp-json\/wp\/v2\/media?parent=20920"}],"wp:term":[{"taxonomy":"nivel-2","embeddable":true,"href":"https:\/\/newsroom.ferrovial.com\/es\/wp-json\/wp\/v2\/nivel-2?post=20920"},{"taxonomy":"nivel-5","embeddable":true,"href":"https:\/\/newsroom.ferrovial.com\/es\/wp-json\/wp\/v2\/nivel-5?post=20920"},{"taxonomy":"nivel-1","embeddable":true,"href":"https:\/\/newsroom.ferrovial.com\/es\/wp-json\/wp\/v2\/nivel-1?post=20920"},{"taxonomy":"nivel-3","embeddable":true,"href":"https:\/\/newsroom.ferrovial.com\/es\/wp-json\/wp\/v2\/nivel-3?post=20920"},{"taxonomy":"nivel-4","embeddable":true,"href":"https:\/\/newsroom.ferrovial.com\/es\/wp-json\/wp\/v2\/nivel-4?post=20920"}],"curies":[{"name":"wp","href":"https:\/\/api.w.org\/{rel}","templated":true}]}}