{"id":2093,"date":"2008-05-13T00:00:00","date_gmt":"2008-05-13T00:00:00","guid":{"rendered":"https:\/\/newsroom.ferrovial.com\/news\/20080513-real-madrid-atletico-de-madrid-y-rayo-se-unen-al-ayuntamiento-en-el-proyecto-juega-verde-por-el-medio-ambienteferrovial\/"},"modified":"2022-12-21T11:01:33","modified_gmt":"2022-12-21T10:01:33","slug":"20080513-real-madrid-atletico-de-madrid-y-rayo-se-unen-al-ayuntamiento-en-el-proyecto-juega-verde-por-el-medio-ambienteferrovial","status":"publish","type":"new","link":"https:\/\/newsroom.ferrovial.com\/es\/noticias\/20080513-real-madrid-atletico-de-madrid-y-rayo-se-unen-al-ayuntamiento-en-el-proyecto-juega-verde-por-el-medio-ambienteferrovial\/","title":{"rendered":"Real Madrid, Atl\u00e9tico de Madrid y Rayo se unen al Ayuntamiento en el proyecto &#8216;Juega Verde&#8217; por el medio ambiente"},"content":{"rendered":"    <section class=\"wysiwyg text-editor \" id=\"\">\n        <div class=\"container container--narrow container--p-10\">\n            <p>El proyecto es una iniciativa de Naciones Unidas y el Comit\u00e9 Ol\u00edmpico Internacional, impulsado directamente por el Comit\u00e9 Ol\u00edmpico Espa\u00f1ol y la Federaci\u00f3n Espa\u00f1ola de Municipios y Provincias (FEMP) y busca la integraci\u00f3n de criterios ambientales y de sostenibilidad en el deporte. En el acto estuvieron tambi\u00e9n el vicealcalde de Madrid, Manuel Cobo Vega, Ana Botella, segunda Teniente de Alcalde y Delegada del \u00c1rea de Gobierno de Medio Ambiente del Ayuntamiento de Madrid y Mercedes Coghen, consejera delegada de Madrid&#8217;2016, ya que Madrid fue la primera ciudad en comprometerse a trav\u00e9s de un convenio a desarrollar actuaciones para hacer del deporte y el medio ambiente un binomio para la ciudad y para la candidatura.<\/p>\n<p>El acuerdo contempla la implantaci\u00f3n de buenas pr\u00e1cticas ambientales en el funcionamiento de los tres clubes y en los acontecimientos que organizan, as\u00ed como el objetivo de hacer del f\u00fatbol un deporte de referencia en la transmisi\u00f3n de valores medioambientales. Tras la r\u00fabrica del acuerdo, los tres presidentes destacaron la importancia de conseguir que el deporte sea una correa de transmisi\u00f3n de valores, y Teresa Rivero se mostr\u00f3 encantada de que su club, que lucha por el ascenso a Segunda sea tenido en cuenta para poder aportar su \u00abgranito de arena para hacer de Madrid y del mundo un lugar mejor\u00bb.<\/p>\n<p>En la misma l\u00ednea, Cerezo, que lleg\u00f3 algo tarde al acto tras la victoria del equipo ante el Espanyol, declar\u00f3 el \u00abcompromiso riguroso\u00bb de su club con el medioambiente e \u00abintegrar las buenas pr\u00e1cticas\u00bb con apoyo tambi\u00e9n para la candidatura de Madrid a los Juegos Ol\u00edmpicos. Adem\u00e1s, Ram\u00f3n Calder\u00f3n record\u00f3 las iniciativas que ya realiza el Real Madrid, como su acuerdo con Ecoembes, que les ha permitido recuperar m\u00e1s de 250 toneladas de envases, su campa\u00f1a &#8216;Causas Justas&#8217; de abril para proteger el medioambiente reciclando, o el edificio multiusos para operaciones de reciclaje.<\/p>\n<p>El presidente agradeci\u00f3 a Gallard\u00f3n la decoraci\u00f3n blanca de la sala en la que se realiz\u00f3 el acto, en su primera visita a la nueva sede del Ayuntamiento, mientras que el alcalde brome\u00f3 asegurando que los \u00absillones anteriormente eran marrones, pero se han puesto blancos\u00bb. \u00abAunque, con permiso de Atl\u00e9tico y Rayo Vallecano, ya los dejaremos as\u00ed\u00bb, dijo entre risas, felicitando a los tres equipos por sus \u00e9xitos. Respecto a la firma, Gallard\u00f3n destac\u00f3 que es importante \u00abimplicar a la sociedad\u00bb que es importante que \u00ablos referentes no sean meros espectadores\u00bb. \u00abEl compromiso con la sostenibilidad de los clubes ser\u00e1 un ejemplo y un est\u00edmulo que contribuir\u00e1 a que sus seguidores incorporen el respeto y la protecci\u00f3n del medio ambiente a su vida cotidiana\u00bb, destac\u00f3.<\/p>\n<p>El alcalde recalc\u00f3 la trascendencia de la protecci\u00f3n del medioambiente\u00bb y record\u00f3 ejemplos anteriores como el Eurobasket 2007, la primera gran competici\u00f3n con un balance neutro en emisiones de gases de efecto invernadero, o el Marat\u00f3n Popular de Madrid en el que las iniciativas para reducir los residuos urbanos permitieron reciclar m\u00e1s de seis toneladas de envases.<\/p>\n<p>EUROPA PRESS<\/p>\n        <\/div>\n    <\/section>\n","protected":false},"excerpt":{"rendered":"","protected":false},"featured_media":0,"menu_order":0,"comment_status":"closed","ping_status":"closed","template":"","nivel-2":[],"nivel-5":[],"nivel-1":[],"nivel-3":[],"nivel-4":[],"class_list":["post-2093","new","type-new","status-publish","hentry"],"acf":[],"yoast_head":"<title>Real Madrid, Atl\u00e9tico de Madrid y Rayo se unen al Ayuntamiento en el proyecto &#039;Juega Verde&#039; por el medio ambiente Sala de prensa Ferrovial | \u00daltimas noticias<\/title>\n<meta name=\"description\" content=\"Sala de prensa Ferrovial | \u00daltimas noticias\" \/>\n<meta name=\"robots\" content=\"index, follow, max-snippet:-1, max-image-preview:large, max-video-preview:-1\" \/>\n<link rel=\"canonical\" href=\"https:\/\/newsroom.ferrovial.com\/es\/noticias\/20080513-real-madrid-atletico-de-madrid-y-rayo-se-unen-al-ayuntamiento-en-el-proyecto-juega-verde-por-el-medio-ambienteferrovial\/\" \/>\n<meta property=\"og:locale\" content=\"es_ES\" \/>\n<meta property=\"og:type\" content=\"article\" \/>\n<meta property=\"og:title\" content=\"Real Madrid, Atl\u00e9tico de Madrid y Rayo se unen al Ayuntamiento en el proyecto &#039;Juega Verde&#039; por el medio ambiente Sala de prensa Ferrovial | \u00daltimas noticias\" \/>\n<meta property=\"og:description\" content=\"Sala de prensa Ferrovial | \u00daltimas noticias\" \/>\n<meta property=\"og:url\" content=\"https:\/\/newsroom.ferrovial.com\/es\/noticias\/20080513-real-madrid-atletico-de-madrid-y-rayo-se-unen-al-ayuntamiento-en-el-proyecto-juega-verde-por-el-medio-ambienteferrovial\/\" \/>\n<meta property=\"og:site_name\" content=\"Sala de prensa Ferrovial | \u00daltimas noticias\" \/>\n<meta property=\"article:publisher\" content=\"https:\/\/www.facebook.com\/ferrovial\" \/>\n<meta property=\"article:modified_time\" content=\"2022-12-21T10:01:33+00:00\" \/>\n<meta name=\"twitter:card\" content=\"summary_large_image\" \/>\n<meta name=\"twitter:site\" content=\"@ferrovial\" \/>\n<script type=\"application\/ld+json\" class=\"yoast-schema-graph\">{\"@context\":\"https:\/\/schema.org\",\"@graph\":[{\"@type\":\"WebPage\",\"@id\":\"https:\/\/newsroom.ferrovial.com\/es\/noticias\/20080513-real-madrid-atletico-de-madrid-y-rayo-se-unen-al-ayuntamiento-en-el-proyecto-juega-verde-por-el-medio-ambienteferrovial\/\",\"url\":\"https:\/\/newsroom.ferrovial.com\/es\/noticias\/20080513-real-madrid-atletico-de-madrid-y-rayo-se-unen-al-ayuntamiento-en-el-proyecto-juega-verde-por-el-medio-ambienteferrovial\/\",\"name\":\"Real Madrid, Atl\u00e9tico de Madrid y Rayo se unen al Ayuntamiento en el proyecto 'Juega Verde' por el medio ambiente Sala de prensa Ferrovial | \u00daltimas noticias\",\"isPartOf\":{\"@id\":\"https:\/\/newsroom.ferrovial.com\/es\/#website\"},\"datePublished\":\"2008-05-13T00:00:00+00:00\",\"dateModified\":\"2022-12-21T10:01:33+00:00\",\"description\":\"Sala de prensa Ferrovial | \u00daltimas noticias\",\"breadcrumb\":{\"@id\":\"https:\/\/newsroom.ferrovial.com\/es\/noticias\/20080513-real-madrid-atletico-de-madrid-y-rayo-se-unen-al-ayuntamiento-en-el-proyecto-juega-verde-por-el-medio-ambienteferrovial\/#breadcrumb\"},\"inLanguage\":\"es\",\"potentialAction\":[{\"@type\":\"ReadAction\",\"target\":[\"https:\/\/newsroom.ferrovial.com\/es\/noticias\/20080513-real-madrid-atletico-de-madrid-y-rayo-se-unen-al-ayuntamiento-en-el-proyecto-juega-verde-por-el-medio-ambienteferrovial\/\"]}]},{\"@type\":\"BreadcrumbList\",\"@id\":\"https:\/\/newsroom.ferrovial.com\/es\/noticias\/20080513-real-madrid-atletico-de-madrid-y-rayo-se-unen-al-ayuntamiento-en-el-proyecto-juega-verde-por-el-medio-ambienteferrovial\/#breadcrumb\",\"itemListElement\":[{\"@type\":\"ListItem\",\"position\":1,\"name\":\"Portada\",\"item\":\"https:\/\/newsroom.ferrovial.com\/es\/\"},{\"@type\":\"ListItem\",\"position\":2,\"name\":\"Real Madrid, Atl\u00e9tico de Madrid y Rayo se unen al Ayuntamiento en el proyecto &#8216;Juega Verde&#8217; por el medio ambiente\"}]},{\"@type\":\"WebSite\",\"@id\":\"https:\/\/newsroom.ferrovial.com\/es\/#website\",\"url\":\"https:\/\/newsroom.ferrovial.com\/es\/\",\"name\":\"Sala de prensa Ferrovial | \u00daltimas noticias\",\"description\":\"Sala de prensa Ferrovial | \u00daltimas noticias\",\"publisher\":{\"@id\":\"https:\/\/newsroom.ferrovial.com\/es\/#organization\"},\"potentialAction\":[{\"@type\":\"SearchAction\",\"target\":{\"@type\":\"EntryPoint\",\"urlTemplate\":\"https:\/\/newsroom.ferrovial.com\/es\/?s={search_term_string}\"},\"query-input\":{\"@type\":\"PropertyValueSpecification\",\"valueRequired\":true,\"valueName\":\"search_term_string\"}}],\"inLanguage\":\"es\"},{\"@type\":\"Organization\",\"@id\":\"https:\/\/newsroom.ferrovial.com\/es\/#organization\",\"name\":\"Ferrovial S.A.\",\"url\":\"https:\/\/newsroom.ferrovial.com\/es\/\",\"logo\":{\"@type\":\"ImageObject\",\"inLanguage\":\"es\",\"@id\":\"https:\/\/newsroom.ferrovial.com\/es\/#\/schema\/logo\/image\/\",\"url\":\"https:\/\/static.newsroom.ferrovial.com\/wp-content\/uploads\/2018\/07\/15145720\/Ferrovial_Logotipo1.jpg\",\"contentUrl\":\"https:\/\/static.newsroom.ferrovial.com\/wp-content\/uploads\/2018\/07\/15145720\/Ferrovial_Logotipo1.jpg\",\"width\":600,\"height\":300,\"caption\":\"Ferrovial S.A.\"},\"image\":{\"@id\":\"https:\/\/newsroom.ferrovial.com\/es\/#\/schema\/logo\/image\/\"},\"sameAs\":[\"https:\/\/www.facebook.com\/ferrovial\",\"https:\/\/x.com\/ferrovial\",\"https:\/\/www.instagram.com\/ferrovial\/\",\"https:\/\/www.linkedin.com\/company\/ferrovial\",\"https:\/\/www.pinterest.es\/ferrovial\/\",\"https:\/\/www.youtube.com\/ferrovial\",\"https:\/\/en.wikipedia.org\/wiki\/Ferrovial\"]}]}<\/script>","yoast_head_json":{"title":"Real Madrid, Atl\u00e9tico de Madrid y Rayo se unen al Ayuntamiento en el proyecto 'Juega Verde' por el medio ambiente Sala de prensa Ferrovial | \u00daltimas noticias","description":"Sala de prensa Ferrovial | \u00daltimas noticias","robots":{"index":"index","follow":"follow","max-snippet":"max-snippet:-1","max-image-preview":"max-image-preview:large","max-video-preview":"max-video-preview:-1"},"canonical":"https:\/\/newsroom.ferrovial.com\/es\/noticias\/20080513-real-madrid-atletico-de-madrid-y-rayo-se-unen-al-ayuntamiento-en-el-proyecto-juega-verde-por-el-medio-ambienteferrovial\/","og_locale":"es_ES","og_type":"article","og_title":"Real Madrid, Atl\u00e9tico de Madrid y Rayo se unen al Ayuntamiento en el proyecto 'Juega Verde' por el medio ambiente Sala de prensa Ferrovial | \u00daltimas noticias","og_description":"Sala de prensa Ferrovial | \u00daltimas noticias","og_url":"https:\/\/newsroom.ferrovial.com\/es\/noticias\/20080513-real-madrid-atletico-de-madrid-y-rayo-se-unen-al-ayuntamiento-en-el-proyecto-juega-verde-por-el-medio-ambienteferrovial\/","og_site_name":"Sala de prensa Ferrovial | \u00daltimas noticias","article_publisher":"https:\/\/www.facebook.com\/ferrovial","article_modified_time":"2022-12-21T10:01:33+00:00","twitter_card":"summary_large_image","twitter_site":"@ferrovial","schema":{"@context":"https:\/\/schema.org","@graph":[{"@type":"WebPage","@id":"https:\/\/newsroom.ferrovial.com\/es\/noticias\/20080513-real-madrid-atletico-de-madrid-y-rayo-se-unen-al-ayuntamiento-en-el-proyecto-juega-verde-por-el-medio-ambienteferrovial\/","url":"https:\/\/newsroom.ferrovial.com\/es\/noticias\/20080513-real-madrid-atletico-de-madrid-y-rayo-se-unen-al-ayuntamiento-en-el-proyecto-juega-verde-por-el-medio-ambienteferrovial\/","name":"Real Madrid, Atl\u00e9tico de Madrid y Rayo se unen al Ayuntamiento en el proyecto 'Juega Verde' por el medio ambiente Sala de prensa Ferrovial | \u00daltimas noticias","isPartOf":{"@id":"https:\/\/newsroom.ferrovial.com\/es\/#website"},"datePublished":"2008-05-13T00:00:00+00:00","dateModified":"2022-12-21T10:01:33+00:00","description":"Sala de prensa Ferrovial | \u00daltimas noticias","breadcrumb":{"@id":"https:\/\/newsroom.ferrovial.com\/es\/noticias\/20080513-real-madrid-atletico-de-madrid-y-rayo-se-unen-al-ayuntamiento-en-el-proyecto-juega-verde-por-el-medio-ambienteferrovial\/#breadcrumb"},"inLanguage":"es","potentialAction":[{"@type":"ReadAction","target":["https:\/\/newsroom.ferrovial.com\/es\/noticias\/20080513-real-madrid-atletico-de-madrid-y-rayo-se-unen-al-ayuntamiento-en-el-proyecto-juega-verde-por-el-medio-ambienteferrovial\/"]}]},{"@type":"BreadcrumbList","@id":"https:\/\/newsroom.ferrovial.com\/es\/noticias\/20080513-real-madrid-atletico-de-madrid-y-rayo-se-unen-al-ayuntamiento-en-el-proyecto-juega-verde-por-el-medio-ambienteferrovial\/#breadcrumb","itemListElement":[{"@type":"ListItem","position":1,"name":"Portada","item":"https:\/\/newsroom.ferrovial.com\/es\/"},{"@type":"ListItem","position":2,"name":"Real Madrid, Atl\u00e9tico de Madrid y Rayo se unen al Ayuntamiento en el proyecto &#8216;Juega Verde&#8217; por el medio ambiente"}]},{"@type":"WebSite","@id":"https:\/\/newsroom.ferrovial.com\/es\/#website","url":"https:\/\/newsroom.ferrovial.com\/es\/","name":"Sala de prensa Ferrovial | \u00daltimas noticias","description":"Sala de prensa Ferrovial | \u00daltimas noticias","publisher":{"@id":"https:\/\/newsroom.ferrovial.com\/es\/#organization"},"potentialAction":[{"@type":"SearchAction","target":{"@type":"EntryPoint","urlTemplate":"https:\/\/newsroom.ferrovial.com\/es\/?s={search_term_string}"},"query-input":{"@type":"PropertyValueSpecification","valueRequired":true,"valueName":"search_term_string"}}],"inLanguage":"es"},{"@type":"Organization","@id":"https:\/\/newsroom.ferrovial.com\/es\/#organization","name":"Ferrovial S.A.","url":"https:\/\/newsroom.ferrovial.com\/es\/","logo":{"@type":"ImageObject","inLanguage":"es","@id":"https:\/\/newsroom.ferrovial.com\/es\/#\/schema\/logo\/image\/","url":"https:\/\/static.newsroom.ferrovial.com\/wp-content\/uploads\/2018\/07\/15145720\/Ferrovial_Logotipo1.jpg","contentUrl":"https:\/\/static.newsroom.ferrovial.com\/wp-content\/uploads\/2018\/07\/15145720\/Ferrovial_Logotipo1.jpg","width":600,"height":300,"caption":"Ferrovial S.A."},"image":{"@id":"https:\/\/newsroom.ferrovial.com\/es\/#\/schema\/logo\/image\/"},"sameAs":["https:\/\/www.facebook.com\/ferrovial","https:\/\/x.com\/ferrovial","https:\/\/www.instagram.com\/ferrovial\/","https:\/\/www.linkedin.com\/company\/ferrovial","https:\/\/www.pinterest.es\/ferrovial\/","https:\/\/www.youtube.com\/ferrovial","https:\/\/en.wikipedia.org\/wiki\/Ferrovial"]}]}},"_links":{"self":[{"href":"https:\/\/newsroom.ferrovial.com\/es\/wp-json\/wp\/v2\/new\/2093","targetHints":{"allow":["GET"]}}],"collection":[{"href":"https:\/\/newsroom.ferrovial.com\/es\/wp-json\/wp\/v2\/new"}],"about":[{"href":"https:\/\/newsroom.ferrovial.com\/es\/wp-json\/wp\/v2\/types\/new"}],"replies":[{"embeddable":true,"href":"https:\/\/newsroom.ferrovial.com\/es\/wp-json\/wp\/v2\/comments?post=2093"}],"version-history":[{"count":1,"href":"https:\/\/newsroom.ferrovial.com\/es\/wp-json\/wp\/v2\/new\/2093\/revisions"}],"predecessor-version":[{"id":118534,"href":"https:\/\/newsroom.ferrovial.com\/es\/wp-json\/wp\/v2\/new\/2093\/revisions\/118534"}],"wp:attachment":[{"href":"https:\/\/newsroom.ferrovial.com\/es\/wp-json\/wp\/v2\/media?parent=2093"}],"wp:term":[{"taxonomy":"nivel-2","embeddable":true,"href":"https:\/\/newsroom.ferrovial.com\/es\/wp-json\/wp\/v2\/nivel-2?post=2093"},{"taxonomy":"nivel-5","embeddable":true,"href":"https:\/\/newsroom.ferrovial.com\/es\/wp-json\/wp\/v2\/nivel-5?post=2093"},{"taxonomy":"nivel-1","embeddable":true,"href":"https:\/\/newsroom.ferrovial.com\/es\/wp-json\/wp\/v2\/nivel-1?post=2093"},{"taxonomy":"nivel-3","embeddable":true,"href":"https:\/\/newsroom.ferrovial.com\/es\/wp-json\/wp\/v2\/nivel-3?post=2093"},{"taxonomy":"nivel-4","embeddable":true,"href":"https:\/\/newsroom.ferrovial.com\/es\/wp-json\/wp\/v2\/nivel-4?post=2093"}],"curies":[{"name":"wp","href":"https:\/\/api.w.org\/{rel}","templated":true}]}}