{"id":2141,"date":"2012-07-02T00:00:00","date_gmt":"2012-07-02T00:00:00","guid":{"rendered":"https:\/\/newsroom.ferrovial.com\/news\/felipe-calderon-presidente-de-mexico-entrega-a-ferrovial-el-premio-clares-a-la-responsabilidad-social-en-la-categoria-cooperacion-internacional-al-desarrollo\/"},"modified":"2022-12-21T10:32:11","modified_gmt":"2022-12-21T09:32:11","slug":"felipe-calderon-presidente-de-mexico-entrega-a-ferrovial-el-premio-clares-a-la-responsabilidad-social-en-la-categoria-cooperacion-internacional-al-desarrollo","status":"publish","type":"new","link":"https:\/\/newsroom.ferrovial.com\/es\/noticias\/felipe-calderon-presidente-de-mexico-entrega-a-ferrovial-el-premio-clares-a-la-responsabilidad-social-en-la-categoria-cooperacion-internacional-al-desarrollo\/","title":{"rendered":"Felipe Calder\u00f3n, Presidente de M\u00e9xico, entrega a Ferrovial el Premio CLARES a la Responsabilidad Social en la categor\u00eda \u00abCooperaci\u00f3n Internacional al Desarrollo\u00bb"},"content":{"rendered":"    <section class=\"wysiwyg text-editor \" id=\"\">\n        <div class=\"container container--narrow container--p-10\">\n            <p>Felipe Calder\u00f3n, Presidente de M\u00e9xico, entreg\u00f3 a Ferrovial el galard\u00f3n a la Responsabilidad Social 2012, en la categor\u00eda de \u0093Cooperaci\u00f3n Internacional al Desarrollo\u0094, dentro de los Premios de Responsabilidad Social del Centro Latinoamericano de Responsabilidad Social (CLARES). Con esta distinci\u00f3n, CLARES quiso reconocer el proyecto\u00a0<a href=\"https:\/\/www.ferrovial.com\/es\/Responsabilidad-Corporativa\/Accion-social\/Accion-social-Otros-Proyectos\/Maji-ni-Uhai-?wcnav.model=\/oracle\/webcenter\/portalapp\/navigations\/navegacion_es&amp;_afrLoop=11766097914173668&amp;_afrWindowMode=0&amp;_afrWindowId=null#%40%3F_afrWindowId%3Dnull%26_afrLoop%3D11766097914173668%26wcnav.model%3D%252Foracle%252Fwebcenter%252Fportalapp%252Fnavigations%252Fnavegacion_es%26_afrWindowMode%3D0%26_adf.ctrl-state%3D74g3folm4_392\" target=\"_blank\">Maji ni Uhai<\/a>, as\u00ed como la estrategia de alianzas de la compa\u00f1\u00eda con Amref, que ha permitido el desarrollo de un sistema de abastecimiento de agua del que se benefician m\u00e1s de 50.000 personas en Tanzania.<\/p>\n<p>La ceremonia de entrega se enmarc\u00f3 dentro del V Congreso Internacional de RS celebrado en la Universidad An\u00e1huac M\u00e9xico Norte. En ella, Felipe Calder\u00f3n, presidente de M\u00e9xico, destac\u00f3 la importancia de la Responsabilidad Social y de la Sustentabilidad para el desarrollo del pa\u00eds.<\/p>\n<p><img loading=\"lazy\" decoding=\"async\" class=\"alignleft\" alt=\"Premio Clares\" src=\"\/wp-content\/uploads\/noticias\/img_clares.bmp\" width=\"225\" height=\"225\" \/><\/p>\n<p>El proyecto Maji ni Uhai ha recibido numerosos reconocimientos, entre los que cabe destacar el Premio Europeo de Cooperaci\u00f3n Internacional para el desarrollo sostenible, que concede la Comisi\u00f3n Europea, o el premio de la Fundaci\u00f3n Entorno.<\/p>\n<p>La crisis econ\u00f3mica ha forzado un nuevo modelo de alianzas en el \u00e1mbito de la cooperaci\u00f3n al desarrollo. No solamente se produce una mayor integraci\u00f3n y colaboraci\u00f3n con el tercer sector y el sector privado, sino que tambi\u00e9n aparecen nuevos actores en el proceso: universidades, administraciones p\u00fablicas, etc.<\/p>\n<p>Ferrovial ha creado un nuevo modelo de cooperaci\u00f3n alineado con su modelo de negocio. Siguiendo este enfoque, la compa\u00f1\u00eda asume un rol de colaborador activo, m\u00e1s que de mero financiador. De este modo, el conocimiento y la experiencia que atesora a lo largo de seis d\u00e9cadas de trabajo se ponen al servicio del \u00e1mbito de la responsabilidad social y de la cooperaci\u00f3n al desarrollo.<\/p>\n<p>El pasado a\u00f1o, Ferrovial obtuvo la segunda posici\u00f3n en programas de RSC en la lista mundial de las compa\u00f1\u00edas m\u00e1s admiradas que elabora la revista Fortune y este a\u00f1o se alz\u00f3 con la sexta posici\u00f3n, siendo la \u00fanica compa\u00f1\u00eda espa\u00f1ola en este categor\u00eda.<\/p>\n        <\/div>\n    <\/section>\n","protected":false},"excerpt":{"rendered":"","protected":false},"featured_media":0,"menu_order":0,"comment_status":"closed","ping_status":"closed","template":"","nivel-2":[941,2231,2217,972,1024,1036],"nivel-5":[1902],"nivel-1":[],"nivel-3":[],"nivel-4":[],"class_list":["post-2141","new","type-new","status-publish","hentry","nivel-2-cooperacion-internacional","nivel-2-cultura-empresarial","nivel-2-estrategia-empresarial","nivel-2-eventos","nivel-2-premios","nivel-2-responsabilidad-social-corporativa","nivel-5-ferrovial"],"acf":[],"yoast_head":"<title>Felipe Calder\u00f3n, Presidente de M\u00e9xico, entrega a Ferrovial el Premio CLARES a la Responsabilidad Social en la categor\u00eda &quot;Cooperaci\u00f3n Internacional al Desarrollo&quot; Sala de prensa Ferrovial | \u00daltimas noticias<\/title>\n<meta name=\"description\" content=\"Sala de prensa Ferrovial | \u00daltimas noticias\" \/>\n<meta name=\"robots\" content=\"index, follow, max-snippet:-1, max-image-preview:large, max-video-preview:-1\" \/>\n<link rel=\"canonical\" href=\"https:\/\/newsroom.ferrovial.com\/es\/noticias\/felipe-calderon-presidente-de-mexico-entrega-a-ferrovial-el-premio-clares-a-la-responsabilidad-social-en-la-categoria-cooperacion-internacional-al-desarrollo\/\" \/>\n<meta property=\"og:locale\" content=\"es_ES\" \/>\n<meta property=\"og:type\" content=\"article\" \/>\n<meta property=\"og:title\" content=\"Felipe Calder\u00f3n, Presidente de M\u00e9xico, entrega a Ferrovial el Premio CLARES a la Responsabilidad Social en la categor\u00eda &quot;Cooperaci\u00f3n Internacional al Desarrollo&quot; Sala de prensa Ferrovial | \u00daltimas noticias\" \/>\n<meta property=\"og:description\" content=\"Sala de prensa Ferrovial | \u00daltimas noticias\" \/>\n<meta property=\"og:url\" content=\"https:\/\/newsroom.ferrovial.com\/es\/noticias\/felipe-calderon-presidente-de-mexico-entrega-a-ferrovial-el-premio-clares-a-la-responsabilidad-social-en-la-categoria-cooperacion-internacional-al-desarrollo\/\" \/>\n<meta property=\"og:site_name\" content=\"Sala de prensa Ferrovial | \u00daltimas noticias\" \/>\n<meta property=\"article:publisher\" content=\"https:\/\/www.facebook.com\/ferrovial\" \/>\n<meta property=\"article:modified_time\" content=\"2022-12-21T09:32:11+00:00\" \/>\n<meta name=\"twitter:card\" content=\"summary_large_image\" \/>\n<meta name=\"twitter:site\" content=\"@ferrovial\" \/>\n<script type=\"application\/ld+json\" class=\"yoast-schema-graph\">{\"@context\":\"https:\/\/schema.org\",\"@graph\":[{\"@type\":\"WebPage\",\"@id\":\"https:\/\/newsroom.ferrovial.com\/es\/noticias\/felipe-calderon-presidente-de-mexico-entrega-a-ferrovial-el-premio-clares-a-la-responsabilidad-social-en-la-categoria-cooperacion-internacional-al-desarrollo\/\",\"url\":\"https:\/\/newsroom.ferrovial.com\/es\/noticias\/felipe-calderon-presidente-de-mexico-entrega-a-ferrovial-el-premio-clares-a-la-responsabilidad-social-en-la-categoria-cooperacion-internacional-al-desarrollo\/\",\"name\":\"Felipe Calder\u00f3n, Presidente de M\u00e9xico, entrega a Ferrovial el Premio CLARES a la Responsabilidad Social en la categor\u00eda \\\"Cooperaci\u00f3n Internacional al Desarrollo\\\" Sala de prensa Ferrovial | \u00daltimas noticias\",\"isPartOf\":{\"@id\":\"https:\/\/newsroom.ferrovial.com\/es\/#website\"},\"datePublished\":\"2012-07-02T00:00:00+00:00\",\"dateModified\":\"2022-12-21T09:32:11+00:00\",\"description\":\"Sala de prensa Ferrovial | \u00daltimas noticias\",\"breadcrumb\":{\"@id\":\"https:\/\/newsroom.ferrovial.com\/es\/noticias\/felipe-calderon-presidente-de-mexico-entrega-a-ferrovial-el-premio-clares-a-la-responsabilidad-social-en-la-categoria-cooperacion-internacional-al-desarrollo\/#breadcrumb\"},\"inLanguage\":\"es\",\"potentialAction\":[{\"@type\":\"ReadAction\",\"target\":[\"https:\/\/newsroom.ferrovial.com\/es\/noticias\/felipe-calderon-presidente-de-mexico-entrega-a-ferrovial-el-premio-clares-a-la-responsabilidad-social-en-la-categoria-cooperacion-internacional-al-desarrollo\/\"]}]},{\"@type\":\"BreadcrumbList\",\"@id\":\"https:\/\/newsroom.ferrovial.com\/es\/noticias\/felipe-calderon-presidente-de-mexico-entrega-a-ferrovial-el-premio-clares-a-la-responsabilidad-social-en-la-categoria-cooperacion-internacional-al-desarrollo\/#breadcrumb\",\"itemListElement\":[{\"@type\":\"ListItem\",\"position\":1,\"name\":\"Portada\",\"item\":\"https:\/\/newsroom.ferrovial.com\/es\/\"},{\"@type\":\"ListItem\",\"position\":2,\"name\":\"Felipe Calder\u00f3n, Presidente de M\u00e9xico, entrega a Ferrovial el Premio CLARES a la Responsabilidad Social en la categor\u00eda \u00abCooperaci\u00f3n Internacional al Desarrollo\u00bb\"}]},{\"@type\":\"WebSite\",\"@id\":\"https:\/\/newsroom.ferrovial.com\/es\/#website\",\"url\":\"https:\/\/newsroom.ferrovial.com\/es\/\",\"name\":\"Sala de prensa Ferrovial | \u00daltimas noticias\",\"description\":\"Sala de prensa Ferrovial | \u00daltimas noticias\",\"publisher\":{\"@id\":\"https:\/\/newsroom.ferrovial.com\/es\/#organization\"},\"potentialAction\":[{\"@type\":\"SearchAction\",\"target\":{\"@type\":\"EntryPoint\",\"urlTemplate\":\"https:\/\/newsroom.ferrovial.com\/es\/?s={search_term_string}\"},\"query-input\":{\"@type\":\"PropertyValueSpecification\",\"valueRequired\":true,\"valueName\":\"search_term_string\"}}],\"inLanguage\":\"es\"},{\"@type\":\"Organization\",\"@id\":\"https:\/\/newsroom.ferrovial.com\/es\/#organization\",\"name\":\"Ferrovial S.A.\",\"url\":\"https:\/\/newsroom.ferrovial.com\/es\/\",\"logo\":{\"@type\":\"ImageObject\",\"inLanguage\":\"es\",\"@id\":\"https:\/\/newsroom.ferrovial.com\/es\/#\/schema\/logo\/image\/\",\"url\":\"https:\/\/static.newsroom.ferrovial.com\/wp-content\/uploads\/2018\/07\/15145720\/Ferrovial_Logotipo1.jpg\",\"contentUrl\":\"https:\/\/static.newsroom.ferrovial.com\/wp-content\/uploads\/2018\/07\/15145720\/Ferrovial_Logotipo1.jpg\",\"width\":600,\"height\":300,\"caption\":\"Ferrovial S.A.\"},\"image\":{\"@id\":\"https:\/\/newsroom.ferrovial.com\/es\/#\/schema\/logo\/image\/\"},\"sameAs\":[\"https:\/\/www.facebook.com\/ferrovial\",\"https:\/\/x.com\/ferrovial\",\"https:\/\/www.instagram.com\/ferrovial\/\",\"https:\/\/www.linkedin.com\/company\/ferrovial\",\"https:\/\/www.pinterest.es\/ferrovial\/\",\"https:\/\/www.youtube.com\/ferrovial\",\"https:\/\/en.wikipedia.org\/wiki\/Ferrovial\"]}]}<\/script>","yoast_head_json":{"title":"Felipe Calder\u00f3n, Presidente de M\u00e9xico, entrega a Ferrovial el Premio CLARES a la Responsabilidad Social en la categor\u00eda \"Cooperaci\u00f3n Internacional al Desarrollo\" Sala de prensa Ferrovial | \u00daltimas noticias","description":"Sala de prensa Ferrovial | \u00daltimas noticias","robots":{"index":"index","follow":"follow","max-snippet":"max-snippet:-1","max-image-preview":"max-image-preview:large","max-video-preview":"max-video-preview:-1"},"canonical":"https:\/\/newsroom.ferrovial.com\/es\/noticias\/felipe-calderon-presidente-de-mexico-entrega-a-ferrovial-el-premio-clares-a-la-responsabilidad-social-en-la-categoria-cooperacion-internacional-al-desarrollo\/","og_locale":"es_ES","og_type":"article","og_title":"Felipe Calder\u00f3n, Presidente de M\u00e9xico, entrega a Ferrovial el Premio CLARES a la Responsabilidad Social en la categor\u00eda \"Cooperaci\u00f3n Internacional al Desarrollo\" Sala de prensa Ferrovial | \u00daltimas noticias","og_description":"Sala de prensa Ferrovial | \u00daltimas noticias","og_url":"https:\/\/newsroom.ferrovial.com\/es\/noticias\/felipe-calderon-presidente-de-mexico-entrega-a-ferrovial-el-premio-clares-a-la-responsabilidad-social-en-la-categoria-cooperacion-internacional-al-desarrollo\/","og_site_name":"Sala de prensa Ferrovial | \u00daltimas noticias","article_publisher":"https:\/\/www.facebook.com\/ferrovial","article_modified_time":"2022-12-21T09:32:11+00:00","twitter_card":"summary_large_image","twitter_site":"@ferrovial","schema":{"@context":"https:\/\/schema.org","@graph":[{"@type":"WebPage","@id":"https:\/\/newsroom.ferrovial.com\/es\/noticias\/felipe-calderon-presidente-de-mexico-entrega-a-ferrovial-el-premio-clares-a-la-responsabilidad-social-en-la-categoria-cooperacion-internacional-al-desarrollo\/","url":"https:\/\/newsroom.ferrovial.com\/es\/noticias\/felipe-calderon-presidente-de-mexico-entrega-a-ferrovial-el-premio-clares-a-la-responsabilidad-social-en-la-categoria-cooperacion-internacional-al-desarrollo\/","name":"Felipe Calder\u00f3n, Presidente de M\u00e9xico, entrega a Ferrovial el Premio CLARES a la Responsabilidad Social en la categor\u00eda \"Cooperaci\u00f3n Internacional al Desarrollo\" Sala de prensa Ferrovial | \u00daltimas noticias","isPartOf":{"@id":"https:\/\/newsroom.ferrovial.com\/es\/#website"},"datePublished":"2012-07-02T00:00:00+00:00","dateModified":"2022-12-21T09:32:11+00:00","description":"Sala de prensa Ferrovial | \u00daltimas noticias","breadcrumb":{"@id":"https:\/\/newsroom.ferrovial.com\/es\/noticias\/felipe-calderon-presidente-de-mexico-entrega-a-ferrovial-el-premio-clares-a-la-responsabilidad-social-en-la-categoria-cooperacion-internacional-al-desarrollo\/#breadcrumb"},"inLanguage":"es","potentialAction":[{"@type":"ReadAction","target":["https:\/\/newsroom.ferrovial.com\/es\/noticias\/felipe-calderon-presidente-de-mexico-entrega-a-ferrovial-el-premio-clares-a-la-responsabilidad-social-en-la-categoria-cooperacion-internacional-al-desarrollo\/"]}]},{"@type":"BreadcrumbList","@id":"https:\/\/newsroom.ferrovial.com\/es\/noticias\/felipe-calderon-presidente-de-mexico-entrega-a-ferrovial-el-premio-clares-a-la-responsabilidad-social-en-la-categoria-cooperacion-internacional-al-desarrollo\/#breadcrumb","itemListElement":[{"@type":"ListItem","position":1,"name":"Portada","item":"https:\/\/newsroom.ferrovial.com\/es\/"},{"@type":"ListItem","position":2,"name":"Felipe Calder\u00f3n, Presidente de M\u00e9xico, entrega a Ferrovial el Premio CLARES a la Responsabilidad Social en la categor\u00eda \u00abCooperaci\u00f3n Internacional al Desarrollo\u00bb"}]},{"@type":"WebSite","@id":"https:\/\/newsroom.ferrovial.com\/es\/#website","url":"https:\/\/newsroom.ferrovial.com\/es\/","name":"Sala de prensa Ferrovial | \u00daltimas noticias","description":"Sala de prensa Ferrovial | \u00daltimas noticias","publisher":{"@id":"https:\/\/newsroom.ferrovial.com\/es\/#organization"},"potentialAction":[{"@type":"SearchAction","target":{"@type":"EntryPoint","urlTemplate":"https:\/\/newsroom.ferrovial.com\/es\/?s={search_term_string}"},"query-input":{"@type":"PropertyValueSpecification","valueRequired":true,"valueName":"search_term_string"}}],"inLanguage":"es"},{"@type":"Organization","@id":"https:\/\/newsroom.ferrovial.com\/es\/#organization","name":"Ferrovial S.A.","url":"https:\/\/newsroom.ferrovial.com\/es\/","logo":{"@type":"ImageObject","inLanguage":"es","@id":"https:\/\/newsroom.ferrovial.com\/es\/#\/schema\/logo\/image\/","url":"https:\/\/static.newsroom.ferrovial.com\/wp-content\/uploads\/2018\/07\/15145720\/Ferrovial_Logotipo1.jpg","contentUrl":"https:\/\/static.newsroom.ferrovial.com\/wp-content\/uploads\/2018\/07\/15145720\/Ferrovial_Logotipo1.jpg","width":600,"height":300,"caption":"Ferrovial S.A."},"image":{"@id":"https:\/\/newsroom.ferrovial.com\/es\/#\/schema\/logo\/image\/"},"sameAs":["https:\/\/www.facebook.com\/ferrovial","https:\/\/x.com\/ferrovial","https:\/\/www.instagram.com\/ferrovial\/","https:\/\/www.linkedin.com\/company\/ferrovial","https:\/\/www.pinterest.es\/ferrovial\/","https:\/\/www.youtube.com\/ferrovial","https:\/\/en.wikipedia.org\/wiki\/Ferrovial"]}]}},"_links":{"self":[{"href":"https:\/\/newsroom.ferrovial.com\/es\/wp-json\/wp\/v2\/new\/2141","targetHints":{"allow":["GET"]}}],"collection":[{"href":"https:\/\/newsroom.ferrovial.com\/es\/wp-json\/wp\/v2\/new"}],"about":[{"href":"https:\/\/newsroom.ferrovial.com\/es\/wp-json\/wp\/v2\/types\/new"}],"replies":[{"embeddable":true,"href":"https:\/\/newsroom.ferrovial.com\/es\/wp-json\/wp\/v2\/comments?post=2141"}],"version-history":[{"count":1,"href":"https:\/\/newsroom.ferrovial.com\/es\/wp-json\/wp\/v2\/new\/2141\/revisions"}],"predecessor-version":[{"id":118001,"href":"https:\/\/newsroom.ferrovial.com\/es\/wp-json\/wp\/v2\/new\/2141\/revisions\/118001"}],"wp:attachment":[{"href":"https:\/\/newsroom.ferrovial.com\/es\/wp-json\/wp\/v2\/media?parent=2141"}],"wp:term":[{"taxonomy":"nivel-2","embeddable":true,"href":"https:\/\/newsroom.ferrovial.com\/es\/wp-json\/wp\/v2\/nivel-2?post=2141"},{"taxonomy":"nivel-5","embeddable":true,"href":"https:\/\/newsroom.ferrovial.com\/es\/wp-json\/wp\/v2\/nivel-5?post=2141"},{"taxonomy":"nivel-1","embeddable":true,"href":"https:\/\/newsroom.ferrovial.com\/es\/wp-json\/wp\/v2\/nivel-1?post=2141"},{"taxonomy":"nivel-3","embeddable":true,"href":"https:\/\/newsroom.ferrovial.com\/es\/wp-json\/wp\/v2\/nivel-3?post=2141"},{"taxonomy":"nivel-4","embeddable":true,"href":"https:\/\/newsroom.ferrovial.com\/es\/wp-json\/wp\/v2\/nivel-4?post=2141"}],"curies":[{"name":"wp","href":"https:\/\/api.w.org\/{rel}","templated":true}]}}