{"id":2149,"date":"2007-11-07T00:00:00","date_gmt":"2007-11-07T00:00:00","guid":{"rendered":"https:\/\/newsroom.ferrovial.com\/news\/alcanzar-el-consumo-y-la-produccion-sostenible-sera-uno-de-los-desafios-clave-para-el-futuro-segun-brigitte-monsou-directora-de-sostenibilidad-y-cadena-de-valor-del-wbcsd\/"},"modified":"2022-12-21T11:14:46","modified_gmt":"2022-12-21T10:14:46","slug":"alcanzar-el-consumo-y-la-produccion-sostenible-sera-uno-de-los-desafios-clave-para-el-futuro-segun-brigitte-monsou-directora-de-sostenibilidad-y-cadena-de-valor-del-wbcsd","status":"publish","type":"new","link":"https:\/\/newsroom.ferrovial.com\/es\/noticias\/alcanzar-el-consumo-y-la-produccion-sostenible-sera-uno-de-los-desafios-clave-para-el-futuro-segun-brigitte-monsou-directora-de-sostenibilidad-y-cadena-de-valor-del-wbcsd\/","title":{"rendered":"\u00abAlcanzar el consumo y la producci\u00f3n sostenible ser\u00e1 uno de los desaf\u00edos clave para el futuro\u00bb seg\u00fan Brigitte Monsou, directora de Sostenibilidad y Cadena de Valor del WBCSD"},"content":{"rendered":"    <section class=\"wysiwyg text-editor \" id=\"\">\n        <div class=\"container container--narrow container--p-10\">\n            <p>(<span style=\"text-decoration: underline;\">Fundaci\u00f3n Entorno-BCSD Espa\u00f1a<\/span>).- Ayer se reunieron en la sede de la Fundaci\u00f3n Repsol YPF un grupo de grandes empresas en un encuentro organizado por la Fundaci\u00f3n Entorno-BCSD Espa\u00f1a con Brigitte Monsou, directora de Sostenibilidad y Cadena de Valor del WBCSD con el objetivo de compartir los retos actuales para las empresas de la gesti\u00f3n sostenible de la cadena de valor.<\/p>\n<p>La jornada que se enmarc\u00f3 dentro del grupo de actividades del Grupo de Trabajo El Papel de los Negocios en la Sociedad de la Fundaci\u00f3n Entorno-BCSD Espa\u00f1a, cont\u00f3 con la participaci\u00f3n de grandes empresas colaboradoras de la Fundaci\u00f3n como Dow Chemical, Elcogas, Endesa, FCC Construcci\u00f3n, Gas Natural, Holcim, Iberdrola Inmobiliaria, Metro de Madrid, Philips Ib\u00e9rica, Repsol YPF y Telef\u00f3nica S.A.<\/p>\n<p>La sesi\u00f3n cont\u00f3 con la presencia de Cristina Garc\u00eda Orcoyen, directora gerente de la Fundaci\u00f3n Entorno quien se\u00f1al\u00f3 que \u00ablas empresas que consigan desarrollar modelos de gesti\u00f3n de proveedores y contratistas m\u00e1s responsables, m\u00e1s innovadores, y que incluyan como elementos clave aspectos de sostenibilidad, dar\u00e1n como resultado relaciones cliente-proveedor m\u00e1s fuertes y seguras, que fortalezcan su competitividad a la vez que ayuden a gestionar mejor sus riesgos y su reputaci\u00f3n.\u00bb<\/p>\n<p>Durante su presentaci\u00f3n Cristina destac\u00f3 el Programa e+5 de la Fundaci\u00f3n Entorno, de calificaci\u00f3n ambiental de proveedores y contratistas, que desarrolla una metodolog\u00eda sencilla y pr\u00e1ctica basada en The Accorn Method y la norma brit\u00e1nica BS 8555.<\/p>\n<p>\u00abEste programa, que ayuda a las empresas proveedoras y contratistas a avanzar de forma l\u00f3gica y gradual en la implantaci\u00f3n de sistemas de gesti\u00f3n ambiental, ya ha sido implantado con \u00e9xito en algunas de nuestras Empresas Miembro, como Gas Natural, Ericsson Espa\u00f1a, Grupo Eroski\u00bb se\u00f1al\u00f3 la directora de la Fundaci\u00f3n.<\/p>\n<p>Brigitte Monsou aport\u00f3, desde una perspectiva global, su visi\u00f3n de la integraci\u00f3n de la sostenibilidad en la cadena de valor, como uno de los factores clave dentro de una estrategia de sostenibilidad empresarial.<\/p>\n<p>Su intervenci\u00f3n estuvo centrada en los desaf\u00edos, as\u00ed como en las oportunidades y beneficios que supone para las empresas la gesti\u00f3n sostenible de la cadena de valor. Asimismo mostr\u00f3 la perspectiva de otros expertos con los que colabora estrechamente y ejemplos de buenas pr\u00e1cticas de empresas que integran la sostenibilidad en la cadena de valor.<\/p>\n<p>Al finalizar su exposici\u00f3n se produjo una charla con los representantes de las empresas invitadas que expusieron sus casos particulares y las dificultades y beneficios que encuentran para integrar estos criterios en sus procesos de producci\u00f3n.<\/p>\n        <\/div>\n    <\/section>\n","protected":false},"excerpt":{"rendered":"","protected":false},"featured_media":0,"menu_order":0,"comment_status":"closed","ping_status":"closed","template":"","nivel-2":[936],"nivel-5":[],"nivel-1":[],"nivel-3":[],"nivel-4":[],"class_list":["post-2149","new","type-new","status-publish","hentry","nivel-2-conservacion-del-medio-ambiente"],"acf":[],"yoast_head":"<title>&quot;Alcanzar el consumo y la producci\u00f3n sostenible ser\u00e1 uno de los desaf\u00edos clave para el futuro&quot; seg\u00fan Brigitte Monsou, directora de Sostenibilidad y Cadena de Valor del WBCSD Sala de prensa Ferrovial | \u00daltimas noticias<\/title>\n<meta name=\"description\" content=\"Sala de prensa Ferrovial | \u00daltimas noticias\" \/>\n<meta name=\"robots\" content=\"index, follow, max-snippet:-1, max-image-preview:large, max-video-preview:-1\" \/>\n<link rel=\"canonical\" href=\"https:\/\/newsroom.ferrovial.com\/es\/noticias\/alcanzar-el-consumo-y-la-produccion-sostenible-sera-uno-de-los-desafios-clave-para-el-futuro-segun-brigitte-monsou-directora-de-sostenibilidad-y-cadena-de-valor-del-wbcsd\/\" \/>\n<meta property=\"og:locale\" content=\"es_ES\" \/>\n<meta property=\"og:type\" content=\"article\" \/>\n<meta property=\"og:title\" content=\"&quot;Alcanzar el consumo y la producci\u00f3n sostenible ser\u00e1 uno de los desaf\u00edos clave para el futuro&quot; seg\u00fan Brigitte Monsou, directora de Sostenibilidad y Cadena de Valor del WBCSD Sala de prensa Ferrovial | \u00daltimas noticias\" \/>\n<meta property=\"og:description\" content=\"Sala de prensa Ferrovial | \u00daltimas noticias\" \/>\n<meta property=\"og:url\" content=\"https:\/\/newsroom.ferrovial.com\/es\/noticias\/alcanzar-el-consumo-y-la-produccion-sostenible-sera-uno-de-los-desafios-clave-para-el-futuro-segun-brigitte-monsou-directora-de-sostenibilidad-y-cadena-de-valor-del-wbcsd\/\" \/>\n<meta property=\"og:site_name\" content=\"Sala de prensa Ferrovial | \u00daltimas noticias\" \/>\n<meta property=\"article:publisher\" content=\"https:\/\/www.facebook.com\/ferrovial\" \/>\n<meta property=\"article:modified_time\" content=\"2022-12-21T10:14:46+00:00\" \/>\n<meta name=\"twitter:card\" content=\"summary_large_image\" \/>\n<meta name=\"twitter:site\" content=\"@ferrovial\" \/>\n<script type=\"application\/ld+json\" class=\"yoast-schema-graph\">{\"@context\":\"https:\/\/schema.org\",\"@graph\":[{\"@type\":\"WebPage\",\"@id\":\"https:\/\/newsroom.ferrovial.com\/es\/noticias\/alcanzar-el-consumo-y-la-produccion-sostenible-sera-uno-de-los-desafios-clave-para-el-futuro-segun-brigitte-monsou-directora-de-sostenibilidad-y-cadena-de-valor-del-wbcsd\/\",\"url\":\"https:\/\/newsroom.ferrovial.com\/es\/noticias\/alcanzar-el-consumo-y-la-produccion-sostenible-sera-uno-de-los-desafios-clave-para-el-futuro-segun-brigitte-monsou-directora-de-sostenibilidad-y-cadena-de-valor-del-wbcsd\/\",\"name\":\"\\\"Alcanzar el consumo y la producci\u00f3n sostenible ser\u00e1 uno de los desaf\u00edos clave para el futuro\\\" seg\u00fan Brigitte Monsou, directora de Sostenibilidad y Cadena de Valor del WBCSD Sala de prensa Ferrovial | \u00daltimas noticias\",\"isPartOf\":{\"@id\":\"https:\/\/newsroom.ferrovial.com\/es\/#website\"},\"datePublished\":\"2007-11-07T00:00:00+00:00\",\"dateModified\":\"2022-12-21T10:14:46+00:00\",\"description\":\"Sala de prensa Ferrovial | \u00daltimas noticias\",\"breadcrumb\":{\"@id\":\"https:\/\/newsroom.ferrovial.com\/es\/noticias\/alcanzar-el-consumo-y-la-produccion-sostenible-sera-uno-de-los-desafios-clave-para-el-futuro-segun-brigitte-monsou-directora-de-sostenibilidad-y-cadena-de-valor-del-wbcsd\/#breadcrumb\"},\"inLanguage\":\"es\",\"potentialAction\":[{\"@type\":\"ReadAction\",\"target\":[\"https:\/\/newsroom.ferrovial.com\/es\/noticias\/alcanzar-el-consumo-y-la-produccion-sostenible-sera-uno-de-los-desafios-clave-para-el-futuro-segun-brigitte-monsou-directora-de-sostenibilidad-y-cadena-de-valor-del-wbcsd\/\"]}]},{\"@type\":\"BreadcrumbList\",\"@id\":\"https:\/\/newsroom.ferrovial.com\/es\/noticias\/alcanzar-el-consumo-y-la-produccion-sostenible-sera-uno-de-los-desafios-clave-para-el-futuro-segun-brigitte-monsou-directora-de-sostenibilidad-y-cadena-de-valor-del-wbcsd\/#breadcrumb\",\"itemListElement\":[{\"@type\":\"ListItem\",\"position\":1,\"name\":\"Portada\",\"item\":\"https:\/\/newsroom.ferrovial.com\/es\/\"},{\"@type\":\"ListItem\",\"position\":2,\"name\":\"\u00abAlcanzar el consumo y la producci\u00f3n sostenible ser\u00e1 uno de los desaf\u00edos clave para el futuro\u00bb seg\u00fan Brigitte Monsou, directora de Sostenibilidad y Cadena de Valor del WBCSD\"}]},{\"@type\":\"WebSite\",\"@id\":\"https:\/\/newsroom.ferrovial.com\/es\/#website\",\"url\":\"https:\/\/newsroom.ferrovial.com\/es\/\",\"name\":\"Sala de prensa Ferrovial | \u00daltimas noticias\",\"description\":\"Sala de prensa Ferrovial | \u00daltimas noticias\",\"publisher\":{\"@id\":\"https:\/\/newsroom.ferrovial.com\/es\/#organization\"},\"potentialAction\":[{\"@type\":\"SearchAction\",\"target\":{\"@type\":\"EntryPoint\",\"urlTemplate\":\"https:\/\/newsroom.ferrovial.com\/es\/?s={search_term_string}\"},\"query-input\":{\"@type\":\"PropertyValueSpecification\",\"valueRequired\":true,\"valueName\":\"search_term_string\"}}],\"inLanguage\":\"es\"},{\"@type\":\"Organization\",\"@id\":\"https:\/\/newsroom.ferrovial.com\/es\/#organization\",\"name\":\"Ferrovial S.A.\",\"url\":\"https:\/\/newsroom.ferrovial.com\/es\/\",\"logo\":{\"@type\":\"ImageObject\",\"inLanguage\":\"es\",\"@id\":\"https:\/\/newsroom.ferrovial.com\/es\/#\/schema\/logo\/image\/\",\"url\":\"https:\/\/static.newsroom.ferrovial.com\/wp-content\/uploads\/2018\/07\/15145720\/Ferrovial_Logotipo1.jpg\",\"contentUrl\":\"https:\/\/static.newsroom.ferrovial.com\/wp-content\/uploads\/2018\/07\/15145720\/Ferrovial_Logotipo1.jpg\",\"width\":600,\"height\":300,\"caption\":\"Ferrovial S.A.\"},\"image\":{\"@id\":\"https:\/\/newsroom.ferrovial.com\/es\/#\/schema\/logo\/image\/\"},\"sameAs\":[\"https:\/\/www.facebook.com\/ferrovial\",\"https:\/\/x.com\/ferrovial\",\"https:\/\/www.instagram.com\/ferrovial\/\",\"https:\/\/www.linkedin.com\/company\/ferrovial\",\"https:\/\/www.pinterest.es\/ferrovial\/\",\"https:\/\/www.youtube.com\/ferrovial\",\"https:\/\/en.wikipedia.org\/wiki\/Ferrovial\"]}]}<\/script>","yoast_head_json":{"title":"\"Alcanzar el consumo y la producci\u00f3n sostenible ser\u00e1 uno de los desaf\u00edos clave para el futuro\" seg\u00fan Brigitte Monsou, directora de Sostenibilidad y Cadena de Valor del WBCSD Sala de prensa Ferrovial | \u00daltimas noticias","description":"Sala de prensa Ferrovial | \u00daltimas noticias","robots":{"index":"index","follow":"follow","max-snippet":"max-snippet:-1","max-image-preview":"max-image-preview:large","max-video-preview":"max-video-preview:-1"},"canonical":"https:\/\/newsroom.ferrovial.com\/es\/noticias\/alcanzar-el-consumo-y-la-produccion-sostenible-sera-uno-de-los-desafios-clave-para-el-futuro-segun-brigitte-monsou-directora-de-sostenibilidad-y-cadena-de-valor-del-wbcsd\/","og_locale":"es_ES","og_type":"article","og_title":"\"Alcanzar el consumo y la producci\u00f3n sostenible ser\u00e1 uno de los desaf\u00edos clave para el futuro\" seg\u00fan Brigitte Monsou, directora de Sostenibilidad y Cadena de Valor del WBCSD Sala de prensa Ferrovial | \u00daltimas noticias","og_description":"Sala de prensa Ferrovial | \u00daltimas noticias","og_url":"https:\/\/newsroom.ferrovial.com\/es\/noticias\/alcanzar-el-consumo-y-la-produccion-sostenible-sera-uno-de-los-desafios-clave-para-el-futuro-segun-brigitte-monsou-directora-de-sostenibilidad-y-cadena-de-valor-del-wbcsd\/","og_site_name":"Sala de prensa Ferrovial | \u00daltimas noticias","article_publisher":"https:\/\/www.facebook.com\/ferrovial","article_modified_time":"2022-12-21T10:14:46+00:00","twitter_card":"summary_large_image","twitter_site":"@ferrovial","schema":{"@context":"https:\/\/schema.org","@graph":[{"@type":"WebPage","@id":"https:\/\/newsroom.ferrovial.com\/es\/noticias\/alcanzar-el-consumo-y-la-produccion-sostenible-sera-uno-de-los-desafios-clave-para-el-futuro-segun-brigitte-monsou-directora-de-sostenibilidad-y-cadena-de-valor-del-wbcsd\/","url":"https:\/\/newsroom.ferrovial.com\/es\/noticias\/alcanzar-el-consumo-y-la-produccion-sostenible-sera-uno-de-los-desafios-clave-para-el-futuro-segun-brigitte-monsou-directora-de-sostenibilidad-y-cadena-de-valor-del-wbcsd\/","name":"\"Alcanzar el consumo y la producci\u00f3n sostenible ser\u00e1 uno de los desaf\u00edos clave para el futuro\" seg\u00fan Brigitte Monsou, directora de Sostenibilidad y Cadena de Valor del WBCSD Sala de prensa Ferrovial | \u00daltimas noticias","isPartOf":{"@id":"https:\/\/newsroom.ferrovial.com\/es\/#website"},"datePublished":"2007-11-07T00:00:00+00:00","dateModified":"2022-12-21T10:14:46+00:00","description":"Sala de prensa Ferrovial | \u00daltimas noticias","breadcrumb":{"@id":"https:\/\/newsroom.ferrovial.com\/es\/noticias\/alcanzar-el-consumo-y-la-produccion-sostenible-sera-uno-de-los-desafios-clave-para-el-futuro-segun-brigitte-monsou-directora-de-sostenibilidad-y-cadena-de-valor-del-wbcsd\/#breadcrumb"},"inLanguage":"es","potentialAction":[{"@type":"ReadAction","target":["https:\/\/newsroom.ferrovial.com\/es\/noticias\/alcanzar-el-consumo-y-la-produccion-sostenible-sera-uno-de-los-desafios-clave-para-el-futuro-segun-brigitte-monsou-directora-de-sostenibilidad-y-cadena-de-valor-del-wbcsd\/"]}]},{"@type":"BreadcrumbList","@id":"https:\/\/newsroom.ferrovial.com\/es\/noticias\/alcanzar-el-consumo-y-la-produccion-sostenible-sera-uno-de-los-desafios-clave-para-el-futuro-segun-brigitte-monsou-directora-de-sostenibilidad-y-cadena-de-valor-del-wbcsd\/#breadcrumb","itemListElement":[{"@type":"ListItem","position":1,"name":"Portada","item":"https:\/\/newsroom.ferrovial.com\/es\/"},{"@type":"ListItem","position":2,"name":"\u00abAlcanzar el consumo y la producci\u00f3n sostenible ser\u00e1 uno de los desaf\u00edos clave para el futuro\u00bb seg\u00fan Brigitte Monsou, directora de Sostenibilidad y Cadena de Valor del WBCSD"}]},{"@type":"WebSite","@id":"https:\/\/newsroom.ferrovial.com\/es\/#website","url":"https:\/\/newsroom.ferrovial.com\/es\/","name":"Sala de prensa Ferrovial | \u00daltimas noticias","description":"Sala de prensa Ferrovial | \u00daltimas noticias","publisher":{"@id":"https:\/\/newsroom.ferrovial.com\/es\/#organization"},"potentialAction":[{"@type":"SearchAction","target":{"@type":"EntryPoint","urlTemplate":"https:\/\/newsroom.ferrovial.com\/es\/?s={search_term_string}"},"query-input":{"@type":"PropertyValueSpecification","valueRequired":true,"valueName":"search_term_string"}}],"inLanguage":"es"},{"@type":"Organization","@id":"https:\/\/newsroom.ferrovial.com\/es\/#organization","name":"Ferrovial S.A.","url":"https:\/\/newsroom.ferrovial.com\/es\/","logo":{"@type":"ImageObject","inLanguage":"es","@id":"https:\/\/newsroom.ferrovial.com\/es\/#\/schema\/logo\/image\/","url":"https:\/\/static.newsroom.ferrovial.com\/wp-content\/uploads\/2018\/07\/15145720\/Ferrovial_Logotipo1.jpg","contentUrl":"https:\/\/static.newsroom.ferrovial.com\/wp-content\/uploads\/2018\/07\/15145720\/Ferrovial_Logotipo1.jpg","width":600,"height":300,"caption":"Ferrovial S.A."},"image":{"@id":"https:\/\/newsroom.ferrovial.com\/es\/#\/schema\/logo\/image\/"},"sameAs":["https:\/\/www.facebook.com\/ferrovial","https:\/\/x.com\/ferrovial","https:\/\/www.instagram.com\/ferrovial\/","https:\/\/www.linkedin.com\/company\/ferrovial","https:\/\/www.pinterest.es\/ferrovial\/","https:\/\/www.youtube.com\/ferrovial","https:\/\/en.wikipedia.org\/wiki\/Ferrovial"]}]}},"_links":{"self":[{"href":"https:\/\/newsroom.ferrovial.com\/es\/wp-json\/wp\/v2\/new\/2149","targetHints":{"allow":["GET"]}}],"collection":[{"href":"https:\/\/newsroom.ferrovial.com\/es\/wp-json\/wp\/v2\/new"}],"about":[{"href":"https:\/\/newsroom.ferrovial.com\/es\/wp-json\/wp\/v2\/types\/new"}],"replies":[{"embeddable":true,"href":"https:\/\/newsroom.ferrovial.com\/es\/wp-json\/wp\/v2\/comments?post=2149"}],"version-history":[{"count":1,"href":"https:\/\/newsroom.ferrovial.com\/es\/wp-json\/wp\/v2\/new\/2149\/revisions"}],"predecessor-version":[{"id":118874,"href":"https:\/\/newsroom.ferrovial.com\/es\/wp-json\/wp\/v2\/new\/2149\/revisions\/118874"}],"wp:attachment":[{"href":"https:\/\/newsroom.ferrovial.com\/es\/wp-json\/wp\/v2\/media?parent=2149"}],"wp:term":[{"taxonomy":"nivel-2","embeddable":true,"href":"https:\/\/newsroom.ferrovial.com\/es\/wp-json\/wp\/v2\/nivel-2?post=2149"},{"taxonomy":"nivel-5","embeddable":true,"href":"https:\/\/newsroom.ferrovial.com\/es\/wp-json\/wp\/v2\/nivel-5?post=2149"},{"taxonomy":"nivel-1","embeddable":true,"href":"https:\/\/newsroom.ferrovial.com\/es\/wp-json\/wp\/v2\/nivel-1?post=2149"},{"taxonomy":"nivel-3","embeddable":true,"href":"https:\/\/newsroom.ferrovial.com\/es\/wp-json\/wp\/v2\/nivel-3?post=2149"},{"taxonomy":"nivel-4","embeddable":true,"href":"https:\/\/newsroom.ferrovial.com\/es\/wp-json\/wp\/v2\/nivel-4?post=2149"}],"curies":[{"name":"wp","href":"https:\/\/api.w.org\/{rel}","templated":true}]}}