{"id":2194,"date":"2007-12-19T00:00:00","date_gmt":"2007-12-19T00:00:00","guid":{"rendered":"https:\/\/newsroom.ferrovial.com\/news\/camps-anuncia-que-valencia-acogera-en-noviembre-de-2008-una-reunion-del-foro-internacional-de-desarrollo-sostenible\/"},"modified":"2022-12-21T11:10:54","modified_gmt":"2022-12-21T10:10:54","slug":"camps-anuncia-que-valencia-acogera-en-noviembre-de-2008-una-reunion-del-foro-internacional-de-desarrollo-sostenible","status":"publish","type":"new","link":"https:\/\/newsroom.ferrovial.com\/es\/noticias\/camps-anuncia-que-valencia-acogera-en-noviembre-de-2008-una-reunion-del-foro-internacional-de-desarrollo-sostenible\/","title":{"rendered":"Camps anuncia que Valencia acoger\u00e1 en noviembre de 2008 una reuni\u00f3n del Foro Internacional de Desarrollo Sostenible"},"content":{"rendered":"    <section class=\"wysiwyg text-editor \" id=\"\">\n        <div class=\"container container--narrow container--p-10\">\n            <p>Camps hizo estas declaraciones en Oslo, donde asisti\u00f3 a la ceremonia de entrega del Premio Nobel de la Paz 2007 concedido a Al Gore y al Presidente del Panel Intergubernamental sobre el Cambio Clim\u00e1tico (IPCC), Rajendra K. Pachauri.<\/p>\n<p>El Jefe del Consejo record\u00f3 que Pachauri estuvo en la Comunidad Valenciana el pasado mes de noviembre con motivo de la celebraci\u00f3n del Panel Intergubernamental contra el Cambio Clim\u00e1tico, y destac\u00f3 las posibilidades de la sociedad valenciana para trabajar conjuntamente contra el calentamiento global.<\/p>\n<p>El Presidente afirm\u00f3 que Pachauri tiene \u00abun compromiso personal\u00bb de ligarse a la Comunidad en su labor de defensa del medio ambiente mundial y respecto de las propuestas e iniciativas que se pueden poner en marcha desde el territorio valenciano.<\/p>\n<p>Camps se refiri\u00f3 a la reuni\u00f3n mantenida el pasado 9 de diciembre con Pachauri en Oslo donde ambos se comprometieron \u00aba trabajar juntos desde un punto de vista de consorcio, de cooperaci\u00f3n conjunta, de ideas de reflexi\u00f3n cient\u00edfica y de iniciativas aplicadas desde cualquier orientaci\u00f3n diaria y pr\u00e1ctica de la sociedad que representamos\u00bb.<\/p>\n<p>Francisco Camps abord\u00f3 el cambio clim\u00e1tico como \u00abun problema global y universal\u00bb que afecta a todas las naciones del mundo, y en este sentido, afirm\u00f3 que \u00abdesde la Comunidad Valenciana queremos ser un espacio de soluciones pr\u00e1cticas al problema global de reflexi\u00f3n y de propuestas de investigaci\u00f3n y desarrollo en aquellas cuestiones que el desarrollo pueda ser sostenible\u00bb.<\/p>\n<p>Para el Presidente el desarrollo sostenible es posible, y cit\u00f3 como cuestiones que tienen que ver con el funcionamiento de sociedades avanzadas las iniciativas de transporte p\u00fablico, la defensa del territorio, el cambio tecnol\u00f3gico, todas ellas contribuciones para frenar el cambio clim\u00e1tico y dar posibilidades de futuro a las nuevas generaciones.<\/p>\n<h4>Compromiso social y pol\u00edtico<\/h4>\n<p>Camps resalt\u00f3 el compromiso pol\u00edtico, social y colectivo de la Comunidad Valenciana para tener una presencia internacional en el liderazgo de propuestas e iniciativas que den soluci\u00f3n a los problemas, e indic\u00f3 que \u00e9se es el compromiso que ha asumido la Generalitat y que se liga con la persona de Pachauri.<\/p>\n<p>Camps destac\u00f3 el papel del nuevo parque tecnol\u00f3gico de I+D contra el cambio clim\u00e1tico para garantizar un desarrollo sostenible y propuso al Museo Pr\u00edncipe Felipe como centro de gesti\u00f3n.<\/p>\n<p>El Presidente tambi\u00e9n se refiri\u00f3 a la intenci\u00f3n de fomentar la presencia de empresas multinacionales en la Comunidad para desarrollar iniciativas de investigaci\u00f3n y desarrollo en la Comunidad como una medida de lucha contra el cambio clim\u00e1tico.<\/p>\n<p>Por \u00faltimo, el Presidente resalt\u00f3 la importancia del Premio Nobel de la Paz como reconocimiento a las personas comprometidas con el mundo.<\/p>\n        <\/div>\n    <\/section>\n","protected":false},"excerpt":{"rendered":"","protected":false},"featured_media":0,"menu_order":0,"comment_status":"closed","ping_status":"closed","template":"","nivel-2":[],"nivel-5":[],"nivel-1":[],"nivel-3":[],"nivel-4":[],"class_list":["post-2194","new","type-new","status-publish","hentry"],"acf":[],"yoast_head":"<title>Camps anuncia que Valencia acoger\u00e1 en noviembre de 2008 una reuni\u00f3n del Foro Internacional de Desarrollo Sostenible Sala de prensa Ferrovial | \u00daltimas noticias<\/title>\n<meta name=\"description\" content=\"Sala de prensa Ferrovial | \u00daltimas noticias\" \/>\n<meta name=\"robots\" content=\"index, follow, max-snippet:-1, max-image-preview:large, max-video-preview:-1\" \/>\n<link rel=\"canonical\" href=\"https:\/\/newsroom.ferrovial.com\/es\/noticias\/camps-anuncia-que-valencia-acogera-en-noviembre-de-2008-una-reunion-del-foro-internacional-de-desarrollo-sostenible\/\" \/>\n<meta property=\"og:locale\" content=\"es_ES\" \/>\n<meta property=\"og:type\" content=\"article\" \/>\n<meta property=\"og:title\" content=\"Camps anuncia que Valencia acoger\u00e1 en noviembre de 2008 una reuni\u00f3n del Foro Internacional de Desarrollo Sostenible Sala de prensa Ferrovial | \u00daltimas noticias\" \/>\n<meta property=\"og:description\" content=\"Sala de prensa Ferrovial | \u00daltimas noticias\" \/>\n<meta property=\"og:url\" content=\"https:\/\/newsroom.ferrovial.com\/es\/noticias\/camps-anuncia-que-valencia-acogera-en-noviembre-de-2008-una-reunion-del-foro-internacional-de-desarrollo-sostenible\/\" \/>\n<meta property=\"og:site_name\" content=\"Sala de prensa Ferrovial | \u00daltimas noticias\" \/>\n<meta property=\"article:publisher\" content=\"https:\/\/www.facebook.com\/ferrovial\" \/>\n<meta property=\"article:modified_time\" content=\"2022-12-21T10:10:54+00:00\" \/>\n<meta name=\"twitter:card\" content=\"summary_large_image\" \/>\n<meta name=\"twitter:site\" content=\"@ferrovial\" \/>\n<script type=\"application\/ld+json\" class=\"yoast-schema-graph\">{\"@context\":\"https:\/\/schema.org\",\"@graph\":[{\"@type\":\"WebPage\",\"@id\":\"https:\/\/newsroom.ferrovial.com\/es\/noticias\/camps-anuncia-que-valencia-acogera-en-noviembre-de-2008-una-reunion-del-foro-internacional-de-desarrollo-sostenible\/\",\"url\":\"https:\/\/newsroom.ferrovial.com\/es\/noticias\/camps-anuncia-que-valencia-acogera-en-noviembre-de-2008-una-reunion-del-foro-internacional-de-desarrollo-sostenible\/\",\"name\":\"Camps anuncia que Valencia acoger\u00e1 en noviembre de 2008 una reuni\u00f3n del Foro Internacional de Desarrollo Sostenible Sala de prensa Ferrovial | \u00daltimas noticias\",\"isPartOf\":{\"@id\":\"https:\/\/newsroom.ferrovial.com\/es\/#website\"},\"datePublished\":\"2007-12-19T00:00:00+00:00\",\"dateModified\":\"2022-12-21T10:10:54+00:00\",\"description\":\"Sala de prensa Ferrovial | \u00daltimas noticias\",\"breadcrumb\":{\"@id\":\"https:\/\/newsroom.ferrovial.com\/es\/noticias\/camps-anuncia-que-valencia-acogera-en-noviembre-de-2008-una-reunion-del-foro-internacional-de-desarrollo-sostenible\/#breadcrumb\"},\"inLanguage\":\"es\",\"potentialAction\":[{\"@type\":\"ReadAction\",\"target\":[\"https:\/\/newsroom.ferrovial.com\/es\/noticias\/camps-anuncia-que-valencia-acogera-en-noviembre-de-2008-una-reunion-del-foro-internacional-de-desarrollo-sostenible\/\"]}]},{\"@type\":\"BreadcrumbList\",\"@id\":\"https:\/\/newsroom.ferrovial.com\/es\/noticias\/camps-anuncia-que-valencia-acogera-en-noviembre-de-2008-una-reunion-del-foro-internacional-de-desarrollo-sostenible\/#breadcrumb\",\"itemListElement\":[{\"@type\":\"ListItem\",\"position\":1,\"name\":\"Portada\",\"item\":\"https:\/\/newsroom.ferrovial.com\/es\/\"},{\"@type\":\"ListItem\",\"position\":2,\"name\":\"Camps anuncia que Valencia acoger\u00e1 en noviembre de 2008 una reuni\u00f3n del Foro Internacional de Desarrollo Sostenible\"}]},{\"@type\":\"WebSite\",\"@id\":\"https:\/\/newsroom.ferrovial.com\/es\/#website\",\"url\":\"https:\/\/newsroom.ferrovial.com\/es\/\",\"name\":\"Sala de prensa Ferrovial | \u00daltimas noticias\",\"description\":\"Sala de prensa Ferrovial | \u00daltimas noticias\",\"publisher\":{\"@id\":\"https:\/\/newsroom.ferrovial.com\/es\/#organization\"},\"potentialAction\":[{\"@type\":\"SearchAction\",\"target\":{\"@type\":\"EntryPoint\",\"urlTemplate\":\"https:\/\/newsroom.ferrovial.com\/es\/?s={search_term_string}\"},\"query-input\":{\"@type\":\"PropertyValueSpecification\",\"valueRequired\":true,\"valueName\":\"search_term_string\"}}],\"inLanguage\":\"es\"},{\"@type\":\"Organization\",\"@id\":\"https:\/\/newsroom.ferrovial.com\/es\/#organization\",\"name\":\"Ferrovial S.A.\",\"url\":\"https:\/\/newsroom.ferrovial.com\/es\/\",\"logo\":{\"@type\":\"ImageObject\",\"inLanguage\":\"es\",\"@id\":\"https:\/\/newsroom.ferrovial.com\/es\/#\/schema\/logo\/image\/\",\"url\":\"https:\/\/static.newsroom.ferrovial.com\/wp-content\/uploads\/2018\/07\/15145720\/Ferrovial_Logotipo1.jpg\",\"contentUrl\":\"https:\/\/static.newsroom.ferrovial.com\/wp-content\/uploads\/2018\/07\/15145720\/Ferrovial_Logotipo1.jpg\",\"width\":600,\"height\":300,\"caption\":\"Ferrovial S.A.\"},\"image\":{\"@id\":\"https:\/\/newsroom.ferrovial.com\/es\/#\/schema\/logo\/image\/\"},\"sameAs\":[\"https:\/\/www.facebook.com\/ferrovial\",\"https:\/\/x.com\/ferrovial\",\"https:\/\/www.instagram.com\/ferrovial\/\",\"https:\/\/www.linkedin.com\/company\/ferrovial\",\"https:\/\/www.pinterest.es\/ferrovial\/\",\"https:\/\/www.youtube.com\/ferrovial\",\"https:\/\/en.wikipedia.org\/wiki\/Ferrovial\"]}]}<\/script>","yoast_head_json":{"title":"Camps anuncia que Valencia acoger\u00e1 en noviembre de 2008 una reuni\u00f3n del Foro Internacional de Desarrollo Sostenible Sala de prensa Ferrovial | \u00daltimas noticias","description":"Sala de prensa Ferrovial | \u00daltimas noticias","robots":{"index":"index","follow":"follow","max-snippet":"max-snippet:-1","max-image-preview":"max-image-preview:large","max-video-preview":"max-video-preview:-1"},"canonical":"https:\/\/newsroom.ferrovial.com\/es\/noticias\/camps-anuncia-que-valencia-acogera-en-noviembre-de-2008-una-reunion-del-foro-internacional-de-desarrollo-sostenible\/","og_locale":"es_ES","og_type":"article","og_title":"Camps anuncia que Valencia acoger\u00e1 en noviembre de 2008 una reuni\u00f3n del Foro Internacional de Desarrollo Sostenible Sala de prensa Ferrovial | \u00daltimas noticias","og_description":"Sala de prensa Ferrovial | \u00daltimas noticias","og_url":"https:\/\/newsroom.ferrovial.com\/es\/noticias\/camps-anuncia-que-valencia-acogera-en-noviembre-de-2008-una-reunion-del-foro-internacional-de-desarrollo-sostenible\/","og_site_name":"Sala de prensa Ferrovial | \u00daltimas noticias","article_publisher":"https:\/\/www.facebook.com\/ferrovial","article_modified_time":"2022-12-21T10:10:54+00:00","twitter_card":"summary_large_image","twitter_site":"@ferrovial","schema":{"@context":"https:\/\/schema.org","@graph":[{"@type":"WebPage","@id":"https:\/\/newsroom.ferrovial.com\/es\/noticias\/camps-anuncia-que-valencia-acogera-en-noviembre-de-2008-una-reunion-del-foro-internacional-de-desarrollo-sostenible\/","url":"https:\/\/newsroom.ferrovial.com\/es\/noticias\/camps-anuncia-que-valencia-acogera-en-noviembre-de-2008-una-reunion-del-foro-internacional-de-desarrollo-sostenible\/","name":"Camps anuncia que Valencia acoger\u00e1 en noviembre de 2008 una reuni\u00f3n del Foro Internacional de Desarrollo Sostenible Sala de prensa Ferrovial | \u00daltimas noticias","isPartOf":{"@id":"https:\/\/newsroom.ferrovial.com\/es\/#website"},"datePublished":"2007-12-19T00:00:00+00:00","dateModified":"2022-12-21T10:10:54+00:00","description":"Sala de prensa Ferrovial | \u00daltimas noticias","breadcrumb":{"@id":"https:\/\/newsroom.ferrovial.com\/es\/noticias\/camps-anuncia-que-valencia-acogera-en-noviembre-de-2008-una-reunion-del-foro-internacional-de-desarrollo-sostenible\/#breadcrumb"},"inLanguage":"es","potentialAction":[{"@type":"ReadAction","target":["https:\/\/newsroom.ferrovial.com\/es\/noticias\/camps-anuncia-que-valencia-acogera-en-noviembre-de-2008-una-reunion-del-foro-internacional-de-desarrollo-sostenible\/"]}]},{"@type":"BreadcrumbList","@id":"https:\/\/newsroom.ferrovial.com\/es\/noticias\/camps-anuncia-que-valencia-acogera-en-noviembre-de-2008-una-reunion-del-foro-internacional-de-desarrollo-sostenible\/#breadcrumb","itemListElement":[{"@type":"ListItem","position":1,"name":"Portada","item":"https:\/\/newsroom.ferrovial.com\/es\/"},{"@type":"ListItem","position":2,"name":"Camps anuncia que Valencia acoger\u00e1 en noviembre de 2008 una reuni\u00f3n del Foro Internacional de Desarrollo Sostenible"}]},{"@type":"WebSite","@id":"https:\/\/newsroom.ferrovial.com\/es\/#website","url":"https:\/\/newsroom.ferrovial.com\/es\/","name":"Sala de prensa Ferrovial | \u00daltimas noticias","description":"Sala de prensa Ferrovial | \u00daltimas noticias","publisher":{"@id":"https:\/\/newsroom.ferrovial.com\/es\/#organization"},"potentialAction":[{"@type":"SearchAction","target":{"@type":"EntryPoint","urlTemplate":"https:\/\/newsroom.ferrovial.com\/es\/?s={search_term_string}"},"query-input":{"@type":"PropertyValueSpecification","valueRequired":true,"valueName":"search_term_string"}}],"inLanguage":"es"},{"@type":"Organization","@id":"https:\/\/newsroom.ferrovial.com\/es\/#organization","name":"Ferrovial S.A.","url":"https:\/\/newsroom.ferrovial.com\/es\/","logo":{"@type":"ImageObject","inLanguage":"es","@id":"https:\/\/newsroom.ferrovial.com\/es\/#\/schema\/logo\/image\/","url":"https:\/\/static.newsroom.ferrovial.com\/wp-content\/uploads\/2018\/07\/15145720\/Ferrovial_Logotipo1.jpg","contentUrl":"https:\/\/static.newsroom.ferrovial.com\/wp-content\/uploads\/2018\/07\/15145720\/Ferrovial_Logotipo1.jpg","width":600,"height":300,"caption":"Ferrovial S.A."},"image":{"@id":"https:\/\/newsroom.ferrovial.com\/es\/#\/schema\/logo\/image\/"},"sameAs":["https:\/\/www.facebook.com\/ferrovial","https:\/\/x.com\/ferrovial","https:\/\/www.instagram.com\/ferrovial\/","https:\/\/www.linkedin.com\/company\/ferrovial","https:\/\/www.pinterest.es\/ferrovial\/","https:\/\/www.youtube.com\/ferrovial","https:\/\/en.wikipedia.org\/wiki\/Ferrovial"]}]}},"_links":{"self":[{"href":"https:\/\/newsroom.ferrovial.com\/es\/wp-json\/wp\/v2\/new\/2194","targetHints":{"allow":["GET"]}}],"collection":[{"href":"https:\/\/newsroom.ferrovial.com\/es\/wp-json\/wp\/v2\/new"}],"about":[{"href":"https:\/\/newsroom.ferrovial.com\/es\/wp-json\/wp\/v2\/types\/new"}],"replies":[{"embeddable":true,"href":"https:\/\/newsroom.ferrovial.com\/es\/wp-json\/wp\/v2\/comments?post=2194"}],"version-history":[{"count":1,"href":"https:\/\/newsroom.ferrovial.com\/es\/wp-json\/wp\/v2\/new\/2194\/revisions"}],"predecessor-version":[{"id":118758,"href":"https:\/\/newsroom.ferrovial.com\/es\/wp-json\/wp\/v2\/new\/2194\/revisions\/118758"}],"wp:attachment":[{"href":"https:\/\/newsroom.ferrovial.com\/es\/wp-json\/wp\/v2\/media?parent=2194"}],"wp:term":[{"taxonomy":"nivel-2","embeddable":true,"href":"https:\/\/newsroom.ferrovial.com\/es\/wp-json\/wp\/v2\/nivel-2?post=2194"},{"taxonomy":"nivel-5","embeddable":true,"href":"https:\/\/newsroom.ferrovial.com\/es\/wp-json\/wp\/v2\/nivel-5?post=2194"},{"taxonomy":"nivel-1","embeddable":true,"href":"https:\/\/newsroom.ferrovial.com\/es\/wp-json\/wp\/v2\/nivel-1?post=2194"},{"taxonomy":"nivel-3","embeddable":true,"href":"https:\/\/newsroom.ferrovial.com\/es\/wp-json\/wp\/v2\/nivel-3?post=2194"},{"taxonomy":"nivel-4","embeddable":true,"href":"https:\/\/newsroom.ferrovial.com\/es\/wp-json\/wp\/v2\/nivel-4?post=2194"}],"curies":[{"name":"wp","href":"https:\/\/api.w.org\/{rel}","templated":true}]}}