{"id":2198,"date":"2007-11-22T00:00:00","date_gmt":"2007-11-22T00:00:00","guid":{"rendered":"https:\/\/newsroom.ferrovial.com\/news\/castilla-la-mancha-invertira-mas-de-un-millon-de-euros-diarios-en-politicas-medio-ambientales-y-de-desarrollo-rural-durante-2008\/"},"modified":"2022-12-21T11:13:17","modified_gmt":"2022-12-21T10:13:17","slug":"castilla-la-mancha-invertira-mas-de-un-millon-de-euros-diarios-en-politicas-medio-ambientales-y-de-desarrollo-rural-durante-2008","status":"publish","type":"new","link":"https:\/\/newsroom.ferrovial.com\/es\/noticias\/castilla-la-mancha-invertira-mas-de-un-millon-de-euros-diarios-en-politicas-medio-ambientales-y-de-desarrollo-rural-durante-2008\/","title":{"rendered":"Castilla la Mancha invertir\u00e1 m\u00e1s de un mill\u00f3n de euros diarios en pol\u00edticas medio ambientales y de desarrollo rural durante 2008"},"content":{"rendered":"    <section class=\"wysiwyg text-editor \" id=\"\">\n        <div class=\"container container--narrow container--p-10\">\n            <p>(agroinformacion.com).- El consejero de Medio Ambiente y Desarrollo Rural, Jos\u00e9 Luis Mart\u00ednez Guijarro, afirm\u00f3 ayer en las Cortes regionales que \u00aba lo largo de 2008 el Gobierno auton\u00f3mico invertir\u00e1 diariamente en torno a un mill\u00f3n euros en pol\u00edticas medioambientales y de desarrollo rural. Una apuesta del presidente Barreda para dar un impulso al desarrollo sostenible en Castilla-La Mancha, protegiendo el medio natural y desarrollando nuestro territorio de forma equilibrada\u00bb.<\/p>\n<p>Mart\u00ednez Guijarro, que compareci\u00f3 hoy para informar sobre la pol\u00edtica presupuestaria de la Consejer\u00eda de Medio Ambiente y Desarrollo Rural para el a\u00f1o 2008, explic\u00f3 que el sector publico regional invertir\u00e1 377 millones de euros, es decir, un 10,78% m\u00e1s que el pasado a\u00f1o.<\/p>\n<p>El consejero desgran\u00f3 el presupuesto de su departamento marcado por la creaci\u00f3n del Organismo Aut\u00f3nomo de Espacios Naturales de Castilla-La Mancha cuyo objetivo es asegurar una gesti\u00f3n coordinada y coherente tanto de los Parques Nacionales, una vez sean transferidos a la regi\u00f3n, como de la amplia Red Natura 2000 castellano-manchega, as\u00ed como los Espacios Naturales Protegidos y el resto de zonas sensibles declaradas y que contar\u00e1 con un presupuesto superior a 23 millones de euros.<\/p>\n<p>As\u00ed en el marco de este Organismo, destac\u00f3 la creaci\u00f3n de subvenciones espec\u00edficas para los propietarios de explotaciones agr\u00edcolas, ganaderas y forestales ubicadas en Red Natura 2000 con un montante global de 7,4 millones, pues como indic\u00f3 \u00abel Gobierno regional es consciente de que la conservaci\u00f3n de los territorios no debe ser percibida por los ciudadanos que viven en estas zonas como una carga y, adem\u00e1s, con ello ayudamos a la realizaci\u00f3n de practicas que favorezcan la conservaci\u00f3n de los valores ambientales\u00bb.<\/p>\n<p>Mart\u00ednez Guijarro destac\u00f3 tambi\u00e9n la partida conocida como Fondo Verde que, a trav\u00e9s de sus dos convocatorias, incrementa su dotaci\u00f3n con un cr\u00e9dito de 11 millones de euros destinado al apoyo, la conservaci\u00f3n y desarrollo sostenible en parques, reservas y monumentos naturales de la Red de \u00c1reas Protegidas.<\/p>\n<p>Igualmente indic\u00f3 que gran parte de sus programas, en concreto 6,6 millones de euros, se destinar\u00e1n a las actuaciones derivadas de los planes espec\u00edficos de recuperaci\u00f3n y conservaci\u00f3n de especies amenazadas, as\u00ed como adquisiciones de parcelas r\u00fasticas en zonas de especial protecci\u00f3n, humedales y terrenos en \u00e1reas protegidas.<\/p>\n<h4><strong>Nuevo fondo de desarrollo rural<\/strong><\/h4>\n<p>Durante su comparecencia el consejero hizo especial hincapi\u00e9 en los programas y partidas destinadas al desarrollo sostenible del medio rural que para el a\u00f1o 2008 contar\u00e1n con una inversi\u00f3n superior a 112 millones de euros, un 19,46% m\u00e1s que en el ejercicio anterior.<\/p>\n<p>A este respecto explic\u00f3 que los dos principales objetivos para el pr\u00f3ximo a\u00f1o ser\u00e1n por un lado, seguir asumiendo las certificaciones de los programas Leader y Proder de los 29 Grupos de Acci\u00f3n Local que hay en la regi\u00f3n y de forma paralela trabajar en la nueva programaci\u00f3n 2007-2013 al amparo del Plan de Desarrollo Rural del Fondo Europeo Agr\u00edcola de Desarrollo Rural (FEADER). En este sentido, se\u00f1al\u00f3 el incremento del 24,5 % que se destinar\u00e1 a la financiaci\u00f3n de los programas de desarrollo rural a trav\u00e9s de los Grupos de Acci\u00f3n Local.<\/p>\n<p>Por otro lado, la Consejer\u00eda trabajar\u00e1 en la aprobaci\u00f3n y puesta en marcha del Plan Estrat\u00e9gico de Desarrollo Sostenible del Medio Rural de Castilla-La Mancha que est\u00e1 contando con la intervenci\u00f3n de todos los agentes sociales de la regi\u00f3n implicados y cuyo fin, indic\u00f3, \u00abes avanzar en la igualdad de los territorios\u00bb.<\/p>\n<p>Tambi\u00e9n en materia de desarrollo rural destac\u00f3 la dotaci\u00f3n de 10,5 millones de euros destinados al programa de mejora y reparaci\u00f3n de caminos e infraestructuras rurales (de los cuales 5,5 se destinan a los convenios mantenidos con las cinco diputaciones provinciales); 21,5 millones al programa de Indemnizaciones Compensatorias en Zonas de Monta\u00f1a y Desfavorecidas y 32,5 millones de euros al Programa de Reforestaci\u00f3n de tierras agrarias, para dar cumplimiento al compromiso del Gobierno regional de plantar a lo largo de esta legislatura 20 millones de \u00e1rboles.<\/p>\n<h4><strong>Pol\u00edtica de calidad ambiental<\/strong><\/h4>\n<p>En materia de pol\u00edtica de calidad ambiental y siguiendo las directrices de la nueva directiva marco de residuos, la Consejer\u00eda se ha marcado el objetivo de de reducir y prevenir la incidencia ambiental sobre las personas, bienes y el medioambiente, para lo cual destina un presupuesto de 42,5 millones de euros.<\/p>\n<p>Entre los programas destaca la puesta en marcha del II Plan de Residuos S\u00f3lidos Urbanos de la regi\u00f3n que incrementar\u00e1 y completar\u00e1 los equipamientos e infraestructuras creadas en el anterior Plan, con una dotaci\u00f3n presupuestaria de 29 millones de euros.<\/p>\n<p>De esta forma se adquirir\u00e1n equipos de transporte para las Estaciones de Transferencia, veh\u00edculos de recogida selectiva, equipos para el tratamientos de lixiviados y comenzar\u00e1 el aprovechamiento de la fracci\u00f3n resto en la recuperaci\u00f3n de los materiales. Adem\u00e1s se potenciar\u00e1n los programas de construcci\u00f3n de puntos limpios o ecoparques para dar cobertura a la totalidad de municipios de Castilla-La Mancha.<\/p>\n<p>Se continuar\u00e1 con el programa de sellado de vertederos, destinando un total de 5,5 millones de euros, y se avanzar\u00e1 en el Plan Regional de Residuos de Construcci\u00f3n y Demolici\u00f3n con la construcci\u00f3n de vertederos de inertes y restauraci\u00f3n de escombreras y el Plan de Gesti\u00f3n de Lodos de Depuradora.<\/p>\n<p>En materia de evaluaci\u00f3n ambiental, las actuaciones ir\u00e1n destinadas a la aplicaci\u00f3n de la Ley de Evaluaci\u00f3n de Impacto Ambiental, el seguimiento del Plan Nacional de Asignaciones en materia de cambio clim\u00e1tico y la ampliaci\u00f3n de la Red de Vigilancia y Control de Calidad del Aire incorpor\u00e1ndose paulatinamente a todos los n\u00facleos de poblaci\u00f3n mayores de 20.000 habitantes.<\/p>\n<h4><strong>Pol\u00edtica Forestal<\/strong><\/h4>\n<p>La nueva Direcci\u00f3n General de Pol\u00edtica Forestal, tras la segregaci\u00f3n de competencias con el Organismo Aut\u00f3nomo en relaci\u00f3n con los recursos naturales, centra su actuaci\u00f3n principal en la conservaci\u00f3n de los montes, el ordenado aprovechamiento de sus recursos renovables a trav\u00e9s de una gesti\u00f3n forestal sostenible y el fomento de la selvicultura, con un montante de 114,6 millones de euros.<\/p>\n<p>Cap\u00edtulo importante en este apartado reside en la lucha contra los incendios forestales, que al igual que en la anterior campa\u00f1a de prevenci\u00f3n y extinci\u00f3n de 2007 se gestionar\u00e1 a trav\u00e9s de la Empresa P\u00fablica Gesti\u00f3n Ambiental de Castilla-La Mancha (GEACAM), que como asegur\u00f3 el consejero \u00abse ha convertido en una excelente herramienta para la ejecuci\u00f3n de las pol\u00edticas ambientales\u00bb.<\/p>\n<p>Entre las novedades, avanz\u00f3 que para el pr\u00f3ximo a\u00f1o se ha previsto la incorporaci\u00f3n de un helic\u00f3ptero bombardero pesado, tipo Kamov, con capacidad para 4.500 litros. El coste total para la campa\u00f1a de lucha contra incendios forestales 2008-2009 ser\u00e1 de 83 millones de euros.<\/p>\n<p>Las actuaciones de este programa tambi\u00e9n se destinar\u00e1n a la lucha contra la erosi\u00f3n, contra plagas y enfermedades forestales, el fomento y la ordenaci\u00f3n de los montes, la mejora para la ganader\u00eda en terrenos forestales de titularidad p\u00fablica, la ordenaci\u00f3n de la caza y pesca, defensa de las v\u00edas pecuarias, etc.<\/p>\n<h4><strong>Informaci\u00f3n y Educaci\u00f3n Ambiental<\/strong><\/h4>\n<p>En materia de educaci\u00f3n ambiental, se experimenta un incremento de 3,27 millones de euros, un 38 %, ascendiendo a un total de casi 12 millones de euros, que ir\u00e1n destinados, entre otras actuaciones, a la mejora y dotaci\u00f3n de la Red de Equipamientos de Educaci\u00f3n Ambiental de la Consejer\u00eda, que actualmente est\u00e1 formada por 17 centros, la creaci\u00f3n de las Oficinas comarcales de Desarrollo Sostenible y la l\u00ednea de subvenci\u00f3n dirigida a la Red de Ciudades y Pueblos sostenibles de Castilla-La Mancha. Tambi\u00e9n, como novedad, se prev\u00e9 una exposici\u00f3n itinerante e interactiva sobre cambio clim\u00e1tico.<\/p>\n<p>Por \u00faltimo, inform\u00f3 que la Consejer\u00eda continuar\u00e1 con la mejora y perfeccionamiento de los sistemas de gesti\u00f3n electr\u00f3nica ya iniciados de cara a mejorar sus servicios y aplicaciones, como en la gesti\u00f3n y toma de decisiones en materia de incendios forestales, la gesti\u00f3n integrada del medio ambiente industrial y el sistema integrad de informaci\u00f3n geogr\u00e1fica, destinando un presupuesto de 1,5 millones de euros.<\/p>\n<p>Junta de Castilla la Mancha.<\/p>\n        <\/div>\n    <\/section>\n","protected":false},"excerpt":{"rendered":"","protected":false},"featured_media":0,"menu_order":0,"comment_status":"closed","ping_status":"closed","template":"","nivel-2":[936],"nivel-5":[],"nivel-1":[],"nivel-3":[],"nivel-4":[],"class_list":["post-2198","new","type-new","status-publish","hentry","nivel-2-conservacion-del-medio-ambiente"],"acf":[],"yoast_head":"<title>Castilla la Mancha invertir\u00e1 m\u00e1s de un mill\u00f3n de euros diarios en pol\u00edticas medio ambientales y de desarrollo rural durante 2008 Sala de prensa Ferrovial | \u00daltimas noticias<\/title>\n<meta name=\"description\" content=\"Sala de prensa Ferrovial | \u00daltimas noticias\" \/>\n<meta name=\"robots\" content=\"index, follow, max-snippet:-1, max-image-preview:large, max-video-preview:-1\" \/>\n<link rel=\"canonical\" href=\"https:\/\/newsroom.ferrovial.com\/es\/noticias\/castilla-la-mancha-invertira-mas-de-un-millon-de-euros-diarios-en-politicas-medio-ambientales-y-de-desarrollo-rural-durante-2008\/\" \/>\n<meta property=\"og:locale\" content=\"es_ES\" \/>\n<meta property=\"og:type\" content=\"article\" \/>\n<meta property=\"og:title\" content=\"Castilla la Mancha invertir\u00e1 m\u00e1s de un mill\u00f3n de euros diarios en pol\u00edticas medio ambientales y de desarrollo rural durante 2008 Sala de prensa Ferrovial | \u00daltimas noticias\" \/>\n<meta property=\"og:description\" content=\"Sala de prensa Ferrovial | \u00daltimas noticias\" \/>\n<meta property=\"og:url\" content=\"https:\/\/newsroom.ferrovial.com\/es\/noticias\/castilla-la-mancha-invertira-mas-de-un-millon-de-euros-diarios-en-politicas-medio-ambientales-y-de-desarrollo-rural-durante-2008\/\" \/>\n<meta property=\"og:site_name\" content=\"Sala de prensa Ferrovial | \u00daltimas noticias\" \/>\n<meta property=\"article:publisher\" content=\"https:\/\/www.facebook.com\/ferrovial\" \/>\n<meta property=\"article:modified_time\" content=\"2022-12-21T10:13:17+00:00\" \/>\n<meta name=\"twitter:card\" content=\"summary_large_image\" \/>\n<meta name=\"twitter:site\" content=\"@ferrovial\" \/>\n<script type=\"application\/ld+json\" class=\"yoast-schema-graph\">{\"@context\":\"https:\/\/schema.org\",\"@graph\":[{\"@type\":\"WebPage\",\"@id\":\"https:\/\/newsroom.ferrovial.com\/es\/noticias\/castilla-la-mancha-invertira-mas-de-un-millon-de-euros-diarios-en-politicas-medio-ambientales-y-de-desarrollo-rural-durante-2008\/\",\"url\":\"https:\/\/newsroom.ferrovial.com\/es\/noticias\/castilla-la-mancha-invertira-mas-de-un-millon-de-euros-diarios-en-politicas-medio-ambientales-y-de-desarrollo-rural-durante-2008\/\",\"name\":\"Castilla la Mancha invertir\u00e1 m\u00e1s de un mill\u00f3n de euros diarios en pol\u00edticas medio ambientales y de desarrollo rural durante 2008 Sala de prensa Ferrovial | \u00daltimas noticias\",\"isPartOf\":{\"@id\":\"https:\/\/newsroom.ferrovial.com\/es\/#website\"},\"datePublished\":\"2007-11-22T00:00:00+00:00\",\"dateModified\":\"2022-12-21T10:13:17+00:00\",\"description\":\"Sala de prensa Ferrovial | \u00daltimas noticias\",\"breadcrumb\":{\"@id\":\"https:\/\/newsroom.ferrovial.com\/es\/noticias\/castilla-la-mancha-invertira-mas-de-un-millon-de-euros-diarios-en-politicas-medio-ambientales-y-de-desarrollo-rural-durante-2008\/#breadcrumb\"},\"inLanguage\":\"es\",\"potentialAction\":[{\"@type\":\"ReadAction\",\"target\":[\"https:\/\/newsroom.ferrovial.com\/es\/noticias\/castilla-la-mancha-invertira-mas-de-un-millon-de-euros-diarios-en-politicas-medio-ambientales-y-de-desarrollo-rural-durante-2008\/\"]}]},{\"@type\":\"BreadcrumbList\",\"@id\":\"https:\/\/newsroom.ferrovial.com\/es\/noticias\/castilla-la-mancha-invertira-mas-de-un-millon-de-euros-diarios-en-politicas-medio-ambientales-y-de-desarrollo-rural-durante-2008\/#breadcrumb\",\"itemListElement\":[{\"@type\":\"ListItem\",\"position\":1,\"name\":\"Portada\",\"item\":\"https:\/\/newsroom.ferrovial.com\/es\/\"},{\"@type\":\"ListItem\",\"position\":2,\"name\":\"Castilla la Mancha invertir\u00e1 m\u00e1s de un mill\u00f3n de euros diarios en pol\u00edticas medio ambientales y de desarrollo rural durante 2008\"}]},{\"@type\":\"WebSite\",\"@id\":\"https:\/\/newsroom.ferrovial.com\/es\/#website\",\"url\":\"https:\/\/newsroom.ferrovial.com\/es\/\",\"name\":\"Sala de prensa Ferrovial | \u00daltimas noticias\",\"description\":\"Sala de prensa Ferrovial | \u00daltimas noticias\",\"publisher\":{\"@id\":\"https:\/\/newsroom.ferrovial.com\/es\/#organization\"},\"potentialAction\":[{\"@type\":\"SearchAction\",\"target\":{\"@type\":\"EntryPoint\",\"urlTemplate\":\"https:\/\/newsroom.ferrovial.com\/es\/?s={search_term_string}\"},\"query-input\":{\"@type\":\"PropertyValueSpecification\",\"valueRequired\":true,\"valueName\":\"search_term_string\"}}],\"inLanguage\":\"es\"},{\"@type\":\"Organization\",\"@id\":\"https:\/\/newsroom.ferrovial.com\/es\/#organization\",\"name\":\"Ferrovial S.A.\",\"url\":\"https:\/\/newsroom.ferrovial.com\/es\/\",\"logo\":{\"@type\":\"ImageObject\",\"inLanguage\":\"es\",\"@id\":\"https:\/\/newsroom.ferrovial.com\/es\/#\/schema\/logo\/image\/\",\"url\":\"https:\/\/static.newsroom.ferrovial.com\/wp-content\/uploads\/2018\/07\/15145720\/Ferrovial_Logotipo1.jpg\",\"contentUrl\":\"https:\/\/static.newsroom.ferrovial.com\/wp-content\/uploads\/2018\/07\/15145720\/Ferrovial_Logotipo1.jpg\",\"width\":600,\"height\":300,\"caption\":\"Ferrovial S.A.\"},\"image\":{\"@id\":\"https:\/\/newsroom.ferrovial.com\/es\/#\/schema\/logo\/image\/\"},\"sameAs\":[\"https:\/\/www.facebook.com\/ferrovial\",\"https:\/\/x.com\/ferrovial\",\"https:\/\/www.instagram.com\/ferrovial\/\",\"https:\/\/www.linkedin.com\/company\/ferrovial\",\"https:\/\/www.pinterest.es\/ferrovial\/\",\"https:\/\/www.youtube.com\/ferrovial\",\"https:\/\/en.wikipedia.org\/wiki\/Ferrovial\"]}]}<\/script>","yoast_head_json":{"title":"Castilla la Mancha invertir\u00e1 m\u00e1s de un mill\u00f3n de euros diarios en pol\u00edticas medio ambientales y de desarrollo rural durante 2008 Sala de prensa Ferrovial | \u00daltimas noticias","description":"Sala de prensa Ferrovial | \u00daltimas noticias","robots":{"index":"index","follow":"follow","max-snippet":"max-snippet:-1","max-image-preview":"max-image-preview:large","max-video-preview":"max-video-preview:-1"},"canonical":"https:\/\/newsroom.ferrovial.com\/es\/noticias\/castilla-la-mancha-invertira-mas-de-un-millon-de-euros-diarios-en-politicas-medio-ambientales-y-de-desarrollo-rural-durante-2008\/","og_locale":"es_ES","og_type":"article","og_title":"Castilla la Mancha invertir\u00e1 m\u00e1s de un mill\u00f3n de euros diarios en pol\u00edticas medio ambientales y de desarrollo rural durante 2008 Sala de prensa Ferrovial | \u00daltimas noticias","og_description":"Sala de prensa Ferrovial | \u00daltimas noticias","og_url":"https:\/\/newsroom.ferrovial.com\/es\/noticias\/castilla-la-mancha-invertira-mas-de-un-millon-de-euros-diarios-en-politicas-medio-ambientales-y-de-desarrollo-rural-durante-2008\/","og_site_name":"Sala de prensa Ferrovial | \u00daltimas noticias","article_publisher":"https:\/\/www.facebook.com\/ferrovial","article_modified_time":"2022-12-21T10:13:17+00:00","twitter_card":"summary_large_image","twitter_site":"@ferrovial","schema":{"@context":"https:\/\/schema.org","@graph":[{"@type":"WebPage","@id":"https:\/\/newsroom.ferrovial.com\/es\/noticias\/castilla-la-mancha-invertira-mas-de-un-millon-de-euros-diarios-en-politicas-medio-ambientales-y-de-desarrollo-rural-durante-2008\/","url":"https:\/\/newsroom.ferrovial.com\/es\/noticias\/castilla-la-mancha-invertira-mas-de-un-millon-de-euros-diarios-en-politicas-medio-ambientales-y-de-desarrollo-rural-durante-2008\/","name":"Castilla la Mancha invertir\u00e1 m\u00e1s de un mill\u00f3n de euros diarios en pol\u00edticas medio ambientales y de desarrollo rural durante 2008 Sala de prensa Ferrovial | \u00daltimas noticias","isPartOf":{"@id":"https:\/\/newsroom.ferrovial.com\/es\/#website"},"datePublished":"2007-11-22T00:00:00+00:00","dateModified":"2022-12-21T10:13:17+00:00","description":"Sala de prensa Ferrovial | \u00daltimas noticias","breadcrumb":{"@id":"https:\/\/newsroom.ferrovial.com\/es\/noticias\/castilla-la-mancha-invertira-mas-de-un-millon-de-euros-diarios-en-politicas-medio-ambientales-y-de-desarrollo-rural-durante-2008\/#breadcrumb"},"inLanguage":"es","potentialAction":[{"@type":"ReadAction","target":["https:\/\/newsroom.ferrovial.com\/es\/noticias\/castilla-la-mancha-invertira-mas-de-un-millon-de-euros-diarios-en-politicas-medio-ambientales-y-de-desarrollo-rural-durante-2008\/"]}]},{"@type":"BreadcrumbList","@id":"https:\/\/newsroom.ferrovial.com\/es\/noticias\/castilla-la-mancha-invertira-mas-de-un-millon-de-euros-diarios-en-politicas-medio-ambientales-y-de-desarrollo-rural-durante-2008\/#breadcrumb","itemListElement":[{"@type":"ListItem","position":1,"name":"Portada","item":"https:\/\/newsroom.ferrovial.com\/es\/"},{"@type":"ListItem","position":2,"name":"Castilla la Mancha invertir\u00e1 m\u00e1s de un mill\u00f3n de euros diarios en pol\u00edticas medio ambientales y de desarrollo rural durante 2008"}]},{"@type":"WebSite","@id":"https:\/\/newsroom.ferrovial.com\/es\/#website","url":"https:\/\/newsroom.ferrovial.com\/es\/","name":"Sala de prensa Ferrovial | \u00daltimas noticias","description":"Sala de prensa Ferrovial | \u00daltimas noticias","publisher":{"@id":"https:\/\/newsroom.ferrovial.com\/es\/#organization"},"potentialAction":[{"@type":"SearchAction","target":{"@type":"EntryPoint","urlTemplate":"https:\/\/newsroom.ferrovial.com\/es\/?s={search_term_string}"},"query-input":{"@type":"PropertyValueSpecification","valueRequired":true,"valueName":"search_term_string"}}],"inLanguage":"es"},{"@type":"Organization","@id":"https:\/\/newsroom.ferrovial.com\/es\/#organization","name":"Ferrovial S.A.","url":"https:\/\/newsroom.ferrovial.com\/es\/","logo":{"@type":"ImageObject","inLanguage":"es","@id":"https:\/\/newsroom.ferrovial.com\/es\/#\/schema\/logo\/image\/","url":"https:\/\/static.newsroom.ferrovial.com\/wp-content\/uploads\/2018\/07\/15145720\/Ferrovial_Logotipo1.jpg","contentUrl":"https:\/\/static.newsroom.ferrovial.com\/wp-content\/uploads\/2018\/07\/15145720\/Ferrovial_Logotipo1.jpg","width":600,"height":300,"caption":"Ferrovial S.A."},"image":{"@id":"https:\/\/newsroom.ferrovial.com\/es\/#\/schema\/logo\/image\/"},"sameAs":["https:\/\/www.facebook.com\/ferrovial","https:\/\/x.com\/ferrovial","https:\/\/www.instagram.com\/ferrovial\/","https:\/\/www.linkedin.com\/company\/ferrovial","https:\/\/www.pinterest.es\/ferrovial\/","https:\/\/www.youtube.com\/ferrovial","https:\/\/en.wikipedia.org\/wiki\/Ferrovial"]}]}},"_links":{"self":[{"href":"https:\/\/newsroom.ferrovial.com\/es\/wp-json\/wp\/v2\/new\/2198","targetHints":{"allow":["GET"]}}],"collection":[{"href":"https:\/\/newsroom.ferrovial.com\/es\/wp-json\/wp\/v2\/new"}],"about":[{"href":"https:\/\/newsroom.ferrovial.com\/es\/wp-json\/wp\/v2\/types\/new"}],"replies":[{"embeddable":true,"href":"https:\/\/newsroom.ferrovial.com\/es\/wp-json\/wp\/v2\/comments?post=2198"}],"version-history":[{"count":1,"href":"https:\/\/newsroom.ferrovial.com\/es\/wp-json\/wp\/v2\/new\/2198\/revisions"}],"predecessor-version":[{"id":118834,"href":"https:\/\/newsroom.ferrovial.com\/es\/wp-json\/wp\/v2\/new\/2198\/revisions\/118834"}],"wp:attachment":[{"href":"https:\/\/newsroom.ferrovial.com\/es\/wp-json\/wp\/v2\/media?parent=2198"}],"wp:term":[{"taxonomy":"nivel-2","embeddable":true,"href":"https:\/\/newsroom.ferrovial.com\/es\/wp-json\/wp\/v2\/nivel-2?post=2198"},{"taxonomy":"nivel-5","embeddable":true,"href":"https:\/\/newsroom.ferrovial.com\/es\/wp-json\/wp\/v2\/nivel-5?post=2198"},{"taxonomy":"nivel-1","embeddable":true,"href":"https:\/\/newsroom.ferrovial.com\/es\/wp-json\/wp\/v2\/nivel-1?post=2198"},{"taxonomy":"nivel-3","embeddable":true,"href":"https:\/\/newsroom.ferrovial.com\/es\/wp-json\/wp\/v2\/nivel-3?post=2198"},{"taxonomy":"nivel-4","embeddable":true,"href":"https:\/\/newsroom.ferrovial.com\/es\/wp-json\/wp\/v2\/nivel-4?post=2198"}],"curies":[{"name":"wp","href":"https:\/\/api.w.org\/{rel}","templated":true}]}}