{"id":22198,"date":"2018-09-24T15:39:34","date_gmt":"2018-09-24T13:39:34","guid":{"rendered":"https:\/\/newsroom.ferrovial.com\/?post_type=new&#038;p=22198"},"modified":"2022-12-21T09:12:27","modified_gmt":"2022-12-21T08:12:27","slug":"fieb-segunda-vida-plasticos","status":"publish","type":"new","link":"https:\/\/newsroom.ferrovial.com\/es\/noticias\/fieb-segunda-vida-plasticos\/","title":{"rendered":"Ferrovial Servicios colabora con FIEB para dar una segunda vida a los pl\u00e1sticos"},"content":{"rendered":"    <section class=\"wysiwyg text-editor \" id=\"\">\n        <div class=\"container container--narrow container--p-10\">\n            <p>No todos los pl\u00e1sticos son iguales y por ello su proceso de reciclaje no es homog\u00e9neo. No existe una m\u00e1quina que recicle todo nuestro pl\u00e1stico, que debe ser separado por su composici\u00f3n. Por ello, algunos son m\u00e1s f\u00e1ciles de reciclar y tienen un mayor valor en el mercado. Sin embargo, otros compuestos tienen un proceso de reciclaje m\u00e1s complicado, que provoca que su valor sea menor, y como consecuencia gran parte de ellos acaben en un vertedero.<\/p>\n        <\/div>\n    <\/section>\n    <section class=\"wysiwyg text-editor \" id=\"\">\n        <div class=\"container container--narrow container--p-10\">\n            <p><iframe loading=\"lazy\" src=\"https:\/\/www.youtube.com\/embed\/JwEha0dpeaw\" width=\"560\" height=\"315\" frameborder=\"0\" allowfullscreen=\"allowfullscreen\"><\/iframe><\/p>\n<p>Por lo tanto, el reto es encontrar una segunda vida a este tipo de materiales para que no acaben en vertedero. Un ejemplo de respuesta a este desaf\u00edo es el proyecto que <a href=\"https:\/\/www.ferrovial.com\/es\/lineas-de-negocio\/ferrovial-servicios\/\">Ferrovial Servicios<\/a> y <a href=\"https:\/\/es.fiebfoundation.org\/\">Fundaci\u00f3n para la Investigaci\u00f3n en Etolog\u00eda y Biodiversidad<\/a> (FIEB) han desarrollado en la sede de FIEB en Toledo. Esta ONG se encarga de la conservaci\u00f3n de fauna silvestre en peligro de extinci\u00f3n. Para sus actividades de cr\u00eda en cautividad, necesitan un tipo de vallado muy espec\u00edfico; muy estrecho y resistente. Ante esta necesidad, surgi\u00f3 una oportunidad que el <a href=\"https:\/\/www.ferrovial.com\/es\/lineas-de-negocio\/ferrovial-servicios\/centros-de-competencia\/medio-ambiente\/\">Centro de Competencia de Medioambiente<\/a> ha aprovechado.<\/p>\n<p>A trav\u00e9s de un nuevo proceso de tratamiento, la compa\u00f1\u00eda es capaz de reciclar estos pl\u00e1sticos sin valor y convertirlos en materiales s\u00f3lidos y resistentes como las vallas que necesitaban en FIEB. No solo eso, sino que el material resultante es m\u00e1s resistente y duradero que la madera con la que normalmente est\u00e1n fabricadas estas vallas. De este modo, se han construido 300 metros de vallado, 400 metros de perfiles pl\u00e1sticos y se ha evitado el env\u00edo a vertedero de 15.000 kilos de residuos pl\u00e1sticos. Una nueva vida, adem\u00e1s ayudando al medio ambiente, para unos materiales que de otra forma habr\u00edan acabado en un vertedero.<\/p>\n<h2><strong>Env\u00edo cero residuos a vertedero en el sector de la automoci\u00f3n<\/strong><\/h2>\n<p>Otro ejemplo relevante en este \u00e1mbito es el proyecto &#8216;<a href=\"https:\/\/youtu.be\/LvAijnbZHNU\">Zero Waste to Landfill<\/a>&#8216;, desarrollado por Ferrovial Servicios y Ford, que ha conseguido que ning\u00fan residuo generado en la planta de fabricaci\u00f3n de autom\u00f3viles de Almussafes (Valencia) acabe en el vertedero, y por lo tanto pueda tener una segunda vida. Este proyecto consigui\u00f3 que la planta valenciana de Ford &#8211; una de las primeras a nivel nacional en el sector de la automoci\u00f3n en conseguir reducir a cero el env\u00edo de residuos a vertedero- deje de enviar 15.000 toneladas al a\u00f1o de residuos al vertedero.<\/p>\n        <\/div>\n    <\/section>\n","protected":false},"excerpt":{"rendered":"","protected":false},"featured_media":22193,"menu_order":0,"comment_status":"closed","ping_status":"closed","template":"","nivel-2":[928,936,999,2202,976,1045],"nivel-5":[],"nivel-1":[],"nivel-3":[1258],"nivel-4":[1791],"class_list":["post-22198","new","type-new","status-publish","has-post-thumbnail","hentry","nivel-2-cambio-climatico","nivel-2-conservacion-del-medio-ambiente","nivel-2-lucha-contra-la-contaminacion","nivel-2-ong","nivel-2-residuos","nivel-2-sostenibilidad","nivel-3-espana","nivel-4-castilla-la-mancha"],"acf":[],"yoast_head":"<title>Ferrovial Servicios colabora con FIEB para dar una segunda vida a los pl\u00e1sticos Sala de prensa Ferrovial | \u00daltimas noticias<\/title>\n<meta name=\"description\" content=\"Sala de prensa Ferrovial | \u00daltimas noticias\" \/>\n<meta name=\"robots\" content=\"index, follow, max-snippet:-1, max-image-preview:large, max-video-preview:-1\" \/>\n<link rel=\"canonical\" href=\"https:\/\/newsroom.ferrovial.com\/es\/noticias\/fieb-segunda-vida-plasticos\/\" \/>\n<meta property=\"og:locale\" content=\"es_ES\" \/>\n<meta property=\"og:type\" content=\"article\" \/>\n<meta property=\"og:title\" content=\"Ferrovial Servicios colabora con FIEB para dar una segunda vida a los pl\u00e1sticos Sala de prensa Ferrovial | \u00daltimas noticias\" \/>\n<meta property=\"og:description\" content=\"Sala de prensa Ferrovial | \u00daltimas noticias\" \/>\n<meta property=\"og:url\" content=\"https:\/\/newsroom.ferrovial.com\/es\/noticias\/fieb-segunda-vida-plasticos\/\" \/>\n<meta property=\"og:site_name\" content=\"Sala de prensa Ferrovial | \u00daltimas noticias\" \/>\n<meta property=\"article:publisher\" content=\"https:\/\/www.facebook.com\/ferrovial\" \/>\n<meta property=\"article:modified_time\" content=\"2022-12-21T08:12:27+00:00\" \/>\n<meta property=\"og:image\" content=\"https:\/\/newsroom.ferrovial.com\/wp-content\/uploads\/sites\/4\/2018\/09\/fieb.jpg\" \/>\n\t<meta property=\"og:image:width\" content=\"1793\" \/>\n\t<meta property=\"og:image:height\" content=\"877\" \/>\n\t<meta property=\"og:image:type\" content=\"image\/jpeg\" \/>\n<meta name=\"twitter:card\" content=\"summary_large_image\" \/>\n<meta name=\"twitter:site\" content=\"@ferrovial\" \/>\n<script type=\"application\/ld+json\" class=\"yoast-schema-graph\">{\"@context\":\"https:\/\/schema.org\",\"@graph\":[{\"@type\":\"WebPage\",\"@id\":\"https:\/\/newsroom.ferrovial.com\/es\/noticias\/fieb-segunda-vida-plasticos\/\",\"url\":\"https:\/\/newsroom.ferrovial.com\/es\/noticias\/fieb-segunda-vida-plasticos\/\",\"name\":\"Ferrovial Servicios colabora con FIEB para dar una segunda vida a los pl\u00e1sticos Sala de prensa Ferrovial | \u00daltimas noticias\",\"isPartOf\":{\"@id\":\"https:\/\/newsroom.ferrovial.com\/es\/#website\"},\"primaryImageOfPage\":{\"@id\":\"https:\/\/newsroom.ferrovial.com\/es\/noticias\/fieb-segunda-vida-plasticos\/#primaryimage\"},\"image\":{\"@id\":\"https:\/\/newsroom.ferrovial.com\/es\/noticias\/fieb-segunda-vida-plasticos\/#primaryimage\"},\"thumbnailUrl\":\"https:\/\/static.newsroom.ferrovial.com\/wp-content\/uploads\/2018\/09\/15152805\/fieb.jpg\",\"datePublished\":\"2018-09-24T13:39:34+00:00\",\"dateModified\":\"2022-12-21T08:12:27+00:00\",\"description\":\"Sala de prensa Ferrovial | \u00daltimas noticias\",\"breadcrumb\":{\"@id\":\"https:\/\/newsroom.ferrovial.com\/es\/noticias\/fieb-segunda-vida-plasticos\/#breadcrumb\"},\"inLanguage\":\"es\",\"potentialAction\":[{\"@type\":\"ReadAction\",\"target\":[\"https:\/\/newsroom.ferrovial.com\/es\/noticias\/fieb-segunda-vida-plasticos\/\"]}]},{\"@type\":\"ImageObject\",\"inLanguage\":\"es\",\"@id\":\"https:\/\/newsroom.ferrovial.com\/es\/noticias\/fieb-segunda-vida-plasticos\/#primaryimage\",\"url\":\"https:\/\/static.newsroom.ferrovial.com\/wp-content\/uploads\/2018\/09\/15152805\/fieb.jpg\",\"contentUrl\":\"https:\/\/static.newsroom.ferrovial.com\/wp-content\/uploads\/2018\/09\/15152805\/fieb.jpg\",\"width\":1793,\"height\":877,\"caption\":\"Valla de pl\u00e1stico reciclado\"},{\"@type\":\"BreadcrumbList\",\"@id\":\"https:\/\/newsroom.ferrovial.com\/es\/noticias\/fieb-segunda-vida-plasticos\/#breadcrumb\",\"itemListElement\":[{\"@type\":\"ListItem\",\"position\":1,\"name\":\"Portada\",\"item\":\"https:\/\/newsroom.ferrovial.com\/es\/\"},{\"@type\":\"ListItem\",\"position\":2,\"name\":\"Ferrovial Servicios colabora con FIEB para dar una segunda vida a los pl\u00e1sticos\"}]},{\"@type\":\"WebSite\",\"@id\":\"https:\/\/newsroom.ferrovial.com\/es\/#website\",\"url\":\"https:\/\/newsroom.ferrovial.com\/es\/\",\"name\":\"Sala de prensa Ferrovial | \u00daltimas noticias\",\"description\":\"Sala de prensa Ferrovial | \u00daltimas noticias\",\"publisher\":{\"@id\":\"https:\/\/newsroom.ferrovial.com\/es\/#organization\"},\"potentialAction\":[{\"@type\":\"SearchAction\",\"target\":{\"@type\":\"EntryPoint\",\"urlTemplate\":\"https:\/\/newsroom.ferrovial.com\/es\/?s={search_term_string}\"},\"query-input\":{\"@type\":\"PropertyValueSpecification\",\"valueRequired\":true,\"valueName\":\"search_term_string\"}}],\"inLanguage\":\"es\"},{\"@type\":\"Organization\",\"@id\":\"https:\/\/newsroom.ferrovial.com\/es\/#organization\",\"name\":\"Ferrovial S.A.\",\"url\":\"https:\/\/newsroom.ferrovial.com\/es\/\",\"logo\":{\"@type\":\"ImageObject\",\"inLanguage\":\"es\",\"@id\":\"https:\/\/newsroom.ferrovial.com\/es\/#\/schema\/logo\/image\/\",\"url\":\"https:\/\/static.newsroom.ferrovial.com\/wp-content\/uploads\/2018\/07\/15145720\/Ferrovial_Logotipo1.jpg\",\"contentUrl\":\"https:\/\/static.newsroom.ferrovial.com\/wp-content\/uploads\/2018\/07\/15145720\/Ferrovial_Logotipo1.jpg\",\"width\":600,\"height\":300,\"caption\":\"Ferrovial S.A.\"},\"image\":{\"@id\":\"https:\/\/newsroom.ferrovial.com\/es\/#\/schema\/logo\/image\/\"},\"sameAs\":[\"https:\/\/www.facebook.com\/ferrovial\",\"https:\/\/x.com\/ferrovial\",\"https:\/\/www.instagram.com\/ferrovial\/\",\"https:\/\/www.linkedin.com\/company\/ferrovial\",\"https:\/\/www.pinterest.es\/ferrovial\/\",\"https:\/\/www.youtube.com\/ferrovial\",\"https:\/\/en.wikipedia.org\/wiki\/Ferrovial\"]}]}<\/script>","yoast_head_json":{"title":"Ferrovial Servicios colabora con FIEB para dar una segunda vida a los pl\u00e1sticos Sala de prensa Ferrovial | \u00daltimas noticias","description":"Sala de prensa Ferrovial | \u00daltimas noticias","robots":{"index":"index","follow":"follow","max-snippet":"max-snippet:-1","max-image-preview":"max-image-preview:large","max-video-preview":"max-video-preview:-1"},"canonical":"https:\/\/newsroom.ferrovial.com\/es\/noticias\/fieb-segunda-vida-plasticos\/","og_locale":"es_ES","og_type":"article","og_title":"Ferrovial Servicios colabora con FIEB para dar una segunda vida a los pl\u00e1sticos Sala de prensa Ferrovial | \u00daltimas noticias","og_description":"Sala de prensa Ferrovial | \u00daltimas noticias","og_url":"https:\/\/newsroom.ferrovial.com\/es\/noticias\/fieb-segunda-vida-plasticos\/","og_site_name":"Sala de prensa Ferrovial | \u00daltimas noticias","article_publisher":"https:\/\/www.facebook.com\/ferrovial","article_modified_time":"2022-12-21T08:12:27+00:00","og_image":[{"width":1793,"height":877,"url":"https:\/\/newsroom.ferrovial.com\/wp-content\/uploads\/sites\/4\/2018\/09\/fieb.jpg","type":"image\/jpeg"}],"twitter_card":"summary_large_image","twitter_site":"@ferrovial","schema":{"@context":"https:\/\/schema.org","@graph":[{"@type":"WebPage","@id":"https:\/\/newsroom.ferrovial.com\/es\/noticias\/fieb-segunda-vida-plasticos\/","url":"https:\/\/newsroom.ferrovial.com\/es\/noticias\/fieb-segunda-vida-plasticos\/","name":"Ferrovial Servicios colabora con FIEB para dar una segunda vida a los pl\u00e1sticos Sala de prensa Ferrovial | \u00daltimas noticias","isPartOf":{"@id":"https:\/\/newsroom.ferrovial.com\/es\/#website"},"primaryImageOfPage":{"@id":"https:\/\/newsroom.ferrovial.com\/es\/noticias\/fieb-segunda-vida-plasticos\/#primaryimage"},"image":{"@id":"https:\/\/newsroom.ferrovial.com\/es\/noticias\/fieb-segunda-vida-plasticos\/#primaryimage"},"thumbnailUrl":"https:\/\/static.newsroom.ferrovial.com\/wp-content\/uploads\/2018\/09\/15152805\/fieb.jpg","datePublished":"2018-09-24T13:39:34+00:00","dateModified":"2022-12-21T08:12:27+00:00","description":"Sala de prensa Ferrovial | \u00daltimas noticias","breadcrumb":{"@id":"https:\/\/newsroom.ferrovial.com\/es\/noticias\/fieb-segunda-vida-plasticos\/#breadcrumb"},"inLanguage":"es","potentialAction":[{"@type":"ReadAction","target":["https:\/\/newsroom.ferrovial.com\/es\/noticias\/fieb-segunda-vida-plasticos\/"]}]},{"@type":"ImageObject","inLanguage":"es","@id":"https:\/\/newsroom.ferrovial.com\/es\/noticias\/fieb-segunda-vida-plasticos\/#primaryimage","url":"https:\/\/static.newsroom.ferrovial.com\/wp-content\/uploads\/2018\/09\/15152805\/fieb.jpg","contentUrl":"https:\/\/static.newsroom.ferrovial.com\/wp-content\/uploads\/2018\/09\/15152805\/fieb.jpg","width":1793,"height":877,"caption":"Valla de pl\u00e1stico reciclado"},{"@type":"BreadcrumbList","@id":"https:\/\/newsroom.ferrovial.com\/es\/noticias\/fieb-segunda-vida-plasticos\/#breadcrumb","itemListElement":[{"@type":"ListItem","position":1,"name":"Portada","item":"https:\/\/newsroom.ferrovial.com\/es\/"},{"@type":"ListItem","position":2,"name":"Ferrovial Servicios colabora con FIEB para dar una segunda vida a los pl\u00e1sticos"}]},{"@type":"WebSite","@id":"https:\/\/newsroom.ferrovial.com\/es\/#website","url":"https:\/\/newsroom.ferrovial.com\/es\/","name":"Sala de prensa Ferrovial | \u00daltimas noticias","description":"Sala de prensa Ferrovial | \u00daltimas noticias","publisher":{"@id":"https:\/\/newsroom.ferrovial.com\/es\/#organization"},"potentialAction":[{"@type":"SearchAction","target":{"@type":"EntryPoint","urlTemplate":"https:\/\/newsroom.ferrovial.com\/es\/?s={search_term_string}"},"query-input":{"@type":"PropertyValueSpecification","valueRequired":true,"valueName":"search_term_string"}}],"inLanguage":"es"},{"@type":"Organization","@id":"https:\/\/newsroom.ferrovial.com\/es\/#organization","name":"Ferrovial S.A.","url":"https:\/\/newsroom.ferrovial.com\/es\/","logo":{"@type":"ImageObject","inLanguage":"es","@id":"https:\/\/newsroom.ferrovial.com\/es\/#\/schema\/logo\/image\/","url":"https:\/\/static.newsroom.ferrovial.com\/wp-content\/uploads\/2018\/07\/15145720\/Ferrovial_Logotipo1.jpg","contentUrl":"https:\/\/static.newsroom.ferrovial.com\/wp-content\/uploads\/2018\/07\/15145720\/Ferrovial_Logotipo1.jpg","width":600,"height":300,"caption":"Ferrovial S.A."},"image":{"@id":"https:\/\/newsroom.ferrovial.com\/es\/#\/schema\/logo\/image\/"},"sameAs":["https:\/\/www.facebook.com\/ferrovial","https:\/\/x.com\/ferrovial","https:\/\/www.instagram.com\/ferrovial\/","https:\/\/www.linkedin.com\/company\/ferrovial","https:\/\/www.pinterest.es\/ferrovial\/","https:\/\/www.youtube.com\/ferrovial","https:\/\/en.wikipedia.org\/wiki\/Ferrovial"]}]}},"_links":{"self":[{"href":"https:\/\/newsroom.ferrovial.com\/es\/wp-json\/wp\/v2\/new\/22198","targetHints":{"allow":["GET"]}}],"collection":[{"href":"https:\/\/newsroom.ferrovial.com\/es\/wp-json\/wp\/v2\/new"}],"about":[{"href":"https:\/\/newsroom.ferrovial.com\/es\/wp-json\/wp\/v2\/types\/new"}],"replies":[{"embeddable":true,"href":"https:\/\/newsroom.ferrovial.com\/es\/wp-json\/wp\/v2\/comments?post=22198"}],"version-history":[{"count":1,"href":"https:\/\/newsroom.ferrovial.com\/es\/wp-json\/wp\/v2\/new\/22198\/revisions"}],"predecessor-version":[{"id":110613,"href":"https:\/\/newsroom.ferrovial.com\/es\/wp-json\/wp\/v2\/new\/22198\/revisions\/110613"}],"wp:featuredmedia":[{"embeddable":true,"href":"https:\/\/newsroom.ferrovial.com\/es\/wp-json\/wp\/v2\/media\/22193"}],"wp:attachment":[{"href":"https:\/\/newsroom.ferrovial.com\/es\/wp-json\/wp\/v2\/media?parent=22198"}],"wp:term":[{"taxonomy":"nivel-2","embeddable":true,"href":"https:\/\/newsroom.ferrovial.com\/es\/wp-json\/wp\/v2\/nivel-2?post=22198"},{"taxonomy":"nivel-5","embeddable":true,"href":"https:\/\/newsroom.ferrovial.com\/es\/wp-json\/wp\/v2\/nivel-5?post=22198"},{"taxonomy":"nivel-1","embeddable":true,"href":"https:\/\/newsroom.ferrovial.com\/es\/wp-json\/wp\/v2\/nivel-1?post=22198"},{"taxonomy":"nivel-3","embeddable":true,"href":"https:\/\/newsroom.ferrovial.com\/es\/wp-json\/wp\/v2\/nivel-3?post=22198"},{"taxonomy":"nivel-4","embeddable":true,"href":"https:\/\/newsroom.ferrovial.com\/es\/wp-json\/wp\/v2\/nivel-4?post=22198"}],"curies":[{"name":"wp","href":"https:\/\/api.w.org\/{rel}","templated":true}]}}