{"id":2270,"date":"2008-06-02T00:00:00","date_gmt":"2008-06-02T00:00:00","guid":{"rendered":"https:\/\/newsroom.ferrovial.com\/news\/el-gobierno-destinara-66-millones-de-euros-para-proteger-el-medio-natural-y-para-actuaciones-en-parques-nacionales\/"},"modified":"2022-12-21T11:00:05","modified_gmt":"2022-12-21T10:00:05","slug":"el-gobierno-destinara-66-millones-de-euros-para-proteger-el-medio-natural-y-para-actuaciones-en-parques-nacionales","status":"publish","type":"new","link":"https:\/\/newsroom.ferrovial.com\/es\/noticias\/el-gobierno-destinara-66-millones-de-euros-para-proteger-el-medio-natural-y-para-actuaciones-en-parques-nacionales\/","title":{"rendered":"El Gobierno destinar\u00e1 66 millones de euros para proteger el medio natural y para actuaciones en Parques Nacionales"},"content":{"rendered":"    <section class=\"wysiwyg text-editor \" id=\"\">\n        <div class=\"container container--narrow container--p-10\">\n            <p>La ministra de Medio Ambiente y Medio Rural y Marino, Elena Espinosa, acord\u00f3 hoy con los consejeros de las comunidades aut\u00f3nomas la distribuci\u00f3n de 66.075.900 euros para el desarrollo de programas de protecci\u00f3n y mejora del medio rural y para subvencionar actuaciones en los entornos de los Parque Nacionales.<\/p>\n<p>En el marco de la Conferencia Sectorial de Medio ambiente, tambi\u00e9n analizaron las actuaciones desarrolladas durante el a\u00f1o 2007 para la prevenci\u00f3n y lucha contra incendios forestales y la distribuci\u00f3n del operativo compuesto por medios a\u00e9reos y equipos de extinci\u00f3n para la campa\u00f1a de verano 2008. Para la financiaci\u00f3n, durante 2008, de los programas de protecci\u00f3n y mejora del medio natural, la sectorial acord\u00f3 la distribuci\u00f3n de 52.190.870 euros, cantidad con la que se subvencionar\u00e1n actuaciones dirigidas a la mitigaci\u00f3n de la desertificaci\u00f3n y prevenci\u00f3n de incendios forestales.<\/p>\n<p>Asimismo, se financiar\u00e1 la Red europea Natura 2000, el aprovechamiento de la biomasa forestal residual y otras acciones relacionadas con la Ley de Montes. Estos fondos se utilizar\u00e1n tambi\u00e9n para la conservaci\u00f3n de especies en peligro de extinci\u00f3n y para la correcci\u00f3n de l\u00edneas el\u00e9ctricas peligrosas para la avifauna. Por otra parte, se distribuyeron un total de 13.885.03 euros entre los catorce Parques Nacionales con objeto de subvencionar actuaciones en sus entornos.<\/p>\n<p><strong>PREVENCI\u00d3N Y LUCHA CONTRA LOS INCENDIOS FORESTALES<\/strong><\/p>\n<p>En otro orden de cosas, el Ministerio de Medio Ambiente y las comunidades aut\u00f3nomas analizaron las actuaciones de prevenci\u00f3n y lucha contra incendios durante 2007 y constataron que 2007 fue el a\u00f1o con menor n\u00famero de incendios y menor superficie forestal afectada de los \u00faltimos diez a\u00f1os.<\/p>\n<p>De acuerdo con los datos facilitados por las comunidades aut\u00f3nomas, durante el pasado a\u00f1o se registraron un total de 10.915 siniestros, que afectaron a una superficie de 82.048 hect\u00e1reas, 73.114 hect\u00e1reas menos que en 2006. Para este a\u00f1o, el dispositivo del ministerio contar\u00e1 con catorce aviones anfibios con capacidad de carga de 5.500 litros, ocho helic\u00f3pteros de 4.500 litros, nueve aviones de carga en tierra de 3.100 litros, seis aviones anfibios de 3.100 litros, cuatro aviones de coordinaci\u00f3n y observaci\u00f3n, un helic\u00f3ptero de coordinaci\u00f3n y observaci\u00f3n y diez Brigadas de Refuerzo de Incendios Forestales (BRIF), que cuenta con 516 profesionales.<\/p>\n<p><strong>CONSERVACI\u00d3N DE ESPECIES, PROGRAMA Y PLAN DE ACCI\u00d3N<\/strong><\/p>\n<p>Por otra parte, se presentaron las estrategias de conservaci\u00f3n del lince ib\u00e9rico y la lapa ferrug\u00ednea. La primera actualiza la aprobada en 1999 y que tiene por objetivo aunar los esfuerzos de las administraciones competentes para lograr la recuperaci\u00f3n del lince, mientras que la segunda plantea unas directrices de conservaci\u00f3n en cuanto a protecci\u00f3n y manejo de la especie &#8211;la lapa ferrug\u00ednea es molusco que vive exclusivamente en el Mediterr\u00e1neo occidental&#8211; y del h\u00e1bitat en el que vive.<\/p>\n<p>Adem\u00e1s de las estrategias, se present\u00f3 el Plan de Acci\u00f3n para la cr\u00eda en cautividad del lince ib\u00e9rico, que el ministerio impulsa en colaboraci\u00f3n con Andaluc\u00eda, Extremadura y Castilla La Mancha.<\/p>\n<p>El programa pretende establecer una poblaci\u00f3n ex-situ que permita el desarrollo de t\u00e9cnicas de reproducci\u00f3n natural y asistida, y preparar ejemplares de lince ib\u00e9rico para su reintroducci\u00f3n en la naturaliza en \u00e1reas de distribuci\u00f3n hist\u00f3rica. El otro programa presentado fue el de conservaci\u00f3n ex situ del vis\u00f3n europeo en Espa\u00f1a, una de las especies en mayor peligro de extinci\u00f3n a escala mundial, que est\u00e1 incluida en el Cat\u00e1logo Espa\u00f1ol de Especies Amenazadas.<\/p>\n<p>En concreto, los objetivos prioritarios son el establecimiento de una reserva gen\u00e9tica, la puesta en marcha de proyectos de reintroducci\u00f3n y refuerzo poblacional, y el impulso de los Bancos de Recursos Biol\u00f3gicos.<\/p>\n<p>EUROPA PRESS<\/p>\n        <\/div>\n    <\/section>\n","protected":false},"excerpt":{"rendered":"","protected":false},"featured_media":0,"menu_order":0,"comment_status":"closed","ping_status":"closed","template":"","nivel-2":[],"nivel-5":[],"nivel-1":[],"nivel-3":[],"nivel-4":[],"class_list":["post-2270","new","type-new","status-publish","hentry"],"acf":[],"yoast_head":"<title>El Gobierno destinar\u00e1 66 millones de euros para proteger el medio natural y para actuaciones en Parques Nacionales Sala de prensa Ferrovial | \u00daltimas noticias<\/title>\n<meta name=\"description\" content=\"Sala de prensa Ferrovial | \u00daltimas noticias\" \/>\n<meta name=\"robots\" content=\"index, follow, max-snippet:-1, max-image-preview:large, max-video-preview:-1\" \/>\n<link rel=\"canonical\" href=\"https:\/\/newsroom.ferrovial.com\/es\/noticias\/el-gobierno-destinara-66-millones-de-euros-para-proteger-el-medio-natural-y-para-actuaciones-en-parques-nacionales\/\" \/>\n<meta property=\"og:locale\" content=\"es_ES\" \/>\n<meta property=\"og:type\" content=\"article\" \/>\n<meta property=\"og:title\" content=\"El Gobierno destinar\u00e1 66 millones de euros para proteger el medio natural y para actuaciones en Parques Nacionales Sala de prensa Ferrovial | \u00daltimas noticias\" \/>\n<meta property=\"og:description\" content=\"Sala de prensa Ferrovial | \u00daltimas noticias\" \/>\n<meta property=\"og:url\" content=\"https:\/\/newsroom.ferrovial.com\/es\/noticias\/el-gobierno-destinara-66-millones-de-euros-para-proteger-el-medio-natural-y-para-actuaciones-en-parques-nacionales\/\" \/>\n<meta property=\"og:site_name\" content=\"Sala de prensa Ferrovial | \u00daltimas noticias\" \/>\n<meta property=\"article:publisher\" content=\"https:\/\/www.facebook.com\/ferrovial\" \/>\n<meta property=\"article:modified_time\" content=\"2022-12-21T10:00:05+00:00\" \/>\n<meta name=\"twitter:card\" content=\"summary_large_image\" \/>\n<meta name=\"twitter:site\" content=\"@ferrovial\" \/>\n<script type=\"application\/ld+json\" class=\"yoast-schema-graph\">{\"@context\":\"https:\/\/schema.org\",\"@graph\":[{\"@type\":\"WebPage\",\"@id\":\"https:\/\/newsroom.ferrovial.com\/es\/noticias\/el-gobierno-destinara-66-millones-de-euros-para-proteger-el-medio-natural-y-para-actuaciones-en-parques-nacionales\/\",\"url\":\"https:\/\/newsroom.ferrovial.com\/es\/noticias\/el-gobierno-destinara-66-millones-de-euros-para-proteger-el-medio-natural-y-para-actuaciones-en-parques-nacionales\/\",\"name\":\"El Gobierno destinar\u00e1 66 millones de euros para proteger el medio natural y para actuaciones en Parques Nacionales Sala de prensa Ferrovial | \u00daltimas noticias\",\"isPartOf\":{\"@id\":\"https:\/\/newsroom.ferrovial.com\/es\/#website\"},\"datePublished\":\"2008-06-02T00:00:00+00:00\",\"dateModified\":\"2022-12-21T10:00:05+00:00\",\"description\":\"Sala de prensa Ferrovial | \u00daltimas noticias\",\"breadcrumb\":{\"@id\":\"https:\/\/newsroom.ferrovial.com\/es\/noticias\/el-gobierno-destinara-66-millones-de-euros-para-proteger-el-medio-natural-y-para-actuaciones-en-parques-nacionales\/#breadcrumb\"},\"inLanguage\":\"es\",\"potentialAction\":[{\"@type\":\"ReadAction\",\"target\":[\"https:\/\/newsroom.ferrovial.com\/es\/noticias\/el-gobierno-destinara-66-millones-de-euros-para-proteger-el-medio-natural-y-para-actuaciones-en-parques-nacionales\/\"]}]},{\"@type\":\"BreadcrumbList\",\"@id\":\"https:\/\/newsroom.ferrovial.com\/es\/noticias\/el-gobierno-destinara-66-millones-de-euros-para-proteger-el-medio-natural-y-para-actuaciones-en-parques-nacionales\/#breadcrumb\",\"itemListElement\":[{\"@type\":\"ListItem\",\"position\":1,\"name\":\"Portada\",\"item\":\"https:\/\/newsroom.ferrovial.com\/es\/\"},{\"@type\":\"ListItem\",\"position\":2,\"name\":\"El Gobierno destinar\u00e1 66 millones de euros para proteger el medio natural y para actuaciones en Parques Nacionales\"}]},{\"@type\":\"WebSite\",\"@id\":\"https:\/\/newsroom.ferrovial.com\/es\/#website\",\"url\":\"https:\/\/newsroom.ferrovial.com\/es\/\",\"name\":\"Sala de prensa Ferrovial | \u00daltimas noticias\",\"description\":\"Sala de prensa Ferrovial | \u00daltimas noticias\",\"publisher\":{\"@id\":\"https:\/\/newsroom.ferrovial.com\/es\/#organization\"},\"potentialAction\":[{\"@type\":\"SearchAction\",\"target\":{\"@type\":\"EntryPoint\",\"urlTemplate\":\"https:\/\/newsroom.ferrovial.com\/es\/?s={search_term_string}\"},\"query-input\":{\"@type\":\"PropertyValueSpecification\",\"valueRequired\":true,\"valueName\":\"search_term_string\"}}],\"inLanguage\":\"es\"},{\"@type\":\"Organization\",\"@id\":\"https:\/\/newsroom.ferrovial.com\/es\/#organization\",\"name\":\"Ferrovial S.A.\",\"url\":\"https:\/\/newsroom.ferrovial.com\/es\/\",\"logo\":{\"@type\":\"ImageObject\",\"inLanguage\":\"es\",\"@id\":\"https:\/\/newsroom.ferrovial.com\/es\/#\/schema\/logo\/image\/\",\"url\":\"https:\/\/static.newsroom.ferrovial.com\/wp-content\/uploads\/2018\/07\/15145720\/Ferrovial_Logotipo1.jpg\",\"contentUrl\":\"https:\/\/static.newsroom.ferrovial.com\/wp-content\/uploads\/2018\/07\/15145720\/Ferrovial_Logotipo1.jpg\",\"width\":600,\"height\":300,\"caption\":\"Ferrovial S.A.\"},\"image\":{\"@id\":\"https:\/\/newsroom.ferrovial.com\/es\/#\/schema\/logo\/image\/\"},\"sameAs\":[\"https:\/\/www.facebook.com\/ferrovial\",\"https:\/\/x.com\/ferrovial\",\"https:\/\/www.instagram.com\/ferrovial\/\",\"https:\/\/www.linkedin.com\/company\/ferrovial\",\"https:\/\/www.pinterest.es\/ferrovial\/\",\"https:\/\/www.youtube.com\/ferrovial\",\"https:\/\/en.wikipedia.org\/wiki\/Ferrovial\"]}]}<\/script>","yoast_head_json":{"title":"El Gobierno destinar\u00e1 66 millones de euros para proteger el medio natural y para actuaciones en Parques Nacionales Sala de prensa Ferrovial | \u00daltimas noticias","description":"Sala de prensa Ferrovial | \u00daltimas noticias","robots":{"index":"index","follow":"follow","max-snippet":"max-snippet:-1","max-image-preview":"max-image-preview:large","max-video-preview":"max-video-preview:-1"},"canonical":"https:\/\/newsroom.ferrovial.com\/es\/noticias\/el-gobierno-destinara-66-millones-de-euros-para-proteger-el-medio-natural-y-para-actuaciones-en-parques-nacionales\/","og_locale":"es_ES","og_type":"article","og_title":"El Gobierno destinar\u00e1 66 millones de euros para proteger el medio natural y para actuaciones en Parques Nacionales Sala de prensa Ferrovial | \u00daltimas noticias","og_description":"Sala de prensa Ferrovial | \u00daltimas noticias","og_url":"https:\/\/newsroom.ferrovial.com\/es\/noticias\/el-gobierno-destinara-66-millones-de-euros-para-proteger-el-medio-natural-y-para-actuaciones-en-parques-nacionales\/","og_site_name":"Sala de prensa Ferrovial | \u00daltimas noticias","article_publisher":"https:\/\/www.facebook.com\/ferrovial","article_modified_time":"2022-12-21T10:00:05+00:00","twitter_card":"summary_large_image","twitter_site":"@ferrovial","schema":{"@context":"https:\/\/schema.org","@graph":[{"@type":"WebPage","@id":"https:\/\/newsroom.ferrovial.com\/es\/noticias\/el-gobierno-destinara-66-millones-de-euros-para-proteger-el-medio-natural-y-para-actuaciones-en-parques-nacionales\/","url":"https:\/\/newsroom.ferrovial.com\/es\/noticias\/el-gobierno-destinara-66-millones-de-euros-para-proteger-el-medio-natural-y-para-actuaciones-en-parques-nacionales\/","name":"El Gobierno destinar\u00e1 66 millones de euros para proteger el medio natural y para actuaciones en Parques Nacionales Sala de prensa Ferrovial | \u00daltimas noticias","isPartOf":{"@id":"https:\/\/newsroom.ferrovial.com\/es\/#website"},"datePublished":"2008-06-02T00:00:00+00:00","dateModified":"2022-12-21T10:00:05+00:00","description":"Sala de prensa Ferrovial | \u00daltimas noticias","breadcrumb":{"@id":"https:\/\/newsroom.ferrovial.com\/es\/noticias\/el-gobierno-destinara-66-millones-de-euros-para-proteger-el-medio-natural-y-para-actuaciones-en-parques-nacionales\/#breadcrumb"},"inLanguage":"es","potentialAction":[{"@type":"ReadAction","target":["https:\/\/newsroom.ferrovial.com\/es\/noticias\/el-gobierno-destinara-66-millones-de-euros-para-proteger-el-medio-natural-y-para-actuaciones-en-parques-nacionales\/"]}]},{"@type":"BreadcrumbList","@id":"https:\/\/newsroom.ferrovial.com\/es\/noticias\/el-gobierno-destinara-66-millones-de-euros-para-proteger-el-medio-natural-y-para-actuaciones-en-parques-nacionales\/#breadcrumb","itemListElement":[{"@type":"ListItem","position":1,"name":"Portada","item":"https:\/\/newsroom.ferrovial.com\/es\/"},{"@type":"ListItem","position":2,"name":"El Gobierno destinar\u00e1 66 millones de euros para proteger el medio natural y para actuaciones en Parques Nacionales"}]},{"@type":"WebSite","@id":"https:\/\/newsroom.ferrovial.com\/es\/#website","url":"https:\/\/newsroom.ferrovial.com\/es\/","name":"Sala de prensa Ferrovial | \u00daltimas noticias","description":"Sala de prensa Ferrovial | \u00daltimas noticias","publisher":{"@id":"https:\/\/newsroom.ferrovial.com\/es\/#organization"},"potentialAction":[{"@type":"SearchAction","target":{"@type":"EntryPoint","urlTemplate":"https:\/\/newsroom.ferrovial.com\/es\/?s={search_term_string}"},"query-input":{"@type":"PropertyValueSpecification","valueRequired":true,"valueName":"search_term_string"}}],"inLanguage":"es"},{"@type":"Organization","@id":"https:\/\/newsroom.ferrovial.com\/es\/#organization","name":"Ferrovial S.A.","url":"https:\/\/newsroom.ferrovial.com\/es\/","logo":{"@type":"ImageObject","inLanguage":"es","@id":"https:\/\/newsroom.ferrovial.com\/es\/#\/schema\/logo\/image\/","url":"https:\/\/static.newsroom.ferrovial.com\/wp-content\/uploads\/2018\/07\/15145720\/Ferrovial_Logotipo1.jpg","contentUrl":"https:\/\/static.newsroom.ferrovial.com\/wp-content\/uploads\/2018\/07\/15145720\/Ferrovial_Logotipo1.jpg","width":600,"height":300,"caption":"Ferrovial S.A."},"image":{"@id":"https:\/\/newsroom.ferrovial.com\/es\/#\/schema\/logo\/image\/"},"sameAs":["https:\/\/www.facebook.com\/ferrovial","https:\/\/x.com\/ferrovial","https:\/\/www.instagram.com\/ferrovial\/","https:\/\/www.linkedin.com\/company\/ferrovial","https:\/\/www.pinterest.es\/ferrovial\/","https:\/\/www.youtube.com\/ferrovial","https:\/\/en.wikipedia.org\/wiki\/Ferrovial"]}]}},"_links":{"self":[{"href":"https:\/\/newsroom.ferrovial.com\/es\/wp-json\/wp\/v2\/new\/2270","targetHints":{"allow":["GET"]}}],"collection":[{"href":"https:\/\/newsroom.ferrovial.com\/es\/wp-json\/wp\/v2\/new"}],"about":[{"href":"https:\/\/newsroom.ferrovial.com\/es\/wp-json\/wp\/v2\/types\/new"}],"replies":[{"embeddable":true,"href":"https:\/\/newsroom.ferrovial.com\/es\/wp-json\/wp\/v2\/comments?post=2270"}],"version-history":[{"count":1,"href":"https:\/\/newsroom.ferrovial.com\/es\/wp-json\/wp\/v2\/new\/2270\/revisions"}],"predecessor-version":[{"id":118493,"href":"https:\/\/newsroom.ferrovial.com\/es\/wp-json\/wp\/v2\/new\/2270\/revisions\/118493"}],"wp:attachment":[{"href":"https:\/\/newsroom.ferrovial.com\/es\/wp-json\/wp\/v2\/media?parent=2270"}],"wp:term":[{"taxonomy":"nivel-2","embeddable":true,"href":"https:\/\/newsroom.ferrovial.com\/es\/wp-json\/wp\/v2\/nivel-2?post=2270"},{"taxonomy":"nivel-5","embeddable":true,"href":"https:\/\/newsroom.ferrovial.com\/es\/wp-json\/wp\/v2\/nivel-5?post=2270"},{"taxonomy":"nivel-1","embeddable":true,"href":"https:\/\/newsroom.ferrovial.com\/es\/wp-json\/wp\/v2\/nivel-1?post=2270"},{"taxonomy":"nivel-3","embeddable":true,"href":"https:\/\/newsroom.ferrovial.com\/es\/wp-json\/wp\/v2\/nivel-3?post=2270"},{"taxonomy":"nivel-4","embeddable":true,"href":"https:\/\/newsroom.ferrovial.com\/es\/wp-json\/wp\/v2\/nivel-4?post=2270"}],"curies":[{"name":"wp","href":"https:\/\/api.w.org\/{rel}","templated":true}]}}