{"id":2311,"date":"2007-12-05T00:00:00","date_gmt":"2007-12-05T00:00:00","guid":{"rendered":"https:\/\/newsroom.ferrovial.com\/news\/espana-llega-a-bali-sin-los-deberes-hechos\/"},"modified":"2022-12-21T11:12:31","modified_gmt":"2022-12-21T10:12:31","slug":"espana-llega-a-bali-sin-los-deberes-hechos","status":"publish","type":"new","link":"https:\/\/newsroom.ferrovial.com\/es\/noticias\/espana-llega-a-bali-sin-los-deberes-hechos\/","title":{"rendered":"Espa\u00f1a llega a Bali sin los deberes hechos"},"content":{"rendered":"    <section class=\"wysiwyg text-editor \" id=\"\">\n        <div class=\"container container--narrow container--p-10\">\n            <p>(<a title=\"lavanguardia.es\" href=\"http:\/\/www.lavanguardia.com\/\"><span style=\"text-decoration: underline;\">lavanguardia.es<\/span><\/a>).- Espa\u00f1a acude a la cumbre del clima en Bali sin tener hechos los deberes que le impone la firma del protocolo de Kioto contra el cambio clim\u00e1tico. Nuestro pa\u00eds obtiene un suspenso rotundo en este examen, seg\u00fan el informe del Observatorio de la Sostenibilidad del Ministerio de Medio Ambiente. Las emisiones de gases invernadero se hab\u00edan incrementado en el 2006 un 48% por encima de las de 1990, cuando Espa\u00f1a s\u00f3lo puede aumentarlas un 15% hasta el periodo 2008-2012 (con relaci\u00f3n a 1990).<\/p>\n<p>El Informe de Sostenibilidad 2007 afirma que Espa\u00f1a deber\u00e1 llevar a cabo \u00abesfuerzos adicionales importantes\u00bb para alcanzar la meta de Kioto, y reclama medidas complementarias en materia de fomento del transporte p\u00fablico colectivo o impuestos verdes para los carburantes f\u00f3siles. \u00abEs necesario aumentar la conciencia de la poblaci\u00f3n y de las administraciones y empresas para afrontar seriamente el desaf\u00edo del cambio clim\u00e1tico\u00bb, dice el informe.<\/p>\n<p>Espa\u00f1a redujo en el 2006 las emisiones de gases invernadero un 4,1% respecto al 2005 (cuando se alcanz\u00f3 un aumento tope del 52%). Ese a\u00f1o se redujo un 1% el uso de energ\u00eda primaria (petr\u00f3leo, gas, carb\u00f3n&#8230;), mientras que el PIB creci\u00f3 un 3,9%; y eso hizo pensar que se hab\u00eda hecho un uso m\u00e1s eficiente de la energ\u00eda. Analizados aisladamente estos datos podr\u00edan hacer pensar que la situaci\u00f3n se est\u00e1 reconduciendo. Sin embargo, algunos expertos temen que se trate s\u00f3lo de una tendencia coyuntural (relacionada con el aumento de la producci\u00f3n hidroel\u00e9ctrica o el aumento de los precios del petr\u00f3leo en el 2006), por lo que falta por ver el comportamiento de este a\u00f1o.<\/p>\n<p>La ruta de Kioto. Pero \u00bfc\u00f3mo va reducir Espa\u00f1a sus emisiones de gases si ya las ha incrementado un 48% y s\u00f3lo pod\u00eda hacerlo un 15%? La soluci\u00f3n va a ser muy dif\u00edcil. El Gobierno se plantea que este incremento sea en realidad del 37% (pues junto al 15% de aumento autorizado sumar\u00e1 otro 20% con la adquisici\u00f3n de derechos de emisi\u00f3n a terceros pa\u00edses y otro 2% al contabilizar los bosques, que absorben y neutralizan el CO2). Es as\u00ed como piensa quedarse a s\u00f3lo el 11% de la meta de Kioto. Ir m\u00e1s all\u00e1 supondr\u00e1 aplicar fuertes medidas de reducci\u00f3n de gases en el transporte y la edificaci\u00f3n (residencial, institucional, servicios&#8230;).<\/p>\n<p>Las razones de este incumplimiento vienen de lejos. Tras una mala negociaci\u00f3n en Kioto, el gobierno del PP apenas foment\u00f3 las medidas para reducir los gases invernadero, mientras que el PSOE ha impulsado numerosos planes, pero algunos se han demorado a la segunda parte de su mandato o a\u00fan no ha demostrado su efectividad. Las grandes industrias empiezan a cumplir (forzadas por las directiva europeas), pero los gases atribuibles al ciudadano, a las pymes y al comercio no tienen freno de nadie.<\/p>\n<p>El Gobierno ha impulsado los planes nacionales de asignaci\u00f3n (que han fijado los topes de CO2 a las grandes industrias: que deben comprar sus derechos de emisi\u00f3n si superan los cupos o topes anuales asignados), as\u00ed como el plan de fomento de las energ\u00edas renovables. Tambi\u00e9n se ha aprobado el nuevo c\u00f3digo t\u00e9cnico de la edificaci\u00f3n, o las 198 medidas urgentes contra el cambio clim\u00e1tico (como la modificaci\u00f3n del impuesto de circulaci\u00f3n que establece el gravamen en funci\u00f3n del CO2 emitido). Sin embargo, todo esto no bastar\u00e1. Y Espa\u00f1a tendr\u00e1 que adquirir 100 millones de toneladas de gases invernadero anuales durante los pr\u00f3ximos cinco a\u00f1os. Esto significar\u00e1 un coste de unos 700 millones de euros anuales y un total de 3.500 millones de euros en el periodo 2008-2012.<\/p>\n<p>La ministra de Medio Ambiente, Cristina Narbona, se congratul\u00f3 de que el cambio clim\u00e1tico se haya situado entre las cuestiones que m\u00e1s preocupan a la opini\u00f3n p\u00fablica y ocupan la agenda pol\u00edtica, y se marc\u00f3 como un nuevo reto conseguir que \u00abtambi\u00e9n nos demos cuenta de la importancia del patrimonio natural y de la biodiversidad\u00bb. \u00abSe puede generar actividad econ\u00f3mica y, a la vez, reducir la contaminaci\u00f3n y proteger las especies\u00bb, dijo. Adem\u00e1s del cambio clim\u00e1tico, el Informe de Sostenibilidad repasa otros indicadores ambientales:<\/p>\n<p><strong>Presi\u00f3n urban\u00edstica<\/strong>. El proceso de ocupaci\u00f3n de las costas espa\u00f1olas contin\u00faa su avance imparable. Un 41% de la franja de los primeros 200 metros del litoral est\u00e1 construida. Si contin\u00faa el mismo ritmo de ocupaci\u00f3n de los dos primeros kil\u00f3metros sufrida entre 1987 y el 2000, el espacio dedicado a viviendas, zonas industriales, comercios e infraestructuras ocupar\u00edan m\u00e1s de 90.000 hect\u00e1reas en el 2020, de las 278.000 existentes. Tomando el mismo modelo de proyecci\u00f3n, los expertos calculan que en menos de 50 a\u00f1os los primeros dos kil\u00f3metros de costa de la provincia de Alicante estar\u00edan completamente edificados. S\u00f3lo en la Costa del Sol y en la Costa Blanca (Alicante), con 376.000 viviendas secundarias, se acumula el 27% del total de estas construcciones de segunda residencia. Seg\u00fan el estudio, la presi\u00f3n urban\u00edstica en la costa tiene que ver con la valorizaci\u00f3n del mercado inmobiliario, el aumento del turismo y el aumento de los vuelos de compa\u00f1\u00edas a\u00e9reas de bajo coste. Este crecimiento de las segundas viviendas conlleva la sobrecarga de los recursos, la infraestructura urbana y los servicios, sobre todo en la \u00e9poca estival\u00bb.<\/p>\n<p><strong>Infracciones ambientales<\/strong>. El informe destaca un aumento de los delitos contra el medio ambiente, que se relaciona con el nombramiento del fiscal especial contra los delitos relativos a la ordenaci\u00f3n del territorio. En concreto, en cuanto a irregularidades urban\u00edsticas, el a\u00f1o pasado se cursaron 7.258 infracciones y fueron detenidas 359 personas. Sin embargo, la inmensa mayor\u00eda (6.650) fueron de car\u00e1cter administrativo. S\u00f3lo 567 se tramitaron como delito. En el 2005, el n\u00famero de condenados por delito ambiental fue de 219 (60 en Andaluc\u00eda, 31 en Murcia, 23 en Catalunya, 23 en Extremadura).<\/p>\n<p><strong>M\u00e1s especies en peligro<\/strong>. El calentamiento tambi\u00e9n influye en la merma de la riqueza biol\u00f3gica. El estudio alerta de la \u00abpreocupante situaci\u00f3n de nuestros ecosistemas\u00bb. Entre 1990 y el 2006 el volumen de especies amenazadas ha crecido un 34,6%, en su mayor\u00eda, vertebrados. Andaluc\u00eda, Catalunya, Comunidad Valenciana y Castilla-La Mancha son las autonom\u00edas con un mayor n\u00famero de especies en las categor\u00eda de en peligro cr\u00edtico y en peligro.<\/p>\n        <\/div>\n    <\/section>\n","protected":false},"excerpt":{"rendered":"","protected":false},"featured_media":0,"menu_order":0,"comment_status":"closed","ping_status":"closed","template":"","nivel-2":[936],"nivel-5":[],"nivel-1":[],"nivel-3":[],"nivel-4":[],"class_list":["post-2311","new","type-new","status-publish","hentry","nivel-2-conservacion-del-medio-ambiente"],"acf":[],"yoast_head":"<title>Espa\u00f1a llega a Bali sin los deberes hechos Sala de prensa Ferrovial | \u00daltimas noticias<\/title>\n<meta name=\"description\" content=\"Sala de prensa Ferrovial | \u00daltimas noticias\" \/>\n<meta name=\"robots\" content=\"index, follow, max-snippet:-1, max-image-preview:large, max-video-preview:-1\" \/>\n<link rel=\"canonical\" href=\"https:\/\/newsroom.ferrovial.com\/es\/noticias\/espana-llega-a-bali-sin-los-deberes-hechos\/\" \/>\n<meta property=\"og:locale\" content=\"es_ES\" \/>\n<meta property=\"og:type\" content=\"article\" \/>\n<meta property=\"og:title\" content=\"Espa\u00f1a llega a Bali sin los deberes hechos Sala de prensa Ferrovial | \u00daltimas noticias\" \/>\n<meta property=\"og:description\" content=\"Sala de prensa Ferrovial | \u00daltimas noticias\" \/>\n<meta property=\"og:url\" content=\"https:\/\/newsroom.ferrovial.com\/es\/noticias\/espana-llega-a-bali-sin-los-deberes-hechos\/\" \/>\n<meta property=\"og:site_name\" content=\"Sala de prensa Ferrovial | \u00daltimas noticias\" \/>\n<meta property=\"article:publisher\" content=\"https:\/\/www.facebook.com\/ferrovial\" \/>\n<meta property=\"article:modified_time\" content=\"2022-12-21T10:12:31+00:00\" \/>\n<meta name=\"twitter:card\" content=\"summary_large_image\" \/>\n<meta name=\"twitter:site\" content=\"@ferrovial\" \/>\n<script type=\"application\/ld+json\" class=\"yoast-schema-graph\">{\"@context\":\"https:\/\/schema.org\",\"@graph\":[{\"@type\":\"WebPage\",\"@id\":\"https:\/\/newsroom.ferrovial.com\/es\/noticias\/espana-llega-a-bali-sin-los-deberes-hechos\/\",\"url\":\"https:\/\/newsroom.ferrovial.com\/es\/noticias\/espana-llega-a-bali-sin-los-deberes-hechos\/\",\"name\":\"Espa\u00f1a llega a Bali sin los deberes hechos Sala de prensa Ferrovial | \u00daltimas noticias\",\"isPartOf\":{\"@id\":\"https:\/\/newsroom.ferrovial.com\/es\/#website\"},\"datePublished\":\"2007-12-05T00:00:00+00:00\",\"dateModified\":\"2022-12-21T10:12:31+00:00\",\"description\":\"Sala de prensa Ferrovial | \u00daltimas noticias\",\"breadcrumb\":{\"@id\":\"https:\/\/newsroom.ferrovial.com\/es\/noticias\/espana-llega-a-bali-sin-los-deberes-hechos\/#breadcrumb\"},\"inLanguage\":\"es\",\"potentialAction\":[{\"@type\":\"ReadAction\",\"target\":[\"https:\/\/newsroom.ferrovial.com\/es\/noticias\/espana-llega-a-bali-sin-los-deberes-hechos\/\"]}]},{\"@type\":\"BreadcrumbList\",\"@id\":\"https:\/\/newsroom.ferrovial.com\/es\/noticias\/espana-llega-a-bali-sin-los-deberes-hechos\/#breadcrumb\",\"itemListElement\":[{\"@type\":\"ListItem\",\"position\":1,\"name\":\"Portada\",\"item\":\"https:\/\/newsroom.ferrovial.com\/es\/\"},{\"@type\":\"ListItem\",\"position\":2,\"name\":\"Espa\u00f1a llega a Bali sin los deberes hechos\"}]},{\"@type\":\"WebSite\",\"@id\":\"https:\/\/newsroom.ferrovial.com\/es\/#website\",\"url\":\"https:\/\/newsroom.ferrovial.com\/es\/\",\"name\":\"Sala de prensa Ferrovial | \u00daltimas noticias\",\"description\":\"Sala de prensa Ferrovial | \u00daltimas noticias\",\"publisher\":{\"@id\":\"https:\/\/newsroom.ferrovial.com\/es\/#organization\"},\"potentialAction\":[{\"@type\":\"SearchAction\",\"target\":{\"@type\":\"EntryPoint\",\"urlTemplate\":\"https:\/\/newsroom.ferrovial.com\/es\/?s={search_term_string}\"},\"query-input\":{\"@type\":\"PropertyValueSpecification\",\"valueRequired\":true,\"valueName\":\"search_term_string\"}}],\"inLanguage\":\"es\"},{\"@type\":\"Organization\",\"@id\":\"https:\/\/newsroom.ferrovial.com\/es\/#organization\",\"name\":\"Ferrovial S.A.\",\"url\":\"https:\/\/newsroom.ferrovial.com\/es\/\",\"logo\":{\"@type\":\"ImageObject\",\"inLanguage\":\"es\",\"@id\":\"https:\/\/newsroom.ferrovial.com\/es\/#\/schema\/logo\/image\/\",\"url\":\"https:\/\/static.newsroom.ferrovial.com\/wp-content\/uploads\/2018\/07\/15145720\/Ferrovial_Logotipo1.jpg\",\"contentUrl\":\"https:\/\/static.newsroom.ferrovial.com\/wp-content\/uploads\/2018\/07\/15145720\/Ferrovial_Logotipo1.jpg\",\"width\":600,\"height\":300,\"caption\":\"Ferrovial S.A.\"},\"image\":{\"@id\":\"https:\/\/newsroom.ferrovial.com\/es\/#\/schema\/logo\/image\/\"},\"sameAs\":[\"https:\/\/www.facebook.com\/ferrovial\",\"https:\/\/x.com\/ferrovial\",\"https:\/\/www.instagram.com\/ferrovial\/\",\"https:\/\/www.linkedin.com\/company\/ferrovial\",\"https:\/\/www.pinterest.es\/ferrovial\/\",\"https:\/\/www.youtube.com\/ferrovial\",\"https:\/\/en.wikipedia.org\/wiki\/Ferrovial\"]}]}<\/script>","yoast_head_json":{"title":"Espa\u00f1a llega a Bali sin los deberes hechos Sala de prensa Ferrovial | \u00daltimas noticias","description":"Sala de prensa Ferrovial | \u00daltimas noticias","robots":{"index":"index","follow":"follow","max-snippet":"max-snippet:-1","max-image-preview":"max-image-preview:large","max-video-preview":"max-video-preview:-1"},"canonical":"https:\/\/newsroom.ferrovial.com\/es\/noticias\/espana-llega-a-bali-sin-los-deberes-hechos\/","og_locale":"es_ES","og_type":"article","og_title":"Espa\u00f1a llega a Bali sin los deberes hechos Sala de prensa Ferrovial | \u00daltimas noticias","og_description":"Sala de prensa Ferrovial | \u00daltimas noticias","og_url":"https:\/\/newsroom.ferrovial.com\/es\/noticias\/espana-llega-a-bali-sin-los-deberes-hechos\/","og_site_name":"Sala de prensa Ferrovial | \u00daltimas noticias","article_publisher":"https:\/\/www.facebook.com\/ferrovial","article_modified_time":"2022-12-21T10:12:31+00:00","twitter_card":"summary_large_image","twitter_site":"@ferrovial","schema":{"@context":"https:\/\/schema.org","@graph":[{"@type":"WebPage","@id":"https:\/\/newsroom.ferrovial.com\/es\/noticias\/espana-llega-a-bali-sin-los-deberes-hechos\/","url":"https:\/\/newsroom.ferrovial.com\/es\/noticias\/espana-llega-a-bali-sin-los-deberes-hechos\/","name":"Espa\u00f1a llega a Bali sin los deberes hechos Sala de prensa Ferrovial | \u00daltimas noticias","isPartOf":{"@id":"https:\/\/newsroom.ferrovial.com\/es\/#website"},"datePublished":"2007-12-05T00:00:00+00:00","dateModified":"2022-12-21T10:12:31+00:00","description":"Sala de prensa Ferrovial | \u00daltimas noticias","breadcrumb":{"@id":"https:\/\/newsroom.ferrovial.com\/es\/noticias\/espana-llega-a-bali-sin-los-deberes-hechos\/#breadcrumb"},"inLanguage":"es","potentialAction":[{"@type":"ReadAction","target":["https:\/\/newsroom.ferrovial.com\/es\/noticias\/espana-llega-a-bali-sin-los-deberes-hechos\/"]}]},{"@type":"BreadcrumbList","@id":"https:\/\/newsroom.ferrovial.com\/es\/noticias\/espana-llega-a-bali-sin-los-deberes-hechos\/#breadcrumb","itemListElement":[{"@type":"ListItem","position":1,"name":"Portada","item":"https:\/\/newsroom.ferrovial.com\/es\/"},{"@type":"ListItem","position":2,"name":"Espa\u00f1a llega a Bali sin los deberes hechos"}]},{"@type":"WebSite","@id":"https:\/\/newsroom.ferrovial.com\/es\/#website","url":"https:\/\/newsroom.ferrovial.com\/es\/","name":"Sala de prensa Ferrovial | \u00daltimas noticias","description":"Sala de prensa Ferrovial | \u00daltimas noticias","publisher":{"@id":"https:\/\/newsroom.ferrovial.com\/es\/#organization"},"potentialAction":[{"@type":"SearchAction","target":{"@type":"EntryPoint","urlTemplate":"https:\/\/newsroom.ferrovial.com\/es\/?s={search_term_string}"},"query-input":{"@type":"PropertyValueSpecification","valueRequired":true,"valueName":"search_term_string"}}],"inLanguage":"es"},{"@type":"Organization","@id":"https:\/\/newsroom.ferrovial.com\/es\/#organization","name":"Ferrovial S.A.","url":"https:\/\/newsroom.ferrovial.com\/es\/","logo":{"@type":"ImageObject","inLanguage":"es","@id":"https:\/\/newsroom.ferrovial.com\/es\/#\/schema\/logo\/image\/","url":"https:\/\/static.newsroom.ferrovial.com\/wp-content\/uploads\/2018\/07\/15145720\/Ferrovial_Logotipo1.jpg","contentUrl":"https:\/\/static.newsroom.ferrovial.com\/wp-content\/uploads\/2018\/07\/15145720\/Ferrovial_Logotipo1.jpg","width":600,"height":300,"caption":"Ferrovial S.A."},"image":{"@id":"https:\/\/newsroom.ferrovial.com\/es\/#\/schema\/logo\/image\/"},"sameAs":["https:\/\/www.facebook.com\/ferrovial","https:\/\/x.com\/ferrovial","https:\/\/www.instagram.com\/ferrovial\/","https:\/\/www.linkedin.com\/company\/ferrovial","https:\/\/www.pinterest.es\/ferrovial\/","https:\/\/www.youtube.com\/ferrovial","https:\/\/en.wikipedia.org\/wiki\/Ferrovial"]}]}},"_links":{"self":[{"href":"https:\/\/newsroom.ferrovial.com\/es\/wp-json\/wp\/v2\/new\/2311","targetHints":{"allow":["GET"]}}],"collection":[{"href":"https:\/\/newsroom.ferrovial.com\/es\/wp-json\/wp\/v2\/new"}],"about":[{"href":"https:\/\/newsroom.ferrovial.com\/es\/wp-json\/wp\/v2\/types\/new"}],"replies":[{"embeddable":true,"href":"https:\/\/newsroom.ferrovial.com\/es\/wp-json\/wp\/v2\/comments?post=2311"}],"version-history":[{"count":1,"href":"https:\/\/newsroom.ferrovial.com\/es\/wp-json\/wp\/v2\/new\/2311\/revisions"}],"predecessor-version":[{"id":118793,"href":"https:\/\/newsroom.ferrovial.com\/es\/wp-json\/wp\/v2\/new\/2311\/revisions\/118793"}],"wp:attachment":[{"href":"https:\/\/newsroom.ferrovial.com\/es\/wp-json\/wp\/v2\/media?parent=2311"}],"wp:term":[{"taxonomy":"nivel-2","embeddable":true,"href":"https:\/\/newsroom.ferrovial.com\/es\/wp-json\/wp\/v2\/nivel-2?post=2311"},{"taxonomy":"nivel-5","embeddable":true,"href":"https:\/\/newsroom.ferrovial.com\/es\/wp-json\/wp\/v2\/nivel-5?post=2311"},{"taxonomy":"nivel-1","embeddable":true,"href":"https:\/\/newsroom.ferrovial.com\/es\/wp-json\/wp\/v2\/nivel-1?post=2311"},{"taxonomy":"nivel-3","embeddable":true,"href":"https:\/\/newsroom.ferrovial.com\/es\/wp-json\/wp\/v2\/nivel-3?post=2311"},{"taxonomy":"nivel-4","embeddable":true,"href":"https:\/\/newsroom.ferrovial.com\/es\/wp-json\/wp\/v2\/nivel-4?post=2311"}],"curies":[{"name":"wp","href":"https:\/\/api.w.org\/{rel}","templated":true}]}}