{"id":2312,"date":"2007-12-03T00:00:00","date_gmt":"2007-12-03T00:00:00","guid":{"rendered":"https:\/\/newsroom.ferrovial.com\/news\/espana-por-debajo-de-la-media-europea-respecto-al-reciclado-de-residuos-de-construccion-y-demolicion-con-un-15\/"},"modified":"2022-12-21T11:12:34","modified_gmt":"2022-12-21T10:12:34","slug":"espana-por-debajo-de-la-media-europea-respecto-al-reciclado-de-residuos-de-construccion-y-demolicion-con-un-15","status":"publish","type":"new","link":"https:\/\/newsroom.ferrovial.com\/es\/noticias\/espana-por-debajo-de-la-media-europea-respecto-al-reciclado-de-residuos-de-construccion-y-demolicion-con-un-15\/","title":{"rendered":"Espa\u00f1a, por debajo de la media europea respecto al reciclado de residuos de construcci\u00f3n y demolici\u00f3n, con un 15%"},"content":{"rendered":"    <section class=\"wysiwyg text-editor \" id=\"\">\n        <div class=\"container container--narrow container--p-10\">\n            <p>(<a title=\"\" href=\"http:\/\/www.europapress.es\/\"><span style=\"text-decoration: underline;\">www.europapress.es<\/span><\/a>).- El presidente de la Asociaci\u00f3n Espa\u00f1ola de Gestores de Residuos de Construcci\u00f3n y Demolici\u00f3n (RCD), Jos\u00e9 Ignacio Torre, se\u00f1al\u00f3 que Espa\u00f1a se encuentra por debajo de la media europea (28%) respecto al reciclado de residuos de construcci\u00f3n y demolici\u00f3n, con un 15%. \u00abEl problema es que llevamos 15 a\u00f1os de retraso en comparaci\u00f3n con otros pa\u00edses como Holanda, que llegan al 90%\u00bb, afirm\u00f3.<\/p>\n<p>El experto record\u00f3 que, actualmente, se produce una gran variedad de residuos desde la construcci\u00f3n de las viviendas hasta su demolici\u00f3n. S\u00f3lo en la Uni\u00f3n Europea, el 40% de los residuos proceden de la construcci\u00f3n. En el caso de Espa\u00f1a, se genera una tonelada de residuos de construcci\u00f3n y demolici\u00f3n por habitante y a\u00f1o, pero menos del 5% se recicla o reutiliza.<\/p>\n<p>Torre hizo estas declaraciones en el marco del Congreso Internacional de Construcci\u00f3n Sostenible organizado conjuntamente por Holcim y la Junta de Andaluc\u00eda y que hoy se clausura en Sevilla. En su intervenci\u00f3n, el presidente de la Asociaci\u00f3n Espa\u00f1ola de Gestores de RCD tambi\u00e9n lament\u00f3 el incumplimiento del I Plan Nacional de RCD, vigente desde 2001 y hasta 2006, que se fij\u00f3 el objetivo de reciclar el 60% de los residuos, \u00abuna cifra que no hemos alcanzado\u00bb, reconoci\u00f3.<\/p>\n<p>La jornada de hoy finaliz\u00f3 con la celebraci\u00f3n de una Mesa Redonda en la que se analiz\u00f3 el uso sostenible de los recursos en la construcci\u00f3n. Uno de los ponentes, el director general de Comunicaci\u00f3n y Relaciones Externas de Isofot\u00f3n, Ernesto Mac\u00edas Gal\u00e1n, destac\u00f3 que la energ\u00eda solar fotovoltaica \u00abvive un momento muy interesante debido al nuevo C\u00f3digo T\u00e9cnico de Edificaci\u00f3n (CTE)\u00bb.<\/p>\n<p>\u00abAl principio, el CTE se tom\u00f3 como una imposici\u00f3n pero poco a poco se est\u00e1 viendo como una oportunidad para hacer construcci\u00f3n sostenible\u00bb, asever\u00f3 Mac\u00edas. El reto es construir edificios que puedan autoalimentarse con su propia energ\u00eda\u00bb, apostill\u00f3.<\/p>\n        <\/div>\n    <\/section>\n","protected":false},"excerpt":{"rendered":"","protected":false},"featured_media":0,"menu_order":0,"comment_status":"closed","ping_status":"closed","template":"","nivel-2":[936],"nivel-5":[],"nivel-1":[],"nivel-3":[],"nivel-4":[],"class_list":["post-2312","new","type-new","status-publish","hentry","nivel-2-conservacion-del-medio-ambiente"],"acf":[],"yoast_head":"<title>Espa\u00f1a, por debajo de la media europea respecto al reciclado de residuos de construcci\u00f3n y demolici\u00f3n, con un 15% Sala de prensa Ferrovial | \u00daltimas noticias<\/title>\n<meta name=\"description\" content=\"Sala de prensa Ferrovial | \u00daltimas noticias\" \/>\n<meta name=\"robots\" content=\"index, follow, max-snippet:-1, max-image-preview:large, max-video-preview:-1\" \/>\n<link rel=\"canonical\" href=\"https:\/\/newsroom.ferrovial.com\/es\/noticias\/espana-por-debajo-de-la-media-europea-respecto-al-reciclado-de-residuos-de-construccion-y-demolicion-con-un-15\/\" \/>\n<meta property=\"og:locale\" content=\"es_ES\" \/>\n<meta property=\"og:type\" content=\"article\" \/>\n<meta property=\"og:title\" content=\"Espa\u00f1a, por debajo de la media europea respecto al reciclado de residuos de construcci\u00f3n y demolici\u00f3n, con un 15% Sala de prensa Ferrovial | \u00daltimas noticias\" \/>\n<meta property=\"og:description\" content=\"Sala de prensa Ferrovial | \u00daltimas noticias\" \/>\n<meta property=\"og:url\" content=\"https:\/\/newsroom.ferrovial.com\/es\/noticias\/espana-por-debajo-de-la-media-europea-respecto-al-reciclado-de-residuos-de-construccion-y-demolicion-con-un-15\/\" \/>\n<meta property=\"og:site_name\" content=\"Sala de prensa Ferrovial | \u00daltimas noticias\" \/>\n<meta property=\"article:publisher\" content=\"https:\/\/www.facebook.com\/ferrovial\" \/>\n<meta property=\"article:modified_time\" content=\"2022-12-21T10:12:34+00:00\" \/>\n<meta name=\"twitter:card\" content=\"summary_large_image\" \/>\n<meta name=\"twitter:site\" content=\"@ferrovial\" \/>\n<script type=\"application\/ld+json\" class=\"yoast-schema-graph\">{\"@context\":\"https:\/\/schema.org\",\"@graph\":[{\"@type\":\"WebPage\",\"@id\":\"https:\/\/newsroom.ferrovial.com\/es\/noticias\/espana-por-debajo-de-la-media-europea-respecto-al-reciclado-de-residuos-de-construccion-y-demolicion-con-un-15\/\",\"url\":\"https:\/\/newsroom.ferrovial.com\/es\/noticias\/espana-por-debajo-de-la-media-europea-respecto-al-reciclado-de-residuos-de-construccion-y-demolicion-con-un-15\/\",\"name\":\"Espa\u00f1a, por debajo de la media europea respecto al reciclado de residuos de construcci\u00f3n y demolici\u00f3n, con un 15% Sala de prensa Ferrovial | \u00daltimas noticias\",\"isPartOf\":{\"@id\":\"https:\/\/newsroom.ferrovial.com\/es\/#website\"},\"datePublished\":\"2007-12-03T00:00:00+00:00\",\"dateModified\":\"2022-12-21T10:12:34+00:00\",\"description\":\"Sala de prensa Ferrovial | \u00daltimas noticias\",\"breadcrumb\":{\"@id\":\"https:\/\/newsroom.ferrovial.com\/es\/noticias\/espana-por-debajo-de-la-media-europea-respecto-al-reciclado-de-residuos-de-construccion-y-demolicion-con-un-15\/#breadcrumb\"},\"inLanguage\":\"es\",\"potentialAction\":[{\"@type\":\"ReadAction\",\"target\":[\"https:\/\/newsroom.ferrovial.com\/es\/noticias\/espana-por-debajo-de-la-media-europea-respecto-al-reciclado-de-residuos-de-construccion-y-demolicion-con-un-15\/\"]}]},{\"@type\":\"BreadcrumbList\",\"@id\":\"https:\/\/newsroom.ferrovial.com\/es\/noticias\/espana-por-debajo-de-la-media-europea-respecto-al-reciclado-de-residuos-de-construccion-y-demolicion-con-un-15\/#breadcrumb\",\"itemListElement\":[{\"@type\":\"ListItem\",\"position\":1,\"name\":\"Portada\",\"item\":\"https:\/\/newsroom.ferrovial.com\/es\/\"},{\"@type\":\"ListItem\",\"position\":2,\"name\":\"Espa\u00f1a, por debajo de la media europea respecto al reciclado de residuos de construcci\u00f3n y demolici\u00f3n, con un 15%\"}]},{\"@type\":\"WebSite\",\"@id\":\"https:\/\/newsroom.ferrovial.com\/es\/#website\",\"url\":\"https:\/\/newsroom.ferrovial.com\/es\/\",\"name\":\"Sala de prensa Ferrovial | \u00daltimas noticias\",\"description\":\"Sala de prensa Ferrovial | \u00daltimas noticias\",\"publisher\":{\"@id\":\"https:\/\/newsroom.ferrovial.com\/es\/#organization\"},\"potentialAction\":[{\"@type\":\"SearchAction\",\"target\":{\"@type\":\"EntryPoint\",\"urlTemplate\":\"https:\/\/newsroom.ferrovial.com\/es\/?s={search_term_string}\"},\"query-input\":{\"@type\":\"PropertyValueSpecification\",\"valueRequired\":true,\"valueName\":\"search_term_string\"}}],\"inLanguage\":\"es\"},{\"@type\":\"Organization\",\"@id\":\"https:\/\/newsroom.ferrovial.com\/es\/#organization\",\"name\":\"Ferrovial S.A.\",\"url\":\"https:\/\/newsroom.ferrovial.com\/es\/\",\"logo\":{\"@type\":\"ImageObject\",\"inLanguage\":\"es\",\"@id\":\"https:\/\/newsroom.ferrovial.com\/es\/#\/schema\/logo\/image\/\",\"url\":\"https:\/\/static.newsroom.ferrovial.com\/wp-content\/uploads\/2018\/07\/15145720\/Ferrovial_Logotipo1.jpg\",\"contentUrl\":\"https:\/\/static.newsroom.ferrovial.com\/wp-content\/uploads\/2018\/07\/15145720\/Ferrovial_Logotipo1.jpg\",\"width\":600,\"height\":300,\"caption\":\"Ferrovial S.A.\"},\"image\":{\"@id\":\"https:\/\/newsroom.ferrovial.com\/es\/#\/schema\/logo\/image\/\"},\"sameAs\":[\"https:\/\/www.facebook.com\/ferrovial\",\"https:\/\/x.com\/ferrovial\",\"https:\/\/www.instagram.com\/ferrovial\/\",\"https:\/\/www.linkedin.com\/company\/ferrovial\",\"https:\/\/www.pinterest.es\/ferrovial\/\",\"https:\/\/www.youtube.com\/ferrovial\",\"https:\/\/en.wikipedia.org\/wiki\/Ferrovial\"]}]}<\/script>","yoast_head_json":{"title":"Espa\u00f1a, por debajo de la media europea respecto al reciclado de residuos de construcci\u00f3n y demolici\u00f3n, con un 15% Sala de prensa Ferrovial | \u00daltimas noticias","description":"Sala de prensa Ferrovial | \u00daltimas noticias","robots":{"index":"index","follow":"follow","max-snippet":"max-snippet:-1","max-image-preview":"max-image-preview:large","max-video-preview":"max-video-preview:-1"},"canonical":"https:\/\/newsroom.ferrovial.com\/es\/noticias\/espana-por-debajo-de-la-media-europea-respecto-al-reciclado-de-residuos-de-construccion-y-demolicion-con-un-15\/","og_locale":"es_ES","og_type":"article","og_title":"Espa\u00f1a, por debajo de la media europea respecto al reciclado de residuos de construcci\u00f3n y demolici\u00f3n, con un 15% Sala de prensa Ferrovial | \u00daltimas noticias","og_description":"Sala de prensa Ferrovial | \u00daltimas noticias","og_url":"https:\/\/newsroom.ferrovial.com\/es\/noticias\/espana-por-debajo-de-la-media-europea-respecto-al-reciclado-de-residuos-de-construccion-y-demolicion-con-un-15\/","og_site_name":"Sala de prensa Ferrovial | \u00daltimas noticias","article_publisher":"https:\/\/www.facebook.com\/ferrovial","article_modified_time":"2022-12-21T10:12:34+00:00","twitter_card":"summary_large_image","twitter_site":"@ferrovial","schema":{"@context":"https:\/\/schema.org","@graph":[{"@type":"WebPage","@id":"https:\/\/newsroom.ferrovial.com\/es\/noticias\/espana-por-debajo-de-la-media-europea-respecto-al-reciclado-de-residuos-de-construccion-y-demolicion-con-un-15\/","url":"https:\/\/newsroom.ferrovial.com\/es\/noticias\/espana-por-debajo-de-la-media-europea-respecto-al-reciclado-de-residuos-de-construccion-y-demolicion-con-un-15\/","name":"Espa\u00f1a, por debajo de la media europea respecto al reciclado de residuos de construcci\u00f3n y demolici\u00f3n, con un 15% Sala de prensa Ferrovial | \u00daltimas noticias","isPartOf":{"@id":"https:\/\/newsroom.ferrovial.com\/es\/#website"},"datePublished":"2007-12-03T00:00:00+00:00","dateModified":"2022-12-21T10:12:34+00:00","description":"Sala de prensa Ferrovial | \u00daltimas noticias","breadcrumb":{"@id":"https:\/\/newsroom.ferrovial.com\/es\/noticias\/espana-por-debajo-de-la-media-europea-respecto-al-reciclado-de-residuos-de-construccion-y-demolicion-con-un-15\/#breadcrumb"},"inLanguage":"es","potentialAction":[{"@type":"ReadAction","target":["https:\/\/newsroom.ferrovial.com\/es\/noticias\/espana-por-debajo-de-la-media-europea-respecto-al-reciclado-de-residuos-de-construccion-y-demolicion-con-un-15\/"]}]},{"@type":"BreadcrumbList","@id":"https:\/\/newsroom.ferrovial.com\/es\/noticias\/espana-por-debajo-de-la-media-europea-respecto-al-reciclado-de-residuos-de-construccion-y-demolicion-con-un-15\/#breadcrumb","itemListElement":[{"@type":"ListItem","position":1,"name":"Portada","item":"https:\/\/newsroom.ferrovial.com\/es\/"},{"@type":"ListItem","position":2,"name":"Espa\u00f1a, por debajo de la media europea respecto al reciclado de residuos de construcci\u00f3n y demolici\u00f3n, con un 15%"}]},{"@type":"WebSite","@id":"https:\/\/newsroom.ferrovial.com\/es\/#website","url":"https:\/\/newsroom.ferrovial.com\/es\/","name":"Sala de prensa Ferrovial | \u00daltimas noticias","description":"Sala de prensa Ferrovial | \u00daltimas noticias","publisher":{"@id":"https:\/\/newsroom.ferrovial.com\/es\/#organization"},"potentialAction":[{"@type":"SearchAction","target":{"@type":"EntryPoint","urlTemplate":"https:\/\/newsroom.ferrovial.com\/es\/?s={search_term_string}"},"query-input":{"@type":"PropertyValueSpecification","valueRequired":true,"valueName":"search_term_string"}}],"inLanguage":"es"},{"@type":"Organization","@id":"https:\/\/newsroom.ferrovial.com\/es\/#organization","name":"Ferrovial S.A.","url":"https:\/\/newsroom.ferrovial.com\/es\/","logo":{"@type":"ImageObject","inLanguage":"es","@id":"https:\/\/newsroom.ferrovial.com\/es\/#\/schema\/logo\/image\/","url":"https:\/\/static.newsroom.ferrovial.com\/wp-content\/uploads\/2018\/07\/15145720\/Ferrovial_Logotipo1.jpg","contentUrl":"https:\/\/static.newsroom.ferrovial.com\/wp-content\/uploads\/2018\/07\/15145720\/Ferrovial_Logotipo1.jpg","width":600,"height":300,"caption":"Ferrovial S.A."},"image":{"@id":"https:\/\/newsroom.ferrovial.com\/es\/#\/schema\/logo\/image\/"},"sameAs":["https:\/\/www.facebook.com\/ferrovial","https:\/\/x.com\/ferrovial","https:\/\/www.instagram.com\/ferrovial\/","https:\/\/www.linkedin.com\/company\/ferrovial","https:\/\/www.pinterest.es\/ferrovial\/","https:\/\/www.youtube.com\/ferrovial","https:\/\/en.wikipedia.org\/wiki\/Ferrovial"]}]}},"_links":{"self":[{"href":"https:\/\/newsroom.ferrovial.com\/es\/wp-json\/wp\/v2\/new\/2312","targetHints":{"allow":["GET"]}}],"collection":[{"href":"https:\/\/newsroom.ferrovial.com\/es\/wp-json\/wp\/v2\/new"}],"about":[{"href":"https:\/\/newsroom.ferrovial.com\/es\/wp-json\/wp\/v2\/types\/new"}],"replies":[{"embeddable":true,"href":"https:\/\/newsroom.ferrovial.com\/es\/wp-json\/wp\/v2\/comments?post=2312"}],"version-history":[{"count":1,"href":"https:\/\/newsroom.ferrovial.com\/es\/wp-json\/wp\/v2\/new\/2312\/revisions"}],"predecessor-version":[{"id":118805,"href":"https:\/\/newsroom.ferrovial.com\/es\/wp-json\/wp\/v2\/new\/2312\/revisions\/118805"}],"wp:attachment":[{"href":"https:\/\/newsroom.ferrovial.com\/es\/wp-json\/wp\/v2\/media?parent=2312"}],"wp:term":[{"taxonomy":"nivel-2","embeddable":true,"href":"https:\/\/newsroom.ferrovial.com\/es\/wp-json\/wp\/v2\/nivel-2?post=2312"},{"taxonomy":"nivel-5","embeddable":true,"href":"https:\/\/newsroom.ferrovial.com\/es\/wp-json\/wp\/v2\/nivel-5?post=2312"},{"taxonomy":"nivel-1","embeddable":true,"href":"https:\/\/newsroom.ferrovial.com\/es\/wp-json\/wp\/v2\/nivel-1?post=2312"},{"taxonomy":"nivel-3","embeddable":true,"href":"https:\/\/newsroom.ferrovial.com\/es\/wp-json\/wp\/v2\/nivel-3?post=2312"},{"taxonomy":"nivel-4","embeddable":true,"href":"https:\/\/newsroom.ferrovial.com\/es\/wp-json\/wp\/v2\/nivel-4?post=2312"}],"curies":[{"name":"wp","href":"https:\/\/api.w.org\/{rel}","templated":true}]}}