{"id":2315,"date":"2008-05-20T00:00:00","date_gmt":"2008-05-20T00:00:00","guid":{"rendered":"https:\/\/newsroom.ferrovial.com\/news\/espana-recicla-mas-de-la-mitad-de-los-envases-que-consume-y-ya-supera-los-objetivos-marcados-por-la-ue-para-2008\/"},"modified":"2022-12-21T11:00:50","modified_gmt":"2022-12-21T10:00:50","slug":"espana-recicla-mas-de-la-mitad-de-los-envases-que-consume-y-ya-supera-los-objetivos-marcados-por-la-ue-para-2008","status":"publish","type":"new","link":"https:\/\/newsroom.ferrovial.com\/es\/noticias\/espana-recicla-mas-de-la-mitad-de-los-envases-que-consume-y-ya-supera-los-objetivos-marcados-por-la-ue-para-2008\/","title":{"rendered":"Espa\u00f1a recicla m\u00e1s de la mitad de los envases que consume y ya supera los objetivos marcados por la UE para 2008"},"content":{"rendered":"    <section class=\"wysiwyg text-editor \" id=\"\">\n        <div class=\"container container--narrow container--p-10\">\n            <p>Espa\u00f1a recicl\u00f3 en 2007 un 56,1 por ciento de los 4.000 millones de envases dom\u00e9sticos (pl\u00e1stico, latas, &#8216;bricks&#8217; y otros de cart\u00f3n y papel) que salieron al mercado, por lo que ya ha superado el objetivo marcado por la UE para 2008 (55 por ciento), seg\u00fan avanz\u00f3 hoy en la capital de Rep\u00fablica Checa, Praga, Melchor Ordo\u00f1ez, el director general de Ecoembes (&#8216;www.ecoembes.com&#8217;, sociedad sin \u00e1nimo de lucro responsable en Espa\u00f1a del Sistema Integrado de Gesti\u00f3n de Residuos de Envases (SIG. Ordo\u00f1ez participa, junto con otros responsables de la entidad y directores auton\u00f3micos de Medio Ambiente en el IV Congreso &#8216;Pro Europe&#8217; sobre reciclado, del que forman parte los sistemas de gesti\u00f3n del denominado &#8216;Punto Verde&#8217; de diez pa\u00edses europeos y Canad\u00e1, y que se re\u00fane cada dos a\u00f1os para intercambiar experiencias y conocimientos sobre nuevas estrategias de gesti\u00f3n de recursos.<\/p>\n<p>Los resultados del pasado ejercicio, que se presentar\u00e1n el pr\u00f3ximo mes de julio en Madrid, ponen de manifiesto que los espa\u00f1oles reciclaron 1,16 millones de toneladas de envases el pasado a\u00f1o, pero en conjunto se recuperaron 1,3 millones de toneladas, es decir, se evit\u00f3 que un 63,5 por ciento de todos los envases utilizados acabaran en vertederos, bien porque fueron reciclados (56,1 por ciento) bien porque fueron valorizados (incinerados para generar energ\u00eda que se vuelca en la red el\u00e9ctrica, 5 por ciento. Europa marcaba un porcentaje de recuperaci\u00f3n del 60 por ciento para este a\u00f1o. \u00abRecuperamos dos de cada tres embases y reciclamos m\u00e1s de uno de cada dos\u00bb, subray\u00f3 Ordo\u00f1ez, que record\u00f3 que los resultados superan en un a\u00f1o los m\u00ednimos marcados por la Ley de Envases y Residuos de Envases (LERE) y la directiva Europea sobre esta materia.<\/p>\n<p>Por tipos de materiales, tambi\u00e9n se han superado las cifras marcadas. As\u00ed, el pasado a\u00f1o se recicl\u00f3 un 74,4 por ciento de papel y cart\u00f3n (el objetivo era del 60 por ciento; un 32,5 por ciento de pl\u00e1stico (objetivo, 22,5 por ciento; un 63,2 por ciento de metales objetivo, 50 por ciento; y un 38,2 por ciento de madera objetivo, 15 por ciento.<\/p>\n<p><strong>ESPA\u00d1A, &#8216;MEDALLA DE BRONCE&#8217; EN EUROPA<\/strong><\/p>\n<p>En cuanto a las metas para 2008, Ecoembes espera reciclar hasta un 59 por ciento del total de envases puestos en el mercado y recuperar entre un 64 y un 65 por ciento. Respecto a su posici\u00f3n de Espa\u00f1a dentro de &#8216;Pro Europe&#8217;, Ord\u00f3\u00f1ez se\u00f1al\u00f3 que todas las cifras sit\u00faan a Espa\u00f1a en un tercer lugar, por detr\u00e1s de Alemania y Francia, y con la diferencia de que los espa\u00f1oles empezaron a recilcar mucho m\u00e1s tarde. \u00abTenemos una facturaci\u00f3n de 350 millones de euros, 12.500 compa\u00f1\u00edas adheridas al sistema y unos 100 trabajadores en plantilla -coment\u00f3-.<\/p>\n<p>Nuestro nivel de reciclado est\u00e1 entre el 50 y el 60 por ceinto, en la l\u00ednea del de Francia, Irlanda u Holanda. Mientras, B\u00e9lgica, Alemania, Austria y Luxemburgo, en el grupo de cabeza, tienen un nivel de reciclado superior al 60 por ciento\u00bb. Ecoembes naci\u00f3 en 1998 a partir de la entrada en vigor de la normativa espa\u00f1ola que obliga a las empresas que ponen los envases en el mercado a gestionar su recuperaci\u00f3n.<\/p>\n<p>Desde entonces, ha recuperado 8,9 millones de toneladas, lo que equivale a llenar 650 estadios de f\u00fatbol como el Santiago Barnab\u00e9u, con una media de 110 estadios al a\u00f1o. En todo caso, Ord\u00f3\u00f1ez asegur\u00f3 que en los \u00faltimos a\u00f1os se ha reciclado m\u00e1s cada vez y que, en especial 2007, ha sido un a\u00f1o \u00abrupturista\u00bb. \u00abEl n\u00famero de ciudadanos que dice serparar alg\u00fan residuo en casa ha pasado del 70 al 85 por ciento en un a\u00f1o, y las toneladas de 10 a 12 por habitante y a\u00f1o, lo que supone un crecimiento del 20 por ciento -agreg\u00f3&#8211;. Pa\u00eds Vasco, Catalu\u00f1a. Navarra y La Rioja, son las comunidades aut\u00f3nomas que presentan un mayor nivel de reciclado y recuperaci\u00f3n\u00bb.<\/p>\n<p>En cuanto al techo de reciclado en Espa\u00f1a, aunque pudiera llegarse a niveles mucho m\u00e1s altos, Ordo\u00f1ez desaconsej\u00f3 un porcentaje superior al 80 por ciento por motivos econ\u00f3micos y ambientales. \u00abUna cifra tan alta no es econ\u00f3micamente rentalbe ni ambientalmente sostenible porque el nivel de emisiones de CO2, por ejemplo por los kil\u00f3metros de recogida y entrega de los residuos, es muy superior a los beneficios. Hay que buscar un punto de equilibrio que sea razonable y en cualquier caso cumplir, por lo menos, lo que diga la directiva europea\u00bb, coment\u00f3.<\/p>\n<p><strong>EL CO2 DE LA ICINERACI\u00d3N<\/strong><\/p>\n<p>Precisamente, respecto a la pol\u00e9mica actual en relaci\u00f3n a las emsiones de di\u00f3xido de carbono (CO2) que genera la incineraci\u00f3n de aquellos envases que no son reciclados (un 5 por ciento en Espa\u00f1a, se\u00f1al\u00f3 que la normativa espa\u00f1ola obliga a una valorizaci\u00f3n (recuperaci\u00f3n de energ\u00eda mediante la incineraci\u00f3n de residuos) de 5 puntos por encima del reciclado. \u00abLo ideal es dedicar todos los recursos al reciclado, pero no podemos olvidar que tenemos la obligaci\u00f3n legal de valorizar parte de los residuos\u00bb, destac\u00f3.<\/p>\n<p>Respecto a las bolsas de pl\u00e1stico y la intenci\u00f3n del Gobierno de buscar una soluci\u00f3n limitativa o sustitutiva a su uso, se\u00f1al\u00f3 que se trata de residuos \u00abmuy vistosos que sufren bastantes ataques por su impacto ambiental\u00bb. \u00abPero es que son necesarias. Los puntos de venta no est\u00e1n preparados para prescindir de ellas y las viviendas tampoco. No creemos que la soluci\u00f3n tampoco sea una tasa o impuesto sobre las mismas porque al final se traslada el precio al consumidor y se siguen utilizando. La bolsa retornable podr\u00eda ser una soluci\u00f3n\u00bb, reflexion\u00f3.<\/p>\n<p>A finales de 2007, Ecoembes contaba con m\u00e1s de 12.350 empresas adheridas, de las que un 51 por ciento pertenecen al sector de la alimentaci\u00f3n; un 8 por ciento, a las bebidas; un 7 por ciento, a higiene y belleza y un 5 por ciento al sector de la limpieza y el mantenimiento. Desde hace una d\u00e9cada, la puesta en marcha del sistema se ha traducido, seg\u00fan sus responsables, en la creaci\u00f3n de 6.000 puestos de trabajo directo, y se han realizado adem\u00e1s 19.000 medidas para reducir el peso y yel volumen de los envases.<\/p>\n<p>Ecoembes recibe sus recursos de las aportaciones de las empresas adheridas al SIG y financia el coeste extra que supone a las administraciones locales y auton\u00f3micas la implantaci\u00f3n de la recogida selectiva respecto a la recogida tradicional de basura. Actualmente, s\u00f3lo un 6 por ciento del total de envases puestos en el mercado est\u00e1 fuera del SIG, que permite a 43,6 millones de personas participar en el sistema de recogidad cart\u00f3n y papel yu a 42,8 millones, en el de envases ligeros.<\/p>\n<p>Ecoticias<\/p>\n        <\/div>\n    <\/section>\n","protected":false},"excerpt":{"rendered":"","protected":false},"featured_media":0,"menu_order":0,"comment_status":"closed","ping_status":"closed","template":"","nivel-2":[],"nivel-5":[],"nivel-1":[],"nivel-3":[],"nivel-4":[],"class_list":["post-2315","new","type-new","status-publish","hentry"],"acf":[],"yoast_head":"<title>Espa\u00f1a recicla m\u00e1s de la mitad de los envases que consume y ya supera los objetivos marcados por la UE para 2008 Sala de prensa Ferrovial | \u00daltimas noticias<\/title>\n<meta name=\"description\" content=\"Sala de prensa Ferrovial | \u00daltimas noticias\" \/>\n<meta name=\"robots\" content=\"index, follow, max-snippet:-1, max-image-preview:large, max-video-preview:-1\" \/>\n<link rel=\"canonical\" href=\"https:\/\/newsroom.ferrovial.com\/es\/noticias\/espana-recicla-mas-de-la-mitad-de-los-envases-que-consume-y-ya-supera-los-objetivos-marcados-por-la-ue-para-2008\/\" \/>\n<meta property=\"og:locale\" content=\"es_ES\" \/>\n<meta property=\"og:type\" content=\"article\" \/>\n<meta property=\"og:title\" content=\"Espa\u00f1a recicla m\u00e1s de la mitad de los envases que consume y ya supera los objetivos marcados por la UE para 2008 Sala de prensa Ferrovial | \u00daltimas noticias\" \/>\n<meta property=\"og:description\" content=\"Sala de prensa Ferrovial | \u00daltimas noticias\" \/>\n<meta property=\"og:url\" content=\"https:\/\/newsroom.ferrovial.com\/es\/noticias\/espana-recicla-mas-de-la-mitad-de-los-envases-que-consume-y-ya-supera-los-objetivos-marcados-por-la-ue-para-2008\/\" \/>\n<meta property=\"og:site_name\" content=\"Sala de prensa Ferrovial | \u00daltimas noticias\" \/>\n<meta property=\"article:publisher\" content=\"https:\/\/www.facebook.com\/ferrovial\" \/>\n<meta property=\"article:modified_time\" content=\"2022-12-21T10:00:50+00:00\" \/>\n<meta name=\"twitter:card\" content=\"summary_large_image\" \/>\n<meta name=\"twitter:site\" content=\"@ferrovial\" \/>\n<script type=\"application\/ld+json\" class=\"yoast-schema-graph\">{\"@context\":\"https:\/\/schema.org\",\"@graph\":[{\"@type\":\"WebPage\",\"@id\":\"https:\/\/newsroom.ferrovial.com\/es\/noticias\/espana-recicla-mas-de-la-mitad-de-los-envases-que-consume-y-ya-supera-los-objetivos-marcados-por-la-ue-para-2008\/\",\"url\":\"https:\/\/newsroom.ferrovial.com\/es\/noticias\/espana-recicla-mas-de-la-mitad-de-los-envases-que-consume-y-ya-supera-los-objetivos-marcados-por-la-ue-para-2008\/\",\"name\":\"Espa\u00f1a recicla m\u00e1s de la mitad de los envases que consume y ya supera los objetivos marcados por la UE para 2008 Sala de prensa Ferrovial | \u00daltimas noticias\",\"isPartOf\":{\"@id\":\"https:\/\/newsroom.ferrovial.com\/es\/#website\"},\"datePublished\":\"2008-05-20T00:00:00+00:00\",\"dateModified\":\"2022-12-21T10:00:50+00:00\",\"description\":\"Sala de prensa Ferrovial | \u00daltimas noticias\",\"breadcrumb\":{\"@id\":\"https:\/\/newsroom.ferrovial.com\/es\/noticias\/espana-recicla-mas-de-la-mitad-de-los-envases-que-consume-y-ya-supera-los-objetivos-marcados-por-la-ue-para-2008\/#breadcrumb\"},\"inLanguage\":\"es\",\"potentialAction\":[{\"@type\":\"ReadAction\",\"target\":[\"https:\/\/newsroom.ferrovial.com\/es\/noticias\/espana-recicla-mas-de-la-mitad-de-los-envases-que-consume-y-ya-supera-los-objetivos-marcados-por-la-ue-para-2008\/\"]}]},{\"@type\":\"BreadcrumbList\",\"@id\":\"https:\/\/newsroom.ferrovial.com\/es\/noticias\/espana-recicla-mas-de-la-mitad-de-los-envases-que-consume-y-ya-supera-los-objetivos-marcados-por-la-ue-para-2008\/#breadcrumb\",\"itemListElement\":[{\"@type\":\"ListItem\",\"position\":1,\"name\":\"Portada\",\"item\":\"https:\/\/newsroom.ferrovial.com\/es\/\"},{\"@type\":\"ListItem\",\"position\":2,\"name\":\"Espa\u00f1a recicla m\u00e1s de la mitad de los envases que consume y ya supera los objetivos marcados por la UE para 2008\"}]},{\"@type\":\"WebSite\",\"@id\":\"https:\/\/newsroom.ferrovial.com\/es\/#website\",\"url\":\"https:\/\/newsroom.ferrovial.com\/es\/\",\"name\":\"Sala de prensa Ferrovial | \u00daltimas noticias\",\"description\":\"Sala de prensa Ferrovial | \u00daltimas noticias\",\"publisher\":{\"@id\":\"https:\/\/newsroom.ferrovial.com\/es\/#organization\"},\"potentialAction\":[{\"@type\":\"SearchAction\",\"target\":{\"@type\":\"EntryPoint\",\"urlTemplate\":\"https:\/\/newsroom.ferrovial.com\/es\/?s={search_term_string}\"},\"query-input\":{\"@type\":\"PropertyValueSpecification\",\"valueRequired\":true,\"valueName\":\"search_term_string\"}}],\"inLanguage\":\"es\"},{\"@type\":\"Organization\",\"@id\":\"https:\/\/newsroom.ferrovial.com\/es\/#organization\",\"name\":\"Ferrovial S.A.\",\"url\":\"https:\/\/newsroom.ferrovial.com\/es\/\",\"logo\":{\"@type\":\"ImageObject\",\"inLanguage\":\"es\",\"@id\":\"https:\/\/newsroom.ferrovial.com\/es\/#\/schema\/logo\/image\/\",\"url\":\"https:\/\/static.newsroom.ferrovial.com\/wp-content\/uploads\/2018\/07\/15145720\/Ferrovial_Logotipo1.jpg\",\"contentUrl\":\"https:\/\/static.newsroom.ferrovial.com\/wp-content\/uploads\/2018\/07\/15145720\/Ferrovial_Logotipo1.jpg\",\"width\":600,\"height\":300,\"caption\":\"Ferrovial S.A.\"},\"image\":{\"@id\":\"https:\/\/newsroom.ferrovial.com\/es\/#\/schema\/logo\/image\/\"},\"sameAs\":[\"https:\/\/www.facebook.com\/ferrovial\",\"https:\/\/x.com\/ferrovial\",\"https:\/\/www.instagram.com\/ferrovial\/\",\"https:\/\/www.linkedin.com\/company\/ferrovial\",\"https:\/\/www.pinterest.es\/ferrovial\/\",\"https:\/\/www.youtube.com\/ferrovial\",\"https:\/\/en.wikipedia.org\/wiki\/Ferrovial\"]}]}<\/script>","yoast_head_json":{"title":"Espa\u00f1a recicla m\u00e1s de la mitad de los envases que consume y ya supera los objetivos marcados por la UE para 2008 Sala de prensa Ferrovial | \u00daltimas noticias","description":"Sala de prensa Ferrovial | \u00daltimas noticias","robots":{"index":"index","follow":"follow","max-snippet":"max-snippet:-1","max-image-preview":"max-image-preview:large","max-video-preview":"max-video-preview:-1"},"canonical":"https:\/\/newsroom.ferrovial.com\/es\/noticias\/espana-recicla-mas-de-la-mitad-de-los-envases-que-consume-y-ya-supera-los-objetivos-marcados-por-la-ue-para-2008\/","og_locale":"es_ES","og_type":"article","og_title":"Espa\u00f1a recicla m\u00e1s de la mitad de los envases que consume y ya supera los objetivos marcados por la UE para 2008 Sala de prensa Ferrovial | \u00daltimas noticias","og_description":"Sala de prensa Ferrovial | \u00daltimas noticias","og_url":"https:\/\/newsroom.ferrovial.com\/es\/noticias\/espana-recicla-mas-de-la-mitad-de-los-envases-que-consume-y-ya-supera-los-objetivos-marcados-por-la-ue-para-2008\/","og_site_name":"Sala de prensa Ferrovial | \u00daltimas noticias","article_publisher":"https:\/\/www.facebook.com\/ferrovial","article_modified_time":"2022-12-21T10:00:50+00:00","twitter_card":"summary_large_image","twitter_site":"@ferrovial","schema":{"@context":"https:\/\/schema.org","@graph":[{"@type":"WebPage","@id":"https:\/\/newsroom.ferrovial.com\/es\/noticias\/espana-recicla-mas-de-la-mitad-de-los-envases-que-consume-y-ya-supera-los-objetivos-marcados-por-la-ue-para-2008\/","url":"https:\/\/newsroom.ferrovial.com\/es\/noticias\/espana-recicla-mas-de-la-mitad-de-los-envases-que-consume-y-ya-supera-los-objetivos-marcados-por-la-ue-para-2008\/","name":"Espa\u00f1a recicla m\u00e1s de la mitad de los envases que consume y ya supera los objetivos marcados por la UE para 2008 Sala de prensa Ferrovial | \u00daltimas noticias","isPartOf":{"@id":"https:\/\/newsroom.ferrovial.com\/es\/#website"},"datePublished":"2008-05-20T00:00:00+00:00","dateModified":"2022-12-21T10:00:50+00:00","description":"Sala de prensa Ferrovial | \u00daltimas noticias","breadcrumb":{"@id":"https:\/\/newsroom.ferrovial.com\/es\/noticias\/espana-recicla-mas-de-la-mitad-de-los-envases-que-consume-y-ya-supera-los-objetivos-marcados-por-la-ue-para-2008\/#breadcrumb"},"inLanguage":"es","potentialAction":[{"@type":"ReadAction","target":["https:\/\/newsroom.ferrovial.com\/es\/noticias\/espana-recicla-mas-de-la-mitad-de-los-envases-que-consume-y-ya-supera-los-objetivos-marcados-por-la-ue-para-2008\/"]}]},{"@type":"BreadcrumbList","@id":"https:\/\/newsroom.ferrovial.com\/es\/noticias\/espana-recicla-mas-de-la-mitad-de-los-envases-que-consume-y-ya-supera-los-objetivos-marcados-por-la-ue-para-2008\/#breadcrumb","itemListElement":[{"@type":"ListItem","position":1,"name":"Portada","item":"https:\/\/newsroom.ferrovial.com\/es\/"},{"@type":"ListItem","position":2,"name":"Espa\u00f1a recicla m\u00e1s de la mitad de los envases que consume y ya supera los objetivos marcados por la UE para 2008"}]},{"@type":"WebSite","@id":"https:\/\/newsroom.ferrovial.com\/es\/#website","url":"https:\/\/newsroom.ferrovial.com\/es\/","name":"Sala de prensa Ferrovial | \u00daltimas noticias","description":"Sala de prensa Ferrovial | \u00daltimas noticias","publisher":{"@id":"https:\/\/newsroom.ferrovial.com\/es\/#organization"},"potentialAction":[{"@type":"SearchAction","target":{"@type":"EntryPoint","urlTemplate":"https:\/\/newsroom.ferrovial.com\/es\/?s={search_term_string}"},"query-input":{"@type":"PropertyValueSpecification","valueRequired":true,"valueName":"search_term_string"}}],"inLanguage":"es"},{"@type":"Organization","@id":"https:\/\/newsroom.ferrovial.com\/es\/#organization","name":"Ferrovial S.A.","url":"https:\/\/newsroom.ferrovial.com\/es\/","logo":{"@type":"ImageObject","inLanguage":"es","@id":"https:\/\/newsroom.ferrovial.com\/es\/#\/schema\/logo\/image\/","url":"https:\/\/static.newsroom.ferrovial.com\/wp-content\/uploads\/2018\/07\/15145720\/Ferrovial_Logotipo1.jpg","contentUrl":"https:\/\/static.newsroom.ferrovial.com\/wp-content\/uploads\/2018\/07\/15145720\/Ferrovial_Logotipo1.jpg","width":600,"height":300,"caption":"Ferrovial S.A."},"image":{"@id":"https:\/\/newsroom.ferrovial.com\/es\/#\/schema\/logo\/image\/"},"sameAs":["https:\/\/www.facebook.com\/ferrovial","https:\/\/x.com\/ferrovial","https:\/\/www.instagram.com\/ferrovial\/","https:\/\/www.linkedin.com\/company\/ferrovial","https:\/\/www.pinterest.es\/ferrovial\/","https:\/\/www.youtube.com\/ferrovial","https:\/\/en.wikipedia.org\/wiki\/Ferrovial"]}]}},"_links":{"self":[{"href":"https:\/\/newsroom.ferrovial.com\/es\/wp-json\/wp\/v2\/new\/2315","targetHints":{"allow":["GET"]}}],"collection":[{"href":"https:\/\/newsroom.ferrovial.com\/es\/wp-json\/wp\/v2\/new"}],"about":[{"href":"https:\/\/newsroom.ferrovial.com\/es\/wp-json\/wp\/v2\/types\/new"}],"replies":[{"embeddable":true,"href":"https:\/\/newsroom.ferrovial.com\/es\/wp-json\/wp\/v2\/comments?post=2315"}],"version-history":[{"count":1,"href":"https:\/\/newsroom.ferrovial.com\/es\/wp-json\/wp\/v2\/new\/2315\/revisions"}],"predecessor-version":[{"id":118521,"href":"https:\/\/newsroom.ferrovial.com\/es\/wp-json\/wp\/v2\/new\/2315\/revisions\/118521"}],"wp:attachment":[{"href":"https:\/\/newsroom.ferrovial.com\/es\/wp-json\/wp\/v2\/media?parent=2315"}],"wp:term":[{"taxonomy":"nivel-2","embeddable":true,"href":"https:\/\/newsroom.ferrovial.com\/es\/wp-json\/wp\/v2\/nivel-2?post=2315"},{"taxonomy":"nivel-5","embeddable":true,"href":"https:\/\/newsroom.ferrovial.com\/es\/wp-json\/wp\/v2\/nivel-5?post=2315"},{"taxonomy":"nivel-1","embeddable":true,"href":"https:\/\/newsroom.ferrovial.com\/es\/wp-json\/wp\/v2\/nivel-1?post=2315"},{"taxonomy":"nivel-3","embeddable":true,"href":"https:\/\/newsroom.ferrovial.com\/es\/wp-json\/wp\/v2\/nivel-3?post=2315"},{"taxonomy":"nivel-4","embeddable":true,"href":"https:\/\/newsroom.ferrovial.com\/es\/wp-json\/wp\/v2\/nivel-4?post=2315"}],"curies":[{"name":"wp","href":"https:\/\/api.w.org\/{rel}","templated":true}]}}