{"id":2351,"date":"2013-09-30T00:00:00","date_gmt":"2013-09-30T00:00:00","guid":{"rendered":"https:\/\/newsroom.ferrovial.com\/news\/participamos-diferentes-foros-empleo-madrid\/"},"modified":"2022-12-21T10:19:52","modified_gmt":"2022-12-21T09:19:52","slug":"participamos-diferentes-foros-empleo-madrid","status":"publish","type":"new","link":"https:\/\/newsroom.ferrovial.com\/es\/noticias\/participamos-diferentes-foros-empleo-madrid\/","title":{"rendered":"Talento: participamos en diferentes foros de empleo en Madrid"},"content":{"rendered":"    <section class=\"wysiwyg text-editor \" id=\"\">\n        <div class=\"container container--narrow container--p-10\">\n            <p>La\u00a0incorporaci\u00f3n de <strong>talento<\/strong>\u00a0a nuestro equipo es un aspecto clave de nuestra pol\u00edtica de\u00a0<strong>Recursos Humanos<\/strong>. Por este motivo, a lo largo del a\u00f1o, y\u00a0<strong>con el fin de acercar la realidad de la empresa a estudiantes y profesionales<\/strong>, participamos en diversos eventos de Universidades y Escuelas de Negocio.<\/p>\n<p>Entre los diferentes perfiles en los que estamos interesados destacan las\u00a0<strong>titulaciones de Ingeniar\u00edas Superiores y T\u00e9cnicas<\/strong>,\u00a0<strong>Arquitectura T\u00e9cnica, ADE, Derecho<\/strong> o titulaciones similares. Tambi\u00e9n valoramos el dominio de idiomas, as\u00ed como la movilidad geogr\u00e1fica.<\/p>\n<p>Si est\u00e1s interesado en conocer nuestra organizaci\u00f3n y las oportunidades de carrera y desarrollo que puedes encontrar en Ferrovial, no dudes en acudir a alguno de los siguientes eventos:<\/p>\n<p><a title=\"Forempleo (en ventana nueva)\" href=\"http:\/\/www.forempleo.com\" target=\"_blank\">Forempleo<\/a>:\u00a0tendr\u00e1 lugar en la Universidad Carlos III. Avenida de la Universidad, 30, Edificio Sabatini. Legan\u00e9s. Los d\u00edas 2 y 3 de octubre de 10:00 &#8211; 18:00.<\/p>\n<p><a title=\"IE Business School Feria de Empleo 2013 (en ventana nueva)\" href=\"http:\/\/www.careers.ie.edu\/foro-empleo\/WF_Foro.aspx\" target=\"_blank\">IE Business School Feria de Empleo 2013<\/a>:\u00a0Campus IE Calle Pinar, 18 &#8211; Serrano, 99. D\u00eda 8 de octubre de 10:00 &#8211; 18:00.<\/p>\n<p><a title=\"VII Foro de Empleo 3 Universidades (en ventana nueva)\" href=\"http:\/\/www.forodeempleo3u.com\/\" target=\"_blank\">VII Foro de Empleo 3 Universidades<\/a>: UCM, UPM y UNED. Campus Ciudad Universitaria de Madrid, Avenida Complutense s\/n. Los d\u00edas 15 &#8211; 16 de octubre de 10:00 &#8211; 18:00.<\/p>\n<p>XIV Foro Comillas de Empleo:\u00a0Alberto Aguilera, 23 (patios este y oeste).\u00a0Los d\u00eda 23 y 24 de octubre de 09:30 &#8211; 18:30.<\/p>\n        <\/div>\n    <\/section>\n","protected":false},"excerpt":{"rendered":"","protected":false},"featured_media":2352,"menu_order":0,"comment_status":"closed","ping_status":"closed","template":"","nivel-2":[972,1019,1904,2242],"nivel-5":[1902],"nivel-1":[],"nivel-3":[1258],"nivel-4":[1809],"class_list":["post-2351","new","type-new","status-publish","has-post-thumbnail","hentry","nivel-2-eventos","nivel-2-personas-y-equipo","nivel-2-recursos-humanos","nivel-2-talento","nivel-5-ferrovial","nivel-3-espana","nivel-4-madrid"],"acf":[],"yoast_head":"<title>Talento: participamos en diferentes foros de empleo en Madrid Sala de prensa Ferrovial | \u00daltimas noticias<\/title>\n<meta name=\"description\" content=\"Sala de prensa Ferrovial | \u00daltimas noticias\" \/>\n<meta name=\"robots\" content=\"index, follow, max-snippet:-1, max-image-preview:large, max-video-preview:-1\" \/>\n<link rel=\"canonical\" href=\"https:\/\/newsroom.ferrovial.com\/es\/noticias\/participamos-diferentes-foros-empleo-madrid\/\" \/>\n<meta property=\"og:locale\" content=\"es_ES\" \/>\n<meta property=\"og:type\" content=\"article\" \/>\n<meta property=\"og:title\" content=\"Talento: participamos en diferentes foros de empleo en Madrid Sala de prensa Ferrovial | \u00daltimas noticias\" \/>\n<meta property=\"og:description\" content=\"Sala de prensa Ferrovial | \u00daltimas noticias\" \/>\n<meta property=\"og:url\" content=\"https:\/\/newsroom.ferrovial.com\/es\/noticias\/participamos-diferentes-foros-empleo-madrid\/\" \/>\n<meta property=\"og:site_name\" content=\"Sala de prensa Ferrovial | \u00daltimas noticias\" \/>\n<meta property=\"article:publisher\" content=\"https:\/\/www.facebook.com\/ferrovial\" \/>\n<meta property=\"article:modified_time\" content=\"2022-12-21T09:19:52+00:00\" \/>\n<meta property=\"og:image\" content=\"https:\/\/newsroom.ferrovial.com\/wp-content\/uploads\/sites\/4\/2018\/07\/Ferrovial-foros-empleo.jpg\" \/>\n\t<meta property=\"og:image:width\" content=\"695\" \/>\n\t<meta property=\"og:image:height\" content=\"400\" \/>\n\t<meta property=\"og:image:type\" content=\"image\/jpeg\" \/>\n<meta name=\"twitter:card\" content=\"summary_large_image\" \/>\n<meta name=\"twitter:site\" content=\"@ferrovial\" \/>\n<script type=\"application\/ld+json\" class=\"yoast-schema-graph\">{\"@context\":\"https:\/\/schema.org\",\"@graph\":[{\"@type\":\"WebPage\",\"@id\":\"https:\/\/newsroom.ferrovial.com\/es\/noticias\/participamos-diferentes-foros-empleo-madrid\/\",\"url\":\"https:\/\/newsroom.ferrovial.com\/es\/noticias\/participamos-diferentes-foros-empleo-madrid\/\",\"name\":\"Talento: participamos en diferentes foros de empleo en Madrid Sala de prensa Ferrovial | \u00daltimas noticias\",\"isPartOf\":{\"@id\":\"https:\/\/newsroom.ferrovial.com\/es\/#website\"},\"primaryImageOfPage\":{\"@id\":\"https:\/\/newsroom.ferrovial.com\/es\/noticias\/participamos-diferentes-foros-empleo-madrid\/#primaryimage\"},\"image\":{\"@id\":\"https:\/\/newsroom.ferrovial.com\/es\/noticias\/participamos-diferentes-foros-empleo-madrid\/#primaryimage\"},\"thumbnailUrl\":\"https:\/\/static.newsroom.ferrovial.com\/wp-content\/uploads\/2018\/07\/15154119\/Ferrovial-foros-empleo.jpg\",\"datePublished\":\"2013-09-30T00:00:00+00:00\",\"dateModified\":\"2022-12-21T09:19:52+00:00\",\"description\":\"Sala de prensa Ferrovial | \u00daltimas noticias\",\"breadcrumb\":{\"@id\":\"https:\/\/newsroom.ferrovial.com\/es\/noticias\/participamos-diferentes-foros-empleo-madrid\/#breadcrumb\"},\"inLanguage\":\"es\",\"potentialAction\":[{\"@type\":\"ReadAction\",\"target\":[\"https:\/\/newsroom.ferrovial.com\/es\/noticias\/participamos-diferentes-foros-empleo-madrid\/\"]}]},{\"@type\":\"ImageObject\",\"inLanguage\":\"es\",\"@id\":\"https:\/\/newsroom.ferrovial.com\/es\/noticias\/participamos-diferentes-foros-empleo-madrid\/#primaryimage\",\"url\":\"https:\/\/static.newsroom.ferrovial.com\/wp-content\/uploads\/2018\/07\/15154119\/Ferrovial-foros-empleo.jpg\",\"contentUrl\":\"https:\/\/static.newsroom.ferrovial.com\/wp-content\/uploads\/2018\/07\/15154119\/Ferrovial-foros-empleo.jpg\",\"width\":695,\"height\":400,\"caption\":\"Ferrovial foros empleo\"},{\"@type\":\"BreadcrumbList\",\"@id\":\"https:\/\/newsroom.ferrovial.com\/es\/noticias\/participamos-diferentes-foros-empleo-madrid\/#breadcrumb\",\"itemListElement\":[{\"@type\":\"ListItem\",\"position\":1,\"name\":\"Portada\",\"item\":\"https:\/\/newsroom.ferrovial.com\/es\/\"},{\"@type\":\"ListItem\",\"position\":2,\"name\":\"Talento: participamos en diferentes foros de empleo en Madrid\"}]},{\"@type\":\"WebSite\",\"@id\":\"https:\/\/newsroom.ferrovial.com\/es\/#website\",\"url\":\"https:\/\/newsroom.ferrovial.com\/es\/\",\"name\":\"Sala de prensa Ferrovial | \u00daltimas noticias\",\"description\":\"Sala de prensa Ferrovial | \u00daltimas noticias\",\"publisher\":{\"@id\":\"https:\/\/newsroom.ferrovial.com\/es\/#organization\"},\"potentialAction\":[{\"@type\":\"SearchAction\",\"target\":{\"@type\":\"EntryPoint\",\"urlTemplate\":\"https:\/\/newsroom.ferrovial.com\/es\/?s={search_term_string}\"},\"query-input\":{\"@type\":\"PropertyValueSpecification\",\"valueRequired\":true,\"valueName\":\"search_term_string\"}}],\"inLanguage\":\"es\"},{\"@type\":\"Organization\",\"@id\":\"https:\/\/newsroom.ferrovial.com\/es\/#organization\",\"name\":\"Ferrovial S.A.\",\"url\":\"https:\/\/newsroom.ferrovial.com\/es\/\",\"logo\":{\"@type\":\"ImageObject\",\"inLanguage\":\"es\",\"@id\":\"https:\/\/newsroom.ferrovial.com\/es\/#\/schema\/logo\/image\/\",\"url\":\"https:\/\/static.newsroom.ferrovial.com\/wp-content\/uploads\/2018\/07\/15145720\/Ferrovial_Logotipo1.jpg\",\"contentUrl\":\"https:\/\/static.newsroom.ferrovial.com\/wp-content\/uploads\/2018\/07\/15145720\/Ferrovial_Logotipo1.jpg\",\"width\":600,\"height\":300,\"caption\":\"Ferrovial S.A.\"},\"image\":{\"@id\":\"https:\/\/newsroom.ferrovial.com\/es\/#\/schema\/logo\/image\/\"},\"sameAs\":[\"https:\/\/www.facebook.com\/ferrovial\",\"https:\/\/x.com\/ferrovial\",\"https:\/\/www.instagram.com\/ferrovial\/\",\"https:\/\/www.linkedin.com\/company\/ferrovial\",\"https:\/\/www.pinterest.es\/ferrovial\/\",\"https:\/\/www.youtube.com\/ferrovial\",\"https:\/\/en.wikipedia.org\/wiki\/Ferrovial\"]}]}<\/script>","yoast_head_json":{"title":"Talento: participamos en diferentes foros de empleo en Madrid Sala de prensa Ferrovial | \u00daltimas noticias","description":"Sala de prensa Ferrovial | \u00daltimas noticias","robots":{"index":"index","follow":"follow","max-snippet":"max-snippet:-1","max-image-preview":"max-image-preview:large","max-video-preview":"max-video-preview:-1"},"canonical":"https:\/\/newsroom.ferrovial.com\/es\/noticias\/participamos-diferentes-foros-empleo-madrid\/","og_locale":"es_ES","og_type":"article","og_title":"Talento: participamos en diferentes foros de empleo en Madrid Sala de prensa Ferrovial | \u00daltimas noticias","og_description":"Sala de prensa Ferrovial | \u00daltimas noticias","og_url":"https:\/\/newsroom.ferrovial.com\/es\/noticias\/participamos-diferentes-foros-empleo-madrid\/","og_site_name":"Sala de prensa Ferrovial | \u00daltimas noticias","article_publisher":"https:\/\/www.facebook.com\/ferrovial","article_modified_time":"2022-12-21T09:19:52+00:00","og_image":[{"width":695,"height":400,"url":"https:\/\/newsroom.ferrovial.com\/wp-content\/uploads\/sites\/4\/2018\/07\/Ferrovial-foros-empleo.jpg","type":"image\/jpeg"}],"twitter_card":"summary_large_image","twitter_site":"@ferrovial","schema":{"@context":"https:\/\/schema.org","@graph":[{"@type":"WebPage","@id":"https:\/\/newsroom.ferrovial.com\/es\/noticias\/participamos-diferentes-foros-empleo-madrid\/","url":"https:\/\/newsroom.ferrovial.com\/es\/noticias\/participamos-diferentes-foros-empleo-madrid\/","name":"Talento: participamos en diferentes foros de empleo en Madrid Sala de prensa Ferrovial | \u00daltimas noticias","isPartOf":{"@id":"https:\/\/newsroom.ferrovial.com\/es\/#website"},"primaryImageOfPage":{"@id":"https:\/\/newsroom.ferrovial.com\/es\/noticias\/participamos-diferentes-foros-empleo-madrid\/#primaryimage"},"image":{"@id":"https:\/\/newsroom.ferrovial.com\/es\/noticias\/participamos-diferentes-foros-empleo-madrid\/#primaryimage"},"thumbnailUrl":"https:\/\/static.newsroom.ferrovial.com\/wp-content\/uploads\/2018\/07\/15154119\/Ferrovial-foros-empleo.jpg","datePublished":"2013-09-30T00:00:00+00:00","dateModified":"2022-12-21T09:19:52+00:00","description":"Sala de prensa Ferrovial | \u00daltimas noticias","breadcrumb":{"@id":"https:\/\/newsroom.ferrovial.com\/es\/noticias\/participamos-diferentes-foros-empleo-madrid\/#breadcrumb"},"inLanguage":"es","potentialAction":[{"@type":"ReadAction","target":["https:\/\/newsroom.ferrovial.com\/es\/noticias\/participamos-diferentes-foros-empleo-madrid\/"]}]},{"@type":"ImageObject","inLanguage":"es","@id":"https:\/\/newsroom.ferrovial.com\/es\/noticias\/participamos-diferentes-foros-empleo-madrid\/#primaryimage","url":"https:\/\/static.newsroom.ferrovial.com\/wp-content\/uploads\/2018\/07\/15154119\/Ferrovial-foros-empleo.jpg","contentUrl":"https:\/\/static.newsroom.ferrovial.com\/wp-content\/uploads\/2018\/07\/15154119\/Ferrovial-foros-empleo.jpg","width":695,"height":400,"caption":"Ferrovial foros empleo"},{"@type":"BreadcrumbList","@id":"https:\/\/newsroom.ferrovial.com\/es\/noticias\/participamos-diferentes-foros-empleo-madrid\/#breadcrumb","itemListElement":[{"@type":"ListItem","position":1,"name":"Portada","item":"https:\/\/newsroom.ferrovial.com\/es\/"},{"@type":"ListItem","position":2,"name":"Talento: participamos en diferentes foros de empleo en Madrid"}]},{"@type":"WebSite","@id":"https:\/\/newsroom.ferrovial.com\/es\/#website","url":"https:\/\/newsroom.ferrovial.com\/es\/","name":"Sala de prensa Ferrovial | \u00daltimas noticias","description":"Sala de prensa Ferrovial | \u00daltimas noticias","publisher":{"@id":"https:\/\/newsroom.ferrovial.com\/es\/#organization"},"potentialAction":[{"@type":"SearchAction","target":{"@type":"EntryPoint","urlTemplate":"https:\/\/newsroom.ferrovial.com\/es\/?s={search_term_string}"},"query-input":{"@type":"PropertyValueSpecification","valueRequired":true,"valueName":"search_term_string"}}],"inLanguage":"es"},{"@type":"Organization","@id":"https:\/\/newsroom.ferrovial.com\/es\/#organization","name":"Ferrovial S.A.","url":"https:\/\/newsroom.ferrovial.com\/es\/","logo":{"@type":"ImageObject","inLanguage":"es","@id":"https:\/\/newsroom.ferrovial.com\/es\/#\/schema\/logo\/image\/","url":"https:\/\/static.newsroom.ferrovial.com\/wp-content\/uploads\/2018\/07\/15145720\/Ferrovial_Logotipo1.jpg","contentUrl":"https:\/\/static.newsroom.ferrovial.com\/wp-content\/uploads\/2018\/07\/15145720\/Ferrovial_Logotipo1.jpg","width":600,"height":300,"caption":"Ferrovial S.A."},"image":{"@id":"https:\/\/newsroom.ferrovial.com\/es\/#\/schema\/logo\/image\/"},"sameAs":["https:\/\/www.facebook.com\/ferrovial","https:\/\/x.com\/ferrovial","https:\/\/www.instagram.com\/ferrovial\/","https:\/\/www.linkedin.com\/company\/ferrovial","https:\/\/www.pinterest.es\/ferrovial\/","https:\/\/www.youtube.com\/ferrovial","https:\/\/en.wikipedia.org\/wiki\/Ferrovial"]}]}},"_links":{"self":[{"href":"https:\/\/newsroom.ferrovial.com\/es\/wp-json\/wp\/v2\/new\/2351","targetHints":{"allow":["GET"]}}],"collection":[{"href":"https:\/\/newsroom.ferrovial.com\/es\/wp-json\/wp\/v2\/new"}],"about":[{"href":"https:\/\/newsroom.ferrovial.com\/es\/wp-json\/wp\/v2\/types\/new"}],"replies":[{"embeddable":true,"href":"https:\/\/newsroom.ferrovial.com\/es\/wp-json\/wp\/v2\/comments?post=2351"}],"version-history":[{"count":1,"href":"https:\/\/newsroom.ferrovial.com\/es\/wp-json\/wp\/v2\/new\/2351\/revisions"}],"predecessor-version":[{"id":117895,"href":"https:\/\/newsroom.ferrovial.com\/es\/wp-json\/wp\/v2\/new\/2351\/revisions\/117895"}],"wp:featuredmedia":[{"embeddable":true,"href":"https:\/\/newsroom.ferrovial.com\/es\/wp-json\/wp\/v2\/media\/2352"}],"wp:attachment":[{"href":"https:\/\/newsroom.ferrovial.com\/es\/wp-json\/wp\/v2\/media?parent=2351"}],"wp:term":[{"taxonomy":"nivel-2","embeddable":true,"href":"https:\/\/newsroom.ferrovial.com\/es\/wp-json\/wp\/v2\/nivel-2?post=2351"},{"taxonomy":"nivel-5","embeddable":true,"href":"https:\/\/newsroom.ferrovial.com\/es\/wp-json\/wp\/v2\/nivel-5?post=2351"},{"taxonomy":"nivel-1","embeddable":true,"href":"https:\/\/newsroom.ferrovial.com\/es\/wp-json\/wp\/v2\/nivel-1?post=2351"},{"taxonomy":"nivel-3","embeddable":true,"href":"https:\/\/newsroom.ferrovial.com\/es\/wp-json\/wp\/v2\/nivel-3?post=2351"},{"taxonomy":"nivel-4","embeddable":true,"href":"https:\/\/newsroom.ferrovial.com\/es\/wp-json\/wp\/v2\/nivel-4?post=2351"}],"curies":[{"name":"wp","href":"https:\/\/api.w.org\/{rel}","templated":true}]}}