{"id":2388,"date":"2008-04-01T00:00:00","date_gmt":"2008-04-01T00:00:00","guid":{"rendered":"https:\/\/newsroom.ferrovial.com\/news\/inditex-lider-por-primera-vez-en-el-monitor-de-reputacion-corporativa-merco-2008-desplazando-a-el-corte-ingles\/"},"modified":"2022-12-21T11:04:10","modified_gmt":"2022-12-21T10:04:10","slug":"inditex-lider-por-primera-vez-en-el-monitor-de-reputacion-corporativa-merco-2008-desplazando-a-el-corte-ingles","status":"publish","type":"new","link":"https:\/\/newsroom.ferrovial.com\/es\/noticias\/inditex-lider-por-primera-vez-en-el-monitor-de-reputacion-corporativa-merco-2008-desplazando-a-el-corte-ingles\/","title":{"rendered":"Inditex l\u00edder por primera vez en el Monitor de Reputaci\u00f3n Corporativa (MERCO) 2008 desplazando a El Corte Ingl\u00e9s"},"content":{"rendered":"    <section class=\"wysiwyg text-editor \" id=\"\">\n        <div class=\"container container--narrow container--p-10\">\n            <p>La compa\u00f1\u00eda textil <strong>Inditex<\/strong> desplaz\u00f3 hoy por primera vez a <strong>El Corte Ingl\u00e9s<\/strong> como l\u00edder del ranking <strong>MERCO 2008<\/strong> (Monitor de Reputaci\u00f3n Corporativa &#8211;presentado esta ma\u00f1ana por uno de sus autores, Justo Villafa\u00f1e, de Villafa\u00f1e y Asociados&#8211; y tras ocho a\u00f1os ocupando el primer puesto de esta lista de las 100 empresas con mejor reputaci\u00f3n. Los resultados del <strong>MERCO<\/strong> <strong>Empresas<\/strong> se corresponden con el <strong>MERCO Personas<\/strong>, que tambi\u00e9n apuntan al presidente de la compa\u00f1\u00eda, Amancio Ortega, como el l\u00edder empresarial con mejor reputaci\u00f3n &#8211;en esta ocasi\u00f3n, por sexto a\u00f1o consecutivo&#8211;. El segundo puesto en esta lista es para <strong>Telef\u00f3nica<\/strong>, <strong>El Corte Ingl\u00e9s<\/strong>, que este a\u00f1o pasa a la tercera posici\u00f3n, y <strong>Repsol YPF<\/strong>. A estas empresas les sigue <strong>Santander<\/strong>, <strong>La <\/strong><strong>Caixa<\/strong>, <strong>BBVA<\/strong>, <strong>Iberdola<\/strong>, <strong>Mercadona<\/strong> y <strong>Acciona<\/strong>, cerrando el<br \/>\n<strong>&#8216;Top Ten&#8217;<\/strong>. Siguen a este este &#8216;Top Ten&#8217;, <strong>Caja Madrid<\/strong>, en el puesto n\u00famero 11, <strong>Ferrovial<\/strong>, <strong>Mapfre<\/strong>, <strong>Vodafone<\/strong> y finalmente <strong>Bankinter<\/strong>, en el puesto 15. Para realizar este r\u00e1nking &#8211;presentado en el <strong>Caixa Forum<\/strong> de Madrid junto al <strong>Club de Excelencia en Sostenibilidad<\/strong>&#8212; se consult\u00f3 a un total de 1.215 directivos de empresas que respondieron a un cuestionario, cinco muestras de expertos que evaluaron a las 100 empresas <strong>MERCO<\/strong>, 107 analistas que valoraron los resultados financieros de las compa\u00f1\u00edas, 103 responsables de <strong><strong>ONG<\/strong><\/strong> que analizaron la<br \/>\n<strong>RSC<\/strong> de las empresas, 85 miembros de sindicatos encargados de valorar la calidad laboral, 78 dirigentes de asociaciones de consumidores centrados en la calidad, y 55 l\u00edderes de opini\u00f3n. Seg\u00fan explic\u00f3 Justo Villafa\u00f1e, en el <strong>MERCO<\/strong> aparecen las 100 mejores empresas por su reputaci\u00f3n, pero \u00e9ste es un ranking formado por \u00abcientos de buenas compa\u00f1\u00edas\u00bb &#8211;en la lista hay unas 650 y 625 directivos&#8211;, aunque s\u00f3lo se publican las 100 primeras. En esta edici\u00f3n las dos variables que mayor peso han tenido a la hora de evaluar a las compa\u00f1\u00edas han sido la calidad, y la \u00e9tica y la responsabilidad social. Le siguen los resultados econ\u00f3mico-financieros, la reputaci\u00f3n interna y la innovaci\u00f3n.<\/p>\n<p>Villafa\u00f1e &#8211;que estuvo acompa\u00f1ado durante la presentaci\u00f3n por el presidente y el secretario general del <strong>Club de Excelencia en Sostenibilidad<\/strong>, Eduardo Montes y Juan Alfaro&#8211;, explic\u00f3 tambi\u00e9n que este es el a\u00f1o \u00abcon m\u00e1s cambios\u00bb, aunque sigue primando la tendencia de estabilidad que siempre ha caracterizado al <strong>MERCO<\/strong>. \u00abNo hay que olvidar que la reputaci\u00f3n es un valor mucho m\u00e1s estable que la imagen\u00bb, asever\u00f3. Adem\u00e1s de que <strong>Inditex<\/strong> sustituye por primera vez a la compa\u00f1\u00eda presidida por Isidoro \u00c1lvares, s\u00f3lo dos de las diez compa\u00f1\u00edas del &#8216;Top Ten&#8217; repiten posici\u00f3n (Repsol YPF, en el cuarto puesto e Iberdola en el octavo. La prueba m\u00e1s clara de que la estabilidad es lo que prima en este ranking, Villafa\u00f1e record\u00f3 que durante sus ocho a\u00f1os de vida tan s\u00f3lo ha habido 18 empresas en el &#8216;Top Ten&#8217; y la primera siempre ha sido, hasta este a\u00f1o,<strong>El Corte Ingl\u00e9s<\/strong>. La novedad esta edici\u00f3n es que pasan a los diez primeros puestos dos empresas nuevas: Mercadona y Acciona, en los puestos 9 y 10 respectivamente y que en 2007 ocuparon los puestos 11 y 15; todo ello muestra de que la reputaci\u00f3n \u00abes un valor estable, pero no inmutable\u00bb. Por sectores, el de mejor reputaci\u00f3n contin\u00faa siendo este a\u00f1o el financiero, con 13 bancos y cajas de ahorros entre las 100 mejores empresas. Le sigue el sector alimenticio, el tecnol\u00f3gico y el energ\u00e9tico. Por grupos de opini\u00f3n, para los analistas financieros las mejores empresas de 2008 son <strong>Santander, Telef\u00f3nica y BBVA<\/strong>; para las asociaciones de consumidores <strong>Nestl\u00e9, Mercadona y El Corte Ingl\u00e9s<\/strong> y para las <strong><strong>ONG<\/strong><\/strong>, <strong>ONCE, Caja Navarra y Caja Madrid<\/strong>. Los sindicatos se inclinan por <strong>Google, ING y La Caixa<\/strong>.<\/p>\n<p><strong>\u00a0ASCENSOS M\u00c1S NOTABLES<\/strong><\/p>\n<p>Las escaladas de puntos m\u00e1s notables las protagonizan este a\u00f1o seis compa\u00f1\u00edas, que ascienden, en algunos casos, hasta 20 posiciones. Se trata de <strong>Google<\/strong>, que pasa del puesto 90 en 2007 al 53 este a\u00f1o, <strong>Caja Navarra<\/strong> &#8211;pasa de no estar en el &#8216;Top 100&#8217; al puesto 66&#8211;, <strong>Sol Meli\u00e1<\/strong>, que se hace con el puesto 71 desde el 97 del a\u00f1o anterior, <strong>Procter &amp; Gamble<\/strong> (del 84 al 59) y <strong>Zelt\u00eda<\/strong>, que pasa del puesto 98 al 74. Adem\u00e1s de Caja Navarra, este a\u00f1o se han producido diez nuevas incorporaciones: <strong>Ernst&amp;Young<\/strong>, que ocupa el puesto 83 en el <strong>MERCO 2008<\/strong>, <strong>Allianz<\/strong>, que se queda en el 85, <strong>Grupo Siro<\/strong>, que entra en el puesto 87, <strong>Vips<\/strong>, que ocupa el 90, <strong>Globalia<\/strong>, que se queda en el 92, <strong>Cemex<\/strong>, que se &#8216;cuela&#8217; en el puesto 94 y <strong>Alsa, Kutxa y Altadis<\/strong>, que cierran el ranking (puestos 98, 99 y 100, respectivamente, pero que el pasado a\u00f1o no estaban en el MERCO. Tambi\u00e9n una decena de empresas que formaban parte de \u00e9l el a\u00f1o pasado han salido de la lista. Para la reputaci\u00f3n de la empresa, \u00abla reputaci\u00f3n del l\u00edder es clave\u00bb, defendi\u00f3 Villafa\u00f1e, que tambi\u00e9n present\u00f3 el ranking de l\u00edderes empresariales encabezado por sexto a\u00f1o consecutivo por <strong>Amancio Ortega<\/strong>. Le siguen <strong>Emilio Bot\u00edn<\/strong> (Santander), <strong>C\u00e9sar Alierta<\/strong> (Telef\u00f3nica), <strong>Isidoro \u00c1lvares<\/strong> (El Corte Ingl\u00e9s),<br \/>\n<strong>Antonio Brufau<\/strong> (Repsol YPF), <strong>Francisco Gonz\u00e1lez<\/strong> (BBVA), <strong>Ignacio S\u00e1nchez Gal\u00e1n<\/strong> (Iberdola), <strong>Isidre Fain\u00e9<\/strong> (La Caixa), <strong>Juan Roig<\/strong> (Mercadona) y la \u00fanica mujer del &#8216;Top Ten&#8217; de presidentes de empresas: <strong>Amparo Moraleda<\/strong>, de IBM, en el d\u00e9cimo puesto. \u00abLamentablemente no crece el n\u00famero de mujeres ejecutivas en este ranking\u00bb, explic\u00f3 Villafa\u00f1e, que se\u00f1al\u00f3 que el lado femenino est\u00e1 liderado por Moraleda, a la que sigue <strong>Ana Patricia Bot\u00edn<\/strong>, de Banesto, <strong>Esther Koplovitz<\/strong> &#8211;que escala 27 posiciones&#8211;, <strong>Rosa Mar\u00eda Garc\u00eda<\/strong>, de Microsoft, e <strong>Isabel Aguilera<\/strong>, de Google. Todas ellas se encuentran entre los puestos 10 y 49. De los directivos se valor\u00f3 la visi\u00f3n estrat\u00e9gica, la visi\u00f3n comercial, ser buen comunicador, la \u00e9tica y la <strong><strong>RSC<\/strong><\/strong>, ser innovador, la proyecci\u00f3n internacional y ser aglutinador de equipos, por este orden. Finalmente, Villafa\u00f1e anunci\u00f3 que <strong>MERCO<\/strong> va a realizar trimestralmente un estudio &#8216;tracking&#8217; de reputaci\u00f3n que se integrar\u00e1 anualmente en el <strong>MERCO Empresas<\/strong> y que contar\u00e1 con cuatro &#8216;oleadas&#8217; anuales de 10.000 encuestas a representantes de 20 sectores de consumo (analistas, clientes, trabajadores, l\u00edderes de opini\u00f3n), Tercer Sector y asociaciones de consumidores. El primero de ellos corresponder\u00e1 al segundo trimestres de 2008 y se distribuir\u00e1 por suscripci\u00f3n a partir del 15 de junio.<\/p>\n        <\/div>\n    <\/section>\n","protected":false},"excerpt":{"rendered":"","protected":false},"featured_media":0,"menu_order":0,"comment_status":"closed","ping_status":"closed","template":"","nivel-2":[936],"nivel-5":[],"nivel-1":[],"nivel-3":[],"nivel-4":[],"class_list":["post-2388","new","type-new","status-publish","hentry","nivel-2-conservacion-del-medio-ambiente"],"acf":[],"yoast_head":"<title>Inditex l\u00edder por primera vez en el Monitor de Reputaci\u00f3n Corporativa (MERCO) 2008 desplazando a El Corte Ingl\u00e9s Sala de prensa Ferrovial | \u00daltimas noticias<\/title>\n<meta name=\"description\" content=\"Sala de prensa Ferrovial | \u00daltimas noticias\" \/>\n<meta name=\"robots\" content=\"index, follow, max-snippet:-1, max-image-preview:large, max-video-preview:-1\" \/>\n<link rel=\"canonical\" href=\"https:\/\/newsroom.ferrovial.com\/es\/noticias\/inditex-lider-por-primera-vez-en-el-monitor-de-reputacion-corporativa-merco-2008-desplazando-a-el-corte-ingles\/\" \/>\n<meta property=\"og:locale\" content=\"es_ES\" \/>\n<meta property=\"og:type\" content=\"article\" \/>\n<meta property=\"og:title\" content=\"Inditex l\u00edder por primera vez en el Monitor de Reputaci\u00f3n Corporativa (MERCO) 2008 desplazando a El Corte Ingl\u00e9s Sala de prensa Ferrovial | \u00daltimas noticias\" \/>\n<meta property=\"og:description\" content=\"Sala de prensa Ferrovial | \u00daltimas noticias\" \/>\n<meta property=\"og:url\" content=\"https:\/\/newsroom.ferrovial.com\/es\/noticias\/inditex-lider-por-primera-vez-en-el-monitor-de-reputacion-corporativa-merco-2008-desplazando-a-el-corte-ingles\/\" \/>\n<meta property=\"og:site_name\" content=\"Sala de prensa Ferrovial | \u00daltimas noticias\" \/>\n<meta property=\"article:publisher\" content=\"https:\/\/www.facebook.com\/ferrovial\" \/>\n<meta property=\"article:modified_time\" content=\"2022-12-21T10:04:10+00:00\" \/>\n<meta name=\"twitter:card\" content=\"summary_large_image\" \/>\n<meta name=\"twitter:site\" content=\"@ferrovial\" \/>\n<script type=\"application\/ld+json\" class=\"yoast-schema-graph\">{\"@context\":\"https:\/\/schema.org\",\"@graph\":[{\"@type\":\"WebPage\",\"@id\":\"https:\/\/newsroom.ferrovial.com\/es\/noticias\/inditex-lider-por-primera-vez-en-el-monitor-de-reputacion-corporativa-merco-2008-desplazando-a-el-corte-ingles\/\",\"url\":\"https:\/\/newsroom.ferrovial.com\/es\/noticias\/inditex-lider-por-primera-vez-en-el-monitor-de-reputacion-corporativa-merco-2008-desplazando-a-el-corte-ingles\/\",\"name\":\"Inditex l\u00edder por primera vez en el Monitor de Reputaci\u00f3n Corporativa (MERCO) 2008 desplazando a El Corte Ingl\u00e9s Sala de prensa Ferrovial | \u00daltimas noticias\",\"isPartOf\":{\"@id\":\"https:\/\/newsroom.ferrovial.com\/es\/#website\"},\"datePublished\":\"2008-04-01T00:00:00+00:00\",\"dateModified\":\"2022-12-21T10:04:10+00:00\",\"description\":\"Sala de prensa Ferrovial | \u00daltimas noticias\",\"breadcrumb\":{\"@id\":\"https:\/\/newsroom.ferrovial.com\/es\/noticias\/inditex-lider-por-primera-vez-en-el-monitor-de-reputacion-corporativa-merco-2008-desplazando-a-el-corte-ingles\/#breadcrumb\"},\"inLanguage\":\"es\",\"potentialAction\":[{\"@type\":\"ReadAction\",\"target\":[\"https:\/\/newsroom.ferrovial.com\/es\/noticias\/inditex-lider-por-primera-vez-en-el-monitor-de-reputacion-corporativa-merco-2008-desplazando-a-el-corte-ingles\/\"]}]},{\"@type\":\"BreadcrumbList\",\"@id\":\"https:\/\/newsroom.ferrovial.com\/es\/noticias\/inditex-lider-por-primera-vez-en-el-monitor-de-reputacion-corporativa-merco-2008-desplazando-a-el-corte-ingles\/#breadcrumb\",\"itemListElement\":[{\"@type\":\"ListItem\",\"position\":1,\"name\":\"Portada\",\"item\":\"https:\/\/newsroom.ferrovial.com\/es\/\"},{\"@type\":\"ListItem\",\"position\":2,\"name\":\"Inditex l\u00edder por primera vez en el Monitor de Reputaci\u00f3n Corporativa (MERCO) 2008 desplazando a El Corte Ingl\u00e9s\"}]},{\"@type\":\"WebSite\",\"@id\":\"https:\/\/newsroom.ferrovial.com\/es\/#website\",\"url\":\"https:\/\/newsroom.ferrovial.com\/es\/\",\"name\":\"Sala de prensa Ferrovial | \u00daltimas noticias\",\"description\":\"Sala de prensa Ferrovial | \u00daltimas noticias\",\"publisher\":{\"@id\":\"https:\/\/newsroom.ferrovial.com\/es\/#organization\"},\"potentialAction\":[{\"@type\":\"SearchAction\",\"target\":{\"@type\":\"EntryPoint\",\"urlTemplate\":\"https:\/\/newsroom.ferrovial.com\/es\/?s={search_term_string}\"},\"query-input\":{\"@type\":\"PropertyValueSpecification\",\"valueRequired\":true,\"valueName\":\"search_term_string\"}}],\"inLanguage\":\"es\"},{\"@type\":\"Organization\",\"@id\":\"https:\/\/newsroom.ferrovial.com\/es\/#organization\",\"name\":\"Ferrovial S.A.\",\"url\":\"https:\/\/newsroom.ferrovial.com\/es\/\",\"logo\":{\"@type\":\"ImageObject\",\"inLanguage\":\"es\",\"@id\":\"https:\/\/newsroom.ferrovial.com\/es\/#\/schema\/logo\/image\/\",\"url\":\"https:\/\/static.newsroom.ferrovial.com\/wp-content\/uploads\/2018\/07\/15145720\/Ferrovial_Logotipo1.jpg\",\"contentUrl\":\"https:\/\/static.newsroom.ferrovial.com\/wp-content\/uploads\/2018\/07\/15145720\/Ferrovial_Logotipo1.jpg\",\"width\":600,\"height\":300,\"caption\":\"Ferrovial S.A.\"},\"image\":{\"@id\":\"https:\/\/newsroom.ferrovial.com\/es\/#\/schema\/logo\/image\/\"},\"sameAs\":[\"https:\/\/www.facebook.com\/ferrovial\",\"https:\/\/x.com\/ferrovial\",\"https:\/\/www.instagram.com\/ferrovial\/\",\"https:\/\/www.linkedin.com\/company\/ferrovial\",\"https:\/\/www.pinterest.es\/ferrovial\/\",\"https:\/\/www.youtube.com\/ferrovial\",\"https:\/\/en.wikipedia.org\/wiki\/Ferrovial\"]}]}<\/script>","yoast_head_json":{"title":"Inditex l\u00edder por primera vez en el Monitor de Reputaci\u00f3n Corporativa (MERCO) 2008 desplazando a El Corte Ingl\u00e9s Sala de prensa Ferrovial | \u00daltimas noticias","description":"Sala de prensa Ferrovial | \u00daltimas noticias","robots":{"index":"index","follow":"follow","max-snippet":"max-snippet:-1","max-image-preview":"max-image-preview:large","max-video-preview":"max-video-preview:-1"},"canonical":"https:\/\/newsroom.ferrovial.com\/es\/noticias\/inditex-lider-por-primera-vez-en-el-monitor-de-reputacion-corporativa-merco-2008-desplazando-a-el-corte-ingles\/","og_locale":"es_ES","og_type":"article","og_title":"Inditex l\u00edder por primera vez en el Monitor de Reputaci\u00f3n Corporativa (MERCO) 2008 desplazando a El Corte Ingl\u00e9s Sala de prensa Ferrovial | \u00daltimas noticias","og_description":"Sala de prensa Ferrovial | \u00daltimas noticias","og_url":"https:\/\/newsroom.ferrovial.com\/es\/noticias\/inditex-lider-por-primera-vez-en-el-monitor-de-reputacion-corporativa-merco-2008-desplazando-a-el-corte-ingles\/","og_site_name":"Sala de prensa Ferrovial | \u00daltimas noticias","article_publisher":"https:\/\/www.facebook.com\/ferrovial","article_modified_time":"2022-12-21T10:04:10+00:00","twitter_card":"summary_large_image","twitter_site":"@ferrovial","schema":{"@context":"https:\/\/schema.org","@graph":[{"@type":"WebPage","@id":"https:\/\/newsroom.ferrovial.com\/es\/noticias\/inditex-lider-por-primera-vez-en-el-monitor-de-reputacion-corporativa-merco-2008-desplazando-a-el-corte-ingles\/","url":"https:\/\/newsroom.ferrovial.com\/es\/noticias\/inditex-lider-por-primera-vez-en-el-monitor-de-reputacion-corporativa-merco-2008-desplazando-a-el-corte-ingles\/","name":"Inditex l\u00edder por primera vez en el Monitor de Reputaci\u00f3n Corporativa (MERCO) 2008 desplazando a El Corte Ingl\u00e9s Sala de prensa Ferrovial | \u00daltimas noticias","isPartOf":{"@id":"https:\/\/newsroom.ferrovial.com\/es\/#website"},"datePublished":"2008-04-01T00:00:00+00:00","dateModified":"2022-12-21T10:04:10+00:00","description":"Sala de prensa Ferrovial | \u00daltimas noticias","breadcrumb":{"@id":"https:\/\/newsroom.ferrovial.com\/es\/noticias\/inditex-lider-por-primera-vez-en-el-monitor-de-reputacion-corporativa-merco-2008-desplazando-a-el-corte-ingles\/#breadcrumb"},"inLanguage":"es","potentialAction":[{"@type":"ReadAction","target":["https:\/\/newsroom.ferrovial.com\/es\/noticias\/inditex-lider-por-primera-vez-en-el-monitor-de-reputacion-corporativa-merco-2008-desplazando-a-el-corte-ingles\/"]}]},{"@type":"BreadcrumbList","@id":"https:\/\/newsroom.ferrovial.com\/es\/noticias\/inditex-lider-por-primera-vez-en-el-monitor-de-reputacion-corporativa-merco-2008-desplazando-a-el-corte-ingles\/#breadcrumb","itemListElement":[{"@type":"ListItem","position":1,"name":"Portada","item":"https:\/\/newsroom.ferrovial.com\/es\/"},{"@type":"ListItem","position":2,"name":"Inditex l\u00edder por primera vez en el Monitor de Reputaci\u00f3n Corporativa (MERCO) 2008 desplazando a El Corte Ingl\u00e9s"}]},{"@type":"WebSite","@id":"https:\/\/newsroom.ferrovial.com\/es\/#website","url":"https:\/\/newsroom.ferrovial.com\/es\/","name":"Sala de prensa Ferrovial | \u00daltimas noticias","description":"Sala de prensa Ferrovial | \u00daltimas noticias","publisher":{"@id":"https:\/\/newsroom.ferrovial.com\/es\/#organization"},"potentialAction":[{"@type":"SearchAction","target":{"@type":"EntryPoint","urlTemplate":"https:\/\/newsroom.ferrovial.com\/es\/?s={search_term_string}"},"query-input":{"@type":"PropertyValueSpecification","valueRequired":true,"valueName":"search_term_string"}}],"inLanguage":"es"},{"@type":"Organization","@id":"https:\/\/newsroom.ferrovial.com\/es\/#organization","name":"Ferrovial S.A.","url":"https:\/\/newsroom.ferrovial.com\/es\/","logo":{"@type":"ImageObject","inLanguage":"es","@id":"https:\/\/newsroom.ferrovial.com\/es\/#\/schema\/logo\/image\/","url":"https:\/\/static.newsroom.ferrovial.com\/wp-content\/uploads\/2018\/07\/15145720\/Ferrovial_Logotipo1.jpg","contentUrl":"https:\/\/static.newsroom.ferrovial.com\/wp-content\/uploads\/2018\/07\/15145720\/Ferrovial_Logotipo1.jpg","width":600,"height":300,"caption":"Ferrovial S.A."},"image":{"@id":"https:\/\/newsroom.ferrovial.com\/es\/#\/schema\/logo\/image\/"},"sameAs":["https:\/\/www.facebook.com\/ferrovial","https:\/\/x.com\/ferrovial","https:\/\/www.instagram.com\/ferrovial\/","https:\/\/www.linkedin.com\/company\/ferrovial","https:\/\/www.pinterest.es\/ferrovial\/","https:\/\/www.youtube.com\/ferrovial","https:\/\/en.wikipedia.org\/wiki\/Ferrovial"]}]}},"_links":{"self":[{"href":"https:\/\/newsroom.ferrovial.com\/es\/wp-json\/wp\/v2\/new\/2388","targetHints":{"allow":["GET"]}}],"collection":[{"href":"https:\/\/newsroom.ferrovial.com\/es\/wp-json\/wp\/v2\/new"}],"about":[{"href":"https:\/\/newsroom.ferrovial.com\/es\/wp-json\/wp\/v2\/types\/new"}],"replies":[{"embeddable":true,"href":"https:\/\/newsroom.ferrovial.com\/es\/wp-json\/wp\/v2\/comments?post=2388"}],"version-history":[{"count":1,"href":"https:\/\/newsroom.ferrovial.com\/es\/wp-json\/wp\/v2\/new\/2388\/revisions"}],"predecessor-version":[{"id":118607,"href":"https:\/\/newsroom.ferrovial.com\/es\/wp-json\/wp\/v2\/new\/2388\/revisions\/118607"}],"wp:attachment":[{"href":"https:\/\/newsroom.ferrovial.com\/es\/wp-json\/wp\/v2\/media?parent=2388"}],"wp:term":[{"taxonomy":"nivel-2","embeddable":true,"href":"https:\/\/newsroom.ferrovial.com\/es\/wp-json\/wp\/v2\/nivel-2?post=2388"},{"taxonomy":"nivel-5","embeddable":true,"href":"https:\/\/newsroom.ferrovial.com\/es\/wp-json\/wp\/v2\/nivel-5?post=2388"},{"taxonomy":"nivel-1","embeddable":true,"href":"https:\/\/newsroom.ferrovial.com\/es\/wp-json\/wp\/v2\/nivel-1?post=2388"},{"taxonomy":"nivel-3","embeddable":true,"href":"https:\/\/newsroom.ferrovial.com\/es\/wp-json\/wp\/v2\/nivel-3?post=2388"},{"taxonomy":"nivel-4","embeddable":true,"href":"https:\/\/newsroom.ferrovial.com\/es\/wp-json\/wp\/v2\/nivel-4?post=2388"}],"curies":[{"name":"wp","href":"https:\/\/api.w.org\/{rel}","templated":true}]}}