{"id":2434,"date":"2008-03-28T00:00:00","date_gmt":"2008-03-28T00:00:00","guid":{"rendered":"https:\/\/newsroom.ferrovial.com\/news\/la-comunidad-de-madrid-se-consolida-como-lider-en-proyectos-emblematicos-de-energias-renovables\/"},"modified":"2022-12-21T11:04:11","modified_gmt":"2022-12-21T10:04:11","slug":"la-comunidad-de-madrid-se-consolida-como-lider-en-proyectos-emblematicos-de-energias-renovables","status":"publish","type":"new","link":"https:\/\/newsroom.ferrovial.com\/es\/noticias\/la-comunidad-de-madrid-se-consolida-como-lider-en-proyectos-emblematicos-de-energias-renovables\/","title":{"rendered":"La Comunidad de Madrid se consolida como l\u00edder en proyectos emblem\u00e1ticos de energ\u00edas renovables"},"content":{"rendered":"    <section class=\"wysiwyg text-editor \" id=\"\">\n        <div class=\"container container--narrow container--p-10\">\n            <p>La Comunidad de Madrid se ha consolidado como l\u00edder en proyectos emblem\u00e1ticos en el \u00e1mbito de las energ\u00edas renovables. <strong>Instalaciones solares y geot\u00e9rmicas<\/strong> en viviendas, <strong>calefacci\u00f3n mediante biomasa<\/strong> en invernaderos o nuevas <strong>flotas de taxis de Gas Licuado de Petr\u00f3leo<\/strong> (<strong><strong>GLP<\/strong><\/strong>) son algunas de las iniciativas que ya se han puesto en marcha en la regi\u00f3n, y que se recogen en un volumen editado por la Consejer\u00eda de Econom\u00eda y Consumo, titulado <strong>Proyectos Emblem\u00e1ticos en el \u00c1mbito de la Energ\u00eda<\/strong>.<\/p>\n<p>De entre los proyectos emblem\u00e1ticos destaca el Hospital de Fuenlabrada, un centro sanitario sostenible que se ha construido con unos par\u00e1metros de eficiencia energ\u00e9tica basados en el uso \u00edntegro de bombillas de bajo consumo, la divisi\u00f3n de los circuitos de alumbrado, la instalaci\u00f3n de detectores de presencia y temporizador de iluminaci\u00f3n. Adem\u00e1s, cuenta con paneles de energ\u00eda solar t\u00e9rmica que genera la necesaria para abastecer 54 viviendas y evita 177.090 kilos de <strong><strong>CO2<\/strong><\/strong> al a\u00f1o, las similares a las que produce un coche nuevo recorriendo 885.000 kil\u00f3metros.<\/p>\n<p>Otro de los proyectos m\u00e1s importantes y m\u00e1s recientes est\u00e1 en Alcal\u00e1 de Henares y es una <strong>calefacci\u00f3n de biomasa<\/strong> para los invernaderos del Centro de Naturaleza, Educaci\u00f3n Ambiental y Ocio <strong>Naturalcal\u00e1<\/strong>. El sistema, que ha sido subvencionado por la Comunidad de Madrid, est\u00e1 basado en la generaci\u00f3n t\u00e9rmica a base de huesos de aceituna y de restos de podas, un sistema no contaminante, 100% autosuficiente y m\u00e1s econ\u00f3mico que otras fuentes energ\u00e9ticas como el petr\u00f3leo.<\/p>\n<p><strong>\u00a01.848 paneles solares funcionan en El Molar<\/strong><\/p>\n<p>En el municipio de <strong>El Molar<\/strong> y desde finales de 2006 funcionan los 1.848 paneles de energ\u00eda solar fotovoltaica sobre la nave del Complejo de Tratamiento Integral de Residuos de Construcci\u00f3n y Demolici\u00f3n, que permiten generar 613.700 kwh\/a\u00f1o, lo que supone el 50% de las necesidades de energ\u00eda el\u00e9ctrica de este Complejo.<\/p>\n<p>La <strong>Consejer\u00eda de Econom\u00eda y Consumo<\/strong> y la <strong>Mancomunidad del alto <\/strong><strong>Jarama-Atazar<\/strong> tambi\u00e9n han colaborado para poner en marcha un proyecto de valorizaci\u00f3n de los montes de la zona, con el aprovechamiento de jarales como biocombustibles y con el fin \u00faltimo de prevenir incendios forestales. Este proyecto combina la limpieza de los montes con el aprovechamiento energ\u00e9tico de la flora aut\u00f3ctona, con la puesta en valor de arbustos mediterr\u00e1neos como jarales, piornales o escobonales que se dan en la zona.<\/p>\n<p>Destaca tambi\u00e9n el impulso que, desde la <strong>Comunidad de Madrid<\/strong>, se ha dado al proyecto para la consolidaci\u00f3n de una flota de taxis de <strong><strong>GLP<\/strong><\/strong> en la ciudad de Madrid, y en el que han colaborado tambi\u00e9n el Ayuntamiento de la capital, las principales asociaciones de taxistas o las empresas SEAT y Repsol Butano.<\/p>\n<p>Desde el pasado mes de junio circulan por la ciudad 10 taxis de <strong>Gas Licuado de Petr\u00f3leo<\/strong>. Mediante su uso se eliminan las emisiones de part\u00edculas, se reducen en un 95% las emisiones de \u00f3xidos de nitr\u00f3geno y un 50% los niveles de ruidos a lo que hay que a\u00f1adir que cuesta la mitad que la gasolina.<\/p>\n<p><strong>Viviendas<\/strong><\/p>\n<p>Los ciudadanos tambi\u00e9n se han convertido en protagonistas de proyectos emblem\u00e1ticos con energ\u00edas renovables. Es el caso de los propietarios de una vivienda unifamilar en el distrito de Fuencarral, en Madrid, totalmente climatizada con energ\u00eda solar, tanto para fr\u00edo como para calor y que evita la emisi\u00f3n de 15.000 kilos de <strong><strong>CO2<\/strong><\/strong> a la atm\u00f3sfera. Permite calentar por suelo radiante los 220 metros cuadrados de la casa y el agua de dos piscinas de 12 metros cuadrados y, en verano, posibilita que la temperatura interior no supere los 25\u00ba. La instalaci\u00f3n consta de una m\u00e1quina de 10kw de potencia capaz de acumular energ\u00eda t\u00e9rmica qu\u00edmicamente.<\/p>\n<p>El <strong>Plan Energ\u00e9tico de la Comunidad de Madrid 2004-2012<\/strong> aspira a que, a su t\u00e9rmino, el consumo de energ\u00eda tradicional se haya reducido un 10% y que se duplique la contribuci\u00f3n de las energ\u00edas renovables en el conjunto del abastecimiento energ\u00e9tico de la regi\u00f3n. Para ello pretende la promoci\u00f3n del uso de recursos energ\u00e9ticos propios de origen renovable, as\u00ed como la aplicaci\u00f3n de tecnolog\u00eda que permita el fomento del ahorro y la eficiencia energ\u00e9tica.<\/p>\n        <\/div>\n    <\/section>\n","protected":false},"excerpt":{"rendered":"","protected":false},"featured_media":0,"menu_order":0,"comment_status":"closed","ping_status":"closed","template":"","nivel-2":[936],"nivel-5":[],"nivel-1":[],"nivel-3":[],"nivel-4":[],"class_list":["post-2434","new","type-new","status-publish","hentry","nivel-2-conservacion-del-medio-ambiente"],"acf":[],"yoast_head":"<title>La Comunidad de Madrid se consolida como l\u00edder en proyectos emblem\u00e1ticos de energ\u00edas renovables Sala de prensa Ferrovial | \u00daltimas noticias<\/title>\n<meta name=\"description\" content=\"Sala de prensa Ferrovial | \u00daltimas noticias\" \/>\n<meta name=\"robots\" content=\"index, follow, max-snippet:-1, max-image-preview:large, max-video-preview:-1\" \/>\n<link rel=\"canonical\" href=\"https:\/\/newsroom.ferrovial.com\/es\/noticias\/la-comunidad-de-madrid-se-consolida-como-lider-en-proyectos-emblematicos-de-energias-renovables\/\" \/>\n<meta property=\"og:locale\" content=\"es_ES\" \/>\n<meta property=\"og:type\" content=\"article\" \/>\n<meta property=\"og:title\" content=\"La Comunidad de Madrid se consolida como l\u00edder en proyectos emblem\u00e1ticos de energ\u00edas renovables Sala de prensa Ferrovial | \u00daltimas noticias\" \/>\n<meta property=\"og:description\" content=\"Sala de prensa Ferrovial | \u00daltimas noticias\" \/>\n<meta property=\"og:url\" content=\"https:\/\/newsroom.ferrovial.com\/es\/noticias\/la-comunidad-de-madrid-se-consolida-como-lider-en-proyectos-emblematicos-de-energias-renovables\/\" \/>\n<meta property=\"og:site_name\" content=\"Sala de prensa Ferrovial | \u00daltimas noticias\" \/>\n<meta property=\"article:publisher\" content=\"https:\/\/www.facebook.com\/ferrovial\" \/>\n<meta property=\"article:modified_time\" content=\"2022-12-21T10:04:11+00:00\" \/>\n<meta name=\"twitter:card\" content=\"summary_large_image\" \/>\n<meta name=\"twitter:site\" content=\"@ferrovial\" \/>\n<script type=\"application\/ld+json\" class=\"yoast-schema-graph\">{\"@context\":\"https:\/\/schema.org\",\"@graph\":[{\"@type\":\"WebPage\",\"@id\":\"https:\/\/newsroom.ferrovial.com\/es\/noticias\/la-comunidad-de-madrid-se-consolida-como-lider-en-proyectos-emblematicos-de-energias-renovables\/\",\"url\":\"https:\/\/newsroom.ferrovial.com\/es\/noticias\/la-comunidad-de-madrid-se-consolida-como-lider-en-proyectos-emblematicos-de-energias-renovables\/\",\"name\":\"La Comunidad de Madrid se consolida como l\u00edder en proyectos emblem\u00e1ticos de energ\u00edas renovables Sala de prensa Ferrovial | \u00daltimas noticias\",\"isPartOf\":{\"@id\":\"https:\/\/newsroom.ferrovial.com\/es\/#website\"},\"datePublished\":\"2008-03-28T00:00:00+00:00\",\"dateModified\":\"2022-12-21T10:04:11+00:00\",\"description\":\"Sala de prensa Ferrovial | \u00daltimas noticias\",\"breadcrumb\":{\"@id\":\"https:\/\/newsroom.ferrovial.com\/es\/noticias\/la-comunidad-de-madrid-se-consolida-como-lider-en-proyectos-emblematicos-de-energias-renovables\/#breadcrumb\"},\"inLanguage\":\"es\",\"potentialAction\":[{\"@type\":\"ReadAction\",\"target\":[\"https:\/\/newsroom.ferrovial.com\/es\/noticias\/la-comunidad-de-madrid-se-consolida-como-lider-en-proyectos-emblematicos-de-energias-renovables\/\"]}]},{\"@type\":\"BreadcrumbList\",\"@id\":\"https:\/\/newsroom.ferrovial.com\/es\/noticias\/la-comunidad-de-madrid-se-consolida-como-lider-en-proyectos-emblematicos-de-energias-renovables\/#breadcrumb\",\"itemListElement\":[{\"@type\":\"ListItem\",\"position\":1,\"name\":\"Portada\",\"item\":\"https:\/\/newsroom.ferrovial.com\/es\/\"},{\"@type\":\"ListItem\",\"position\":2,\"name\":\"La Comunidad de Madrid se consolida como l\u00edder en proyectos emblem\u00e1ticos de energ\u00edas renovables\"}]},{\"@type\":\"WebSite\",\"@id\":\"https:\/\/newsroom.ferrovial.com\/es\/#website\",\"url\":\"https:\/\/newsroom.ferrovial.com\/es\/\",\"name\":\"Sala de prensa Ferrovial | \u00daltimas noticias\",\"description\":\"Sala de prensa Ferrovial | \u00daltimas noticias\",\"publisher\":{\"@id\":\"https:\/\/newsroom.ferrovial.com\/es\/#organization\"},\"potentialAction\":[{\"@type\":\"SearchAction\",\"target\":{\"@type\":\"EntryPoint\",\"urlTemplate\":\"https:\/\/newsroom.ferrovial.com\/es\/?s={search_term_string}\"},\"query-input\":{\"@type\":\"PropertyValueSpecification\",\"valueRequired\":true,\"valueName\":\"search_term_string\"}}],\"inLanguage\":\"es\"},{\"@type\":\"Organization\",\"@id\":\"https:\/\/newsroom.ferrovial.com\/es\/#organization\",\"name\":\"Ferrovial S.A.\",\"url\":\"https:\/\/newsroom.ferrovial.com\/es\/\",\"logo\":{\"@type\":\"ImageObject\",\"inLanguage\":\"es\",\"@id\":\"https:\/\/newsroom.ferrovial.com\/es\/#\/schema\/logo\/image\/\",\"url\":\"https:\/\/static.newsroom.ferrovial.com\/wp-content\/uploads\/2018\/07\/15145720\/Ferrovial_Logotipo1.jpg\",\"contentUrl\":\"https:\/\/static.newsroom.ferrovial.com\/wp-content\/uploads\/2018\/07\/15145720\/Ferrovial_Logotipo1.jpg\",\"width\":600,\"height\":300,\"caption\":\"Ferrovial S.A.\"},\"image\":{\"@id\":\"https:\/\/newsroom.ferrovial.com\/es\/#\/schema\/logo\/image\/\"},\"sameAs\":[\"https:\/\/www.facebook.com\/ferrovial\",\"https:\/\/x.com\/ferrovial\",\"https:\/\/www.instagram.com\/ferrovial\/\",\"https:\/\/www.linkedin.com\/company\/ferrovial\",\"https:\/\/www.pinterest.es\/ferrovial\/\",\"https:\/\/www.youtube.com\/ferrovial\",\"https:\/\/en.wikipedia.org\/wiki\/Ferrovial\"]}]}<\/script>","yoast_head_json":{"title":"La Comunidad de Madrid se consolida como l\u00edder en proyectos emblem\u00e1ticos de energ\u00edas renovables Sala de prensa Ferrovial | \u00daltimas noticias","description":"Sala de prensa Ferrovial | \u00daltimas noticias","robots":{"index":"index","follow":"follow","max-snippet":"max-snippet:-1","max-image-preview":"max-image-preview:large","max-video-preview":"max-video-preview:-1"},"canonical":"https:\/\/newsroom.ferrovial.com\/es\/noticias\/la-comunidad-de-madrid-se-consolida-como-lider-en-proyectos-emblematicos-de-energias-renovables\/","og_locale":"es_ES","og_type":"article","og_title":"La Comunidad de Madrid se consolida como l\u00edder en proyectos emblem\u00e1ticos de energ\u00edas renovables Sala de prensa Ferrovial | \u00daltimas noticias","og_description":"Sala de prensa Ferrovial | \u00daltimas noticias","og_url":"https:\/\/newsroom.ferrovial.com\/es\/noticias\/la-comunidad-de-madrid-se-consolida-como-lider-en-proyectos-emblematicos-de-energias-renovables\/","og_site_name":"Sala de prensa Ferrovial | \u00daltimas noticias","article_publisher":"https:\/\/www.facebook.com\/ferrovial","article_modified_time":"2022-12-21T10:04:11+00:00","twitter_card":"summary_large_image","twitter_site":"@ferrovial","schema":{"@context":"https:\/\/schema.org","@graph":[{"@type":"WebPage","@id":"https:\/\/newsroom.ferrovial.com\/es\/noticias\/la-comunidad-de-madrid-se-consolida-como-lider-en-proyectos-emblematicos-de-energias-renovables\/","url":"https:\/\/newsroom.ferrovial.com\/es\/noticias\/la-comunidad-de-madrid-se-consolida-como-lider-en-proyectos-emblematicos-de-energias-renovables\/","name":"La Comunidad de Madrid se consolida como l\u00edder en proyectos emblem\u00e1ticos de energ\u00edas renovables Sala de prensa Ferrovial | \u00daltimas noticias","isPartOf":{"@id":"https:\/\/newsroom.ferrovial.com\/es\/#website"},"datePublished":"2008-03-28T00:00:00+00:00","dateModified":"2022-12-21T10:04:11+00:00","description":"Sala de prensa Ferrovial | \u00daltimas noticias","breadcrumb":{"@id":"https:\/\/newsroom.ferrovial.com\/es\/noticias\/la-comunidad-de-madrid-se-consolida-como-lider-en-proyectos-emblematicos-de-energias-renovables\/#breadcrumb"},"inLanguage":"es","potentialAction":[{"@type":"ReadAction","target":["https:\/\/newsroom.ferrovial.com\/es\/noticias\/la-comunidad-de-madrid-se-consolida-como-lider-en-proyectos-emblematicos-de-energias-renovables\/"]}]},{"@type":"BreadcrumbList","@id":"https:\/\/newsroom.ferrovial.com\/es\/noticias\/la-comunidad-de-madrid-se-consolida-como-lider-en-proyectos-emblematicos-de-energias-renovables\/#breadcrumb","itemListElement":[{"@type":"ListItem","position":1,"name":"Portada","item":"https:\/\/newsroom.ferrovial.com\/es\/"},{"@type":"ListItem","position":2,"name":"La Comunidad de Madrid se consolida como l\u00edder en proyectos emblem\u00e1ticos de energ\u00edas renovables"}]},{"@type":"WebSite","@id":"https:\/\/newsroom.ferrovial.com\/es\/#website","url":"https:\/\/newsroom.ferrovial.com\/es\/","name":"Sala de prensa Ferrovial | \u00daltimas noticias","description":"Sala de prensa Ferrovial | \u00daltimas noticias","publisher":{"@id":"https:\/\/newsroom.ferrovial.com\/es\/#organization"},"potentialAction":[{"@type":"SearchAction","target":{"@type":"EntryPoint","urlTemplate":"https:\/\/newsroom.ferrovial.com\/es\/?s={search_term_string}"},"query-input":{"@type":"PropertyValueSpecification","valueRequired":true,"valueName":"search_term_string"}}],"inLanguage":"es"},{"@type":"Organization","@id":"https:\/\/newsroom.ferrovial.com\/es\/#organization","name":"Ferrovial S.A.","url":"https:\/\/newsroom.ferrovial.com\/es\/","logo":{"@type":"ImageObject","inLanguage":"es","@id":"https:\/\/newsroom.ferrovial.com\/es\/#\/schema\/logo\/image\/","url":"https:\/\/static.newsroom.ferrovial.com\/wp-content\/uploads\/2018\/07\/15145720\/Ferrovial_Logotipo1.jpg","contentUrl":"https:\/\/static.newsroom.ferrovial.com\/wp-content\/uploads\/2018\/07\/15145720\/Ferrovial_Logotipo1.jpg","width":600,"height":300,"caption":"Ferrovial S.A."},"image":{"@id":"https:\/\/newsroom.ferrovial.com\/es\/#\/schema\/logo\/image\/"},"sameAs":["https:\/\/www.facebook.com\/ferrovial","https:\/\/x.com\/ferrovial","https:\/\/www.instagram.com\/ferrovial\/","https:\/\/www.linkedin.com\/company\/ferrovial","https:\/\/www.pinterest.es\/ferrovial\/","https:\/\/www.youtube.com\/ferrovial","https:\/\/en.wikipedia.org\/wiki\/Ferrovial"]}]}},"_links":{"self":[{"href":"https:\/\/newsroom.ferrovial.com\/es\/wp-json\/wp\/v2\/new\/2434","targetHints":{"allow":["GET"]}}],"collection":[{"href":"https:\/\/newsroom.ferrovial.com\/es\/wp-json\/wp\/v2\/new"}],"about":[{"href":"https:\/\/newsroom.ferrovial.com\/es\/wp-json\/wp\/v2\/types\/new"}],"replies":[{"embeddable":true,"href":"https:\/\/newsroom.ferrovial.com\/es\/wp-json\/wp\/v2\/comments?post=2434"}],"version-history":[{"count":1,"href":"https:\/\/newsroom.ferrovial.com\/es\/wp-json\/wp\/v2\/new\/2434\/revisions"}],"predecessor-version":[{"id":118611,"href":"https:\/\/newsroom.ferrovial.com\/es\/wp-json\/wp\/v2\/new\/2434\/revisions\/118611"}],"wp:attachment":[{"href":"https:\/\/newsroom.ferrovial.com\/es\/wp-json\/wp\/v2\/media?parent=2434"}],"wp:term":[{"taxonomy":"nivel-2","embeddable":true,"href":"https:\/\/newsroom.ferrovial.com\/es\/wp-json\/wp\/v2\/nivel-2?post=2434"},{"taxonomy":"nivel-5","embeddable":true,"href":"https:\/\/newsroom.ferrovial.com\/es\/wp-json\/wp\/v2\/nivel-5?post=2434"},{"taxonomy":"nivel-1","embeddable":true,"href":"https:\/\/newsroom.ferrovial.com\/es\/wp-json\/wp\/v2\/nivel-1?post=2434"},{"taxonomy":"nivel-3","embeddable":true,"href":"https:\/\/newsroom.ferrovial.com\/es\/wp-json\/wp\/v2\/nivel-3?post=2434"},{"taxonomy":"nivel-4","embeddable":true,"href":"https:\/\/newsroom.ferrovial.com\/es\/wp-json\/wp\/v2\/nivel-4?post=2434"}],"curies":[{"name":"wp","href":"https:\/\/api.w.org\/{rel}","templated":true}]}}