{"id":2470,"date":"2008-06-17T00:00:00","date_gmt":"2008-06-17T00:00:00","guid":{"rendered":"https:\/\/newsroom.ferrovial.com\/news\/la-union-mundial-para-la-conservacion-iucn-inaugurara-a-finales-de-ano-una-nueva-sede-que-se-convertira-en-la-mas-verde-de-europa\/"},"modified":"2022-12-21T10:55:53","modified_gmt":"2022-12-21T09:55:53","slug":"la-union-mundial-para-la-conservacion-iucn-inaugurara-a-finales-de-ano-una-nueva-sede-que-se-convertira-en-la-mas-verde-de-europa","status":"publish","type":"new","link":"https:\/\/newsroom.ferrovial.com\/es\/noticias\/la-union-mundial-para-la-conservacion-iucn-inaugurara-a-finales-de-ano-una-nueva-sede-que-se-convertira-en-la-mas-verde-de-europa\/","title":{"rendered":"La Uni\u00f3n Mundial para la Conservaci\u00f3n (IUCN) inaugurar\u00e1 a finales de a\u00f1o una nueva sede que se convertir\u00e1 en la m\u00e1s verde de Europa"},"content":{"rendered":"    <section class=\"wysiwyg text-editor \" id=\"\">\n        <div class=\"container container--narrow container--p-10\">\n            <p>La International Union for Conservation of Nature (IUCN) con sede en Gland, Suiza, comenz\u00f3 ayer lunes a excavar los cimientos de la que esperan que sea su nueva sede, un edificio que exceder\u00e1 los cl\u00e1sicos est\u00e1ndares de edificio sosteniblesestablecidos por el Leadership in Energy and Environmental Design (LEED).<\/p>\n<p>Los responsables pol\u00edticos de Gobiernos de todo el mundo han comenzado a animar a la industria a apostar por edificios m\u00e1s verdes despu\u00e9s de que el Panel Intergubernamental de Cambio Clim\u00e1tico &#8211; ganador del Premio Nobel- demostrara que un cierto 30 por ciento de las emisiones de efecto invernadero se podr\u00edan reducir solamente desde los propios edificios en los sectores residencial y comercial.<\/p>\n<p>En los \u00faltimos meses, los precios de los combustibles se han elevando s\u00fabitamente, dando un nuevo empuje a las medidas relacionadas con los ahorros de energ\u00eda en los edificios. Se espera que el nuevo edificio de IUCN consiga un 85% de su energ\u00eda de fuentes renovables a trav\u00e9s de caracter\u00edsticas como bombas de calor. Pero m\u00e1s all\u00e1 de estas medidas de ahorro energ\u00e9tico, ya conocidas y com\u00fanmente sabidas, el grupo de protecci\u00f3n del medio ambiente tambi\u00e9n est\u00e1 trabajando con varios socios del sector industrial para desarrollar nuevos elementos paraeste edificio. Uno de los mayores fabricantes de cemento del mundo, el Grupo Holcim, por ejemplo, aportar\u00e1 un tipo de producto con anh\u00eddrido carb\u00f3nico reducido.<\/p>\n<p>De hecho, se espera que el concreto un tipo de \u00e1rido &#8211; sea reciclado de productos de la regi\u00f3n, de tal modo que fomente la reducci\u00f3n de emisiones de carbono en el transporte. Otra caracter\u00edstica innovadora es la colocaci\u00f3n de una caja de aire que se espera que regule el nivel y la temperatura del di\u00f3xido de carbono en el edificio, reduciendo al m\u00ednimo el despilfarro de la calefacci\u00f3n en invierno. Cuando se construy\u00f3 el anterior edificio, hace 20 a\u00f1os, fueron incorporadas algunas de las caracter\u00edsticas verdes m\u00e1s innovadoras de la \u00e9poca, pero no todas fueron utilizadas en todo su potencial, explic\u00f3 Rowles-Anobile.<\/p>\n<p>Su azotea verde, por ejemplo, necesita ser movida regularmente. \u00abAlgunas caracter\u00edsticas no eran muy pr\u00e1cticas, pero hemos aprendido del pasado, asegur\u00f3. En este nuevo edificio se espera que las caracter\u00edsticas tambi\u00e9n tengan mayor nivel de uso. Los balcones, por ejemplo se alinear\u00e1n en la fachada de todo el edificio, refrescando \u00e9ste en verano adem\u00e1s de satisfacer otras medidas relacionadas con la seguridad en caso de incendio.<\/p>\n<p>Incluso los muebles, ser\u00e1n transportados desde Escandinavia, y viajar\u00e1n de manera ecol\u00f3gica, explic\u00f3 Rowles-Anobile. El personal laboral de la IUCN tambi\u00e9n encontrar\u00e1 alimentos ecol\u00f3gicos en la nueva cafeter\u00eda. Rowles-Anobile adelant\u00f3 adem\u00e1s que se espera que el nuevo edificio no cueste m\u00e1s que el que sus antecesores construyeron hace 20 a\u00f1os.<\/p>\n<p>Bolet\u00edn WBCSD<\/p>\n        <\/div>\n    <\/section>\n","protected":false},"excerpt":{"rendered":"","protected":false},"featured_media":0,"menu_order":0,"comment_status":"closed","ping_status":"closed","template":"","nivel-2":[],"nivel-5":[],"nivel-1":[],"nivel-3":[],"nivel-4":[],"class_list":["post-2470","new","type-new","status-publish","hentry"],"acf":[],"yoast_head":"<title>La Uni\u00f3n Mundial para la Conservaci\u00f3n (IUCN) inaugurar\u00e1 a finales de a\u00f1o una nueva sede que se convertir\u00e1 en la m\u00e1s verde de Europa Sala de prensa Ferrovial | \u00daltimas noticias<\/title>\n<meta name=\"description\" content=\"Sala de prensa Ferrovial | \u00daltimas noticias\" \/>\n<meta name=\"robots\" content=\"index, follow, max-snippet:-1, max-image-preview:large, max-video-preview:-1\" \/>\n<link rel=\"canonical\" href=\"https:\/\/newsroom.ferrovial.com\/es\/noticias\/la-union-mundial-para-la-conservacion-iucn-inaugurara-a-finales-de-ano-una-nueva-sede-que-se-convertira-en-la-mas-verde-de-europa\/\" \/>\n<meta property=\"og:locale\" content=\"es_ES\" \/>\n<meta property=\"og:type\" content=\"article\" \/>\n<meta property=\"og:title\" content=\"La Uni\u00f3n Mundial para la Conservaci\u00f3n (IUCN) inaugurar\u00e1 a finales de a\u00f1o una nueva sede que se convertir\u00e1 en la m\u00e1s verde de Europa Sala de prensa Ferrovial | \u00daltimas noticias\" \/>\n<meta property=\"og:description\" content=\"Sala de prensa Ferrovial | \u00daltimas noticias\" \/>\n<meta property=\"og:url\" content=\"https:\/\/newsroom.ferrovial.com\/es\/noticias\/la-union-mundial-para-la-conservacion-iucn-inaugurara-a-finales-de-ano-una-nueva-sede-que-se-convertira-en-la-mas-verde-de-europa\/\" \/>\n<meta property=\"og:site_name\" content=\"Sala de prensa Ferrovial | \u00daltimas noticias\" \/>\n<meta property=\"article:publisher\" content=\"https:\/\/www.facebook.com\/ferrovial\" \/>\n<meta property=\"article:modified_time\" content=\"2022-12-21T09:55:53+00:00\" \/>\n<meta name=\"twitter:card\" content=\"summary_large_image\" \/>\n<meta name=\"twitter:site\" content=\"@ferrovial\" \/>\n<script type=\"application\/ld+json\" class=\"yoast-schema-graph\">{\"@context\":\"https:\/\/schema.org\",\"@graph\":[{\"@type\":\"WebPage\",\"@id\":\"https:\/\/newsroom.ferrovial.com\/es\/noticias\/la-union-mundial-para-la-conservacion-iucn-inaugurara-a-finales-de-ano-una-nueva-sede-que-se-convertira-en-la-mas-verde-de-europa\/\",\"url\":\"https:\/\/newsroom.ferrovial.com\/es\/noticias\/la-union-mundial-para-la-conservacion-iucn-inaugurara-a-finales-de-ano-una-nueva-sede-que-se-convertira-en-la-mas-verde-de-europa\/\",\"name\":\"La Uni\u00f3n Mundial para la Conservaci\u00f3n (IUCN) inaugurar\u00e1 a finales de a\u00f1o una nueva sede que se convertir\u00e1 en la m\u00e1s verde de Europa Sala de prensa Ferrovial | \u00daltimas noticias\",\"isPartOf\":{\"@id\":\"https:\/\/newsroom.ferrovial.com\/es\/#website\"},\"datePublished\":\"2008-06-17T00:00:00+00:00\",\"dateModified\":\"2022-12-21T09:55:53+00:00\",\"description\":\"Sala de prensa Ferrovial | \u00daltimas noticias\",\"breadcrumb\":{\"@id\":\"https:\/\/newsroom.ferrovial.com\/es\/noticias\/la-union-mundial-para-la-conservacion-iucn-inaugurara-a-finales-de-ano-una-nueva-sede-que-se-convertira-en-la-mas-verde-de-europa\/#breadcrumb\"},\"inLanguage\":\"es\",\"potentialAction\":[{\"@type\":\"ReadAction\",\"target\":[\"https:\/\/newsroom.ferrovial.com\/es\/noticias\/la-union-mundial-para-la-conservacion-iucn-inaugurara-a-finales-de-ano-una-nueva-sede-que-se-convertira-en-la-mas-verde-de-europa\/\"]}]},{\"@type\":\"BreadcrumbList\",\"@id\":\"https:\/\/newsroom.ferrovial.com\/es\/noticias\/la-union-mundial-para-la-conservacion-iucn-inaugurara-a-finales-de-ano-una-nueva-sede-que-se-convertira-en-la-mas-verde-de-europa\/#breadcrumb\",\"itemListElement\":[{\"@type\":\"ListItem\",\"position\":1,\"name\":\"Portada\",\"item\":\"https:\/\/newsroom.ferrovial.com\/es\/\"},{\"@type\":\"ListItem\",\"position\":2,\"name\":\"La Uni\u00f3n Mundial para la Conservaci\u00f3n (IUCN) inaugurar\u00e1 a finales de a\u00f1o una nueva sede que se convertir\u00e1 en la m\u00e1s verde de Europa\"}]},{\"@type\":\"WebSite\",\"@id\":\"https:\/\/newsroom.ferrovial.com\/es\/#website\",\"url\":\"https:\/\/newsroom.ferrovial.com\/es\/\",\"name\":\"Sala de prensa Ferrovial | \u00daltimas noticias\",\"description\":\"Sala de prensa Ferrovial | \u00daltimas noticias\",\"publisher\":{\"@id\":\"https:\/\/newsroom.ferrovial.com\/es\/#organization\"},\"potentialAction\":[{\"@type\":\"SearchAction\",\"target\":{\"@type\":\"EntryPoint\",\"urlTemplate\":\"https:\/\/newsroom.ferrovial.com\/es\/?s={search_term_string}\"},\"query-input\":{\"@type\":\"PropertyValueSpecification\",\"valueRequired\":true,\"valueName\":\"search_term_string\"}}],\"inLanguage\":\"es\"},{\"@type\":\"Organization\",\"@id\":\"https:\/\/newsroom.ferrovial.com\/es\/#organization\",\"name\":\"Ferrovial S.A.\",\"url\":\"https:\/\/newsroom.ferrovial.com\/es\/\",\"logo\":{\"@type\":\"ImageObject\",\"inLanguage\":\"es\",\"@id\":\"https:\/\/newsroom.ferrovial.com\/es\/#\/schema\/logo\/image\/\",\"url\":\"https:\/\/static.newsroom.ferrovial.com\/wp-content\/uploads\/2018\/07\/15145720\/Ferrovial_Logotipo1.jpg\",\"contentUrl\":\"https:\/\/static.newsroom.ferrovial.com\/wp-content\/uploads\/2018\/07\/15145720\/Ferrovial_Logotipo1.jpg\",\"width\":600,\"height\":300,\"caption\":\"Ferrovial S.A.\"},\"image\":{\"@id\":\"https:\/\/newsroom.ferrovial.com\/es\/#\/schema\/logo\/image\/\"},\"sameAs\":[\"https:\/\/www.facebook.com\/ferrovial\",\"https:\/\/x.com\/ferrovial\",\"https:\/\/www.instagram.com\/ferrovial\/\",\"https:\/\/www.linkedin.com\/company\/ferrovial\",\"https:\/\/www.pinterest.es\/ferrovial\/\",\"https:\/\/www.youtube.com\/ferrovial\",\"https:\/\/en.wikipedia.org\/wiki\/Ferrovial\"]}]}<\/script>","yoast_head_json":{"title":"La Uni\u00f3n Mundial para la Conservaci\u00f3n (IUCN) inaugurar\u00e1 a finales de a\u00f1o una nueva sede que se convertir\u00e1 en la m\u00e1s verde de Europa Sala de prensa Ferrovial | \u00daltimas noticias","description":"Sala de prensa Ferrovial | \u00daltimas noticias","robots":{"index":"index","follow":"follow","max-snippet":"max-snippet:-1","max-image-preview":"max-image-preview:large","max-video-preview":"max-video-preview:-1"},"canonical":"https:\/\/newsroom.ferrovial.com\/es\/noticias\/la-union-mundial-para-la-conservacion-iucn-inaugurara-a-finales-de-ano-una-nueva-sede-que-se-convertira-en-la-mas-verde-de-europa\/","og_locale":"es_ES","og_type":"article","og_title":"La Uni\u00f3n Mundial para la Conservaci\u00f3n (IUCN) inaugurar\u00e1 a finales de a\u00f1o una nueva sede que se convertir\u00e1 en la m\u00e1s verde de Europa Sala de prensa Ferrovial | \u00daltimas noticias","og_description":"Sala de prensa Ferrovial | \u00daltimas noticias","og_url":"https:\/\/newsroom.ferrovial.com\/es\/noticias\/la-union-mundial-para-la-conservacion-iucn-inaugurara-a-finales-de-ano-una-nueva-sede-que-se-convertira-en-la-mas-verde-de-europa\/","og_site_name":"Sala de prensa Ferrovial | \u00daltimas noticias","article_publisher":"https:\/\/www.facebook.com\/ferrovial","article_modified_time":"2022-12-21T09:55:53+00:00","twitter_card":"summary_large_image","twitter_site":"@ferrovial","schema":{"@context":"https:\/\/schema.org","@graph":[{"@type":"WebPage","@id":"https:\/\/newsroom.ferrovial.com\/es\/noticias\/la-union-mundial-para-la-conservacion-iucn-inaugurara-a-finales-de-ano-una-nueva-sede-que-se-convertira-en-la-mas-verde-de-europa\/","url":"https:\/\/newsroom.ferrovial.com\/es\/noticias\/la-union-mundial-para-la-conservacion-iucn-inaugurara-a-finales-de-ano-una-nueva-sede-que-se-convertira-en-la-mas-verde-de-europa\/","name":"La Uni\u00f3n Mundial para la Conservaci\u00f3n (IUCN) inaugurar\u00e1 a finales de a\u00f1o una nueva sede que se convertir\u00e1 en la m\u00e1s verde de Europa Sala de prensa Ferrovial | \u00daltimas noticias","isPartOf":{"@id":"https:\/\/newsroom.ferrovial.com\/es\/#website"},"datePublished":"2008-06-17T00:00:00+00:00","dateModified":"2022-12-21T09:55:53+00:00","description":"Sala de prensa Ferrovial | \u00daltimas noticias","breadcrumb":{"@id":"https:\/\/newsroom.ferrovial.com\/es\/noticias\/la-union-mundial-para-la-conservacion-iucn-inaugurara-a-finales-de-ano-una-nueva-sede-que-se-convertira-en-la-mas-verde-de-europa\/#breadcrumb"},"inLanguage":"es","potentialAction":[{"@type":"ReadAction","target":["https:\/\/newsroom.ferrovial.com\/es\/noticias\/la-union-mundial-para-la-conservacion-iucn-inaugurara-a-finales-de-ano-una-nueva-sede-que-se-convertira-en-la-mas-verde-de-europa\/"]}]},{"@type":"BreadcrumbList","@id":"https:\/\/newsroom.ferrovial.com\/es\/noticias\/la-union-mundial-para-la-conservacion-iucn-inaugurara-a-finales-de-ano-una-nueva-sede-que-se-convertira-en-la-mas-verde-de-europa\/#breadcrumb","itemListElement":[{"@type":"ListItem","position":1,"name":"Portada","item":"https:\/\/newsroom.ferrovial.com\/es\/"},{"@type":"ListItem","position":2,"name":"La Uni\u00f3n Mundial para la Conservaci\u00f3n (IUCN) inaugurar\u00e1 a finales de a\u00f1o una nueva sede que se convertir\u00e1 en la m\u00e1s verde de Europa"}]},{"@type":"WebSite","@id":"https:\/\/newsroom.ferrovial.com\/es\/#website","url":"https:\/\/newsroom.ferrovial.com\/es\/","name":"Sala de prensa Ferrovial | \u00daltimas noticias","description":"Sala de prensa Ferrovial | \u00daltimas noticias","publisher":{"@id":"https:\/\/newsroom.ferrovial.com\/es\/#organization"},"potentialAction":[{"@type":"SearchAction","target":{"@type":"EntryPoint","urlTemplate":"https:\/\/newsroom.ferrovial.com\/es\/?s={search_term_string}"},"query-input":{"@type":"PropertyValueSpecification","valueRequired":true,"valueName":"search_term_string"}}],"inLanguage":"es"},{"@type":"Organization","@id":"https:\/\/newsroom.ferrovial.com\/es\/#organization","name":"Ferrovial S.A.","url":"https:\/\/newsroom.ferrovial.com\/es\/","logo":{"@type":"ImageObject","inLanguage":"es","@id":"https:\/\/newsroom.ferrovial.com\/es\/#\/schema\/logo\/image\/","url":"https:\/\/static.newsroom.ferrovial.com\/wp-content\/uploads\/2018\/07\/15145720\/Ferrovial_Logotipo1.jpg","contentUrl":"https:\/\/static.newsroom.ferrovial.com\/wp-content\/uploads\/2018\/07\/15145720\/Ferrovial_Logotipo1.jpg","width":600,"height":300,"caption":"Ferrovial S.A."},"image":{"@id":"https:\/\/newsroom.ferrovial.com\/es\/#\/schema\/logo\/image\/"},"sameAs":["https:\/\/www.facebook.com\/ferrovial","https:\/\/x.com\/ferrovial","https:\/\/www.instagram.com\/ferrovial\/","https:\/\/www.linkedin.com\/company\/ferrovial","https:\/\/www.pinterest.es\/ferrovial\/","https:\/\/www.youtube.com\/ferrovial","https:\/\/en.wikipedia.org\/wiki\/Ferrovial"]}]}},"_links":{"self":[{"href":"https:\/\/newsroom.ferrovial.com\/es\/wp-json\/wp\/v2\/new\/2470","targetHints":{"allow":["GET"]}}],"collection":[{"href":"https:\/\/newsroom.ferrovial.com\/es\/wp-json\/wp\/v2\/new"}],"about":[{"href":"https:\/\/newsroom.ferrovial.com\/es\/wp-json\/wp\/v2\/types\/new"}],"replies":[{"embeddable":true,"href":"https:\/\/newsroom.ferrovial.com\/es\/wp-json\/wp\/v2\/comments?post=2470"}],"version-history":[{"count":1,"href":"https:\/\/newsroom.ferrovial.com\/es\/wp-json\/wp\/v2\/new\/2470\/revisions"}],"predecessor-version":[{"id":118469,"href":"https:\/\/newsroom.ferrovial.com\/es\/wp-json\/wp\/v2\/new\/2470\/revisions\/118469"}],"wp:attachment":[{"href":"https:\/\/newsroom.ferrovial.com\/es\/wp-json\/wp\/v2\/media?parent=2470"}],"wp:term":[{"taxonomy":"nivel-2","embeddable":true,"href":"https:\/\/newsroom.ferrovial.com\/es\/wp-json\/wp\/v2\/nivel-2?post=2470"},{"taxonomy":"nivel-5","embeddable":true,"href":"https:\/\/newsroom.ferrovial.com\/es\/wp-json\/wp\/v2\/nivel-5?post=2470"},{"taxonomy":"nivel-1","embeddable":true,"href":"https:\/\/newsroom.ferrovial.com\/es\/wp-json\/wp\/v2\/nivel-1?post=2470"},{"taxonomy":"nivel-3","embeddable":true,"href":"https:\/\/newsroom.ferrovial.com\/es\/wp-json\/wp\/v2\/nivel-3?post=2470"},{"taxonomy":"nivel-4","embeddable":true,"href":"https:\/\/newsroom.ferrovial.com\/es\/wp-json\/wp\/v2\/nivel-4?post=2470"}],"curies":[{"name":"wp","href":"https:\/\/api.w.org\/{rel}","templated":true}]}}