{"id":2488,"date":"2007-09-07T00:00:00","date_gmt":"2007-09-07T00:00:00","guid":{"rendered":"https:\/\/newsroom.ferrovial.com\/news\/los-fabricantes-de-coches-lanzan-ofertas-ante-la-fiscalidad-medioambiental\/"},"modified":"2022-12-21T11:40:07","modified_gmt":"2022-12-21T10:40:07","slug":"los-fabricantes-de-coches-lanzan-ofertas-ante-la-fiscalidad-medioambiental","status":"publish","type":"new","link":"https:\/\/newsroom.ferrovial.com\/es\/noticias\/los-fabricantes-de-coches-lanzan-ofertas-ante-la-fiscalidad-medioambiental\/","title":{"rendered":"Los fabricantes de coches lanzan ofertas ante la fiscalidad medioambiental"},"content":{"rendered":"    <section class=\"wysiwyg text-editor \" id=\"\">\n        <div class=\"container container--narrow container--p-10\">\n            <p>(<a title=\"\" href=\"http:\/\/cincodias.com\/\">Cinco D\u00edas<\/a>).- Para cumplirlo, el Gobierno fij\u00f3 cuatro tramos para el impuesto, que van desde el tipo cero hasta un 14,75% en funci\u00f3n de lo que emita el coche, frente a los dos actuales relativos a la cilindrada, un 7% y un 12%.<\/p>\n<p>En el sector automovil\u00edstico espa\u00f1ol, lejos de ser una amenaza, es una motivaci\u00f3n. Seg\u00fan datos de la patronal de fabricantes Anfac, m\u00e1s de 1,1 millones de veh\u00edculos nuevos se beneficiar\u00e1n de rebajas fiscales en el impuesto de matriculaci\u00f3n. El problema es que no entra en vigor hasta enero de 2008. Y mientras tanto, \u00bfqui\u00e9n comprar\u00e1 un coche ahora, cuando puede ahorrarse hasta 1.100 euros despu\u00e9s?<\/p>\n<p>El escenario actual no es alentador. La demanda de veh\u00edculos sufre, seg\u00fan los datos de matriculaciones y en palabras de Anfac, &#8216;una ralentizaci\u00f3n suave del consumo por parte de los particulares&#8217;, que se cifra en un descenso previsto de las ventas anuales de entre el 2% y el 3%. Para los importadores de veh\u00edculos, agrupados en la patronal Aniacam, el marco es m\u00e1s pesimista. &#8216;La tendencia del mercado nos lleva a mantener la previsi\u00f3n de descenso por encima del 2%. Pero si al previsible incremento de tipos de inter\u00e9s, a\u00f1adimos el efecto que puede tener sobre la decisi\u00f3n de compra, en noviembre y diciembre, las incertidumbres de las modificaciones fiscales, esa ca\u00edda puede ser a\u00fan mayor&#8217;, explica Germ\u00e1n L\u00f3pez Madrid, presidente de Aniacam.<\/p>\n<p>As\u00ed las cosas, las principales marcas de coches encaran el \u00faltimo trimestre del a\u00f1o dispuestas a darle un empuj\u00f3n a la demanda. &#8216;No se trata de disparar las ventas sino de impedir que se estanque la demanda en los \u00faltimos meses&#8217;, explican fuentes de Renault. Esta misma marca hizo ayer oficial su \u00f3rdago para el trimestre. &#8216;Si el cliente se ahorrar\u00eda una cantidad por comprar el coche en enero, nosotros le adelantamos este dinero&#8217;, explican. Comprar un Renault M\u00e9gane Berlina de entre sus modelos Eco2 puede salir hasta 1.100 euros m\u00e1s barato en enero. No tributar\u00eda, mientras que ahora paga un 7%. Renault hace el c\u00e1lculo y descuenta esa cifra del precio. &#8216;Por otro lado, a los clientes que quieren coches que pagar\u00edan un 14,75% de tasa frente al 12% actual, les motivamos para que adelanten su decisi\u00f3n de compra&#8217;, afirman en Renault. Bajo una justificaci\u00f3n diferente, GM Europa lanz\u00f3 una iniciativa denominada EcoFlex. &#8216;Las emisiones de los coches nuevos en Espa\u00f1a se han reducido desde los 175 gramos de CO2 por kil\u00f3metro en 1995, a 152 en 2005. Son cifras convincentes para motivar la modernizaci\u00f3n del parque de turismos&#8217;, dice Juan Manuel Lumbreras, director general comercial de GM Espa\u00f1a.<\/p>\n<p>Esta firma ofrece ayudas a la renovaci\u00f3n de coches de m\u00e1s de 10 a\u00f1os de antig\u00fcedad que triplica la del el Gobierno y es adicional al Plan Prever al comprar ciertos modelos de Opel, llegando hasta 4.800 euros de ahorro. Aunque Seat y Citro\u00ebn no han desvelado sus iniciativas comerciales, ambas recalcaron su trabajo para reducir emisiones. Miguel Fern\u00e1ndez, director de marketing de Citro\u00ebn Espa\u00f1a, se\u00f1al\u00f3 que, seg\u00fan sus previsiones, &#8216;la nueva fiscalidad medioambiental no afectar\u00e1 a las ventas del \u00faltimo trimestre, que cerrar\u00e1 con ventas de 1,5 millones de turismos&#8217;.<\/p>\n<p><strong>Los modelos que menos contaminan se presentan en Fr\u00e1ncfort<\/strong><\/p>\n<p>El pr\u00f3ximo Sal\u00f3n del Autom\u00f3vil en Fr\u00e1ncfort levantar\u00e1 el tel\u00f3n el pr\u00f3ximo lunes y desvelar\u00e1 las mejores apuestas de las marcas de coches para el pr\u00f3ximo a\u00f1o. Buena parte de las apuestas de los fabricantes son autom\u00f3viles m\u00e1s verdes, m\u00e1s eficientes en el consumo de combustible y con menores emisiones de gases contaminantes. GM anunci\u00f3 el pasado junio que invertir\u00e1 700 millones de euros hasta 2012 para hacer veh\u00edculos m\u00e1s ecol\u00f3gicos. El primero de sus modelos de bajas emisiones se presentar\u00e1 en Fr\u00e1ncfort, un Opel Corsa que emite 119 gramos de CO2 y que se lanzar\u00e1 al mercado en 2008 al mismo precio que el modelo actual.<\/p>\n<p>Bajo la marca Opel, se comercializa &#8216;el modelo con menor n\u00famero de emisiones de CO2 por pasajero&#8217;, el Zafira EcoM propulsado por gas natural. Tambi\u00e9n en Fr\u00e1ncfort, GM ense\u00f1ar\u00e1 la pr\u00f3xima generaci\u00f3n de veh\u00edculos de pila de combustible. El grupo PSA Peugeot Citro\u00ebn mostrar\u00e1 en Fr\u00e1ncfort su prototipo tecnol\u00f3gico o concept car aplicando la tecnolog\u00eda h\u00edbrida. Se llama Peugeot 308 Hybride Hdi y ser\u00e1 &#8216;el primer veh\u00edculo de la marca en comercializarse con tecnolog\u00eda h\u00edbrida Hdi, antes de finales de decenio&#8217;, explicaron en la marca. Citro\u00ebn presenta tambi\u00e9n su modelo C4 Bioflex, un modelo que utiliza un combustible resultante de la agricultura.<\/p>\n        <\/div>\n    <\/section>\n","protected":false},"excerpt":{"rendered":"","protected":false},"featured_media":0,"menu_order":0,"comment_status":"closed","ping_status":"closed","template":"","nivel-2":[936],"nivel-5":[],"nivel-1":[],"nivel-3":[],"nivel-4":[],"class_list":["post-2488","new","type-new","status-publish","hentry","nivel-2-conservacion-del-medio-ambiente"],"acf":[],"yoast_head":"<title>Los fabricantes de coches lanzan ofertas ante la fiscalidad medioambiental Sala de prensa Ferrovial | \u00daltimas noticias<\/title>\n<meta name=\"description\" content=\"Sala de prensa Ferrovial | \u00daltimas noticias\" \/>\n<meta name=\"robots\" content=\"index, follow, max-snippet:-1, max-image-preview:large, max-video-preview:-1\" \/>\n<link rel=\"canonical\" href=\"https:\/\/newsroom.ferrovial.com\/es\/noticias\/los-fabricantes-de-coches-lanzan-ofertas-ante-la-fiscalidad-medioambiental\/\" \/>\n<meta property=\"og:locale\" content=\"es_ES\" \/>\n<meta property=\"og:type\" content=\"article\" \/>\n<meta property=\"og:title\" content=\"Los fabricantes de coches lanzan ofertas ante la fiscalidad medioambiental Sala de prensa Ferrovial | \u00daltimas noticias\" \/>\n<meta property=\"og:description\" content=\"Sala de prensa Ferrovial | \u00daltimas noticias\" \/>\n<meta property=\"og:url\" content=\"https:\/\/newsroom.ferrovial.com\/es\/noticias\/los-fabricantes-de-coches-lanzan-ofertas-ante-la-fiscalidad-medioambiental\/\" \/>\n<meta property=\"og:site_name\" content=\"Sala de prensa Ferrovial | \u00daltimas noticias\" \/>\n<meta property=\"article:publisher\" content=\"https:\/\/www.facebook.com\/ferrovial\" \/>\n<meta property=\"article:modified_time\" content=\"2022-12-21T10:40:07+00:00\" \/>\n<meta name=\"twitter:card\" content=\"summary_large_image\" \/>\n<meta name=\"twitter:site\" content=\"@ferrovial\" \/>\n<script type=\"application\/ld+json\" class=\"yoast-schema-graph\">{\"@context\":\"https:\/\/schema.org\",\"@graph\":[{\"@type\":\"WebPage\",\"@id\":\"https:\/\/newsroom.ferrovial.com\/es\/noticias\/los-fabricantes-de-coches-lanzan-ofertas-ante-la-fiscalidad-medioambiental\/\",\"url\":\"https:\/\/newsroom.ferrovial.com\/es\/noticias\/los-fabricantes-de-coches-lanzan-ofertas-ante-la-fiscalidad-medioambiental\/\",\"name\":\"Los fabricantes de coches lanzan ofertas ante la fiscalidad medioambiental Sala de prensa Ferrovial | \u00daltimas noticias\",\"isPartOf\":{\"@id\":\"https:\/\/newsroom.ferrovial.com\/es\/#website\"},\"datePublished\":\"2007-09-07T00:00:00+00:00\",\"dateModified\":\"2022-12-21T10:40:07+00:00\",\"description\":\"Sala de prensa Ferrovial | \u00daltimas noticias\",\"breadcrumb\":{\"@id\":\"https:\/\/newsroom.ferrovial.com\/es\/noticias\/los-fabricantes-de-coches-lanzan-ofertas-ante-la-fiscalidad-medioambiental\/#breadcrumb\"},\"inLanguage\":\"es\",\"potentialAction\":[{\"@type\":\"ReadAction\",\"target\":[\"https:\/\/newsroom.ferrovial.com\/es\/noticias\/los-fabricantes-de-coches-lanzan-ofertas-ante-la-fiscalidad-medioambiental\/\"]}]},{\"@type\":\"BreadcrumbList\",\"@id\":\"https:\/\/newsroom.ferrovial.com\/es\/noticias\/los-fabricantes-de-coches-lanzan-ofertas-ante-la-fiscalidad-medioambiental\/#breadcrumb\",\"itemListElement\":[{\"@type\":\"ListItem\",\"position\":1,\"name\":\"Portada\",\"item\":\"https:\/\/newsroom.ferrovial.com\/es\/\"},{\"@type\":\"ListItem\",\"position\":2,\"name\":\"Los fabricantes de coches lanzan ofertas ante la fiscalidad medioambiental\"}]},{\"@type\":\"WebSite\",\"@id\":\"https:\/\/newsroom.ferrovial.com\/es\/#website\",\"url\":\"https:\/\/newsroom.ferrovial.com\/es\/\",\"name\":\"Sala de prensa Ferrovial | \u00daltimas noticias\",\"description\":\"Sala de prensa Ferrovial | \u00daltimas noticias\",\"publisher\":{\"@id\":\"https:\/\/newsroom.ferrovial.com\/es\/#organization\"},\"potentialAction\":[{\"@type\":\"SearchAction\",\"target\":{\"@type\":\"EntryPoint\",\"urlTemplate\":\"https:\/\/newsroom.ferrovial.com\/es\/?s={search_term_string}\"},\"query-input\":{\"@type\":\"PropertyValueSpecification\",\"valueRequired\":true,\"valueName\":\"search_term_string\"}}],\"inLanguage\":\"es\"},{\"@type\":\"Organization\",\"@id\":\"https:\/\/newsroom.ferrovial.com\/es\/#organization\",\"name\":\"Ferrovial S.A.\",\"url\":\"https:\/\/newsroom.ferrovial.com\/es\/\",\"logo\":{\"@type\":\"ImageObject\",\"inLanguage\":\"es\",\"@id\":\"https:\/\/newsroom.ferrovial.com\/es\/#\/schema\/logo\/image\/\",\"url\":\"https:\/\/static.newsroom.ferrovial.com\/wp-content\/uploads\/2018\/07\/15145720\/Ferrovial_Logotipo1.jpg\",\"contentUrl\":\"https:\/\/static.newsroom.ferrovial.com\/wp-content\/uploads\/2018\/07\/15145720\/Ferrovial_Logotipo1.jpg\",\"width\":600,\"height\":300,\"caption\":\"Ferrovial S.A.\"},\"image\":{\"@id\":\"https:\/\/newsroom.ferrovial.com\/es\/#\/schema\/logo\/image\/\"},\"sameAs\":[\"https:\/\/www.facebook.com\/ferrovial\",\"https:\/\/x.com\/ferrovial\",\"https:\/\/www.instagram.com\/ferrovial\/\",\"https:\/\/www.linkedin.com\/company\/ferrovial\",\"https:\/\/www.pinterest.es\/ferrovial\/\",\"https:\/\/www.youtube.com\/ferrovial\",\"https:\/\/en.wikipedia.org\/wiki\/Ferrovial\"]}]}<\/script>","yoast_head_json":{"title":"Los fabricantes de coches lanzan ofertas ante la fiscalidad medioambiental Sala de prensa Ferrovial | \u00daltimas noticias","description":"Sala de prensa Ferrovial | \u00daltimas noticias","robots":{"index":"index","follow":"follow","max-snippet":"max-snippet:-1","max-image-preview":"max-image-preview:large","max-video-preview":"max-video-preview:-1"},"canonical":"https:\/\/newsroom.ferrovial.com\/es\/noticias\/los-fabricantes-de-coches-lanzan-ofertas-ante-la-fiscalidad-medioambiental\/","og_locale":"es_ES","og_type":"article","og_title":"Los fabricantes de coches lanzan ofertas ante la fiscalidad medioambiental Sala de prensa Ferrovial | \u00daltimas noticias","og_description":"Sala de prensa Ferrovial | \u00daltimas noticias","og_url":"https:\/\/newsroom.ferrovial.com\/es\/noticias\/los-fabricantes-de-coches-lanzan-ofertas-ante-la-fiscalidad-medioambiental\/","og_site_name":"Sala de prensa Ferrovial | \u00daltimas noticias","article_publisher":"https:\/\/www.facebook.com\/ferrovial","article_modified_time":"2022-12-21T10:40:07+00:00","twitter_card":"summary_large_image","twitter_site":"@ferrovial","schema":{"@context":"https:\/\/schema.org","@graph":[{"@type":"WebPage","@id":"https:\/\/newsroom.ferrovial.com\/es\/noticias\/los-fabricantes-de-coches-lanzan-ofertas-ante-la-fiscalidad-medioambiental\/","url":"https:\/\/newsroom.ferrovial.com\/es\/noticias\/los-fabricantes-de-coches-lanzan-ofertas-ante-la-fiscalidad-medioambiental\/","name":"Los fabricantes de coches lanzan ofertas ante la fiscalidad medioambiental Sala de prensa Ferrovial | \u00daltimas noticias","isPartOf":{"@id":"https:\/\/newsroom.ferrovial.com\/es\/#website"},"datePublished":"2007-09-07T00:00:00+00:00","dateModified":"2022-12-21T10:40:07+00:00","description":"Sala de prensa Ferrovial | \u00daltimas noticias","breadcrumb":{"@id":"https:\/\/newsroom.ferrovial.com\/es\/noticias\/los-fabricantes-de-coches-lanzan-ofertas-ante-la-fiscalidad-medioambiental\/#breadcrumb"},"inLanguage":"es","potentialAction":[{"@type":"ReadAction","target":["https:\/\/newsroom.ferrovial.com\/es\/noticias\/los-fabricantes-de-coches-lanzan-ofertas-ante-la-fiscalidad-medioambiental\/"]}]},{"@type":"BreadcrumbList","@id":"https:\/\/newsroom.ferrovial.com\/es\/noticias\/los-fabricantes-de-coches-lanzan-ofertas-ante-la-fiscalidad-medioambiental\/#breadcrumb","itemListElement":[{"@type":"ListItem","position":1,"name":"Portada","item":"https:\/\/newsroom.ferrovial.com\/es\/"},{"@type":"ListItem","position":2,"name":"Los fabricantes de coches lanzan ofertas ante la fiscalidad medioambiental"}]},{"@type":"WebSite","@id":"https:\/\/newsroom.ferrovial.com\/es\/#website","url":"https:\/\/newsroom.ferrovial.com\/es\/","name":"Sala de prensa Ferrovial | \u00daltimas noticias","description":"Sala de prensa Ferrovial | \u00daltimas noticias","publisher":{"@id":"https:\/\/newsroom.ferrovial.com\/es\/#organization"},"potentialAction":[{"@type":"SearchAction","target":{"@type":"EntryPoint","urlTemplate":"https:\/\/newsroom.ferrovial.com\/es\/?s={search_term_string}"},"query-input":{"@type":"PropertyValueSpecification","valueRequired":true,"valueName":"search_term_string"}}],"inLanguage":"es"},{"@type":"Organization","@id":"https:\/\/newsroom.ferrovial.com\/es\/#organization","name":"Ferrovial S.A.","url":"https:\/\/newsroom.ferrovial.com\/es\/","logo":{"@type":"ImageObject","inLanguage":"es","@id":"https:\/\/newsroom.ferrovial.com\/es\/#\/schema\/logo\/image\/","url":"https:\/\/static.newsroom.ferrovial.com\/wp-content\/uploads\/2018\/07\/15145720\/Ferrovial_Logotipo1.jpg","contentUrl":"https:\/\/static.newsroom.ferrovial.com\/wp-content\/uploads\/2018\/07\/15145720\/Ferrovial_Logotipo1.jpg","width":600,"height":300,"caption":"Ferrovial S.A."},"image":{"@id":"https:\/\/newsroom.ferrovial.com\/es\/#\/schema\/logo\/image\/"},"sameAs":["https:\/\/www.facebook.com\/ferrovial","https:\/\/x.com\/ferrovial","https:\/\/www.instagram.com\/ferrovial\/","https:\/\/www.linkedin.com\/company\/ferrovial","https:\/\/www.pinterest.es\/ferrovial\/","https:\/\/www.youtube.com\/ferrovial","https:\/\/en.wikipedia.org\/wiki\/Ferrovial"]}]}},"_links":{"self":[{"href":"https:\/\/newsroom.ferrovial.com\/es\/wp-json\/wp\/v2\/new\/2488","targetHints":{"allow":["GET"]}}],"collection":[{"href":"https:\/\/newsroom.ferrovial.com\/es\/wp-json\/wp\/v2\/new"}],"about":[{"href":"https:\/\/newsroom.ferrovial.com\/es\/wp-json\/wp\/v2\/types\/new"}],"replies":[{"embeddable":true,"href":"https:\/\/newsroom.ferrovial.com\/es\/wp-json\/wp\/v2\/comments?post=2488"}],"version-history":[{"count":1,"href":"https:\/\/newsroom.ferrovial.com\/es\/wp-json\/wp\/v2\/new\/2488\/revisions"}],"predecessor-version":[{"id":119089,"href":"https:\/\/newsroom.ferrovial.com\/es\/wp-json\/wp\/v2\/new\/2488\/revisions\/119089"}],"wp:attachment":[{"href":"https:\/\/newsroom.ferrovial.com\/es\/wp-json\/wp\/v2\/media?parent=2488"}],"wp:term":[{"taxonomy":"nivel-2","embeddable":true,"href":"https:\/\/newsroom.ferrovial.com\/es\/wp-json\/wp\/v2\/nivel-2?post=2488"},{"taxonomy":"nivel-5","embeddable":true,"href":"https:\/\/newsroom.ferrovial.com\/es\/wp-json\/wp\/v2\/nivel-5?post=2488"},{"taxonomy":"nivel-1","embeddable":true,"href":"https:\/\/newsroom.ferrovial.com\/es\/wp-json\/wp\/v2\/nivel-1?post=2488"},{"taxonomy":"nivel-3","embeddable":true,"href":"https:\/\/newsroom.ferrovial.com\/es\/wp-json\/wp\/v2\/nivel-3?post=2488"},{"taxonomy":"nivel-4","embeddable":true,"href":"https:\/\/newsroom.ferrovial.com\/es\/wp-json\/wp\/v2\/nivel-4?post=2488"}],"curies":[{"name":"wp","href":"https:\/\/api.w.org\/{rel}","templated":true}]}}