{"id":2557,"date":"2008-02-25T00:00:00","date_gmt":"2008-02-25T00:00:00","guid":{"rendered":"https:\/\/newsroom.ferrovial.com\/news\/pueblos-y-ciudades-por-la-sostenibilidad-sera-el-lema-principal-del-conama-9\/"},"modified":"2022-12-21T11:05:15","modified_gmt":"2022-12-21T10:05:15","slug":"pueblos-y-ciudades-por-la-sostenibilidad-sera-el-lema-principal-del-conama-9","status":"publish","type":"new","link":"https:\/\/newsroom.ferrovial.com\/es\/noticias\/pueblos-y-ciudades-por-la-sostenibilidad-sera-el-lema-principal-del-conama-9\/","title":{"rendered":"Pueblos y ciudades por la sostenibilidad ser\u00e1 el lema principal del CONAMA 9"},"content":{"rendered":"    <section class=\"wysiwyg text-editor \" id=\"\">\n        <div class=\"container container--narrow container--p-10\">\n            <p>Dado el \u00e9xito en la pasada edici\u00f3n con una participaci\u00f3n de 300 entidades del \u00e1mbito local, \u00abPueblos y ciudades por la sostenibilidad\u00bb ser\u00e1 el tema principal de este CONAMA, y a \u00e9l estar\u00e1n dedicadas pr\u00e1cticamente la mitad de las actividades que van a tener lugar en la Cumbre.<\/p>\n<p>La importancia del \u00e1mbito municipal en el dise\u00f1o y ejecuci\u00f3n de pol\u00edticas de sostenibilidad en nuestro pa\u00eds es indudable. Por ello, y porque las administraciones locales siempre han participado intensamente en el CONAMA, la novena edici\u00f3n del congreso se centrar\u00e1 en la realidad municipal, dot\u00e1ndola de un amplio espacio en el que pudieran compartir e intercambiar experiencias, proyectos, retos y dificultades: el encuentro local.<\/p>\n<p>El debate sobre la sostenibilidad implica al conjunto de la sociedad. Si a las administraciones estatales y auton\u00f3micas les corresponde definir tomar decisiones relacionadas con este \u00e1mbito, a las administraciones locales, por su cercan\u00eda al ciudadano, les pertenece adoptar medidas pr\u00e1cticas que pueden hacer realidad este desarrollo sostenible.<\/p>\n<p>Adem\u00e1s del encuentro local, este a\u00f1o se presenta como novedad las aulas de reflexi\u00f3n que contar\u00e1n con la presencia de los principales ambientalistas espa\u00f1oles que compartir\u00e1n con los congresistas el marco te\u00f3rico base de la evoluci\u00f3n de nuestra sociedad en un futuro pr\u00f3ximo.<\/p>\n<p>Los asuntos que se debaten en las aulas de reflexi\u00f3n y en el encuentro local se encuentran enmarcadas en grandes \u00e1reas tem\u00e1ticas.<\/p>\n<p><strong>Programa por \u00e1reas<\/strong><\/p>\n<p>El \u00e1rea sobre territorio y urbanismo, adem\u00e1s de profundizar sobre la necesidad de un urbanismo m\u00e1s sostenible, har\u00e1 hincapi\u00e9 en cuestiones de inter\u00e9s general como el desarrollo sostenible del litoral o los mapas de riesgos ambientales en la ordenaci\u00f3n territorial y urban\u00edstica, cuesti\u00f3n de m\u00e1xima actualidad en oto\u00f1o cada vez que se producen inundaciones.<\/p>\n<p>En el \u00e1rea sobre infraestructuras y transportes destaca el gran debate sobre movilidad y sobre las infraestructuras de transporte, as\u00ed como el reto de la calificaci\u00f3n energ\u00e9tica de edificios.<\/p>\n<p>La reciente Ley de Desarrollo Sostenible del Medio Rural ser\u00e1 protagonista del bloque sobre desarrollo rural y conservaci\u00f3n de la naturaleza, en el que adem\u00e1s destacan las actividades relacionadas con el paisaje y la integraci\u00f3n de naturaleza y entorno urbano.<\/p>\n<p>Otro tema estrella ser\u00e1 el binomio energ\u00eda-cambio clim\u00e1tico, donde se abordar\u00e1n temas de alt\u00edsimo inter\u00e9s como la problem\u00e1tica de los biocombustibles o los retos post-Kioto y las pol\u00edticas de adaptaci\u00f3n al cambio clim\u00e1tico.<\/p>\n<p>En relaci\u00f3n con el agua, los planes hidrol\u00f3gicos de cuenca, la sequ\u00eda o las nuevas fuentes de agua, centrar\u00e1n la atenci\u00f3n de un \u00e1rea marcada por las cuestiones de participaci\u00f3n ciudadana.<\/p>\n<p>El \u00e1rea de calidad ambiental se centrar\u00e1 en asuntos relacionados con la salud ambiental, los distintos tipos de contaminaci\u00f3n y el tradicional tema de residuos.<\/p>\n<p>En el bloque de econom\u00eda se hablar\u00e1 sobre la financiaci\u00f3n de los municipios o la fiscalidad ambiental y, por \u00faltimo, el \u00e1rea de sociedad se centrar\u00e1 en las pol\u00edticas de Agendas 21.<\/p>\n        <\/div>\n    <\/section>\n","protected":false},"excerpt":{"rendered":"","protected":false},"featured_media":0,"menu_order":0,"comment_status":"closed","ping_status":"closed","template":"","nivel-2":[936],"nivel-5":[],"nivel-1":[],"nivel-3":[],"nivel-4":[],"class_list":["post-2557","new","type-new","status-publish","hentry","nivel-2-conservacion-del-medio-ambiente"],"acf":[],"yoast_head":"<title>Pueblos y ciudades por la sostenibilidad ser\u00e1 el lema principal del CONAMA 9 Sala de prensa Ferrovial | \u00daltimas noticias<\/title>\n<meta name=\"description\" content=\"Sala de prensa Ferrovial | \u00daltimas noticias\" \/>\n<meta name=\"robots\" content=\"index, follow, max-snippet:-1, max-image-preview:large, max-video-preview:-1\" \/>\n<link rel=\"canonical\" href=\"https:\/\/newsroom.ferrovial.com\/es\/noticias\/pueblos-y-ciudades-por-la-sostenibilidad-sera-el-lema-principal-del-conama-9\/\" \/>\n<meta property=\"og:locale\" content=\"es_ES\" \/>\n<meta property=\"og:type\" content=\"article\" \/>\n<meta property=\"og:title\" content=\"Pueblos y ciudades por la sostenibilidad ser\u00e1 el lema principal del CONAMA 9 Sala de prensa Ferrovial | \u00daltimas noticias\" \/>\n<meta property=\"og:description\" content=\"Sala de prensa Ferrovial | \u00daltimas noticias\" \/>\n<meta property=\"og:url\" content=\"https:\/\/newsroom.ferrovial.com\/es\/noticias\/pueblos-y-ciudades-por-la-sostenibilidad-sera-el-lema-principal-del-conama-9\/\" \/>\n<meta property=\"og:site_name\" content=\"Sala de prensa Ferrovial | \u00daltimas noticias\" \/>\n<meta property=\"article:publisher\" content=\"https:\/\/www.facebook.com\/ferrovial\" \/>\n<meta property=\"article:modified_time\" content=\"2022-12-21T10:05:15+00:00\" \/>\n<meta name=\"twitter:card\" content=\"summary_large_image\" \/>\n<meta name=\"twitter:site\" content=\"@ferrovial\" \/>\n<script type=\"application\/ld+json\" class=\"yoast-schema-graph\">{\"@context\":\"https:\/\/schema.org\",\"@graph\":[{\"@type\":\"WebPage\",\"@id\":\"https:\/\/newsroom.ferrovial.com\/es\/noticias\/pueblos-y-ciudades-por-la-sostenibilidad-sera-el-lema-principal-del-conama-9\/\",\"url\":\"https:\/\/newsroom.ferrovial.com\/es\/noticias\/pueblos-y-ciudades-por-la-sostenibilidad-sera-el-lema-principal-del-conama-9\/\",\"name\":\"Pueblos y ciudades por la sostenibilidad ser\u00e1 el lema principal del CONAMA 9 Sala de prensa Ferrovial | \u00daltimas noticias\",\"isPartOf\":{\"@id\":\"https:\/\/newsroom.ferrovial.com\/es\/#website\"},\"datePublished\":\"2008-02-25T00:00:00+00:00\",\"dateModified\":\"2022-12-21T10:05:15+00:00\",\"description\":\"Sala de prensa Ferrovial | \u00daltimas noticias\",\"breadcrumb\":{\"@id\":\"https:\/\/newsroom.ferrovial.com\/es\/noticias\/pueblos-y-ciudades-por-la-sostenibilidad-sera-el-lema-principal-del-conama-9\/#breadcrumb\"},\"inLanguage\":\"es\",\"potentialAction\":[{\"@type\":\"ReadAction\",\"target\":[\"https:\/\/newsroom.ferrovial.com\/es\/noticias\/pueblos-y-ciudades-por-la-sostenibilidad-sera-el-lema-principal-del-conama-9\/\"]}]},{\"@type\":\"BreadcrumbList\",\"@id\":\"https:\/\/newsroom.ferrovial.com\/es\/noticias\/pueblos-y-ciudades-por-la-sostenibilidad-sera-el-lema-principal-del-conama-9\/#breadcrumb\",\"itemListElement\":[{\"@type\":\"ListItem\",\"position\":1,\"name\":\"Portada\",\"item\":\"https:\/\/newsroom.ferrovial.com\/es\/\"},{\"@type\":\"ListItem\",\"position\":2,\"name\":\"Pueblos y ciudades por la sostenibilidad ser\u00e1 el lema principal del CONAMA 9\"}]},{\"@type\":\"WebSite\",\"@id\":\"https:\/\/newsroom.ferrovial.com\/es\/#website\",\"url\":\"https:\/\/newsroom.ferrovial.com\/es\/\",\"name\":\"Sala de prensa Ferrovial | \u00daltimas noticias\",\"description\":\"Sala de prensa Ferrovial | \u00daltimas noticias\",\"publisher\":{\"@id\":\"https:\/\/newsroom.ferrovial.com\/es\/#organization\"},\"potentialAction\":[{\"@type\":\"SearchAction\",\"target\":{\"@type\":\"EntryPoint\",\"urlTemplate\":\"https:\/\/newsroom.ferrovial.com\/es\/?s={search_term_string}\"},\"query-input\":{\"@type\":\"PropertyValueSpecification\",\"valueRequired\":true,\"valueName\":\"search_term_string\"}}],\"inLanguage\":\"es\"},{\"@type\":\"Organization\",\"@id\":\"https:\/\/newsroom.ferrovial.com\/es\/#organization\",\"name\":\"Ferrovial S.A.\",\"url\":\"https:\/\/newsroom.ferrovial.com\/es\/\",\"logo\":{\"@type\":\"ImageObject\",\"inLanguage\":\"es\",\"@id\":\"https:\/\/newsroom.ferrovial.com\/es\/#\/schema\/logo\/image\/\",\"url\":\"https:\/\/static.newsroom.ferrovial.com\/wp-content\/uploads\/2018\/07\/15145720\/Ferrovial_Logotipo1.jpg\",\"contentUrl\":\"https:\/\/static.newsroom.ferrovial.com\/wp-content\/uploads\/2018\/07\/15145720\/Ferrovial_Logotipo1.jpg\",\"width\":600,\"height\":300,\"caption\":\"Ferrovial S.A.\"},\"image\":{\"@id\":\"https:\/\/newsroom.ferrovial.com\/es\/#\/schema\/logo\/image\/\"},\"sameAs\":[\"https:\/\/www.facebook.com\/ferrovial\",\"https:\/\/x.com\/ferrovial\",\"https:\/\/www.instagram.com\/ferrovial\/\",\"https:\/\/www.linkedin.com\/company\/ferrovial\",\"https:\/\/www.pinterest.es\/ferrovial\/\",\"https:\/\/www.youtube.com\/ferrovial\",\"https:\/\/en.wikipedia.org\/wiki\/Ferrovial\"]}]}<\/script>","yoast_head_json":{"title":"Pueblos y ciudades por la sostenibilidad ser\u00e1 el lema principal del CONAMA 9 Sala de prensa Ferrovial | \u00daltimas noticias","description":"Sala de prensa Ferrovial | \u00daltimas noticias","robots":{"index":"index","follow":"follow","max-snippet":"max-snippet:-1","max-image-preview":"max-image-preview:large","max-video-preview":"max-video-preview:-1"},"canonical":"https:\/\/newsroom.ferrovial.com\/es\/noticias\/pueblos-y-ciudades-por-la-sostenibilidad-sera-el-lema-principal-del-conama-9\/","og_locale":"es_ES","og_type":"article","og_title":"Pueblos y ciudades por la sostenibilidad ser\u00e1 el lema principal del CONAMA 9 Sala de prensa Ferrovial | \u00daltimas noticias","og_description":"Sala de prensa Ferrovial | \u00daltimas noticias","og_url":"https:\/\/newsroom.ferrovial.com\/es\/noticias\/pueblos-y-ciudades-por-la-sostenibilidad-sera-el-lema-principal-del-conama-9\/","og_site_name":"Sala de prensa Ferrovial | \u00daltimas noticias","article_publisher":"https:\/\/www.facebook.com\/ferrovial","article_modified_time":"2022-12-21T10:05:15+00:00","twitter_card":"summary_large_image","twitter_site":"@ferrovial","schema":{"@context":"https:\/\/schema.org","@graph":[{"@type":"WebPage","@id":"https:\/\/newsroom.ferrovial.com\/es\/noticias\/pueblos-y-ciudades-por-la-sostenibilidad-sera-el-lema-principal-del-conama-9\/","url":"https:\/\/newsroom.ferrovial.com\/es\/noticias\/pueblos-y-ciudades-por-la-sostenibilidad-sera-el-lema-principal-del-conama-9\/","name":"Pueblos y ciudades por la sostenibilidad ser\u00e1 el lema principal del CONAMA 9 Sala de prensa Ferrovial | \u00daltimas noticias","isPartOf":{"@id":"https:\/\/newsroom.ferrovial.com\/es\/#website"},"datePublished":"2008-02-25T00:00:00+00:00","dateModified":"2022-12-21T10:05:15+00:00","description":"Sala de prensa Ferrovial | \u00daltimas noticias","breadcrumb":{"@id":"https:\/\/newsroom.ferrovial.com\/es\/noticias\/pueblos-y-ciudades-por-la-sostenibilidad-sera-el-lema-principal-del-conama-9\/#breadcrumb"},"inLanguage":"es","potentialAction":[{"@type":"ReadAction","target":["https:\/\/newsroom.ferrovial.com\/es\/noticias\/pueblos-y-ciudades-por-la-sostenibilidad-sera-el-lema-principal-del-conama-9\/"]}]},{"@type":"BreadcrumbList","@id":"https:\/\/newsroom.ferrovial.com\/es\/noticias\/pueblos-y-ciudades-por-la-sostenibilidad-sera-el-lema-principal-del-conama-9\/#breadcrumb","itemListElement":[{"@type":"ListItem","position":1,"name":"Portada","item":"https:\/\/newsroom.ferrovial.com\/es\/"},{"@type":"ListItem","position":2,"name":"Pueblos y ciudades por la sostenibilidad ser\u00e1 el lema principal del CONAMA 9"}]},{"@type":"WebSite","@id":"https:\/\/newsroom.ferrovial.com\/es\/#website","url":"https:\/\/newsroom.ferrovial.com\/es\/","name":"Sala de prensa Ferrovial | \u00daltimas noticias","description":"Sala de prensa Ferrovial | \u00daltimas noticias","publisher":{"@id":"https:\/\/newsroom.ferrovial.com\/es\/#organization"},"potentialAction":[{"@type":"SearchAction","target":{"@type":"EntryPoint","urlTemplate":"https:\/\/newsroom.ferrovial.com\/es\/?s={search_term_string}"},"query-input":{"@type":"PropertyValueSpecification","valueRequired":true,"valueName":"search_term_string"}}],"inLanguage":"es"},{"@type":"Organization","@id":"https:\/\/newsroom.ferrovial.com\/es\/#organization","name":"Ferrovial S.A.","url":"https:\/\/newsroom.ferrovial.com\/es\/","logo":{"@type":"ImageObject","inLanguage":"es","@id":"https:\/\/newsroom.ferrovial.com\/es\/#\/schema\/logo\/image\/","url":"https:\/\/static.newsroom.ferrovial.com\/wp-content\/uploads\/2018\/07\/15145720\/Ferrovial_Logotipo1.jpg","contentUrl":"https:\/\/static.newsroom.ferrovial.com\/wp-content\/uploads\/2018\/07\/15145720\/Ferrovial_Logotipo1.jpg","width":600,"height":300,"caption":"Ferrovial S.A."},"image":{"@id":"https:\/\/newsroom.ferrovial.com\/es\/#\/schema\/logo\/image\/"},"sameAs":["https:\/\/www.facebook.com\/ferrovial","https:\/\/x.com\/ferrovial","https:\/\/www.instagram.com\/ferrovial\/","https:\/\/www.linkedin.com\/company\/ferrovial","https:\/\/www.pinterest.es\/ferrovial\/","https:\/\/www.youtube.com\/ferrovial","https:\/\/en.wikipedia.org\/wiki\/Ferrovial"]}]}},"_links":{"self":[{"href":"https:\/\/newsroom.ferrovial.com\/es\/wp-json\/wp\/v2\/new\/2557","targetHints":{"allow":["GET"]}}],"collection":[{"href":"https:\/\/newsroom.ferrovial.com\/es\/wp-json\/wp\/v2\/new"}],"about":[{"href":"https:\/\/newsroom.ferrovial.com\/es\/wp-json\/wp\/v2\/types\/new"}],"replies":[{"embeddable":true,"href":"https:\/\/newsroom.ferrovial.com\/es\/wp-json\/wp\/v2\/comments?post=2557"}],"version-history":[{"count":1,"href":"https:\/\/newsroom.ferrovial.com\/es\/wp-json\/wp\/v2\/new\/2557\/revisions"}],"predecessor-version":[{"id":118660,"href":"https:\/\/newsroom.ferrovial.com\/es\/wp-json\/wp\/v2\/new\/2557\/revisions\/118660"}],"wp:attachment":[{"href":"https:\/\/newsroom.ferrovial.com\/es\/wp-json\/wp\/v2\/media?parent=2557"}],"wp:term":[{"taxonomy":"nivel-2","embeddable":true,"href":"https:\/\/newsroom.ferrovial.com\/es\/wp-json\/wp\/v2\/nivel-2?post=2557"},{"taxonomy":"nivel-5","embeddable":true,"href":"https:\/\/newsroom.ferrovial.com\/es\/wp-json\/wp\/v2\/nivel-5?post=2557"},{"taxonomy":"nivel-1","embeddable":true,"href":"https:\/\/newsroom.ferrovial.com\/es\/wp-json\/wp\/v2\/nivel-1?post=2557"},{"taxonomy":"nivel-3","embeddable":true,"href":"https:\/\/newsroom.ferrovial.com\/es\/wp-json\/wp\/v2\/nivel-3?post=2557"},{"taxonomy":"nivel-4","embeddable":true,"href":"https:\/\/newsroom.ferrovial.com\/es\/wp-json\/wp\/v2\/nivel-4?post=2557"}],"curies":[{"name":"wp","href":"https:\/\/api.w.org\/{rel}","templated":true}]}}